{"id":1246,"date":"2026-05-04T13:41:11","date_gmt":"2026-05-04T11:41:11","guid":{"rendered":"https:\/\/internet.aaiicc.junta-andalucia.es\/aaiicc\/centroandaluzdelafotografia\/?page_id=1246"},"modified":"2026-05-05T15:25:34","modified_gmt":"2026-05-05T13:25:34","slug":"dossiers","status":"publish","type":"page","link":"https:\/\/www.juntadeandalucia.es\/aaiicc\/centroandaluzdelafotografia\/dossiers\/","title":{"rendered":"Dossiers"},"content":{"rendered":"\n<div class=\"wp-block-query listado_dossiers is-layout-flow wp-block-query-is-layout-flow\"><ul class=\"wp-block-post-template is-layout-flow wp-block-post-template-is-layout-flow\"><li class=\"wp-block-post post-195 exposicion type-exposicion status-publish has-post-thumbnail hentry category-almeria category-exposiciones category-fotografia tag-andalucia tag-artes-visuales tag-caf tag-paisajes\">\n\n<div class=\"wp-block-columns are-vertically-aligned-center is-layout-flex wp-container-core-columns-is-layout-794e3cfa wp-block-columns-is-layout-flex\">\n<div class=\"wp-block-column is-vertically-aligned-center is-layout-flow wp-block-column-is-layout-flow\" style=\"flex-basis:25%\"><figure class=\"wp-block-post-featured-image\"><a href=\"https:\/\/www.juntadeandalucia.es\/aaiicc\/centroandaluzdelafotografia\/exposicion\/mision-andalucia\/\" target=\"_self\"  ><img loading=\"lazy\" decoding=\"async\" width=\"1500\" height=\"1125\" src=\"https:\/\/www.juntadeandalucia.es\/aaiicc\/centroandaluzdelafotografia\/wp-content\/uploads\/2026\/02\/mision_andalucia_expo_fotoPabloLopez.jpg\" class=\"attachment-post-thumbnail size-post-thumbnail wp-post-image\" alt=\"Misi\u00f3n Andaluc\u00eda\" style=\"object-fit:cover;\" srcset=\"https:\/\/www.juntadeandalucia.es\/aaiicc\/centroandaluzdelafotografia\/wp-content\/uploads\/2026\/02\/mision_andalucia_expo_fotoPabloLopez.jpg 1500w, https:\/\/www.juntadeandalucia.es\/aaiicc\/centroandaluzdelafotografia\/wp-content\/uploads\/2026\/02\/mision_andalucia_expo_fotoPabloLopez-300x225.jpg 300w, https:\/\/www.juntadeandalucia.es\/aaiicc\/centroandaluzdelafotografia\/wp-content\/uploads\/2026\/02\/mision_andalucia_expo_fotoPabloLopez-1024x768.jpg 1024w, https:\/\/www.juntadeandalucia.es\/aaiicc\/centroandaluzdelafotografia\/wp-content\/uploads\/2026\/02\/mision_andalucia_expo_fotoPabloLopez-768x576.jpg 768w\" sizes=\"auto, (max-width: 1500px) 100vw, 1500px\" \/><\/a><\/figure><\/div>\n\n\n\n<div class=\"wp-block-column is-vertically-aligned-center is-layout-flow wp-block-column-is-layout-flow\" style=\"flex-basis:75%\"><h2 class=\"wp-block-post-title\"><a href=\"https:\/\/www.juntadeandalucia.es\/aaiicc\/centroandaluzdelafotografia\/exposicion\/mision-andalucia\/\" target=\"_self\" >Misi\u00f3n Andaluc\u00eda<\/a><\/h2>\n\n\n<div class=\"wp-block-group is-nowrap is-layout-flex wp-container-core-group-is-layout-3a88641f wp-block-group-is-layout-flex\"><div class=\"quitar-text-decoration wp-block-pods-pods-block-single\">\n        <a href=\"https:\/\/www.juntadeandalucia.es\/aaiicc\/centroandaluzdelafotografia\/wp-content\/uploads\/2026\/04\/MISION-ANDALUCIA-DOSSIER.pdf\" class=\"enlace-exposicion\">\nDescargar\n            <svg aria-hidden=\"true\" focusable=\"false\" data-prefix=\"fas\" data-icon=\"file-arrow-down\" class=\"svg-inline--fa fa-file-arrow-down \" role=\"img\" xmlns=\"http:\/\/www.w3.org\/2000\/svg\" viewBox=\"0 0 384 512\"><path fill=\"currentColor\" d=\"M0 64C0 28.7 28.7 0 64 0L213.5 0c17 0 33.3 6.7 45.3 18.7L365.3 125.3c12 12 18.7 28.3 18.7 45.3L384 448c0 35.3-28.7 64-64 64L64 512c-35.3 0-64-28.7-64-64L0 64zm208-5.5l0 93.5c0 13.3 10.7 24 24 24L325.5 176 208 58.5zM175 441c9.4 9.4 24.6 9.4 33.9 0l64-64c9.4-9.4 9.4-24.6 0-33.9s-24.6-9.4-33.9 0l-23 23 0-86.1c0-13.3-10.7-24-24-24s-24 10.7-24 24l0 86.1-23-23c-9.4-9.4-24.6-9.4-33.9 0s-9.4 24.6 0 33.9l64 64z\"><\/path><\/svg>\n        <\/a>\n<\/div><\/div>\n<\/div>\n<\/div>\n\n<\/li><li class=\"wp-block-post post-1367 exposicion type-exposicion status-publish has-post-thumbnail hentry category-exposiciones category-fotografia tag-museo-de-huelva tag-paisaje tag-retratos\">\n\n<div class=\"wp-block-columns are-vertically-aligned-center is-layout-flex wp-container-core-columns-is-layout-794e3cfa wp-block-columns-is-layout-flex\">\n<div class=\"wp-block-column is-vertically-aligned-center is-layout-flow wp-block-column-is-layout-flow\" style=\"flex-basis:25%\"><figure class=\"wp-block-post-featured-image\"><a href=\"https:\/\/www.juntadeandalucia.es\/aaiicc\/centroandaluzdelafotografia\/exposicion\/maria-clauss-mision-andalucia-in-memoriam-2\/\" target=\"_self\"  ><img loading=\"lazy\" decoding=\"async\" width=\"2000\" height=\"1335\" src=\"https:\/\/www.juntadeandalucia.es\/aaiicc\/centroandaluzdelafotografia\/wp-content\/uploads\/2026\/06\/PARQUE-NACIONAL-DE-DON\u0303ANA-1_104cat.jpg\" class=\"attachment-post-thumbnail size-post-thumbnail wp-post-image\" alt=\"Mar\u00eda Clauss. Misi\u00f3n Andaluc\u00eda. In memoriam\" style=\"object-fit:cover;\" srcset=\"https:\/\/www.juntadeandalucia.es\/aaiicc\/centroandaluzdelafotografia\/wp-content\/uploads\/2026\/06\/PARQUE-NACIONAL-DE-DON\u0303ANA-1_104cat.jpg 2000w, https:\/\/www.juntadeandalucia.es\/aaiicc\/centroandaluzdelafotografia\/wp-content\/uploads\/2026\/06\/PARQUE-NACIONAL-DE-DON\u0303ANA-1_104cat-300x200.jpg 300w, https:\/\/www.juntadeandalucia.es\/aaiicc\/centroandaluzdelafotografia\/wp-content\/uploads\/2026\/06\/PARQUE-NACIONAL-DE-DON\u0303ANA-1_104cat-1024x684.jpg 1024w, https:\/\/www.juntadeandalucia.es\/aaiicc\/centroandaluzdelafotografia\/wp-content\/uploads\/2026\/06\/PARQUE-NACIONAL-DE-DON\u0303ANA-1_104cat-768x513.jpg 768w, https:\/\/www.juntadeandalucia.es\/aaiicc\/centroandaluzdelafotografia\/wp-content\/uploads\/2026\/06\/PARQUE-NACIONAL-DE-DON\u0303ANA-1_104cat-1536x1025.jpg 1536w\" sizes=\"auto, (max-width: 2000px) 100vw, 2000px\" \/><\/a><\/figure><\/div>\n\n\n\n<div class=\"wp-block-column is-vertically-aligned-center is-layout-flow wp-block-column-is-layout-flow\" style=\"flex-basis:75%\"><h2 class=\"wp-block-post-title\"><a href=\"https:\/\/www.juntadeandalucia.es\/aaiicc\/centroandaluzdelafotografia\/exposicion\/maria-clauss-mision-andalucia-in-memoriam-2\/\" target=\"_self\" >Mar\u00eda Clauss. Misi\u00f3n Andaluc\u00eda. In memoriam<\/a><\/h2>\n\n\n<div class=\"wp-block-group is-nowrap is-layout-flex wp-container-core-group-is-layout-3a88641f wp-block-group-is-layout-flex\"><\/div>\n<\/div>\n<\/div>\n\n<\/li><li class=\"wp-block-post post-1347 exposicion type-exposicion status-publish has-post-thumbnail hentry category-almeria category-exposiciones category-fotografia tag-paisaje tag-retratos tag-sala-jorge-rueda\">\n\n<div class=\"wp-block-columns are-vertically-aligned-center is-layout-flex wp-container-core-columns-is-layout-794e3cfa wp-block-columns-is-layout-flex\">\n<div class=\"wp-block-column is-vertically-aligned-center is-layout-flow wp-block-column-is-layout-flow\" style=\"flex-basis:25%\"><figure class=\"wp-block-post-featured-image\"><a href=\"https:\/\/www.juntadeandalucia.es\/aaiicc\/centroandaluzdelafotografia\/exposicion\/ejercicios-urbanos-antonio-jesus-garcia\/\" target=\"_self\"  ><img loading=\"lazy\" decoding=\"async\" width=\"2560\" height=\"1684\" src=\"https:\/\/www.juntadeandalucia.es\/aaiicc\/centroandaluzdelafotografia\/wp-content\/uploads\/2026\/06\/EJERCICIOS_URBANOS_Antonio_Jesus_Garcia_00-scaled.jpeg\" class=\"attachment-post-thumbnail size-post-thumbnail wp-post-image\" alt=\"Ejercicios urbanos\" style=\"object-fit:cover;\" srcset=\"https:\/\/www.juntadeandalucia.es\/aaiicc\/centroandaluzdelafotografia\/wp-content\/uploads\/2026\/06\/EJERCICIOS_URBANOS_Antonio_Jesus_Garcia_00-scaled.jpeg 2560w, https:\/\/www.juntadeandalucia.es\/aaiicc\/centroandaluzdelafotografia\/wp-content\/uploads\/2026\/06\/EJERCICIOS_URBANOS_Antonio_Jesus_Garcia_00-300x197.jpeg 300w, https:\/\/www.juntadeandalucia.es\/aaiicc\/centroandaluzdelafotografia\/wp-content\/uploads\/2026\/06\/EJERCICIOS_URBANOS_Antonio_Jesus_Garcia_00-1024x673.jpeg 1024w, https:\/\/www.juntadeandalucia.es\/aaiicc\/centroandaluzdelafotografia\/wp-content\/uploads\/2026\/06\/EJERCICIOS_URBANOS_Antonio_Jesus_Garcia_00-768x505.jpeg 768w, https:\/\/www.juntadeandalucia.es\/aaiicc\/centroandaluzdelafotografia\/wp-content\/uploads\/2026\/06\/EJERCICIOS_URBANOS_Antonio_Jesus_Garcia_00-1536x1010.jpeg 1536w, https:\/\/www.juntadeandalucia.es\/aaiicc\/centroandaluzdelafotografia\/wp-content\/uploads\/2026\/06\/EJERCICIOS_URBANOS_Antonio_Jesus_Garcia_00-2048x1347.jpeg 2048w\" sizes=\"auto, (max-width: 2560px) 100vw, 2560px\" \/><\/a><\/figure><\/div>\n\n\n\n<div class=\"wp-block-column is-vertically-aligned-center is-layout-flow wp-block-column-is-layout-flow\" style=\"flex-basis:75%\"><h2 class=\"wp-block-post-title\"><a href=\"https:\/\/www.juntadeandalucia.es\/aaiicc\/centroandaluzdelafotografia\/exposicion\/ejercicios-urbanos-antonio-jesus-garcia\/\" target=\"_self\" >Ejercicios urbanos<\/a><\/h2>\n\n\n<div class=\"wp-block-group is-nowrap is-layout-flex wp-container-core-group-is-layout-3a88641f wp-block-group-is-layout-flex\"><\/div>\n<\/div>\n<\/div>\n\n<\/li><li class=\"wp-block-post post-1320 exposicion type-exposicion status-publish has-post-thumbnail hentry category-almeria category-exposiciones category-fotografia tag-artes-visuales tag-paisaje tag-retratos tag-sala-imagina\">\n\n<div class=\"wp-block-columns are-vertically-aligned-center is-layout-flex wp-container-core-columns-is-layout-794e3cfa wp-block-columns-is-layout-flex\">\n<div class=\"wp-block-column is-vertically-aligned-center is-layout-flow wp-block-column-is-layout-flow\" style=\"flex-basis:25%\"><figure class=\"wp-block-post-featured-image\"><a href=\"https:\/\/www.juntadeandalucia.es\/aaiicc\/centroandaluzdelafotografia\/exposicion\/un-feliz-desorden-del-tiempo\/\" target=\"_self\"  ><img loading=\"lazy\" decoding=\"async\" width=\"1024\" height=\"521\" src=\"https:\/\/www.juntadeandalucia.es\/aaiicc\/centroandaluzdelafotografia\/wp-content\/uploads\/2026\/06\/WebFotoP.jpg\" class=\"attachment-post-thumbnail size-post-thumbnail wp-post-image\" alt=\"Un feliz desorden del tiempo\" style=\"object-fit:cover;\" srcset=\"https:\/\/www.juntadeandalucia.es\/aaiicc\/centroandaluzdelafotografia\/wp-content\/uploads\/2026\/06\/WebFotoP.jpg 1024w, https:\/\/www.juntadeandalucia.es\/aaiicc\/centroandaluzdelafotografia\/wp-content\/uploads\/2026\/06\/WebFotoP-300x153.jpg 300w, https:\/\/www.juntadeandalucia.es\/aaiicc\/centroandaluzdelafotografia\/wp-content\/uploads\/2026\/06\/WebFotoP-768x391.jpg 768w\" sizes=\"auto, (max-width: 1024px) 100vw, 1024px\" \/><\/a><\/figure><\/div>\n\n\n\n<div class=\"wp-block-column is-vertically-aligned-center is-layout-flow wp-block-column-is-layout-flow\" style=\"flex-basis:75%\"><h2 class=\"wp-block-post-title\"><a href=\"https:\/\/www.juntadeandalucia.es\/aaiicc\/centroandaluzdelafotografia\/exposicion\/un-feliz-desorden-del-tiempo\/\" target=\"_self\" >Un feliz desorden del tiempo<\/a><\/h2>\n\n\n<div class=\"wp-block-group is-nowrap is-layout-flex wp-container-core-group-is-layout-3a88641f wp-block-group-is-layout-flex\"><\/div>\n<\/div>\n<\/div>\n\n<\/li><li class=\"wp-block-post post-1299 exposicion type-exposicion status-publish has-post-thumbnail hentry category-almeria category-exposiciones category-fotografia tag-artes-visuales tag-fotoperiodismo tag-paisaje tag-retrato tag-sala-afal\">\n\n<div class=\"wp-block-columns are-vertically-aligned-center is-layout-flex wp-container-core-columns-is-layout-794e3cfa wp-block-columns-is-layout-flex\">\n<div class=\"wp-block-column is-vertically-aligned-center is-layout-flow wp-block-column-is-layout-flow\" style=\"flex-basis:25%\"><figure class=\"wp-block-post-featured-image\"><a href=\"https:\/\/www.juntadeandalucia.es\/aaiicc\/centroandaluzdelafotografia\/exposicion\/la-bestia-isabel-munoz\/\" target=\"_self\"  ><img loading=\"lazy\" decoding=\"async\" width=\"2560\" height=\"1707\" src=\"https:\/\/www.juntadeandalucia.es\/aaiicc\/centroandaluzdelafotografia\/wp-content\/uploads\/2026\/06\/MEX5950_BN-scaled.jpg\" class=\"attachment-post-thumbnail size-post-thumbnail wp-post-image\" alt=\"La Bestia\" style=\"object-fit:cover;\" srcset=\"https:\/\/www.juntadeandalucia.es\/aaiicc\/centroandaluzdelafotografia\/wp-content\/uploads\/2026\/06\/MEX5950_BN-scaled.jpg 2560w, https:\/\/www.juntadeandalucia.es\/aaiicc\/centroandaluzdelafotografia\/wp-content\/uploads\/2026\/06\/MEX5950_BN-300x200.jpg 300w, https:\/\/www.juntadeandalucia.es\/aaiicc\/centroandaluzdelafotografia\/wp-content\/uploads\/2026\/06\/MEX5950_BN-1024x683.jpg 1024w, https:\/\/www.juntadeandalucia.es\/aaiicc\/centroandaluzdelafotografia\/wp-content\/uploads\/2026\/06\/MEX5950_BN-768x512.jpg 768w, https:\/\/www.juntadeandalucia.es\/aaiicc\/centroandaluzdelafotografia\/wp-content\/uploads\/2026\/06\/MEX5950_BN-1536x1024.jpg 1536w, https:\/\/www.juntadeandalucia.es\/aaiicc\/centroandaluzdelafotografia\/wp-content\/uploads\/2026\/06\/MEX5950_BN-2048x1365.jpg 2048w\" sizes=\"auto, (max-width: 2560px) 100vw, 2560px\" \/><\/a><\/figure><\/div>\n\n\n\n<div class=\"wp-block-column is-vertically-aligned-center is-layout-flow wp-block-column-is-layout-flow\" style=\"flex-basis:75%\"><h2 class=\"wp-block-post-title\"><a href=\"https:\/\/www.juntadeandalucia.es\/aaiicc\/centroandaluzdelafotografia\/exposicion\/la-bestia-isabel-munoz\/\" target=\"_self\" >La Bestia<\/a><\/h2>\n\n\n<div class=\"wp-block-group is-nowrap is-layout-flex wp-container-core-group-is-layout-3a88641f wp-block-group-is-layout-flex\"><\/div>\n<\/div>\n<\/div>\n\n<\/li><li class=\"wp-block-post post-1572 exposicion type-exposicion status-publish has-post-thumbnail hentry category-almeria category-exposiciones category-fotografia tag-artes-visuales tag-fotoperiodismo tag-retrato tag-sala-imagina\">\n\n<div class=\"wp-block-columns are-vertically-aligned-center is-layout-flex wp-container-core-columns-is-layout-794e3cfa wp-block-columns-is-layout-flex\">\n<div class=\"wp-block-column is-vertically-aligned-center is-layout-flow wp-block-column-is-layout-flow\" style=\"flex-basis:25%\"><figure class=\"wp-block-post-featured-image\"><a href=\"https:\/\/www.juntadeandalucia.es\/aaiicc\/centroandaluzdelafotografia\/exposicion\/proximamente-las-curvas-de-la-mente\/\" target=\"_self\"  ><img loading=\"lazy\" decoding=\"async\" width=\"1600\" height=\"1067\" src=\"https:\/\/www.juntadeandalucia.es\/aaiicc\/centroandaluzdelafotografia\/wp-content\/uploads\/2026\/08\/curvas_de_la_mente_nuria_lopez_torres08.jpg\" class=\"attachment-post-thumbnail size-post-thumbnail wp-post-image\" alt=\"PR\u00d3XIMAMENTE &#8211; Las curvas de la mente\" style=\"object-fit:cover;\" srcset=\"https:\/\/www.juntadeandalucia.es\/aaiicc\/centroandaluzdelafotografia\/wp-content\/uploads\/2026\/08\/curvas_de_la_mente_nuria_lopez_torres08.jpg 1600w, https:\/\/www.juntadeandalucia.es\/aaiicc\/centroandaluzdelafotografia\/wp-content\/uploads\/2026\/08\/curvas_de_la_mente_nuria_lopez_torres08-300x200.jpg 300w, https:\/\/www.juntadeandalucia.es\/aaiicc\/centroandaluzdelafotografia\/wp-content\/uploads\/2026\/08\/curvas_de_la_mente_nuria_lopez_torres08-1024x683.jpg 1024w, https:\/\/www.juntadeandalucia.es\/aaiicc\/centroandaluzdelafotografia\/wp-content\/uploads\/2026\/08\/curvas_de_la_mente_nuria_lopez_torres08-768x512.jpg 768w, https:\/\/www.juntadeandalucia.es\/aaiicc\/centroandaluzdelafotografia\/wp-content\/uploads\/2026\/08\/curvas_de_la_mente_nuria_lopez_torres08-1536x1024.jpg 1536w\" sizes=\"auto, (max-width: 1600px) 100vw, 1600px\" \/><\/a><\/figure><\/div>\n\n\n\n<div class=\"wp-block-column is-vertically-aligned-center is-layout-flow wp-block-column-is-layout-flow\" style=\"flex-basis:75%\"><h2 class=\"wp-block-post-title\"><a href=\"https:\/\/www.juntadeandalucia.es\/aaiicc\/centroandaluzdelafotografia\/exposicion\/proximamente-las-curvas-de-la-mente\/\" target=\"_self\" >PR\u00d3XIMAMENTE &#8211; Las curvas de la mente<\/a><\/h2>\n\n\n<div class=\"wp-block-group is-nowrap is-layout-flex wp-container-core-group-is-layout-3a88641f wp-block-group-is-layout-flex\"><\/div>\n<\/div>\n<\/div>\n\n<\/li><li class=\"wp-block-post post-1564 exposicion type-exposicion status-publish has-post-thumbnail hentry category-almeria category-exposiciones category-fotografia tag-artes-visuales tag-fotoperiodismo tag-paisaje tag-retrato tag-sala-afal\">\n\n<div class=\"wp-block-columns are-vertically-aligned-center is-layout-flex wp-container-core-columns-is-layout-794e3cfa wp-block-columns-is-layout-flex\">\n<div class=\"wp-block-column is-vertically-aligned-center is-layout-flow wp-block-column-is-layout-flow\" style=\"flex-basis:25%\"><figure class=\"wp-block-post-featured-image\"><a href=\"https:\/\/www.juntadeandalucia.es\/aaiicc\/centroandaluzdelafotografia\/exposicion\/proximamente-tierra-tomada\/\" target=\"_self\"  ><img loading=\"lazy\" decoding=\"async\" width=\"2184\" height=\"1456\" src=\"https:\/\/www.juntadeandalucia.es\/aaiicc\/centroandaluzdelafotografia\/wp-content\/uploads\/2026\/08\/2011-EXPO.AgostoIMG_9303.-RETOCADA.jpg\" class=\"attachment-post-thumbnail size-post-thumbnail wp-post-image\" alt=\"PR\u00d3XIMAMENTE &#8211; Tierra tomada\" style=\"object-fit:cover;\" srcset=\"https:\/\/www.juntadeandalucia.es\/aaiicc\/centroandaluzdelafotografia\/wp-content\/uploads\/2026\/08\/2011-EXPO.AgostoIMG_9303.-RETOCADA.jpg 2184w, https:\/\/www.juntadeandalucia.es\/aaiicc\/centroandaluzdelafotografia\/wp-content\/uploads\/2026\/08\/2011-EXPO.AgostoIMG_9303.-RETOCADA-300x200.jpg 300w, https:\/\/www.juntadeandalucia.es\/aaiicc\/centroandaluzdelafotografia\/wp-content\/uploads\/2026\/08\/2011-EXPO.AgostoIMG_9303.-RETOCADA-1024x683.jpg 1024w, https:\/\/www.juntadeandalucia.es\/aaiicc\/centroandaluzdelafotografia\/wp-content\/uploads\/2026\/08\/2011-EXPO.AgostoIMG_9303.-RETOCADA-768x512.jpg 768w, https:\/\/www.juntadeandalucia.es\/aaiicc\/centroandaluzdelafotografia\/wp-content\/uploads\/2026\/08\/2011-EXPO.AgostoIMG_9303.-RETOCADA-1536x1024.jpg 1536w, https:\/\/www.juntadeandalucia.es\/aaiicc\/centroandaluzdelafotografia\/wp-content\/uploads\/2026\/08\/2011-EXPO.AgostoIMG_9303.-RETOCADA-2048x1365.jpg 2048w\" sizes=\"auto, (max-width: 2184px) 100vw, 2184px\" \/><\/a><\/figure><\/div>\n\n\n\n<div class=\"wp-block-column is-vertically-aligned-center is-layout-flow wp-block-column-is-layout-flow\" style=\"flex-basis:75%\"><h2 class=\"wp-block-post-title\"><a href=\"https:\/\/www.juntadeandalucia.es\/aaiicc\/centroandaluzdelafotografia\/exposicion\/proximamente-tierra-tomada\/\" target=\"_self\" >PR\u00d3XIMAMENTE &#8211; Tierra tomada<\/a><\/h2>\n\n\n<div class=\"wp-block-group is-nowrap is-layout-flex wp-container-core-group-is-layout-3a88641f wp-block-group-is-layout-flex\"><\/div>\n<\/div>\n<\/div>\n\n<\/li><li class=\"wp-block-post post-1567 exposicion type-exposicion status-publish has-post-thumbnail hentry category-exposiciones category-fotografia tag-andalucia tag-artes-visuales tag-caf tag-paisajes\">\n\n<div class=\"wp-block-columns are-vertically-aligned-center is-layout-flex wp-container-core-columns-is-layout-794e3cfa wp-block-columns-is-layout-flex\">\n<div class=\"wp-block-column is-vertically-aligned-center is-layout-flow wp-block-column-is-layout-flow\" style=\"flex-basis:25%\"><figure class=\"wp-block-post-featured-image\"><a href=\"https:\/\/www.juntadeandalucia.es\/aaiicc\/centroandaluzdelafotografia\/exposicion\/proximamente-mision-andalucia-en-cordoba\/\" target=\"_self\"  ><img loading=\"lazy\" decoding=\"async\" width=\"2250\" height=\"1500\" src=\"https:\/\/www.juntadeandalucia.es\/aaiicc\/centroandaluzdelafotografia\/wp-content\/uploads\/2026\/08\/LL_00308-LOW_182cat.jpg\" class=\"attachment-post-thumbnail size-post-thumbnail wp-post-image\" alt=\"PR\u00d3XIMAMENTE &#8211; Misi\u00f3n Andaluc\u00eda en C\u00f3rdoba\" style=\"object-fit:cover;\" srcset=\"https:\/\/www.juntadeandalucia.es\/aaiicc\/centroandaluzdelafotografia\/wp-content\/uploads\/2026\/08\/LL_00308-LOW_182cat.jpg 2250w, https:\/\/www.juntadeandalucia.es\/aaiicc\/centroandaluzdelafotografia\/wp-content\/uploads\/2026\/08\/LL_00308-LOW_182cat-300x200.jpg 300w, https:\/\/www.juntadeandalucia.es\/aaiicc\/centroandaluzdelafotografia\/wp-content\/uploads\/2026\/08\/LL_00308-LOW_182cat-1024x683.jpg 1024w, https:\/\/www.juntadeandalucia.es\/aaiicc\/centroandaluzdelafotografia\/wp-content\/uploads\/2026\/08\/LL_00308-LOW_182cat-768x512.jpg 768w, https:\/\/www.juntadeandalucia.es\/aaiicc\/centroandaluzdelafotografia\/wp-content\/uploads\/2026\/08\/LL_00308-LOW_182cat-1536x1024.jpg 1536w, https:\/\/www.juntadeandalucia.es\/aaiicc\/centroandaluzdelafotografia\/wp-content\/uploads\/2026\/08\/LL_00308-LOW_182cat-2048x1365.jpg 2048w\" sizes=\"auto, (max-width: 2250px) 100vw, 2250px\" \/><\/a><\/figure><\/div>\n\n\n\n<div class=\"wp-block-column is-vertically-aligned-center is-layout-flow wp-block-column-is-layout-flow\" style=\"flex-basis:75%\"><h2 class=\"wp-block-post-title\"><a href=\"https:\/\/www.juntadeandalucia.es\/aaiicc\/centroandaluzdelafotografia\/exposicion\/proximamente-mision-andalucia-en-cordoba\/\" target=\"_self\" >PR\u00d3XIMAMENTE &#8211; Misi\u00f3n Andaluc\u00eda en C\u00f3rdoba<\/a><\/h2>\n\n\n<div class=\"wp-block-group is-nowrap is-layout-flex wp-container-core-group-is-layout-3a88641f wp-block-group-is-layout-flex\"><\/div>\n<\/div>\n<\/div>\n\n<\/li><\/ul><\/div>\n\n\n\n<p class=\"wp-block-paragraph\"><\/p>\n","protected":false},"excerpt":{"rendered":"","protected":false},"author":2,"featured_media":0,"parent":0,"menu_order":0,"comment_status":"closed","ping_status":"closed","template":"","meta":{"footnotes":""},"class_list":["post-1246","page","type-page","status-publish","hentry"],"_links":{"self":[{"href":"https:\/\/www.juntadeandalucia.es\/aaiicc\/centroandaluzdelafotografia\/wp-json\/wp\/v2\/pages\/1246","targetHints":{"allow":["GET"]}}],"collection":[{"href":"https:\/\/www.juntadeandalucia.es\/aaiicc\/centroandaluzdelafotografia\/wp-json\/wp\/v2\/pages"}],"about":[{"href":"https:\/\/www.juntadeandalucia.es\/aaiicc\/centroandaluzdelafotografia\/wp-json\/wp\/v2\/types\/page"}],"author":[{"embeddable":true,"href":"https:\/\/www.juntadeandalucia.es\/aaiicc\/centroandaluzdelafotografia\/wp-json\/wp\/v2\/users\/2"}],"replies":[{"embeddable":true,"href":"https:\/\/www.juntadeandalucia.es\/aaiicc\/centroandaluzdelafotografia\/wp-json\/wp\/v2\/comments?post=1246"}],"version-history":[{"count":3,"href":"https:\/\/www.juntadeandalucia.es\/aaiicc\/centroandaluzdelafotografia\/wp-json\/wp\/v2\/pages\/1246\/revisions"}],"predecessor-version":[{"id":1255,"href":"https:\/\/www.juntadeandalucia.es\/aaiicc\/centroandaluzdelafotografia\/wp-json\/wp\/v2\/pages\/1246\/revisions\/1255"}],"wp:attachment":[{"href":"https:\/\/www.juntadeandalucia.es\/aaiicc\/centroandaluzdelafotografia\/wp-json\/wp\/v2\/media?parent=1246"}],"curies":[{"name":"wp","href":"https:\/\/api.w.org\/{rel}","templated":true}]}}