{"id":157,"date":"2026-02-10T13:27:23","date_gmt":"2026-02-10T12:27:23","guid":{"rendered":"https:\/\/www.juntadeandalucia.es\/aaiicc\/centroandaluzdelafotografia\/?page_id=157"},"modified":"2026-02-24T14:36:27","modified_gmt":"2026-02-24T13:36:27","slug":"actividades","status":"publish","type":"page","link":"https:\/\/www.juntadeandalucia.es\/aaiicc\/centroandaluzdelafotografia\/actividades\/","title":{"rendered":"Actividades"},"content":{"rendered":"\n<p class=\"wp-block-paragraph\"><\/p>\n\n\n\n<div class=\"wp-block-query alignfull is-layout-flow wp-block-query-is-layout-flow\"><ul class=\"columns-2 alignfull wp-block-post-template is-layout-grid wp-container-core-post-template-is-layout-b861f4ab wp-block-post-template-is-layout-grid\"><li class=\"wp-block-post post-1425 actividad type-actividad status-publish has-post-thumbnail hentry category-almeria category-dialogos category-fotografia\">\n\n<div class=\"wp-block-group alignfull has-global-padding is-layout-constrained wp-block-group-is-layout-constrained\" style=\"padding-top:var(--wp--preset--spacing--60);padding-bottom:var(--wp--preset--spacing--60)\"><figure style=\"aspect-ratio:3\/2\" class=\"wp-block-post-featured-image\"><a href=\"https:\/\/www.juntadeandalucia.es\/aaiicc\/centroandaluzdelafotografia\/actividad\/dialogos-caf-con-antonio-jesus-garcia\/\" target=\"_self\"  ><img loading=\"lazy\" decoding=\"async\" width=\"2560\" height=\"1684\" src=\"https:\/\/www.juntadeandalucia.es\/aaiicc\/centroandaluzdelafotografia\/wp-content\/uploads\/2026\/06\/EJERCICIOS_URBANOS_Antonio_Jesus_Garcia_03-scaled.jpeg\" class=\"attachment-post-thumbnail size-post-thumbnail wp-post-image\" alt=\"Di\u00e1logos CAF con Antonio Jes\u00fas Garc\u00eda\" style=\"width:100%;height:100%;object-fit:cover;\" srcset=\"https:\/\/www.juntadeandalucia.es\/aaiicc\/centroandaluzdelafotografia\/wp-content\/uploads\/2026\/06\/EJERCICIOS_URBANOS_Antonio_Jesus_Garcia_03-scaled.jpeg 2560w, https:\/\/www.juntadeandalucia.es\/aaiicc\/centroandaluzdelafotografia\/wp-content\/uploads\/2026\/06\/EJERCICIOS_URBANOS_Antonio_Jesus_Garcia_03-300x197.jpeg 300w, https:\/\/www.juntadeandalucia.es\/aaiicc\/centroandaluzdelafotografia\/wp-content\/uploads\/2026\/06\/EJERCICIOS_URBANOS_Antonio_Jesus_Garcia_03-1024x674.jpeg 1024w, https:\/\/www.juntadeandalucia.es\/aaiicc\/centroandaluzdelafotografia\/wp-content\/uploads\/2026\/06\/EJERCICIOS_URBANOS_Antonio_Jesus_Garcia_03-768x505.jpeg 768w, https:\/\/www.juntadeandalucia.es\/aaiicc\/centroandaluzdelafotografia\/wp-content\/uploads\/2026\/06\/EJERCICIOS_URBANOS_Antonio_Jesus_Garcia_03-1536x1011.jpeg 1536w, https:\/\/www.juntadeandalucia.es\/aaiicc\/centroandaluzdelafotografia\/wp-content\/uploads\/2026\/06\/EJERCICIOS_URBANOS_Antonio_Jesus_Garcia_03-2048x1348.jpeg 2048w\" sizes=\"auto, (max-width: 2560px) 100vw, 2560px\" \/><\/a><\/figure>\n\n<h2 class=\"wp-block-post-title has-x-large-font-size\"><a href=\"https:\/\/www.juntadeandalucia.es\/aaiicc\/centroandaluzdelafotografia\/actividad\/dialogos-caf-con-antonio-jesus-garcia\/\" target=\"_self\" >Di\u00e1logos CAF con Antonio Jes\u00fas Garc\u00eda<\/a><\/h2>\n\n\n<div class=\"wp-block-group is-nowrap is-layout-flex wp-container-core-group-is-layout-3a88641f wp-block-group-is-layout-flex\">\n<div class=\"wp-block-font-awesome-icon wp-font-awesome-icon\"><svg aria-hidden=\"true\" focusable=\"false\" data-prefix=\"fas\" data-icon=\"calendar-days\" class=\"svg-inline--fa fa-calendar-days \" role=\"img\" xmlns=\"http:\/\/www.w3.org\/2000\/svg\" viewBox=\"0 0 448 512\"><path fill=\"currentColor\" d=\"M128 0c17.7 0 32 14.3 32 32l0 32 128 0 0-32c0-17.7 14.3-32 32-32s32 14.3 32 32l0 32 32 0c35.3 0 64 28.7 64 64l0 288c0 35.3-28.7 64-64 64L64 480c-35.3 0-64-28.7-64-64L0 128C0 92.7 28.7 64 64 64l32 0 0-32c0-17.7 14.3-32 32-32zM64 240l0 32c0 8.8 7.2 16 16 16l32 0c8.8 0 16-7.2 16-16l0-32c0-8.8-7.2-16-16-16l-32 0c-8.8 0-16 7.2-16 16zm128 0l0 32c0 8.8 7.2 16 16 16l32 0c8.8 0 16-7.2 16-16l0-32c0-8.8-7.2-16-16-16l-32 0c-8.8 0-16 7.2-16 16zm144-16c-8.8 0-16 7.2-16 16l0 32c0 8.8 7.2 16 16 16l32 0c8.8 0 16-7.2 16-16l0-32c0-8.8-7.2-16-16-16l-32 0zM64 368l0 32c0 8.8 7.2 16 16 16l32 0c8.8 0 16-7.2 16-16l0-32c0-8.8-7.2-16-16-16l-32 0c-8.8 0-16 7.2-16 16zm144-16c-8.8 0-16 7.2-16 16l0 32c0 8.8 7.2 16 16 16l32 0c8.8 0 16-7.2 16-16l0-32c0-8.8-7.2-16-16-16l-32 0zm112 16l0 32c0 8.8 7.2 16 16 16l32 0c8.8 0 16-7.2 16-16l0-32c0-8.8-7.2-16-16-16l-32 0c-8.8 0-16 7.2-16 16z\"><\/path><\/svg><\/div>\n\n\n<div class=\"wp-block-post-date has-small-font-size wp-block-pods-pods-block-single\">15\/07\/2026\n\n        a 15\/07\/2026\n    <\/div><\/div>\n\n\n<div class=\"wp-block-post-excerpt\"><p class=\"wp-block-post-excerpt__excerpt\">Antonio Jes\u00fas Garc\u00eda visita el Centro Andaluz de la Fotograf\u00eda para participar en una nueva sesi\u00f3n de Di\u00e1logos CAF. El encuentro tendr\u00e1 lugar el pr\u00f3ximo 15 de julio en la Sala AFAL, y se plantea como un espacio de conversaci\u00f3n abierta en torno a la trayectoria, los procesos, inquietudes y l\u00edneas de trabajo del autor.<\/p><p class=\"wp-block-post-excerpt__more-text\"><a class=\"wp-block-post-excerpt__more-link\" href=\"https:\/\/www.juntadeandalucia.es\/aaiicc\/centroandaluzdelafotografia\/actividad\/dialogos-caf-con-antonio-jesus-garcia\/\">M\u00e1s info<\/a><\/p><\/div><\/div>\n\n<\/li><li class=\"wp-block-post post-1435 actividad type-actividad status-publish has-post-thumbnail hentry category-almeria category-dialogos category-fotografia\">\n\n<div class=\"wp-block-group alignfull has-global-padding is-layout-constrained wp-block-group-is-layout-constrained\" style=\"padding-top:var(--wp--preset--spacing--60);padding-bottom:var(--wp--preset--spacing--60)\"><figure style=\"aspect-ratio:3\/2\" class=\"wp-block-post-featured-image\"><a href=\"https:\/\/www.juntadeandalucia.es\/aaiicc\/centroandaluzdelafotografia\/actividad\/presentacion-de-la-revista-d\/\" target=\"_self\"  ><img loading=\"lazy\" decoding=\"async\" width=\"1129\" height=\"1600\" src=\"https:\/\/www.juntadeandalucia.es\/aaiicc\/centroandaluzdelafotografia\/wp-content\/uploads\/2026\/07\/WhatsApp-Image-2026-07-02-at-21.29.46.jpeg\" class=\"attachment-post-thumbnail size-post-thumbnail wp-post-image\" alt=\"Presentaci\u00f3n de la REVISTA-D\" style=\"width:100%;height:100%;object-fit:cover;\" srcset=\"https:\/\/www.juntadeandalucia.es\/aaiicc\/centroandaluzdelafotografia\/wp-content\/uploads\/2026\/07\/WhatsApp-Image-2026-07-02-at-21.29.46.jpeg 1129w, https:\/\/www.juntadeandalucia.es\/aaiicc\/centroandaluzdelafotografia\/wp-content\/uploads\/2026\/07\/WhatsApp-Image-2026-07-02-at-21.29.46-212x300.jpeg 212w, https:\/\/www.juntadeandalucia.es\/aaiicc\/centroandaluzdelafotografia\/wp-content\/uploads\/2026\/07\/WhatsApp-Image-2026-07-02-at-21.29.46-723x1024.jpeg 723w, https:\/\/www.juntadeandalucia.es\/aaiicc\/centroandaluzdelafotografia\/wp-content\/uploads\/2026\/07\/WhatsApp-Image-2026-07-02-at-21.29.46-768x1088.jpeg 768w, https:\/\/www.juntadeandalucia.es\/aaiicc\/centroandaluzdelafotografia\/wp-content\/uploads\/2026\/07\/WhatsApp-Image-2026-07-02-at-21.29.46-1084x1536.jpeg 1084w\" sizes=\"auto, (max-width: 1129px) 100vw, 1129px\" \/><\/a><\/figure>\n\n<h2 class=\"wp-block-post-title has-x-large-font-size\"><a href=\"https:\/\/www.juntadeandalucia.es\/aaiicc\/centroandaluzdelafotografia\/actividad\/presentacion-de-la-revista-d\/\" target=\"_self\" >Presentaci\u00f3n de la REVISTA-D<\/a><\/h2>\n\n\n<div class=\"wp-block-group is-nowrap is-layout-flex wp-container-core-group-is-layout-3a88641f wp-block-group-is-layout-flex\">\n<div class=\"wp-block-font-awesome-icon wp-font-awesome-icon\"><svg aria-hidden=\"true\" focusable=\"false\" data-prefix=\"fas\" data-icon=\"calendar-days\" class=\"svg-inline--fa fa-calendar-days \" role=\"img\" xmlns=\"http:\/\/www.w3.org\/2000\/svg\" viewBox=\"0 0 448 512\"><path fill=\"currentColor\" d=\"M128 0c17.7 0 32 14.3 32 32l0 32 128 0 0-32c0-17.7 14.3-32 32-32s32 14.3 32 32l0 32 32 0c35.3 0 64 28.7 64 64l0 288c0 35.3-28.7 64-64 64L64 480c-35.3 0-64-28.7-64-64L0 128C0 92.7 28.7 64 64 64l32 0 0-32c0-17.7 14.3-32 32-32zM64 240l0 32c0 8.8 7.2 16 16 16l32 0c8.8 0 16-7.2 16-16l0-32c0-8.8-7.2-16-16-16l-32 0c-8.8 0-16 7.2-16 16zm128 0l0 32c0 8.8 7.2 16 16 16l32 0c8.8 0 16-7.2 16-16l0-32c0-8.8-7.2-16-16-16l-32 0c-8.8 0-16 7.2-16 16zm144-16c-8.8 0-16 7.2-16 16l0 32c0 8.8 7.2 16 16 16l32 0c8.8 0 16-7.2 16-16l0-32c0-8.8-7.2-16-16-16l-32 0zM64 368l0 32c0 8.8 7.2 16 16 16l32 0c8.8 0 16-7.2 16-16l0-32c0-8.8-7.2-16-16-16l-32 0c-8.8 0-16 7.2-16 16zm144-16c-8.8 0-16 7.2-16 16l0 32c0 8.8 7.2 16 16 16l32 0c8.8 0 16-7.2 16-16l0-32c0-8.8-7.2-16-16-16l-32 0zm112 16l0 32c0 8.8 7.2 16 16 16l32 0c8.8 0 16-7.2 16-16l0-32c0-8.8-7.2-16-16-16l-32 0c-8.8 0-16 7.2-16 16z\"><\/path><\/svg><\/div>\n\n\n<div class=\"wp-block-post-date has-small-font-size wp-block-pods-pods-block-single\">16\/07\/2026\n\n        a 16\/07\/2026\n    <\/div><\/div>\n\n\n<div class=\"wp-block-post-excerpt\"><p class=\"wp-block-post-excerpt__excerpt\">El Centro Andaluz de la Fotograf\u00eda acoge el d\u00eda 16 de julio a las 19:00 la presentaci\u00f3n del n\u00famero 11 de la REVISTA-D, publicaci\u00f3n editada por el Colectivo Desencuadre con la colaboraci\u00f3n de diversas instituciones y entidades, entre ellas la Diputaci\u00f3n de Almer\u00eda, el Ayuntamiento de Almer\u00eda y Cosentino S.A.<\/p><p class=\"wp-block-post-excerpt__more-text\"><a class=\"wp-block-post-excerpt__more-link\" href=\"https:\/\/www.juntadeandalucia.es\/aaiicc\/centroandaluzdelafotografia\/actividad\/presentacion-de-la-revista-d\/\">M\u00e1s info<\/a><\/p><\/div><\/div>\n\n<\/li><li class=\"wp-block-post post-1426 actividad type-actividad status-publish has-post-thumbnail hentry category-almeria category-dialogos category-fotografia\">\n\n<div class=\"wp-block-group alignfull has-global-padding is-layout-constrained wp-block-group-is-layout-constrained\" style=\"padding-top:var(--wp--preset--spacing--60);padding-bottom:var(--wp--preset--spacing--60)\"><figure style=\"aspect-ratio:3\/2\" class=\"wp-block-post-featured-image\"><a href=\"https:\/\/www.juntadeandalucia.es\/aaiicc\/centroandaluzdelafotografia\/actividad\/el-arte-de-la-luz-cine-y-fotografia-en-torno-a-la-construccion-de-la-imagen\/\" target=\"_self\"  ><img loading=\"lazy\" decoding=\"async\" width=\"1360\" height=\"730\" src=\"https:\/\/www.juntadeandalucia.es\/aaiicc\/centroandaluzdelafotografia\/wp-content\/uploads\/2026\/07\/Godland_01.jpg\" class=\"attachment-post-thumbnail size-post-thumbnail wp-post-image\" alt=\"El arte de la luz: cine y fotograf\u00eda en torno a la construcci\u00f3n de la imagen\" style=\"width:100%;height:100%;object-fit:cover;\" srcset=\"https:\/\/www.juntadeandalucia.es\/aaiicc\/centroandaluzdelafotografia\/wp-content\/uploads\/2026\/07\/Godland_01.jpg 1360w, https:\/\/www.juntadeandalucia.es\/aaiicc\/centroandaluzdelafotografia\/wp-content\/uploads\/2026\/07\/Godland_01-300x161.jpg 300w, https:\/\/www.juntadeandalucia.es\/aaiicc\/centroandaluzdelafotografia\/wp-content\/uploads\/2026\/07\/Godland_01-1024x550.jpg 1024w, https:\/\/www.juntadeandalucia.es\/aaiicc\/centroandaluzdelafotografia\/wp-content\/uploads\/2026\/07\/Godland_01-768x412.jpg 768w\" sizes=\"auto, (max-width: 1360px) 100vw, 1360px\" \/><\/a><\/figure>\n\n<h2 class=\"wp-block-post-title has-x-large-font-size\"><a href=\"https:\/\/www.juntadeandalucia.es\/aaiicc\/centroandaluzdelafotografia\/actividad\/el-arte-de-la-luz-cine-y-fotografia-en-torno-a-la-construccion-de-la-imagen\/\" target=\"_self\" >El arte de la luz: cine y fotograf\u00eda en torno a la construcci\u00f3n de la imagen<\/a><\/h2>\n\n\n<div class=\"wp-block-group is-nowrap is-layout-flex wp-container-core-group-is-layout-3a88641f wp-block-group-is-layout-flex\">\n<div class=\"wp-block-font-awesome-icon wp-font-awesome-icon\"><svg aria-hidden=\"true\" focusable=\"false\" data-prefix=\"fas\" data-icon=\"calendar-days\" class=\"svg-inline--fa fa-calendar-days \" role=\"img\" xmlns=\"http:\/\/www.w3.org\/2000\/svg\" viewBox=\"0 0 448 512\"><path fill=\"currentColor\" d=\"M128 0c17.7 0 32 14.3 32 32l0 32 128 0 0-32c0-17.7 14.3-32 32-32s32 14.3 32 32l0 32 32 0c35.3 0 64 28.7 64 64l0 288c0 35.3-28.7 64-64 64L64 480c-35.3 0-64-28.7-64-64L0 128C0 92.7 28.7 64 64 64l32 0 0-32c0-17.7 14.3-32 32-32zM64 240l0 32c0 8.8 7.2 16 16 16l32 0c8.8 0 16-7.2 16-16l0-32c0-8.8-7.2-16-16-16l-32 0c-8.8 0-16 7.2-16 16zm128 0l0 32c0 8.8 7.2 16 16 16l32 0c8.8 0 16-7.2 16-16l0-32c0-8.8-7.2-16-16-16l-32 0c-8.8 0-16 7.2-16 16zm144-16c-8.8 0-16 7.2-16 16l0 32c0 8.8 7.2 16 16 16l32 0c8.8 0 16-7.2 16-16l0-32c0-8.8-7.2-16-16-16l-32 0zM64 368l0 32c0 8.8 7.2 16 16 16l32 0c8.8 0 16-7.2 16-16l0-32c0-8.8-7.2-16-16-16l-32 0c-8.8 0-16 7.2-16 16zm144-16c-8.8 0-16 7.2-16 16l0 32c0 8.8 7.2 16 16 16l32 0c8.8 0 16-7.2 16-16l0-32c0-8.8-7.2-16-16-16l-32 0zm112 16l0 32c0 8.8 7.2 16 16 16l32 0c8.8 0 16-7.2 16-16l0-32c0-8.8-7.2-16-16-16l-32 0c-8.8 0-16 7.2-16 16z\"><\/path><\/svg><\/div>\n\n\n<div class=\"wp-block-post-date has-small-font-size wp-block-pods-pods-block-single\">01\/09\/2026\n\n        a 01\/12\/2026\n    <\/div><\/div>\n\n\n<div class=\"wp-block-post-excerpt\"><p class=\"wp-block-post-excerpt__excerpt\">El Centro Andaluz de la Fotograf\u00eda presenta el ciclo El arte de la luz, una propuesta que explora los v\u00ednculos hist\u00f3ricos, est\u00e9ticos y conceptuales entre la fotograf\u00eda y el cine, entendidos como dos formas complementarias de construcci\u00f3n de la imagen. Se celebrar\u00e1 a partir del 1 de septiembre y ocupar\u00e1 el primer martes de cada&hellip;<\/p><p class=\"wp-block-post-excerpt__more-text\"><a class=\"wp-block-post-excerpt__more-link\" href=\"https:\/\/www.juntadeandalucia.es\/aaiicc\/centroandaluzdelafotografia\/actividad\/el-arte-de-la-luz-cine-y-fotografia-en-torno-a-la-construccion-de-la-imagen\/\">M\u00e1s info<\/a><\/p><\/div><\/div>\n\n<\/li><li class=\"wp-block-post post-1414 actividad type-actividad status-publish has-post-thumbnail hentry category-almeria category-dialogos category-fotografia\">\n\n<div class=\"wp-block-group alignfull has-global-padding is-layout-constrained wp-block-group-is-layout-constrained\" style=\"padding-top:var(--wp--preset--spacing--60);padding-bottom:var(--wp--preset--spacing--60)\"><figure style=\"aspect-ratio:3\/2\" class=\"wp-block-post-featured-image\"><a href=\"https:\/\/www.juntadeandalucia.es\/aaiicc\/centroandaluzdelafotografia\/actividad\/dialogos-caf-con-chema-artero\/\" target=\"_self\"  ><img loading=\"lazy\" decoding=\"async\" width=\"2560\" height=\"1707\" src=\"https:\/\/www.juntadeandalucia.es\/aaiicc\/centroandaluzdelafotografia\/wp-content\/uploads\/2026\/06\/CLICCLIBANGBANG2-scaled.jpg\" class=\"attachment-post-thumbnail size-post-thumbnail wp-post-image\" alt=\"Di\u00e1logos CAF con Chema Artero\" style=\"width:100%;height:100%;object-fit:cover;\" srcset=\"https:\/\/www.juntadeandalucia.es\/aaiicc\/centroandaluzdelafotografia\/wp-content\/uploads\/2026\/06\/CLICCLIBANGBANG2-scaled.jpg 2560w, https:\/\/www.juntadeandalucia.es\/aaiicc\/centroandaluzdelafotografia\/wp-content\/uploads\/2026\/06\/CLICCLIBANGBANG2-300x200.jpg 300w, https:\/\/www.juntadeandalucia.es\/aaiicc\/centroandaluzdelafotografia\/wp-content\/uploads\/2026\/06\/CLICCLIBANGBANG2-1024x683.jpg 1024w, https:\/\/www.juntadeandalucia.es\/aaiicc\/centroandaluzdelafotografia\/wp-content\/uploads\/2026\/06\/CLICCLIBANGBANG2-768x512.jpg 768w, https:\/\/www.juntadeandalucia.es\/aaiicc\/centroandaluzdelafotografia\/wp-content\/uploads\/2026\/06\/CLICCLIBANGBANG2-1536x1024.jpg 1536w, https:\/\/www.juntadeandalucia.es\/aaiicc\/centroandaluzdelafotografia\/wp-content\/uploads\/2026\/06\/CLICCLIBANGBANG2-2048x1365.jpg 2048w\" sizes=\"auto, (max-width: 2560px) 100vw, 2560px\" \/><\/a><\/figure>\n\n<h2 class=\"wp-block-post-title has-x-large-font-size\"><a href=\"https:\/\/www.juntadeandalucia.es\/aaiicc\/centroandaluzdelafotografia\/actividad\/dialogos-caf-con-chema-artero\/\" target=\"_self\" >Di\u00e1logos CAF con Chema Artero<\/a><\/h2>\n\n\n<div class=\"wp-block-group is-nowrap is-layout-flex wp-container-core-group-is-layout-3a88641f wp-block-group-is-layout-flex\">\n<div class=\"wp-block-font-awesome-icon wp-font-awesome-icon\"><svg aria-hidden=\"true\" focusable=\"false\" data-prefix=\"fas\" data-icon=\"calendar-days\" class=\"svg-inline--fa fa-calendar-days \" role=\"img\" xmlns=\"http:\/\/www.w3.org\/2000\/svg\" viewBox=\"0 0 448 512\"><path fill=\"currentColor\" d=\"M128 0c17.7 0 32 14.3 32 32l0 32 128 0 0-32c0-17.7 14.3-32 32-32s32 14.3 32 32l0 32 32 0c35.3 0 64 28.7 64 64l0 288c0 35.3-28.7 64-64 64L64 480c-35.3 0-64-28.7-64-64L0 128C0 92.7 28.7 64 64 64l32 0 0-32c0-17.7 14.3-32 32-32zM64 240l0 32c0 8.8 7.2 16 16 16l32 0c8.8 0 16-7.2 16-16l0-32c0-8.8-7.2-16-16-16l-32 0c-8.8 0-16 7.2-16 16zm128 0l0 32c0 8.8 7.2 16 16 16l32 0c8.8 0 16-7.2 16-16l0-32c0-8.8-7.2-16-16-16l-32 0c-8.8 0-16 7.2-16 16zm144-16c-8.8 0-16 7.2-16 16l0 32c0 8.8 7.2 16 16 16l32 0c8.8 0 16-7.2 16-16l0-32c0-8.8-7.2-16-16-16l-32 0zM64 368l0 32c0 8.8 7.2 16 16 16l32 0c8.8 0 16-7.2 16-16l0-32c0-8.8-7.2-16-16-16l-32 0c-8.8 0-16 7.2-16 16zm144-16c-8.8 0-16 7.2-16 16l0 32c0 8.8 7.2 16 16 16l32 0c8.8 0 16-7.2 16-16l0-32c0-8.8-7.2-16-16-16l-32 0zm112 16l0 32c0 8.8 7.2 16 16 16l32 0c8.8 0 16-7.2 16-16l0-32c0-8.8-7.2-16-16-16l-32 0c-8.8 0-16 7.2-16 16z\"><\/path><\/svg><\/div>\n\n\n<div class=\"wp-block-post-date has-small-font-size wp-block-pods-pods-block-single\">07\/07\/2026\n\n        a 07\/07\/2026\n    <\/div><\/div>\n\n\n<div class=\"wp-block-post-excerpt\"><p class=\"wp-block-post-excerpt__excerpt\">Chema Artero visita el Centro Andaluz de la Fotograf\u00eda con motivo de la publicaci\u00f3n de \u00abClic Clic Bang Bang\u00bb, un proyecto que se adentra en el imaginario del western en el desierto de Tabernas y en los poblados cinematogr\u00e1ficos que han definido una parte esencial del paisaje cultural de Almer\u00eda.<\/p><p class=\"wp-block-post-excerpt__more-text\"><a class=\"wp-block-post-excerpt__more-link\" href=\"https:\/\/www.juntadeandalucia.es\/aaiicc\/centroandaluzdelafotografia\/actividad\/dialogos-caf-con-chema-artero\/\">M\u00e1s info<\/a><\/p><\/div><\/div>\n\n<\/li><li class=\"wp-block-post post-1345 actividad type-actividad status-publish has-post-thumbnail hentry category-actividades tag-colectivos tag-escuelas-de-verano tag-mediacion-cultural\">\n\n<div class=\"wp-block-group alignfull has-global-padding is-layout-constrained wp-block-group-is-layout-constrained\" style=\"padding-top:var(--wp--preset--spacing--60);padding-bottom:var(--wp--preset--spacing--60)\"><figure style=\"aspect-ratio:3\/2\" class=\"wp-block-post-featured-image\"><a href=\"https:\/\/www.juntadeandalucia.es\/aaiicc\/centroandaluzdelafotografia\/actividad\/entre-fotografias\/\" target=\"_self\"  ><img loading=\"lazy\" decoding=\"async\" width=\"2560\" height=\"1707\" src=\"https:\/\/www.juntadeandalucia.es\/aaiicc\/centroandaluzdelafotografia\/wp-content\/uploads\/2026\/06\/INAUGURACION-LA-BESTIA-4-scaled.jpg\" class=\"attachment-post-thumbnail size-post-thumbnail wp-post-image\" alt=\"Entre fotograf\u00edas\" style=\"width:100%;height:100%;object-fit:cover;\" srcset=\"https:\/\/www.juntadeandalucia.es\/aaiicc\/centroandaluzdelafotografia\/wp-content\/uploads\/2026\/06\/INAUGURACION-LA-BESTIA-4-scaled.jpg 2560w, https:\/\/www.juntadeandalucia.es\/aaiicc\/centroandaluzdelafotografia\/wp-content\/uploads\/2026\/06\/INAUGURACION-LA-BESTIA-4-300x200.jpg 300w, https:\/\/www.juntadeandalucia.es\/aaiicc\/centroandaluzdelafotografia\/wp-content\/uploads\/2026\/06\/INAUGURACION-LA-BESTIA-4-1024x683.jpg 1024w, https:\/\/www.juntadeandalucia.es\/aaiicc\/centroandaluzdelafotografia\/wp-content\/uploads\/2026\/06\/INAUGURACION-LA-BESTIA-4-768x512.jpg 768w, https:\/\/www.juntadeandalucia.es\/aaiicc\/centroandaluzdelafotografia\/wp-content\/uploads\/2026\/06\/INAUGURACION-LA-BESTIA-4-1536x1024.jpg 1536w, https:\/\/www.juntadeandalucia.es\/aaiicc\/centroandaluzdelafotografia\/wp-content\/uploads\/2026\/06\/INAUGURACION-LA-BESTIA-4-2048x1365.jpg 2048w\" sizes=\"auto, (max-width: 2560px) 100vw, 2560px\" \/><\/a><\/figure>\n\n<h2 class=\"wp-block-post-title has-x-large-font-size\"><a href=\"https:\/\/www.juntadeandalucia.es\/aaiicc\/centroandaluzdelafotografia\/actividad\/entre-fotografias\/\" target=\"_self\" >Entre fotograf\u00edas<\/a><\/h2>\n\n\n<div class=\"wp-block-group is-nowrap is-layout-flex wp-container-core-group-is-layout-3a88641f wp-block-group-is-layout-flex\">\n<div class=\"wp-block-font-awesome-icon wp-font-awesome-icon\"><svg aria-hidden=\"true\" focusable=\"false\" data-prefix=\"fas\" data-icon=\"calendar-days\" class=\"svg-inline--fa fa-calendar-days \" role=\"img\" xmlns=\"http:\/\/www.w3.org\/2000\/svg\" viewBox=\"0 0 448 512\"><path fill=\"currentColor\" d=\"M128 0c17.7 0 32 14.3 32 32l0 32 128 0 0-32c0-17.7 14.3-32 32-32s32 14.3 32 32l0 32 32 0c35.3 0 64 28.7 64 64l0 288c0 35.3-28.7 64-64 64L64 480c-35.3 0-64-28.7-64-64L0 128C0 92.7 28.7 64 64 64l32 0 0-32c0-17.7 14.3-32 32-32zM64 240l0 32c0 8.8 7.2 16 16 16l32 0c8.8 0 16-7.2 16-16l0-32c0-8.8-7.2-16-16-16l-32 0c-8.8 0-16 7.2-16 16zm128 0l0 32c0 8.8 7.2 16 16 16l32 0c8.8 0 16-7.2 16-16l0-32c0-8.8-7.2-16-16-16l-32 0c-8.8 0-16 7.2-16 16zm144-16c-8.8 0-16 7.2-16 16l0 32c0 8.8 7.2 16 16 16l32 0c8.8 0 16-7.2 16-16l0-32c0-8.8-7.2-16-16-16l-32 0zM64 368l0 32c0 8.8 7.2 16 16 16l32 0c8.8 0 16-7.2 16-16l0-32c0-8.8-7.2-16-16-16l-32 0c-8.8 0-16 7.2-16 16zm144-16c-8.8 0-16 7.2-16 16l0 32c0 8.8 7.2 16 16 16l32 0c8.8 0 16-7.2 16-16l0-32c0-8.8-7.2-16-16-16l-32 0zm112 16l0 32c0 8.8 7.2 16 16 16l32 0c8.8 0 16-7.2 16-16l0-32c0-8.8-7.2-16-16-16l-32 0c-8.8 0-16 7.2-16 16z\"><\/path><\/svg><\/div>\n\n\n<div class=\"wp-block-post-date has-small-font-size wp-block-pods-pods-block-single\">18\/06\/2026\n\n        a 26\/09\/2026\n    <\/div><\/div>\n\n\n<div class=\"wp-block-post-excerpt\"><p class=\"wp-block-post-excerpt__excerpt\">Programa de mediaci\u00f3n cultural durante el verano en CAF. Propone una serie de experiencias participativas en torno a nuestras exposiciones y la disciplina fotogr\u00e1fica.<\/p><p class=\"wp-block-post-excerpt__more-text\"><a class=\"wp-block-post-excerpt__more-link\" href=\"https:\/\/www.juntadeandalucia.es\/aaiicc\/centroandaluzdelafotografia\/actividad\/entre-fotografias\/\">M\u00e1s info<\/a><\/p><\/div><\/div>\n\n<\/li><li class=\"wp-block-post post-1281 actividad type-actividad status-publish has-post-thumbnail hentry\">\n\n<div class=\"wp-block-group alignfull has-global-padding is-layout-constrained wp-block-group-is-layout-constrained\" style=\"padding-top:var(--wp--preset--spacing--60);padding-bottom:var(--wp--preset--spacing--60)\"><figure style=\"aspect-ratio:3\/2\" class=\"wp-block-post-featured-image\"><a href=\"https:\/\/www.juntadeandalucia.es\/aaiicc\/centroandaluzdelafotografia\/actividad\/silencio-roto\/\" target=\"_self\"  ><img loading=\"lazy\" decoding=\"async\" width=\"1200\" height=\"628\" src=\"https:\/\/www.juntadeandalucia.es\/aaiicc\/centroandaluzdelafotografia\/wp-content\/uploads\/2026\/05\/02-NOCHE-EN-BLANCO-Post-FB-CAF.jpg\" class=\"attachment-post-thumbnail size-post-thumbnail wp-post-image\" alt=\"Silencio roto\" style=\"width:100%;height:100%;object-fit:cover;\" srcset=\"https:\/\/www.juntadeandalucia.es\/aaiicc\/centroandaluzdelafotografia\/wp-content\/uploads\/2026\/05\/02-NOCHE-EN-BLANCO-Post-FB-CAF.jpg 1200w, https:\/\/www.juntadeandalucia.es\/aaiicc\/centroandaluzdelafotografia\/wp-content\/uploads\/2026\/05\/02-NOCHE-EN-BLANCO-Post-FB-CAF-300x157.jpg 300w, https:\/\/www.juntadeandalucia.es\/aaiicc\/centroandaluzdelafotografia\/wp-content\/uploads\/2026\/05\/02-NOCHE-EN-BLANCO-Post-FB-CAF-1024x536.jpg 1024w, https:\/\/www.juntadeandalucia.es\/aaiicc\/centroandaluzdelafotografia\/wp-content\/uploads\/2026\/05\/02-NOCHE-EN-BLANCO-Post-FB-CAF-768x402.jpg 768w\" sizes=\"auto, (max-width: 1200px) 100vw, 1200px\" \/><\/a><\/figure>\n\n<h2 class=\"wp-block-post-title has-x-large-font-size\"><a href=\"https:\/\/www.juntadeandalucia.es\/aaiicc\/centroandaluzdelafotografia\/actividad\/silencio-roto\/\" target=\"_self\" >Silencio roto<\/a><\/h2>\n\n\n<div class=\"wp-block-group is-nowrap is-layout-flex wp-container-core-group-is-layout-3a88641f wp-block-group-is-layout-flex\">\n<div class=\"wp-block-font-awesome-icon wp-font-awesome-icon\"><svg aria-hidden=\"true\" focusable=\"false\" data-prefix=\"fas\" data-icon=\"calendar-days\" class=\"svg-inline--fa fa-calendar-days \" role=\"img\" xmlns=\"http:\/\/www.w3.org\/2000\/svg\" viewBox=\"0 0 448 512\"><path fill=\"currentColor\" d=\"M128 0c17.7 0 32 14.3 32 32l0 32 128 0 0-32c0-17.7 14.3-32 32-32s32 14.3 32 32l0 32 32 0c35.3 0 64 28.7 64 64l0 288c0 35.3-28.7 64-64 64L64 480c-35.3 0-64-28.7-64-64L0 128C0 92.7 28.7 64 64 64l32 0 0-32c0-17.7 14.3-32 32-32zM64 240l0 32c0 8.8 7.2 16 16 16l32 0c8.8 0 16-7.2 16-16l0-32c0-8.8-7.2-16-16-16l-32 0c-8.8 0-16 7.2-16 16zm128 0l0 32c0 8.8 7.2 16 16 16l32 0c8.8 0 16-7.2 16-16l0-32c0-8.8-7.2-16-16-16l-32 0c-8.8 0-16 7.2-16 16zm144-16c-8.8 0-16 7.2-16 16l0 32c0 8.8 7.2 16 16 16l32 0c8.8 0 16-7.2 16-16l0-32c0-8.8-7.2-16-16-16l-32 0zM64 368l0 32c0 8.8 7.2 16 16 16l32 0c8.8 0 16-7.2 16-16l0-32c0-8.8-7.2-16-16-16l-32 0c-8.8 0-16 7.2-16 16zm144-16c-8.8 0-16 7.2-16 16l0 32c0 8.8 7.2 16 16 16l32 0c8.8 0 16-7.2 16-16l0-32c0-8.8-7.2-16-16-16l-32 0zm112 16l0 32c0 8.8 7.2 16 16 16l32 0c8.8 0 16-7.2 16-16l0-32c0-8.8-7.2-16-16-16l-32 0c-8.8 0-16 7.2-16 16z\"><\/path><\/svg><\/div>\n\n\n<div class=\"wp-block-post-date has-small-font-size wp-block-pods-pods-block-single\">29\/05\/2026\n\n        a 29\/05\/2026\n    <\/div><\/div>\n\n\n<div class=\"wp-block-post-excerpt\"><p class=\"wp-block-post-excerpt__excerpt\">El CAF participa en la edici\u00f3n 2026 de la Noche en Blanco de Almer\u00eda con \u00abSilencio roto\u00bb que se sit\u00faa en la intersecci\u00f3n entre m\u00fasica experimental, arte visual y performance.<\/p><p class=\"wp-block-post-excerpt__more-text\"><a class=\"wp-block-post-excerpt__more-link\" href=\"https:\/\/www.juntadeandalucia.es\/aaiicc\/centroandaluzdelafotografia\/actividad\/silencio-roto\/\">M\u00e1s info<\/a><\/p><\/div><\/div>\n\n<\/li><li class=\"wp-block-post post-1270 actividad type-actividad status-publish has-post-thumbnail hentry\">\n\n<div class=\"wp-block-group alignfull has-global-padding is-layout-constrained wp-block-group-is-layout-constrained\" style=\"padding-top:var(--wp--preset--spacing--60);padding-bottom:var(--wp--preset--spacing--60)\"><figure style=\"aspect-ratio:3\/2\" class=\"wp-block-post-featured-image\"><a href=\"https:\/\/www.juntadeandalucia.es\/aaiicc\/centroandaluzdelafotografia\/actividad\/actividades-por-el-dia-internacional-del-museo\/\" target=\"_self\"  ><img loading=\"lazy\" decoding=\"async\" width=\"746\" height=\"419\" src=\"https:\/\/www.juntadeandalucia.es\/aaiicc\/centroandaluzdelafotografia\/wp-content\/uploads\/2026\/05\/DIM_2026.avif\" class=\"attachment-post-thumbnail size-post-thumbnail wp-post-image\" alt=\"Actividades por el D\u00eda Internacional del Museo\" style=\"width:100%;height:100%;object-fit:cover;\" srcset=\"https:\/\/www.juntadeandalucia.es\/aaiicc\/centroandaluzdelafotografia\/wp-content\/uploads\/2026\/05\/DIM_2026.avif 746w, https:\/\/www.juntadeandalucia.es\/aaiicc\/centroandaluzdelafotografia\/wp-content\/uploads\/2026\/05\/DIM_2026-300x168.avif 300w\" sizes=\"auto, (max-width: 746px) 100vw, 746px\" \/><\/a><\/figure>\n\n<h2 class=\"wp-block-post-title has-x-large-font-size\"><a href=\"https:\/\/www.juntadeandalucia.es\/aaiicc\/centroandaluzdelafotografia\/actividad\/actividades-por-el-dia-internacional-del-museo\/\" target=\"_self\" >Actividades por el D\u00eda Internacional del Museo<\/a><\/h2>\n\n\n<div class=\"wp-block-group is-nowrap is-layout-flex wp-container-core-group-is-layout-3a88641f wp-block-group-is-layout-flex\">\n<div class=\"wp-block-font-awesome-icon wp-font-awesome-icon\"><svg aria-hidden=\"true\" focusable=\"false\" data-prefix=\"fas\" data-icon=\"calendar-days\" class=\"svg-inline--fa fa-calendar-days \" role=\"img\" xmlns=\"http:\/\/www.w3.org\/2000\/svg\" viewBox=\"0 0 448 512\"><path fill=\"currentColor\" d=\"M128 0c17.7 0 32 14.3 32 32l0 32 128 0 0-32c0-17.7 14.3-32 32-32s32 14.3 32 32l0 32 32 0c35.3 0 64 28.7 64 64l0 288c0 35.3-28.7 64-64 64L64 480c-35.3 0-64-28.7-64-64L0 128C0 92.7 28.7 64 64 64l32 0 0-32c0-17.7 14.3-32 32-32zM64 240l0 32c0 8.8 7.2 16 16 16l32 0c8.8 0 16-7.2 16-16l0-32c0-8.8-7.2-16-16-16l-32 0c-8.8 0-16 7.2-16 16zm128 0l0 32c0 8.8 7.2 16 16 16l32 0c8.8 0 16-7.2 16-16l0-32c0-8.8-7.2-16-16-16l-32 0c-8.8 0-16 7.2-16 16zm144-16c-8.8 0-16 7.2-16 16l0 32c0 8.8 7.2 16 16 16l32 0c8.8 0 16-7.2 16-16l0-32c0-8.8-7.2-16-16-16l-32 0zM64 368l0 32c0 8.8 7.2 16 16 16l32 0c8.8 0 16-7.2 16-16l0-32c0-8.8-7.2-16-16-16l-32 0c-8.8 0-16 7.2-16 16zm144-16c-8.8 0-16 7.2-16 16l0 32c0 8.8 7.2 16 16 16l32 0c8.8 0 16-7.2 16-16l0-32c0-8.8-7.2-16-16-16l-32 0zm112 16l0 32c0 8.8 7.2 16 16 16l32 0c8.8 0 16-7.2 16-16l0-32c0-8.8-7.2-16-16-16l-32 0c-8.8 0-16 7.2-16 16z\"><\/path><\/svg><\/div>\n\n\n<div class=\"wp-block-post-date has-small-font-size wp-block-pods-pods-block-single\">15\/05\/2026\n\n        a 16\/05\/2026\n    <\/div><\/div>\n\n\n<div class=\"wp-block-post-excerpt\"><p class=\"wp-block-post-excerpt__excerpt\">Una propuesta que invita a reflexionar sobre el territorio y el paisaje desde la pr\u00e1ctica fotogr\u00e1fica contempor\u00e1nea. Participan el poeta y dramaturgo Alberto Conejero y Regina de Miguel, cineasta y artista interdisciplinar.<\/p><p class=\"wp-block-post-excerpt__more-text\"><a class=\"wp-block-post-excerpt__more-link\" href=\"https:\/\/www.juntadeandalucia.es\/aaiicc\/centroandaluzdelafotografia\/actividad\/actividades-por-el-dia-internacional-del-museo\/\">M\u00e1s info<\/a><\/p><\/div><\/div>\n\n<\/li><li class=\"wp-block-post post-1262 actividad type-actividad status-publish has-post-thumbnail hentry\">\n\n<div class=\"wp-block-group alignfull has-global-padding is-layout-constrained wp-block-group-is-layout-constrained\" style=\"padding-top:var(--wp--preset--spacing--60);padding-bottom:var(--wp--preset--spacing--60)\"><figure style=\"aspect-ratio:3\/2\" class=\"wp-block-post-featured-image\"><a href=\"https:\/\/www.juntadeandalucia.es\/aaiicc\/centroandaluzdelafotografia\/actividad\/paisaje-expandido-imagen-palabra-y-territorio\/\" target=\"_self\"  ><img loading=\"lazy\" decoding=\"async\" width=\"1024\" height=\"521\" src=\"https:\/\/www.juntadeandalucia.es\/aaiicc\/centroandaluzdelafotografia\/wp-content\/uploads\/2026\/05\/07-ENCUENTROS-MISION-ALMERIA-X-Post.jpg\" class=\"attachment-post-thumbnail size-post-thumbnail wp-post-image\" alt=\"Paisaje expandido: imagen, palabra y territorio\" style=\"width:100%;height:100%;object-fit:cover;\" srcset=\"https:\/\/www.juntadeandalucia.es\/aaiicc\/centroandaluzdelafotografia\/wp-content\/uploads\/2026\/05\/07-ENCUENTROS-MISION-ALMERIA-X-Post.jpg 1024w, https:\/\/www.juntadeandalucia.es\/aaiicc\/centroandaluzdelafotografia\/wp-content\/uploads\/2026\/05\/07-ENCUENTROS-MISION-ALMERIA-X-Post-300x153.jpg 300w, https:\/\/www.juntadeandalucia.es\/aaiicc\/centroandaluzdelafotografia\/wp-content\/uploads\/2026\/05\/07-ENCUENTROS-MISION-ALMERIA-X-Post-768x391.jpg 768w\" sizes=\"auto, (max-width: 1024px) 100vw, 1024px\" \/><\/a><\/figure>\n\n<h2 class=\"wp-block-post-title has-x-large-font-size\"><a href=\"https:\/\/www.juntadeandalucia.es\/aaiicc\/centroandaluzdelafotografia\/actividad\/paisaje-expandido-imagen-palabra-y-territorio\/\" target=\"_self\" >Paisaje expandido: imagen, palabra y territorio<\/a><\/h2>\n\n\n<div class=\"wp-block-group is-nowrap is-layout-flex wp-container-core-group-is-layout-3a88641f wp-block-group-is-layout-flex\">\n<div class=\"wp-block-font-awesome-icon wp-font-awesome-icon\"><svg aria-hidden=\"true\" focusable=\"false\" data-prefix=\"fas\" data-icon=\"calendar-days\" class=\"svg-inline--fa fa-calendar-days \" role=\"img\" xmlns=\"http:\/\/www.w3.org\/2000\/svg\" viewBox=\"0 0 448 512\"><path fill=\"currentColor\" d=\"M128 0c17.7 0 32 14.3 32 32l0 32 128 0 0-32c0-17.7 14.3-32 32-32s32 14.3 32 32l0 32 32 0c35.3 0 64 28.7 64 64l0 288c0 35.3-28.7 64-64 64L64 480c-35.3 0-64-28.7-64-64L0 128C0 92.7 28.7 64 64 64l32 0 0-32c0-17.7 14.3-32 32-32zM64 240l0 32c0 8.8 7.2 16 16 16l32 0c8.8 0 16-7.2 16-16l0-32c0-8.8-7.2-16-16-16l-32 0c-8.8 0-16 7.2-16 16zm128 0l0 32c0 8.8 7.2 16 16 16l32 0c8.8 0 16-7.2 16-16l0-32c0-8.8-7.2-16-16-16l-32 0c-8.8 0-16 7.2-16 16zm144-16c-8.8 0-16 7.2-16 16l0 32c0 8.8 7.2 16 16 16l32 0c8.8 0 16-7.2 16-16l0-32c0-8.8-7.2-16-16-16l-32 0zM64 368l0 32c0 8.8 7.2 16 16 16l32 0c8.8 0 16-7.2 16-16l0-32c0-8.8-7.2-16-16-16l-32 0c-8.8 0-16 7.2-16 16zm144-16c-8.8 0-16 7.2-16 16l0 32c0 8.8 7.2 16 16 16l32 0c8.8 0 16-7.2 16-16l0-32c0-8.8-7.2-16-16-16l-32 0zm112 16l0 32c0 8.8 7.2 16 16 16l32 0c8.8 0 16-7.2 16-16l0-32c0-8.8-7.2-16-16-16l-32 0c-8.8 0-16 7.2-16 16z\"><\/path><\/svg><\/div>\n\n\n<div class=\"wp-block-post-date has-small-font-size wp-block-pods-pods-block-single\">14\/05\/2026\n\n        a 21\/05\/2026\n    <\/div><\/div>\n\n\n<div class=\"wp-block-post-excerpt\"><p class=\"wp-block-post-excerpt__excerpt\">Una propuesta que invita a reflexionar sobre el territorio y el paisaje desde la pr\u00e1ctica fotogr\u00e1fica contempor\u00e1nea. Participan el poeta y dramaturgo Alberto Conejero y Regina de Miguel, cineasta y artista interdisciplinar.<\/p><p class=\"wp-block-post-excerpt__more-text\"><a class=\"wp-block-post-excerpt__more-link\" href=\"https:\/\/www.juntadeandalucia.es\/aaiicc\/centroandaluzdelafotografia\/actividad\/paisaje-expandido-imagen-palabra-y-territorio\/\">M\u00e1s info<\/a><\/p><\/div><\/div>\n\n<\/li><li class=\"wp-block-post post-1205 actividad type-actividad status-publish has-post-thumbnail hentry\">\n\n<div class=\"wp-block-group alignfull has-global-padding is-layout-constrained wp-block-group-is-layout-constrained\" style=\"padding-top:var(--wp--preset--spacing--60);padding-bottom:var(--wp--preset--spacing--60)\"><figure style=\"aspect-ratio:3\/2\" class=\"wp-block-post-featured-image\"><a href=\"https:\/\/www.juntadeandalucia.es\/aaiicc\/centroandaluzdelafotografia\/actividad\/narrativas-hibridas-de-la-fotografia-a-la-novela-grafica\/\" target=\"_self\"  ><img loading=\"lazy\" decoding=\"async\" width=\"1280\" height=\"550\" src=\"https:\/\/www.juntadeandalucia.es\/aaiicc\/centroandaluzdelafotografia\/wp-content\/uploads\/2026\/04\/08-NARRATIVAS-Agenda-Cultural-Andalucia.jpg\" class=\"attachment-post-thumbnail size-post-thumbnail wp-post-image\" alt=\"Narrativas h\u00edbridas. De la fotograf\u00eda a la novela gr\u00e1fica.\" style=\"width:100%;height:100%;object-fit:cover;\" srcset=\"https:\/\/www.juntadeandalucia.es\/aaiicc\/centroandaluzdelafotografia\/wp-content\/uploads\/2026\/04\/08-NARRATIVAS-Agenda-Cultural-Andalucia.jpg 1280w, https:\/\/www.juntadeandalucia.es\/aaiicc\/centroandaluzdelafotografia\/wp-content\/uploads\/2026\/04\/08-NARRATIVAS-Agenda-Cultural-Andalucia-300x129.jpg 300w, https:\/\/www.juntadeandalucia.es\/aaiicc\/centroandaluzdelafotografia\/wp-content\/uploads\/2026\/04\/08-NARRATIVAS-Agenda-Cultural-Andalucia-1024x440.jpg 1024w, https:\/\/www.juntadeandalucia.es\/aaiicc\/centroandaluzdelafotografia\/wp-content\/uploads\/2026\/04\/08-NARRATIVAS-Agenda-Cultural-Andalucia-768x330.jpg 768w\" sizes=\"auto, (max-width: 1280px) 100vw, 1280px\" \/><\/a><\/figure>\n\n<h2 class=\"wp-block-post-title has-x-large-font-size\"><a href=\"https:\/\/www.juntadeandalucia.es\/aaiicc\/centroandaluzdelafotografia\/actividad\/narrativas-hibridas-de-la-fotografia-a-la-novela-grafica\/\" target=\"_self\" >Narrativas h\u00edbridas. De la fotograf\u00eda a la novela gr\u00e1fica.<\/a><\/h2>\n\n\n<div class=\"wp-block-group is-nowrap is-layout-flex wp-container-core-group-is-layout-3a88641f wp-block-group-is-layout-flex\">\n<div class=\"wp-block-font-awesome-icon wp-font-awesome-icon\"><svg aria-hidden=\"true\" focusable=\"false\" data-prefix=\"fas\" data-icon=\"calendar-days\" class=\"svg-inline--fa fa-calendar-days \" role=\"img\" xmlns=\"http:\/\/www.w3.org\/2000\/svg\" viewBox=\"0 0 448 512\"><path fill=\"currentColor\" d=\"M128 0c17.7 0 32 14.3 32 32l0 32 128 0 0-32c0-17.7 14.3-32 32-32s32 14.3 32 32l0 32 32 0c35.3 0 64 28.7 64 64l0 288c0 35.3-28.7 64-64 64L64 480c-35.3 0-64-28.7-64-64L0 128C0 92.7 28.7 64 64 64l32 0 0-32c0-17.7 14.3-32 32-32zM64 240l0 32c0 8.8 7.2 16 16 16l32 0c8.8 0 16-7.2 16-16l0-32c0-8.8-7.2-16-16-16l-32 0c-8.8 0-16 7.2-16 16zm128 0l0 32c0 8.8 7.2 16 16 16l32 0c8.8 0 16-7.2 16-16l0-32c0-8.8-7.2-16-16-16l-32 0c-8.8 0-16 7.2-16 16zm144-16c-8.8 0-16 7.2-16 16l0 32c0 8.8 7.2 16 16 16l32 0c8.8 0 16-7.2 16-16l0-32c0-8.8-7.2-16-16-16l-32 0zM64 368l0 32c0 8.8 7.2 16 16 16l32 0c8.8 0 16-7.2 16-16l0-32c0-8.8-7.2-16-16-16l-32 0c-8.8 0-16 7.2-16 16zm144-16c-8.8 0-16 7.2-16 16l0 32c0 8.8 7.2 16 16 16l32 0c8.8 0 16-7.2 16-16l0-32c0-8.8-7.2-16-16-16l-32 0zm112 16l0 32c0 8.8 7.2 16 16 16l32 0c8.8 0 16-7.2 16-16l0-32c0-8.8-7.2-16-16-16l-32 0c-8.8 0-16 7.2-16 16z\"><\/path><\/svg><\/div>\n\n\n<div class=\"wp-block-post-date has-small-font-size wp-block-pods-pods-block-single\">07\/05\/2026\n\n        a 08\/05\/2026\n    <\/div><\/div>\n\n\n<div class=\"wp-block-post-excerpt\"><p class=\"wp-block-post-excerpt__excerpt\">El Centro Nacional de Fotograf\u00eda y el Centro Andaluz de la Fotograf\u00eda organizan las primeras jornadas dedicadas al c\u00f3mic y la fotograf\u00eda con el t\u00edtulo \u00abNARRATIVAS H\u00cdBRIDAS: DE LA FOTOGRAF\u00cdA A LA NOVELA GR\u00c1FICA\u00bb. La actividad tendr\u00e1 lugar los d\u00edas 7 y 8 de mayo en la sede del Centro Andaluz de la Fotograf\u00eda en&hellip;<\/p><p class=\"wp-block-post-excerpt__more-text\"><a class=\"wp-block-post-excerpt__more-link\" href=\"https:\/\/www.juntadeandalucia.es\/aaiicc\/centroandaluzdelafotografia\/actividad\/narrativas-hibridas-de-la-fotografia-a-la-novela-grafica\/\">M\u00e1s info<\/a><\/p><\/div><\/div>\n\n<\/li><li class=\"wp-block-post post-1175 actividad type-actividad status-publish has-post-thumbnail hentry\">\n\n<div class=\"wp-block-group alignfull has-global-padding is-layout-constrained wp-block-group-is-layout-constrained\" style=\"padding-top:var(--wp--preset--spacing--60);padding-bottom:var(--wp--preset--spacing--60)\"><figure style=\"aspect-ratio:3\/2\" class=\"wp-block-post-featured-image\"><a href=\"https:\/\/www.juntadeandalucia.es\/aaiicc\/centroandaluzdelafotografia\/actividad\/dialogos-caf-encuentro-entre-ricardo-martin-y-cristobal-manuel-sanchez\/\" target=\"_self\"  ><img loading=\"lazy\" decoding=\"async\" width=\"1280\" height=\"480\" src=\"https:\/\/www.juntadeandalucia.es\/aaiicc\/centroandaluzdelafotografia\/wp-content\/uploads\/2026\/04\/05-R_MARTIN-C_MANUEL-Web-Agencia.jpg\" class=\"attachment-post-thumbnail size-post-thumbnail wp-post-image\" alt=\"Di\u00e1logos CAF. Encuentro entre Ricardo Mart\u00edn y Crist\u00f3bal Manuel S\u00e1nchez.\" style=\"width:100%;height:100%;object-fit:cover;\" srcset=\"https:\/\/www.juntadeandalucia.es\/aaiicc\/centroandaluzdelafotografia\/wp-content\/uploads\/2026\/04\/05-R_MARTIN-C_MANUEL-Web-Agencia.jpg 1280w, https:\/\/www.juntadeandalucia.es\/aaiicc\/centroandaluzdelafotografia\/wp-content\/uploads\/2026\/04\/05-R_MARTIN-C_MANUEL-Web-Agencia-300x113.jpg 300w, https:\/\/www.juntadeandalucia.es\/aaiicc\/centroandaluzdelafotografia\/wp-content\/uploads\/2026\/04\/05-R_MARTIN-C_MANUEL-Web-Agencia-1024x384.jpg 1024w, https:\/\/www.juntadeandalucia.es\/aaiicc\/centroandaluzdelafotografia\/wp-content\/uploads\/2026\/04\/05-R_MARTIN-C_MANUEL-Web-Agencia-768x288.jpg 768w\" sizes=\"auto, (max-width: 1280px) 100vw, 1280px\" \/><\/a><\/figure>\n\n<h2 class=\"wp-block-post-title has-x-large-font-size\"><a href=\"https:\/\/www.juntadeandalucia.es\/aaiicc\/centroandaluzdelafotografia\/actividad\/dialogos-caf-encuentro-entre-ricardo-martin-y-cristobal-manuel-sanchez\/\" target=\"_self\" >Di\u00e1logos CAF. Encuentro entre Ricardo Mart\u00edn y Crist\u00f3bal Manuel S\u00e1nchez.<\/a><\/h2>\n\n\n<div class=\"wp-block-group is-nowrap is-layout-flex wp-container-core-group-is-layout-3a88641f wp-block-group-is-layout-flex\">\n<div class=\"wp-block-font-awesome-icon wp-font-awesome-icon\"><svg aria-hidden=\"true\" focusable=\"false\" data-prefix=\"fas\" data-icon=\"calendar-days\" class=\"svg-inline--fa fa-calendar-days \" role=\"img\" xmlns=\"http:\/\/www.w3.org\/2000\/svg\" viewBox=\"0 0 448 512\"><path fill=\"currentColor\" d=\"M128 0c17.7 0 32 14.3 32 32l0 32 128 0 0-32c0-17.7 14.3-32 32-32s32 14.3 32 32l0 32 32 0c35.3 0 64 28.7 64 64l0 288c0 35.3-28.7 64-64 64L64 480c-35.3 0-64-28.7-64-64L0 128C0 92.7 28.7 64 64 64l32 0 0-32c0-17.7 14.3-32 32-32zM64 240l0 32c0 8.8 7.2 16 16 16l32 0c8.8 0 16-7.2 16-16l0-32c0-8.8-7.2-16-16-16l-32 0c-8.8 0-16 7.2-16 16zm128 0l0 32c0 8.8 7.2 16 16 16l32 0c8.8 0 16-7.2 16-16l0-32c0-8.8-7.2-16-16-16l-32 0c-8.8 0-16 7.2-16 16zm144-16c-8.8 0-16 7.2-16 16l0 32c0 8.8 7.2 16 16 16l32 0c8.8 0 16-7.2 16-16l0-32c0-8.8-7.2-16-16-16l-32 0zM64 368l0 32c0 8.8 7.2 16 16 16l32 0c8.8 0 16-7.2 16-16l0-32c0-8.8-7.2-16-16-16l-32 0c-8.8 0-16 7.2-16 16zm144-16c-8.8 0-16 7.2-16 16l0 32c0 8.8 7.2 16 16 16l32 0c8.8 0 16-7.2 16-16l0-32c0-8.8-7.2-16-16-16l-32 0zm112 16l0 32c0 8.8 7.2 16 16 16l32 0c8.8 0 16-7.2 16-16l0-32c0-8.8-7.2-16-16-16l-32 0c-8.8 0-16 7.2-16 16z\"><\/path><\/svg><\/div>\n\n\n<div class=\"wp-block-post-date has-small-font-size wp-block-pods-pods-block-single\">25\/04\/2026\n\n        a 25\/04\/2026\n    <\/div><\/div>\n\n\n<div class=\"wp-block-post-excerpt\"><p class=\"wp-block-post-excerpt__excerpt\">Un di\u00e1logo entre Ricardo Mart\u00edn, cuya exposici\u00f3n Sostener la mirada, se puede ver en la Torre del Homenaje, La Alcazaba de Almer\u00eda y Crist\u00f3bal Manuel S\u00e1nchez que inaugura su exposici\u00f3n ma\u00f1ana, 24 de abril en la sala Jorge Rueda del CAF.<\/p><p class=\"wp-block-post-excerpt__more-text\"><a class=\"wp-block-post-excerpt__more-link\" href=\"https:\/\/www.juntadeandalucia.es\/aaiicc\/centroandaluzdelafotografia\/actividad\/dialogos-caf-encuentro-entre-ricardo-martin-y-cristobal-manuel-sanchez\/\">M\u00e1s info<\/a><\/p><\/div><\/div>\n\n<\/li><\/ul>\n\n\n<div class=\"wp-block-group has-global-padding is-layout-constrained wp-block-group-is-layout-constrained\" style=\"padding-top:var(--wp--preset--spacing--60);padding-bottom:var(--wp--preset--spacing--60)\"><\/div>\n\n\n\n<div class=\"wp-block-group alignwide has-global-padding is-layout-constrained wp-block-group-is-layout-constrained\"><nav class=\"alignwide wp-block-query-pagination is-content-justification-space-between is-layout-flex wp-container-core-query-pagination-is-layout-4dea2dca wp-block-query-pagination-is-layout-flex\" aria-label=\"Paginaci\u00f3n\">\n\n\n<div class=\"wp-block-query-pagination-numbers\"><span aria-current=\"page\" class=\"page-numbers current\">1<\/span>\n<a class=\"page-numbers\" href=\"?query-13-page=2\">2<\/a>\n<a class=\"page-numbers\" href=\"?query-13-page=3\">3<\/a><\/div>\n\n<a href=\"\/aaiicc\/centroandaluzdelafotografia\/wp-json\/wp\/v2\/pages\/157?query-13-page=2\" class=\"wp-block-query-pagination-next\">P\u00e1gina siguiente<span class='wp-block-query-pagination-next-arrow is-arrow-arrow' aria-hidden='true'>\u2192<\/span><\/a>\n<\/nav><\/div>\n<\/div>\n","protected":false},"excerpt":{"rendered":"","protected":false},"author":1,"featured_media":0,"parent":0,"menu_order":0,"comment_status":"closed","ping_status":"closed","template":"","meta":{"footnotes":""},"class_list":["post-157","page","type-page","status-publish","hentry"],"_links":{"self":[{"href":"https:\/\/www.juntadeandalucia.es\/aaiicc\/centroandaluzdelafotografia\/wp-json\/wp\/v2\/pages\/157","targetHints":{"allow":["GET"]}}],"collection":[{"href":"https:\/\/www.juntadeandalucia.es\/aaiicc\/centroandaluzdelafotografia\/wp-json\/wp\/v2\/pages"}],"about":[{"href":"https:\/\/www.juntadeandalucia.es\/aaiicc\/centroandaluzdelafotografia\/wp-json\/wp\/v2\/types\/page"}],"author":[{"embeddable":true,"href":"https:\/\/www.juntadeandalucia.es\/aaiicc\/centroandaluzdelafotografia\/wp-json\/wp\/v2\/users\/1"}],"replies":[{"embeddable":true,"href":"https:\/\/www.juntadeandalucia.es\/aaiicc\/centroandaluzdelafotografia\/wp-json\/wp\/v2\/comments?post=157"}],"version-history":[{"count":10,"href":"https:\/\/www.juntadeandalucia.es\/aaiicc\/centroandaluzdelafotografia\/wp-json\/wp\/v2\/pages\/157\/revisions"}],"predecessor-version":[{"id":839,"href":"https:\/\/www.juntadeandalucia.es\/aaiicc\/centroandaluzdelafotografia\/wp-json\/wp\/v2\/pages\/157\/revisions\/839"}],"wp:attachment":[{"href":"https:\/\/www.juntadeandalucia.es\/aaiicc\/centroandaluzdelafotografia\/wp-json\/wp\/v2\/media?parent=157"}],"curies":[{"name":"wp","href":"https:\/\/api.w.org\/{rel}","templated":true}]}}