{"id":40,"date":"2026-02-06T12:09:07","date_gmt":"2026-02-06T11:09:07","guid":{"rendered":"https:\/\/www.juntadeandalucia.es\/aaiicc\/centroandaluzdelafotografia\/inicio\/"},"modified":"2026-07-08T13:08:21","modified_gmt":"2026-07-08T11:08:21","slug":"inicio","status":"publish","type":"page","link":"https:\/\/www.juntadeandalucia.es\/aaiicc\/centroandaluzdelafotografia\/","title":{"rendered":"Inicio"},"content":{"rendered":"\n<div class=\"wp-block-query alignwide bucle_exposiciones_portada is-layout-flow wp-block-query-is-layout-flow\">\n<div class=\"wp-block-group is-layout-flow wp-block-group-is-layout-flow\"><\/div>\n\n\n\n<div class=\"wp-block-group is-layout-flow wp-block-group-is-layout-flow\" style=\"padding-top:var(--wp--preset--spacing--50);padding-bottom:var(--wp--preset--spacing--50)\">\n<h2 class=\"wp-block-heading is-style-text-subtitle quitar-text-decoration has-x-large-font-size is-style-text-subtitle--1\"><a href=\"https:\/\/internet.aaiicc.junta-andalucia.es\/aaiicc\/centroandaluzdelafotografia\/exposiciones\/\" data-type=\"page\" data-id=\"43\">Exposiciones<\/a><\/h2>\n\n\n<ul class=\"columns-3 wp-block-post-template is-layout-grid wp-container-core-post-template-is-layout-c0c1a110 wp-block-post-template-is-layout-grid\"><li class=\"wp-block-post post-1567 exposicion type-exposicion status-publish has-post-thumbnail hentry category-exposiciones category-fotografia tag-andalucia tag-artes-visuales tag-caf tag-paisajes\">\n<figure style=\"aspect-ratio:1\" class=\"wp-block-post-featured-image\"><a href=\"https:\/\/www.juntadeandalucia.es\/aaiicc\/centroandaluzdelafotografia\/exposicion\/proximamente-mision-andalucia-en-cordoba\/\" target=\"_self\"  ><img loading=\"lazy\" decoding=\"async\" width=\"2250\" height=\"1500\" src=\"https:\/\/www.juntadeandalucia.es\/aaiicc\/centroandaluzdelafotografia\/wp-content\/uploads\/2026\/08\/LL_00308-LOW_182cat.jpg\" class=\"attachment-post-thumbnail size-post-thumbnail wp-post-image\" alt=\"PR\u00d3XIMAMENTE &#8211; Misi\u00f3n Andaluc\u00eda en C\u00f3rdoba\" style=\"width:100%;height:100%;object-fit:cover;\" srcset=\"https:\/\/www.juntadeandalucia.es\/aaiicc\/centroandaluzdelafotografia\/wp-content\/uploads\/2026\/08\/LL_00308-LOW_182cat.jpg 2250w, https:\/\/www.juntadeandalucia.es\/aaiicc\/centroandaluzdelafotografia\/wp-content\/uploads\/2026\/08\/LL_00308-LOW_182cat-300x200.jpg 300w, https:\/\/www.juntadeandalucia.es\/aaiicc\/centroandaluzdelafotografia\/wp-content\/uploads\/2026\/08\/LL_00308-LOW_182cat-1024x683.jpg 1024w, https:\/\/www.juntadeandalucia.es\/aaiicc\/centroandaluzdelafotografia\/wp-content\/uploads\/2026\/08\/LL_00308-LOW_182cat-768x512.jpg 768w, https:\/\/www.juntadeandalucia.es\/aaiicc\/centroandaluzdelafotografia\/wp-content\/uploads\/2026\/08\/LL_00308-LOW_182cat-1536x1024.jpg 1536w, https:\/\/www.juntadeandalucia.es\/aaiicc\/centroandaluzdelafotografia\/wp-content\/uploads\/2026\/08\/LL_00308-LOW_182cat-2048x1365.jpg 2048w\" sizes=\"auto, (max-width: 2250px) 100vw, 2250px\" \/><\/a><\/figure>\n\n<h2 class=\"wp-block-post-title\"><a href=\"https:\/\/www.juntadeandalucia.es\/aaiicc\/centroandaluzdelafotografia\/exposicion\/proximamente-mision-andalucia-en-cordoba\/\" target=\"_self\" >PR\u00d3XIMAMENTE &#8211; Misi\u00f3n Andaluc\u00eda en C\u00f3rdoba<\/a><\/h2>\n\n\n<div class=\"wp-block-group has-global-padding is-layout-constrained wp-block-group-is-layout-constrained\">\n<div class=\"wp-block-group is-nowrap is-layout-flex wp-container-core-group-is-layout-d0653401 wp-block-group-is-layout-flex\" style=\"padding-right:0;padding-left:0\">\n<div class=\"wp-block-font-awesome-icon wp-font-awesome-icon\"><svg aria-hidden=\"true\" focusable=\"false\" data-prefix=\"far\" data-icon=\"calendar-days\" class=\"svg-inline--fa fa-calendar-days \" role=\"img\" xmlns=\"http:\/\/www.w3.org\/2000\/svg\" viewBox=\"0 0 448 512\"><path fill=\"currentColor\" d=\"M120 0c13.3 0 24 10.7 24 24l0 40 160 0 0-40c0-13.3 10.7-24 24-24s24 10.7 24 24l0 40 32 0c35.3 0 64 28.7 64 64l0 288c0 35.3-28.7 64-64 64L64 480c-35.3 0-64-28.7-64-64L0 128C0 92.7 28.7 64 64 64l32 0 0-40c0-13.3 10.7-24 24-24zM384 432c8.8 0 16-7.2 16-16l0-64-88 0 0 80 72 0zm16-128l0-80-88 0 0 80 88 0zm-136 0l0-80-80 0 0 80 80 0zm-128 0l0-80-88 0 0 80 88 0zM48 352l0 64c0 8.8 7.2 16 16 16l72 0 0-80-88 0zm136 0l0 80 80 0 0-80-80 0zM120 112l-56 0c-8.8 0-16 7.2-16 16l0 48 352 0 0-48c0-8.8-7.2-16-16-16l-264 0z\"><\/path><\/svg><\/div>\n\n\n<div class=\"wp-block-post-date has-small-font-size wp-block-pods-pods-block-single\">15\/09\/2026\n\n        a 15\/11\/2026\n    <\/div><\/div>\n<\/div>\n\n\n<div class=\"wp-block-post-excerpt\"><p class=\"wp-block-post-excerpt__excerpt\">Ocho miradas contempor\u00e1neas sobre el paisaje andaluz a trav\u00e9s de 129 fotograf\u00edas realizadas en m\u00e1s de cuarenta enclaves naturales de la comunidad.<\/p><p class=\"wp-block-post-excerpt__more-text\"><a class=\"wp-block-post-excerpt__more-link\" href=\"https:\/\/www.juntadeandalucia.es\/aaiicc\/centroandaluzdelafotografia\/exposicion\/proximamente-mision-andalucia-en-cordoba\/\">M\u00e1s info<\/a><\/p><\/div>\n<\/li><li class=\"wp-block-post post-1564 exposicion type-exposicion status-publish has-post-thumbnail hentry category-almeria category-exposiciones category-fotografia tag-artes-visuales tag-fotoperiodismo tag-paisaje tag-retrato tag-sala-afal\">\n<figure style=\"aspect-ratio:1\" class=\"wp-block-post-featured-image\"><a href=\"https:\/\/www.juntadeandalucia.es\/aaiicc\/centroandaluzdelafotografia\/exposicion\/proximamente-tierra-tomada\/\" target=\"_self\"  ><img loading=\"lazy\" decoding=\"async\" width=\"2184\" height=\"1456\" src=\"https:\/\/www.juntadeandalucia.es\/aaiicc\/centroandaluzdelafotografia\/wp-content\/uploads\/2026\/08\/2011-EXPO.AgostoIMG_9303.-RETOCADA.jpg\" class=\"attachment-post-thumbnail size-post-thumbnail wp-post-image\" alt=\"PR\u00d3XIMAMENTE &#8211; Tierra tomada\" style=\"width:100%;height:100%;object-fit:cover;\" srcset=\"https:\/\/www.juntadeandalucia.es\/aaiicc\/centroandaluzdelafotografia\/wp-content\/uploads\/2026\/08\/2011-EXPO.AgostoIMG_9303.-RETOCADA.jpg 2184w, https:\/\/www.juntadeandalucia.es\/aaiicc\/centroandaluzdelafotografia\/wp-content\/uploads\/2026\/08\/2011-EXPO.AgostoIMG_9303.-RETOCADA-300x200.jpg 300w, https:\/\/www.juntadeandalucia.es\/aaiicc\/centroandaluzdelafotografia\/wp-content\/uploads\/2026\/08\/2011-EXPO.AgostoIMG_9303.-RETOCADA-1024x683.jpg 1024w, https:\/\/www.juntadeandalucia.es\/aaiicc\/centroandaluzdelafotografia\/wp-content\/uploads\/2026\/08\/2011-EXPO.AgostoIMG_9303.-RETOCADA-768x512.jpg 768w, https:\/\/www.juntadeandalucia.es\/aaiicc\/centroandaluzdelafotografia\/wp-content\/uploads\/2026\/08\/2011-EXPO.AgostoIMG_9303.-RETOCADA-1536x1024.jpg 1536w, https:\/\/www.juntadeandalucia.es\/aaiicc\/centroandaluzdelafotografia\/wp-content\/uploads\/2026\/08\/2011-EXPO.AgostoIMG_9303.-RETOCADA-2048x1365.jpg 2048w\" sizes=\"auto, (max-width: 2184px) 100vw, 2184px\" \/><\/a><\/figure>\n\n<h2 class=\"wp-block-post-title\"><a href=\"https:\/\/www.juntadeandalucia.es\/aaiicc\/centroandaluzdelafotografia\/exposicion\/proximamente-tierra-tomada\/\" target=\"_self\" >PR\u00d3XIMAMENTE &#8211; Tierra tomada<\/a><\/h2>\n\n\n<div class=\"wp-block-group has-global-padding is-layout-constrained wp-block-group-is-layout-constrained\">\n<div class=\"wp-block-group is-nowrap is-layout-flex wp-container-core-group-is-layout-d0653401 wp-block-group-is-layout-flex\" style=\"padding-right:0;padding-left:0\">\n<div class=\"wp-block-font-awesome-icon wp-font-awesome-icon\"><svg aria-hidden=\"true\" focusable=\"false\" data-prefix=\"far\" data-icon=\"calendar-days\" class=\"svg-inline--fa fa-calendar-days \" role=\"img\" xmlns=\"http:\/\/www.w3.org\/2000\/svg\" viewBox=\"0 0 448 512\"><path fill=\"currentColor\" d=\"M120 0c13.3 0 24 10.7 24 24l0 40 160 0 0-40c0-13.3 10.7-24 24-24s24 10.7 24 24l0 40 32 0c35.3 0 64 28.7 64 64l0 288c0 35.3-28.7 64-64 64L64 480c-35.3 0-64-28.7-64-64L0 128C0 92.7 28.7 64 64 64l32 0 0-40c0-13.3 10.7-24 24-24zM384 432c8.8 0 16-7.2 16-16l0-64-88 0 0 80 72 0zm16-128l0-80-88 0 0 80 88 0zm-136 0l0-80-80 0 0 80 80 0zm-128 0l0-80-88 0 0 80 88 0zM48 352l0 64c0 8.8 7.2 16 16 16l72 0 0-80-88 0zm136 0l0 80 80 0 0-80-80 0zM120 112l-56 0c-8.8 0-16 7.2-16 16l0 48 352 0 0-48c0-8.8-7.2-16-16-16l-264 0z\"><\/path><\/svg><\/div>\n\n\n<div class=\"wp-block-post-date has-small-font-size wp-block-pods-pods-block-single\">19\/09\/2026\n\n        a 05\/01\/2027\n    <\/div><\/div>\n<\/div>\n\n\n<div class=\"wp-block-post-excerpt\"><p class=\"wp-block-post-excerpt__excerpt\">El fot\u00f3grafo Juan Manuel D\u00edaz Burgos presenta \u00abTierra tomada\u00bb, un proyecto desarrollado a lo largo de dos d\u00e9cadas en torno al nacimiento y evoluci\u00f3n de un barrio de Puerto Plata, en la Rep\u00fablica Dominicana. A trav\u00e9s de la fotograf\u00eda, el autor se acerca a sus habitantes, sus espacios y sus historias de vida para construir&hellip;<\/p><p class=\"wp-block-post-excerpt__more-text\"><a class=\"wp-block-post-excerpt__more-link\" href=\"https:\/\/www.juntadeandalucia.es\/aaiicc\/centroandaluzdelafotografia\/exposicion\/proximamente-tierra-tomada\/\">M\u00e1s info<\/a><\/p><\/div>\n<\/li><li class=\"wp-block-post post-1572 exposicion type-exposicion status-publish has-post-thumbnail hentry category-almeria category-exposiciones category-fotografia tag-artes-visuales tag-fotoperiodismo tag-retrato tag-sala-imagina\">\n<figure style=\"aspect-ratio:1\" class=\"wp-block-post-featured-image\"><a href=\"https:\/\/www.juntadeandalucia.es\/aaiicc\/centroandaluzdelafotografia\/exposicion\/proximamente-las-curvas-de-la-mente\/\" target=\"_self\"  ><img loading=\"lazy\" decoding=\"async\" width=\"1600\" height=\"1067\" src=\"https:\/\/www.juntadeandalucia.es\/aaiicc\/centroandaluzdelafotografia\/wp-content\/uploads\/2026\/08\/curvas_de_la_mente_nuria_lopez_torres08.jpg\" class=\"attachment-post-thumbnail size-post-thumbnail wp-post-image\" alt=\"PR\u00d3XIMAMENTE &#8211; Las curvas de la mente\" style=\"width:100%;height:100%;object-fit:cover;\" srcset=\"https:\/\/www.juntadeandalucia.es\/aaiicc\/centroandaluzdelafotografia\/wp-content\/uploads\/2026\/08\/curvas_de_la_mente_nuria_lopez_torres08.jpg 1600w, https:\/\/www.juntadeandalucia.es\/aaiicc\/centroandaluzdelafotografia\/wp-content\/uploads\/2026\/08\/curvas_de_la_mente_nuria_lopez_torres08-300x200.jpg 300w, https:\/\/www.juntadeandalucia.es\/aaiicc\/centroandaluzdelafotografia\/wp-content\/uploads\/2026\/08\/curvas_de_la_mente_nuria_lopez_torres08-1024x683.jpg 1024w, https:\/\/www.juntadeandalucia.es\/aaiicc\/centroandaluzdelafotografia\/wp-content\/uploads\/2026\/08\/curvas_de_la_mente_nuria_lopez_torres08-768x512.jpg 768w, https:\/\/www.juntadeandalucia.es\/aaiicc\/centroandaluzdelafotografia\/wp-content\/uploads\/2026\/08\/curvas_de_la_mente_nuria_lopez_torres08-1536x1024.jpg 1536w\" sizes=\"auto, (max-width: 1600px) 100vw, 1600px\" \/><\/a><\/figure>\n\n<h2 class=\"wp-block-post-title\"><a href=\"https:\/\/www.juntadeandalucia.es\/aaiicc\/centroandaluzdelafotografia\/exposicion\/proximamente-las-curvas-de-la-mente\/\" target=\"_self\" >PR\u00d3XIMAMENTE &#8211; Las curvas de la mente<\/a><\/h2>\n\n\n<div class=\"wp-block-group has-global-padding is-layout-constrained wp-block-group-is-layout-constrained\">\n<div class=\"wp-block-group is-nowrap is-layout-flex wp-container-core-group-is-layout-d0653401 wp-block-group-is-layout-flex\" style=\"padding-right:0;padding-left:0\">\n<div class=\"wp-block-font-awesome-icon wp-font-awesome-icon\"><svg aria-hidden=\"true\" focusable=\"false\" data-prefix=\"far\" data-icon=\"calendar-days\" class=\"svg-inline--fa fa-calendar-days \" role=\"img\" xmlns=\"http:\/\/www.w3.org\/2000\/svg\" viewBox=\"0 0 448 512\"><path fill=\"currentColor\" d=\"M120 0c13.3 0 24 10.7 24 24l0 40 160 0 0-40c0-13.3 10.7-24 24-24s24 10.7 24 24l0 40 32 0c35.3 0 64 28.7 64 64l0 288c0 35.3-28.7 64-64 64L64 480c-35.3 0-64-28.7-64-64L0 128C0 92.7 28.7 64 64 64l32 0 0-40c0-13.3 10.7-24 24-24zM384 432c8.8 0 16-7.2 16-16l0-64-88 0 0 80 72 0zm16-128l0-80-88 0 0 80 88 0zm-136 0l0-80-80 0 0 80 80 0zm-128 0l0-80-88 0 0 80 88 0zM48 352l0 64c0 8.8 7.2 16 16 16l72 0 0-80-88 0zm136 0l0 80 80 0 0-80-80 0zM120 112l-56 0c-8.8 0-16 7.2-16 16l0 48 352 0 0-48c0-8.8-7.2-16-16-16l-264 0z\"><\/path><\/svg><\/div>\n\n\n<div class=\"wp-block-post-date has-small-font-size wp-block-pods-pods-block-single\">10\/10\/2026\n\n        a 24\/01\/2027\n    <\/div><\/div>\n<\/div>\n\n\n<div class=\"wp-block-post-excerpt\"><p class=\"wp-block-post-excerpt__excerpt\">La fot\u00f3grafa Nuria L\u00f3pez Torres presenta \u00abLas curvas de la mente\u00bb, un proyecto documental que aborda la realidad de la salud mental en Espa\u00f1a a trav\u00e9s de las experiencias y testimonios de quienes la viven de cerca. La autora combina fotograf\u00eda y voces de profesionales y especialistas para construir un relato que busca visibilizar estas&hellip;<\/p><p class=\"wp-block-post-excerpt__more-text\"><a class=\"wp-block-post-excerpt__more-link\" href=\"https:\/\/www.juntadeandalucia.es\/aaiicc\/centroandaluzdelafotografia\/exposicion\/proximamente-las-curvas-de-la-mente\/\">M\u00e1s info<\/a><\/p><\/div>\n<\/li><li class=\"wp-block-post post-1299 exposicion type-exposicion status-publish has-post-thumbnail hentry category-almeria category-exposiciones category-fotografia tag-artes-visuales tag-fotoperiodismo tag-paisaje tag-retrato tag-sala-afal\">\n<figure style=\"aspect-ratio:1\" class=\"wp-block-post-featured-image\"><a href=\"https:\/\/www.juntadeandalucia.es\/aaiicc\/centroandaluzdelafotografia\/exposicion\/la-bestia-isabel-munoz\/\" target=\"_self\"  ><img loading=\"lazy\" decoding=\"async\" width=\"2560\" height=\"1707\" src=\"https:\/\/www.juntadeandalucia.es\/aaiicc\/centroandaluzdelafotografia\/wp-content\/uploads\/2026\/06\/MEX5950_BN-scaled.jpg\" class=\"attachment-post-thumbnail size-post-thumbnail wp-post-image\" alt=\"La Bestia\" style=\"width:100%;height:100%;object-fit:cover;\" srcset=\"https:\/\/www.juntadeandalucia.es\/aaiicc\/centroandaluzdelafotografia\/wp-content\/uploads\/2026\/06\/MEX5950_BN-scaled.jpg 2560w, https:\/\/www.juntadeandalucia.es\/aaiicc\/centroandaluzdelafotografia\/wp-content\/uploads\/2026\/06\/MEX5950_BN-300x200.jpg 300w, https:\/\/www.juntadeandalucia.es\/aaiicc\/centroandaluzdelafotografia\/wp-content\/uploads\/2026\/06\/MEX5950_BN-1024x683.jpg 1024w, https:\/\/www.juntadeandalucia.es\/aaiicc\/centroandaluzdelafotografia\/wp-content\/uploads\/2026\/06\/MEX5950_BN-768x512.jpg 768w, https:\/\/www.juntadeandalucia.es\/aaiicc\/centroandaluzdelafotografia\/wp-content\/uploads\/2026\/06\/MEX5950_BN-1536x1024.jpg 1536w, https:\/\/www.juntadeandalucia.es\/aaiicc\/centroandaluzdelafotografia\/wp-content\/uploads\/2026\/06\/MEX5950_BN-2048x1365.jpg 2048w\" sizes=\"auto, (max-width: 2560px) 100vw, 2560px\" \/><\/a><\/figure>\n\n<h2 class=\"wp-block-post-title\"><a href=\"https:\/\/www.juntadeandalucia.es\/aaiicc\/centroandaluzdelafotografia\/exposicion\/la-bestia-isabel-munoz\/\" target=\"_self\" >La Bestia<\/a><\/h2>\n\n\n<div class=\"wp-block-group has-global-padding is-layout-constrained wp-block-group-is-layout-constrained\">\n<div class=\"wp-block-group is-nowrap is-layout-flex wp-container-core-group-is-layout-d0653401 wp-block-group-is-layout-flex\" style=\"padding-right:0;padding-left:0\">\n<div class=\"wp-block-font-awesome-icon wp-font-awesome-icon\"><svg aria-hidden=\"true\" focusable=\"false\" data-prefix=\"far\" data-icon=\"calendar-days\" class=\"svg-inline--fa fa-calendar-days \" role=\"img\" xmlns=\"http:\/\/www.w3.org\/2000\/svg\" viewBox=\"0 0 448 512\"><path fill=\"currentColor\" d=\"M120 0c13.3 0 24 10.7 24 24l0 40 160 0 0-40c0-13.3 10.7-24 24-24s24 10.7 24 24l0 40 32 0c35.3 0 64 28.7 64 64l0 288c0 35.3-28.7 64-64 64L64 480c-35.3 0-64-28.7-64-64L0 128C0 92.7 28.7 64 64 64l32 0 0-40c0-13.3 10.7-24 24-24zM384 432c8.8 0 16-7.2 16-16l0-64-88 0 0 80 72 0zm16-128l0-80-88 0 0 80 88 0zm-136 0l0-80-80 0 0 80 80 0zm-128 0l0-80-88 0 0 80 88 0zM48 352l0 64c0 8.8 7.2 16 16 16l72 0 0-80-88 0zm136 0l0 80 80 0 0-80-80 0zM120 112l-56 0c-8.8 0-16 7.2-16 16l0 48 352 0 0-48c0-8.8-7.2-16-16-16l-264 0z\"><\/path><\/svg><\/div>\n\n\n<div class=\"wp-block-post-date has-small-font-size wp-block-pods-pods-block-single\">06\/06\/2026\n\n        a 06\/09\/2026\n    <\/div><\/div>\n<\/div>\n\n\n<div class=\"wp-block-post-excerpt\"><p class=\"wp-block-post-excerpt__excerpt\">La Premio Nacional de Fotograf\u00eda 2016 y doble ganadora del World Press Photo, Isabel Mu\u00f1oz, re\u00fane en este trabajo una mirada profunda sobre el drama migratorio contempor\u00e1neo que tiene lugar en el trayecto del tren de mercanc\u00edas que atraviesa M\u00e9xico rumbo a Estados Unidos.<\/p><p class=\"wp-block-post-excerpt__more-text\"><a class=\"wp-block-post-excerpt__more-link\" href=\"https:\/\/www.juntadeandalucia.es\/aaiicc\/centroandaluzdelafotografia\/exposicion\/la-bestia-isabel-munoz\/\">M\u00e1s info<\/a><\/p><\/div>\n<\/li><li class=\"wp-block-post post-1320 exposicion type-exposicion status-publish has-post-thumbnail hentry category-almeria category-exposiciones category-fotografia tag-artes-visuales tag-paisaje tag-retratos tag-sala-imagina\">\n<figure style=\"aspect-ratio:1\" class=\"wp-block-post-featured-image\"><a href=\"https:\/\/www.juntadeandalucia.es\/aaiicc\/centroandaluzdelafotografia\/exposicion\/un-feliz-desorden-del-tiempo\/\" target=\"_self\"  ><img loading=\"lazy\" decoding=\"async\" width=\"1024\" height=\"521\" src=\"https:\/\/www.juntadeandalucia.es\/aaiicc\/centroandaluzdelafotografia\/wp-content\/uploads\/2026\/06\/WebFotoP.jpg\" class=\"attachment-post-thumbnail size-post-thumbnail wp-post-image\" alt=\"Un feliz desorden del tiempo\" style=\"width:100%;height:100%;object-fit:cover;\" srcset=\"https:\/\/www.juntadeandalucia.es\/aaiicc\/centroandaluzdelafotografia\/wp-content\/uploads\/2026\/06\/WebFotoP.jpg 1024w, https:\/\/www.juntadeandalucia.es\/aaiicc\/centroandaluzdelafotografia\/wp-content\/uploads\/2026\/06\/WebFotoP-300x153.jpg 300w, https:\/\/www.juntadeandalucia.es\/aaiicc\/centroandaluzdelafotografia\/wp-content\/uploads\/2026\/06\/WebFotoP-768x391.jpg 768w\" sizes=\"auto, (max-width: 1024px) 100vw, 1024px\" \/><\/a><\/figure>\n\n<h2 class=\"wp-block-post-title\"><a href=\"https:\/\/www.juntadeandalucia.es\/aaiicc\/centroandaluzdelafotografia\/exposicion\/un-feliz-desorden-del-tiempo\/\" target=\"_self\" >Un feliz desorden del tiempo<\/a><\/h2>\n\n\n<div class=\"wp-block-group has-global-padding is-layout-constrained wp-block-group-is-layout-constrained\">\n<div class=\"wp-block-group is-nowrap is-layout-flex wp-container-core-group-is-layout-d0653401 wp-block-group-is-layout-flex\" style=\"padding-right:0;padding-left:0\">\n<div class=\"wp-block-font-awesome-icon wp-font-awesome-icon\"><svg aria-hidden=\"true\" focusable=\"false\" data-prefix=\"far\" data-icon=\"calendar-days\" class=\"svg-inline--fa fa-calendar-days \" role=\"img\" xmlns=\"http:\/\/www.w3.org\/2000\/svg\" viewBox=\"0 0 448 512\"><path fill=\"currentColor\" d=\"M120 0c13.3 0 24 10.7 24 24l0 40 160 0 0-40c0-13.3 10.7-24 24-24s24 10.7 24 24l0 40 32 0c35.3 0 64 28.7 64 64l0 288c0 35.3-28.7 64-64 64L64 480c-35.3 0-64-28.7-64-64L0 128C0 92.7 28.7 64 64 64l32 0 0-40c0-13.3 10.7-24 24-24zM384 432c8.8 0 16-7.2 16-16l0-64-88 0 0 80 72 0zm16-128l0-80-88 0 0 80 88 0zm-136 0l0-80-80 0 0 80 80 0zm-128 0l0-80-88 0 0 80 88 0zM48 352l0 64c0 8.8 7.2 16 16 16l72 0 0-80-88 0zm136 0l0 80 80 0 0-80-80 0zM120 112l-56 0c-8.8 0-16 7.2-16 16l0 48 352 0 0-48c0-8.8-7.2-16-16-16l-264 0z\"><\/path><\/svg><\/div>\n\n\n<div class=\"wp-block-post-date has-small-font-size wp-block-pods-pods-block-single\">20\/06\/2026\n\n        a 27\/09\/2026\n    <\/div><\/div>\n<\/div>\n\n\n<div class=\"wp-block-post-excerpt\"><p class=\"wp-block-post-excerpt__excerpt\">Rafael Trapiello cuestiona la construcci\u00f3n de la identidad nacional a trav\u00e9s de un enfoque visual rom\u00e1ntico y hace una relectura contempor\u00e1nea del patrimonio cultural mediterr\u00e1neo. Se inaugura el 19 de junio a las 20:00.<\/p><p class=\"wp-block-post-excerpt__more-text\"><a class=\"wp-block-post-excerpt__more-link\" href=\"https:\/\/www.juntadeandalucia.es\/aaiicc\/centroandaluzdelafotografia\/exposicion\/un-feliz-desorden-del-tiempo\/\">M\u00e1s info<\/a><\/p><\/div>\n<\/li><li class=\"wp-block-post post-1347 exposicion type-exposicion status-publish has-post-thumbnail hentry category-almeria category-exposiciones category-fotografia tag-paisaje tag-retratos tag-sala-jorge-rueda\">\n<figure style=\"aspect-ratio:1\" class=\"wp-block-post-featured-image\"><a href=\"https:\/\/www.juntadeandalucia.es\/aaiicc\/centroandaluzdelafotografia\/exposicion\/ejercicios-urbanos-antonio-jesus-garcia\/\" target=\"_self\"  ><img loading=\"lazy\" decoding=\"async\" width=\"2560\" height=\"1684\" src=\"https:\/\/www.juntadeandalucia.es\/aaiicc\/centroandaluzdelafotografia\/wp-content\/uploads\/2026\/06\/EJERCICIOS_URBANOS_Antonio_Jesus_Garcia_00-scaled.jpeg\" class=\"attachment-post-thumbnail size-post-thumbnail wp-post-image\" alt=\"Ejercicios urbanos\" style=\"width:100%;height:100%;object-fit:cover;\" srcset=\"https:\/\/www.juntadeandalucia.es\/aaiicc\/centroandaluzdelafotografia\/wp-content\/uploads\/2026\/06\/EJERCICIOS_URBANOS_Antonio_Jesus_Garcia_00-scaled.jpeg 2560w, https:\/\/www.juntadeandalucia.es\/aaiicc\/centroandaluzdelafotografia\/wp-content\/uploads\/2026\/06\/EJERCICIOS_URBANOS_Antonio_Jesus_Garcia_00-300x197.jpeg 300w, https:\/\/www.juntadeandalucia.es\/aaiicc\/centroandaluzdelafotografia\/wp-content\/uploads\/2026\/06\/EJERCICIOS_URBANOS_Antonio_Jesus_Garcia_00-1024x673.jpeg 1024w, https:\/\/www.juntadeandalucia.es\/aaiicc\/centroandaluzdelafotografia\/wp-content\/uploads\/2026\/06\/EJERCICIOS_URBANOS_Antonio_Jesus_Garcia_00-768x505.jpeg 768w, https:\/\/www.juntadeandalucia.es\/aaiicc\/centroandaluzdelafotografia\/wp-content\/uploads\/2026\/06\/EJERCICIOS_URBANOS_Antonio_Jesus_Garcia_00-1536x1010.jpeg 1536w, https:\/\/www.juntadeandalucia.es\/aaiicc\/centroandaluzdelafotografia\/wp-content\/uploads\/2026\/06\/EJERCICIOS_URBANOS_Antonio_Jesus_Garcia_00-2048x1347.jpeg 2048w\" sizes=\"auto, (max-width: 2560px) 100vw, 2560px\" \/><\/a><\/figure>\n\n<h2 class=\"wp-block-post-title\"><a href=\"https:\/\/www.juntadeandalucia.es\/aaiicc\/centroandaluzdelafotografia\/exposicion\/ejercicios-urbanos-antonio-jesus-garcia\/\" target=\"_self\" >Ejercicios urbanos<\/a><\/h2>\n\n\n<div class=\"wp-block-group has-global-padding is-layout-constrained wp-block-group-is-layout-constrained\">\n<div class=\"wp-block-group is-nowrap is-layout-flex wp-container-core-group-is-layout-d0653401 wp-block-group-is-layout-flex\" style=\"padding-right:0;padding-left:0\">\n<div class=\"wp-block-font-awesome-icon wp-font-awesome-icon\"><svg aria-hidden=\"true\" focusable=\"false\" data-prefix=\"far\" data-icon=\"calendar-days\" class=\"svg-inline--fa fa-calendar-days \" role=\"img\" xmlns=\"http:\/\/www.w3.org\/2000\/svg\" viewBox=\"0 0 448 512\"><path fill=\"currentColor\" d=\"M120 0c13.3 0 24 10.7 24 24l0 40 160 0 0-40c0-13.3 10.7-24 24-24s24 10.7 24 24l0 40 32 0c35.3 0 64 28.7 64 64l0 288c0 35.3-28.7 64-64 64L64 480c-35.3 0-64-28.7-64-64L0 128C0 92.7 28.7 64 64 64l32 0 0-40c0-13.3 10.7-24 24-24zM384 432c8.8 0 16-7.2 16-16l0-64-88 0 0 80 72 0zm16-128l0-80-88 0 0 80 88 0zm-136 0l0-80-80 0 0 80 80 0zm-128 0l0-80-88 0 0 80 88 0zM48 352l0 64c0 8.8 7.2 16 16 16l72 0 0-80-88 0zm136 0l0 80 80 0 0-80-80 0zM120 112l-56 0c-8.8 0-16 7.2-16 16l0 48 352 0 0-48c0-8.8-7.2-16-16-16l-264 0z\"><\/path><\/svg><\/div>\n\n\n<div class=\"wp-block-post-date has-small-font-size wp-block-pods-pods-block-single\">25\/06\/2026\n\n        a 27\/09\/2026\n    <\/div><\/div>\n<\/div>\n\n\n<div class=\"wp-block-post-excerpt\"><p class=\"wp-block-post-excerpt__excerpt\">Esta exposici\u00f3n es una exploraci\u00f3n de lo cotidiano donde lo aparentemente insignificante se convierte en relato abierto, invitando al espectador a completar lo que la imagen no muestra. Se podr\u00e1 ver en la Sala Jorge Rueda del CAF hasta el 27 de septiembre.<\/p><p class=\"wp-block-post-excerpt__more-text\"><a class=\"wp-block-post-excerpt__more-link\" href=\"https:\/\/www.juntadeandalucia.es\/aaiicc\/centroandaluzdelafotografia\/exposicion\/ejercicios-urbanos-antonio-jesus-garcia\/\">M\u00e1s info<\/a><\/p><\/div>\n<\/li><li class=\"wp-block-post post-1401 exposicion type-exposicion status-publish has-post-thumbnail hentry category-almeria category-exposiciones category-fotografia tag-artes-visuales tag-paisajes tag-sala-alcazaba\">\n<figure style=\"aspect-ratio:1\" class=\"wp-block-post-featured-image\"><a href=\"https:\/\/www.juntadeandalucia.es\/aaiicc\/centroandaluzdelafotografia\/exposicion\/viaje-a-persia\/\" target=\"_self\"  ><img loading=\"lazy\" decoding=\"async\" width=\"1080\" height=\"925\" src=\"https:\/\/www.juntadeandalucia.es\/aaiicc\/centroandaluzdelafotografia\/wp-content\/uploads\/2026\/06\/21-Maharlu_baja.jpg\" class=\"attachment-post-thumbnail size-post-thumbnail wp-post-image\" alt=\"Viaje a Persia\" style=\"width:100%;height:100%;object-fit:cover;\" srcset=\"https:\/\/www.juntadeandalucia.es\/aaiicc\/centroandaluzdelafotografia\/wp-content\/uploads\/2026\/06\/21-Maharlu_baja.jpg 1080w, https:\/\/www.juntadeandalucia.es\/aaiicc\/centroandaluzdelafotografia\/wp-content\/uploads\/2026\/06\/21-Maharlu_baja-300x257.jpg 300w, https:\/\/www.juntadeandalucia.es\/aaiicc\/centroandaluzdelafotografia\/wp-content\/uploads\/2026\/06\/21-Maharlu_baja-1024x877.jpg 1024w, https:\/\/www.juntadeandalucia.es\/aaiicc\/centroandaluzdelafotografia\/wp-content\/uploads\/2026\/06\/21-Maharlu_baja-768x658.jpg 768w\" sizes=\"auto, (max-width: 1080px) 100vw, 1080px\" \/><\/a><\/figure>\n\n<h2 class=\"wp-block-post-title\"><a href=\"https:\/\/www.juntadeandalucia.es\/aaiicc\/centroandaluzdelafotografia\/exposicion\/viaje-a-persia\/\" target=\"_self\" >Viaje a Persia<\/a><\/h2>\n\n\n<div class=\"wp-block-group has-global-padding is-layout-constrained wp-block-group-is-layout-constrained\">\n<div class=\"wp-block-group is-nowrap is-layout-flex wp-container-core-group-is-layout-d0653401 wp-block-group-is-layout-flex\" style=\"padding-right:0;padding-left:0\">\n<div class=\"wp-block-font-awesome-icon wp-font-awesome-icon\"><svg aria-hidden=\"true\" focusable=\"false\" data-prefix=\"far\" data-icon=\"calendar-days\" class=\"svg-inline--fa fa-calendar-days \" role=\"img\" xmlns=\"http:\/\/www.w3.org\/2000\/svg\" viewBox=\"0 0 448 512\"><path fill=\"currentColor\" d=\"M120 0c13.3 0 24 10.7 24 24l0 40 160 0 0-40c0-13.3 10.7-24 24-24s24 10.7 24 24l0 40 32 0c35.3 0 64 28.7 64 64l0 288c0 35.3-28.7 64-64 64L64 480c-35.3 0-64-28.7-64-64L0 128C0 92.7 28.7 64 64 64l32 0 0-40c0-13.3 10.7-24 24-24zM384 432c8.8 0 16-7.2 16-16l0-64-88 0 0 80 72 0zm16-128l0-80-88 0 0 80 88 0zm-136 0l0-80-80 0 0 80 80 0zm-128 0l0-80-88 0 0 80 88 0zM48 352l0 64c0 8.8 7.2 16 16 16l72 0 0-80-88 0zm136 0l0 80 80 0 0-80-80 0zM120 112l-56 0c-8.8 0-16 7.2-16 16l0 48 352 0 0-48c0-8.8-7.2-16-16-16l-264 0z\"><\/path><\/svg><\/div>\n\n\n<div class=\"wp-block-post-date has-small-font-size wp-block-pods-pods-block-single\">02\/07\/2026\n\n        a 27\/09\/2026\n    <\/div><\/div>\n<\/div>\n\n\n<div class=\"wp-block-post-excerpt\"><p class=\"wp-block-post-excerpt__excerpt\">Un conjunto de obras del proyecto fotogr\u00e1fico Viaje a Persia, de Manolo Espali\u00fa, podr\u00e1 vierse en formato expositivo la sala Torre del Homenaje de la Alcazaba de Almer\u00eda del 2 de julio al 27 de septiembre de 2026. El proyecto propone un recorrido visual y conceptual que entrelaza historia, territorio y memoria a partir de&hellip;<\/p><p class=\"wp-block-post-excerpt__more-text\"><a class=\"wp-block-post-excerpt__more-link\" href=\"https:\/\/www.juntadeandalucia.es\/aaiicc\/centroandaluzdelafotografia\/exposicion\/viaje-a-persia\/\">M\u00e1s info<\/a><\/p><\/div>\n<\/li><\/ul><\/div>\n\n\n\n<div class=\"wp-block-group is-layout-flow wp-block-group-is-layout-flow\"><\/div>\n<\/div>\n\n\n\n<div class=\"wp-block-query alignwide bucle_actividades_portada is-layout-flow wp-block-query-is-layout-flow\">\n<div class=\"wp-block-group is-layout-flow wp-block-group-is-layout-flow\"><\/div>\n\n\n\n<div class=\"wp-block-group is-layout-flow wp-block-group-is-layout-flow\" style=\"padding-top:var(--wp--preset--spacing--50);padding-bottom:var(--wp--preset--spacing--50)\">\n<h2 class=\"wp-block-heading is-style-text-subtitle quitar-text-decoration has-x-large-font-size is-style-text-subtitle--2\"><a href=\"https:\/\/internet.aaiicc.junta-andalucia.es\/aaiicc\/centroandaluzdelafotografia\/actividades\/\" data-type=\"page\" data-id=\"157\">Actividades<\/a><\/h2>\n\n\n<ul class=\"wp-block-post-date has-small-font-size wp-block-post-template is-layout-grid wp-container-core-post-template-is-layout-e9357e4a wp-block-post-template-is-layout-grid\"><li class=\"wp-block-post post-1426 actividad type-actividad status-publish has-post-thumbnail hentry category-almeria category-dialogos category-fotografia\">\n<figure style=\"aspect-ratio:1\" class=\"wp-block-post-featured-image\"><a href=\"https:\/\/www.juntadeandalucia.es\/aaiicc\/centroandaluzdelafotografia\/actividad\/el-arte-de-la-luz-cine-y-fotografia-en-torno-a-la-construccion-de-la-imagen\/\" target=\"_self\"  ><img loading=\"lazy\" decoding=\"async\" width=\"1360\" height=\"730\" src=\"https:\/\/www.juntadeandalucia.es\/aaiicc\/centroandaluzdelafotografia\/wp-content\/uploads\/2026\/07\/Godland_01.jpg\" class=\"attachment-post-thumbnail size-post-thumbnail wp-post-image\" alt=\"El arte de la luz: cine y fotograf\u00eda en torno a la construcci\u00f3n de la imagen\" style=\"width:100%;height:100%;object-fit:cover;\" srcset=\"https:\/\/www.juntadeandalucia.es\/aaiicc\/centroandaluzdelafotografia\/wp-content\/uploads\/2026\/07\/Godland_01.jpg 1360w, https:\/\/www.juntadeandalucia.es\/aaiicc\/centroandaluzdelafotografia\/wp-content\/uploads\/2026\/07\/Godland_01-300x161.jpg 300w, https:\/\/www.juntadeandalucia.es\/aaiicc\/centroandaluzdelafotografia\/wp-content\/uploads\/2026\/07\/Godland_01-1024x550.jpg 1024w, https:\/\/www.juntadeandalucia.es\/aaiicc\/centroandaluzdelafotografia\/wp-content\/uploads\/2026\/07\/Godland_01-768x412.jpg 768w\" sizes=\"auto, (max-width: 1360px) 100vw, 1360px\" \/><\/a><\/figure>\n\n<h2 class=\"wp-block-post-title\"><a href=\"https:\/\/www.juntadeandalucia.es\/aaiicc\/centroandaluzdelafotografia\/actividad\/el-arte-de-la-luz-cine-y-fotografia-en-torno-a-la-construccion-de-la-imagen\/\" target=\"_self\" >El arte de la luz: cine y fotograf\u00eda en torno a la construcci\u00f3n de la imagen<\/a><\/h2>\n\n\n<div class=\"wp-block-group is-nowrap is-layout-flex wp-container-core-group-is-layout-67ffe2b9 wp-block-group-is-layout-flex\" style=\"padding-right:0;padding-left:0\">\n<div class=\"wp-block-font-awesome-icon wp-font-awesome-icon\" style=\"padding-right:0;padding-left:0\"><svg aria-hidden=\"true\" focusable=\"false\" data-prefix=\"far\" data-icon=\"calendar-days\" class=\"svg-inline--fa fa-calendar-days \" role=\"img\" xmlns=\"http:\/\/www.w3.org\/2000\/svg\" viewBox=\"0 0 448 512\"><path fill=\"currentColor\" d=\"M120 0c13.3 0 24 10.7 24 24l0 40 160 0 0-40c0-13.3 10.7-24 24-24s24 10.7 24 24l0 40 32 0c35.3 0 64 28.7 64 64l0 288c0 35.3-28.7 64-64 64L64 480c-35.3 0-64-28.7-64-64L0 128C0 92.7 28.7 64 64 64l32 0 0-40c0-13.3 10.7-24 24-24zM384 432c8.8 0 16-7.2 16-16l0-64-88 0 0 80 72 0zm16-128l0-80-88 0 0 80 88 0zm-136 0l0-80-80 0 0 80 80 0zm-128 0l0-80-88 0 0 80 88 0zM48 352l0 64c0 8.8 7.2 16 16 16l72 0 0-80-88 0zm136 0l0 80 80 0 0-80-80 0zM120 112l-56 0c-8.8 0-16 7.2-16 16l0 48 352 0 0-48c0-8.8-7.2-16-16-16l-264 0z\"><\/path><\/svg><\/div>\n\n\n01\/09\/2026\n\n        a 01\/12\/2026\n    <\/div>\n\n\n\n<div class=\"wp-block-group is-nowrap is-layout-flex wp-container-core-group-is-layout-3a88641f wp-block-group-is-layout-flex\"><\/div>\n\n<\/li><li class=\"wp-block-post post-1345 actividad type-actividad status-publish has-post-thumbnail hentry category-actividades tag-colectivos tag-escuelas-de-verano tag-mediacion-cultural\">\n<figure style=\"aspect-ratio:1\" class=\"wp-block-post-featured-image\"><a href=\"https:\/\/www.juntadeandalucia.es\/aaiicc\/centroandaluzdelafotografia\/actividad\/entre-fotografias\/\" target=\"_self\"  ><img loading=\"lazy\" decoding=\"async\" width=\"2560\" height=\"1707\" src=\"https:\/\/www.juntadeandalucia.es\/aaiicc\/centroandaluzdelafotografia\/wp-content\/uploads\/2026\/06\/INAUGURACION-LA-BESTIA-4-scaled.jpg\" class=\"attachment-post-thumbnail size-post-thumbnail wp-post-image\" alt=\"Entre fotograf\u00edas\" style=\"width:100%;height:100%;object-fit:cover;\" srcset=\"https:\/\/www.juntadeandalucia.es\/aaiicc\/centroandaluzdelafotografia\/wp-content\/uploads\/2026\/06\/INAUGURACION-LA-BESTIA-4-scaled.jpg 2560w, https:\/\/www.juntadeandalucia.es\/aaiicc\/centroandaluzdelafotografia\/wp-content\/uploads\/2026\/06\/INAUGURACION-LA-BESTIA-4-300x200.jpg 300w, https:\/\/www.juntadeandalucia.es\/aaiicc\/centroandaluzdelafotografia\/wp-content\/uploads\/2026\/06\/INAUGURACION-LA-BESTIA-4-1024x683.jpg 1024w, https:\/\/www.juntadeandalucia.es\/aaiicc\/centroandaluzdelafotografia\/wp-content\/uploads\/2026\/06\/INAUGURACION-LA-BESTIA-4-768x512.jpg 768w, https:\/\/www.juntadeandalucia.es\/aaiicc\/centroandaluzdelafotografia\/wp-content\/uploads\/2026\/06\/INAUGURACION-LA-BESTIA-4-1536x1024.jpg 1536w, https:\/\/www.juntadeandalucia.es\/aaiicc\/centroandaluzdelafotografia\/wp-content\/uploads\/2026\/06\/INAUGURACION-LA-BESTIA-4-2048x1365.jpg 2048w\" sizes=\"auto, (max-width: 2560px) 100vw, 2560px\" \/><\/a><\/figure>\n\n<h2 class=\"wp-block-post-title\"><a href=\"https:\/\/www.juntadeandalucia.es\/aaiicc\/centroandaluzdelafotografia\/actividad\/entre-fotografias\/\" target=\"_self\" >Entre fotograf\u00edas<\/a><\/h2>\n\n\n<div class=\"wp-block-group is-nowrap is-layout-flex wp-container-core-group-is-layout-67ffe2b9 wp-block-group-is-layout-flex\" style=\"padding-right:0;padding-left:0\">\n<div class=\"wp-block-font-awesome-icon wp-font-awesome-icon\" style=\"padding-right:0;padding-left:0\"><svg aria-hidden=\"true\" focusable=\"false\" data-prefix=\"far\" data-icon=\"calendar-days\" class=\"svg-inline--fa fa-calendar-days \" role=\"img\" xmlns=\"http:\/\/www.w3.org\/2000\/svg\" viewBox=\"0 0 448 512\"><path fill=\"currentColor\" d=\"M120 0c13.3 0 24 10.7 24 24l0 40 160 0 0-40c0-13.3 10.7-24 24-24s24 10.7 24 24l0 40 32 0c35.3 0 64 28.7 64 64l0 288c0 35.3-28.7 64-64 64L64 480c-35.3 0-64-28.7-64-64L0 128C0 92.7 28.7 64 64 64l32 0 0-40c0-13.3 10.7-24 24-24zM384 432c8.8 0 16-7.2 16-16l0-64-88 0 0 80 72 0zm16-128l0-80-88 0 0 80 88 0zm-136 0l0-80-80 0 0 80 80 0zm-128 0l0-80-88 0 0 80 88 0zM48 352l0 64c0 8.8 7.2 16 16 16l72 0 0-80-88 0zm136 0l0 80 80 0 0-80-80 0zM120 112l-56 0c-8.8 0-16 7.2-16 16l0 48 352 0 0-48c0-8.8-7.2-16-16-16l-264 0z\"><\/path><\/svg><\/div>\n\n\n18\/06\/2026\n\n        a 26\/09\/2026\n    <\/div>\n\n\n\n<div class=\"wp-block-group is-nowrap is-layout-flex wp-container-core-group-is-layout-3a88641f wp-block-group-is-layout-flex\"><\/div>\n\n<\/li><\/ul><\/div>\n\n\n\n<div class=\"wp-block-group is-layout-flow wp-block-group-is-layout-flow\"><\/div>\n<\/div>\n\n\n\n<div class=\"wp-block-group alignwide has-global-padding is-layout-constrained wp-container-core-group-is-layout-4bb49aaa wp-block-group-is-layout-constrained\" style=\"margin-top:0;margin-bottom:0;padding-top:var(--wp--preset--spacing--50);padding-bottom:var(--wp--preset--spacing--50)\">\n<div class=\"wp-block-group alignwide is-content-justification-space-between is-layout-flex wp-container-core-group-is-layout-13b221f0 wp-block-group-is-layout-flex\">\n<h2 class=\"wp-block-heading has-text-align-left alignwide is-style-text-subtitle has-x-large-font-size is-style-text-subtitle--3\">\u00daltimos v\u00eddeos<\/h2>\n<\/div>\n\n\n\n<div class=\"wp-block-group alignwide is-layout-grid wp-container-core-group-is-layout-faa3c2b2 wp-block-group-is-layout-grid\">\n<figure class=\"wp-block-embed is-type-video is-provider-youtube wp-block-embed-youtube wp-embed-aspect-16-9 wp-has-aspect-ratio\"><div class=\"wp-block-embed__wrapper\">\n<iframe loading=\"lazy\" title=\"Misi\u00f3n Andaluc\u00eda | Centro Andaluz de la Fotograf\u00eda\" width=\"500\" height=\"281\" src=\"https:\/\/www.youtube.com\/embed\/_otLgKAjUik?feature=oembed\" frameborder=\"0\" allow=\"accelerometer; autoplay; clipboard-write; encrypted-media; gyroscope; picture-in-picture; web-share\" referrerpolicy=\"strict-origin-when-cross-origin\" allowfullscreen><\/iframe>\n<\/div><\/figure>\n\n\n\n<figure class=\"wp-block-embed is-type-video is-provider-youtube wp-block-embed-youtube wp-embed-aspect-16-9 wp-has-aspect-ratio\"><div class=\"wp-block-embed__wrapper\">\n<iframe loading=\"lazy\" title=\"Resultados del curso &quot;Street Photography. Paisajes invisibles&quot;, de Crist\u00f3bal C. Cassinello\" width=\"500\" height=\"281\" src=\"https:\/\/www.youtube.com\/embed\/HLdgBJ1StsY?feature=oembed\" frameborder=\"0\" allow=\"accelerometer; autoplay; clipboard-write; encrypted-media; gyroscope; picture-in-picture; web-share\" referrerpolicy=\"strict-origin-when-cross-origin\" allowfullscreen><\/iframe>\n<\/div><\/figure>\n\n\n\n<figure class=\"wp-block-embed is-type-video is-provider-youtube wp-block-embed-youtube wp-embed-aspect-16-9 wp-has-aspect-ratio\"><div class=\"wp-block-embed__wrapper\">\n<iframe loading=\"lazy\" title=\"PodCAF #6 | La Nicaragua de Rafael Trobat y los j\u00f3venes de Clara G\u00e1miz\" width=\"500\" height=\"281\" src=\"https:\/\/www.youtube.com\/embed\/-BSASKJRgK4?feature=oembed\" frameborder=\"0\" allow=\"accelerometer; autoplay; clipboard-write; encrypted-media; gyroscope; picture-in-picture; web-share\" referrerpolicy=\"strict-origin-when-cross-origin\" allowfullscreen><\/iframe>\n<\/div><\/figure>\n<\/div>\n<\/div>\n\n\n\n<h2 class=\"wp-block-heading alignwide\">Podcast<\/h2>\n\n\n\n<figure class=\"wp-block-embed alignwide is-type-video is-provider-youtube wp-block-embed-youtube wp-embed-aspect-16-9 wp-has-aspect-ratio\"><div class=\"wp-block-embed__wrapper\">\n<iframe loading=\"lazy\" title=\"PodCaf, Centro Andaluz de la Fotograf\u00eda\" width=\"500\" height=\"281\" src=\"https:\/\/www.youtube.com\/embed\/videoseries?list=PLlEt57E90rkhBYOo1OkLnv-CI_3MgR__H\" frameborder=\"0\" allow=\"accelerometer; autoplay; clipboard-write; encrypted-media; gyroscope; picture-in-picture; web-share\" referrerpolicy=\"strict-origin-when-cross-origin\" allowfullscreen><\/iframe>\n<\/div><figcaption class=\"wp-element-caption\">Lista de reproducci\u00f3n CAF<\/figcaption><\/figure>\n\n\n\n<p class=\"wp-block-paragraph\"><\/p>\n","protected":false},"excerpt":{"rendered":"<p>\u00daltimos v\u00eddeos Podcast<\/p>\n","protected":false},"author":1,"featured_media":0,"parent":0,"menu_order":0,"comment_status":"closed","ping_status":"closed","template":"","meta":{"footnotes":""},"class_list":["post-40","page","type-page","status-publish","hentry"],"_links":{"self":[{"href":"https:\/\/www.juntadeandalucia.es\/aaiicc\/centroandaluzdelafotografia\/wp-json\/wp\/v2\/pages\/40","targetHints":{"allow":["GET"]}}],"collection":[{"href":"https:\/\/www.juntadeandalucia.es\/aaiicc\/centroandaluzdelafotografia\/wp-json\/wp\/v2\/pages"}],"about":[{"href":"https:\/\/www.juntadeandalucia.es\/aaiicc\/centroandaluzdelafotografia\/wp-json\/wp\/v2\/types\/page"}],"author":[{"embeddable":true,"href":"https:\/\/www.juntadeandalucia.es\/aaiicc\/centroandaluzdelafotografia\/wp-json\/wp\/v2\/users\/1"}],"replies":[{"embeddable":true,"href":"https:\/\/www.juntadeandalucia.es\/aaiicc\/centroandaluzdelafotografia\/wp-json\/wp\/v2\/comments?post=40"}],"version-history":[{"count":57,"href":"https:\/\/www.juntadeandalucia.es\/aaiicc\/centroandaluzdelafotografia\/wp-json\/wp\/v2\/pages\/40\/revisions"}],"predecessor-version":[{"id":1443,"href":"https:\/\/www.juntadeandalucia.es\/aaiicc\/centroandaluzdelafotografia\/wp-json\/wp\/v2\/pages\/40\/revisions\/1443"}],"wp:attachment":[{"href":"https:\/\/www.juntadeandalucia.es\/aaiicc\/centroandaluzdelafotografia\/wp-json\/wp\/v2\/media?parent=40"}],"curies":[{"name":"wp","href":"https:\/\/api.w.org\/{rel}","templated":true}]}}