{"id":43,"date":"2026-02-06T12:09:53","date_gmt":"2026-02-06T11:09:53","guid":{"rendered":"https:\/\/www.juntadeandalucia.es\/aaiicc\/centroandaluzdelafotografia\/exposiciones\/"},"modified":"2026-02-27T13:49:53","modified_gmt":"2026-02-27T12:49:53","slug":"exposiciones","status":"publish","type":"page","link":"https:\/\/www.juntadeandalucia.es\/aaiicc\/centroandaluzdelafotografia\/exposiciones\/","title":{"rendered":"Exposiciones"},"content":{"rendered":"\n<p class=\"wp-block-paragraph\"><\/p>\n\n\n\n<div class=\"wp-block-query alignfull is-layout-flow wp-block-query-is-layout-flow\"><ul class=\"alignfull wp-block-post-template is-layout-flow wp-block-post-template-is-layout-flow\"><li class=\"wp-block-post post-1567 exposicion type-exposicion status-publish has-post-thumbnail hentry category-exposiciones category-fotografia tag-andalucia tag-artes-visuales tag-caf tag-paisajes\">\n\n<div class=\"wp-block-group alignfull has-global-padding is-layout-constrained wp-block-group-is-layout-constrained\" style=\"padding-top:var(--wp--preset--spacing--60);padding-bottom:var(--wp--preset--spacing--60)\"><figure style=\"aspect-ratio:3\/2\" class=\"wp-block-post-featured-image\"><a href=\"https:\/\/www.juntadeandalucia.es\/aaiicc\/centroandaluzdelafotografia\/exposicion\/proximamente-mision-andalucia-en-cordoba\/\" target=\"_self\"  ><img loading=\"lazy\" decoding=\"async\" width=\"2250\" height=\"1500\" src=\"https:\/\/www.juntadeandalucia.es\/aaiicc\/centroandaluzdelafotografia\/wp-content\/uploads\/2026\/08\/LL_00308-LOW_182cat.jpg\" class=\"attachment-post-thumbnail size-post-thumbnail wp-post-image\" alt=\"PR\u00d3XIMAMENTE &#8211; Misi\u00f3n Andaluc\u00eda en C\u00f3rdoba\" style=\"width:100%;height:100%;object-fit:cover;\" srcset=\"https:\/\/www.juntadeandalucia.es\/aaiicc\/centroandaluzdelafotografia\/wp-content\/uploads\/2026\/08\/LL_00308-LOW_182cat.jpg 2250w, https:\/\/www.juntadeandalucia.es\/aaiicc\/centroandaluzdelafotografia\/wp-content\/uploads\/2026\/08\/LL_00308-LOW_182cat-300x200.jpg 300w, https:\/\/www.juntadeandalucia.es\/aaiicc\/centroandaluzdelafotografia\/wp-content\/uploads\/2026\/08\/LL_00308-LOW_182cat-1024x683.jpg 1024w, https:\/\/www.juntadeandalucia.es\/aaiicc\/centroandaluzdelafotografia\/wp-content\/uploads\/2026\/08\/LL_00308-LOW_182cat-768x512.jpg 768w, https:\/\/www.juntadeandalucia.es\/aaiicc\/centroandaluzdelafotografia\/wp-content\/uploads\/2026\/08\/LL_00308-LOW_182cat-1536x1024.jpg 1536w, https:\/\/www.juntadeandalucia.es\/aaiicc\/centroandaluzdelafotografia\/wp-content\/uploads\/2026\/08\/LL_00308-LOW_182cat-2048x1365.jpg 2048w\" sizes=\"auto, (max-width: 2250px) 100vw, 2250px\" \/><\/a><\/figure>\n\n<h2 class=\"wp-block-post-title has-x-large-font-size\"><a href=\"https:\/\/www.juntadeandalucia.es\/aaiicc\/centroandaluzdelafotografia\/exposicion\/proximamente-mision-andalucia-en-cordoba\/\" target=\"_self\" >PR\u00d3XIMAMENTE &#8211; Misi\u00f3n Andaluc\u00eda en C\u00f3rdoba<\/a><\/h2>\n\n\n<div class=\"wp-block-group is-nowrap is-layout-flex wp-container-core-group-is-layout-3a88641f wp-block-group-is-layout-flex\">\n<div class=\"wp-block-font-awesome-icon wp-font-awesome-icon\"><svg aria-hidden=\"true\" focusable=\"false\" data-prefix=\"fas\" data-icon=\"calendar-days\" class=\"svg-inline--fa fa-calendar-days \" role=\"img\" xmlns=\"http:\/\/www.w3.org\/2000\/svg\" viewBox=\"0 0 448 512\"><path fill=\"currentColor\" d=\"M128 0c17.7 0 32 14.3 32 32l0 32 128 0 0-32c0-17.7 14.3-32 32-32s32 14.3 32 32l0 32 32 0c35.3 0 64 28.7 64 64l0 288c0 35.3-28.7 64-64 64L64 480c-35.3 0-64-28.7-64-64L0 128C0 92.7 28.7 64 64 64l32 0 0-32c0-17.7 14.3-32 32-32zM64 240l0 32c0 8.8 7.2 16 16 16l32 0c8.8 0 16-7.2 16-16l0-32c0-8.8-7.2-16-16-16l-32 0c-8.8 0-16 7.2-16 16zm128 0l0 32c0 8.8 7.2 16 16 16l32 0c8.8 0 16-7.2 16-16l0-32c0-8.8-7.2-16-16-16l-32 0c-8.8 0-16 7.2-16 16zm144-16c-8.8 0-16 7.2-16 16l0 32c0 8.8 7.2 16 16 16l32 0c8.8 0 16-7.2 16-16l0-32c0-8.8-7.2-16-16-16l-32 0zM64 368l0 32c0 8.8 7.2 16 16 16l32 0c8.8 0 16-7.2 16-16l0-32c0-8.8-7.2-16-16-16l-32 0c-8.8 0-16 7.2-16 16zm144-16c-8.8 0-16 7.2-16 16l0 32c0 8.8 7.2 16 16 16l32 0c8.8 0 16-7.2 16-16l0-32c0-8.8-7.2-16-16-16l-32 0zm112 16l0 32c0 8.8 7.2 16 16 16l32 0c8.8 0 16-7.2 16-16l0-32c0-8.8-7.2-16-16-16l-32 0c-8.8 0-16 7.2-16 16z\"><\/path><\/svg><\/div>\n\n\n<div class=\"wp-block-post-date has-small-font-size wp-block-pods-pods-block-single\">15\/09\/2026\n\n        a 15\/11\/2026\n    <\/div><\/div>\n\n\n<div class=\"wp-block-post-excerpt\"><p class=\"wp-block-post-excerpt__excerpt\">Ocho miradas contempor\u00e1neas sobre el paisaje andaluz a trav\u00e9s de 129 fotograf\u00edas realizadas en m\u00e1s de cuarenta enclaves naturales de la comunidad.<\/p><p class=\"wp-block-post-excerpt__more-text\"><a class=\"wp-block-post-excerpt__more-link\" href=\"https:\/\/www.juntadeandalucia.es\/aaiicc\/centroandaluzdelafotografia\/exposicion\/proximamente-mision-andalucia-en-cordoba\/\">M\u00e1s info<\/a><\/p><\/div><\/div>\n\n<\/li><li class=\"wp-block-post post-1564 exposicion type-exposicion status-publish has-post-thumbnail hentry category-almeria category-exposiciones category-fotografia tag-artes-visuales tag-fotoperiodismo tag-paisaje tag-retrato tag-sala-afal\">\n\n<div class=\"wp-block-group alignfull has-global-padding is-layout-constrained wp-block-group-is-layout-constrained\" style=\"padding-top:var(--wp--preset--spacing--60);padding-bottom:var(--wp--preset--spacing--60)\"><figure style=\"aspect-ratio:3\/2\" class=\"wp-block-post-featured-image\"><a href=\"https:\/\/www.juntadeandalucia.es\/aaiicc\/centroandaluzdelafotografia\/exposicion\/proximamente-tierra-tomada\/\" target=\"_self\"  ><img loading=\"lazy\" decoding=\"async\" width=\"2184\" height=\"1456\" src=\"https:\/\/www.juntadeandalucia.es\/aaiicc\/centroandaluzdelafotografia\/wp-content\/uploads\/2026\/08\/2011-EXPO.AgostoIMG_9303.-RETOCADA.jpg\" class=\"attachment-post-thumbnail size-post-thumbnail wp-post-image\" alt=\"PR\u00d3XIMAMENTE &#8211; Tierra tomada\" style=\"width:100%;height:100%;object-fit:cover;\" srcset=\"https:\/\/www.juntadeandalucia.es\/aaiicc\/centroandaluzdelafotografia\/wp-content\/uploads\/2026\/08\/2011-EXPO.AgostoIMG_9303.-RETOCADA.jpg 2184w, https:\/\/www.juntadeandalucia.es\/aaiicc\/centroandaluzdelafotografia\/wp-content\/uploads\/2026\/08\/2011-EXPO.AgostoIMG_9303.-RETOCADA-300x200.jpg 300w, https:\/\/www.juntadeandalucia.es\/aaiicc\/centroandaluzdelafotografia\/wp-content\/uploads\/2026\/08\/2011-EXPO.AgostoIMG_9303.-RETOCADA-1024x683.jpg 1024w, https:\/\/www.juntadeandalucia.es\/aaiicc\/centroandaluzdelafotografia\/wp-content\/uploads\/2026\/08\/2011-EXPO.AgostoIMG_9303.-RETOCADA-768x512.jpg 768w, https:\/\/www.juntadeandalucia.es\/aaiicc\/centroandaluzdelafotografia\/wp-content\/uploads\/2026\/08\/2011-EXPO.AgostoIMG_9303.-RETOCADA-1536x1024.jpg 1536w, https:\/\/www.juntadeandalucia.es\/aaiicc\/centroandaluzdelafotografia\/wp-content\/uploads\/2026\/08\/2011-EXPO.AgostoIMG_9303.-RETOCADA-2048x1365.jpg 2048w\" sizes=\"auto, (max-width: 2184px) 100vw, 2184px\" \/><\/a><\/figure>\n\n<h2 class=\"wp-block-post-title has-x-large-font-size\"><a href=\"https:\/\/www.juntadeandalucia.es\/aaiicc\/centroandaluzdelafotografia\/exposicion\/proximamente-tierra-tomada\/\" target=\"_self\" >PR\u00d3XIMAMENTE &#8211; Tierra tomada<\/a><\/h2>\n\n\n<div class=\"wp-block-group is-nowrap is-layout-flex wp-container-core-group-is-layout-3a88641f wp-block-group-is-layout-flex\">\n<div class=\"wp-block-font-awesome-icon wp-font-awesome-icon\"><svg aria-hidden=\"true\" focusable=\"false\" data-prefix=\"fas\" data-icon=\"calendar-days\" class=\"svg-inline--fa fa-calendar-days \" role=\"img\" xmlns=\"http:\/\/www.w3.org\/2000\/svg\" viewBox=\"0 0 448 512\"><path fill=\"currentColor\" d=\"M128 0c17.7 0 32 14.3 32 32l0 32 128 0 0-32c0-17.7 14.3-32 32-32s32 14.3 32 32l0 32 32 0c35.3 0 64 28.7 64 64l0 288c0 35.3-28.7 64-64 64L64 480c-35.3 0-64-28.7-64-64L0 128C0 92.7 28.7 64 64 64l32 0 0-32c0-17.7 14.3-32 32-32zM64 240l0 32c0 8.8 7.2 16 16 16l32 0c8.8 0 16-7.2 16-16l0-32c0-8.8-7.2-16-16-16l-32 0c-8.8 0-16 7.2-16 16zm128 0l0 32c0 8.8 7.2 16 16 16l32 0c8.8 0 16-7.2 16-16l0-32c0-8.8-7.2-16-16-16l-32 0c-8.8 0-16 7.2-16 16zm144-16c-8.8 0-16 7.2-16 16l0 32c0 8.8 7.2 16 16 16l32 0c8.8 0 16-7.2 16-16l0-32c0-8.8-7.2-16-16-16l-32 0zM64 368l0 32c0 8.8 7.2 16 16 16l32 0c8.8 0 16-7.2 16-16l0-32c0-8.8-7.2-16-16-16l-32 0c-8.8 0-16 7.2-16 16zm144-16c-8.8 0-16 7.2-16 16l0 32c0 8.8 7.2 16 16 16l32 0c8.8 0 16-7.2 16-16l0-32c0-8.8-7.2-16-16-16l-32 0zm112 16l0 32c0 8.8 7.2 16 16 16l32 0c8.8 0 16-7.2 16-16l0-32c0-8.8-7.2-16-16-16l-32 0c-8.8 0-16 7.2-16 16z\"><\/path><\/svg><\/div>\n\n\n<div class=\"wp-block-post-date has-small-font-size wp-block-pods-pods-block-single\">19\/09\/2026\n\n        a 05\/01\/2027\n    <\/div><\/div>\n\n\n<div class=\"wp-block-post-excerpt\"><p class=\"wp-block-post-excerpt__excerpt\">El fot\u00f3grafo Juan Manuel D\u00edaz Burgos presenta \u00abTierra tomada\u00bb, un proyecto desarrollado a lo largo de dos d\u00e9cadas en torno al nacimiento y evoluci\u00f3n de un barrio de Puerto Plata, en la Rep\u00fablica Dominicana. A trav\u00e9s de la fotograf\u00eda, el autor se acerca a sus habitantes, sus espacios y sus historias de vida para construir&hellip;<\/p><p class=\"wp-block-post-excerpt__more-text\"><a class=\"wp-block-post-excerpt__more-link\" href=\"https:\/\/www.juntadeandalucia.es\/aaiicc\/centroandaluzdelafotografia\/exposicion\/proximamente-tierra-tomada\/\">M\u00e1s info<\/a><\/p><\/div><\/div>\n\n<\/li><li class=\"wp-block-post post-1572 exposicion type-exposicion status-publish has-post-thumbnail hentry category-almeria category-exposiciones category-fotografia tag-artes-visuales tag-fotoperiodismo tag-retrato tag-sala-imagina\">\n\n<div class=\"wp-block-group alignfull has-global-padding is-layout-constrained wp-block-group-is-layout-constrained\" style=\"padding-top:var(--wp--preset--spacing--60);padding-bottom:var(--wp--preset--spacing--60)\"><figure style=\"aspect-ratio:3\/2\" class=\"wp-block-post-featured-image\"><a href=\"https:\/\/www.juntadeandalucia.es\/aaiicc\/centroandaluzdelafotografia\/exposicion\/proximamente-las-curvas-de-la-mente\/\" target=\"_self\"  ><img loading=\"lazy\" decoding=\"async\" width=\"1600\" height=\"1067\" src=\"https:\/\/www.juntadeandalucia.es\/aaiicc\/centroandaluzdelafotografia\/wp-content\/uploads\/2026\/08\/curvas_de_la_mente_nuria_lopez_torres08.jpg\" class=\"attachment-post-thumbnail size-post-thumbnail wp-post-image\" alt=\"PR\u00d3XIMAMENTE &#8211; Las curvas de la mente\" style=\"width:100%;height:100%;object-fit:cover;\" srcset=\"https:\/\/www.juntadeandalucia.es\/aaiicc\/centroandaluzdelafotografia\/wp-content\/uploads\/2026\/08\/curvas_de_la_mente_nuria_lopez_torres08.jpg 1600w, https:\/\/www.juntadeandalucia.es\/aaiicc\/centroandaluzdelafotografia\/wp-content\/uploads\/2026\/08\/curvas_de_la_mente_nuria_lopez_torres08-300x200.jpg 300w, https:\/\/www.juntadeandalucia.es\/aaiicc\/centroandaluzdelafotografia\/wp-content\/uploads\/2026\/08\/curvas_de_la_mente_nuria_lopez_torres08-1024x683.jpg 1024w, https:\/\/www.juntadeandalucia.es\/aaiicc\/centroandaluzdelafotografia\/wp-content\/uploads\/2026\/08\/curvas_de_la_mente_nuria_lopez_torres08-768x512.jpg 768w, https:\/\/www.juntadeandalucia.es\/aaiicc\/centroandaluzdelafotografia\/wp-content\/uploads\/2026\/08\/curvas_de_la_mente_nuria_lopez_torres08-1536x1024.jpg 1536w\" sizes=\"auto, (max-width: 1600px) 100vw, 1600px\" \/><\/a><\/figure>\n\n<h2 class=\"wp-block-post-title has-x-large-font-size\"><a href=\"https:\/\/www.juntadeandalucia.es\/aaiicc\/centroandaluzdelafotografia\/exposicion\/proximamente-las-curvas-de-la-mente\/\" target=\"_self\" >PR\u00d3XIMAMENTE &#8211; Las curvas de la mente<\/a><\/h2>\n\n\n<div class=\"wp-block-group is-nowrap is-layout-flex wp-container-core-group-is-layout-3a88641f wp-block-group-is-layout-flex\">\n<div class=\"wp-block-font-awesome-icon wp-font-awesome-icon\"><svg aria-hidden=\"true\" focusable=\"false\" data-prefix=\"fas\" data-icon=\"calendar-days\" class=\"svg-inline--fa fa-calendar-days \" role=\"img\" xmlns=\"http:\/\/www.w3.org\/2000\/svg\" viewBox=\"0 0 448 512\"><path fill=\"currentColor\" d=\"M128 0c17.7 0 32 14.3 32 32l0 32 128 0 0-32c0-17.7 14.3-32 32-32s32 14.3 32 32l0 32 32 0c35.3 0 64 28.7 64 64l0 288c0 35.3-28.7 64-64 64L64 480c-35.3 0-64-28.7-64-64L0 128C0 92.7 28.7 64 64 64l32 0 0-32c0-17.7 14.3-32 32-32zM64 240l0 32c0 8.8 7.2 16 16 16l32 0c8.8 0 16-7.2 16-16l0-32c0-8.8-7.2-16-16-16l-32 0c-8.8 0-16 7.2-16 16zm128 0l0 32c0 8.8 7.2 16 16 16l32 0c8.8 0 16-7.2 16-16l0-32c0-8.8-7.2-16-16-16l-32 0c-8.8 0-16 7.2-16 16zm144-16c-8.8 0-16 7.2-16 16l0 32c0 8.8 7.2 16 16 16l32 0c8.8 0 16-7.2 16-16l0-32c0-8.8-7.2-16-16-16l-32 0zM64 368l0 32c0 8.8 7.2 16 16 16l32 0c8.8 0 16-7.2 16-16l0-32c0-8.8-7.2-16-16-16l-32 0c-8.8 0-16 7.2-16 16zm144-16c-8.8 0-16 7.2-16 16l0 32c0 8.8 7.2 16 16 16l32 0c8.8 0 16-7.2 16-16l0-32c0-8.8-7.2-16-16-16l-32 0zm112 16l0 32c0 8.8 7.2 16 16 16l32 0c8.8 0 16-7.2 16-16l0-32c0-8.8-7.2-16-16-16l-32 0c-8.8 0-16 7.2-16 16z\"><\/path><\/svg><\/div>\n\n\n<div class=\"wp-block-post-date has-small-font-size wp-block-pods-pods-block-single\">10\/10\/2026\n\n        a 24\/01\/2027\n    <\/div><\/div>\n\n\n<div class=\"wp-block-post-excerpt\"><p class=\"wp-block-post-excerpt__excerpt\">La fot\u00f3grafa Nuria L\u00f3pez Torres presenta \u00abLas curvas de la mente\u00bb, un proyecto documental que aborda la realidad de la salud mental en Espa\u00f1a a trav\u00e9s de las experiencias y testimonios de quienes la viven de cerca. La autora combina fotograf\u00eda y voces de profesionales y especialistas para construir un relato que busca visibilizar estas&hellip;<\/p><p class=\"wp-block-post-excerpt__more-text\"><a class=\"wp-block-post-excerpt__more-link\" href=\"https:\/\/www.juntadeandalucia.es\/aaiicc\/centroandaluzdelafotografia\/exposicion\/proximamente-las-curvas-de-la-mente\/\">M\u00e1s info<\/a><\/p><\/div><\/div>\n\n<\/li><\/ul>\n\n\n<div class=\"wp-block-group has-global-padding is-layout-constrained wp-block-group-is-layout-constrained\" style=\"padding-top:var(--wp--preset--spacing--60);padding-bottom:var(--wp--preset--spacing--60)\"><\/div>\n\n\n\n<div class=\"wp-block-group alignwide has-global-padding is-layout-constrained wp-block-group-is-layout-constrained\"><nav class=\"alignwide wp-block-query-pagination is-content-justification-space-between is-layout-flex wp-container-core-query-pagination-is-layout-4dea2dca wp-block-query-pagination-is-layout-flex\" aria-label=\"Paginaci\u00f3n\">\n\n\n<div class=\"wp-block-query-pagination-numbers\"><span aria-current=\"page\" class=\"page-numbers current\">1<\/span>\n<a class=\"page-numbers\" href=\"?query-36-page=2\">2<\/a>\n<a class=\"page-numbers\" href=\"?query-36-page=3\">3<\/a>\n<span class=\"page-numbers dots\">&hellip;<\/span>\n<a class=\"page-numbers\" href=\"?query-36-page=5\">5<\/a><\/div>\n\n<a href=\"\/aaiicc\/centroandaluzdelafotografia\/wp-json\/wp\/v2\/pages\/43?query-36-page=2\" class=\"wp-block-query-pagination-next\">P\u00e1gina siguiente<span class='wp-block-query-pagination-next-arrow is-arrow-arrow' aria-hidden='true'>\u2192<\/span><\/a>\n<\/nav><\/div>\n<\/div>\n","protected":false},"excerpt":{"rendered":"","protected":false},"author":1,"featured_media":0,"parent":0,"menu_order":0,"comment_status":"closed","ping_status":"closed","template":"","meta":{"footnotes":""},"class_list":["post-43","page","type-page","status-publish","hentry"],"_links":{"self":[{"href":"https:\/\/www.juntadeandalucia.es\/aaiicc\/centroandaluzdelafotografia\/wp-json\/wp\/v2\/pages\/43","targetHints":{"allow":["GET"]}}],"collection":[{"href":"https:\/\/www.juntadeandalucia.es\/aaiicc\/centroandaluzdelafotografia\/wp-json\/wp\/v2\/pages"}],"about":[{"href":"https:\/\/www.juntadeandalucia.es\/aaiicc\/centroandaluzdelafotografia\/wp-json\/wp\/v2\/types\/page"}],"author":[{"embeddable":true,"href":"https:\/\/www.juntadeandalucia.es\/aaiicc\/centroandaluzdelafotografia\/wp-json\/wp\/v2\/users\/1"}],"replies":[{"embeddable":true,"href":"https:\/\/www.juntadeandalucia.es\/aaiicc\/centroandaluzdelafotografia\/wp-json\/wp\/v2\/comments?post=43"}],"version-history":[{"count":22,"href":"https:\/\/www.juntadeandalucia.es\/aaiicc\/centroandaluzdelafotografia\/wp-json\/wp\/v2\/pages\/43\/revisions"}],"predecessor-version":[{"id":943,"href":"https:\/\/www.juntadeandalucia.es\/aaiicc\/centroandaluzdelafotografia\/wp-json\/wp\/v2\/pages\/43\/revisions\/943"}],"wp:attachment":[{"href":"https:\/\/www.juntadeandalucia.es\/aaiicc\/centroandaluzdelafotografia\/wp-json\/wp\/v2\/media?parent=43"}],"curies":[{"name":"wp","href":"https:\/\/api.w.org\/{rel}","templated":true}]}}