{"id":3684,"date":"2023-11-10T11:55:15","date_gmt":"2023-11-10T11:55:15","guid":{"rendered":"https:\/\/www.juntadeandalucia.es/educacion/eaprendizaje\/?page_id=3684"},"modified":"2026-04-07T11:50:13","modified_gmt":"2026-04-07T11:50:13","slug":"aldea","status":"publish","type":"page","link":"https:\/\/www.juntadeandalucia.es/educacion/eaprendizaje\/aldea\/","title":{"rendered":"Aldea curso 2025\/2026"},"content":{"rendered":"<p>[et_pb_section fb_built=\u00bb1&#8243; _builder_version=\u00bb4.16&#8243; global_colors_info=\u00bb{}\u00bb][et_pb_row use_custom_gutter=\u00bbon\u00bb gutter_width=\u00bb2&#8243; _builder_version=\u00bb4.16&#8243; background_color=\u00bb#f3f3f3&#8243; width=\u00bb100%\u00bb max_width=\u00bb2560px\u00bb custom_padding=\u00bb0px|2%|0px|2%\u00bb z_index_tablet=\u00bb500&#8243; box_shadow_horizontal_tablet=\u00bb0px\u00bb box_shadow_vertical_tablet=\u00bb0px\u00bb box_shadow_blur_tablet=\u00bb40px\u00bb box_shadow_spread_tablet=\u00bb0px\u00bb global_colors_info=\u00bb{}\u00bb][et_pb_column type=\u00bb4_4&#8243; _builder_version=\u00bb4.16&#8243; custom_padding=\u00bb|||\u00bb global_colors_info=\u00bb{}\u00bb custom_padding__hover=\u00bb|||\u00bb][et_pb_code _builder_version=\u00bb4.27.4&#8243; z_index_tablet=\u00bb500&#8243; global_colors_info=\u00bb{}\u00bb]<\/p>\n<div class=\"ea_pag_sd_cabecera_img\"><!-- [et_pb_line_break_holder] --> <a href=\"https:\/\/www.juntadeandalucia.es/educacion/eaprendizaje\" rel=\"noopener noreferrer\" class=\"cubo_cima\" ><!-- [et_pb_line_break_holder] -->         <img decoding=\"async\" title=\"Logo Consejer\u00eda\" src=\"https:\/\/www.juntadeandalucia.es/educacion/eaprendizaje\/wp-content\/uploads\/2025\/09\/Logo-consejeria-cabecera-2.png\" >     <\/a>  <!-- [et_pb_line_break_holder] --><\/div>\n<p><!-- [et_pb_line_break_holder] --><\/p>\n<div class=\"ea_pag_sd_cabecera_txt\"><!-- [et_pb_line_break_holder] -->    <\/p>\n<h2>Programas Educativos<\/h2>\n<p><!-- [et_pb_line_break_holder] -->  <\/p>\n<h1>Aldea <\/h1>\n<p><!-- [et_pb_line_break_holder] --><a href=\"https:\/\/www.juntadeandalucia.es/educacion/eaprendizaje\/programas-educativos\/\" rel=\"noopener noreferrer\"><!-- [et_pb_line_break_holder] -->        <button type=\"button\" class=\"ea_pag_btn\">Inicio<\/button><!-- [et_pb_line_break_holder] -->    <\/a>  <!-- [et_pb_line_break_holder] --><\/div>\n<p>[\/et_pb_code][\/et_pb_column][\/et_pb_row][\/et_pb_section][et_pb_section fb_built=\u00bb1&#8243; _builder_version=\u00bb4.16&#8243; global_colors_info=\u00bb{}\u00bb][et_pb_row column_structure=\u00bb1_4,3_4&#8243; _builder_version=\u00bb4.27.4&#8243; max_width=\u00bb1920px\u00bb custom_margin=\u00bb||0px||false|false\u00bb custom_padding=\u00bb||0px||false|false\u00bb z_index_tablet=\u00bb500&#8243; box_shadow_horizontal_tablet=\u00bb0px\u00bb box_shadow_vertical_tablet=\u00bb0px\u00bb box_shadow_blur_tablet=\u00bb40px\u00bb box_shadow_spread_tablet=\u00bb0px\u00bb global_colors_info=\u00bb{}\u00bb][et_pb_column type=\u00bb1_4&#8243; _builder_version=\u00bb4.16&#8243; custom_padding=\u00bb|||\u00bb global_colors_info=\u00bb{}\u00bb custom_padding__hover=\u00bb|||\u00bb][et_pb_image src=\u00bbhttps:\/\/www.juntadeandalucia.es/educacion/eaprendizaje\/wp-content\/uploads\/2025\/09\/Logo-aldea.png\u00bb title_text=\u00bbLogo aldea\u00bb _builder_version=\u00bb4.27.4&#8243; _module_preset=\u00bbdefault\u00bb global_colors_info=\u00bb{}\u00bb][\/et_pb_image][\/et_pb_column][et_pb_column type=\u00bb3_4&#8243; _builder_version=\u00bb4.16&#8243; custom_padding=\u00bb|||\u00bb global_colors_info=\u00bb{}\u00bb custom_padding__hover=\u00bb|||\u00bb][et_pb_text module_class=\u00bbcima_text\u00bb _builder_version=\u00bb4.27.4&#8243; header_3_font_size=\u00bb2em\u00bb background_layout=\u00bbdark\u00bb z_index_tablet=\u00bb500&#8243; text_text_shadow_horizontal_length_tablet=\u00bb0px\u00bb text_text_shadow_vertical_length_tablet=\u00bb0px\u00bb text_text_shadow_blur_strength_tablet=\u00bb1px\u00bb link_text_shadow_horizontal_length_tablet=\u00bb0px\u00bb link_text_shadow_vertical_length_tablet=\u00bb0px\u00bb link_text_shadow_blur_strength_tablet=\u00bb1px\u00bb ul_text_shadow_horizontal_length_tablet=\u00bb0px\u00bb ul_text_shadow_vertical_length_tablet=\u00bb0px\u00bb ul_text_shadow_blur_strength_tablet=\u00bb1px\u00bb ol_text_shadow_horizontal_length_tablet=\u00bb0px\u00bb ol_text_shadow_vertical_length_tablet=\u00bb0px\u00bb ol_text_shadow_blur_strength_tablet=\u00bb1px\u00bb quote_text_shadow_horizontal_length_tablet=\u00bb0px\u00bb quote_text_shadow_vertical_length_tablet=\u00bb0px\u00bb quote_text_shadow_blur_strength_tablet=\u00bb1px\u00bb header_text_shadow_horizontal_length_tablet=\u00bb0px\u00bb header_text_shadow_vertical_length_tablet=\u00bb0px\u00bb header_text_shadow_blur_strength_tablet=\u00bb1px\u00bb header_2_text_shadow_horizontal_length_tablet=\u00bb0px\u00bb header_2_text_shadow_vertical_length_tablet=\u00bb0px\u00bb header_2_text_shadow_blur_strength_tablet=\u00bb1px\u00bb header_3_text_shadow_horizontal_length_tablet=\u00bb0px\u00bb header_3_text_shadow_vertical_length_tablet=\u00bb0px\u00bb header_3_text_shadow_blur_strength_tablet=\u00bb1px\u00bb header_4_text_shadow_horizontal_length_tablet=\u00bb0px\u00bb header_4_text_shadow_vertical_length_tablet=\u00bb0px\u00bb header_4_text_shadow_blur_strength_tablet=\u00bb1px\u00bb header_5_text_shadow_horizontal_length_tablet=\u00bb0px\u00bb header_5_text_shadow_vertical_length_tablet=\u00bb0px\u00bb header_5_text_shadow_blur_strength_tablet=\u00bb1px\u00bb header_6_text_shadow_horizontal_length_tablet=\u00bb0px\u00bb header_6_text_shadow_vertical_length_tablet=\u00bb0px\u00bb header_6_text_shadow_blur_strength_tablet=\u00bb1px\u00bb box_shadow_horizontal_tablet=\u00bb0px\u00bb box_shadow_vertical_tablet=\u00bb0px\u00bb box_shadow_blur_tablet=\u00bb40px\u00bb box_shadow_spread_tablet=\u00bb0px\u00bb global_colors_info=\u00bb{}\u00bb]<\/p>\n<p class=\"cvGsUA direction-ltr align-justify para-style-title\"><span class=\"a_GcMg font-feature-liga-off font-feature-clig-off font-feature-calt-off text-decoration-none text-strikethrough-none\">El Programa Aldea pretende promover el desarrollo de iniciativas de educaci\u00f3n ambiental ante la situaci\u00f3n de emergencia clim\u00e1tica actual, la conexi\u00f3n con la naturaleza y renaturalizaci\u00f3n de espacios, el cambio clim\u00e1tico, el desarrollo sostenible y las relaciones del ser humano con su entorno social y natural (competencia ecosocial).<\/span><\/p>\n<p>En concreto, este programa contempla los siguientes objetivos:<\/p>\n<ul>\n<li><span class=\"a_GcMg font-feature-liga-off font-feature-clig-off font-feature-calt-off text-decoration-none text-strikethrough-none\">Impulsar una educaci\u00f3n para la sostenibilidad basada en la participaci\u00f3n activa y la innovaci\u00f3n pedag\u00f3gica<\/span><\/li>\n<li><span class=\"a_GcMg font-feature-liga-off font-feature-clig-off font-feature-calt-off text-decoration-none text-strikethrough-none\">Desarrollar competencias ecosociales a trav\u00e9s de aprendizajes pr\u00e1cticos y conectados con el entorno natural.<\/span><\/li>\n<li><span class=\"a_GcMg font-feature-liga-off font-feature-clig-off font-feature-calt-off text-decoration-none text-strikethrough-none\">Potenciar el trabajo en equipo, la colaboraci\u00f3n en red y la creaci\u00f3n de comunidades educativas comprometidas con el medio ambiente.<\/span><\/li>\n<\/ul>\n<p>&nbsp;<\/p>\n<p>[\/et_pb_text][\/et_pb_column][\/et_pb_row][et_pb_row disabled_on=\u00bboff|off|off\u00bb _builder_version=\u00bb4.27.4&#8243; max_width=\u00bb1973px\u00bb custom_margin=\u00bb-22px|159px||auto||\u00bb custom_padding=\u00bb0px|||||\u00bb z_index_tablet=\u00bb500&#8243; box_shadow_horizontal_tablet=\u00bb0px\u00bb box_shadow_vertical_tablet=\u00bb0px\u00bb box_shadow_blur_tablet=\u00bb40px\u00bb box_shadow_spread_tablet=\u00bb0px\u00bb global_colors_info=\u00bb{}\u00bb][et_pb_column type=\u00bb4_4&#8243; _builder_version=\u00bb4.16&#8243; custom_padding=\u00bb|||\u00bb global_colors_info=\u00bb{}\u00bb custom_padding__hover=\u00bb|||\u00bb][et_pb_text module_class=\u00bbcima_text\u00bb _builder_version=\u00bb4.27.4&#8243; header_3_font_size=\u00bb2em\u00bb background_layout=\u00bbdark\u00bb custom_margin=\u00bb|-106px||||\u00bb custom_padding=\u00bb0px|73px||||\u00bb hover_enabled=\u00bb0&#8243; z_index_tablet=\u00bb500&#8243; text_text_shadow_horizontal_length_tablet=\u00bb0px\u00bb text_text_shadow_vertical_length_tablet=\u00bb0px\u00bb text_text_shadow_blur_strength_tablet=\u00bb1px\u00bb link_text_shadow_horizontal_length_tablet=\u00bb0px\u00bb link_text_shadow_vertical_length_tablet=\u00bb0px\u00bb link_text_shadow_blur_strength_tablet=\u00bb1px\u00bb ul_text_shadow_horizontal_length_tablet=\u00bb0px\u00bb ul_text_shadow_vertical_length_tablet=\u00bb0px\u00bb ul_text_shadow_blur_strength_tablet=\u00bb1px\u00bb ol_text_shadow_horizontal_length_tablet=\u00bb0px\u00bb ol_text_shadow_vertical_length_tablet=\u00bb0px\u00bb ol_text_shadow_blur_strength_tablet=\u00bb1px\u00bb quote_text_shadow_horizontal_length_tablet=\u00bb0px\u00bb quote_text_shadow_vertical_length_tablet=\u00bb0px\u00bb quote_text_shadow_blur_strength_tablet=\u00bb1px\u00bb header_text_shadow_horizontal_length_tablet=\u00bb0px\u00bb header_text_shadow_vertical_length_tablet=\u00bb0px\u00bb header_text_shadow_blur_strength_tablet=\u00bb1px\u00bb header_2_text_shadow_horizontal_length_tablet=\u00bb0px\u00bb header_2_text_shadow_vertical_length_tablet=\u00bb0px\u00bb header_2_text_shadow_blur_strength_tablet=\u00bb1px\u00bb header_3_text_shadow_horizontal_length_tablet=\u00bb0px\u00bb header_3_text_shadow_vertical_length_tablet=\u00bb0px\u00bb header_3_text_shadow_blur_strength_tablet=\u00bb1px\u00bb header_4_text_shadow_horizontal_length_tablet=\u00bb0px\u00bb header_4_text_shadow_vertical_length_tablet=\u00bb0px\u00bb header_4_text_shadow_blur_strength_tablet=\u00bb1px\u00bb header_5_text_shadow_horizontal_length_tablet=\u00bb0px\u00bb header_5_text_shadow_vertical_length_tablet=\u00bb0px\u00bb header_5_text_shadow_blur_strength_tablet=\u00bb1px\u00bb header_6_text_shadow_horizontal_length_tablet=\u00bb0px\u00bb header_6_text_shadow_vertical_length_tablet=\u00bb0px\u00bb header_6_text_shadow_blur_strength_tablet=\u00bb1px\u00bb box_shadow_horizontal_tablet=\u00bb0px\u00bb box_shadow_vertical_tablet=\u00bb0px\u00bb box_shadow_blur_tablet=\u00bb40px\u00bb box_shadow_spread_tablet=\u00bb0px\u00bb global_colors_info=\u00bb{}\u00bb sticky_enabled=\u00bb0&#8243;]<\/p>\n<p>&nbsp;<\/p>\n<table style=\"width: 102.965%; border-collapse: collapse; border-style: hidden; height: 491px;\" border=\"0\">\n<tbody>\n<tr style=\"height: 491px;\">\n<td style=\"width: 100.929%; height: 491px;\">\n<p class=\"cvGsUA direction-ltr align-justify para-style-title\"><span class=\"OYPEnA font-feature-liga-off font-feature-clig-off font-feature-calt-off text-decoration-none text-strikethrough-none\">Los centros que deseen participar en este programa, podr\u00e1n c<\/span><span class=\"a_GcMg font-feature-liga-off font-feature-clig-off font-feature-calt-off text-decoration-none text-strikethrough-none\">umplimentar, del<\/span> <strong><span class=\"a_GcMg font-feature-liga-off font-feature-clig-off font-feature-calt-off text-decoration-none text-strikethrough-none\">1 al 30 de septiembre<\/span><\/strong><span class=\"a_GcMg font-feature-liga-off font-feature-clig-off font-feature-calt-off text-decoration-none text-strikethrough-none\">, en el Sistema de Informaci\u00f3n S\u00e9neca desde el perfil de \u201cDirecci\u00f3n\u201d, el <\/span><span class=\"a_GcMg font-feature-liga-off font-feature-clig-off font-feature-calt-off text-decoration-none text-strikethrough-none\">formulario de solicitud y la siguiente informaci\u00f3n:<\/span><\/p>\n<ul>\n<li><span class=\"a_GcMg font-feature-liga-off font-feature-clig-off font-feature-calt-off text-decoration-none text-strikethrough-none\">Programa y L\u00edneas de trabajo seleccionadas.<\/span><\/li>\n<li><span class=\"a_GcMg font-feature-liga-off font-feature-clig-off font-feature-calt-off text-decoration-none text-strikethrough-none\">Persona que desempe\u00f1ar\u00e1 la Coordinaci\u00f3n.<\/span><\/li>\n<li><span class=\"a_GcMg font-feature-liga-off font-feature-clig-off font-feature-calt-off text-decoration-none text-strikethrough-none\">Profesorado participante.<\/span><\/li>\n<\/ul>\n<p>Adicionalmente, podr\u00e1 seleccionar las siguientes<strong> l\u00edneas de trabajo<\/strong>:<\/p>\n<ul>\n<li><strong><span class=\"a_GcMg font-feature-liga-off font-feature-clig-off font-feature-calt-off text-decoration-none text-strikethrough-none\">Recapacicla: <\/span><\/strong><span class=\"a_GcMg font-feature-liga-off font-feature-clig-off font-feature-calt-off text-decoration-none text-strikethrough-none\">promueve la sensibilizaci\u00f3n sobre la gesti\u00f3n de residuos, la reducci\u00f3n, reutilizaci\u00f3n y reciclaje. Dirigido a alumnado de todas las ense\u00f1anzas.<\/span><\/li>\n<li><strong><span class=\"a_GcMg font-feature-liga-off font-feature-clig-off font-feature-calt-off text-decoration-none text-strikethrough-none\">Huertos Escolares<\/span><\/strong><span class=\"a_GcMg font-feature-liga-off font-feature-clig-off font-feature-calt-off text-decoration-none text-strikethrough-none\">: fomenta el respeto al entorno, la alimentaci\u00f3n saludable y el trabajo. Dirigido a alumnado de todas las ense\u00f1anzas<\/span><\/li>\n<\/ul>\n<p><span class=\"a_GcMg font-feature-liga-off font-feature-clig-off font-feature-calt-off text-decoration-none text-strikethrough-none\">Co<\/span>nsulte el tutorial de solicitud en <a href=\"https:\/\/www.juntadeandalucia.es/educacion/eaprendizaje\/wp-content\/uploads\/2025\/09\/TUTORIAL_SOLICITUD.pdf\" target=\"_blank\" rel=\"noopener\">pdf <\/a>y <a href=\"https:\/\/www.youtube.com\/watch?v=bN2H1U_OSV8\" target=\"_blank\" rel=\"noopener\">v\u00eddeo<\/a><a style=\"font-size: 16px;\" href=\"https:\/\/www.youtube.com\/watch?v=bN2H1U_OSV8\" target=\"_blank\" rel=\"noopener\">\u00a0<\/a><span style=\"font-family: inherit; font-size: inherit;\">para conocer los pasos a seguir en S\u00e9neca.\u00a0<\/span><\/p>\n<p><strong>Enlaces de inter\u00e9s:<\/strong><\/p>\n<ul>\n<li><a href=\"https:\/\/www.juntadeandalucia.es/educacion/eaprendizaje\/wp-content\/uploads\/2026\/04\/Listado-de-centros-participantes-en-el-programa-Aldea.pdf\">Listado de centros participantes en el programa Aldea<\/a><\/li>\n<li><a href=\"https:\/\/www.juntadeandalucia.es\/educacion\/portales\/documents\/270701\/2467231\/Resolucio%C2%BFn%20conjunta%20Programas%20educativos(F).pdf\/99def908-24d5-2dd5-f657-3fab610867e6?version=1.1\" target=\"_blank\" rel=\"noopener\">Resoluci\u00f3n de 01 de septiembre de 2025, conjunta de la Direcci\u00f3n General De Innovaci\u00f3n y Formaci\u00f3n del Profesorado y de la Direcci\u00f3n General de Participaci\u00f3n e Inclusi\u00f3n Educativa, por la que articula la integraci\u00f3n y unificaci\u00f3n de los distintos Programas Educativos gestionados por ambas Direcciones, se establece el procedimiento de participaci\u00f3n en los mismos, as\u00ed como su organizaci\u00f3n y funcionamiento para el curso acad\u00e9mico 2025\/2026.<\/a><\/li>\n<li><a href=\"https:\/\/www.juntadeandalucia.es/educacion/eaprendizaje\/wp-content\/uploads\/2025\/09\/TUTORIAL_SOLICITUD.pdf\" target=\"_blank\" rel=\"noopener\">Tutorial de solicitud en pdf<\/a> <a href=\"https:\/\/www.youtube.com\/watch?v=bN2H1U_OSV8\" target=\"_blank\" rel=\"noopener\">y en v\u00eddeo.<\/a><\/li>\n<li><strong><a href=\"https:\/\/www.juntadeandalucia.es/educacion/eaprendizaje\/wp-content\/uploads\/2026\/03\/IDEAS-ACTIVIDADES-ALDEA.pdf\">Ideas para acciones formativas ALDEA<\/a><\/strong><\/li>\n<li>Actividad D\u00eda del Reciclaje:\n<ul>\n<li><a href=\"https:\/\/www.juntadeandalucia.es/educacion/eaprendizaje\/wp-content\/uploads\/2026\/01\/Listado-provisional-reciclaje-primaria.pdf\">Listado definitivo de centros de Educaci\u00f3n Primaria\u00a0 seleccionados y en reserva en la Actividad D\u00eda del Reciclaje<\/a><\/li>\n<li><a href=\"https:\/\/www.juntadeandalucia.es/educacion/eaprendizaje\/wp-content\/uploads\/2026\/01\/Listado-Provisional-reciclaje-Secundaria.pdf\">Listado provisional de centros de Educaci\u00f3n Secundaria seleccionados y en reserva en la Actividad D\u00eda del Reciclaje<\/a><\/li>\n<\/ul>\n<\/li>\n<li><a href=\"https:\/\/www.juntadeandalucia.es/educacion/eaprendizaje\/wp-content\/uploads\/2026\/01\/Relacion-de-centros-selecionados-para-la-actividad-Asistencia-a-centros-Recapacicla-2526.pdf\">Relaci\u00f3n de centros beneficiarios de la actividad asistencia a centros (L\u00ednea de trabajo Recapacicla)<\/a><\/li>\n<\/ul>\n<\/td>\n<td style=\"width: 0.831947%; height: 491px;\">\n<p>&nbsp;<\/p>\n<p style=\"text-align: center;\">\n<\/td>\n<\/tr>\n<\/tbody>\n<\/table>\n<p>[\/et_pb_text][\/et_pb_column][\/et_pb_row][\/et_pb_section][et_pb_section fb_built=\u00bb1&#8243; disabled_on=\u00bbon|on|on\u00bb module_class=\u00bbseccion_contacto enlaces_pestanueva\u00bb _builder_version=\u00bb4.27.4&#8243; custom_padding=\u00bb10px||10px|\u00bb z_index_tablet=\u00bb500&#8243; custom_css_main_element=\u00bbmargin-top: 0 !important;\u00bb box_shadow_horizontal_tablet=\u00bb0px\u00bb box_shadow_vertical_tablet=\u00bb0px\u00bb box_shadow_blur_tablet=\u00bb40px\u00bb box_shadow_spread_tablet=\u00bb0px\u00bb disabled=\u00bbon\u00bb global_colors_info=\u00bb{}\u00bb][et_pb_row column_structure=\u00bb1_4,1_4,1_4,1_4&#8243; use_custom_gutter=\u00bbon\u00bb gutter_width=\u00bb2&#8243; _builder_version=\u00bb4.27.4&#8243; background_color=\u00bb#ffffff\u00bb width=\u00bb100%\u00bb max_width=\u00bb2560px\u00bb custom_margin=\u00bb-1px|auto||auto|false|false\u00bb custom_padding=\u00bb22px|2%|0px|2%|false|false\u00bb z_index_tablet=\u00bb500&#8243; box_shadow_horizontal_tablet=\u00bb0px\u00bb box_shadow_vertical_tablet=\u00bb0px\u00bb box_shadow_blur_tablet=\u00bb40px\u00bb box_shadow_spread_tablet=\u00bb0px\u00bb global_colors_info=\u00bb{}\u00bb][et_pb_column type=\u00bb1_4&#8243; module_class=\u00bbrec_verde rec_didacticos_list\u00bb _builder_version=\u00bb4.16&#8243; custom_padding=\u00bb|||\u00bb global_colors_info=\u00bb{}\u00bb custom_padding__hover=\u00bb|||\u00bb][et_pb_text admin_label=\u00bbCambio clim\u00e1tico\u00bb _builder_version=\u00bb4.16&#8243; z_index_tablet=\u00bb500&#8243; text_text_shadow_horizontal_length_tablet=\u00bb0px\u00bb text_text_shadow_vertical_length_tablet=\u00bb0px\u00bb text_text_shadow_blur_strength_tablet=\u00bb1px\u00bb link_text_shadow_horizontal_length_tablet=\u00bb0px\u00bb link_text_shadow_vertical_length_tablet=\u00bb0px\u00bb link_text_shadow_blur_strength_tablet=\u00bb1px\u00bb ul_text_shadow_horizontal_length_tablet=\u00bb0px\u00bb ul_text_shadow_vertical_length_tablet=\u00bb0px\u00bb ul_text_shadow_blur_strength_tablet=\u00bb1px\u00bb ol_text_shadow_horizontal_length_tablet=\u00bb0px\u00bb ol_text_shadow_vertical_length_tablet=\u00bb0px\u00bb ol_text_shadow_blur_strength_tablet=\u00bb1px\u00bb quote_text_shadow_horizontal_length_tablet=\u00bb0px\u00bb quote_text_shadow_vertical_length_tablet=\u00bb0px\u00bb quote_text_shadow_blur_strength_tablet=\u00bb1px\u00bb header_text_shadow_horizontal_length_tablet=\u00bb0px\u00bb header_text_shadow_vertical_length_tablet=\u00bb0px\u00bb header_text_shadow_blur_strength_tablet=\u00bb1px\u00bb header_2_text_shadow_horizontal_length_tablet=\u00bb0px\u00bb header_2_text_shadow_vertical_length_tablet=\u00bb0px\u00bb header_2_text_shadow_blur_strength_tablet=\u00bb1px\u00bb header_3_text_shadow_horizontal_length_tablet=\u00bb0px\u00bb header_3_text_shadow_vertical_length_tablet=\u00bb0px\u00bb header_3_text_shadow_blur_strength_tablet=\u00bb1px\u00bb header_4_text_shadow_horizontal_length_tablet=\u00bb0px\u00bb header_4_text_shadow_vertical_length_tablet=\u00bb0px\u00bb header_4_text_shadow_blur_strength_tablet=\u00bb1px\u00bb header_5_text_shadow_horizontal_length_tablet=\u00bb0px\u00bb header_5_text_shadow_vertical_length_tablet=\u00bb0px\u00bb header_5_text_shadow_blur_strength_tablet=\u00bb1px\u00bb header_6_text_shadow_horizontal_length_tablet=\u00bb0px\u00bb header_6_text_shadow_vertical_length_tablet=\u00bb0px\u00bb header_6_text_shadow_blur_strength_tablet=\u00bb1px\u00bb box_shadow_horizontal_tablet=\u00bb0px\u00bb box_shadow_vertical_tablet=\u00bb0px\u00bb box_shadow_blur_tablet=\u00bb40px\u00bb box_shadow_spread_tablet=\u00bb0px\u00bb global_colors_info=\u00bb{}\u00bb]<\/p>\n<h3 style=\"text-align: center;\"><strong><span style=\"color: #339966;\">CAMBIO <\/span><\/strong><\/h3>\n<h3 style=\"text-align: center;\"><strong><span style=\"color: #339966;\">CLIM\u00c1TICO<\/span><\/strong><\/h3>\n<p><img loading=\"lazy\" decoding=\"async\" class=\"aligncenter wp-image-6006\" src=\"https:\/\/www.juntadeandalucia.es/educacion/eaprendizaje\/wp-content\/uploads\/2025\/03\/1_Cambio-climatico-265x300-1.png\" alt=\"\" width=\"180\" height=\"204\" \/><br \/>\n[\/et_pb_text][et_pb_toggle title=\u00bbInternivelar\u00bb admin_label=\u00bbInternivelar. ICC\u00bb _builder_version=\u00bb4.16&#8243; z_index=\u00bb307&#8243; custom_margin=\u00bb||0px|\u00bb z_index_tablet=\u00bb500&#8243; title_text_shadow_horizontal_length_tablet=\u00bb0px\u00bb title_text_shadow_vertical_length_tablet=\u00bb0px\u00bb title_text_shadow_blur_strength_tablet=\u00bb1px\u00bb closed_title_text_shadow_horizontal_length_tablet=\u00bb0px\u00bb closed_title_text_shadow_vertical_length_tablet=\u00bb0px\u00bb closed_title_text_shadow_blur_strength_tablet=\u00bb1px\u00bb body_text_shadow_horizontal_length_tablet=\u00bb0px\u00bb body_text_shadow_vertical_length_tablet=\u00bb0px\u00bb body_text_shadow_blur_strength_tablet=\u00bb1px\u00bb body_link_text_shadow_horizontal_length_tablet=\u00bb0px\u00bb body_link_text_shadow_vertical_length_tablet=\u00bb0px\u00bb body_link_text_shadow_blur_strength_tablet=\u00bb1px\u00bb body_ul_text_shadow_horizontal_length_tablet=\u00bb0px\u00bb body_ul_text_shadow_vertical_length_tablet=\u00bb0px\u00bb body_ul_text_shadow_blur_strength_tablet=\u00bb1px\u00bb body_ol_text_shadow_horizontal_length_tablet=\u00bb0px\u00bb body_ol_text_shadow_vertical_length_tablet=\u00bb0px\u00bb body_ol_text_shadow_blur_strength_tablet=\u00bb1px\u00bb body_quote_text_shadow_horizontal_length_tablet=\u00bb0px\u00bb body_quote_text_shadow_vertical_length_tablet=\u00bb0px\u00bb body_quote_text_shadow_blur_strength_tablet=\u00bb1px\u00bb box_shadow_horizontal_tablet=\u00bb0px\u00bb box_shadow_vertical_tablet=\u00bb0px\u00bb box_shadow_blur_tablet=\u00bb40px\u00bb box_shadow_spread_tablet=\u00bb0px\u00bb text_shadow_horizontal_length_tablet=\u00bb0px\u00bb text_shadow_vertical_length_tablet=\u00bb0px\u00bb text_shadow_blur_strength_tablet=\u00bb1px\u00bb global_colors_info=\u00bb{}\u00bb]<\/p>\n<ul>\n<li><a href=\"https:\/\/goo.gl\/eVrIRB\">Gu\u00eda did\u00e1ctica KiotoEduca<\/a><\/li>\n<li><a href=\"https:\/\/www.juntadeandalucia.es\/educacion\/portals\/delegate\/content\/be5968c6-eddd-4b05-8b11-7b3bbd2d5b94\/02-La%20atm%C3%B3sfera%20nos%20protege\">La atm\u00f3sfera nos protege<\/a><\/li>\n<li><a href=\"https:\/\/www.juntadeandalucia.es\/educacion\/portals\/delegate\/content\/ff493bf8-6030-4b58-bb11-8c9ea1f6b867\/03-Una%20forma%20de%20vivir%20que%20genera%20emisiones\">Una forma de vivir que genera emisiones<\/a><\/li>\n<li><a href=\"https:\/\/www.juntadeandalucia.es\/educacion\/portals\/delegate\/content\/3a64ff82-b67d-464c-bc43-95ebdebea9eb\/04-Una%20forma%20de%20vivir%20que%20genera%20emisiones%20II\">Una forma de vivir que genera emisiones II<\/a><\/li>\n<li><a href=\"https:\/\/www.juntadeandalucia.es\/educacion\/portals\/delegate\/content\/d7bc8bf0-e6e9-4a65-8a4a-5ff0ede130d0\/05-Gases%20de%20efecto%20invernadero\">Gases de efecto invernadero<\/a><\/li>\n<li><a href=\"https:\/\/www.juntadeandalucia.es\/educacion\/portals\/delegate\/content\/e9d70a8a-131f-44d7-ba3b-3e278115cc7e\/06-Impactos%20en%20Andaluc%C3%ADa\">Impactos en Andaluc\u00eda<\/a><\/li>\n<li><a href=\"https:\/\/www.juntadeandalucia.es\/educacion\/portals\/delegate\/content\/76070dcd-313e-4f36-a574-344285193e49\/07-Disminuir%20las%20emisiones\">Disminuir las emisiones<\/a><\/li>\n<li><a href=\"https:\/\/www.juntadeandalucia.es\/educacion\/portals\/delegate\/content\/2dcdf03b-9baf-43b4-a851-3adec4907d84\/08-Prepararnos%20para%20el%20presente\">Prepararnos para el presente<\/a><\/li>\n<\/ul>\n<p>[\/et_pb_toggle][\/et_pb_column][et_pb_column type=\u00bb1_4&#8243; module_class=\u00bbrec_verde rec_didacticos_list\u00bb _builder_version=\u00bb4.16&#8243; custom_padding=\u00bb|||\u00bb global_colors_info=\u00bb{}\u00bb custom_padding__hover=\u00bb|||\u00bb][et_pb_text admin_label=\u00bbBiodiversidad y geodiversidad\u00bb _builder_version=\u00bb4.16&#8243; z_index_tablet=\u00bb500&#8243; text_text_shadow_horizontal_length_tablet=\u00bb0px\u00bb text_text_shadow_vertical_length_tablet=\u00bb0px\u00bb text_text_shadow_blur_strength_tablet=\u00bb1px\u00bb link_text_shadow_horizontal_length_tablet=\u00bb0px\u00bb link_text_shadow_vertical_length_tablet=\u00bb0px\u00bb link_text_shadow_blur_strength_tablet=\u00bb1px\u00bb ul_text_shadow_horizontal_length_tablet=\u00bb0px\u00bb ul_text_shadow_vertical_length_tablet=\u00bb0px\u00bb ul_text_shadow_blur_strength_tablet=\u00bb1px\u00bb ol_text_shadow_horizontal_length_tablet=\u00bb0px\u00bb ol_text_shadow_vertical_length_tablet=\u00bb0px\u00bb ol_text_shadow_blur_strength_tablet=\u00bb1px\u00bb quote_text_shadow_horizontal_length_tablet=\u00bb0px\u00bb quote_text_shadow_vertical_length_tablet=\u00bb0px\u00bb quote_text_shadow_blur_strength_tablet=\u00bb1px\u00bb header_text_shadow_horizontal_length_tablet=\u00bb0px\u00bb header_text_shadow_vertical_length_tablet=\u00bb0px\u00bb header_text_shadow_blur_strength_tablet=\u00bb1px\u00bb header_2_text_shadow_horizontal_length_tablet=\u00bb0px\u00bb header_2_text_shadow_vertical_length_tablet=\u00bb0px\u00bb header_2_text_shadow_blur_strength_tablet=\u00bb1px\u00bb header_3_text_shadow_horizontal_length_tablet=\u00bb0px\u00bb header_3_text_shadow_vertical_length_tablet=\u00bb0px\u00bb header_3_text_shadow_blur_strength_tablet=\u00bb1px\u00bb header_4_text_shadow_horizontal_length_tablet=\u00bb0px\u00bb header_4_text_shadow_vertical_length_tablet=\u00bb0px\u00bb header_4_text_shadow_blur_strength_tablet=\u00bb1px\u00bb header_5_text_shadow_horizontal_length_tablet=\u00bb0px\u00bb header_5_text_shadow_vertical_length_tablet=\u00bb0px\u00bb header_5_text_shadow_blur_strength_tablet=\u00bb1px\u00bb header_6_text_shadow_horizontal_length_tablet=\u00bb0px\u00bb header_6_text_shadow_vertical_length_tablet=\u00bb0px\u00bb header_6_text_shadow_blur_strength_tablet=\u00bb1px\u00bb box_shadow_horizontal_tablet=\u00bb0px\u00bb box_shadow_vertical_tablet=\u00bb0px\u00bb box_shadow_blur_tablet=\u00bb40px\u00bb box_shadow_spread_tablet=\u00bb0px\u00bb saved_tabs=\u00bball\u00bb global_colors_info=\u00bb{}\u00bb]<\/p>\n<h3 style=\"text-align: center;\"><strong><span style=\"color: #339966;\">BIODIVERSIDAD Y <\/span><\/strong><\/h3>\n<h3 style=\"text-align: center;\"><strong><span style=\"color: #339966;\">GEODIVERSIDAD<\/span><\/strong><\/h3>\n<p><img loading=\"lazy\" decoding=\"async\" class=\"aligncenter wp-image-6005\" src=\"https:\/\/www.juntadeandalucia.es/educacion/eaprendizaje\/wp-content\/uploads\/2025\/03\/2_Biodiversidad-y-geodiversidad-265x300-1.png\" alt=\"\" width=\"180\" height=\"204\" \/><br \/>\n[\/et_pb_text][et_pb_toggle title=\u00bbInternivelar\u00bb admin_label=\u00bbInternivelar. Bio\u00bb _builder_version=\u00bb4.27.4&#8243; z_index=\u00bb307&#8243; custom_margin=\u00bb||0px|\u00bb z_index_tablet=\u00bb500&#8243; title_text_shadow_horizontal_length_tablet=\u00bb0px\u00bb title_text_shadow_vertical_length_tablet=\u00bb0px\u00bb title_text_shadow_blur_strength_tablet=\u00bb1px\u00bb closed_title_text_shadow_horizontal_length_tablet=\u00bb0px\u00bb closed_title_text_shadow_vertical_length_tablet=\u00bb0px\u00bb closed_title_text_shadow_blur_strength_tablet=\u00bb1px\u00bb body_text_shadow_horizontal_length_tablet=\u00bb0px\u00bb body_text_shadow_vertical_length_tablet=\u00bb0px\u00bb body_text_shadow_blur_strength_tablet=\u00bb1px\u00bb body_link_text_shadow_horizontal_length_tablet=\u00bb0px\u00bb body_link_text_shadow_vertical_length_tablet=\u00bb0px\u00bb body_link_text_shadow_blur_strength_tablet=\u00bb1px\u00bb body_ul_text_shadow_horizontal_length_tablet=\u00bb0px\u00bb body_ul_text_shadow_vertical_length_tablet=\u00bb0px\u00bb body_ul_text_shadow_blur_strength_tablet=\u00bb1px\u00bb body_ol_text_shadow_horizontal_length_tablet=\u00bb0px\u00bb body_ol_text_shadow_vertical_length_tablet=\u00bb0px\u00bb body_ol_text_shadow_blur_strength_tablet=\u00bb1px\u00bb body_quote_text_shadow_horizontal_length_tablet=\u00bb0px\u00bb body_quote_text_shadow_vertical_length_tablet=\u00bb0px\u00bb body_quote_text_shadow_blur_strength_tablet=\u00bb1px\u00bb box_shadow_horizontal_tablet=\u00bb0px\u00bb box_shadow_vertical_tablet=\u00bb0px\u00bb box_shadow_blur_tablet=\u00bb40px\u00bb box_shadow_spread_tablet=\u00bb0px\u00bb text_shadow_horizontal_length_tablet=\u00bb0px\u00bb text_shadow_vertical_length_tablet=\u00bb0px\u00bb text_shadow_blur_strength_tablet=\u00bb1px\u00bb global_colors_info=\u00bb{}\u00bb]<\/p>\n<ul>\n<li><a href=\"https:\/\/www.juntadeandalucia.es\/medioambiente\/portal\/documents\/20151\/5395847\/gea_geodiversidad.pdf\/3a940cb8-d3f8-e103-5a86-90f0e9c46f0c?t=1620128820405\">Gu\u00eda did\u00e1ctica de educaci\u00f3n ambiental: \u201c6\/Educaci\u00f3n Ambiental y Conservaci\u00f3n de la Geodiversidad\u201d<\/a> (pdf)<\/li>\n<li><a href=\"https:\/\/www.juntadeandalucia.es\/medioambiente\/portal\/documents\/20151\/54650000\/Catalogo-recursos-didacticos-geoparque-subbeticas.pdf\/8914ec3e-9625-1fb9-ebb6-5f8de5818620?t=1713952743441\">Gu\u00eda de recursos y actividades did\u00e1cticas\u00a0 de las Sierras Subb\u00e9ticas (Parque Natural y Geoparque)<\/a> (pdf)<\/li>\n<li><a href=\"https:\/\/www.juntadeandalucia.es\/medioambiente\/portal\/documents\/20151\/678598\/guia_didactica_ea_eenn.pdf\/30b0cf6c-d7ee-0652-f607-0b1ee8778c74?t=1580741431000\">Gu\u00eda did\u00e1ctica de educaci\u00f3n ambiental: \u201c6\/Educaci\u00f3n Ambiental y Espacios Naturales\u201d<\/a> (pdf)<\/li>\n<li><a href=\"https:\/\/www.juntadeandalucia.es\/medioambiente\/portal\/documents\/20151\/5395847\/geam_personas_mayores.pdf\/68f63815-97d5-8cfa-7407-76a2bdea5d3c?t=1620200120767\">Gu\u00eda did\u00e1ctica de educaci\u00f3n ambiental: \u201c6\/Educaci\u00f3n Ambiental y Personas Mayores\u201d<\/a> (pdf)<\/li>\n<li><a href=\"https:\/\/www.juntadeandalucia.es\/educacion\/eaprendizaje\/wp-content\/uploads\/2024\/06\/guia_practica_Restauracion_ecologica.pdf\">Gu\u00eda pr\u00e1ctica de Restauraci\u00f3n Ecol\u00f3gica<\/a> (pdf)<\/li>\n<li><a href=\"https:\/\/www.juntadeandalucia.es\/medioambiente\/portal\/landing-page\/-\/asset_publisher\/4V1kD5gLiJkq\/content\/unidades-did-c3-a1cticas\/20151\">Centros de Recuperaci\u00f3n de Especies Amenazadas (CREAS<\/a>)<\/li>\n<li><a href=\"https:\/\/www.juntadeandalucia.es\/medioambiente\/portal\/landing-page\/-\/asset_publisher\/4V1kD5gLiJkq\/content\/pervivencia.-cuentos-de-fauna-amenazada\/20151\">Pervivencia. Cuentos de Fauna Amenazada.<\/a> Educaci\u00f3n Infantil y Primaria (audio y pdf)<\/li>\n<li><a href=\"https:\/\/www.juntadeandalucia.es\/medioambiente\/portal\/areas-tematicas\/sensibilizacion-formacion\/sensibilizacion-educacion-para-la-sostenibilidad\/programas\/cuadernos-didacticos-aves\">Cuadernos did\u00e1cticos de aves (2021-2023<\/a>), (pdf)<\/li>\n<li><a href=\"https:\/\/www.juntadeandalucia.es\/medioambiente\/portal\/landing-page\/-\/asset_publisher\/4V1kD5gLiJkq\/content\/cuadernos-did-c3-a1cticos\/20151\">Cuadernos did\u00e1cticos de aves (2011-2019) <\/a>(pdf)<\/li>\n<li><a href=\"https:\/\/www.juntadeandalucia.es\/medioambiente\/portal\/web\/guest\/landing-page-%C3%ADndice\/-\/asset_publisher\/zX2ouZa4r1Rf\/content\/fichas-did-c3-a1cticas-de-las-aves-en-los-espacios-naturales-protegidos-de-andaluc-c3-ada\/20151\">Fichas did\u00e1cticas de aves de los espacios naturales de las diferentes provincias de Andaluc\u00eda<\/a> (archivos pdf)<\/li>\n<li><a href=\"https:\/\/www.juntadeandalucia.es\/medioambiente\/portal\/landing-page\/-\/asset_publisher\/4V1kD5gLiJkq\/content\/carteles-did-c3-a1cticos\/20151\">Carteles Did\u00e1cticos Educaves<\/a><\/li>\n<li><a href=\"https:\/\/www.juntadeandalucia.es\/medioambiente\/portal\/landing-page\/-\/asset_publisher\/4V1kD5gLiJkq\/content\/unidades-did-c3-a1cticas\/20151\">Unidades did\u00e1cticas sobre Aves<\/a><\/li>\n<li><a href=\"https:\/\/eur02.safelinks.protection.outlook.com\/?url=https%3A%2F%2Fseo.org%2Fguia-de-aves-de-espana%2F&amp;data=05%7C02%7Cvioleta.sanchez.moreno.edu%40juntadeandalucia.es%7Cc2d3cda08b6f4e8edf5c08dd608042f2%7C6f790c0b1f114877a4dff835ab8e7e1f%7C0%7C0%7C638772826180994711%7CUnknown%7CTWFpbGZsb3d8eyJFbXB0eU1hcGkiOnRydWUsIlYiOiIwLjAuMDAwMCIsIlAiOiJXaW4zMiIsIkFOIjoiTWFpbCIsIldUIjoyfQ%3D%3D%7C0%7C%7C%7C&amp;sdata=gTy0HV8drFFanPOUXkSwBAlT7F5xaW07O9pNw9ut%2BKg%3D&amp;reserved=0\">Gu\u00eda de aves de Espa\u00f1a<\/a> (App; gu\u00eda digital)<\/li>\n<li><a href=\"https:\/\/eur02.safelinks.protection.outlook.com\/?url=https%3A%2F%2Fintef.es%2Frecursos-educativos%2Fexperiencias-educativas-inspiradoras%2Fdetalle-experiencias%2F%3Fid%3D40730&amp;data=05%7C02%7Cvioleta.sanchez.moreno.edu%40juntadeandalucia.es%7Cc2d3cda08b6f4e8edf5c08dd608042f2%7C6f790c0b1f114877a4dff835ab8e7e1f%7C0%7C0%7C638772826181017835%7CUnknown%7CTWFpbGZsb3d8eyJFbXB0eU1hcGkiOnRydWUsIlYiOiIwLjAuMDAwMCIsIlAiOiJXaW4zMiIsIkFOIjoiTWFpbCIsIldUIjoyfQ%3D%3D%7C0%7C%7C%7C&amp;sdata=AwHrnJ9u5f8hoFnHP3sO%2FaQEe2H%2BVN1Y2AZcGcedoB8%3D&amp;reserved=0\">Perales en todos los sentidos <\/a>(Experiencia educativa)<\/li>\n<\/ul>\n<p>[\/et_pb_toggle][et_pb_toggle title=\u00bbEDUCACI\u00d3N INFANTIL\u00bb admin_label=\u00bbInfantil\u00bb _builder_version=\u00bb4.27.4&#8243; z_index=\u00bb307&#8243; custom_margin=\u00bb||0px|\u00bb z_index_tablet=\u00bb500&#8243; title_text_shadow_horizontal_length_tablet=\u00bb0px\u00bb title_text_shadow_vertical_length_tablet=\u00bb0px\u00bb title_text_shadow_blur_strength_tablet=\u00bb1px\u00bb closed_title_text_shadow_horizontal_length_tablet=\u00bb0px\u00bb closed_title_text_shadow_vertical_length_tablet=\u00bb0px\u00bb closed_title_text_shadow_blur_strength_tablet=\u00bb1px\u00bb body_text_shadow_horizontal_length_tablet=\u00bb0px\u00bb body_text_shadow_vertical_length_tablet=\u00bb0px\u00bb body_text_shadow_blur_strength_tablet=\u00bb1px\u00bb body_link_text_shadow_horizontal_length_tablet=\u00bb0px\u00bb body_link_text_shadow_vertical_length_tablet=\u00bb0px\u00bb body_link_text_shadow_blur_strength_tablet=\u00bb1px\u00bb body_ul_text_shadow_horizontal_length_tablet=\u00bb0px\u00bb body_ul_text_shadow_vertical_length_tablet=\u00bb0px\u00bb body_ul_text_shadow_blur_strength_tablet=\u00bb1px\u00bb body_ol_text_shadow_horizontal_length_tablet=\u00bb0px\u00bb body_ol_text_shadow_vertical_length_tablet=\u00bb0px\u00bb body_ol_text_shadow_blur_strength_tablet=\u00bb1px\u00bb body_quote_text_shadow_horizontal_length_tablet=\u00bb0px\u00bb body_quote_text_shadow_vertical_length_tablet=\u00bb0px\u00bb body_quote_text_shadow_blur_strength_tablet=\u00bb1px\u00bb box_shadow_horizontal_tablet=\u00bb0px\u00bb box_shadow_vertical_tablet=\u00bb0px\u00bb box_shadow_blur_tablet=\u00bb40px\u00bb box_shadow_spread_tablet=\u00bb0px\u00bb text_shadow_horizontal_length_tablet=\u00bb0px\u00bb text_shadow_vertical_length_tablet=\u00bb0px\u00bb text_shadow_blur_strength_tablet=\u00bb1px\u00bb global_colors_info=\u00bb{}\u00bb]<\/p>\n<ul>\n<li><a href=\"https:\/\/eur02.safelinks.protection.outlook.com\/?url=https%3A%2F%2Fintef.es%2Frecursos-educativos%2Fexperiencias-educativas-inspiradoras%2Fdetalle-experiencias%2F%3Fid%3D20350&amp;data=05%7C02%7Cvioleta.sanchez.moreno.edu%40juntadeandalucia.es%7Cc2d3cda08b6f4e8edf5c08dd608042f2%7C6f790c0b1f114877a4dff835ab8e7e1f%7C0%7C0%7C638772826181030883%7CUnknown%7CTWFpbGZsb3d8eyJFbXB0eU1hcGkiOnRydWUsIlYiOiIwLjAuMDAwMCIsIlAiOiJXaW4zMiIsIkFOIjoiTWFpbCIsIldUIjoyfQ%3D%3D%7C0%7C%7C%7C&amp;sdata=z65leLf7ShuUzrzVn6mRIwU6sOeq5ajk72nlujayTvA%3D&amp;reserved=0\">Guardian@s del planeta Tierra (Experiencia educativa)<\/a><\/li>\n<li><a href=\"https:\/\/eur02.safelinks.protection.outlook.com\/?url=https%3A%2F%2Fintef.es%2Frecursos-educativos%2Fexperiencias-educativas-inspiradoras%2Fdetalle-experiencias%2F%3Fid%3D16693&amp;data=05%7C02%7Cvioleta.sanchez.moreno.edu%40juntadeandalucia.es%7Cc2d3cda08b6f4e8edf5c08dd608042f2%7C6f790c0b1f114877a4dff835ab8e7e1f%7C0%7C0%7C638772826181043604%7CUnknown%7CTWFpbGZsb3d8eyJFbXB0eU1hcGkiOnRydWUsIlYiOiIwLjAuMDAwMCIsIlAiOiJXaW4zMiIsIkFOIjoiTWFpbCIsIldUIjoyfQ%3D%3D%7C0%7C%7C%7C&amp;sdata=bXbb7LuE%2F8enwp2pQfpq38AbBpamFrL3COTlGDXHEE4%3D&amp;reserved=0\">Mapamundi interactivo de animales (Experiencia educativa)<\/a><\/li>\n<\/ul>\n<p>[\/et_pb_toggle][et_pb_toggle title=\u00bbEDUCACI\u00d3N PRIMARIA\u00bb admin_label=\u00bbPrimaria\u00bb _builder_version=\u00bb4.27.4&#8243; z_index=\u00bb307&#8243; custom_margin=\u00bb||0px|\u00bb z_index_tablet=\u00bb500&#8243; title_text_shadow_horizontal_length_tablet=\u00bb0px\u00bb title_text_shadow_vertical_length_tablet=\u00bb0px\u00bb title_text_shadow_blur_strength_tablet=\u00bb1px\u00bb closed_title_text_shadow_horizontal_length_tablet=\u00bb0px\u00bb closed_title_text_shadow_vertical_length_tablet=\u00bb0px\u00bb closed_title_text_shadow_blur_strength_tablet=\u00bb1px\u00bb body_text_shadow_horizontal_length_tablet=\u00bb0px\u00bb body_text_shadow_vertical_length_tablet=\u00bb0px\u00bb body_text_shadow_blur_strength_tablet=\u00bb1px\u00bb body_link_text_shadow_horizontal_length_tablet=\u00bb0px\u00bb body_link_text_shadow_vertical_length_tablet=\u00bb0px\u00bb body_link_text_shadow_blur_strength_tablet=\u00bb1px\u00bb body_ul_text_shadow_horizontal_length_tablet=\u00bb0px\u00bb body_ul_text_shadow_vertical_length_tablet=\u00bb0px\u00bb body_ul_text_shadow_blur_strength_tablet=\u00bb1px\u00bb body_ol_text_shadow_horizontal_length_tablet=\u00bb0px\u00bb body_ol_text_shadow_vertical_length_tablet=\u00bb0px\u00bb body_ol_text_shadow_blur_strength_tablet=\u00bb1px\u00bb body_quote_text_shadow_horizontal_length_tablet=\u00bb0px\u00bb body_quote_text_shadow_vertical_length_tablet=\u00bb0px\u00bb body_quote_text_shadow_blur_strength_tablet=\u00bb1px\u00bb box_shadow_horizontal_tablet=\u00bb0px\u00bb box_shadow_vertical_tablet=\u00bb0px\u00bb box_shadow_blur_tablet=\u00bb40px\u00bb box_shadow_spread_tablet=\u00bb0px\u00bb text_shadow_horizontal_length_tablet=\u00bb0px\u00bb text_shadow_vertical_length_tablet=\u00bb0px\u00bb text_shadow_blur_strength_tablet=\u00bb1px\u00bb global_colors_info=\u00bb{}\u00bb]<\/p>\n<ul>\n<li><a href=\"https:\/\/eur02.safelinks.protection.outlook.com\/?url=https%3A%2F%2Fdescargas.intef.es%2Fcedec%2Fproyectoedia%2Freaprimariaciencias%2Fcontenidos%2Fplantas%2F_gua_didctica_.html&amp;data=05%7C02%7Cvioleta.sanchez.moreno.edu%40juntadeandalucia.es%7Cc2d3cda08b6f4e8edf5c08dd608042f2%7C6f790c0b1f114877a4dff835ab8e7e1f%7C0%7C0%7C638772826181069296%7CUnknown%7CTWFpbGZsb3d8eyJFbXB0eU1hcGkiOnRydWUsIlYiOiIwLjAuMDAwMCIsIlAiOiJXaW4zMiIsIkFOIjoiTWFpbCIsIldUIjoyfQ%3D%3D%7C0%7C%7C%7C&amp;sdata=abAYsg5PMXSQbAmw%2Fed0alTGXim88KgMeKryKV2RfLc%3D&amp;reserved=0\">Plantas (Situaci\u00f3n de aprendizaje. 4 EP)<\/a><\/li>\n<li><a href=\"https:\/\/eur02.safelinks.protection.outlook.com\/?url=https%3A%2F%2Fdescargas.intef.es%2Fcedec%2Fproyectoedia%2Faicle%2Fcontenidos%2Fwhydowelivehere%2Findex.html&amp;data=05%7C02%7Cvioleta.sanchez.moreno.edu%40juntadeandalucia.es%7Cc2d3cda08b6f4e8edf5c08dd608042f2%7C6f790c0b1f114877a4dff835ab8e7e1f%7C0%7C0%7C638772826181082316%7CUnknown%7CTWFpbGZsb3d8eyJFbXB0eU1hcGkiOnRydWUsIlYiOiIwLjAuMDAwMCIsIlAiOiJXaW4zMiIsIkFOIjoiTWFpbCIsIldUIjoyfQ%3D%3D%7C0%7C%7C%7C&amp;sdata=WRypwBWjddKwLKQ6ka3E8JfaUSHi3THHIzm5uHRRUqI%3D&amp;reserved=0\">Why do we live here? (ODE. Situaci\u00f3n de Aprendizaje)<\/a><\/li>\n<li><a href=\"https:\/\/edea.juntadeandalucia.es\/bancorecursos\/file\/e8b0bf01-e9f6-48a7-9824-933bfc9dd0ee\/1\/ROB_5PRI_REA_06_v01.zip\/index.html\">Situaci\u00f3n de Aprendizaje \u201cSomos Inteligentes\u201d (REA; Primaria; IA, rocas y minerales)<\/a><\/li>\n<li><a href=\"https:\/\/eur02.safelinks.protection.outlook.com\/?url=https%3A%2F%2Fintef.es%2Frecursos-educativos%2Fexperiencias-educativas-inspiradoras%2Fdetalle-experiencias%2F%3Fid%3D41432&amp;data=05%7C02%7Cvioleta.sanchez.moreno.edu%40juntadeandalucia.es%7Cc2d3cda08b6f4e8edf5c08dd608042f2%7C6f790c0b1f114877a4dff835ab8e7e1f%7C0%7C0%7C638772826181094510%7CUnknown%7CTWFpbGZsb3d8eyJFbXB0eU1hcGkiOnRydWUsIlYiOiIwLjAuMDAwMCIsIlAiOiJXaW4zMiIsIkFOIjoiTWFpbCIsIldUIjoyfQ%3D%3D%7C0%7C%7C%7C&amp;sdata=VdEdWX2tMBIlIZV4b8W56nNZEXMm7LR%2BNv9Yd2k7hik%3D&amp;reserved=0\">\u00abPlantas: Jack and his beanstalk in the LAB\u00bb (Experiencia educativa : Primaria)<\/a><\/li>\n<li><a href=\"https:\/\/eur02.safelinks.protection.outlook.com\/?url=https%3A%2F%2Fintef.es%2Frecursos-educativos%2Fexperiencias-educativas-inspiradoras%2Fdetalle-experiencias%2F%3Fid%3D24865&amp;data=05%7C02%7Cvioleta.sanchez.moreno.edu%40juntadeandalucia.es%7Cc2d3cda08b6f4e8edf5c08dd608042f2%7C6f790c0b1f114877a4dff835ab8e7e1f%7C0%7C0%7C638772826181107136%7CUnknown%7CTWFpbGZsb3d8eyJFbXB0eU1hcGkiOnRydWUsIlYiOiIwLjAuMDAwMCIsIlAiOiJXaW4zMiIsIkFOIjoiTWFpbCIsIldUIjoyfQ%3D%3D%7C0%7C%7C%7C&amp;sdata=J9zMjhJxO41uT%2Fy0Z%2BvvJKvcX5sTxACxnNG3fFHiJGE%3D&amp;reserved=0\">Harry Potter y las semillas del futuro (Experiencia educativa)<\/a><\/li>\n<li><a href=\"https:\/\/eur02.safelinks.protection.outlook.com\/?url=https%3A%2F%2Fintef.es%2Frecursos-educativos%2Fexperiencias-educativas-inspiradoras%2Fdetalle-experiencias%2F%3Fid%3D22220&amp;data=05%7C02%7Cvioleta.sanchez.moreno.edu%40juntadeandalucia.es%7Cc2d3cda08b6f4e8edf5c08dd608042f2%7C6f790c0b1f114877a4dff835ab8e7e1f%7C0%7C0%7C638772826181119397%7CUnknown%7CTWFpbGZsb3d8eyJFbXB0eU1hcGkiOnRydWUsIlYiOiIwLjAuMDAwMCIsIlAiOiJXaW4zMiIsIkFOIjoiTWFpbCIsIldUIjoyfQ%3D%3D%7C0%7C%7C%7C&amp;sdata=rArQ8XBanGXBSfEUCkwuzkBIdQMfEgXBDAv1csoUMJE%3D&amp;reserved=0\">La hoz de Mar\u00edn (Experiencia educativa)<\/a><\/li>\n<\/ul>\n<p>[\/et_pb_toggle][et_pb_toggle title=\u00bbEDUCACI\u00d3N SECUNDARIA OBLIGATORIA\u00bb admin_label=\u00bbESO\u00bb _builder_version=\u00bb4.27.4&#8243; z_index=\u00bb307&#8243; custom_margin=\u00bb||0px|\u00bb z_index_tablet=\u00bb500&#8243; title_text_shadow_horizontal_length_tablet=\u00bb0px\u00bb title_text_shadow_vertical_length_tablet=\u00bb0px\u00bb title_text_shadow_blur_strength_tablet=\u00bb1px\u00bb closed_title_text_shadow_horizontal_length_tablet=\u00bb0px\u00bb closed_title_text_shadow_vertical_length_tablet=\u00bb0px\u00bb closed_title_text_shadow_blur_strength_tablet=\u00bb1px\u00bb body_text_shadow_horizontal_length_tablet=\u00bb0px\u00bb body_text_shadow_vertical_length_tablet=\u00bb0px\u00bb body_text_shadow_blur_strength_tablet=\u00bb1px\u00bb body_link_text_shadow_horizontal_length_tablet=\u00bb0px\u00bb body_link_text_shadow_vertical_length_tablet=\u00bb0px\u00bb body_link_text_shadow_blur_strength_tablet=\u00bb1px\u00bb body_ul_text_shadow_horizontal_length_tablet=\u00bb0px\u00bb body_ul_text_shadow_vertical_length_tablet=\u00bb0px\u00bb body_ul_text_shadow_blur_strength_tablet=\u00bb1px\u00bb body_ol_text_shadow_horizontal_length_tablet=\u00bb0px\u00bb body_ol_text_shadow_vertical_length_tablet=\u00bb0px\u00bb body_ol_text_shadow_blur_strength_tablet=\u00bb1px\u00bb body_quote_text_shadow_horizontal_length_tablet=\u00bb0px\u00bb body_quote_text_shadow_vertical_length_tablet=\u00bb0px\u00bb body_quote_text_shadow_blur_strength_tablet=\u00bb1px\u00bb box_shadow_horizontal_tablet=\u00bb0px\u00bb box_shadow_vertical_tablet=\u00bb0px\u00bb box_shadow_blur_tablet=\u00bb40px\u00bb box_shadow_spread_tablet=\u00bb0px\u00bb text_shadow_horizontal_length_tablet=\u00bb0px\u00bb text_shadow_vertical_length_tablet=\u00bb0px\u00bb text_shadow_blur_strength_tablet=\u00bb1px\u00bb global_colors_info=\u00bb{}\u00bb]<\/p>\n<ul>\n<li><a href=\"https:\/\/eur02.safelinks.protection.outlook.com\/?url=https%3A%2F%2Fdescargas.intef.es%2Fcedec%2Fproyectoedia%2Fbiologia_geologia%2Fcontenidos%2Finvestigando_clasificacion%2Findex.html&amp;data=05%7C02%7Cvioleta.sanchez.moreno.edu%40juntadeandalucia.es%7Cc2d3cda08b6f4e8edf5c08dd608042f2%7C6f790c0b1f114877a4dff835ab8e7e1f%7C0%7C0%7C638772826181133647%7CUnknown%7CTWFpbGZsb3d8eyJFbXB0eU1hcGkiOnRydWUsIlYiOiIwLjAuMDAwMCIsIlAiOiJXaW4zMiIsIkFOIjoiTWFpbCIsIldUIjoyfQ%3D%3D%7C0%7C%7C%7C&amp;sdata=rxduuoN%2FAIX3wbkMFNr3HNFV0s4pJt%2BG7kQvj2Scfug%3D&amp;reserved=0\">Serie Investigando. Investigando la clasificaci\u00f3n de los seres vivos. (ODE. Situaci\u00f3n de aprendizaje)<\/a><\/li>\n<li><a href=\"https:\/\/eur02.safelinks.protection.outlook.com\/?url=https%3A%2F%2Fdescargas.intef.es%2Fcedec%2Fproyectoedia%2Fbiologia_geologia%2Fcontenidos%2Finvestigando_la_biodiversidad%2Findex.html&amp;data=05%7C02%7Cvioleta.sanchez.moreno.edu%40juntadeandalucia.es%7Cc2d3cda08b6f4e8edf5c08dd608042f2%7C6f790c0b1f114877a4dff835ab8e7e1f%7C0%7C0%7C638772826181147664%7CUnknown%7CTWFpbGZsb3d8eyJFbXB0eU1hcGkiOnRydWUsIlYiOiIwLjAuMDAwMCIsIlAiOiJXaW4zMiIsIkFOIjoiTWFpbCIsIldUIjoyfQ%3D%3D%7C0%7C%7C%7C&amp;sdata=SN2L%2FTof7HnrvhFfeJTstGmCV3pTKnu5rkaNpRtDrXE%3D&amp;reserved=0\">Serie Investigando. Investigando la biodiversidad. (ODE. Situaci\u00f3n de aprendizaje)<\/a><\/li>\n<li><a href=\"https:\/\/eur02.safelinks.protection.outlook.com\/?url=https%3A%2F%2Fdescargas.intef.es%2Fcedec%2Fproyectoedia%2Fbiologia_geologia%2Fcontenidos%2Finvestigando_los_ecosistemas%2Findex.html&amp;data=05%7C02%7Cvioleta.sanchez.moreno.edu%40juntadeandalucia.es%7Cc2d3cda08b6f4e8edf5c08dd608042f2%7C6f790c0b1f114877a4dff835ab8e7e1f%7C0%7C0%7C638772826181159977%7CUnknown%7CTWFpbGZsb3d8eyJFbXB0eU1hcGkiOnRydWUsIlYiOiIwLjAuMDAwMCIsIlAiOiJXaW4zMiIsIkFOIjoiTWFpbCIsIldUIjoyfQ%3D%3D%7C0%7C%7C%7C&amp;sdata=p5HQvQdNa79RdPZRkdwiCAN%2B6rXsNsZypOiQwn4scFM%3D&amp;reserved=0\">Serie Investigando. Investigando los ecosistemas y la sostenibilidad. (ODE. Situaci\u00f3n de aprendizaje.ESO)<\/a><\/li>\n<li><a href=\"https:\/\/eur02.safelinks.protection.outlook.com\/?url=https%3A%2F%2Fdescargas.intef.es%2Fcedec%2Fproyectoedia%2Fbiologia_geologia%2Fcontenidos%2Finvestigando_geodiversidad%2Findex.html&amp;data=05%7C02%7Cvioleta.sanchez.moreno.edu%40juntadeandalucia.es%7Cc2d3cda08b6f4e8edf5c08dd608042f2%7C6f790c0b1f114877a4dff835ab8e7e1f%7C0%7C0%7C638772826181171816%7CUnknown%7CTWFpbGZsb3d8eyJFbXB0eU1hcGkiOnRydWUsIlYiOiIwLjAuMDAwMCIsIlAiOiJXaW4zMiIsIkFOIjoiTWFpbCIsIldUIjoyfQ%3D%3D%7C0%7C%7C%7C&amp;sdata=8IyWGIcB5YDVz6AlRTNTdzKFzulZhWSHea0GWRdHWus%3D&amp;reserved=0\">Serie Investigando. Investigando la geodiversidad. (ODE. Situaci\u00f3n de aprendizaje)<\/a><\/li>\n<li><a href=\"https:\/\/eur02.safelinks.protection.outlook.com\/?url=https%3A%2F%2Fintef.es%2Frecursos-educativos%2Fexperiencias-educativas-inspiradoras%2Fdetalle-experiencias%2F%3Fid%3D33896&amp;data=05%7C02%7Cvioleta.sanchez.moreno.edu%40juntadeandalucia.es%7Cc2d3cda08b6f4e8edf5c08dd608042f2%7C6f790c0b1f114877a4dff835ab8e7e1f%7C0%7C0%7C638772826181183384%7CUnknown%7CTWFpbGZsb3d8eyJFbXB0eU1hcGkiOnRydWUsIlYiOiIwLjAuMDAwMCIsIlAiOiJXaW4zMiIsIkFOIjoiTWFpbCIsIldUIjoyfQ%3D%3D%7C0%7C%7C%7C&amp;sdata=rDdiFcbcOcbofS%2FmKRQeo0wAUt8xlIqgryQcyFLD6YE%3D&amp;reserved=0\">SOS-ODS (Experiencia educativa)<\/a><\/li>\n<li><a href=\"https:\/\/eur02.safelinks.protection.outlook.com\/?url=https%3A%2F%2Fintef.es%2Frecursos-educativos%2Fexperiencias-educativas-inspiradoras%2Fdetalle-experiencias%2F%3Fid%3D33420&amp;data=05%7C02%7Cvioleta.sanchez.moreno.edu%40juntadeandalucia.es%7Cc2d3cda08b6f4e8edf5c08dd608042f2%7C6f790c0b1f114877a4dff835ab8e7e1f%7C0%7C0%7C638772826181195001%7CUnknown%7CTWFpbGZsb3d8eyJFbXB0eU1hcGkiOnRydWUsIlYiOiIwLjAuMDAwMCIsIlAiOiJXaW4zMiIsIkFOIjoiTWFpbCIsIldUIjoyfQ%3D%3D%7C0%7C%7C%7C&amp;sdata=yPtQucaEsrIAEyAPNNbPl%2Ft4P3PIBG%2BvaZepfhDr6EM%3D&amp;reserved=0\">Tecrror (Experiencia educativa)<\/a><\/li>\n<li><a href=\"https:\/\/intef.es\/Noticias\/experiencia-educativa-inspiradora-viajers-del-tiempo\/\">Viajer@s del tiempo\u201d (Experiencia educativa;4 ESO)<\/a><\/li>\n<li><a href=\"https:\/\/eur02.safelinks.protection.outlook.com\/?url=https%3A%2F%2Fintef.es%2Frecursos-educativos%2Fexperiencias-educativas-inspiradoras%2Fdetalle-experiencias%2F%3Fid%3D18100&amp;data=05%7C02%7Cvioleta.sanchez.moreno.edu%40juntadeandalucia.es%7Cc2d3cda08b6f4e8edf5c08dd608042f2%7C6f790c0b1f114877a4dff835ab8e7e1f%7C0%7C0%7C638772826181206539%7CUnknown%7CTWFpbGZsb3d8eyJFbXB0eU1hcGkiOnRydWUsIlYiOiIwLjAuMDAwMCIsIlAiOiJXaW4zMiIsIkFOIjoiTWFpbCIsIldUIjoyfQ%3D%3D%7C0%7C%7C%7C&amp;sdata=VpbbTk5d3i1xmscFl9bIEssFnxiVZ1i8uAZKI7bcwNA%3D&amp;reserved=0\">\u201cProyecto Destripafilms\u201d (Experiencia educativa; 4 ESO)<\/a><\/li>\n<\/ul>\n<p>[\/et_pb_toggle][et_pb_toggle title=\u00bbBACHILLERATO\u00bb admin_label=\u00bbBACHILLERATO\u00bb _builder_version=\u00bb4.27.4&#8243; z_index=\u00bb307&#8243; custom_margin=\u00bb||0px|\u00bb z_index_tablet=\u00bb500&#8243; title_text_shadow_horizontal_length_tablet=\u00bb0px\u00bb title_text_shadow_vertical_length_tablet=\u00bb0px\u00bb title_text_shadow_blur_strength_tablet=\u00bb1px\u00bb closed_title_text_shadow_horizontal_length_tablet=\u00bb0px\u00bb closed_title_text_shadow_vertical_length_tablet=\u00bb0px\u00bb closed_title_text_shadow_blur_strength_tablet=\u00bb1px\u00bb body_text_shadow_horizontal_length_tablet=\u00bb0px\u00bb body_text_shadow_vertical_length_tablet=\u00bb0px\u00bb body_text_shadow_blur_strength_tablet=\u00bb1px\u00bb body_link_text_shadow_horizontal_length_tablet=\u00bb0px\u00bb body_link_text_shadow_vertical_length_tablet=\u00bb0px\u00bb body_link_text_shadow_blur_strength_tablet=\u00bb1px\u00bb body_ul_text_shadow_horizontal_length_tablet=\u00bb0px\u00bb body_ul_text_shadow_vertical_length_tablet=\u00bb0px\u00bb body_ul_text_shadow_blur_strength_tablet=\u00bb1px\u00bb body_ol_text_shadow_horizontal_length_tablet=\u00bb0px\u00bb body_ol_text_shadow_vertical_length_tablet=\u00bb0px\u00bb body_ol_text_shadow_blur_strength_tablet=\u00bb1px\u00bb body_quote_text_shadow_horizontal_length_tablet=\u00bb0px\u00bb body_quote_text_shadow_vertical_length_tablet=\u00bb0px\u00bb body_quote_text_shadow_blur_strength_tablet=\u00bb1px\u00bb box_shadow_horizontal_tablet=\u00bb0px\u00bb box_shadow_vertical_tablet=\u00bb0px\u00bb box_shadow_blur_tablet=\u00bb40px\u00bb box_shadow_spread_tablet=\u00bb0px\u00bb text_shadow_horizontal_length_tablet=\u00bb0px\u00bb text_shadow_vertical_length_tablet=\u00bb0px\u00bb text_shadow_blur_strength_tablet=\u00bb1px\u00bb global_colors_info=\u00bb{}\u00bb]<\/p>\n<ul>\n<li><a href=\"https:\/\/edea.juntadeandalucia.es\/bancorecursos\/items\/d1a9cbf2-d7b6-462a-868e-77992298871c\/1\/?attachment.uuid=6da2b909-3dfd-4b4f-9d5f-3a4872e35bc7\">BG1-Tema 1.4: La composici\u00f3n de los materiales terrestres: Los minerales y las rocas<\/a><\/li>\n<li><a href=\"https:\/\/edea.juntadeandalucia.es\/bancorecursos\/items\/107d43f6-e005-41f4-af42-0fdabff2f983\/1\/?attachment.uuid=42a937c4-36c3-4a96-aec6-94c4ed74a3b1\">GL2 &#8211; U3.T3: Las rocas II. Las deformaciones: Metamorfismo (ODE)<\/a><\/li>\n<li><a href=\"https:\/\/edea.juntadeandalucia.es\/bancorecursos\/items\/552f3ca5-f395-4d07-a209-8835d443a241\/1\/viewscorm.jsp?.vi=file\">GL2-U4.T1: El relieve la superficie terrestre.Sistemas microclim\u00e1ticos I: aguas superficiales y subterr\u00e1neas<\/a> (ODE)<\/li>\n<li><a href=\"https:\/\/edea.juntadeandalucia.es\/bancorecursos\/items\/9d2765d4-0aa9-4d17-bd36-2f334f97a531\/1\/viewscorm.jsp?.vi=file\">GL2-U4.T2: El relieve la superficie terrestre.Sistemas microclim\u00e1ticos II: modelado glaciar, periglaciar,\u00e1rido y semi\u00e1rido<\/a> (ODE)<\/li>\n<li><a href=\"https:\/\/edea.juntadeandalucia.es\/bancorecursos\/items\/9799dd40-c6bf-4cb3-b307-ac853ba9f38a\/1\/viewscorm.jsp?.vi=file\">GL2 &#8211; U4.T3: El relieve de la superficie terrestre: Modelado litol\u00f3gico<\/a> (ODE)<\/li>\n<li><a href=\"https:\/\/edea.juntadeandalucia.es\/bancorecursos\/items\/40b87567-cf6f-4c28-b766-9b393d8795b3\/1\/viewscorm.jsp?.vi=file\">GL2 &#8211; U4.T4: El relieve de la superficie terrestre: Relieve estructural y litoral (ODE)<\/a><\/li>\n<li><a href=\"https:\/\/edea.juntadeandalucia.es\/bancorecursos\/items\/aa4ee1b5-b9ec-447f-805f-bc29bd344ee5\/1\/viewscorm.jsp?.vi=file\">GL2 &#8211; U6.T1: Geolog\u00eda aplicada y ambiental: Recursos geol\u00f3gicos e impactos de su explotaci\u00f3n\u00a0<\/a><\/li>\n<li><a href=\"https:\/\/edea.juntadeandalucia.es\/bancorecursos\/items\/1a663d21-0626-4104-8095-b9c5cf6c4835\/1\/viewscorm.jsp?.vi=file\">GL2 &#8211; U6.T2: Geolog\u00eda aplicada y ambiental: Recursos geol\u00f3gicos e impactos de su explotaci\u00f3n II<\/a><\/li>\n<li><a href=\"https:\/\/edea.juntadeandalucia.es\/bancorecursos\/items\/b13f64d3-6d2c-4823-98c8-57748985bf5a\/1\/viewscorm.jsp?.vi=file\">GL2 &#8211; U6.T3: Geolog\u00eda aplicada y ambiental: Riesgos geol\u00f3gicos I<\/a><\/li>\n<li><a href=\"https:\/\/edea.juntadeandalucia.es\/bancorecursos\/items\/93dc117a-1b8f-4d20-8398-059f79940618\/1\/viewscorm.jsp?.vi=file\">GL2 &#8211; U6.T4: Geolog\u00eda aplicada y ambiental: Riesgos geol\u00f3gicos II<\/a><\/li>\n<\/ul>\n<p>[\/et_pb_toggle][\/et_pb_column][et_pb_column type=\u00bb1_4&#8243; module_class=\u00bbrec_verde rec_didacticos_list\u00bb _builder_version=\u00bb4.16&#8243; custom_padding=\u00bb|||\u00bb global_colors_info=\u00bb{}\u00bb custom_padding__hover=\u00bb|||\u00bb][et_pb_text admin_label=\u00bbEcosistemas forestales y flora silvestre\u00bb _builder_version=\u00bb4.16&#8243; z_index_tablet=\u00bb500&#8243; text_text_shadow_horizontal_length_tablet=\u00bb0px\u00bb text_text_shadow_vertical_length_tablet=\u00bb0px\u00bb text_text_shadow_blur_strength_tablet=\u00bb1px\u00bb link_text_shadow_horizontal_length_tablet=\u00bb0px\u00bb link_text_shadow_vertical_length_tablet=\u00bb0px\u00bb link_text_shadow_blur_strength_tablet=\u00bb1px\u00bb ul_text_shadow_horizontal_length_tablet=\u00bb0px\u00bb ul_text_shadow_vertical_length_tablet=\u00bb0px\u00bb ul_text_shadow_blur_strength_tablet=\u00bb1px\u00bb ol_text_shadow_horizontal_length_tablet=\u00bb0px\u00bb ol_text_shadow_vertical_length_tablet=\u00bb0px\u00bb ol_text_shadow_blur_strength_tablet=\u00bb1px\u00bb quote_text_shadow_horizontal_length_tablet=\u00bb0px\u00bb quote_text_shadow_vertical_length_tablet=\u00bb0px\u00bb quote_text_shadow_blur_strength_tablet=\u00bb1px\u00bb header_text_shadow_horizontal_length_tablet=\u00bb0px\u00bb header_text_shadow_vertical_length_tablet=\u00bb0px\u00bb header_text_shadow_blur_strength_tablet=\u00bb1px\u00bb header_2_text_shadow_horizontal_length_tablet=\u00bb0px\u00bb header_2_text_shadow_vertical_length_tablet=\u00bb0px\u00bb header_2_text_shadow_blur_strength_tablet=\u00bb1px\u00bb header_3_text_shadow_horizontal_length_tablet=\u00bb0px\u00bb header_3_text_shadow_vertical_length_tablet=\u00bb0px\u00bb header_3_text_shadow_blur_strength_tablet=\u00bb1px\u00bb header_4_text_shadow_horizontal_length_tablet=\u00bb0px\u00bb header_4_text_shadow_vertical_length_tablet=\u00bb0px\u00bb header_4_text_shadow_blur_strength_tablet=\u00bb1px\u00bb header_5_text_shadow_horizontal_length_tablet=\u00bb0px\u00bb header_5_text_shadow_vertical_length_tablet=\u00bb0px\u00bb header_5_text_shadow_blur_strength_tablet=\u00bb1px\u00bb header_6_text_shadow_horizontal_length_tablet=\u00bb0px\u00bb header_6_text_shadow_vertical_length_tablet=\u00bb0px\u00bb header_6_text_shadow_blur_strength_tablet=\u00bb1px\u00bb box_shadow_horizontal_tablet=\u00bb0px\u00bb box_shadow_vertical_tablet=\u00bb0px\u00bb box_shadow_blur_tablet=\u00bb40px\u00bb box_shadow_spread_tablet=\u00bb0px\u00bb global_colors_info=\u00bb{}\u00bb]<\/p>\n<h3 style=\"text-align: center;\"><strong><span style=\"color: #339966;\">ECOSISTEMAS FORESTALES <\/span><\/strong><\/h3>\n<h3 style=\"text-align: center;\"><strong><span style=\"color: #339966;\">Y FLORA SILVESTRE<\/span><\/strong><\/h3>\n<p><img loading=\"lazy\" decoding=\"async\" class=\"aligncenter wp-image-6004\" src=\"https:\/\/www.juntadeandalucia.es/educacion/eaprendizaje\/wp-content\/uploads\/2025\/03\/3_Ecosistema-forestal-265x300-1.png\" alt=\"\" width=\"180\" height=\"204\" \/><br \/>\n[\/et_pb_text][et_pb_toggle title=\u00bbInternivelar\u00bb admin_label=\u00bbInternivelar. EFFS\u00bb _builder_version=\u00bb4.16&#8243; z_index=\u00bb999&#8243; custom_margin=\u00bb||0px|\u00bb z_index_tablet=\u00bb500&#8243; title_text_shadow_horizontal_length_tablet=\u00bb0px\u00bb title_text_shadow_vertical_length_tablet=\u00bb0px\u00bb title_text_shadow_blur_strength_tablet=\u00bb1px\u00bb closed_title_text_shadow_horizontal_length_tablet=\u00bb0px\u00bb closed_title_text_shadow_vertical_length_tablet=\u00bb0px\u00bb closed_title_text_shadow_blur_strength_tablet=\u00bb1px\u00bb body_text_shadow_horizontal_length_tablet=\u00bb0px\u00bb body_text_shadow_vertical_length_tablet=\u00bb0px\u00bb body_text_shadow_blur_strength_tablet=\u00bb1px\u00bb body_link_text_shadow_horizontal_length_tablet=\u00bb0px\u00bb body_link_text_shadow_vertical_length_tablet=\u00bb0px\u00bb body_link_text_shadow_blur_strength_tablet=\u00bb1px\u00bb body_ul_text_shadow_horizontal_length_tablet=\u00bb0px\u00bb body_ul_text_shadow_vertical_length_tablet=\u00bb0px\u00bb body_ul_text_shadow_blur_strength_tablet=\u00bb1px\u00bb body_ol_text_shadow_horizontal_length_tablet=\u00bb0px\u00bb body_ol_text_shadow_vertical_length_tablet=\u00bb0px\u00bb body_ol_text_shadow_blur_strength_tablet=\u00bb1px\u00bb body_quote_text_shadow_horizontal_length_tablet=\u00bb0px\u00bb body_quote_text_shadow_vertical_length_tablet=\u00bb0px\u00bb body_quote_text_shadow_blur_strength_tablet=\u00bb1px\u00bb box_shadow_horizontal_tablet=\u00bb0px\u00bb box_shadow_vertical_tablet=\u00bb0px\u00bb box_shadow_blur_tablet=\u00bb40px\u00bb box_shadow_spread_tablet=\u00bb0px\u00bb text_shadow_horizontal_length_tablet=\u00bb0px\u00bb text_shadow_vertical_length_tablet=\u00bb0px\u00bb text_shadow_blur_strength_tablet=\u00bb1px\u00bb global_colors_info=\u00bb{}\u00bb]<\/p>\n<ul>\n<li><a href=\"https:\/\/www.juntadeandalucia.es\/educacion\/portals\/web\/aldea\/proyectos\/semilla\/recursos\/-\/novedades\/detalle\/c6t40dw76eoW\/creacion-de-un-vivero-de-especies-forestales-14dveabmdh0c0\">Actividad Creaci\u00f3n de un vivero de Especies Forestales<\/a><\/li>\n<li><a href=\"https:\/\/www.juntadeandalucia.es\/educacion\/portals\/web\/aldea\/proyectos\/semilla\/recursos\/-\/novedades\/detalle\/c6t40dw76eoW\/actividad-las-semillas-del-jardin-botanico-vuelan-a-mi-centro\">Actividad Las semillas del jard\u00edn bot\u00e1nico vuelan a mi centro<\/a><\/li>\n<li><a href=\"https:\/\/goo.gl\/G0cweC\">Unidad did\u00e1ctica. El Reino Oculto de los Hongos<\/a><\/li>\n<li><a href=\"https:\/\/www.juntadeandalucia.es\/medioambiente\/portal\/landing-page-publicacion\/-\/asset_publisher\/FytOUWH22K7t\/content\/cuaderno-de-campo-siente-el-bosque-2006--1\/20151?categoryVal=\">Siente el Bosque<\/a><\/li>\n<\/ul>\n<p>[\/et_pb_toggle][et_pb_toggle title=\u00bbEducaci\u00f3n primaria y secundaria\u00bb admin_label=\u00bbPrim y Sec. EFFS\u00bb _builder_version=\u00bb4.16&#8243; z_index=\u00bb999&#8243; custom_margin=\u00bb||0px|\u00bb z_index_tablet=\u00bb500&#8243; title_text_shadow_horizontal_length_tablet=\u00bb0px\u00bb title_text_shadow_vertical_length_tablet=\u00bb0px\u00bb title_text_shadow_blur_strength_tablet=\u00bb1px\u00bb closed_title_text_shadow_horizontal_length_tablet=\u00bb0px\u00bb closed_title_text_shadow_vertical_length_tablet=\u00bb0px\u00bb closed_title_text_shadow_blur_strength_tablet=\u00bb1px\u00bb body_text_shadow_horizontal_length_tablet=\u00bb0px\u00bb body_text_shadow_vertical_length_tablet=\u00bb0px\u00bb body_text_shadow_blur_strength_tablet=\u00bb1px\u00bb body_link_text_shadow_horizontal_length_tablet=\u00bb0px\u00bb body_link_text_shadow_vertical_length_tablet=\u00bb0px\u00bb body_link_text_shadow_blur_strength_tablet=\u00bb1px\u00bb body_ul_text_shadow_horizontal_length_tablet=\u00bb0px\u00bb body_ul_text_shadow_vertical_length_tablet=\u00bb0px\u00bb body_ul_text_shadow_blur_strength_tablet=\u00bb1px\u00bb body_ol_text_shadow_horizontal_length_tablet=\u00bb0px\u00bb body_ol_text_shadow_vertical_length_tablet=\u00bb0px\u00bb body_ol_text_shadow_blur_strength_tablet=\u00bb1px\u00bb body_quote_text_shadow_horizontal_length_tablet=\u00bb0px\u00bb body_quote_text_shadow_vertical_length_tablet=\u00bb0px\u00bb body_quote_text_shadow_blur_strength_tablet=\u00bb1px\u00bb box_shadow_horizontal_tablet=\u00bb0px\u00bb box_shadow_vertical_tablet=\u00bb0px\u00bb box_shadow_blur_tablet=\u00bb40px\u00bb box_shadow_spread_tablet=\u00bb0px\u00bb text_shadow_horizontal_length_tablet=\u00bb0px\u00bb text_shadow_vertical_length_tablet=\u00bb0px\u00bb text_shadow_blur_strength_tablet=\u00bb1px\u00bb global_colors_info=\u00bb{}\u00bb]<\/p>\n<ul>\n<li><a href=\"https:\/\/goo.gl\/4el8U6\">Unidad did\u00e1ctica. Las plantas y las personas<\/a><\/li>\n<li><a href=\"https:\/\/www.juntadeandalucia.es\/medioambiente\/portal\/documents\/20151\/5395847\/incendio_cercano.pdf\/ab819a55-b947-0a5b-925b-5c77e1aaf7d4?t=1619688996715\">Un incendio cercano: recurso educativo<\/a><\/li>\n<li><a href=\"https:\/\/www.juntadeandalucia.es\/medioambiente\/portal\/web\/guest\/areas-tematicas\/incendios-forestales\/participacion-y-concienciacion-ciudadana-frente-a-incendios-forestales\">Prevenci\u00f3n de incendios y participaci\u00f3n social<\/a><\/li>\n<li><a href=\"https:\/\/goo.gl\/cZdPLE\">Unidad did\u00e1ctica. La alfombra de la Tierra<\/a><\/li>\n<li><a href=\"https:\/\/www.juntadeandalucia.es\/medioambiente\/portal\/landing-page-publicacion\/-\/asset_publisher\/FytOUWH22K7t\/content\/jardines-bot-c3-a1nicos-unidad-did-c3-a1ctica-t-c3-ba-la-llevas-2003--2\/20151?categoryVal=\">Unidad did\u00e1ctica. T\u00fa la llevas<\/a><\/li>\n<\/ul>\n<p>[\/et_pb_toggle][\/et_pb_column][et_pb_column type=\u00bb1_4&#8243; module_class=\u00bbrec_verde rec_didacticos_list\u00bb _builder_version=\u00bb4.16&#8243; custom_padding=\u00bb|||\u00bb global_colors_info=\u00bb{}\u00bb custom_padding__hover=\u00bb|||\u00bb][et_pb_text admin_label=\u00bbEducaci\u00f3n para la circularidad\u00bb _builder_version=\u00bb4.16&#8243; z_index_tablet=\u00bb500&#8243; text_text_shadow_horizontal_length_tablet=\u00bb0px\u00bb text_text_shadow_vertical_length_tablet=\u00bb0px\u00bb text_text_shadow_blur_strength_tablet=\u00bb1px\u00bb link_text_shadow_horizontal_length_tablet=\u00bb0px\u00bb link_text_shadow_vertical_length_tablet=\u00bb0px\u00bb link_text_shadow_blur_strength_tablet=\u00bb1px\u00bb ul_text_shadow_horizontal_length_tablet=\u00bb0px\u00bb ul_text_shadow_vertical_length_tablet=\u00bb0px\u00bb ul_text_shadow_blur_strength_tablet=\u00bb1px\u00bb ol_text_shadow_horizontal_length_tablet=\u00bb0px\u00bb ol_text_shadow_vertical_length_tablet=\u00bb0px\u00bb ol_text_shadow_blur_strength_tablet=\u00bb1px\u00bb quote_text_shadow_horizontal_length_tablet=\u00bb0px\u00bb quote_text_shadow_vertical_length_tablet=\u00bb0px\u00bb quote_text_shadow_blur_strength_tablet=\u00bb1px\u00bb header_text_shadow_horizontal_length_tablet=\u00bb0px\u00bb header_text_shadow_vertical_length_tablet=\u00bb0px\u00bb header_text_shadow_blur_strength_tablet=\u00bb1px\u00bb header_2_text_shadow_horizontal_length_tablet=\u00bb0px\u00bb header_2_text_shadow_vertical_length_tablet=\u00bb0px\u00bb header_2_text_shadow_blur_strength_tablet=\u00bb1px\u00bb header_3_text_shadow_horizontal_length_tablet=\u00bb0px\u00bb header_3_text_shadow_vertical_length_tablet=\u00bb0px\u00bb header_3_text_shadow_blur_strength_tablet=\u00bb1px\u00bb header_4_text_shadow_horizontal_length_tablet=\u00bb0px\u00bb header_4_text_shadow_vertical_length_tablet=\u00bb0px\u00bb header_4_text_shadow_blur_strength_tablet=\u00bb1px\u00bb header_5_text_shadow_horizontal_length_tablet=\u00bb0px\u00bb header_5_text_shadow_vertical_length_tablet=\u00bb0px\u00bb header_5_text_shadow_blur_strength_tablet=\u00bb1px\u00bb header_6_text_shadow_horizontal_length_tablet=\u00bb0px\u00bb header_6_text_shadow_vertical_length_tablet=\u00bb0px\u00bb header_6_text_shadow_blur_strength_tablet=\u00bb1px\u00bb box_shadow_horizontal_tablet=\u00bb0px\u00bb box_shadow_vertical_tablet=\u00bb0px\u00bb box_shadow_blur_tablet=\u00bb40px\u00bb box_shadow_spread_tablet=\u00bb0px\u00bb global_colors_info=\u00bb{}\u00bb]<\/p>\n<h3 style=\"text-align: center;\"><strong><span style=\"color: #339966;\">EDUCACI\u00d3N PARA LA <\/span><\/strong><\/h3>\n<h3 style=\"text-align: center;\"><strong><span style=\"color: #339966;\">CIRCULARIDAD<\/span><\/strong><\/h3>\n<p><img loading=\"lazy\" decoding=\"async\" class=\"aligncenter wp-image-6000\" src=\"https:\/\/www.juntadeandalucia.es/educacion/eaprendizaje\/wp-content\/uploads\/2025\/03\/7_Educacion-para-la-circularidad-265x300-1.png\" alt=\"\" width=\"180\" height=\"204\" \/><br \/>\n[\/et_pb_text][et_pb_toggle title=\u00bbSECRETAR\u00cdAS T\u00c9CNICAS EDUCATIVAS\u00bb admin_label=\u00bbSecretar\u00edas\u00bb _builder_version=\u00bb4.27.4&#8243; z_index=\u00bb999&#8243; custom_margin=\u00bb||0px|\u00bb z_index_tablet=\u00bb500&#8243; title_text_shadow_horizontal_length_tablet=\u00bb0px\u00bb title_text_shadow_vertical_length_tablet=\u00bb0px\u00bb title_text_shadow_blur_strength_tablet=\u00bb1px\u00bb closed_title_text_shadow_horizontal_length_tablet=\u00bb0px\u00bb closed_title_text_shadow_vertical_length_tablet=\u00bb0px\u00bb closed_title_text_shadow_blur_strength_tablet=\u00bb1px\u00bb body_text_shadow_horizontal_length_tablet=\u00bb0px\u00bb body_text_shadow_vertical_length_tablet=\u00bb0px\u00bb body_text_shadow_blur_strength_tablet=\u00bb1px\u00bb body_link_text_shadow_horizontal_length_tablet=\u00bb0px\u00bb body_link_text_shadow_vertical_length_tablet=\u00bb0px\u00bb body_link_text_shadow_blur_strength_tablet=\u00bb1px\u00bb body_ul_text_shadow_horizontal_length_tablet=\u00bb0px\u00bb body_ul_text_shadow_vertical_length_tablet=\u00bb0px\u00bb body_ul_text_shadow_blur_strength_tablet=\u00bb1px\u00bb body_ol_text_shadow_horizontal_length_tablet=\u00bb0px\u00bb body_ol_text_shadow_vertical_length_tablet=\u00bb0px\u00bb body_ol_text_shadow_blur_strength_tablet=\u00bb1px\u00bb body_quote_text_shadow_horizontal_length_tablet=\u00bb0px\u00bb body_quote_text_shadow_vertical_length_tablet=\u00bb0px\u00bb body_quote_text_shadow_blur_strength_tablet=\u00bb1px\u00bb box_shadow_horizontal_tablet=\u00bb0px\u00bb box_shadow_vertical_tablet=\u00bb0px\u00bb box_shadow_blur_tablet=\u00bb40px\u00bb box_shadow_spread_tablet=\u00bb0px\u00bb text_shadow_horizontal_length_tablet=\u00bb0px\u00bb text_shadow_vertical_length_tablet=\u00bb0px\u00bb text_shadow_blur_strength_tablet=\u00bb1px\u00bb global_colors_info=\u00bb{}\u00bb]<strong>Secretar\u00eda T\u00e9cnica Educativa Andaluc\u00eda Occidental<\/strong><\/p>\n<ul>\n<li><a href=\"mailto:recapacicla@ciconia.es\">recapacicla@ciconia.es<\/a><\/li>\n<\/ul>\n<p><strong>Secretar\u00eda T\u00e9cnica Educativa Andaluc\u00eda Oriental<\/strong><\/p>\n<ul>\n<li><a href=\"mailto:recapaciclaeduca@gmail.com\">recapaciclaeduca@gmail.com<\/a><\/li>\n<\/ul>\n<p>&nbsp;<br \/>\n[\/et_pb_toggle][et_pb_toggle title=\u00bbINTERNIVELAR\u00bb admin_label=\u00bbInternivelar\u00bb _builder_version=\u00bb4.16&#8243; z_index=\u00bb999&#8243; custom_margin=\u00bb||0px|\u00bb z_index_tablet=\u00bb500&#8243; title_text_shadow_horizontal_length_tablet=\u00bb0px\u00bb title_text_shadow_vertical_length_tablet=\u00bb0px\u00bb title_text_shadow_blur_strength_tablet=\u00bb1px\u00bb closed_title_text_shadow_horizontal_length_tablet=\u00bb0px\u00bb closed_title_text_shadow_vertical_length_tablet=\u00bb0px\u00bb closed_title_text_shadow_blur_strength_tablet=\u00bb1px\u00bb body_text_shadow_horizontal_length_tablet=\u00bb0px\u00bb body_text_shadow_vertical_length_tablet=\u00bb0px\u00bb body_text_shadow_blur_strength_tablet=\u00bb1px\u00bb body_link_text_shadow_horizontal_length_tablet=\u00bb0px\u00bb body_link_text_shadow_vertical_length_tablet=\u00bb0px\u00bb body_link_text_shadow_blur_strength_tablet=\u00bb1px\u00bb body_ul_text_shadow_horizontal_length_tablet=\u00bb0px\u00bb body_ul_text_shadow_vertical_length_tablet=\u00bb0px\u00bb body_ul_text_shadow_blur_strength_tablet=\u00bb1px\u00bb body_ol_text_shadow_horizontal_length_tablet=\u00bb0px\u00bb body_ol_text_shadow_vertical_length_tablet=\u00bb0px\u00bb body_ol_text_shadow_blur_strength_tablet=\u00bb1px\u00bb body_quote_text_shadow_horizontal_length_tablet=\u00bb0px\u00bb body_quote_text_shadow_vertical_length_tablet=\u00bb0px\u00bb body_quote_text_shadow_blur_strength_tablet=\u00bb1px\u00bb box_shadow_horizontal_tablet=\u00bb0px\u00bb box_shadow_vertical_tablet=\u00bb0px\u00bb box_shadow_blur_tablet=\u00bb40px\u00bb box_shadow_spread_tablet=\u00bb0px\u00bb text_shadow_horizontal_length_tablet=\u00bb0px\u00bb text_shadow_vertical_length_tablet=\u00bb0px\u00bb text_shadow_blur_strength_tablet=\u00bb1px\u00bb global_colors_info=\u00bb{}\u00bb]<\/p>\n<ul>\n<li><a href=\"https:\/\/www.juntadeandalucia.es/educacion/eaprendizaje\/wp-content\/uploads\/2024\/01\/Dosier-informativo-Recapacicla.pdf\">Dosier informativo Recapacicla<\/a><\/li>\n<li><a href=\"https:\/\/www.juntadeandalucia.es/educacion/eaprendizaje\/wp-content\/uploads\/2024\/01\/Guia-didactica-Reciclaje-Motor-para-impulsar-los-ODS.pdf\">Gu\u00eda did\u00e1ctica Reciclaje Motor para impulsar los ODS<\/a><\/li>\n<li><a href=\"https:\/\/www.juntadeandalucia.es/educacion/eaprendizaje\/wp-content\/uploads\/2024\/01\/Recursos-para-la-gamificacion.pdf\">Recursos para la gamificacion<\/a><\/li>\n<\/ul>\n<p><strong>Exposici\u00f3n \u201cLos residuos, un problema socioambiental\u201d:<\/strong><\/p>\n<ul>\n<li><a href=\"https:\/\/www.juntadeandalucia.es/educacion/eaprendizaje\/wp-content\/uploads\/2024\/01\/ENARA_1.pdf\">ENARA 1<\/a><\/li>\n<li><a href=\"https:\/\/www.juntadeandalucia.es/educacion/eaprendizaje\/wp-content\/uploads\/2024\/01\/ENARA_2.pdf\">ENARA 2<\/a><\/li>\n<li><a href=\"https:\/\/www.juntadeandalucia.es/educacion/eaprendizaje\/wp-content\/uploads\/2024\/01\/ENARA_3.pdf\">ENARA 3<\/a><\/li>\n<li><a href=\"https:\/\/www.juntadeandalucia.es/educacion/eaprendizaje\/wp-content\/uploads\/2024\/01\/ENARA_4.pdf\">ENARA 4<\/a><\/li>\n<li><a href=\"https:\/\/www.juntadeandalucia.es/educacion/eaprendizaje\/wp-content\/uploads\/2024\/01\/ENARA_5.pdf\">ENARA 5<\/a><\/li>\n<li><a href=\"https:\/\/www.juntadeandalucia.es/educacion/eaprendizaje\/wp-content\/uploads\/2024\/01\/ENARA_6.pdf\">ENARA 6<\/a><\/li>\n<\/ul>\n<p><strong>Micromomentos (Cortos motivacionales):<\/strong><\/p>\n<ul>\n<li><a href=\"https:\/\/youtu.be\/foVO081nFXY\" target=\"_blank\" rel=\"noopener noreferrer\">El contenedor amarillo<\/a><\/li>\n<li><a href=\"https:\/\/youtu.be\/jV2r_puw7Fw\" target=\"_blank\" rel=\"noopener noreferrer\">Superpoderes Vidrio<\/a><\/li>\n<li><a href=\"https:\/\/youtu.be\/i08y3ufdqlw\" target=\"_blank\" rel=\"noopener noreferrer\">Papel y Cart\u00f3n<\/a><\/li>\n<li><a href=\"https:\/\/youtu.be\/cWTQWYivEK4\" target=\"_blank\" rel=\"noopener noreferrer\">El poder de la colaboraci\u00f3n<\/a><\/li>\n<li><a class=\"moz-txt-link-freetext\" href=\"https:\/\/youtu.be\/2aB3mLSbmVw\" target=\"_blank\" rel=\"noopener noreferrer\">Comida Basura<\/a><\/li>\n<li><a class=\"moz-txt-link-freetext\" href=\"https:\/\/youtu.be\/VSPvrTROQOA\" target=\"_blank\" rel=\"noopener noreferrer\">La problem\u00e1tica del textil<\/a><\/li>\n<li><a class=\"moz-txt-link-freetext\" href=\"https:\/\/youtu.be\/3ef8UAD5aqA\" target=\"_blank\" rel=\"noopener noreferrer\">Champion League Reutiliza<\/a><\/li>\n<\/ul>\n<p><strong>Centros libres de residuos:<\/strong><\/p>\n<ul>\n<li><a href=\"https:\/\/www.juntadeandalucia.es/educacion/eaprendizaje\/wp-content\/uploads\/2024\/01\/Carta_informativa_familias.pdf\">Carta informativa para las familias<\/a><\/li>\n<li><a href=\"https:\/\/www.juntadeandalucia.es/educacion/eaprendizaje\/wp-content\/uploads\/2024\/01\/Carteles-informativos.pdf\">Carteles informativos<\/a><\/li>\n<\/ul>\n<p>[\/et_pb_toggle][et_pb_toggle title=\u00bbEducaci\u00f3n Infantil y primaria\u00bb admin_label=\u00bbInfantil\/primaria. EC\u00bb _builder_version=\u00bb4.16&#8243; z_index=\u00bb999&#8243; custom_margin=\u00bb||0px|\u00bb z_index_tablet=\u00bb500&#8243; title_text_shadow_horizontal_length_tablet=\u00bb0px\u00bb title_text_shadow_vertical_length_tablet=\u00bb0px\u00bb title_text_shadow_blur_strength_tablet=\u00bb1px\u00bb closed_title_text_shadow_horizontal_length_tablet=\u00bb0px\u00bb closed_title_text_shadow_vertical_length_tablet=\u00bb0px\u00bb closed_title_text_shadow_blur_strength_tablet=\u00bb1px\u00bb body_text_shadow_horizontal_length_tablet=\u00bb0px\u00bb body_text_shadow_vertical_length_tablet=\u00bb0px\u00bb body_text_shadow_blur_strength_tablet=\u00bb1px\u00bb body_link_text_shadow_horizontal_length_tablet=\u00bb0px\u00bb body_link_text_shadow_vertical_length_tablet=\u00bb0px\u00bb body_link_text_shadow_blur_strength_tablet=\u00bb1px\u00bb body_ul_text_shadow_horizontal_length_tablet=\u00bb0px\u00bb body_ul_text_shadow_vertical_length_tablet=\u00bb0px\u00bb body_ul_text_shadow_blur_strength_tablet=\u00bb1px\u00bb body_ol_text_shadow_horizontal_length_tablet=\u00bb0px\u00bb body_ol_text_shadow_vertical_length_tablet=\u00bb0px\u00bb body_ol_text_shadow_blur_strength_tablet=\u00bb1px\u00bb body_quote_text_shadow_horizontal_length_tablet=\u00bb0px\u00bb body_quote_text_shadow_vertical_length_tablet=\u00bb0px\u00bb body_quote_text_shadow_blur_strength_tablet=\u00bb1px\u00bb box_shadow_horizontal_tablet=\u00bb0px\u00bb box_shadow_vertical_tablet=\u00bb0px\u00bb box_shadow_blur_tablet=\u00bb40px\u00bb box_shadow_spread_tablet=\u00bb0px\u00bb text_shadow_horizontal_length_tablet=\u00bb0px\u00bb text_shadow_vertical_length_tablet=\u00bb0px\u00bb text_shadow_blur_strength_tablet=\u00bb1px\u00bb global_colors_info=\u00bb{}\u00bb]<\/p>\n<ul>\n<li><a href=\"http:\/\/www.juntadeandalucia.es\/medioambiente\/portal_web\/web\/temas_ambientales\/educacion_ambiental_y_formacion\/portal_recapacicla\/centros_educativos\/recapacicla_experiencias_didacticas\/recursos\/INVESTIGANDO_RESIDUOS_INFANTIL_PRIMARIA.pdf\">Investigando los residuos<\/a><\/li>\n<\/ul>\n<p><strong>Los residuos con otra mirada:<\/strong><\/p>\n<ul>\n<li><a href=\"https:\/\/www.juntadeandalucia.es/educacion/eaprendizaje\/wp-content\/uploads\/2024\/01\/Cuaderno-did\u00e1ctico-para-Educaci\u00f3n-Infantil-y-primer-ciclo-de-Educaci\u00f3n-Primaria..pdf\">Cuaderno did\u00e1ctico para Educaci\u00f3n Infantil y primer ciclo de Educaci\u00f3n Primaria.<\/a><\/li>\n<li><a href=\"https:\/\/www.juntadeandalucia.es/educacion/eaprendizaje\/wp-content\/uploads\/2024\/01\/Cuaderno-did\u00e1ctico-para-segundo-y-tercer-ciclo-de-Educaci\u00f3n-Primaria..pdf\">Cuaderno did\u00e1ctico para segundo y tercer ciclo de Educaci\u00f3n Primaria<\/a><\/li>\n<li><a href=\"https:\/\/www.juntadeandalucia.es/educacion/eaprendizaje\/wp-content\/uploads\/2024\/01\/En-nuestro-centro-Reducimos-Reutilizamos-Reparamos-y-Reciclamos-de-muchas-maneras-Panel-did\u00e1ctico..pdf\">En nuestro centro Reducimos, Reutilizamos, Reparamos y Reciclamos de muchas maneras Panel did\u00e1ctico.<\/a><\/li>\n<li><a href=\"https:\/\/www.juntadeandalucia.es/educacion/eaprendizaje\/wp-content\/uploads\/2024\/01\/Talleres-para-la-acci\u00f3n-Segundo-y-tercer-ciclo-de-Educaci\u00f3n-Primaria.pdf\">Talleres para la acci\u00f3n Segundo y tercer ciclo de Educaci\u00f3n Primaria<\/a><\/li>\n<\/ul>\n<p>[\/et_pb_toggle][et_pb_toggle title=\u00bbEducaci\u00f3n Secundaria, Bach, FP\u00bb admin_label=\u00bbESO-Bach-FP. EC\u00bb _builder_version=\u00bb4.16&#8243; z_index=\u00bb799&#8243; custom_margin=\u00bb||0px|\u00bb z_index_tablet=\u00bb500&#8243; title_text_shadow_horizontal_length_tablet=\u00bb0px\u00bb title_text_shadow_vertical_length_tablet=\u00bb0px\u00bb title_text_shadow_blur_strength_tablet=\u00bb1px\u00bb closed_title_text_shadow_horizontal_length_tablet=\u00bb0px\u00bb closed_title_text_shadow_vertical_length_tablet=\u00bb0px\u00bb closed_title_text_shadow_blur_strength_tablet=\u00bb1px\u00bb body_text_shadow_horizontal_length_tablet=\u00bb0px\u00bb body_text_shadow_vertical_length_tablet=\u00bb0px\u00bb body_text_shadow_blur_strength_tablet=\u00bb1px\u00bb body_link_text_shadow_horizontal_length_tablet=\u00bb0px\u00bb body_link_text_shadow_vertical_length_tablet=\u00bb0px\u00bb body_link_text_shadow_blur_strength_tablet=\u00bb1px\u00bb body_ul_text_shadow_horizontal_length_tablet=\u00bb0px\u00bb body_ul_text_shadow_vertical_length_tablet=\u00bb0px\u00bb body_ul_text_shadow_blur_strength_tablet=\u00bb1px\u00bb body_ol_text_shadow_horizontal_length_tablet=\u00bb0px\u00bb body_ol_text_shadow_vertical_length_tablet=\u00bb0px\u00bb body_ol_text_shadow_blur_strength_tablet=\u00bb1px\u00bb body_quote_text_shadow_horizontal_length_tablet=\u00bb0px\u00bb body_quote_text_shadow_vertical_length_tablet=\u00bb0px\u00bb body_quote_text_shadow_blur_strength_tablet=\u00bb1px\u00bb box_shadow_horizontal_tablet=\u00bb0px\u00bb box_shadow_vertical_tablet=\u00bb0px\u00bb box_shadow_blur_tablet=\u00bb40px\u00bb box_shadow_spread_tablet=\u00bb0px\u00bb text_shadow_horizontal_length_tablet=\u00bb0px\u00bb text_shadow_vertical_length_tablet=\u00bb0px\u00bb text_shadow_blur_strength_tablet=\u00bb1px\u00bb global_colors_info=\u00bb{}\u00bb]<\/p>\n<ul>\n<li><a href=\"https:\/\/www.juntadeandalucia.es/educacion/eaprendizaje\/wp-content\/uploads\/2024\/01\/En-nuestro-centro-Reducimos-Reutilizamos-Reparamos-y-Reciclamos-de-muchas-maneras-Panel-did\u00e1ctico.-1.pdf\">En nuestro centro Reducimos, Reutilizamos, Reparamos y Reciclamos de muchas maneras Panel did\u00e1ctico.<\/a><\/li>\n<\/ul>\n<p><strong>D\u00edpticos para la investigaci\u00f3n \u2013 acci\u00f3n:<\/strong><\/p>\n<ul>\n<li style=\"list-style-type: none;\">\n<ul>\n<li><a href=\"https:\/\/www.juntadeandalucia.es/educacion/eaprendizaje\/wp-content\/uploads\/2024\/01\/Separar-para-reciclar.pdf\">Separar para reciclar<\/a><\/li>\n<li><a href=\"https:\/\/www.juntadeandalucia.es/educacion/eaprendizaje\/wp-content\/uploads\/2024\/01\/Nueva-vida-para-los-residuos.pdf\">Nueva vida para los residuos<\/a><\/li>\n<li><a href=\"https:\/\/www.juntadeandalucia.es/educacion/eaprendizaje\/wp-content\/uploads\/2024\/01\/Planeta-recicla.pdf\">Planeta recicla<\/a><\/li>\n<li><a href=\"https:\/\/www.juntadeandalucia.es/educacion/eaprendizaje\/wp-content\/uploads\/2024\/01\/Naturalmente-reutilizamos.pdf\">Naturalmente reutilizamos<\/a><\/li>\n<li><a href=\"https:\/\/www.juntadeandalucia.es/educacion/eaprendizaje\/wp-content\/uploads\/2024\/01\/Reutilizamos-con-arte.pdf\">Reutilizamos con arte<\/a><\/li>\n<\/ul>\n<\/li>\n<\/ul>\n<p>[\/et_pb_toggle][et_pb_toggle title=\u00bbASISTENCIA A CENTROS\u00bb admin_label=\u00bbotros. ASISTENCIA \u00bb _builder_version=\u00bb4.16&#8243; z_index=\u00bb999&#8243; custom_margin=\u00bb||0px|\u00bb z_index_tablet=\u00bb500&#8243; custom_css_after=\u00bb \u00bb title_text_shadow_horizontal_length_tablet=\u00bb0px\u00bb title_text_shadow_vertical_length_tablet=\u00bb0px\u00bb title_text_shadow_blur_strength_tablet=\u00bb1px\u00bb closed_title_text_shadow_horizontal_length_tablet=\u00bb0px\u00bb closed_title_text_shadow_vertical_length_tablet=\u00bb0px\u00bb closed_title_text_shadow_blur_strength_tablet=\u00bb1px\u00bb body_text_shadow_horizontal_length_tablet=\u00bb0px\u00bb body_text_shadow_vertical_length_tablet=\u00bb0px\u00bb body_text_shadow_blur_strength_tablet=\u00bb1px\u00bb body_link_text_shadow_horizontal_length_tablet=\u00bb0px\u00bb body_link_text_shadow_vertical_length_tablet=\u00bb0px\u00bb body_link_text_shadow_blur_strength_tablet=\u00bb1px\u00bb body_ul_text_shadow_horizontal_length_tablet=\u00bb0px\u00bb body_ul_text_shadow_vertical_length_tablet=\u00bb0px\u00bb body_ul_text_shadow_blur_strength_tablet=\u00bb1px\u00bb body_ol_text_shadow_horizontal_length_tablet=\u00bb0px\u00bb body_ol_text_shadow_vertical_length_tablet=\u00bb0px\u00bb body_ol_text_shadow_blur_strength_tablet=\u00bb1px\u00bb body_quote_text_shadow_horizontal_length_tablet=\u00bb0px\u00bb body_quote_text_shadow_vertical_length_tablet=\u00bb0px\u00bb body_quote_text_shadow_blur_strength_tablet=\u00bb1px\u00bb box_shadow_horizontal_tablet=\u00bb0px\u00bb box_shadow_vertical_tablet=\u00bb0px\u00bb box_shadow_blur_tablet=\u00bb40px\u00bb box_shadow_spread_tablet=\u00bb0px\u00bb text_shadow_horizontal_length_tablet=\u00bb0px\u00bb text_shadow_vertical_length_tablet=\u00bb0px\u00bb text_shadow_blur_strength_tablet=\u00bb1px\u00bb global_colors_info=\u00bb{}\u00bb]<\/p>\n<ul>\n<li style=\"list-style-type: none;\">\n<ul>\n<li><a href=\"https:\/\/www.juntadeandalucia.es/educacion/eaprendizaje\/wp-content\/uploads\/2025\/01\/Actividad-Asistencia-Centros-24-25-Info-complementaria.pdf\">Documento informativo sobre la actividad \u00abAsistencia a centros\u00bb. Curso 2024\/2025.<\/a><\/li>\n<li><a href=\"https:\/\/www.juntadeandalucia.es/educacion/eaprendizaje\/wp-content\/uploads\/2025\/01\/ASISTENCIA-A-CENTROS-SELECCIONADOS_Curso-2024_2025.pdf\">Relaci\u00f3n de centros seleccionados para la actividad \u00abAsistencia a centros\u00bb. Curso 2024\/2025.\u00a0<\/a><\/li>\n<\/ul>\n<\/li>\n<\/ul>\n<p>&nbsp;<br \/>\n[\/et_pb_toggle][et_pb_toggle title=\u00bbD\u00eda del Reciclaje\u00bb admin_label=\u00bbD\u00eda del Reciclaje\u00bb _builder_version=\u00bb4.16&#8243; z_index=\u00bb999&#8243; custom_margin=\u00bb||0px|\u00bb z_index_tablet=\u00bb500&#8243; custom_css_after=\u00bb \u00bb title_text_shadow_horizontal_length_tablet=\u00bb0px\u00bb title_text_shadow_vertical_length_tablet=\u00bb0px\u00bb title_text_shadow_blur_strength_tablet=\u00bb1px\u00bb closed_title_text_shadow_horizontal_length_tablet=\u00bb0px\u00bb closed_title_text_shadow_vertical_length_tablet=\u00bb0px\u00bb closed_title_text_shadow_blur_strength_tablet=\u00bb1px\u00bb body_text_shadow_horizontal_length_tablet=\u00bb0px\u00bb body_text_shadow_vertical_length_tablet=\u00bb0px\u00bb body_text_shadow_blur_strength_tablet=\u00bb1px\u00bb body_link_text_shadow_horizontal_length_tablet=\u00bb0px\u00bb body_link_text_shadow_vertical_length_tablet=\u00bb0px\u00bb body_link_text_shadow_blur_strength_tablet=\u00bb1px\u00bb body_ul_text_shadow_horizontal_length_tablet=\u00bb0px\u00bb body_ul_text_shadow_vertical_length_tablet=\u00bb0px\u00bb body_ul_text_shadow_blur_strength_tablet=\u00bb1px\u00bb body_ol_text_shadow_horizontal_length_tablet=\u00bb0px\u00bb body_ol_text_shadow_vertical_length_tablet=\u00bb0px\u00bb body_ol_text_shadow_blur_strength_tablet=\u00bb1px\u00bb body_quote_text_shadow_horizontal_length_tablet=\u00bb0px\u00bb body_quote_text_shadow_vertical_length_tablet=\u00bb0px\u00bb body_quote_text_shadow_blur_strength_tablet=\u00bb1px\u00bb box_shadow_horizontal_tablet=\u00bb0px\u00bb box_shadow_vertical_tablet=\u00bb0px\u00bb box_shadow_blur_tablet=\u00bb40px\u00bb box_shadow_spread_tablet=\u00bb0px\u00bb text_shadow_horizontal_length_tablet=\u00bb0px\u00bb text_shadow_vertical_length_tablet=\u00bb0px\u00bb text_shadow_blur_strength_tablet=\u00bb1px\u00bb global_colors_info=\u00bb{}\u00bb]<\/p>\n<ul>\n<li><a href=\"https:\/\/www.juntadeandalucia.es/educacion/eaprendizaje\/wp-content\/uploads\/2025\/01\/DIARECICLAJE_EP-INFOCOMPLE-24-25.pdf\" target=\"_blank\" rel=\"noopener noreferrer\">Informaci\u00f3n complementaria D\u00eda del Reciclaje: Educaci\u00f3n Primaria. Curso 2024\/2025<\/a><\/li>\n<li><a href=\"https:\/\/www.juntadeandalucia.es/educacion/eaprendizaje\/wp-content\/uploads\/2025\/01\/DIARECICLAJE_ESO-INFOCOMPLE-24-25.pdf\" target=\"_blank\" rel=\"noopener noreferrer\">Informaci\u00f3n complementaria D\u00eda del Reciclaje: Educaci\u00f3n Secundaria. Curso 2024\/2025<\/a><\/li>\n<li><a href=\"https:\/\/www.juntadeandalucia.es/educacion/eaprendizaje\/wp-content\/uploads\/2025\/01\/Listado-provisional-D\u00eda-del-Reciclaje-Primaria_2024_25.pdf\">Relaci\u00f3n provisional de centros de Primaria D\u00eda del Reciclaje. Recapacicla. Curso 24\/25<\/a><\/li>\n<li><a href=\"https:\/\/www.juntadeandalucia.es/educacion/eaprendizaje\/wp-content\/uploads\/2025\/01\/Listado-provisional-D\u00eda-del-Reciclaje-Secundaria_2024_25.pdf\">Relaci\u00f3n provisional de centros de Secundaria D\u00eda del Reciclaje. Recapacicla. Curso 24\/25<\/a><\/li>\n<li><a href=\"https:\/\/www.juntadeandalucia.es/educacion/eaprendizaje\/wp-content\/uploads\/2025\/01\/Listado-definitivo-D\u00eda-del-Reciclaje-Primaria_2024_25_.pdf\" target=\"_blank\" rel=\"noopener noreferrer\">Relaci\u00f3n definitiva de centros de Primaria D\u00eda del Reciclaje. Recapacicla. Curso 24\/25<\/a><\/li>\n<li><a href=\"https:\/\/www.juntadeandalucia.es/educacion/eaprendizaje\/wp-content\/uploads\/2025\/01\/Listado-definitivo-D\u00eda-del-Reciclaje-Secundaria_2024_25_.pdf\" target=\"_blank\" rel=\"noopener noreferrer\">Relaci\u00f3n definitiva de centros de Secundaria D\u00eda del Reciclaje. Recapacicla. Curso 24\/25<\/a><\/li>\n<\/ul>\n<p>[\/et_pb_toggle][et_pb_toggle title=\u00bbConcursos\u00bb admin_label=\u00bbConcursos. EC\u00bb _builder_version=\u00bb4.16&#8243; z_index=\u00bb999&#8243; custom_margin=\u00bb||0px|\u00bb z_index_tablet=\u00bb500&#8243; custom_css_after=\u00bb \u00bb title_text_shadow_horizontal_length_tablet=\u00bb0px\u00bb title_text_shadow_vertical_length_tablet=\u00bb0px\u00bb title_text_shadow_blur_strength_tablet=\u00bb1px\u00bb closed_title_text_shadow_horizontal_length_tablet=\u00bb0px\u00bb closed_title_text_shadow_vertical_length_tablet=\u00bb0px\u00bb closed_title_text_shadow_blur_strength_tablet=\u00bb1px\u00bb body_text_shadow_horizontal_length_tablet=\u00bb0px\u00bb body_text_shadow_vertical_length_tablet=\u00bb0px\u00bb body_text_shadow_blur_strength_tablet=\u00bb1px\u00bb body_link_text_shadow_horizontal_length_tablet=\u00bb0px\u00bb body_link_text_shadow_vertical_length_tablet=\u00bb0px\u00bb body_link_text_shadow_blur_strength_tablet=\u00bb1px\u00bb body_ul_text_shadow_horizontal_length_tablet=\u00bb0px\u00bb body_ul_text_shadow_vertical_length_tablet=\u00bb0px\u00bb body_ul_text_shadow_blur_strength_tablet=\u00bb1px\u00bb body_ol_text_shadow_horizontal_length_tablet=\u00bb0px\u00bb body_ol_text_shadow_vertical_length_tablet=\u00bb0px\u00bb body_ol_text_shadow_blur_strength_tablet=\u00bb1px\u00bb body_quote_text_shadow_horizontal_length_tablet=\u00bb0px\u00bb body_quote_text_shadow_vertical_length_tablet=\u00bb0px\u00bb body_quote_text_shadow_blur_strength_tablet=\u00bb1px\u00bb box_shadow_horizontal_tablet=\u00bb0px\u00bb box_shadow_vertical_tablet=\u00bb0px\u00bb box_shadow_blur_tablet=\u00bb40px\u00bb box_shadow_spread_tablet=\u00bb0px\u00bb text_shadow_horizontal_length_tablet=\u00bb0px\u00bb text_shadow_vertical_length_tablet=\u00bb0px\u00bb text_shadow_blur_strength_tablet=\u00bb1px\u00bb global_colors_info=\u00bb{}\u00bb]<strong>Circulares a tiempo completo:<\/strong><\/p>\n<ul>\n<li><a href=\"https:\/\/www.juntadeandalucia.es/educacion/eaprendizaje\/wp-content\/uploads\/2024\/02\/GUIA-BUENAS-PRACTICAS.-CIRCULARES-A-TIEMPO-COMPLETO.pdf\" target=\"_blank\" rel=\"noopener noreferrer\">Gu\u00eda de Buenas Pr\u00e1cticas. Recapacicla (actualizada a 29\/02\/24)<\/a><\/li>\n<\/ul>\n<p><strong>Concurso escolar de cuentos:<\/strong><\/p>\n<ul>\n<li><a href=\"https:\/\/www.juntadeandalucia.es/educacion/eaprendizaje\/wp-content\/uploads\/2024\/01\/Con-toda-Naturalidad-Econom\u00eda-Circular.pdf\">Con toda Naturalidad, Econom\u00eda Circular<\/a><\/li>\n<li><a href=\"https:\/\/www.juntadeandalucia.es/educacion/eaprendizaje\/wp-content\/uploads\/2024\/01\/Re-Cuentos.pdf\">Re-Cuentos<\/a><\/li>\n<li><a href=\"https:\/\/www.juntadeandalucia.es/educacion/eaprendizaje\/wp-content\/uploads\/2024\/01\/Cuentos-ganadores-del-\u201cI-Concurso-escolar-de-cuentos\u201d-curso-2122.pdf\">Cuentos ganadores del \u201cI Concurso escolar de cuentos\u201d curso 2122<\/a><\/li>\n<li><a href=\"https:\/\/www.juntadeandalucia.es/educacion/eaprendizaje\/wp-content\/uploads\/2024\/06\/Listado-de-centros-ganadores-del-III-Concurso-de-Cuentos-Escolares.pdf\">Listado de centros ganadores del III Concurso de Cuentos Escolares 2023\/2024<\/a><\/li>\n<li><a href=\"https:\/\/www.juntadeandalucia.es/educacion/eaprendizaje\/wp-content\/uploads\/2024\/06\/Cuentos-ganadores-del-III-Concurso-escolar-de-Cuentos-Recapacicla.-2023-2024.pdf\">Cuentos ganadores del III Concurso escolar de Cuentos Recapacicla <\/a><a href=\"https:\/\/www.juntadeandalucia.es/educacion/eaprendizaje\/wp-content\/uploads\/2024\/06\/Listado-de-centros-ganadores-del-III-Concurso-de-Cuentos-Escolares.pdf\">2023\/2024<\/a><\/li>\n<\/ul>\n<p><strong>I Concurso \u00abJuntos por el reciclaje\u00bb:<\/strong><\/p>\n<p>&nbsp;<\/p>\n<ul>\n<li><a href=\"https:\/\/www.juntadeandalucia.es/educacion/eaprendizaje\/wp-content\/uploads\/2025\/01\/Dosier-II-Concurso-Juntos-por-el-Reciclaje-Curso-202_25.pdf\" target=\"_blank\" rel=\"noopener noreferrer\">Dosier II Concurso Juntos por el Reciclaje. Curso 2024\/2025.<\/a><\/li>\n<li><a href=\"https:\/\/www.juntadeandalucia.es/educacion/eaprendizaje\/wp-content\/uploads\/2024\/06\/Listado-ganadores-I-Concurso-Juntos-por-el-Reciclaje.pdf\">Listado de Centros ganadores <\/a><a href=\"https:\/\/www.juntadeandalucia.es/educacion/eaprendizaje\/wp-content\/uploads\/2024\/06\/Listado-de-centros-ganadores-del-III-Concurso-de-Cuentos-Escolares.pdf\">2023\/2024<\/a><\/li>\n<\/ul>\n<p>[\/et_pb_toggle][\/et_pb_column][\/et_pb_row][\/et_pb_section][et_pb_section fb_built=\u00bb1&#8243; disabled_on=\u00bbon|on|on\u00bb module_class=\u00bbseccion_contacto enlaces_pestanueva\u00bb _builder_version=\u00bb4.27.4&#8243; custom_margin=\u00bb-14px|||||\u00bb custom_padding=\u00bb10px||10px|\u00bb z_index_tablet=\u00bb500&#8243; custom_css_main_element=\u00bbmargin-top: 0 !important;\u00bb box_shadow_horizontal_tablet=\u00bb0px\u00bb box_shadow_vertical_tablet=\u00bb0px\u00bb box_shadow_blur_tablet=\u00bb40px\u00bb box_shadow_spread_tablet=\u00bb0px\u00bb disabled=\u00bbon\u00bb global_colors_info=\u00bb{}\u00bb][et_pb_row column_structure=\u00bb1_4,1_4,1_4,1_4&#8243; use_custom_gutter=\u00bbon\u00bb gutter_width=\u00bb2&#8243; _builder_version=\u00bb4.16&#8243; background_color=\u00bb#ffffff\u00bb width=\u00bb100%\u00bb max_width=\u00bb2560px\u00bb custom_margin=\u00bb-1px|auto||auto||\u00bb custom_padding=\u00bb22px|2%|0px|2%||\u00bb z_index_tablet=\u00bb500&#8243; box_shadow_horizontal_tablet=\u00bb0px\u00bb box_shadow_vertical_tablet=\u00bb0px\u00bb box_shadow_blur_tablet=\u00bb40px\u00bb box_shadow_spread_tablet=\u00bb0px\u00bb global_colors_info=\u00bb{}\u00bb][et_pb_column type=\u00bb1_4&#8243; module_class=\u00bbrec_verde rec_didacticos_list\u00bb _builder_version=\u00bb4.16&#8243; custom_padding=\u00bb|||\u00bb global_colors_info=\u00bb{}\u00bb custom_padding__hover=\u00bb|||\u00bb][et_pb_text admin_label=\u00bbLitoral y medio marino\u00bb _builder_version=\u00bb4.16&#8243; z_index_tablet=\u00bb500&#8243; text_text_shadow_horizontal_length_tablet=\u00bb0px\u00bb text_text_shadow_vertical_length_tablet=\u00bb0px\u00bb text_text_shadow_blur_strength_tablet=\u00bb1px\u00bb link_text_shadow_horizontal_length_tablet=\u00bb0px\u00bb link_text_shadow_vertical_length_tablet=\u00bb0px\u00bb link_text_shadow_blur_strength_tablet=\u00bb1px\u00bb ul_text_shadow_horizontal_length_tablet=\u00bb0px\u00bb ul_text_shadow_vertical_length_tablet=\u00bb0px\u00bb ul_text_shadow_blur_strength_tablet=\u00bb1px\u00bb ol_text_shadow_horizontal_length_tablet=\u00bb0px\u00bb ol_text_shadow_vertical_length_tablet=\u00bb0px\u00bb ol_text_shadow_blur_strength_tablet=\u00bb1px\u00bb quote_text_shadow_horizontal_length_tablet=\u00bb0px\u00bb quote_text_shadow_vertical_length_tablet=\u00bb0px\u00bb quote_text_shadow_blur_strength_tablet=\u00bb1px\u00bb header_text_shadow_horizontal_length_tablet=\u00bb0px\u00bb header_text_shadow_vertical_length_tablet=\u00bb0px\u00bb header_text_shadow_blur_strength_tablet=\u00bb1px\u00bb header_2_text_shadow_horizontal_length_tablet=\u00bb0px\u00bb header_2_text_shadow_vertical_length_tablet=\u00bb0px\u00bb header_2_text_shadow_blur_strength_tablet=\u00bb1px\u00bb header_3_text_shadow_horizontal_length_tablet=\u00bb0px\u00bb header_3_text_shadow_vertical_length_tablet=\u00bb0px\u00bb header_3_text_shadow_blur_strength_tablet=\u00bb1px\u00bb header_4_text_shadow_horizontal_length_tablet=\u00bb0px\u00bb header_4_text_shadow_vertical_length_tablet=\u00bb0px\u00bb header_4_text_shadow_blur_strength_tablet=\u00bb1px\u00bb header_5_text_shadow_horizontal_length_tablet=\u00bb0px\u00bb header_5_text_shadow_vertical_length_tablet=\u00bb0px\u00bb header_5_text_shadow_blur_strength_tablet=\u00bb1px\u00bb header_6_text_shadow_horizontal_length_tablet=\u00bb0px\u00bb header_6_text_shadow_vertical_length_tablet=\u00bb0px\u00bb header_6_text_shadow_blur_strength_tablet=\u00bb1px\u00bb box_shadow_horizontal_tablet=\u00bb0px\u00bb box_shadow_vertical_tablet=\u00bb0px\u00bb box_shadow_blur_tablet=\u00bb40px\u00bb box_shadow_spread_tablet=\u00bb0px\u00bb global_colors_info=\u00bb{}\u00bb]<\/p>\n<h3 style=\"text-align: center;\"><strong><span style=\"color: #339966;\">LITORAL Y MEDIO MARINO<\/span><\/strong><\/h3>\n<p><img loading=\"lazy\" decoding=\"async\" class=\"aligncenter wp-image-6002\" src=\"https:\/\/www.juntadeandalucia.es/educacion/eaprendizaje\/wp-content\/uploads\/2025\/03\/5_Litoral-y-medio-marino-265x300-1.png\" alt=\"\" width=\"180\" height=\"204\" \/><br \/>\n[\/et_pb_text][et_pb_toggle title=\u00bbInternivelar\u00bb admin_label=\u00bbInternivelar. LMO\u00bb _builder_version=\u00bb4.27.4&#8243; z_index=\u00bb999&#8243; custom_margin=\u00bb||0px|\u00bb z_index_tablet=\u00bb500&#8243; title_text_shadow_horizontal_length_tablet=\u00bb0px\u00bb title_text_shadow_vertical_length_tablet=\u00bb0px\u00bb title_text_shadow_blur_strength_tablet=\u00bb1px\u00bb closed_title_text_shadow_horizontal_length_tablet=\u00bb0px\u00bb closed_title_text_shadow_vertical_length_tablet=\u00bb0px\u00bb closed_title_text_shadow_blur_strength_tablet=\u00bb1px\u00bb body_text_shadow_horizontal_length_tablet=\u00bb0px\u00bb body_text_shadow_vertical_length_tablet=\u00bb0px\u00bb body_text_shadow_blur_strength_tablet=\u00bb1px\u00bb body_link_text_shadow_horizontal_length_tablet=\u00bb0px\u00bb body_link_text_shadow_vertical_length_tablet=\u00bb0px\u00bb body_link_text_shadow_blur_strength_tablet=\u00bb1px\u00bb body_ul_text_shadow_horizontal_length_tablet=\u00bb0px\u00bb body_ul_text_shadow_vertical_length_tablet=\u00bb0px\u00bb body_ul_text_shadow_blur_strength_tablet=\u00bb1px\u00bb body_ol_text_shadow_horizontal_length_tablet=\u00bb0px\u00bb body_ol_text_shadow_vertical_length_tablet=\u00bb0px\u00bb body_ol_text_shadow_blur_strength_tablet=\u00bb1px\u00bb body_quote_text_shadow_horizontal_length_tablet=\u00bb0px\u00bb body_quote_text_shadow_vertical_length_tablet=\u00bb0px\u00bb body_quote_text_shadow_blur_strength_tablet=\u00bb1px\u00bb box_shadow_horizontal_tablet=\u00bb0px\u00bb box_shadow_vertical_tablet=\u00bb0px\u00bb box_shadow_blur_tablet=\u00bb40px\u00bb box_shadow_spread_tablet=\u00bb0px\u00bb text_shadow_horizontal_length_tablet=\u00bb0px\u00bb text_shadow_vertical_length_tablet=\u00bb0px\u00bb text_shadow_blur_strength_tablet=\u00bb1px\u00bb global_colors_info=\u00bb{}\u00bb]<\/p>\n<ul>\n<li><a href=\"http:\/\/www.juntadeandalucia.es\/medioambiente\/portal_web\/web\/servicios\/centro_de_documentacion_y_biblioteca\/fondo_editorial_digital\/documentos_tecnicos\/Recursos_aldea\/guia_edu_amb\/maqueta_GEAL.pdf\">Gu\u00eda did\u00e1ctica de Educaci\u00f3n Ambiental y conservaci\u00f3n del litoral<\/a><\/li>\n<li><a href=\"https:\/\/www.juntadeandalucia.es\/educacion\/portals\/delegate\/content\/c1f711a2-630e-442d-9fdb-7f72df7776ff\/PANEL%20DID%C3%81CTICO%20BASURAS\">Panel did\u00e1ctico Basura<\/a><\/li>\n<li><a href=\"https:\/\/www.juntadeandalucia.es\/educacion\/portals\/delegate\/content\/69877eae-bdf1-4ecd-aab0-ede976787e17\/PANEL%20DID%C3%81CTICO%20INMADUROS\">Panel did\u00e1ctico Inmaduros<\/a><\/li>\n<li><a href=\"https:\/\/www.juntadeandalucia.es\/educacion\/portals\/delegate\/content\/eade90ee-8a3a-49e8-8bd0-a9d00bca620b\/PANEL%20DID%C3%81CTICO%20PESCA\">Panel did\u00e1ctico de Pesca<\/a><\/li>\n<li><a href=\"https:\/\/www.juntadeandalucia.es\/educacion\/portals\/delegate\/content\/7411bac8-6ed7-4458-9e5e-80f883b9f394\/PANEL%20DID%C3%81CTICO%20SALINAS\">Panel did\u00e1ctico de Salinas<\/a><\/li>\n<li><a href=\"http:\/\/www.juntadeandalucia.es\/medioambiente\/portal_web\/web\/temas_ambientales\/educacion_y_voluntariado_ambiental\/Educacion_Ambiental\/ProgramasProyectos\/Aldea\/Aldea%202009\/fichas_poster_cuidemos\/Cartel_pesca.pdf\">Panel did\u00e1ctico: La pesca sostenible en Andaluc\u00eda<\/a><\/li>\n<li>L\u00e1minas de identificaci\u00f3n:\n<ul>\n<li><a href=\"http:\/\/www.juntadeandalucia.es\/medioambiente\/portal_web\/web\/temas_ambientales\/educacion_ambiental_y_formacion_nuevo\/aldea\/programas\/cuidemos_costa\/recursos\/materialcorrelimos\/flora_dunar.pdf\">L\u00e1mina de Flora Aut\u00f3ctona: Flora de bosque dunar y flora de duna.\u00a0<\/a><\/li>\n<li><a href=\"http:\/\/www.juntadeandalucia.es\/medioambiente\/portal_web\/web\/temas_ambientales\/educacion_ambiental_y_formacion_nuevo\/aldea\/programas\/cuidemos_costa\/recursos\/materialcorrelimos\/flora_marisma.pdf\">L\u00e1mina de Flora Aut\u00f3ctona: Flora de marisma.\u00a0<\/a><\/li>\n<li><a href=\"http:\/\/www.juntadeandalucia.es\/medioambiente\/portal_web\/web\/temas_ambientales\/educacion_ambiental_y_formacion_nuevo\/aldea\/programas\/cuidemos_costa\/recursos\/materialcorrelimos\/flora_sub2.pdf\">L\u00e1mina de Flora Subacu\u00e1tica.\u00a0<\/a><\/li>\n<li><a href=\"http:\/\/www.juntadeandalucia.es\/medioambiente\/portal_web\/web\/temas_ambientales\/educacion_ambiental_y_formacion_nuevo\/aldea\/programas\/cuidemos_costa\/recursos\/materialcorrelimos\/flora_inv.pdf\">L\u00e1mina de Flora Invasora.\u00a0<\/a><\/li>\n<li><a href=\"http:\/\/www.juntadeandalucia.es\/medioambiente\/portal_web\/web\/temas_ambientales\/educacion_ambiental_y_formacion_nuevo\/aldea\/programas\/cuidemos_costa\/recursos\/materialcorrelimos\/ave_1.pdf\">L\u00e1mina de Aves (I): Gaviotas.\u00a0<\/a><\/li>\n<li><a href=\"http:\/\/www.juntadeandalucia.es\/medioambiente\/portal_web\/web\/temas_ambientales\/educacion_ambiental_y_formacion_nuevo\/aldea\/programas\/cuidemos_costa\/recursos\/materialcorrelimos\/ave_2.pdf\">L\u00e1mina de Aves (II).\u00a0<\/a><\/li>\n<li><a href=\"http:\/\/www.juntadeandalucia.es\/medioambiente\/portal_web\/web\/temas_ambientales\/educacion_ambiental_y_formacion_nuevo\/aldea\/programas\/cuidemos_costa\/recursos\/materialcorrelimos\/concha.pdf\">L\u00e1mina de Conchas<\/a>.<\/li>\n<li><a href=\"http:\/\/www.juntadeandalucia.es\/medioambiente\/portal_web\/web\/temas_ambientales\/educacion_ambiental_y_formacion_nuevo\/aldea\/programas\/cuidemos_costa\/recursos\/materialcorrelimos\/posidonia.pdf\">L\u00e1mina de Posidonia.<\/a><\/li>\n<\/ul>\n<\/li>\n<li>Exposici\u00f3n Pleamar. Paneles:\n<ul>\n<li><a href=\"https:\/\/www.juntadeandalucia.es\/educacion\/portals\/delegate\/content\/4f525a3f-35dd-401c-9492-47d5faa1e9d6\/Flora%20al%20abrigo%20del%20mar\" target=\"_blank\" rel=\"noopener\">Flora al abrigo del mar<\/a><\/li>\n<li><a href=\"https:\/\/www.juntadeandalucia.es\/educacion\/portals\/delegate\/content\/c29bde96-5a53-4ebf-b0ee-82128b48d274\/Fauna%20de%20enorme%20diversidad\" target=\"_blank\" rel=\"noopener\">Fauna de enorme diversidad\u00a0<\/a><\/li>\n<li><a href=\"https:\/\/www.juntadeandalucia.es\/educacion\/portals\/delegate\/content\/59c26e7a-5222-431a-97b8-a92e9fc0d289\/Espacios%20litorales%20protegidos\" target=\"_blank\" rel=\"noopener\">Espacios litorales protegidos\u00a0<\/a><\/li>\n<li><a href=\"https:\/\/www.juntadeandalucia.es\/educacion\/portals\/delegate\/content\/d64c39bc-5dbf-4143-9fe8-7111c3212cd1\/Problemas%20ambientales%20del%20litoral\" target=\"_blank\" rel=\"noopener\">Problemas ambientales del litoral\u00a0<\/a><\/li>\n<li><a href=\"https:\/\/www.juntadeandalucia.es\/educacion\/portals\/delegate\/content\/c09960d5-c0e2-472f-9393-97a55e2585f0\/El%20cambio%20clim%C3%A1tico%20y%20el%20litoral\" target=\"_blank\" rel=\"noopener\">El cambio clim\u00e1tico y el litoral\u00a0<\/a><\/li>\n<li><a href=\"https:\/\/www.juntadeandalucia.es\/educacion\/portals\/delegate\/content\/873ac72f-7309-4247-878e-ea222df8e254\/Acciones%20para%20la%20conservaci%C3%B3n\" target=\"_blank\" rel=\"noopener\">Acciones para la conservaci\u00f3n<\/a><\/li>\n<\/ul>\n<\/li>\n<\/ul>\n<p>&nbsp;<\/p>\n<p>&nbsp;<br \/>\n[\/et_pb_toggle][et_pb_toggle title=\u00bbPrimaria y Secundaria\u00bb admin_label=\u00bbPrim y sec. LMO\u00bb _builder_version=\u00bb4.27.4&#8243; z_index=\u00bb999&#8243; custom_margin=\u00bb||0px|\u00bb z_index_tablet=\u00bb500&#8243; title_text_shadow_horizontal_length_tablet=\u00bb0px\u00bb title_text_shadow_vertical_length_tablet=\u00bb0px\u00bb title_text_shadow_blur_strength_tablet=\u00bb1px\u00bb closed_title_text_shadow_horizontal_length_tablet=\u00bb0px\u00bb closed_title_text_shadow_vertical_length_tablet=\u00bb0px\u00bb closed_title_text_shadow_blur_strength_tablet=\u00bb1px\u00bb body_text_shadow_horizontal_length_tablet=\u00bb0px\u00bb body_text_shadow_vertical_length_tablet=\u00bb0px\u00bb body_text_shadow_blur_strength_tablet=\u00bb1px\u00bb body_link_text_shadow_horizontal_length_tablet=\u00bb0px\u00bb body_link_text_shadow_vertical_length_tablet=\u00bb0px\u00bb body_link_text_shadow_blur_strength_tablet=\u00bb1px\u00bb body_ul_text_shadow_horizontal_length_tablet=\u00bb0px\u00bb body_ul_text_shadow_vertical_length_tablet=\u00bb0px\u00bb body_ul_text_shadow_blur_strength_tablet=\u00bb1px\u00bb body_ol_text_shadow_horizontal_length_tablet=\u00bb0px\u00bb body_ol_text_shadow_vertical_length_tablet=\u00bb0px\u00bb body_ol_text_shadow_blur_strength_tablet=\u00bb1px\u00bb body_quote_text_shadow_horizontal_length_tablet=\u00bb0px\u00bb body_quote_text_shadow_vertical_length_tablet=\u00bb0px\u00bb body_quote_text_shadow_blur_strength_tablet=\u00bb1px\u00bb box_shadow_horizontal_tablet=\u00bb0px\u00bb box_shadow_vertical_tablet=\u00bb0px\u00bb box_shadow_blur_tablet=\u00bb40px\u00bb box_shadow_spread_tablet=\u00bb0px\u00bb text_shadow_horizontal_length_tablet=\u00bb0px\u00bb text_shadow_vertical_length_tablet=\u00bb0px\u00bb text_shadow_blur_strength_tablet=\u00bb1px\u00bb global_colors_info=\u00bb{}\u00bb]<\/p>\n<ul>\n<li><a href=\"http:\/\/www.juntadeandalucia.es\/medioambiente\/portal_web\/web\/temas_ambientales\/educacion_ambiental_y_formacion_nuevo\/aldea\/programas\/cuidemos_costa\/recursos\/Imaginemos%20def.pdf\">Imaginemos el futuro de nuestra costa<\/a><\/li>\n<li><a href=\"https:\/\/descargas.intef.es\/cedec\/proyectoedia\/biologia_geologia\/contenidos\/investigando_la_hidrosfera\/el_agua_en_continuo_movimiento.html\" target=\"_blank\" rel=\"noopener\">Serie Investigando. Investigando la hidrosfera. (ODE. Situaci\u00f3n de aprendizaje.ESO)<\/a><\/li>\n<\/ul>\n<p>[\/et_pb_toggle][et_pb_toggle title=\u00bbBachillerato\u00bb admin_label=\u00bbBachillerato\u00bb _builder_version=\u00bb4.27.4&#8243; z_index=\u00bb999&#8243; custom_margin=\u00bb||0px|\u00bb z_index_tablet=\u00bb500&#8243; title_text_shadow_horizontal_length_tablet=\u00bb0px\u00bb title_text_shadow_vertical_length_tablet=\u00bb0px\u00bb title_text_shadow_blur_strength_tablet=\u00bb1px\u00bb closed_title_text_shadow_horizontal_length_tablet=\u00bb0px\u00bb closed_title_text_shadow_vertical_length_tablet=\u00bb0px\u00bb closed_title_text_shadow_blur_strength_tablet=\u00bb1px\u00bb body_text_shadow_horizontal_length_tablet=\u00bb0px\u00bb body_text_shadow_vertical_length_tablet=\u00bb0px\u00bb body_text_shadow_blur_strength_tablet=\u00bb1px\u00bb body_link_text_shadow_horizontal_length_tablet=\u00bb0px\u00bb body_link_text_shadow_vertical_length_tablet=\u00bb0px\u00bb body_link_text_shadow_blur_strength_tablet=\u00bb1px\u00bb body_ul_text_shadow_horizontal_length_tablet=\u00bb0px\u00bb body_ul_text_shadow_vertical_length_tablet=\u00bb0px\u00bb body_ul_text_shadow_blur_strength_tablet=\u00bb1px\u00bb body_ol_text_shadow_horizontal_length_tablet=\u00bb0px\u00bb body_ol_text_shadow_vertical_length_tablet=\u00bb0px\u00bb body_ol_text_shadow_blur_strength_tablet=\u00bb1px\u00bb body_quote_text_shadow_horizontal_length_tablet=\u00bb0px\u00bb body_quote_text_shadow_vertical_length_tablet=\u00bb0px\u00bb body_quote_text_shadow_blur_strength_tablet=\u00bb1px\u00bb box_shadow_horizontal_tablet=\u00bb0px\u00bb box_shadow_vertical_tablet=\u00bb0px\u00bb box_shadow_blur_tablet=\u00bb40px\u00bb box_shadow_spread_tablet=\u00bb0px\u00bb text_shadow_horizontal_length_tablet=\u00bb0px\u00bb text_shadow_vertical_length_tablet=\u00bb0px\u00bb text_shadow_blur_strength_tablet=\u00bb1px\u00bb global_colors_info=\u00bb{}\u00bb]<\/p>\n<ul>\n<li><a href=\"https:\/\/edea.juntadeandalucia.es\/bancorecursos\/items\/84102cfd-0976-49d9-973c-bb2af8a00688\/1\/?attachment.uuid=b4207f3d-116a-4086-865d-e49638082a5b\" target=\"_blank\" rel=\"noopener\">Litoral andaluz<\/a><\/li>\n<li><a href=\"https:\/\/edea.juntadeandalucia.es\/bancorecursos\/items\/40b87567-cf6f-4c28-b766-9b393d8795b3\/1\/viewscorm.jsp?.vi=file\" target=\"_blank\" rel=\"noopener\">GL2 &#8211; U4.T4: El relieve de la superficie terrestre: Relieve estructural y litoral (ODE)<\/a><\/li>\n<\/ul>\n<p>[\/et_pb_toggle][\/et_pb_column][et_pb_column type=\u00bb1_4&#8243; module_class=\u00bbrec_verde rec_didacticos_list\u00bb _builder_version=\u00bb4.16&#8243; custom_padding=\u00bb|||\u00bb global_colors_info=\u00bb{}\u00bb custom_padding__hover=\u00bb|||\u00bb][et_pb_text admin_label=\u00bbGesti\u00f3n y valor del agua\u00bb _builder_version=\u00bb4.16&#8243; link_option_url=\u00bbhttps:\/\/www.juntadeandalucia.es\/educacion\/eaprendizaje\/uso-sostenible-y-responsable-del-agua-recursos\/\u00bb z_index_tablet=\u00bb500&#8243; text_text_shadow_horizontal_length_tablet=\u00bb0px\u00bb text_text_shadow_vertical_length_tablet=\u00bb0px\u00bb text_text_shadow_blur_strength_tablet=\u00bb1px\u00bb link_text_shadow_horizontal_length_tablet=\u00bb0px\u00bb link_text_shadow_vertical_length_tablet=\u00bb0px\u00bb link_text_shadow_blur_strength_tablet=\u00bb1px\u00bb ul_text_shadow_horizontal_length_tablet=\u00bb0px\u00bb ul_text_shadow_vertical_length_tablet=\u00bb0px\u00bb ul_text_shadow_blur_strength_tablet=\u00bb1px\u00bb ol_text_shadow_horizontal_length_tablet=\u00bb0px\u00bb ol_text_shadow_vertical_length_tablet=\u00bb0px\u00bb ol_text_shadow_blur_strength_tablet=\u00bb1px\u00bb quote_text_shadow_horizontal_length_tablet=\u00bb0px\u00bb quote_text_shadow_vertical_length_tablet=\u00bb0px\u00bb quote_text_shadow_blur_strength_tablet=\u00bb1px\u00bb header_text_shadow_horizontal_length_tablet=\u00bb0px\u00bb header_text_shadow_vertical_length_tablet=\u00bb0px\u00bb header_text_shadow_blur_strength_tablet=\u00bb1px\u00bb header_2_text_shadow_horizontal_length_tablet=\u00bb0px\u00bb header_2_text_shadow_vertical_length_tablet=\u00bb0px\u00bb header_2_text_shadow_blur_strength_tablet=\u00bb1px\u00bb header_3_text_shadow_horizontal_length_tablet=\u00bb0px\u00bb header_3_text_shadow_vertical_length_tablet=\u00bb0px\u00bb header_3_text_shadow_blur_strength_tablet=\u00bb1px\u00bb header_4_text_shadow_horizontal_length_tablet=\u00bb0px\u00bb header_4_text_shadow_vertical_length_tablet=\u00bb0px\u00bb header_4_text_shadow_blur_strength_tablet=\u00bb1px\u00bb header_5_text_shadow_horizontal_length_tablet=\u00bb0px\u00bb header_5_text_shadow_vertical_length_tablet=\u00bb0px\u00bb header_5_text_shadow_blur_strength_tablet=\u00bb1px\u00bb header_6_text_shadow_horizontal_length_tablet=\u00bb0px\u00bb header_6_text_shadow_vertical_length_tablet=\u00bb0px\u00bb header_6_text_shadow_blur_strength_tablet=\u00bb1px\u00bb box_shadow_horizontal_tablet=\u00bb0px\u00bb box_shadow_vertical_tablet=\u00bb0px\u00bb box_shadow_blur_tablet=\u00bb40px\u00bb box_shadow_spread_tablet=\u00bb0px\u00bb global_colors_info=\u00bb{}\u00bb]<\/p>\n<h3 style=\"text-align: center;\"><strong><span style=\"color: #339966;\">GESTI\u00d3N Y VALOR DEL AGUA<\/span><\/strong><\/h3>\n<p><img loading=\"lazy\" decoding=\"async\" class=\"aligncenter wp-image-6003\" src=\"https:\/\/www.juntadeandalucia.es/educacion/eaprendizaje\/wp-content\/uploads\/2025\/03\/4_Gestion-valor-del-agua-265x300-1.png\" alt=\"\" width=\"180\" height=\"204\" \/><br \/>\n[\/et_pb_text][et_pb_toggle title=\u00bbInternivelar\u00bb admin_label=\u00bbInternivelar. LMO\u00bb _builder_version=\u00bb4.16&#8243; z_index=\u00bb999&#8243; custom_margin=\u00bb||0px|\u00bb z_index_tablet=\u00bb500&#8243; title_text_shadow_horizontal_length_tablet=\u00bb0px\u00bb title_text_shadow_vertical_length_tablet=\u00bb0px\u00bb title_text_shadow_blur_strength_tablet=\u00bb1px\u00bb closed_title_text_shadow_horizontal_length_tablet=\u00bb0px\u00bb closed_title_text_shadow_vertical_length_tablet=\u00bb0px\u00bb closed_title_text_shadow_blur_strength_tablet=\u00bb1px\u00bb body_text_shadow_horizontal_length_tablet=\u00bb0px\u00bb body_text_shadow_vertical_length_tablet=\u00bb0px\u00bb body_text_shadow_blur_strength_tablet=\u00bb1px\u00bb body_link_text_shadow_horizontal_length_tablet=\u00bb0px\u00bb body_link_text_shadow_vertical_length_tablet=\u00bb0px\u00bb body_link_text_shadow_blur_strength_tablet=\u00bb1px\u00bb body_ul_text_shadow_horizontal_length_tablet=\u00bb0px\u00bb body_ul_text_shadow_vertical_length_tablet=\u00bb0px\u00bb body_ul_text_shadow_blur_strength_tablet=\u00bb1px\u00bb body_ol_text_shadow_horizontal_length_tablet=\u00bb0px\u00bb body_ol_text_shadow_vertical_length_tablet=\u00bb0px\u00bb body_ol_text_shadow_blur_strength_tablet=\u00bb1px\u00bb body_quote_text_shadow_horizontal_length_tablet=\u00bb0px\u00bb body_quote_text_shadow_vertical_length_tablet=\u00bb0px\u00bb body_quote_text_shadow_blur_strength_tablet=\u00bb1px\u00bb box_shadow_horizontal_tablet=\u00bb0px\u00bb box_shadow_vertical_tablet=\u00bb0px\u00bb box_shadow_blur_tablet=\u00bb40px\u00bb box_shadow_spread_tablet=\u00bb0px\u00bb text_shadow_horizontal_length_tablet=\u00bb0px\u00bb text_shadow_vertical_length_tablet=\u00bb0px\u00bb text_shadow_blur_strength_tablet=\u00bb1px\u00bb global_colors_info=\u00bb{}\u00bb]<\/p>\n<ul>\n<li><a href=\"https:\/\/www.juntadeandalucia.es\/educacion\/eaprendizaje\/uso-sostenible-y-responsable-del-agua-recursos\/\" target=\"_blank\" rel=\"noopener noreferrer\">Materiales did\u00e1cticos y recursos para la formaci\u00f3n y capacitaci\u00f3n<\/a><\/li>\n<\/ul>\n<p>[\/et_pb_toggle][\/et_pb_column][et_pb_column type=\u00bb1_4&#8243; module_class=\u00bbrec_verde rec_didacticos_list\u00bb _builder_version=\u00bb4.16&#8243; custom_padding=\u00bb|||\u00bb global_colors_info=\u00bb{}\u00bb custom_padding__hover=\u00bb|||\u00bb][et_pb_text admin_label=\u00bbHuertos escolares\u00bb _builder_version=\u00bb4.16&#8243; z_index_tablet=\u00bb500&#8243; text_text_shadow_horizontal_length_tablet=\u00bb0px\u00bb text_text_shadow_vertical_length_tablet=\u00bb0px\u00bb text_text_shadow_blur_strength_tablet=\u00bb1px\u00bb link_text_shadow_horizontal_length_tablet=\u00bb0px\u00bb link_text_shadow_vertical_length_tablet=\u00bb0px\u00bb link_text_shadow_blur_strength_tablet=\u00bb1px\u00bb ul_text_shadow_horizontal_length_tablet=\u00bb0px\u00bb ul_text_shadow_vertical_length_tablet=\u00bb0px\u00bb ul_text_shadow_blur_strength_tablet=\u00bb1px\u00bb ol_text_shadow_horizontal_length_tablet=\u00bb0px\u00bb ol_text_shadow_vertical_length_tablet=\u00bb0px\u00bb ol_text_shadow_blur_strength_tablet=\u00bb1px\u00bb quote_text_shadow_horizontal_length_tablet=\u00bb0px\u00bb quote_text_shadow_vertical_length_tablet=\u00bb0px\u00bb quote_text_shadow_blur_strength_tablet=\u00bb1px\u00bb header_text_shadow_horizontal_length_tablet=\u00bb0px\u00bb header_text_shadow_vertical_length_tablet=\u00bb0px\u00bb header_text_shadow_blur_strength_tablet=\u00bb1px\u00bb header_2_text_shadow_horizontal_length_tablet=\u00bb0px\u00bb header_2_text_shadow_vertical_length_tablet=\u00bb0px\u00bb header_2_text_shadow_blur_strength_tablet=\u00bb1px\u00bb header_3_text_shadow_horizontal_length_tablet=\u00bb0px\u00bb header_3_text_shadow_vertical_length_tablet=\u00bb0px\u00bb header_3_text_shadow_blur_strength_tablet=\u00bb1px\u00bb header_4_text_shadow_horizontal_length_tablet=\u00bb0px\u00bb header_4_text_shadow_vertical_length_tablet=\u00bb0px\u00bb header_4_text_shadow_blur_strength_tablet=\u00bb1px\u00bb header_5_text_shadow_horizontal_length_tablet=\u00bb0px\u00bb header_5_text_shadow_vertical_length_tablet=\u00bb0px\u00bb header_5_text_shadow_blur_strength_tablet=\u00bb1px\u00bb header_6_text_shadow_horizontal_length_tablet=\u00bb0px\u00bb header_6_text_shadow_vertical_length_tablet=\u00bb0px\u00bb header_6_text_shadow_blur_strength_tablet=\u00bb1px\u00bb box_shadow_horizontal_tablet=\u00bb0px\u00bb box_shadow_vertical_tablet=\u00bb0px\u00bb box_shadow_blur_tablet=\u00bb40px\u00bb box_shadow_spread_tablet=\u00bb0px\u00bb global_colors_info=\u00bb{}\u00bb]<\/p>\n<h3 style=\"text-align: center;\"><strong><span style=\"color: #339966;\">HUERTOS ESCOLARES<\/span><\/strong><\/h3>\n<p><img loading=\"lazy\" decoding=\"async\" class=\"aligncenter wp-image-5999\" src=\"https:\/\/www.juntadeandalucia.es/educacion/eaprendizaje\/wp-content\/uploads\/2025\/03\/8_Huertos-escolares-265x300-1.png\" alt=\"\" width=\"180\" height=\"204\" \/><br \/>\n[\/et_pb_text][et_pb_toggle title=\u00bbManuales y actividades\u00bb admin_label=\u00bbManuales y actividades. HE\u00bb _builder_version=\u00bb4.16&#8243; z_index=\u00bb899&#8243; custom_margin=\u00bb||0px|\u00bb z_index_tablet=\u00bb500&#8243; title_text_shadow_horizontal_length_tablet=\u00bb0px\u00bb title_text_shadow_vertical_length_tablet=\u00bb0px\u00bb title_text_shadow_blur_strength_tablet=\u00bb1px\u00bb closed_title_text_shadow_horizontal_length_tablet=\u00bb0px\u00bb closed_title_text_shadow_vertical_length_tablet=\u00bb0px\u00bb closed_title_text_shadow_blur_strength_tablet=\u00bb1px\u00bb body_text_shadow_horizontal_length_tablet=\u00bb0px\u00bb body_text_shadow_vertical_length_tablet=\u00bb0px\u00bb body_text_shadow_blur_strength_tablet=\u00bb1px\u00bb body_link_text_shadow_horizontal_length_tablet=\u00bb0px\u00bb body_link_text_shadow_vertical_length_tablet=\u00bb0px\u00bb body_link_text_shadow_blur_strength_tablet=\u00bb1px\u00bb body_ul_text_shadow_horizontal_length_tablet=\u00bb0px\u00bb body_ul_text_shadow_vertical_length_tablet=\u00bb0px\u00bb body_ul_text_shadow_blur_strength_tablet=\u00bb1px\u00bb body_ol_text_shadow_horizontal_length_tablet=\u00bb0px\u00bb body_ol_text_shadow_vertical_length_tablet=\u00bb0px\u00bb body_ol_text_shadow_blur_strength_tablet=\u00bb1px\u00bb body_quote_text_shadow_horizontal_length_tablet=\u00bb0px\u00bb body_quote_text_shadow_vertical_length_tablet=\u00bb0px\u00bb body_quote_text_shadow_blur_strength_tablet=\u00bb1px\u00bb box_shadow_horizontal_tablet=\u00bb0px\u00bb box_shadow_vertical_tablet=\u00bb0px\u00bb box_shadow_blur_tablet=\u00bb40px\u00bb box_shadow_spread_tablet=\u00bb0px\u00bb text_shadow_horizontal_length_tablet=\u00bb0px\u00bb text_shadow_vertical_length_tablet=\u00bb0px\u00bb text_shadow_blur_strength_tablet=\u00bb1px\u00bb global_colors_info=\u00bb{}\u00bb]<\/p>\n<ul>\n<li><a href=\"https:\/\/www.juntadeandalucia.es\/educacion\/portals\/delegate\/content\/f2af966e-25b8-47aa-b3f4-93f1e673e0a2\/La%20aventura%20de%20nuestro%20Ecohuerto,%20infantil%20y%20primaria\">La aventura de nuestro huerto. Libro para educaci\u00f3n infantil y primaria<\/a><\/li>\n<li><a href=\"https:\/\/www.juntadeandalucia.es\/educacion\/portals\/delegate\/content\/c7fcd5f2-6212-49f1-bac7-b75b1a787290\/HUERTOS%20ECOL%C3%93GICOS%20-%20ALIMENTANDO%20TU%20FUTURO\">Huertos ecol\u00f3gicos: alimentando tu futuro (actividades)<\/a><\/li>\n<\/ul>\n<p>[\/et_pb_toggle][et_pb_toggle title=\u00bbFichas\u00bb admin_label=\u00bbFichas. HE\u00bb _builder_version=\u00bb4.16&#8243; z_index=\u00bb899&#8243; custom_margin=\u00bb||0px|\u00bb z_index_tablet=\u00bb500&#8243; title_text_shadow_horizontal_length_tablet=\u00bb0px\u00bb title_text_shadow_vertical_length_tablet=\u00bb0px\u00bb title_text_shadow_blur_strength_tablet=\u00bb1px\u00bb closed_title_text_shadow_horizontal_length_tablet=\u00bb0px\u00bb closed_title_text_shadow_vertical_length_tablet=\u00bb0px\u00bb closed_title_text_shadow_blur_strength_tablet=\u00bb1px\u00bb body_text_shadow_horizontal_length_tablet=\u00bb0px\u00bb body_text_shadow_vertical_length_tablet=\u00bb0px\u00bb body_text_shadow_blur_strength_tablet=\u00bb1px\u00bb body_link_text_shadow_horizontal_length_tablet=\u00bb0px\u00bb body_link_text_shadow_vertical_length_tablet=\u00bb0px\u00bb body_link_text_shadow_blur_strength_tablet=\u00bb1px\u00bb body_ul_text_shadow_horizontal_length_tablet=\u00bb0px\u00bb body_ul_text_shadow_vertical_length_tablet=\u00bb0px\u00bb body_ul_text_shadow_blur_strength_tablet=\u00bb1px\u00bb body_ol_text_shadow_horizontal_length_tablet=\u00bb0px\u00bb body_ol_text_shadow_vertical_length_tablet=\u00bb0px\u00bb body_ol_text_shadow_blur_strength_tablet=\u00bb1px\u00bb body_quote_text_shadow_horizontal_length_tablet=\u00bb0px\u00bb body_quote_text_shadow_vertical_length_tablet=\u00bb0px\u00bb body_quote_text_shadow_blur_strength_tablet=\u00bb1px\u00bb box_shadow_horizontal_tablet=\u00bb0px\u00bb box_shadow_vertical_tablet=\u00bb0px\u00bb box_shadow_blur_tablet=\u00bb40px\u00bb box_shadow_spread_tablet=\u00bb0px\u00bb text_shadow_horizontal_length_tablet=\u00bb0px\u00bb text_shadow_vertical_length_tablet=\u00bb0px\u00bb text_shadow_blur_strength_tablet=\u00bb1px\u00bb global_colors_info=\u00bb{}\u00bb]<\/p>\n<ul>\n<li><a href=\"https:\/\/www.juntadeandalucia.es\/educacion\/portals\/delegate\/content\/c6307c94-1bdd-4ab3-8f46-06dfa3b366ea\/MONTAR%20UN%20HUERTO%20-%20FAQ\">Montar un huerto &#8211; Preguntas frecuentes.<\/a><\/li>\n<li><a href=\"https:\/\/www.juntadeandalucia.es\/educacion\/portals\/delegate\/content\/b19c4ee8-abfc-4ba8-aa6b-943622e0be96\/%C2%BFCU%C3%81L%20ES%20TU%20HUERTO?\">\u00bfCu\u00e1l es tu huerto?<\/a><\/li>\n<li><a href=\"https:\/\/www.juntadeandalucia.es\/educacion\/portals\/delegate\/content\/6b6aeca8-bac5-4fc0-b77f-be8681085c26\/SOLUCIONES%20SENCILLAS%20A%20PROBLEMAS%20COMUNES%20EN%20EL%20HUERTO\">Soluciones sencillas a problemas comunes en el huerto<\/a><\/li>\n<li><a href=\"https:\/\/www.juntadeandalucia.es/educacion/eaprendizaje\/wp-content\/uploads\/2024\/02\/FICHAS_Tipos_de_huertos.pdf\" target=\"_blank\" rel=\"noopener noreferrer\">Tipos de huertos<\/a><\/li>\n<li><a href=\"https:\/\/www.juntadeandalucia.es/educacion/eaprendizaje\/wp-content\/uploads\/2024\/02\/Calendario-siembras-y-trasplantes-.pdf\" target=\"_blank\" rel=\"noopener noreferrer\">Calendario de los cultivos del huerto<\/a><\/li>\n<li><a href=\"https:\/\/www.juntadeandalucia.es/educacion/eaprendizaje\/wp-content\/uploads\/2024\/02\/Diagramas-de-rotaciones.pdf\" target=\"_blank\" rel=\"noopener noreferrer\">Rotaci\u00f3n de cultivos por grupos de familias<\/a><\/li>\n<\/ul>\n<p>[\/et_pb_toggle][et_pb_toggle title=\u00bbV\u00eddeos\u00bb admin_label=\u00bbV\u00eddeos. HE\u00bb _builder_version=\u00bb4.16&#8243; z_index=\u00bb899&#8243; custom_margin=\u00bb||0px|\u00bb z_index_tablet=\u00bb500&#8243; title_text_shadow_horizontal_length_tablet=\u00bb0px\u00bb title_text_shadow_vertical_length_tablet=\u00bb0px\u00bb title_text_shadow_blur_strength_tablet=\u00bb1px\u00bb closed_title_text_shadow_horizontal_length_tablet=\u00bb0px\u00bb closed_title_text_shadow_vertical_length_tablet=\u00bb0px\u00bb closed_title_text_shadow_blur_strength_tablet=\u00bb1px\u00bb body_text_shadow_horizontal_length_tablet=\u00bb0px\u00bb body_text_shadow_vertical_length_tablet=\u00bb0px\u00bb body_text_shadow_blur_strength_tablet=\u00bb1px\u00bb body_link_text_shadow_horizontal_length_tablet=\u00bb0px\u00bb body_link_text_shadow_vertical_length_tablet=\u00bb0px\u00bb body_link_text_shadow_blur_strength_tablet=\u00bb1px\u00bb body_ul_text_shadow_horizontal_length_tablet=\u00bb0px\u00bb body_ul_text_shadow_vertical_length_tablet=\u00bb0px\u00bb body_ul_text_shadow_blur_strength_tablet=\u00bb1px\u00bb body_ol_text_shadow_horizontal_length_tablet=\u00bb0px\u00bb body_ol_text_shadow_vertical_length_tablet=\u00bb0px\u00bb body_ol_text_shadow_blur_strength_tablet=\u00bb1px\u00bb body_quote_text_shadow_horizontal_length_tablet=\u00bb0px\u00bb body_quote_text_shadow_vertical_length_tablet=\u00bb0px\u00bb body_quote_text_shadow_blur_strength_tablet=\u00bb1px\u00bb box_shadow_horizontal_tablet=\u00bb0px\u00bb box_shadow_vertical_tablet=\u00bb0px\u00bb box_shadow_blur_tablet=\u00bb40px\u00bb box_shadow_spread_tablet=\u00bb0px\u00bb text_shadow_horizontal_length_tablet=\u00bb0px\u00bb text_shadow_vertical_length_tablet=\u00bb0px\u00bb text_shadow_blur_strength_tablet=\u00bb1px\u00bb global_colors_info=\u00bb{}\u00bb]<\/p>\n<ul>\n<li><a href=\"https:\/\/www.youtube.com\/watch?v=SrIGxvVEriU\">Huerto instant\u00e1neo<\/a><\/li>\n<li><a href=\"https:\/\/www.youtube.com\/watch?v=8hgY_cK27BU\">El Bosque de Alimentos del CEIP La Paz (La Rinconada, Sevilla)<\/a><\/li>\n<li><a href=\"https:\/\/www.youtube.com\/watch?v=p-r-zMLK9Bk\">Creaci\u00f3n de un hotel de insectos<\/a><\/li>\n<li><a href=\"https:\/\/www.youtube.com\/watch?v=EylNQeccHjo\">Montaje de una espiral de arom\u00e1ticas y estanque<\/a><\/li>\n<li><a href=\"https:\/\/www.youtube.com\/watch?v=s6LQmKfoxz4\">Instalaci\u00f3n de cajas nido<\/a><\/li>\n<li><a href=\"https:\/\/www.youtube.com\/watch?v=SAuY93llTA4\">Construcci\u00f3n de un compostero<\/a><\/li>\n<li><a href=\"https:\/\/www.youtube.com\/watch?v=_icwgXZM-44\">ECOp\u00edldora. \u00bfC\u00f3mo aprovechamos las semillas del huerto?<\/a><\/li>\n<li><a href=\"https:\/\/www.youtube.com\/watch?v=QNv8oRb2n8s\">ECOp\u00edldora. \u00bfC\u00f3mo ahorramos agua en el huerto?<\/a><\/li>\n<li><a href=\"https:\/\/www.youtube.com\/watch?v=F9qcV_bbuPM\">ECOp\u00edldora. El contenido de agua del suelo<\/a><\/li>\n<li><a href=\"https:\/\/www.youtube.com\/watch?v=fI9BRKIgec8\">ECOp\u00edldora. El huerto escolar en verano<\/a><\/li>\n<li><a href=\"https:\/\/www.youtube.com\/watch?v=pAAUs3fosNY\">ECOp\u00edldora. Instalaci\u00f3n de sensores en el huerto<\/a><\/li>\n<\/ul>\n<p>[\/et_pb_toggle][et_pb_toggle title=\u00bbEnlaces y contactos\u00bb admin_label=\u00bbEnlaces y contactos. HE\u00bb _builder_version=\u00bb4.16&#8243; z_index=\u00bb899&#8243; custom_margin=\u00bb||0px|\u00bb z_index_tablet=\u00bb500&#8243; title_text_shadow_horizontal_length_tablet=\u00bb0px\u00bb title_text_shadow_vertical_length_tablet=\u00bb0px\u00bb title_text_shadow_blur_strength_tablet=\u00bb1px\u00bb closed_title_text_shadow_horizontal_length_tablet=\u00bb0px\u00bb closed_title_text_shadow_vertical_length_tablet=\u00bb0px\u00bb closed_title_text_shadow_blur_strength_tablet=\u00bb1px\u00bb body_text_shadow_horizontal_length_tablet=\u00bb0px\u00bb body_text_shadow_vertical_length_tablet=\u00bb0px\u00bb body_text_shadow_blur_strength_tablet=\u00bb1px\u00bb body_link_text_shadow_horizontal_length_tablet=\u00bb0px\u00bb body_link_text_shadow_vertical_length_tablet=\u00bb0px\u00bb body_link_text_shadow_blur_strength_tablet=\u00bb1px\u00bb body_ul_text_shadow_horizontal_length_tablet=\u00bb0px\u00bb body_ul_text_shadow_vertical_length_tablet=\u00bb0px\u00bb body_ul_text_shadow_blur_strength_tablet=\u00bb1px\u00bb body_ol_text_shadow_horizontal_length_tablet=\u00bb0px\u00bb body_ol_text_shadow_vertical_length_tablet=\u00bb0px\u00bb body_ol_text_shadow_blur_strength_tablet=\u00bb1px\u00bb body_quote_text_shadow_horizontal_length_tablet=\u00bb0px\u00bb body_quote_text_shadow_vertical_length_tablet=\u00bb0px\u00bb body_quote_text_shadow_blur_strength_tablet=\u00bb1px\u00bb box_shadow_horizontal_tablet=\u00bb0px\u00bb box_shadow_vertical_tablet=\u00bb0px\u00bb box_shadow_blur_tablet=\u00bb40px\u00bb box_shadow_spread_tablet=\u00bb0px\u00bb text_shadow_horizontal_length_tablet=\u00bb0px\u00bb text_shadow_vertical_length_tablet=\u00bb0px\u00bb text_shadow_blur_strength_tablet=\u00bb1px\u00bb global_colors_info=\u00bb{}\u00bb]<\/p>\n<ul>\n<li><a href=\"https:\/\/www.andalhuerto.es\/\">Web del Proyecto Ecol\u00f3gico Andalhuerto (andalhuerto.es)<\/a><\/li>\n<li>Informaci\u00f3n y consultas: <a href=\"mailto:ecohuerto.agapa@juntadeandalucia.es\">ecohuerto.agapa@juntadeandalucia.es<\/a><\/li>\n<\/ul>\n<p>[\/et_pb_toggle][et_pb_toggle title=\u00bbEducaci\u00f3n infantil y primaria\u00bb disabled_on=\u00bboff|off|off\u00bb admin_label=\u00bbInf y Prim. HE\u00bb _builder_version=\u00bb4.27.4&#8243; z_index=\u00bb899&#8243; custom_margin=\u00bb||0px|\u00bb z_index_tablet=\u00bb500&#8243; title_text_shadow_horizontal_length_tablet=\u00bb0px\u00bb title_text_shadow_vertical_length_tablet=\u00bb0px\u00bb title_text_shadow_blur_strength_tablet=\u00bb1px\u00bb closed_title_text_shadow_horizontal_length_tablet=\u00bb0px\u00bb closed_title_text_shadow_vertical_length_tablet=\u00bb0px\u00bb closed_title_text_shadow_blur_strength_tablet=\u00bb1px\u00bb body_text_shadow_horizontal_length_tablet=\u00bb0px\u00bb body_text_shadow_vertical_length_tablet=\u00bb0px\u00bb body_text_shadow_blur_strength_tablet=\u00bb1px\u00bb body_link_text_shadow_horizontal_length_tablet=\u00bb0px\u00bb body_link_text_shadow_vertical_length_tablet=\u00bb0px\u00bb body_link_text_shadow_blur_strength_tablet=\u00bb1px\u00bb body_ul_text_shadow_horizontal_length_tablet=\u00bb0px\u00bb body_ul_text_shadow_vertical_length_tablet=\u00bb0px\u00bb body_ul_text_shadow_blur_strength_tablet=\u00bb1px\u00bb body_ol_text_shadow_horizontal_length_tablet=\u00bb0px\u00bb body_ol_text_shadow_vertical_length_tablet=\u00bb0px\u00bb body_ol_text_shadow_blur_strength_tablet=\u00bb1px\u00bb body_quote_text_shadow_horizontal_length_tablet=\u00bb0px\u00bb body_quote_text_shadow_vertical_length_tablet=\u00bb0px\u00bb body_quote_text_shadow_blur_strength_tablet=\u00bb1px\u00bb box_shadow_horizontal_tablet=\u00bb0px\u00bb box_shadow_vertical_tablet=\u00bb0px\u00bb box_shadow_blur_tablet=\u00bb40px\u00bb box_shadow_spread_tablet=\u00bb0px\u00bb text_shadow_horizontal_length_tablet=\u00bb0px\u00bb text_shadow_vertical_length_tablet=\u00bb0px\u00bb text_shadow_blur_strength_tablet=\u00bb1px\u00bb global_colors_info=\u00bb{}\u00bb]<\/p>\n<ul>\n<li><a href=\"https:\/\/www.juntadeandalucia.es\/educacion\/portals\/delegate\/content\/83aeb907-4b5f-4ff3-bbd6-dc72a19bd739\/Manual%20Nuestro%20Huerto%20de%20Educaci%C3%B3n%20Infantil\">Manual Nuestro Huerto de Educaci\u00f3n Infantil<\/a><\/li>\n<li><a href=\"https:\/\/www.juntadeandalucia.es\/educacion\/portals\/delegate\/content\/f2af966e-25b8-47aa-b3f4-93f1e673e0a2\/La%20aventura%20de%20nuestro%20Ecohuerto,%20infantil%20y%20primaria\">La aventura de nuestro ecohuerto, infantil y primaria<\/a><\/li>\n<li><a href=\"https:\/\/www.juntadeandalucia.es\/educacion\/portals\/delegate\/content\/e147c506-1e8d-4399-bc3d-58ddd46eab9b\/Manual%20Nuestro%20Huerto%20de%20Educaci%C3%B3n%20Infantil%20y%20Primaria\">Manual Nuestro Huerto de Educaci\u00f3n Infantil y Primaria<\/a><\/li>\n<\/ul>\n<p>[\/et_pb_toggle][et_pb_toggle title=\u00bbEnlaces de inter\u00e9s\/publicaciones\u00bb disabled_on=\u00bboff|off|off\u00bb admin_label=\u00bbEnlaces de inter\u00e9s. HE\u00bb _builder_version=\u00bb4.27.4&#8243; z_index=\u00bb999&#8243; custom_margin=\u00bb||0px|\u00bb z_index_tablet=\u00bb500&#8243; title_text_shadow_horizontal_length_tablet=\u00bb0px\u00bb title_text_shadow_vertical_length_tablet=\u00bb0px\u00bb title_text_shadow_blur_strength_tablet=\u00bb1px\u00bb closed_title_text_shadow_horizontal_length_tablet=\u00bb0px\u00bb closed_title_text_shadow_vertical_length_tablet=\u00bb0px\u00bb closed_title_text_shadow_blur_strength_tablet=\u00bb1px\u00bb body_text_shadow_horizontal_length_tablet=\u00bb0px\u00bb body_text_shadow_vertical_length_tablet=\u00bb0px\u00bb body_text_shadow_blur_strength_tablet=\u00bb1px\u00bb body_link_text_shadow_horizontal_length_tablet=\u00bb0px\u00bb body_link_text_shadow_vertical_length_tablet=\u00bb0px\u00bb body_link_text_shadow_blur_strength_tablet=\u00bb1px\u00bb body_ul_text_shadow_horizontal_length_tablet=\u00bb0px\u00bb body_ul_text_shadow_vertical_length_tablet=\u00bb0px\u00bb body_ul_text_shadow_blur_strength_tablet=\u00bb1px\u00bb body_ol_text_shadow_horizontal_length_tablet=\u00bb0px\u00bb body_ol_text_shadow_vertical_length_tablet=\u00bb0px\u00bb body_ol_text_shadow_blur_strength_tablet=\u00bb1px\u00bb body_quote_text_shadow_horizontal_length_tablet=\u00bb0px\u00bb body_quote_text_shadow_vertical_length_tablet=\u00bb0px\u00bb body_quote_text_shadow_blur_strength_tablet=\u00bb1px\u00bb box_shadow_horizontal_tablet=\u00bb0px\u00bb box_shadow_vertical_tablet=\u00bb0px\u00bb box_shadow_blur_tablet=\u00bb40px\u00bb box_shadow_spread_tablet=\u00bb0px\u00bb text_shadow_horizontal_length_tablet=\u00bb0px\u00bb text_shadow_vertical_length_tablet=\u00bb0px\u00bb text_shadow_blur_strength_tablet=\u00bb1px\u00bb global_colors_info=\u00bb{}\u00bb]<\/p>\n<ul>\n<li><a href=\"https:\/\/www.juntadeandalucia.es\/educacion\/portals\/delegate\/content\/c6307c94-1bdd-4ab3-8f46-06dfa3b366ea\/MONTAR%20UN%20HUERTO%20-%20FAQ\">Montar un huerto &#8211; Preguntas frecuentes\u00a0<\/a><\/li>\n<li><a href=\"https:\/\/www.juntadeandalucia.es\/educacion\/portals\/delegate\/content\/b19c4ee8-abfc-4ba8-aa6b-943622e0be96\/%C2%BFCU%C3%81L%20ES%20TU%20HUERTO?\">\u00bfCu\u00e1l es tu huerto?<\/a><\/li>\n<li><a href=\"https:\/\/www.juntadeandalucia.es\/educacion\/portals\/delegate\/content\/3826439b-58f1-4d52-8239-aa0a80d66aa1\/EL%20HUERTO%20DE%20BANCALES%20ELEVADOS\">El huerto de bancales elevados<\/a><\/li>\n<li><a href=\"https:\/\/www.juntadeandalucia.es\/educacion\/portals\/delegate\/content\/91f79b08-bc66-4c5f-94b9-c1cc9a2ca89f\/EL%20HUERTO%20EN%20CONTENEDORES%20(o%20recipientes%20similares)\">El huerto en contenedores (o recipientes similares)<\/a><\/li>\n<li><a href=\"https:\/\/www.juntadeandalucia.es\/educacion\/portals\/delegate\/content\/59cd4d78-1fa3-4276-92e0-37974000e4c0\/EL%20HUERTO%20EN%20PARADES%20ADAPTADOS\">El huerto en paredes adaptados<\/a><\/li>\n<li><a href=\"https:\/\/www.juntadeandalucia.es\/educacion\/portals\/delegate\/content\/171bbe5a-355e-441a-b070-a14989ccf25e\/EL%20HUERTO%20INSTANT%C3%81NEO\">El huerto instant\u00e1neo<\/a><\/li>\n<li><a href=\"https:\/\/www.juntadeandalucia.es\/educacion\/portals\/delegate\/content\/f4f8cace-454a-4fff-8500-972022e6c04c\/EL%20HUERTO%20OJO%20DE%20CERRADURA\">El huerto ojo de cerradura<\/a><\/li>\n<li><a href=\"https:\/\/www.juntadeandalucia.es\/educacion\/portals\/delegate\/content\/db2bd2e4-6698-4f91-9da2-1df48937ab5a\/EL%20HUERTO%20TRADICIONAL%20O%20HUERTA\">El huerto tradicional o huerta<\/a><\/li>\n<li><a href=\"https:\/\/www.juntadeandalucia.es\/educacion\/portals\/delegate\/content\/79cbfb40-c319-4560-91bd-006225e88d45\/EL%20HUERTO%20VERTICAL%20EN%20BOTELLAS%20PET\">El huerto vertical en botellas PET<\/a><\/li>\n<li><a href=\"https:\/\/www.juntadeandalucia.es\/educacion\/portals\/delegate\/content\/c7fcd5f2-6212-49f1-bac7-b75b1a787290\/HUERTOS%20ECOL%C3%93GICOS%20-%20ALIMENTANDO%20TU%20FUTURO\">Huertos ecol\u00f3gicos-Alimentando tu futuro<\/a><\/li>\n<li><a href=\"https:\/\/www.juntadeandalucia.es\/educacion\/portals\/delegate\/content\/54f64280-93ae-486b-a1cd-0c87e4ce01e0\/LA%20HUERTA%20A%20LA%20SECA%20O%20DE%20SECANO\">La huerta a la seca o de secano<\/a><\/li>\n<li><a href=\"https:\/\/www.juntadeandalucia.es\/educacion\/portals\/delegate\/content\/6b6aeca8-bac5-4fc0-b77f-be8681085c26\/SOLUCIONES%20SENCILLAS%20A%20PROBLEMAS%20COMUNES%20EN%20EL%20HUERTO\">Soluciones sencillas a problemas comunes en el huerto<\/a><\/li>\n<li><a href=\"https:\/\/www.juntadeandalucia.es\/educacion\/portals\/delegate\/content\/efe72e69-4ede-4d8b-b9ae-1525da3b7e2a\/Actividades%20para%20el%20huerto\">Actividades para el huerto<\/a><\/li>\n<li><a href=\"https:\/\/www.juntadeandalucia.es\/educacion\/portals\/delegate\/content\/8e671b67-354a-481e-bcd2-30620e110634\/Calendario%20para%20macetohuertos\">Calendario para macetohuertos<\/a><\/li>\n<li><a href=\"https:\/\/www.juntadeandalucia.es\/educacion\/portals\/delegate\/content\/003205fa-b208-43e1-ad6e-da7b4692ecec\/Calendario%20siembra%20macetohuertos\">Calendario siembra macetohuertos<\/a><\/li>\n<li><a href=\"https:\/\/www.juntadeandalucia.es\/educacion\/portals\/delegate\/content\/ea9fe1d9-fecd-4087-af3e-75f0f5ffb232\/CROQUIS%20DEL%20ESPACIO%20HUERTO\">Croquis del espacio del huerto<\/a><\/li>\n<li><a href=\"https:\/\/www.juntadeandalucia.es\/educacion\/portals\/delegate\/content\/d1cdaf72-6624-4b79-bc5d-8183a291f7ca\/Diagramas%20de%20siembras%20de%20oto%C3%B1o%20para%20seis%20bancales\">Diagramas de siembras de oto\u00f1o para seis bancales\u00a0<\/a><\/li>\n<li><a href=\"https:\/\/www.juntadeandalucia.es\/educacion\/portals\/delegate\/content\/382034d4-5a97-4a5f-8be5-db4425dfb3d0\/Diagramas%20de%20siembras%20de%20primavera%20para%20seis%20bancales\">Diagramas de siembras de primavera para seis bancales\u00a0<\/a><\/li>\n<li><a href=\"https:\/\/ecoinventos.com\/fabricacion-casera-de-herramientas-para-la-huerta\/\">Fabricaci\u00f3n casera de herramientas para la huerta<\/a><\/li>\n<\/ul>\n<p>[\/et_pb_toggle][\/et_pb_column][et_pb_column type=\u00bb1_4&#8243; module_class=\u00bbrec_verde rec_didacticos_list\u00bb _builder_version=\u00bb4.16&#8243; custom_padding=\u00bb|||\u00bb global_colors_info=\u00bb{}\u00bb custom_padding__hover=\u00bb|||\u00bb][et_pb_text admin_label=\u00bbAtm\u00f3sfera\u00bb _builder_version=\u00bb4.16&#8243; z_index_tablet=\u00bb500&#8243; text_text_shadow_horizontal_length_tablet=\u00bb0px\u00bb text_text_shadow_vertical_length_tablet=\u00bb0px\u00bb text_text_shadow_blur_strength_tablet=\u00bb1px\u00bb link_text_shadow_horizontal_length_tablet=\u00bb0px\u00bb link_text_shadow_vertical_length_tablet=\u00bb0px\u00bb link_text_shadow_blur_strength_tablet=\u00bb1px\u00bb ul_text_shadow_horizontal_length_tablet=\u00bb0px\u00bb ul_text_shadow_vertical_length_tablet=\u00bb0px\u00bb ul_text_shadow_blur_strength_tablet=\u00bb1px\u00bb ol_text_shadow_horizontal_length_tablet=\u00bb0px\u00bb ol_text_shadow_vertical_length_tablet=\u00bb0px\u00bb ol_text_shadow_blur_strength_tablet=\u00bb1px\u00bb quote_text_shadow_horizontal_length_tablet=\u00bb0px\u00bb quote_text_shadow_vertical_length_tablet=\u00bb0px\u00bb quote_text_shadow_blur_strength_tablet=\u00bb1px\u00bb header_text_shadow_horizontal_length_tablet=\u00bb0px\u00bb header_text_shadow_vertical_length_tablet=\u00bb0px\u00bb header_text_shadow_blur_strength_tablet=\u00bb1px\u00bb header_2_text_shadow_horizontal_length_tablet=\u00bb0px\u00bb header_2_text_shadow_vertical_length_tablet=\u00bb0px\u00bb header_2_text_shadow_blur_strength_tablet=\u00bb1px\u00bb header_3_text_shadow_horizontal_length_tablet=\u00bb0px\u00bb header_3_text_shadow_vertical_length_tablet=\u00bb0px\u00bb header_3_text_shadow_blur_strength_tablet=\u00bb1px\u00bb header_4_text_shadow_horizontal_length_tablet=\u00bb0px\u00bb header_4_text_shadow_vertical_length_tablet=\u00bb0px\u00bb header_4_text_shadow_blur_strength_tablet=\u00bb1px\u00bb header_5_text_shadow_horizontal_length_tablet=\u00bb0px\u00bb header_5_text_shadow_vertical_length_tablet=\u00bb0px\u00bb header_5_text_shadow_blur_strength_tablet=\u00bb1px\u00bb header_6_text_shadow_horizontal_length_tablet=\u00bb0px\u00bb header_6_text_shadow_vertical_length_tablet=\u00bb0px\u00bb header_6_text_shadow_blur_strength_tablet=\u00bb1px\u00bb box_shadow_horizontal_tablet=\u00bb0px\u00bb box_shadow_vertical_tablet=\u00bb0px\u00bb box_shadow_blur_tablet=\u00bb40px\u00bb box_shadow_spread_tablet=\u00bb0px\u00bb global_colors_info=\u00bb{}\u00bb]<\/p>\n<h3 style=\"text-align: center;\"><strong><span style=\"color: #339966;\">ATM\u00d3SFERA<\/span><\/strong><\/h3>\n<p><img loading=\"lazy\" decoding=\"async\" class=\"aligncenter wp-image-6001\" src=\"https:\/\/www.juntadeandalucia.es/educacion/eaprendizaje\/wp-content\/uploads\/2025\/03\/6_Atmosfera-265x300-1.png\" alt=\"\" width=\"180\" height=\"204\" \/><br \/>\n[\/et_pb_text][et_pb_toggle title=\u00bbInternivelar\u00bb admin_label=\u00bbInternivelar\u00bb _builder_version=\u00bb4.16&#8243; z_index=\u00bb999&#8243; custom_margin=\u00bb||0px|\u00bb z_index_tablet=\u00bb500&#8243; title_text_shadow_horizontal_length_tablet=\u00bb0px\u00bb title_text_shadow_vertical_length_tablet=\u00bb0px\u00bb title_text_shadow_blur_strength_tablet=\u00bb1px\u00bb closed_title_text_shadow_horizontal_length_tablet=\u00bb0px\u00bb closed_title_text_shadow_vertical_length_tablet=\u00bb0px\u00bb closed_title_text_shadow_blur_strength_tablet=\u00bb1px\u00bb body_text_shadow_horizontal_length_tablet=\u00bb0px\u00bb body_text_shadow_vertical_length_tablet=\u00bb0px\u00bb body_text_shadow_blur_strength_tablet=\u00bb1px\u00bb body_link_text_shadow_horizontal_length_tablet=\u00bb0px\u00bb body_link_text_shadow_vertical_length_tablet=\u00bb0px\u00bb body_link_text_shadow_blur_strength_tablet=\u00bb1px\u00bb body_ul_text_shadow_horizontal_length_tablet=\u00bb0px\u00bb body_ul_text_shadow_vertical_length_tablet=\u00bb0px\u00bb body_ul_text_shadow_blur_strength_tablet=\u00bb1px\u00bb body_ol_text_shadow_horizontal_length_tablet=\u00bb0px\u00bb body_ol_text_shadow_vertical_length_tablet=\u00bb0px\u00bb body_ol_text_shadow_blur_strength_tablet=\u00bb1px\u00bb body_quote_text_shadow_horizontal_length_tablet=\u00bb0px\u00bb body_quote_text_shadow_vertical_length_tablet=\u00bb0px\u00bb body_quote_text_shadow_blur_strength_tablet=\u00bb1px\u00bb box_shadow_horizontal_tablet=\u00bb0px\u00bb box_shadow_vertical_tablet=\u00bb0px\u00bb box_shadow_blur_tablet=\u00bb40px\u00bb box_shadow_spread_tablet=\u00bb0px\u00bb text_shadow_horizontal_length_tablet=\u00bb0px\u00bb text_shadow_vertical_length_tablet=\u00bb0px\u00bb text_shadow_blur_strength_tablet=\u00bb1px\u00bb global_colors_info=\u00bb{}\u00bb]<\/p>\n<ul>\n<li aria-level=\"1\"><a href=\"https:\/\/www.juntadeandalucia.es\/medioambiente\/portal\/areas-tematicas\/atmosfera\" target=\"_blank\" rel=\"noopener noreferrer\">Atm\u00f3sfera-Portal Ambiental de Andaluc\u00eda- CSMA (informaci\u00f3n sobre calidad del aire, emisiones, contaminaci\u00f3n lum\u00ednica y ac\u00fastica<\/a>)<\/li>\n<li aria-level=\"1\"><a href=\"https:\/\/www.juntadeandalucia.es\/medioambiente\/portal\/areas-tematicas\/sensibilizacion-formacion\/sensibilizacion-educacion-para-la-sostenibilidad\/programas\/exposicion-emergencia-climatica\" target=\"_blank\" rel=\"noopener noreferrer\">Exposici\u00f3n \u201cEmergencia Clim\u00e1tica\u201d (infograf\u00edas en pdf)<\/a><\/li>\n<\/ul>\n<p>[\/et_pb_toggle][et_pb_toggle title=\u00bbEducaci\u00f3n Secundaria\u00bb admin_label=\u00bbSecundaria\u00bb _builder_version=\u00bb4.16&#8243; z_index=\u00bb999&#8243; custom_margin=\u00bb||0px|\u00bb z_index_tablet=\u00bb500&#8243; title_text_shadow_horizontal_length_tablet=\u00bb0px\u00bb title_text_shadow_vertical_length_tablet=\u00bb0px\u00bb title_text_shadow_blur_strength_tablet=\u00bb1px\u00bb closed_title_text_shadow_horizontal_length_tablet=\u00bb0px\u00bb closed_title_text_shadow_vertical_length_tablet=\u00bb0px\u00bb closed_title_text_shadow_blur_strength_tablet=\u00bb1px\u00bb body_text_shadow_horizontal_length_tablet=\u00bb0px\u00bb body_text_shadow_vertical_length_tablet=\u00bb0px\u00bb body_text_shadow_blur_strength_tablet=\u00bb1px\u00bb body_link_text_shadow_horizontal_length_tablet=\u00bb0px\u00bb body_link_text_shadow_vertical_length_tablet=\u00bb0px\u00bb body_link_text_shadow_blur_strength_tablet=\u00bb1px\u00bb body_ul_text_shadow_horizontal_length_tablet=\u00bb0px\u00bb body_ul_text_shadow_vertical_length_tablet=\u00bb0px\u00bb body_ul_text_shadow_blur_strength_tablet=\u00bb1px\u00bb body_ol_text_shadow_horizontal_length_tablet=\u00bb0px\u00bb body_ol_text_shadow_vertical_length_tablet=\u00bb0px\u00bb body_ol_text_shadow_blur_strength_tablet=\u00bb1px\u00bb body_quote_text_shadow_horizontal_length_tablet=\u00bb0px\u00bb body_quote_text_shadow_vertical_length_tablet=\u00bb0px\u00bb body_quote_text_shadow_blur_strength_tablet=\u00bb1px\u00bb box_shadow_horizontal_tablet=\u00bb0px\u00bb box_shadow_vertical_tablet=\u00bb0px\u00bb box_shadow_blur_tablet=\u00bb40px\u00bb box_shadow_spread_tablet=\u00bb0px\u00bb text_shadow_horizontal_length_tablet=\u00bb0px\u00bb text_shadow_vertical_length_tablet=\u00bb0px\u00bb text_shadow_blur_strength_tablet=\u00bb1px\u00bb global_colors_info=\u00bb{}\u00bb]&nbsp;<\/p>\n<ul>\n<li><a href=\"https:\/\/descargas.intef.es\/cedec\/proyectoedia\/biologia_geologia\/contenidos\/investigando_la_atmosfera\/index.html\" target=\"_blank\" rel=\"noopener noreferrer\">Investigando la atm\u00f3sfera (ODE.Situaci\u00f3n de aprendizaje)<\/a><\/li>\n<\/ul>\n<p>[\/et_pb_toggle][\/et_pb_column][\/et_pb_row][et_pb_row _builder_version=\u00bb4.16&#8243; custom_padding=\u00bb0px||0px|\u00bb z_index_tablet=\u00bb500&#8243; custom_css_main_element=\u00bbheight:0px;\u00bb box_shadow_horizontal_tablet=\u00bb0px\u00bb box_shadow_vertical_tablet=\u00bb0px\u00bb box_shadow_blur_tablet=\u00bb40px\u00bb box_shadow_spread_tablet=\u00bb0px\u00bb global_colors_info=\u00bb{}\u00bb][et_pb_column type=\u00bb4_4&#8243; _builder_version=\u00bb4.16&#8243; custom_padding=\u00bb|||\u00bb global_colors_info=\u00bb{}\u00bb custom_padding__hover=\u00bb|||\u00bb][et_pb_code disabled_on=\u00bboff|off|off\u00bb admin_label=\u00bbC\u00f3digo para abrir los enlaces de esta p\u00e1gina en pesta\u00f1a nueva\u00bb _builder_version=\u00bb4.16&#8243; z_index_tablet=\u00bb500&#8243; global_colors_info=\u00bb{}\u00bb]<script><!-- [et_pb_line_break_holder] -->jQuery(document).ready(function($) {<!-- [et_pb_line_break_holder] -->   $(\".enlaces_pestanueva a\").click(function() {<!-- [et_pb_line_break_holder] -->      url = $(this).attr(\"href\");<!-- [et_pb_line_break_holder] -->      window.open(url, '_blank');<!-- [et_pb_line_break_holder] -->      return false;<!-- [et_pb_line_break_holder] -->   });<!-- [et_pb_line_break_holder] -->});<!-- [et_pb_line_break_holder] --><\/script>[\/et_pb_code][\/et_pb_column][\/et_pb_row][\/et_pb_section][et_pb_section fb_built=\u00bb1&#8243; disabled_on=\u00bbon|on|on\u00bb module_class=\u00bbseccion_contacto enlaces_pestanueva\u00bb _builder_version=\u00bb4.27.4&#8243; custom_padding=\u00bb10px||10px|\u00bb z_index_tablet=\u00bb500&#8243; custom_css_main_element=\u00bbmargin-top: 0 !important;\u00bb box_shadow_horizontal_tablet=\u00bb0px\u00bb box_shadow_vertical_tablet=\u00bb0px\u00bb box_shadow_blur_tablet=\u00bb40px\u00bb box_shadow_spread_tablet=\u00bb0px\u00bb disabled=\u00bbon\u00bb global_colors_info=\u00bb{}\u00bb][et_pb_row column_structure=\u00bb1_4,1_4,1_4,1_4&#8243; use_custom_gutter=\u00bbon\u00bb gutter_width=\u00bb2&#8243; _builder_version=\u00bb4.16&#8243; background_color=\u00bb#ffffff\u00bb width=\u00bb100%\u00bb max_width=\u00bb2560px\u00bb custom_padding=\u00bb0px|2%|0px|2%\u00bb z_index_tablet=\u00bb500&#8243; box_shadow_horizontal_tablet=\u00bb0px\u00bb box_shadow_vertical_tablet=\u00bb0px\u00bb box_shadow_blur_tablet=\u00bb40px\u00bb box_shadow_spread_tablet=\u00bb0px\u00bb global_colors_info=\u00bb{}\u00bb][et_pb_column type=\u00bb1_4&#8243; module_class=\u00bbrec_verde rec_didacticos_list\u00bb _builder_version=\u00bb4.16&#8243; custom_padding=\u00bb|||\u00bb global_colors_info=\u00bb{}\u00bb custom_padding__hover=\u00bb|||\u00bb][et_pb_text admin_label=\u00bbPonte en marcha\u00bb _builder_version=\u00bb4.27.4&#8243; custom_margin=\u00bb30px||10px||false|false\u00bb custom_padding=\u00bb30px||10px||false|false\u00bb link_option_url=\u00bbhttps:\/\/www.juntadeandalucia.es\/educacion\/eaprendizaje\/ponte-en-marcha-2025\/\u00bb link_option_url_new_window=\u00bbon\u00bb z_index_tablet=\u00bb500&#8243; text_text_shadow_horizontal_length_tablet=\u00bb0px\u00bb text_text_shadow_vertical_length_tablet=\u00bb0px\u00bb text_text_shadow_blur_strength_tablet=\u00bb1px\u00bb link_text_shadow_horizontal_length_tablet=\u00bb0px\u00bb link_text_shadow_vertical_length_tablet=\u00bb0px\u00bb link_text_shadow_blur_strength_tablet=\u00bb1px\u00bb ul_text_shadow_horizontal_length_tablet=\u00bb0px\u00bb ul_text_shadow_vertical_length_tablet=\u00bb0px\u00bb ul_text_shadow_blur_strength_tablet=\u00bb1px\u00bb ol_text_shadow_horizontal_length_tablet=\u00bb0px\u00bb ol_text_shadow_vertical_length_tablet=\u00bb0px\u00bb ol_text_shadow_blur_strength_tablet=\u00bb1px\u00bb quote_text_shadow_horizontal_length_tablet=\u00bb0px\u00bb quote_text_shadow_vertical_length_tablet=\u00bb0px\u00bb quote_text_shadow_blur_strength_tablet=\u00bb1px\u00bb header_text_shadow_horizontal_length_tablet=\u00bb0px\u00bb header_text_shadow_vertical_length_tablet=\u00bb0px\u00bb header_text_shadow_blur_strength_tablet=\u00bb1px\u00bb header_2_text_shadow_horizontal_length_tablet=\u00bb0px\u00bb header_2_text_shadow_vertical_length_tablet=\u00bb0px\u00bb header_2_text_shadow_blur_strength_tablet=\u00bb1px\u00bb header_3_text_shadow_horizontal_length_tablet=\u00bb0px\u00bb header_3_text_shadow_vertical_length_tablet=\u00bb0px\u00bb header_3_text_shadow_blur_strength_tablet=\u00bb1px\u00bb header_4_text_shadow_horizontal_length_tablet=\u00bb0px\u00bb header_4_text_shadow_vertical_length_tablet=\u00bb0px\u00bb header_4_text_shadow_blur_strength_tablet=\u00bb1px\u00bb header_5_text_shadow_horizontal_length_tablet=\u00bb0px\u00bb header_5_text_shadow_vertical_length_tablet=\u00bb0px\u00bb header_5_text_shadow_blur_strength_tablet=\u00bb1px\u00bb header_6_text_shadow_horizontal_length_tablet=\u00bb0px\u00bb header_6_text_shadow_vertical_length_tablet=\u00bb0px\u00bb header_6_text_shadow_blur_strength_tablet=\u00bb1px\u00bb box_shadow_horizontal_tablet=\u00bb0px\u00bb box_shadow_vertical_tablet=\u00bb0px\u00bb box_shadow_blur_tablet=\u00bb40px\u00bb box_shadow_spread_tablet=\u00bb0px\u00bb global_colors_info=\u00bb{}\u00bb]<\/p>\n<h2 style=\"text-align: center;\"><\/h2>\n<p><img loading=\"lazy\" decoding=\"async\" class=\"aligncenter size-medium wp-image-6532\" src=\"https:\/\/www.juntadeandalucia.es/educacion/eaprendizaje\/wp-content\/uploads\/2025\/03\/265x300-100-x-100-mm-100-x-60-mm-1-300x180-1.png\" alt=\"\" width=\"300\" height=\"180\" \/><br \/>\n[\/et_pb_text][et_pb_toggle title=\u00bbConcurso escolar Ponte en Marcha\u00bb admin_label=\u00bbEnlaces\u00bb _builder_version=\u00bb4.16&#8243; z_index=\u00bb307&#8243; custom_margin=\u00bb||0px|\u00bb z_index_tablet=\u00bb500&#8243; title_text_shadow_horizontal_length_tablet=\u00bb0px\u00bb title_text_shadow_vertical_length_tablet=\u00bb0px\u00bb title_text_shadow_blur_strength_tablet=\u00bb1px\u00bb closed_title_text_shadow_horizontal_length_tablet=\u00bb0px\u00bb closed_title_text_shadow_vertical_length_tablet=\u00bb0px\u00bb closed_title_text_shadow_blur_strength_tablet=\u00bb1px\u00bb body_text_shadow_horizontal_length_tablet=\u00bb0px\u00bb body_text_shadow_vertical_length_tablet=\u00bb0px\u00bb body_text_shadow_blur_strength_tablet=\u00bb1px\u00bb body_link_text_shadow_horizontal_length_tablet=\u00bb0px\u00bb body_link_text_shadow_vertical_length_tablet=\u00bb0px\u00bb body_link_text_shadow_blur_strength_tablet=\u00bb1px\u00bb body_ul_text_shadow_horizontal_length_tablet=\u00bb0px\u00bb body_ul_text_shadow_vertical_length_tablet=\u00bb0px\u00bb body_ul_text_shadow_blur_strength_tablet=\u00bb1px\u00bb body_ol_text_shadow_horizontal_length_tablet=\u00bb0px\u00bb body_ol_text_shadow_vertical_length_tablet=\u00bb0px\u00bb body_ol_text_shadow_blur_strength_tablet=\u00bb1px\u00bb body_quote_text_shadow_horizontal_length_tablet=\u00bb0px\u00bb body_quote_text_shadow_vertical_length_tablet=\u00bb0px\u00bb body_quote_text_shadow_blur_strength_tablet=\u00bb1px\u00bb box_shadow_horizontal_tablet=\u00bb0px\u00bb box_shadow_vertical_tablet=\u00bb0px\u00bb box_shadow_blur_tablet=\u00bb40px\u00bb box_shadow_spread_tablet=\u00bb0px\u00bb text_shadow_horizontal_length_tablet=\u00bb0px\u00bb text_shadow_vertical_length_tablet=\u00bb0px\u00bb text_shadow_blur_strength_tablet=\u00bb1px\u00bb global_colors_info=\u00bb{}\u00bb]El <a href=\"https:\/\/www.juntadeandalucia.es\/educacion\/eaprendizaje\/ponte-en-marcha-2025\/\">Concurso escolar \u00abPonte en Marcha\u00bb<\/a> pretende servir de recurso pedag\u00f3gico a la comunidad educativa para el fomento de la movilidad sostenible y saludable. Se trata de un aspecto clave dentro de la educaci\u00f3n ambiental, la mitigaci\u00f3n y adaptaci\u00f3n al cambio clim\u00e1tico y el fomento de estilos de vida saludable, y por tanto, una actuaci\u00f3n importante para la sensibilizaci\u00f3n en materia de movilidad sostenible de los centros educativos.<br \/>\n[\/et_pb_toggle][\/et_pb_column][et_pb_column type=\u00bb1_4&#8243; module_class=\u00bbrec_verde rec_didacticos_list\u00bb _builder_version=\u00bb4.16&#8243; custom_padding=\u00bb|||\u00bb global_colors_info=\u00bb{}\u00bb custom_padding__hover=\u00bb|||\u00bb][et_pb_text admin_label=\u00bbConsum\u00f3polis\u00bb _builder_version=\u00bb4.27.4&#8243; custom_margin=\u00bb30px||10px||false|false\u00bb custom_padding=\u00bb30px||10px||false|false\u00bb z_index_tablet=\u00bb500&#8243; text_text_shadow_horizontal_length_tablet=\u00bb0px\u00bb text_text_shadow_vertical_length_tablet=\u00bb0px\u00bb text_text_shadow_blur_strength_tablet=\u00bb1px\u00bb link_text_shadow_horizontal_length_tablet=\u00bb0px\u00bb link_text_shadow_vertical_length_tablet=\u00bb0px\u00bb link_text_shadow_blur_strength_tablet=\u00bb1px\u00bb ul_text_shadow_horizontal_length_tablet=\u00bb0px\u00bb ul_text_shadow_vertical_length_tablet=\u00bb0px\u00bb ul_text_shadow_blur_strength_tablet=\u00bb1px\u00bb ol_text_shadow_horizontal_length_tablet=\u00bb0px\u00bb ol_text_shadow_vertical_length_tablet=\u00bb0px\u00bb ol_text_shadow_blur_strength_tablet=\u00bb1px\u00bb quote_text_shadow_horizontal_length_tablet=\u00bb0px\u00bb quote_text_shadow_vertical_length_tablet=\u00bb0px\u00bb quote_text_shadow_blur_strength_tablet=\u00bb1px\u00bb header_text_shadow_horizontal_length_tablet=\u00bb0px\u00bb header_text_shadow_vertical_length_tablet=\u00bb0px\u00bb header_text_shadow_blur_strength_tablet=\u00bb1px\u00bb header_2_text_shadow_horizontal_length_tablet=\u00bb0px\u00bb header_2_text_shadow_vertical_length_tablet=\u00bb0px\u00bb header_2_text_shadow_blur_strength_tablet=\u00bb1px\u00bb header_3_text_shadow_horizontal_length_tablet=\u00bb0px\u00bb header_3_text_shadow_vertical_length_tablet=\u00bb0px\u00bb header_3_text_shadow_blur_strength_tablet=\u00bb1px\u00bb header_4_text_shadow_horizontal_length_tablet=\u00bb0px\u00bb header_4_text_shadow_vertical_length_tablet=\u00bb0px\u00bb header_4_text_shadow_blur_strength_tablet=\u00bb1px\u00bb header_5_text_shadow_horizontal_length_tablet=\u00bb0px\u00bb header_5_text_shadow_vertical_length_tablet=\u00bb0px\u00bb header_5_text_shadow_blur_strength_tablet=\u00bb1px\u00bb header_6_text_shadow_horizontal_length_tablet=\u00bb0px\u00bb header_6_text_shadow_vertical_length_tablet=\u00bb0px\u00bb header_6_text_shadow_blur_strength_tablet=\u00bb1px\u00bb box_shadow_horizontal_tablet=\u00bb0px\u00bb box_shadow_vertical_tablet=\u00bb0px\u00bb box_shadow_blur_tablet=\u00bb40px\u00bb box_shadow_spread_tablet=\u00bb0px\u00bb global_colors_info=\u00bb{}\u00bb]<\/p>\n<h2 style=\"text-align: center;\"><\/h2>\n<p><img loading=\"lazy\" decoding=\"async\" class=\"aligncenter size-medium wp-image-6533\" src=\"https:\/\/www.juntadeandalucia.es/educacion/eaprendizaje\/wp-content\/uploads\/2025\/03\/265x300-100-x-100-mm-100-x-60-mm-2-300x180-1.png\" alt=\"\" width=\"300\" height=\"180\" \/><br \/>\n[\/et_pb_text][et_pb_toggle title=\u00bbConsum\u00f3polis\u00bb admin_label=\u00bbEnlaces\u00bb _builder_version=\u00bb4.16&#8243; z_index=\u00bb307&#8243; custom_margin=\u00bb||0px|\u00bb z_index_tablet=\u00bb500&#8243; title_text_shadow_horizontal_length_tablet=\u00bb0px\u00bb title_text_shadow_vertical_length_tablet=\u00bb0px\u00bb title_text_shadow_blur_strength_tablet=\u00bb1px\u00bb closed_title_text_shadow_horizontal_length_tablet=\u00bb0px\u00bb closed_title_text_shadow_vertical_length_tablet=\u00bb0px\u00bb closed_title_text_shadow_blur_strength_tablet=\u00bb1px\u00bb body_text_shadow_horizontal_length_tablet=\u00bb0px\u00bb body_text_shadow_vertical_length_tablet=\u00bb0px\u00bb body_text_shadow_blur_strength_tablet=\u00bb1px\u00bb body_link_text_shadow_horizontal_length_tablet=\u00bb0px\u00bb body_link_text_shadow_vertical_length_tablet=\u00bb0px\u00bb body_link_text_shadow_blur_strength_tablet=\u00bb1px\u00bb body_ul_text_shadow_horizontal_length_tablet=\u00bb0px\u00bb body_ul_text_shadow_vertical_length_tablet=\u00bb0px\u00bb body_ul_text_shadow_blur_strength_tablet=\u00bb1px\u00bb body_ol_text_shadow_horizontal_length_tablet=\u00bb0px\u00bb body_ol_text_shadow_vertical_length_tablet=\u00bb0px\u00bb body_ol_text_shadow_blur_strength_tablet=\u00bb1px\u00bb body_quote_text_shadow_horizontal_length_tablet=\u00bb0px\u00bb body_quote_text_shadow_vertical_length_tablet=\u00bb0px\u00bb body_quote_text_shadow_blur_strength_tablet=\u00bb1px\u00bb box_shadow_horizontal_tablet=\u00bb0px\u00bb box_shadow_vertical_tablet=\u00bb0px\u00bb box_shadow_blur_tablet=\u00bb40px\u00bb box_shadow_spread_tablet=\u00bb0px\u00bb text_shadow_horizontal_length_tablet=\u00bb0px\u00bb text_shadow_vertical_length_tablet=\u00bb0px\u00bb text_shadow_blur_strength_tablet=\u00bb1px\u00bb global_colors_info=\u00bb{}\u00bb]<\/p>\n<ul>\n<li><a href=\"https:\/\/drive.google.com\/file\/d\/13-1Fa2JM6oRFpUB4dhf51luD7AnDMNmF\/view?usp=sharing\">Infograf\u00eda explicativa<\/a><\/li>\n<li><a href=\"https:\/\/consumopolis.consumo.gob.es\/concurso\">Concurso<\/a><\/li>\n<\/ul>\n<p>[\/et_pb_toggle][\/et_pb_column][et_pb_column type=\u00bb1_4&#8243; module_class=\u00bbrec_verde rec_didacticos_list\u00bb _builder_version=\u00bb4.16&#8243; custom_padding=\u00bb|||\u00bb global_colors_info=\u00bb{}\u00bb custom_padding__hover=\u00bb|||\u00bb][et_pb_text admin_label=\u00bbFeria de la ciencia\u00bb _builder_version=\u00bb4.27.4&#8243; custom_margin=\u00bb30px||10px||false|false\u00bb custom_padding=\u00bb30px||10px||false|false\u00bb link_option_url=\u00bbhttps:\/\/www.juntadeandalucia.es\/educacion\/eaprendizaje\/feria-de-la-ciencia\/\u00bb link_option_url_new_window=\u00bbon\u00bb z_index_tablet=\u00bb500&#8243; text_text_shadow_horizontal_length_tablet=\u00bb0px\u00bb text_text_shadow_vertical_length_tablet=\u00bb0px\u00bb text_text_shadow_blur_strength_tablet=\u00bb1px\u00bb link_text_shadow_horizontal_length_tablet=\u00bb0px\u00bb link_text_shadow_vertical_length_tablet=\u00bb0px\u00bb link_text_shadow_blur_strength_tablet=\u00bb1px\u00bb ul_text_shadow_horizontal_length_tablet=\u00bb0px\u00bb ul_text_shadow_vertical_length_tablet=\u00bb0px\u00bb ul_text_shadow_blur_strength_tablet=\u00bb1px\u00bb ol_text_shadow_horizontal_length_tablet=\u00bb0px\u00bb ol_text_shadow_vertical_length_tablet=\u00bb0px\u00bb ol_text_shadow_blur_strength_tablet=\u00bb1px\u00bb quote_text_shadow_horizontal_length_tablet=\u00bb0px\u00bb quote_text_shadow_vertical_length_tablet=\u00bb0px\u00bb quote_text_shadow_blur_strength_tablet=\u00bb1px\u00bb header_text_shadow_horizontal_length_tablet=\u00bb0px\u00bb header_text_shadow_vertical_length_tablet=\u00bb0px\u00bb header_text_shadow_blur_strength_tablet=\u00bb1px\u00bb header_2_text_shadow_horizontal_length_tablet=\u00bb0px\u00bb header_2_text_shadow_vertical_length_tablet=\u00bb0px\u00bb header_2_text_shadow_blur_strength_tablet=\u00bb1px\u00bb header_3_text_shadow_horizontal_length_tablet=\u00bb0px\u00bb header_3_text_shadow_vertical_length_tablet=\u00bb0px\u00bb header_3_text_shadow_blur_strength_tablet=\u00bb1px\u00bb header_4_text_shadow_horizontal_length_tablet=\u00bb0px\u00bb header_4_text_shadow_vertical_length_tablet=\u00bb0px\u00bb header_4_text_shadow_blur_strength_tablet=\u00bb1px\u00bb header_5_text_shadow_horizontal_length_tablet=\u00bb0px\u00bb header_5_text_shadow_vertical_length_tablet=\u00bb0px\u00bb header_5_text_shadow_blur_strength_tablet=\u00bb1px\u00bb header_6_text_shadow_horizontal_length_tablet=\u00bb0px\u00bb header_6_text_shadow_vertical_length_tablet=\u00bb0px\u00bb header_6_text_shadow_blur_strength_tablet=\u00bb1px\u00bb box_shadow_horizontal_tablet=\u00bb0px\u00bb box_shadow_vertical_tablet=\u00bb0px\u00bb box_shadow_blur_tablet=\u00bb40px\u00bb box_shadow_spread_tablet=\u00bb0px\u00bb global_colors_info=\u00bb{}\u00bb]<\/p>\n<h2 style=\"text-align: center;\"><\/h2>\n<p><img loading=\"lazy\" decoding=\"async\" class=\"wp-image-6884 size-medium aligncenter\" src=\"https:\/\/www.juntadeandalucia.es/educacion/eaprendizaje\/wp-content\/uploads\/2025\/03\/ICONOS-ECOESCUELAS-EPSA-Y-FRUTA-300x184-1-300x184-1.png\" alt=\"\" width=\"300\" height=\"184\" \/><br \/>\n[\/et_pb_text][et_pb_toggle title=\u00bbFeria de la ciencia\u00bb admin_label=\u00bbEnlaces\u00bb _builder_version=\u00bb4.27.4&#8243; z_index=\u00bb307&#8243; custom_margin=\u00bb||0px|\u00bb z_index_tablet=\u00bb500&#8243; title_text_shadow_horizontal_length_tablet=\u00bb0px\u00bb title_text_shadow_vertical_length_tablet=\u00bb0px\u00bb title_text_shadow_blur_strength_tablet=\u00bb1px\u00bb closed_title_text_shadow_horizontal_length_tablet=\u00bb0px\u00bb closed_title_text_shadow_vertical_length_tablet=\u00bb0px\u00bb closed_title_text_shadow_blur_strength_tablet=\u00bb1px\u00bb body_text_shadow_horizontal_length_tablet=\u00bb0px\u00bb body_text_shadow_vertical_length_tablet=\u00bb0px\u00bb body_text_shadow_blur_strength_tablet=\u00bb1px\u00bb body_link_text_shadow_horizontal_length_tablet=\u00bb0px\u00bb body_link_text_shadow_vertical_length_tablet=\u00bb0px\u00bb body_link_text_shadow_blur_strength_tablet=\u00bb1px\u00bb body_ul_text_shadow_horizontal_length_tablet=\u00bb0px\u00bb body_ul_text_shadow_vertical_length_tablet=\u00bb0px\u00bb body_ul_text_shadow_blur_strength_tablet=\u00bb1px\u00bb body_ol_text_shadow_horizontal_length_tablet=\u00bb0px\u00bb body_ol_text_shadow_vertical_length_tablet=\u00bb0px\u00bb body_ol_text_shadow_blur_strength_tablet=\u00bb1px\u00bb body_quote_text_shadow_horizontal_length_tablet=\u00bb0px\u00bb body_quote_text_shadow_vertical_length_tablet=\u00bb0px\u00bb body_quote_text_shadow_blur_strength_tablet=\u00bb1px\u00bb box_shadow_horizontal_tablet=\u00bb0px\u00bb box_shadow_vertical_tablet=\u00bb0px\u00bb box_shadow_blur_tablet=\u00bb40px\u00bb box_shadow_spread_tablet=\u00bb0px\u00bb text_shadow_horizontal_length_tablet=\u00bb0px\u00bb text_shadow_vertical_length_tablet=\u00bb0px\u00bb text_shadow_blur_strength_tablet=\u00bb1px\u00bb global_colors_info=\u00bb{}\u00bb]<\/p>\n<ul>\n<li style=\"list-style-type: none;\">\n<ul>\n<li><a href=\"https:\/\/www.juntadeandalucia.es\/educacion\/eaprendizaje\/feria-de-la-ciencia\/\">Espacio web eaprendizaje<\/a><\/li>\n<li><a href=\"https:\/\/www.juntadeandalucia.es/educacion/eaprendizaje\/wp-content\/uploads\/2025\/03\/Convocatoria-23-Feria-de-la-Ciencia-2024-25.pdf\" target=\"_blank\" rel=\"noopener\">Convocatoria 23\u00aa Feria de la Ciencia Stand Direcci\u00f3n General de Innovaci\u00f3n y Formaci\u00f3n del Profesorado<\/a><\/li>\n<li><a href=\"https:\/\/www.juntadeandalucia.es/educacion/eaprendizaje\/wp-content\/uploads\/2025\/03\/Formulario-Feria-de-las-Ciencias-24-25.pdf\" target=\"_blank\" rel=\"noopener\">Formulario de solicitud pdf<\/a><\/li>\n<\/ul>\n<\/li>\n<\/ul>\n<p>&nbsp;<br \/>\n[\/et_pb_toggle][\/et_pb_column][et_pb_column type=\u00bb1_4&#8243; module_class=\u00bbrec_verde rec_didacticos_list\u00bb _builder_version=\u00bb4.16&#8243; custom_padding=\u00bb|||\u00bb global_colors_info=\u00bb{}\u00bb custom_padding__hover=\u00bb|||\u00bb][et_pb_text admin_label=\u00bbAEMET MEDINA\u00bb _builder_version=\u00bb4.27.4&#8243; custom_margin=\u00bb30px||10px||false|false\u00bb custom_padding=\u00bb30px||10px||false|false\u00bb z_index_tablet=\u00bb500&#8243; text_text_shadow_horizontal_length_tablet=\u00bb0px\u00bb text_text_shadow_vertical_length_tablet=\u00bb0px\u00bb text_text_shadow_blur_strength_tablet=\u00bb1px\u00bb link_text_shadow_horizontal_length_tablet=\u00bb0px\u00bb link_text_shadow_vertical_length_tablet=\u00bb0px\u00bb link_text_shadow_blur_strength_tablet=\u00bb1px\u00bb ul_text_shadow_horizontal_length_tablet=\u00bb0px\u00bb ul_text_shadow_vertical_length_tablet=\u00bb0px\u00bb ul_text_shadow_blur_strength_tablet=\u00bb1px\u00bb ol_text_shadow_horizontal_length_tablet=\u00bb0px\u00bb ol_text_shadow_vertical_length_tablet=\u00bb0px\u00bb ol_text_shadow_blur_strength_tablet=\u00bb1px\u00bb quote_text_shadow_horizontal_length_tablet=\u00bb0px\u00bb quote_text_shadow_vertical_length_tablet=\u00bb0px\u00bb quote_text_shadow_blur_strength_tablet=\u00bb1px\u00bb header_text_shadow_horizontal_length_tablet=\u00bb0px\u00bb header_text_shadow_vertical_length_tablet=\u00bb0px\u00bb header_text_shadow_blur_strength_tablet=\u00bb1px\u00bb header_2_text_shadow_horizontal_length_tablet=\u00bb0px\u00bb header_2_text_shadow_vertical_length_tablet=\u00bb0px\u00bb header_2_text_shadow_blur_strength_tablet=\u00bb1px\u00bb header_3_text_shadow_horizontal_length_tablet=\u00bb0px\u00bb header_3_text_shadow_vertical_length_tablet=\u00bb0px\u00bb header_3_text_shadow_blur_strength_tablet=\u00bb1px\u00bb header_4_text_shadow_horizontal_length_tablet=\u00bb0px\u00bb header_4_text_shadow_vertical_length_tablet=\u00bb0px\u00bb header_4_text_shadow_blur_strength_tablet=\u00bb1px\u00bb header_5_text_shadow_horizontal_length_tablet=\u00bb0px\u00bb header_5_text_shadow_vertical_length_tablet=\u00bb0px\u00bb header_5_text_shadow_blur_strength_tablet=\u00bb1px\u00bb header_6_text_shadow_horizontal_length_tablet=\u00bb0px\u00bb header_6_text_shadow_vertical_length_tablet=\u00bb0px\u00bb header_6_text_shadow_blur_strength_tablet=\u00bb1px\u00bb box_shadow_horizontal_tablet=\u00bb0px\u00bb box_shadow_vertical_tablet=\u00bb0px\u00bb box_shadow_blur_tablet=\u00bb40px\u00bb box_shadow_spread_tablet=\u00bb0px\u00bb global_colors_info=\u00bb{}\u00bb]<img loading=\"lazy\" decoding=\"async\" class=\"wp-image-7359 aligncenter\" src=\"https:\/\/www.juntadeandalucia.es/educacion/eaprendizaje\/wp-content\/uploads\/2025\/09\/Aemet-medina-e1742565276765-1024x611-1.png\" alt=\"\" width=\"338\" height=\"202\" \/><br \/>\n[\/et_pb_text][et_pb_toggle title=\u00bbAEMet Medina\u00bb admin_label=\u00bbEnlaces y documentos\u00bb _builder_version=\u00bb4.27.4&#8243; z_index=\u00bb307&#8243; custom_margin=\u00bb||0px|\u00bb z_index_tablet=\u00bb500&#8243; title_text_shadow_horizontal_length_tablet=\u00bb0px\u00bb title_text_shadow_vertical_length_tablet=\u00bb0px\u00bb title_text_shadow_blur_strength_tablet=\u00bb1px\u00bb closed_title_text_shadow_horizontal_length_tablet=\u00bb0px\u00bb closed_title_text_shadow_vertical_length_tablet=\u00bb0px\u00bb closed_title_text_shadow_blur_strength_tablet=\u00bb1px\u00bb body_text_shadow_horizontal_length_tablet=\u00bb0px\u00bb body_text_shadow_vertical_length_tablet=\u00bb0px\u00bb body_text_shadow_blur_strength_tablet=\u00bb1px\u00bb body_link_text_shadow_horizontal_length_tablet=\u00bb0px\u00bb body_link_text_shadow_vertical_length_tablet=\u00bb0px\u00bb body_link_text_shadow_blur_strength_tablet=\u00bb1px\u00bb body_ul_text_shadow_horizontal_length_tablet=\u00bb0px\u00bb body_ul_text_shadow_vertical_length_tablet=\u00bb0px\u00bb body_ul_text_shadow_blur_strength_tablet=\u00bb1px\u00bb body_ol_text_shadow_horizontal_length_tablet=\u00bb0px\u00bb body_ol_text_shadow_vertical_length_tablet=\u00bb0px\u00bb body_ol_text_shadow_blur_strength_tablet=\u00bb1px\u00bb body_quote_text_shadow_horizontal_length_tablet=\u00bb0px\u00bb body_quote_text_shadow_vertical_length_tablet=\u00bb0px\u00bb body_quote_text_shadow_blur_strength_tablet=\u00bb1px\u00bb box_shadow_horizontal_tablet=\u00bb0px\u00bb box_shadow_vertical_tablet=\u00bb0px\u00bb box_shadow_blur_tablet=\u00bb40px\u00bb box_shadow_spread_tablet=\u00bb0px\u00bb text_shadow_horizontal_length_tablet=\u00bb0px\u00bb text_shadow_vertical_length_tablet=\u00bb0px\u00bb text_shadow_blur_strength_tablet=\u00bb1px\u00bb global_colors_info=\u00bb{}\u00bb]<\/p>\n<ul>\n<li style=\"list-style-type: none;\">\n<ul>\n<li><a href=\"https:\/\/medina.aemet.es\/\" target=\"_blank\" rel=\"noopener\">P\u00e1gina web AEMet Medina<\/a><\/li>\n<li><a href=\"https:\/\/medina.aemet.es\/material-divulgativo\" target=\"_blank\" rel=\"noopener\">Materiales descargables<\/a><\/li>\n<li><a href=\"https:\/\/medina.aemet.es\/juegos\" target=\"_blank\" rel=\"noopener\">Juegos<\/a><\/li>\n<li><a href=\"https:\/\/medina.aemet.es\/apiv2\/storage\/app\/media\/unidades-medina.pdf\" target=\"_blank\" rel=\"noopener\">Unidades did\u00e1cticas<\/a><\/li>\n<li><a href=\"https:\/\/medina.aemet.es\/curiosidades\" target=\"_blank\" rel=\"noopener\">Curiosidades<\/a><\/li>\n<\/ul>\n<\/li>\n<\/ul>\n<p>[\/et_pb_toggle][\/et_pb_column][\/et_pb_row][\/et_pb_section][et_pb_section fb_built=\u00bb1&#8243; module_id=\u00bbPHHVS_Recursos\u00bb module_class=\u00bbseccion_contacto\u00bb _builder_version=\u00bb4.16&#8243; custom_margin=\u00bb-4px|||||\u00bb z_index_tablet=\u00bb500&#8243; custom_css_main_element=\u00bbmargin-top: 0 !important;\u00bb box_shadow_horizontal_tablet=\u00bb0px\u00bb box_shadow_vertical_tablet=\u00bb0px\u00bb box_shadow_blur_tablet=\u00bb40px\u00bb box_shadow_spread_tablet=\u00bb0px\u00bb global_colors_info=\u00bb{}\u00bb][et_pb_row use_custom_gutter=\u00bbon\u00bb gutter_width=\u00bb2&#8243; _builder_version=\u00bb4.27.4&#8243; width=\u00bb100%\u00bb max_width=\u00bb2560px\u00bb custom_padding=\u00bb0px|2%|0px|2%|false|false\u00bb z_index_tablet=\u00bb500&#8243; box_shadow_horizontal_tablet=\u00bb0px\u00bb box_shadow_vertical_tablet=\u00bb0px\u00bb box_shadow_blur_tablet=\u00bb40px\u00bb box_shadow_spread_tablet=\u00bb0px\u00bb global_colors_info=\u00bb{}\u00bb][et_pb_column type=\u00bb4_4&#8243; _builder_version=\u00bb4.16&#8243; custom_padding=\u00bb|||\u00bb global_colors_info=\u00bb{}\u00bb custom_padding__hover=\u00bb|||\u00bb][\/et_pb_column][\/et_pb_row][et_pb_row column_structure=\u00bb1_4,1_4,1_4,1_4&#8243; use_custom_gutter=\u00bbon\u00bb gutter_width=\u00bb2&#8243; _builder_version=\u00bb4.27.4&#8243; width=\u00bb80.8%\u00bb max_width=\u00bb2560px\u00bb custom_margin=\u00bb||10px||false|false\u00bb custom_padding=\u00bb0px|2%|0px|2%|false|false\u00bb z_index_tablet=\u00bb500&#8243; box_shadow_horizontal_tablet=\u00bb0px\u00bb box_shadow_vertical_tablet=\u00bb0px\u00bb box_shadow_blur_tablet=\u00bb40px\u00bb box_shadow_spread_tablet=\u00bb0px\u00bb global_colors_info=\u00bb{}\u00bb][et_pb_column type=\u00bb1_4&#8243; _builder_version=\u00bb4.16&#8243; custom_padding=\u00bb|||\u00bb global_colors_info=\u00bb{}\u00bb custom_padding__hover=\u00bb|||\u00bb][et_pb_text admin_label=\u00bbExperiencias de \u00e9xito\u00bb _builder_version=\u00bb4.27.4&#8243; _module_preset=\u00bbdefault\u00bb global_colors_info=\u00bb{}\u00bb]<\/p>\n<h2><strong>Experiencias de \u00e9xito:<\/strong><\/h2>\n<p>[\/et_pb_text][\/et_pb_column][et_pb_column type=\u00bb1_4&#8243; _builder_version=\u00bb4.16&#8243; custom_padding=\u00bb|||\u00bb global_colors_info=\u00bb{}\u00bb custom_padding__hover=\u00bb|||\u00bb][\/et_pb_column][et_pb_column type=\u00bb1_4&#8243; _builder_version=\u00bb4.16&#8243; custom_padding=\u00bb|||\u00bb global_colors_info=\u00bb{}\u00bb custom_padding__hover=\u00bb|||\u00bb][\/et_pb_column][et_pb_column type=\u00bb1_4&#8243; _builder_version=\u00bb4.16&#8243; custom_padding=\u00bb|||\u00bb global_colors_info=\u00bb{}\u00bb custom_padding__hover=\u00bb|||\u00bb][\/et_pb_column][\/et_pb_row][et_pb_row use_custom_gutter=\u00bbon\u00bb gutter_width=\u00bb2&#8243; _builder_version=\u00bb4.27.4&#8243; background_color=\u00bb#ffffff\u00bb width=\u00bb80.8%\u00bb max_width=\u00bb2560px\u00bb custom_padding=\u00bb0px|2%|0px|2%\u00bb z_index_tablet=\u00bb500&#8243; box_shadow_horizontal_tablet=\u00bb0px\u00bb box_shadow_vertical_tablet=\u00bb0px\u00bb box_shadow_blur_tablet=\u00bb40px\u00bb box_shadow_spread_tablet=\u00bb0px\u00bb global_colors_info=\u00bb{}\u00bb][et_pb_column type=\u00bb4_4&#8243; module_class=\u00bbrec_verde rec_didacticos_list\u00bb _builder_version=\u00bb4.16&#8243; custom_padding=\u00bb|||\u00bb global_colors_info=\u00bb{}\u00bb custom_padding__hover=\u00bb|||\u00bb][et_pb_toggle title=\u00bbReconocimiento a centros educativos sostenibles\u00bb open_toggle_text_color=\u00bb#2aa3c1&#8243; admin_label=\u00bbReconocimiento a centros educativos sostenibles\u00bb _builder_version=\u00bb4.27.4&#8243; title_text_color=\u00bb#2aa3c1&#8243; z_index=\u00bb307&#8243; custom_margin=\u00bb||0px|\u00bb link_option_url=\u00bbhttps:\/\/www.juntadeandalucia.es/educacion/eaprendizaje\/wp-content\/uploads\/2025\/03\/Reconocimiento_a_centros_educativos_sostenibles.pdf\u00bb z_index_tablet=\u00bb500&#8243; title_text_shadow_horizontal_length_tablet=\u00bb0px\u00bb title_text_shadow_vertical_length_tablet=\u00bb0px\u00bb title_text_shadow_blur_strength_tablet=\u00bb1px\u00bb closed_title_text_shadow_horizontal_length_tablet=\u00bb0px\u00bb closed_title_text_shadow_vertical_length_tablet=\u00bb0px\u00bb closed_title_text_shadow_blur_strength_tablet=\u00bb1px\u00bb body_text_shadow_horizontal_length_tablet=\u00bb0px\u00bb body_text_shadow_vertical_length_tablet=\u00bb0px\u00bb body_text_shadow_blur_strength_tablet=\u00bb1px\u00bb body_link_text_shadow_horizontal_length_tablet=\u00bb0px\u00bb body_link_text_shadow_vertical_length_tablet=\u00bb0px\u00bb body_link_text_shadow_blur_strength_tablet=\u00bb1px\u00bb body_ul_text_shadow_horizontal_length_tablet=\u00bb0px\u00bb body_ul_text_shadow_vertical_length_tablet=\u00bb0px\u00bb body_ul_text_shadow_blur_strength_tablet=\u00bb1px\u00bb body_ol_text_shadow_horizontal_length_tablet=\u00bb0px\u00bb body_ol_text_shadow_vertical_length_tablet=\u00bb0px\u00bb body_ol_text_shadow_blur_strength_tablet=\u00bb1px\u00bb body_quote_text_shadow_horizontal_length_tablet=\u00bb0px\u00bb body_quote_text_shadow_vertical_length_tablet=\u00bb0px\u00bb body_quote_text_shadow_blur_strength_tablet=\u00bb1px\u00bb box_shadow_horizontal_tablet=\u00bb0px\u00bb box_shadow_vertical_tablet=\u00bb0px\u00bb box_shadow_blur_tablet=\u00bb40px\u00bb box_shadow_spread_tablet=\u00bb0px\u00bb text_shadow_horizontal_length_tablet=\u00bb0px\u00bb text_shadow_vertical_length_tablet=\u00bb0px\u00bb text_shadow_blur_strength_tablet=\u00bb1px\u00bb global_colors_info=\u00bb{}\u00bb]<\/p>\n<p align=\"justify\">El Ministerio de Educaci\u00f3n, Formaci\u00f3n Profesional y Deportes impulsa el enfoque escolar integral para la sostenibilidad y la ciudadan\u00eda global a trav\u00e9s de las convocatorias de Reconocimiento a Centros Educativos Sostenibles. Con esta iniciativa se persigue que los centros educativos asuman un compromiso firme e inequ\u00edvoco con la educaci\u00f3n para la sostenibilidad y la ciudadan\u00eda global, reconociendo y apoyando a aquellos que desarrollan acciones, proyectos y programas encaminados a la implantaci\u00f3n del enfoque escolar integral y a la promoci\u00f3n de una cultura de sostenibilidad en su entorno.<\/p>\n<p align=\"justify\">El <a href=\"https:\/\/www.juntadeandalucia.es/educacion/eaprendizaje\/wp-content\/uploads\/2025\/03\/Reconocimiento_a_centros_educativos_sostenibles.pdf\" target=\"_blank\" rel=\"noopener\">documento \u00abReconocimiento a centros educativos sostenibles\u00bb<\/a> recoge las experiencias de nueve de estos centros, y est\u00e1 expuesta de tal manera que, adem\u00e1s de permitir un conocimiento de primera mano de su trabajo, pueda servir de inspiraci\u00f3n y gu\u00eda para dise\u00f1ar y emprender proyectos semejantes.<\/p>\n<p>[\/et_pb_toggle][\/et_pb_column][\/et_pb_row][\/et_pb_section][et_pb_section fb_built=\u00bb1&#8243; _builder_version=\u00bb4.27.4&#8243; _module_preset=\u00bbdefault\u00bb global_colors_info=\u00bb{}\u00bb][et_pb_row _builder_version=\u00bb4.27.4&#8243; _module_preset=\u00bbdefault\u00bb global_colors_info=\u00bb{}\u00bb][et_pb_column type=\u00bb4_4&#8243; _builder_version=\u00bb4.27.4&#8243; _module_preset=\u00bbdefault\u00bb global_colors_info=\u00bb{}\u00bb][et_pb_text _builder_version=\u00bb4.27.4&#8243; _module_preset=\u00bbdefault\u00bb global_colors_info=\u00bb{}\u00bb][\/et_pb_text][\/et_pb_column][\/et_pb_row][\/et_pb_section][et_pb_section fb_built=\u00bb1&#8243; module_id=\u00bbPHHVS_Recursos\u00bb module_class=\u00bbseccion_contacto\u00bb _builder_version=\u00bb4.16&#8243; custom_margin=\u00bb-4px|||||\u00bb z_index_tablet=\u00bb500&#8243; custom_css_main_element=\u00bbmargin-top: 0 !important;\u00bb box_shadow_horizontal_tablet=\u00bb0px\u00bb box_shadow_vertical_tablet=\u00bb0px\u00bb box_shadow_blur_tablet=\u00bb40px\u00bb box_shadow_spread_tablet=\u00bb0px\u00bb global_colors_info=\u00bb{}\u00bb][et_pb_row column_structure=\u00bb1_4,1_4,1_4,1_4&#8243; use_custom_gutter=\u00bbon\u00bb gutter_width=\u00bb2&#8243; _builder_version=\u00bb4.27.4&#8243; width=\u00bb80.8%\u00bb max_width=\u00bb2560px\u00bb custom_margin=\u00bb||10px||false|false\u00bb custom_padding=\u00bb0px|2%|0px|2%|false|false\u00bb z_index_tablet=\u00bb500&#8243; box_shadow_horizontal_tablet=\u00bb0px\u00bb box_shadow_vertical_tablet=\u00bb0px\u00bb box_shadow_blur_tablet=\u00bb40px\u00bb box_shadow_spread_tablet=\u00bb0px\u00bb global_colors_info=\u00bb{}\u00bb][et_pb_column type=\u00bb1_4&#8243; _builder_version=\u00bb4.16&#8243; custom_padding=\u00bb|||\u00bb global_colors_info=\u00bb{}\u00bb custom_padding__hover=\u00bb|||\u00bb][et_pb_text _builder_version=\u00bb4.27.4&#8243; _module_preset=\u00bbdefault\u00bb global_colors_info=\u00bb{}\u00bb]<\/p>\n<h2><strong>Recursos:<\/strong><\/h2>\n<p>[\/et_pb_text][\/et_pb_column][et_pb_column type=\u00bb1_4&#8243; _builder_version=\u00bb4.16&#8243; custom_padding=\u00bb|||\u00bb global_colors_info=\u00bb{}\u00bb custom_padding__hover=\u00bb|||\u00bb][\/et_pb_column][et_pb_column type=\u00bb1_4&#8243; _builder_version=\u00bb4.16&#8243; custom_padding=\u00bb|||\u00bb global_colors_info=\u00bb{}\u00bb custom_padding__hover=\u00bb|||\u00bb][\/et_pb_column][et_pb_column type=\u00bb1_4&#8243; _builder_version=\u00bb4.16&#8243; custom_padding=\u00bb|||\u00bb global_colors_info=\u00bb{}\u00bb custom_padding__hover=\u00bb|||\u00bb][\/et_pb_column][\/et_pb_row][et_pb_row column_structure=\u00bb1_4,1_4,1_4,1_4&#8243; use_custom_gutter=\u00bbon\u00bb gutter_width=\u00bb2&#8243; _builder_version=\u00bb4.27.4&#8243; background_color=\u00bb#ffffff\u00bb width=\u00bb80.8%\u00bb max_width=\u00bb2560px\u00bb custom_padding=\u00bb0px|2%|0px|2%\u00bb z_index_tablet=\u00bb500&#8243; box_shadow_horizontal_tablet=\u00bb0px\u00bb box_shadow_vertical_tablet=\u00bb0px\u00bb box_shadow_blur_tablet=\u00bb40px\u00bb box_shadow_spread_tablet=\u00bb0px\u00bb global_colors_info=\u00bb{}\u00bb][et_pb_column type=\u00bb1_4&#8243; module_class=\u00bbrec_verde rec_didacticos_list\u00bb _builder_version=\u00bb4.16&#8243; custom_padding=\u00bb|||\u00bb global_colors_info=\u00bb{}\u00bb custom_padding__hover=\u00bb|||\u00bb][et_pb_text admin_label=\u00bbECOHUERTO\u00bb _builder_version=\u00bb4.27.4&#8243; custom_margin=\u00bb||10px||false|false\u00bb custom_padding=\u00bb||10px||false|false\u00bb z_index_tablet=\u00bb500&#8243; text_text_shadow_horizontal_length_tablet=\u00bb0px\u00bb text_text_shadow_vertical_length_tablet=\u00bb0px\u00bb text_text_shadow_blur_strength_tablet=\u00bb1px\u00bb link_text_shadow_horizontal_length_tablet=\u00bb0px\u00bb link_text_shadow_vertical_length_tablet=\u00bb0px\u00bb link_text_shadow_blur_strength_tablet=\u00bb1px\u00bb ul_text_shadow_horizontal_length_tablet=\u00bb0px\u00bb ul_text_shadow_vertical_length_tablet=\u00bb0px\u00bb ul_text_shadow_blur_strength_tablet=\u00bb1px\u00bb ol_text_shadow_horizontal_length_tablet=\u00bb0px\u00bb ol_text_shadow_vertical_length_tablet=\u00bb0px\u00bb ol_text_shadow_blur_strength_tablet=\u00bb1px\u00bb quote_text_shadow_horizontal_length_tablet=\u00bb0px\u00bb quote_text_shadow_vertical_length_tablet=\u00bb0px\u00bb quote_text_shadow_blur_strength_tablet=\u00bb1px\u00bb header_text_shadow_horizontal_length_tablet=\u00bb0px\u00bb header_text_shadow_vertical_length_tablet=\u00bb0px\u00bb header_text_shadow_blur_strength_tablet=\u00bb1px\u00bb header_2_text_shadow_horizontal_length_tablet=\u00bb0px\u00bb header_2_text_shadow_vertical_length_tablet=\u00bb0px\u00bb header_2_text_shadow_blur_strength_tablet=\u00bb1px\u00bb header_3_text_shadow_horizontal_length_tablet=\u00bb0px\u00bb header_3_text_shadow_vertical_length_tablet=\u00bb0px\u00bb header_3_text_shadow_blur_strength_tablet=\u00bb1px\u00bb header_4_text_shadow_horizontal_length_tablet=\u00bb0px\u00bb header_4_text_shadow_vertical_length_tablet=\u00bb0px\u00bb header_4_text_shadow_blur_strength_tablet=\u00bb1px\u00bb header_5_text_shadow_horizontal_length_tablet=\u00bb0px\u00bb header_5_text_shadow_vertical_length_tablet=\u00bb0px\u00bb header_5_text_shadow_blur_strength_tablet=\u00bb1px\u00bb header_6_text_shadow_horizontal_length_tablet=\u00bb0px\u00bb header_6_text_shadow_vertical_length_tablet=\u00bb0px\u00bb header_6_text_shadow_blur_strength_tablet=\u00bb1px\u00bb box_shadow_horizontal_tablet=\u00bb0px\u00bb box_shadow_vertical_tablet=\u00bb0px\u00bb box_shadow_blur_tablet=\u00bb40px\u00bb box_shadow_spread_tablet=\u00bb0px\u00bb global_colors_info=\u00bb{}\u00bb]<\/p>\n<h2 style=\"text-align: center;\"><img loading=\"lazy\" decoding=\"async\" class=\"wp-image-10192 alignnone \" src=\"https:\/\/www.juntadeandalucia.es/educacion/eaprendizaje\/wp-content\/uploads\/2026\/01\/imagen-ecohuerto.png\" alt=\"\" width=\"300\" height=\"300\" \/><\/h2>\n<h2 style=\"text-align: center;\"><strong>ECOHUERTO<\/strong><\/h2>\n<p>[\/et_pb_text][et_pb_toggle title=\u00bbLibro y actividades\u00bb open_toggle_text_color=\u00bb#2aa3c1&#8243; admin_label=\u00bbManuales y actividades\u00bb _builder_version=\u00bb4.27.4&#8243; title_text_color=\u00bb#2aa3c1&#8243; title_font_size=\u00bb13px\u00bb z_index=\u00bb307&#8243; custom_margin=\u00bb||0px|\u00bb z_index_tablet=\u00bb500&#8243; title_text_shadow_horizontal_length_tablet=\u00bb0px\u00bb title_text_shadow_vertical_length_tablet=\u00bb0px\u00bb title_text_shadow_blur_strength_tablet=\u00bb1px\u00bb closed_title_text_shadow_horizontal_length_tablet=\u00bb0px\u00bb closed_title_text_shadow_vertical_length_tablet=\u00bb0px\u00bb closed_title_text_shadow_blur_strength_tablet=\u00bb1px\u00bb body_text_shadow_horizontal_length_tablet=\u00bb0px\u00bb body_text_shadow_vertical_length_tablet=\u00bb0px\u00bb body_text_shadow_blur_strength_tablet=\u00bb1px\u00bb body_link_text_shadow_horizontal_length_tablet=\u00bb0px\u00bb body_link_text_shadow_vertical_length_tablet=\u00bb0px\u00bb body_link_text_shadow_blur_strength_tablet=\u00bb1px\u00bb body_ul_text_shadow_horizontal_length_tablet=\u00bb0px\u00bb body_ul_text_shadow_vertical_length_tablet=\u00bb0px\u00bb body_ul_text_shadow_blur_strength_tablet=\u00bb1px\u00bb body_ol_text_shadow_horizontal_length_tablet=\u00bb0px\u00bb body_ol_text_shadow_vertical_length_tablet=\u00bb0px\u00bb body_ol_text_shadow_blur_strength_tablet=\u00bb1px\u00bb body_quote_text_shadow_horizontal_length_tablet=\u00bb0px\u00bb body_quote_text_shadow_vertical_length_tablet=\u00bb0px\u00bb body_quote_text_shadow_blur_strength_tablet=\u00bb1px\u00bb box_shadow_horizontal_tablet=\u00bb0px\u00bb box_shadow_vertical_tablet=\u00bb0px\u00bb box_shadow_blur_tablet=\u00bb40px\u00bb box_shadow_spread_tablet=\u00bb0px\u00bb text_shadow_horizontal_length_tablet=\u00bb0px\u00bb text_shadow_vertical_length_tablet=\u00bb0px\u00bb text_shadow_blur_strength_tablet=\u00bb1px\u00bb global_colors_info=\u00bb{}\u00bb]<\/p>\n<ul>\n<li><a href=\"https:\/\/www.juntadeandalucia.es\/educacion\/portals\/delegate\/content\/f2af966e-25b8-47aa-b3f4-93f1e673e0a2\/La%20aventura%20de%20nuestro%20Ecohuerto,%20infantil%20y%20primaria\">La aventura de nuestro huerto. Libro para educaci\u00f3n infantil y primaria<\/a><\/li>\n<\/ul>\n<ul>\n<li><a href=\"https:\/\/www.juntadeandalucia.es\/educacion\/portals\/delegate\/content\/c7fcd5f2-6212-49f1-bac7-b75b1a787290\/HUERTOS%20ECOL%C3%93GICOS%20-%20ALIMENTANDO%20TU%20FUTURO\">Huertos ecol\u00f3gicos: alimentando tu futuro (actividades)<\/a><\/li>\n<\/ul>\n<p>[\/et_pb_toggle][et_pb_toggle title=\u00bbFichas\u00bb open_toggle_text_color=\u00bb#2aa3c1&#8243; admin_label=\u00bbFichas\u00bb _builder_version=\u00bb4.27.4&#8243; title_text_color=\u00bb#2aa3c1&#8243; z_index=\u00bb307&#8243; custom_margin=\u00bb||0px|\u00bb z_index_tablet=\u00bb500&#8243; title_text_shadow_horizontal_length_tablet=\u00bb0px\u00bb title_text_shadow_vertical_length_tablet=\u00bb0px\u00bb title_text_shadow_blur_strength_tablet=\u00bb1px\u00bb closed_title_text_shadow_horizontal_length_tablet=\u00bb0px\u00bb closed_title_text_shadow_vertical_length_tablet=\u00bb0px\u00bb closed_title_text_shadow_blur_strength_tablet=\u00bb1px\u00bb body_text_shadow_horizontal_length_tablet=\u00bb0px\u00bb body_text_shadow_vertical_length_tablet=\u00bb0px\u00bb body_text_shadow_blur_strength_tablet=\u00bb1px\u00bb body_link_text_shadow_horizontal_length_tablet=\u00bb0px\u00bb body_link_text_shadow_vertical_length_tablet=\u00bb0px\u00bb body_link_text_shadow_blur_strength_tablet=\u00bb1px\u00bb body_ul_text_shadow_horizontal_length_tablet=\u00bb0px\u00bb body_ul_text_shadow_vertical_length_tablet=\u00bb0px\u00bb body_ul_text_shadow_blur_strength_tablet=\u00bb1px\u00bb body_ol_text_shadow_horizontal_length_tablet=\u00bb0px\u00bb body_ol_text_shadow_vertical_length_tablet=\u00bb0px\u00bb body_ol_text_shadow_blur_strength_tablet=\u00bb1px\u00bb body_quote_text_shadow_horizontal_length_tablet=\u00bb0px\u00bb body_quote_text_shadow_vertical_length_tablet=\u00bb0px\u00bb body_quote_text_shadow_blur_strength_tablet=\u00bb1px\u00bb box_shadow_horizontal_tablet=\u00bb0px\u00bb box_shadow_vertical_tablet=\u00bb0px\u00bb box_shadow_blur_tablet=\u00bb40px\u00bb box_shadow_spread_tablet=\u00bb0px\u00bb text_shadow_horizontal_length_tablet=\u00bb0px\u00bb text_shadow_vertical_length_tablet=\u00bb0px\u00bb text_shadow_blur_strength_tablet=\u00bb1px\u00bb global_colors_info=\u00bb{}\u00bb]<\/p>\n<ul type=\"disc\">\n<li><a href=\"https:\/\/www.juntadeandalucia.es\/educacion\/portals\/delegate\/content\/c6307c94-1bdd-4ab3-8f46-06dfa3b366ea\/MONTAR%20UN%20HUERTO%20-%20FAQ\">Montar un huerto \u2013 Preguntas frecuentes<\/a><\/li>\n<li><a href=\"https:\/\/www.juntadeandalucia.es\/educacion\/portals\/delegate\/content\/b19c4ee8-abfc-4ba8-aa6b-943622e0be96\/%C2%BFCU%C3%81L%20ES%20TU%20HUERTO?\">\u00bfCu\u00e1l es tu huerto?<\/a><\/li>\n<li><a href=\"https:\/\/www.juntadeandalucia.es\/educacion\/portals\/delegate\/content\/6b6aeca8-bac5-4fc0-b77f-be8681085c26\/SOLUCIONES%20SENCILLAS%20A%20PROBLEMAS%20COMUNES%20EN%20EL%20HUERTO\">Soluciones sencillas a problemas comunes en el huerto<\/a><\/li>\n<li><a href=\"https:\/\/www.andalhuerto.es\/el-huerto\/muestrario-de-huertos\/\" target=\"_blank\" rel=\"noopener\">Tipos de huertos<\/a><\/li>\n<li><a href=\"https:\/\/www.juntadeandalucia.es\/educacion\/eaprendizaje\/wp-content\/uploads\/2024\/02\/Calendario-siembras-y-trasplantes-.pdf\" target=\"_blank\" rel=\"noopener\">Calendario de los cultivos del huerto<\/a><\/li>\n<li><a href=\"https:\/\/www.juntadeandalucia.es\/educacion\/eaprendizaje\/wp-content\/uploads\/2024\/02\/Diagramas-de-rotaciones.pdf\" target=\"_blank\" rel=\"noopener\">Rotaci\u00f3n de cultivos por grupos de familias<\/a><\/li>\n<\/ul>\n<p>[\/et_pb_toggle][et_pb_toggle title=\u00bbV\u00eddeos\u00bb open_toggle_text_color=\u00bb#2aa3c1&#8243; admin_label=\u00bbV\u00eddeos\u00bb _builder_version=\u00bb4.27.4&#8243; title_text_color=\u00bb#2aa3c1&#8243; z_index=\u00bb307&#8243; custom_margin=\u00bb||0px|\u00bb z_index_tablet=\u00bb500&#8243; title_text_shadow_horizontal_length_tablet=\u00bb0px\u00bb title_text_shadow_vertical_length_tablet=\u00bb0px\u00bb title_text_shadow_blur_strength_tablet=\u00bb1px\u00bb closed_title_text_shadow_horizontal_length_tablet=\u00bb0px\u00bb closed_title_text_shadow_vertical_length_tablet=\u00bb0px\u00bb closed_title_text_shadow_blur_strength_tablet=\u00bb1px\u00bb body_text_shadow_horizontal_length_tablet=\u00bb0px\u00bb body_text_shadow_vertical_length_tablet=\u00bb0px\u00bb body_text_shadow_blur_strength_tablet=\u00bb1px\u00bb body_link_text_shadow_horizontal_length_tablet=\u00bb0px\u00bb body_link_text_shadow_vertical_length_tablet=\u00bb0px\u00bb body_link_text_shadow_blur_strength_tablet=\u00bb1px\u00bb body_ul_text_shadow_horizontal_length_tablet=\u00bb0px\u00bb body_ul_text_shadow_vertical_length_tablet=\u00bb0px\u00bb body_ul_text_shadow_blur_strength_tablet=\u00bb1px\u00bb body_ol_text_shadow_horizontal_length_tablet=\u00bb0px\u00bb body_ol_text_shadow_vertical_length_tablet=\u00bb0px\u00bb body_ol_text_shadow_blur_strength_tablet=\u00bb1px\u00bb body_quote_text_shadow_horizontal_length_tablet=\u00bb0px\u00bb body_quote_text_shadow_vertical_length_tablet=\u00bb0px\u00bb body_quote_text_shadow_blur_strength_tablet=\u00bb1px\u00bb box_shadow_horizontal_tablet=\u00bb0px\u00bb box_shadow_vertical_tablet=\u00bb0px\u00bb box_shadow_blur_tablet=\u00bb40px\u00bb box_shadow_spread_tablet=\u00bb0px\u00bb text_shadow_horizontal_length_tablet=\u00bb0px\u00bb text_shadow_vertical_length_tablet=\u00bb0px\u00bb text_shadow_blur_strength_tablet=\u00bb1px\u00bb global_colors_info=\u00bb{}\u00bb]<\/p>\n<ul>\n<li><a href=\"https:\/\/www.youtube.com\/watch?v=SrIGxvVEriU\">Huerto instant\u00e1neo.<\/a><\/li>\n<li>\n<p><a href=\"https:\/\/www.youtube.com\/watch?v=8hgY_cK27BU\">El Bosque de Alimentos del CEIP La Paz (La Rinconada, Sevilla).<\/a><\/p>\n<\/li>\n<li>\n<p><a href=\"https:\/\/www.youtube.com\/watch?v=p-r-zMLK9Bk\">Creaci\u00f3n de un hotel de insectos.<\/a><\/p>\n<\/li>\n<li>\n<p><a href=\"https:\/\/www.youtube.com\/watch?v=EylNQeccHjo\">Montaje de una espiral de arom\u00e1ticas y estanque.<\/a><\/p>\n<\/li>\n<li>\n<p><a href=\"https:\/\/www.youtube.com\/watch?v=s6LQmKfoxz4\">Instalaci\u00f3n de cajas nido.<\/a><\/p>\n<\/li>\n<li>\n<p><a href=\"https:\/\/www.youtube.com\/watch?v=SAuY93llTA4\">Construcci\u00f3n de un compostero.<\/a><\/p>\n<\/li>\n<li>\n<p><a href=\"https:\/\/www.youtube.com\/watch?v=_icwgXZM-44\">ECOp\u00edldora. \u00bfC\u00f3mo aprovechamos las semillas del huerto?.<\/a><\/p>\n<\/li>\n<li>\n<p><a href=\"https:\/\/www.youtube.com\/watch?v=QNv8oRb2n8s\">ECOp\u00edldora. \u00bfC\u00f3mo ahorramos agua en el huerto?.<\/a><\/p>\n<\/li>\n<li>\n<p><a href=\"https:\/\/www.youtube.com\/watch?v=F9qcV_bbuPM\">ECOp\u00edldora. El contenido de agua del suelo.<\/a><\/p>\n<\/li>\n<li>\n<p><a href=\"https:\/\/www.youtube.com\/watch?v=fI9BRKIgec8\">ECOp\u00edldora. El huerto escolar en verano.<\/a><\/p>\n<\/li>\n<li>\n<p><a href=\"https:\/\/www.youtube.com\/watch?v=pAAUs3fosNY\">\u00a0ECOp\u00edldora. Instalaci\u00f3n de sensores en el huerto.<\/a><\/p>\n<\/li>\n<\/ul>\n<p>[\/et_pb_toggle][et_pb_toggle title=\u00bbEnlaces y contacto\u00bb open_toggle_text_color=\u00bb#2aa3c1&#8243; admin_label=\u00bbEnlaces y contacto\u00bb _builder_version=\u00bb4.27.4&#8243; title_text_color=\u00bb#2aa3c1&#8243; z_index=\u00bb307&#8243; custom_margin=\u00bb||0px|\u00bb z_index_tablet=\u00bb500&#8243; title_text_shadow_horizontal_length_tablet=\u00bb0px\u00bb title_text_shadow_vertical_length_tablet=\u00bb0px\u00bb title_text_shadow_blur_strength_tablet=\u00bb1px\u00bb closed_title_text_shadow_horizontal_length_tablet=\u00bb0px\u00bb closed_title_text_shadow_vertical_length_tablet=\u00bb0px\u00bb closed_title_text_shadow_blur_strength_tablet=\u00bb1px\u00bb body_text_shadow_horizontal_length_tablet=\u00bb0px\u00bb body_text_shadow_vertical_length_tablet=\u00bb0px\u00bb body_text_shadow_blur_strength_tablet=\u00bb1px\u00bb body_link_text_shadow_horizontal_length_tablet=\u00bb0px\u00bb body_link_text_shadow_vertical_length_tablet=\u00bb0px\u00bb body_link_text_shadow_blur_strength_tablet=\u00bb1px\u00bb body_ul_text_shadow_horizontal_length_tablet=\u00bb0px\u00bb body_ul_text_shadow_vertical_length_tablet=\u00bb0px\u00bb body_ul_text_shadow_blur_strength_tablet=\u00bb1px\u00bb body_ol_text_shadow_horizontal_length_tablet=\u00bb0px\u00bb body_ol_text_shadow_vertical_length_tablet=\u00bb0px\u00bb body_ol_text_shadow_blur_strength_tablet=\u00bb1px\u00bb body_quote_text_shadow_horizontal_length_tablet=\u00bb0px\u00bb body_quote_text_shadow_vertical_length_tablet=\u00bb0px\u00bb body_quote_text_shadow_blur_strength_tablet=\u00bb1px\u00bb box_shadow_horizontal_tablet=\u00bb0px\u00bb box_shadow_vertical_tablet=\u00bb0px\u00bb box_shadow_blur_tablet=\u00bb40px\u00bb box_shadow_spread_tablet=\u00bb0px\u00bb text_shadow_horizontal_length_tablet=\u00bb0px\u00bb text_shadow_vertical_length_tablet=\u00bb0px\u00bb text_shadow_blur_strength_tablet=\u00bb1px\u00bb global_colors_info=\u00bb{}\u00bb]<\/p>\n<ul type=\"disc\">\n<li>\n<p><a href=\"https:\/\/www.andalhuerto.es\/\">Web del Proyecto Ecol\u00f3gico Andalhuerto (andalhuerto.es)<\/a><\/p>\n<\/li>\n<\/ul>\n<p>[\/et_pb_toggle][\/et_pb_column][et_pb_column type=\u00bb1_4&#8243; module_class=\u00bbrec_verde rec_didacticos_list\u00bb _builder_version=\u00bb4.16&#8243; custom_padding=\u00bb|||\u00bb global_colors_info=\u00bb{}\u00bb custom_padding__hover=\u00bb|||\u00bb][et_pb_text admin_label=\u00bbRECAPACICLA\u00bb _builder_version=\u00bb4.27.4&#8243; custom_margin=\u00bb||10px||false|false\u00bb custom_padding=\u00bb||10px||false|false\u00bb z_index_tablet=\u00bb500&#8243; text_text_shadow_horizontal_length_tablet=\u00bb0px\u00bb text_text_shadow_vertical_length_tablet=\u00bb0px\u00bb text_text_shadow_blur_strength_tablet=\u00bb1px\u00bb link_text_shadow_horizontal_length_tablet=\u00bb0px\u00bb link_text_shadow_vertical_length_tablet=\u00bb0px\u00bb link_text_shadow_blur_strength_tablet=\u00bb1px\u00bb ul_text_shadow_horizontal_length_tablet=\u00bb0px\u00bb ul_text_shadow_vertical_length_tablet=\u00bb0px\u00bb ul_text_shadow_blur_strength_tablet=\u00bb1px\u00bb ol_text_shadow_horizontal_length_tablet=\u00bb0px\u00bb ol_text_shadow_vertical_length_tablet=\u00bb0px\u00bb ol_text_shadow_blur_strength_tablet=\u00bb1px\u00bb quote_text_shadow_horizontal_length_tablet=\u00bb0px\u00bb quote_text_shadow_vertical_length_tablet=\u00bb0px\u00bb quote_text_shadow_blur_strength_tablet=\u00bb1px\u00bb header_text_shadow_horizontal_length_tablet=\u00bb0px\u00bb header_text_shadow_vertical_length_tablet=\u00bb0px\u00bb header_text_shadow_blur_strength_tablet=\u00bb1px\u00bb header_2_text_shadow_horizontal_length_tablet=\u00bb0px\u00bb header_2_text_shadow_vertical_length_tablet=\u00bb0px\u00bb header_2_text_shadow_blur_strength_tablet=\u00bb1px\u00bb header_3_text_shadow_horizontal_length_tablet=\u00bb0px\u00bb header_3_text_shadow_vertical_length_tablet=\u00bb0px\u00bb header_3_text_shadow_blur_strength_tablet=\u00bb1px\u00bb header_4_text_shadow_horizontal_length_tablet=\u00bb0px\u00bb header_4_text_shadow_vertical_length_tablet=\u00bb0px\u00bb header_4_text_shadow_blur_strength_tablet=\u00bb1px\u00bb header_5_text_shadow_horizontal_length_tablet=\u00bb0px\u00bb header_5_text_shadow_vertical_length_tablet=\u00bb0px\u00bb header_5_text_shadow_blur_strength_tablet=\u00bb1px\u00bb header_6_text_shadow_horizontal_length_tablet=\u00bb0px\u00bb header_6_text_shadow_vertical_length_tablet=\u00bb0px\u00bb header_6_text_shadow_blur_strength_tablet=\u00bb1px\u00bb box_shadow_horizontal_tablet=\u00bb0px\u00bb box_shadow_vertical_tablet=\u00bb0px\u00bb box_shadow_blur_tablet=\u00bb40px\u00bb box_shadow_spread_tablet=\u00bb0px\u00bb global_colors_info=\u00bb{}\u00bb]<\/p>\n<h2 style=\"text-align: center;\"><img loading=\"lazy\" decoding=\"async\" class=\"wp-image-10194 alignnone \" src=\"https:\/\/www.juntadeandalucia.es/educacion/eaprendizaje\/wp-content\/uploads\/2026\/01\/imagen-recapacicla.png\" alt=\"\" width=\"300\" height=\"300\" \/><\/h2>\n<h2 style=\"text-align: center;\"><strong>RECAPACICLA<\/strong><\/h2>\n<p>[\/et_pb_text][et_pb_toggle title=\u00bbINTERNIVELAR\u00bb open_toggle_text_color=\u00bb#2aa3c1&#8243; admin_label=\u00bbINTERNIVELAR\u00bb _builder_version=\u00bb4.27.4&#8243; title_text_color=\u00bb#2aa3c1&#8243; z_index=\u00bb307&#8243; custom_margin=\u00bb||0px|\u00bb z_index_tablet=\u00bb500&#8243; title_text_shadow_horizontal_length_tablet=\u00bb0px\u00bb title_text_shadow_vertical_length_tablet=\u00bb0px\u00bb title_text_shadow_blur_strength_tablet=\u00bb1px\u00bb closed_title_text_shadow_horizontal_length_tablet=\u00bb0px\u00bb closed_title_text_shadow_vertical_length_tablet=\u00bb0px\u00bb closed_title_text_shadow_blur_strength_tablet=\u00bb1px\u00bb body_text_shadow_horizontal_length_tablet=\u00bb0px\u00bb body_text_shadow_vertical_length_tablet=\u00bb0px\u00bb body_text_shadow_blur_strength_tablet=\u00bb1px\u00bb body_link_text_shadow_horizontal_length_tablet=\u00bb0px\u00bb body_link_text_shadow_vertical_length_tablet=\u00bb0px\u00bb body_link_text_shadow_blur_strength_tablet=\u00bb1px\u00bb body_ul_text_shadow_horizontal_length_tablet=\u00bb0px\u00bb body_ul_text_shadow_vertical_length_tablet=\u00bb0px\u00bb body_ul_text_shadow_blur_strength_tablet=\u00bb1px\u00bb body_ol_text_shadow_horizontal_length_tablet=\u00bb0px\u00bb body_ol_text_shadow_vertical_length_tablet=\u00bb0px\u00bb body_ol_text_shadow_blur_strength_tablet=\u00bb1px\u00bb body_quote_text_shadow_horizontal_length_tablet=\u00bb0px\u00bb body_quote_text_shadow_vertical_length_tablet=\u00bb0px\u00bb body_quote_text_shadow_blur_strength_tablet=\u00bb1px\u00bb box_shadow_horizontal_tablet=\u00bb0px\u00bb box_shadow_vertical_tablet=\u00bb0px\u00bb box_shadow_blur_tablet=\u00bb40px\u00bb box_shadow_spread_tablet=\u00bb0px\u00bb text_shadow_horizontal_length_tablet=\u00bb0px\u00bb text_shadow_vertical_length_tablet=\u00bb0px\u00bb text_shadow_blur_strength_tablet=\u00bb1px\u00bb global_colors_info=\u00bb{}\u00bb]<\/p>\n<ul type=\"disc\">\n<li><a href=\"https:\/\/www.juntadeandalucia.es\/educacion\/eaprendizaje\/wp-content\/uploads\/2024\/01\/Dosier-informativo-Recapacicla.pdf\">Dosier informativo Recapacicla<\/a><\/li>\n<li><a href=\"https:\/\/www.juntadeandalucia.es\/educacion\/eaprendizaje\/wp-content\/uploads\/2024\/01\/Guia-didactica-Reciclaje-Motor-para-impulsar-los-ODS.pdf\">Gu\u00eda did\u00e1ctica Reciclaje Motor para impulsar los ODS<\/a><\/li>\n<li><a href=\"https:\/\/www.juntadeandalucia.es\/educacion\/eaprendizaje\/wp-content\/uploads\/2024\/01\/Recursos-para-la-gamificacion.pdf\">Recursos para la gamificacion<\/a><\/li>\n<li>Exposici\u00f3n \u201cLos residuos, un problema socioambiental\u201d:<\/li>\n<\/ul>\n<ul>\n<li style=\"list-style-type: none;\">\n<ul type=\"disc\">\n<li><a href=\"https:\/\/www.juntadeandalucia.es\/educacion\/eaprendizaje\/wp-content\/uploads\/2024\/01\/ENARA_1.pdf\">Enara 1<\/a><\/li>\n<li><a href=\"https:\/\/www.juntadeandalucia.es\/educacion\/eaprendizaje\/wp-content\/uploads\/2024\/01\/ENARA_2.pdf\">Enara 2<\/a><\/li>\n<li><a href=\"https:\/\/www.juntadeandalucia.es\/educacion\/eaprendizaje\/wp-content\/uploads\/2024\/01\/ENARA_3.pdf\">Enara 3<\/a><\/li>\n<li><a href=\"https:\/\/www.juntadeandalucia.es\/educacion\/eaprendizaje\/wp-content\/uploads\/2024\/01\/ENARA_4.pdf\">Enara 4<\/a><\/li>\n<li><a href=\"https:\/\/www.juntadeandalucia.es\/educacion\/eaprendizaje\/wp-content\/uploads\/2024\/01\/ENARA_5.pdf\">Enara 5<\/a><\/li>\n<li><a href=\"https:\/\/www.juntadeandalucia.es\/educacion\/eaprendizaje\/wp-content\/uploads\/2024\/01\/ENARA_6.pdf\">Enara 6<\/a><\/li>\n<\/ul>\n<\/li>\n<li>Micromomentos (Cortos motivacionales):\n<ul>\n<li><a href=\"https:\/\/youtu.be\/foVO081nFXY\" target=\"_blank\" rel=\"noopener\">El contenedor amarillo<\/a><\/li>\n<li><a href=\"https:\/\/youtu.be\/jV2r_puw7Fw\" target=\"_blank\" rel=\"noopener\">Superpoderes Vidrio<\/a><\/li>\n<li><a href=\"https:\/\/youtu.be\/i08y3ufdqlw\" target=\"_blank\" rel=\"noopener\">Papel y Cart\u00f3n<\/a><\/li>\n<li><a href=\"https:\/\/youtu.be\/cWTQWYivEK4\" target=\"_blank\" rel=\"noopener\">El poder de la colaboraci\u00f3n<\/a><\/li>\n<li><a href=\"https:\/\/youtu.be\/2aB3mLSbmVw\" target=\"_blank\" rel=\"noopener\">Comida Basura<\/a><\/li>\n<li><a href=\"https:\/\/youtu.be\/VSPvrTROQOA\" target=\"_blank\" rel=\"noopener\">La problem\u00e1tica del textil<\/a><\/li>\n<li><a href=\"https:\/\/youtu.be\/3ef8UAD5aqA\" target=\"_blank\" rel=\"noopener\">Champion League Reutiliza<\/a><\/li>\n<\/ul>\n<\/li>\n<li>Centros libres de residuos:\n<ul>\n<li><a href=\"https:\/\/www.juntadeandalucia.es\/educacion\/eaprendizaje\/wp-content\/uploads\/2024\/01\/Carta_informativa_familias.pdf\">Carta informativa para las familias<\/a><\/li>\n<li><a href=\"https:\/\/www.juntadeandalucia.es\/educacion\/eaprendizaje\/wp-content\/uploads\/2024\/01\/Carteles-informativos.pdf\">Carteles informativos<\/a><\/li>\n<\/ul>\n<\/li>\n<\/ul>\n<p>[\/et_pb_toggle][et_pb_toggle title=\u00bbED. INFANTIL Y PRIMARIA\u00bb open_toggle_text_color=\u00bb#2aa3c1&#8243; admin_label=\u00bbINFANTIL Y PRIMARIA\u00bb _builder_version=\u00bb4.27.4&#8243; title_text_color=\u00bb#2aa3c1&#8243; z_index=\u00bb307&#8243; custom_margin=\u00bb||0px|\u00bb z_index_tablet=\u00bb500&#8243; title_text_shadow_horizontal_length_tablet=\u00bb0px\u00bb title_text_shadow_vertical_length_tablet=\u00bb0px\u00bb title_text_shadow_blur_strength_tablet=\u00bb1px\u00bb closed_title_text_shadow_horizontal_length_tablet=\u00bb0px\u00bb closed_title_text_shadow_vertical_length_tablet=\u00bb0px\u00bb closed_title_text_shadow_blur_strength_tablet=\u00bb1px\u00bb body_text_shadow_horizontal_length_tablet=\u00bb0px\u00bb body_text_shadow_vertical_length_tablet=\u00bb0px\u00bb body_text_shadow_blur_strength_tablet=\u00bb1px\u00bb body_link_text_shadow_horizontal_length_tablet=\u00bb0px\u00bb body_link_text_shadow_vertical_length_tablet=\u00bb0px\u00bb body_link_text_shadow_blur_strength_tablet=\u00bb1px\u00bb body_ul_text_shadow_horizontal_length_tablet=\u00bb0px\u00bb body_ul_text_shadow_vertical_length_tablet=\u00bb0px\u00bb body_ul_text_shadow_blur_strength_tablet=\u00bb1px\u00bb body_ol_text_shadow_horizontal_length_tablet=\u00bb0px\u00bb body_ol_text_shadow_vertical_length_tablet=\u00bb0px\u00bb body_ol_text_shadow_blur_strength_tablet=\u00bb1px\u00bb body_quote_text_shadow_horizontal_length_tablet=\u00bb0px\u00bb body_quote_text_shadow_vertical_length_tablet=\u00bb0px\u00bb body_quote_text_shadow_blur_strength_tablet=\u00bb1px\u00bb box_shadow_horizontal_tablet=\u00bb0px\u00bb box_shadow_vertical_tablet=\u00bb0px\u00bb box_shadow_blur_tablet=\u00bb40px\u00bb box_shadow_spread_tablet=\u00bb0px\u00bb text_shadow_horizontal_length_tablet=\u00bb0px\u00bb text_shadow_vertical_length_tablet=\u00bb0px\u00bb text_shadow_blur_strength_tablet=\u00bb1px\u00bb global_colors_info=\u00bb{}\u00bb]<\/p>\n<ul type=\"disc\">\n<li>Los residuos con otra mirada:\n<ul type=\"disc\">\n<li><a href=\"https:\/\/www.juntadeandalucia.es\/educacion\/eaprendizaje\/wp-content\/uploads\/2024\/01\/Cuaderno-did%C3%A1ctico-para-Educaci%C3%B3n-Infantil-y-primer-ciclo-de-Educaci%C3%B3n-Primaria..pdf\">Cuaderno did\u00e1ctico para Educaci\u00f3n Infantil y primer ciclo de Educaci\u00f3n Primaria.<\/a><\/li>\n<li><a href=\"https:\/\/www.juntadeandalucia.es\/educacion\/eaprendizaje\/wp-content\/uploads\/2024\/01\/Cuaderno-did%C3%A1ctico-para-segundo-y-tercer-ciclo-de-Educaci%C3%B3n-Primaria..pdf\">Cuaderno did\u00e1ctico para segundo y tercer ciclo de Educaci\u00f3n Primaria<\/a><\/li>\n<li><a href=\"https:\/\/www.juntadeandalucia.es\/educacion\/eaprendizaje\/wp-content\/uploads\/2024\/01\/En-nuestro-centro-Reducimos-Reutilizamos-Reparamos-y-Reciclamos-de-muchas-maneras-Panel-did%C3%A1ctico..pdf\">En nuestro centro Reducimos, Reutilizamos, Reparamos y Reciclamos de muchas maneras Panel did\u00e1ctico.<\/a><\/li>\n<li><a href=\"https:\/\/www.juntadeandalucia.es\/educacion\/eaprendizaje\/wp-content\/uploads\/2024\/01\/Talleres-para-la-acci%C3%B3n-Segundo-y-tercer-ciclo-de-Educaci%C3%B3n-Primaria.pdf\">Talleres para la acci\u00f3n Segundo y tercer ciclo de Educaci\u00f3n Primaria<\/a><\/li>\n<\/ul>\n<\/li>\n<\/ul>\n<p>&nbsp;<\/p>\n<p>[\/et_pb_toggle][et_pb_toggle title=\u00bbE.S.O., BACHILLERATO Y F.P.\u00bb open_toggle_text_color=\u00bb#2aa3c1&#8243; admin_label=\u00bbE.S.O., BACHILLERATO Y F.P.\u00bb _builder_version=\u00bb4.27.4&#8243; title_text_color=\u00bb#2aa3c1&#8243; z_index=\u00bb307&#8243; custom_margin=\u00bb||0px|\u00bb z_index_tablet=\u00bb500&#8243; title_text_shadow_horizontal_length_tablet=\u00bb0px\u00bb title_text_shadow_vertical_length_tablet=\u00bb0px\u00bb title_text_shadow_blur_strength_tablet=\u00bb1px\u00bb closed_title_text_shadow_horizontal_length_tablet=\u00bb0px\u00bb closed_title_text_shadow_vertical_length_tablet=\u00bb0px\u00bb closed_title_text_shadow_blur_strength_tablet=\u00bb1px\u00bb body_text_shadow_horizontal_length_tablet=\u00bb0px\u00bb body_text_shadow_vertical_length_tablet=\u00bb0px\u00bb body_text_shadow_blur_strength_tablet=\u00bb1px\u00bb body_link_text_shadow_horizontal_length_tablet=\u00bb0px\u00bb body_link_text_shadow_vertical_length_tablet=\u00bb0px\u00bb body_link_text_shadow_blur_strength_tablet=\u00bb1px\u00bb body_ul_text_shadow_horizontal_length_tablet=\u00bb0px\u00bb body_ul_text_shadow_vertical_length_tablet=\u00bb0px\u00bb body_ul_text_shadow_blur_strength_tablet=\u00bb1px\u00bb body_ol_text_shadow_horizontal_length_tablet=\u00bb0px\u00bb body_ol_text_shadow_vertical_length_tablet=\u00bb0px\u00bb body_ol_text_shadow_blur_strength_tablet=\u00bb1px\u00bb body_quote_text_shadow_horizontal_length_tablet=\u00bb0px\u00bb body_quote_text_shadow_vertical_length_tablet=\u00bb0px\u00bb body_quote_text_shadow_blur_strength_tablet=\u00bb1px\u00bb box_shadow_horizontal_tablet=\u00bb0px\u00bb box_shadow_vertical_tablet=\u00bb0px\u00bb box_shadow_blur_tablet=\u00bb40px\u00bb box_shadow_spread_tablet=\u00bb0px\u00bb text_shadow_horizontal_length_tablet=\u00bb0px\u00bb text_shadow_vertical_length_tablet=\u00bb0px\u00bb text_shadow_blur_strength_tablet=\u00bb1px\u00bb global_colors_info=\u00bb{}\u00bb]<\/p>\n<ul type=\"disc\">\n<li><a href=\"https:\/\/www.juntadeandalucia.es\/educacion\/eaprendizaje\/wp-content\/uploads\/2024\/01\/En-nuestro-centro-Reducimos-Reutilizamos-Reparamos-y-Reciclamos-de-muchas-maneras-Panel-did%C3%A1ctico.-1.pdf\">En nuestro centro Reducimos, Reutilizamos, Reparamos y Reciclamos de muchas maneras Panel did\u00e1ctico.<\/a><\/li>\n<li>D\u00edpticos para la investigaci\u00f3n \u2013 acci\u00f3n:\n<ul type=\"disc\">\n<li><a href=\"https:\/\/www.juntadeandalucia.es\/educacion\/eaprendizaje\/wp-content\/uploads\/2024\/01\/Separar-para-reciclar.pdf\">Separar para reciclar<\/a><\/li>\n<li><a href=\"https:\/\/www.juntadeandalucia.es\/educacion\/eaprendizaje\/wp-content\/uploads\/2024\/01\/Nueva-vida-para-los-residuos.pdf\">Nueva vida para los residuos<\/a><\/li>\n<li><a href=\"https:\/\/www.juntadeandalucia.es/educacion/eaprendizaje\/wp-content\/uploads\/2024\/01\/Planeta-recicla.pdf\/wp-content\/uploads\/2024\/01\/Planeta-recicla.pdf\">Planeta recicla<\/a><\/li>\n<li><a href=\"https:\/\/www.juntadeandalucia.es/educacion/eaprendizaje\/wp-content\/uploads\/2024\/01\/Planeta-recicla.pdf\/wp-content\/uploads\/2024\/01\/Naturalmente-reutilizamos.pdf\">Naturalmente reutilizamos<\/a><\/li>\n<li><a href=\"https:\/\/www.juntadeandalucia.es/educacion/eaprendizaje\/wp-content\/uploads\/2024\/01\/Planeta-recicla.pdf\/wp-content\/uploads\/2024\/01\/Reutilizamos-con-arte.pdf\">Reutilizamos con arte<\/a><\/li>\n<\/ul>\n<\/li>\n<\/ul>\n<p>[\/et_pb_toggle][\/et_pb_column][et_pb_column type=\u00bb1_4&#8243; module_class=\u00bbrec_verde rec_didacticos_list\u00bb _builder_version=\u00bb4.16&#8243; custom_padding=\u00bb|||\u00bb global_colors_info=\u00bb{}\u00bb custom_padding__hover=\u00bb|||\u00bb][et_pb_text admin_label=\u00bbEMERGENCIA CLIM\u00c1TICA\u00bb _builder_version=\u00bb4.27.4&#8243; custom_margin=\u00bb||10px||false|false\u00bb custom_padding=\u00bb||10px||false|false\u00bb z_index_tablet=\u00bb500&#8243; text_text_shadow_horizontal_length_tablet=\u00bb0px\u00bb text_text_shadow_vertical_length_tablet=\u00bb0px\u00bb text_text_shadow_blur_strength_tablet=\u00bb1px\u00bb link_text_shadow_horizontal_length_tablet=\u00bb0px\u00bb link_text_shadow_vertical_length_tablet=\u00bb0px\u00bb link_text_shadow_blur_strength_tablet=\u00bb1px\u00bb ul_text_shadow_horizontal_length_tablet=\u00bb0px\u00bb ul_text_shadow_vertical_length_tablet=\u00bb0px\u00bb ul_text_shadow_blur_strength_tablet=\u00bb1px\u00bb ol_text_shadow_horizontal_length_tablet=\u00bb0px\u00bb ol_text_shadow_vertical_length_tablet=\u00bb0px\u00bb ol_text_shadow_blur_strength_tablet=\u00bb1px\u00bb quote_text_shadow_horizontal_length_tablet=\u00bb0px\u00bb quote_text_shadow_vertical_length_tablet=\u00bb0px\u00bb quote_text_shadow_blur_strength_tablet=\u00bb1px\u00bb header_text_shadow_horizontal_length_tablet=\u00bb0px\u00bb header_text_shadow_vertical_length_tablet=\u00bb0px\u00bb header_text_shadow_blur_strength_tablet=\u00bb1px\u00bb header_2_text_shadow_horizontal_length_tablet=\u00bb0px\u00bb header_2_text_shadow_vertical_length_tablet=\u00bb0px\u00bb header_2_text_shadow_blur_strength_tablet=\u00bb1px\u00bb header_3_text_shadow_horizontal_length_tablet=\u00bb0px\u00bb header_3_text_shadow_vertical_length_tablet=\u00bb0px\u00bb header_3_text_shadow_blur_strength_tablet=\u00bb1px\u00bb header_4_text_shadow_horizontal_length_tablet=\u00bb0px\u00bb header_4_text_shadow_vertical_length_tablet=\u00bb0px\u00bb header_4_text_shadow_blur_strength_tablet=\u00bb1px\u00bb header_5_text_shadow_horizontal_length_tablet=\u00bb0px\u00bb header_5_text_shadow_vertical_length_tablet=\u00bb0px\u00bb header_5_text_shadow_blur_strength_tablet=\u00bb1px\u00bb header_6_text_shadow_horizontal_length_tablet=\u00bb0px\u00bb header_6_text_shadow_vertical_length_tablet=\u00bb0px\u00bb header_6_text_shadow_blur_strength_tablet=\u00bb1px\u00bb box_shadow_horizontal_tablet=\u00bb0px\u00bb box_shadow_vertical_tablet=\u00bb0px\u00bb box_shadow_blur_tablet=\u00bb40px\u00bb box_shadow_spread_tablet=\u00bb0px\u00bb global_colors_info=\u00bb{}\u00bb]<\/p>\n<h2 style=\"text-align: center;\"><img loading=\"lazy\" decoding=\"async\" class=\"wp-image-10193 alignnone \" src=\"https:\/\/www.juntadeandalucia.es/educacion/eaprendizaje\/wp-content\/uploads\/2026\/01\/imagen-emergencia-climatica.png\" alt=\"\" width=\"300\" height=\"300\" \/><\/h2>\n<h2 style=\"text-align: center;\"><strong>EMERGENCIA CLIM\u00c1TICA<\/strong><\/h2>\n<p>[\/et_pb_text][et_pb_toggle title=\u00bbINTERNIVELAR\u00bb open_toggle_text_color=\u00bb#2aa3c1&#8243; admin_label=\u00bbINTERNIVELAR\u00bb _builder_version=\u00bb4.27.4&#8243; title_text_color=\u00bb#2aa3c1&#8243; z_index=\u00bb307&#8243; custom_margin=\u00bb||0px|\u00bb z_index_tablet=\u00bb500&#8243; title_text_shadow_horizontal_length_tablet=\u00bb0px\u00bb title_text_shadow_vertical_length_tablet=\u00bb0px\u00bb title_text_shadow_blur_strength_tablet=\u00bb1px\u00bb closed_title_text_shadow_horizontal_length_tablet=\u00bb0px\u00bb closed_title_text_shadow_vertical_length_tablet=\u00bb0px\u00bb closed_title_text_shadow_blur_strength_tablet=\u00bb1px\u00bb body_text_shadow_horizontal_length_tablet=\u00bb0px\u00bb body_text_shadow_vertical_length_tablet=\u00bb0px\u00bb body_text_shadow_blur_strength_tablet=\u00bb1px\u00bb body_link_text_shadow_horizontal_length_tablet=\u00bb0px\u00bb body_link_text_shadow_vertical_length_tablet=\u00bb0px\u00bb body_link_text_shadow_blur_strength_tablet=\u00bb1px\u00bb body_ul_text_shadow_horizontal_length_tablet=\u00bb0px\u00bb body_ul_text_shadow_vertical_length_tablet=\u00bb0px\u00bb body_ul_text_shadow_blur_strength_tablet=\u00bb1px\u00bb body_ol_text_shadow_horizontal_length_tablet=\u00bb0px\u00bb body_ol_text_shadow_vertical_length_tablet=\u00bb0px\u00bb body_ol_text_shadow_blur_strength_tablet=\u00bb1px\u00bb body_quote_text_shadow_horizontal_length_tablet=\u00bb0px\u00bb body_quote_text_shadow_vertical_length_tablet=\u00bb0px\u00bb body_quote_text_shadow_blur_strength_tablet=\u00bb1px\u00bb box_shadow_horizontal_tablet=\u00bb0px\u00bb box_shadow_vertical_tablet=\u00bb0px\u00bb box_shadow_blur_tablet=\u00bb40px\u00bb box_shadow_spread_tablet=\u00bb0px\u00bb text_shadow_horizontal_length_tablet=\u00bb0px\u00bb text_shadow_vertical_length_tablet=\u00bb0px\u00bb text_shadow_blur_strength_tablet=\u00bb1px\u00bb global_colors_info=\u00bb{}\u00bb]<\/p>\n<ul type=\"disc\">\n<li><a href=\"https:\/\/www.juntadeandalucia.es\/medioambiente\/portal\/areas-tematicas\/atmosfera\" target=\"_blank\" rel=\"noopener\">Atm\u00f3sfera-Portal Ambiental de Andaluc\u00eda- CSMA (informaci\u00f3n sobre calidad del aire, emisiones, contaminaci\u00f3n lum\u00ednica y ac\u00fastica<\/a>)<\/li>\n<li><a href=\"https:\/\/www.juntadeandalucia.es\/medioambiente\/portal\/areas-tematicas\/sensibilizacion-formacion\/sensibilizacion-educacion-para-la-sostenibilidad\/programas\/exposicion-emergencia-climatica\" target=\"_blank\" rel=\"noopener\">Exposici\u00f3n \u201cEmergencia Clim\u00e1tica\u201d (infograf\u00edas en pdf)<\/a><\/li>\n<li><a href=\"https:\/\/www.juntadeandalucia.es\/educacion\/portals\/delegate\/content\/c1f711a2-630e-442d-9fdb-7f72df7776ff\/PANEL%20DID%C3%81CTICO%20BASURAS\">Panel did\u00e1ctico Basura<\/a><\/li>\n<li><a href=\"https:\/\/www.juntadeandalucia.es\/educacion\/portals\/delegate\/content\/69877eae-bdf1-4ecd-aab0-ede976787e17\/PANEL%20DID%C3%81CTICO%20INMADUROS\">Panel did\u00e1ctico Inmaduros<\/a><\/li>\n<li><a href=\"https:\/\/www.juntadeandalucia.es\/educacion\/portals\/delegate\/content\/eade90ee-8a3a-49e8-8bd0-a9d00bca620b\/PANEL%20DID%C3%81CTICO%20PESCA\">Panel did\u00e1ctico de Pesca<\/a><\/li>\n<li><a href=\"https:\/\/www.juntadeandalucia.es\/educacion\/portals\/delegate\/content\/7411bac8-6ed7-4458-9e5e-80f883b9f394\/PANEL%20DID%C3%81CTICO%20SALINAS\">Panel did\u00e1ctico de Salinas<\/a><\/li>\n<li><a href=\"http:\/\/www.juntadeandalucia.es\/educacion\/portals\/abaco-portlet\/content\/c6535dc5-04b6-4c54-b383-4ae7f0501cd3\">Panel did\u00e1ctico: La pesca sostenible en Andaluc\u00eda<\/a><\/li>\n<li>Exposici\u00f3n Pleamar. Paneles:\n<ul>\n<li><a href=\"https:\/\/www.juntadeandalucia.es\/educacion\/portals\/delegate\/content\/4f525a3f-35dd-401c-9492-47d5faa1e9d6\/Flora%20al%20abrigo%20del%20mar\" target=\"_blank\" rel=\"noopener\">Flora al abrigo del mar<\/a><\/li>\n<li><a href=\"https:\/\/www.juntadeandalucia.es\/educacion\/portals\/delegate\/content\/c29bde96-5a53-4ebf-b0ee-82128b48d274\/Fauna%20de%20enorme%20diversidad\" target=\"_blank\" rel=\"noopener\">Fauna de enorme diversidad\u00a0<\/a><\/li>\n<li><a href=\"https:\/\/www.juntadeandalucia.es\/educacion\/portals\/delegate\/content\/59c26e7a-5222-431a-97b8-a92e9fc0d289\/Espacios%20litorales%20protegidos\" target=\"_blank\" rel=\"noopener\">Espacios litorales protegidos\u00a0<\/a><\/li>\n<li><a href=\"https:\/\/www.juntadeandalucia.es\/educacion\/portals\/delegate\/content\/d64c39bc-5dbf-4143-9fe8-7111c3212cd1\/Problemas%20ambientales%20del%20litoral\" target=\"_blank\" rel=\"noopener\">Problemas ambientales del litoral\u00a0<\/a><\/li>\n<li><a href=\"https:\/\/www.juntadeandalucia.es\/educacion\/portals\/delegate\/content\/c09960d5-c0e2-472f-9393-97a55e2585f0\/El%20cambio%20clim%C3%A1tico%20y%20el%20litoral\" target=\"_blank\" rel=\"noopener\">El cambio clim\u00e1tico y el litoral\u00a0<\/a><\/li>\n<\/ul>\n<\/li>\n<li><a href=\"https:\/\/www.juntadeandalucia.es\/educacion\/portals\/delegate\/content\/873ac72f-7309-4247-878e-ea222df8e254\/Acciones%20para%20la%20conservaci%C3%B3n\" target=\"_blank\" rel=\"noopener\">Acciones para la conservaci\u00f3n<\/a><\/li>\n<li><a href=\"https:\/\/www.juntadeandalucia.es\/educacion\/eaprendizaje\/gestion-valor-agua\/\">Gesti\u00f3n y valor del agua. Recursos y experiencias en centros docentes.<\/a><\/li>\n<\/ul>\n<p>[\/et_pb_toggle][et_pb_toggle title=\u00bbED. PRIMARIA\u00bb open_toggle_text_color=\u00bb#2aa3c1&#8243; admin_label=\u00bbED. PRIMARIA\u00bb _builder_version=\u00bb4.27.4&#8243; title_text_color=\u00bb#2aa3c1&#8243; z_index=\u00bb307&#8243; custom_margin=\u00bb||0px|\u00bb z_index_tablet=\u00bb500&#8243; title_text_shadow_horizontal_length_tablet=\u00bb0px\u00bb title_text_shadow_vertical_length_tablet=\u00bb0px\u00bb title_text_shadow_blur_strength_tablet=\u00bb1px\u00bb closed_title_text_shadow_horizontal_length_tablet=\u00bb0px\u00bb closed_title_text_shadow_vertical_length_tablet=\u00bb0px\u00bb closed_title_text_shadow_blur_strength_tablet=\u00bb1px\u00bb body_text_shadow_horizontal_length_tablet=\u00bb0px\u00bb body_text_shadow_vertical_length_tablet=\u00bb0px\u00bb body_text_shadow_blur_strength_tablet=\u00bb1px\u00bb body_link_text_shadow_horizontal_length_tablet=\u00bb0px\u00bb body_link_text_shadow_vertical_length_tablet=\u00bb0px\u00bb body_link_text_shadow_blur_strength_tablet=\u00bb1px\u00bb body_ul_text_shadow_horizontal_length_tablet=\u00bb0px\u00bb body_ul_text_shadow_vertical_length_tablet=\u00bb0px\u00bb body_ul_text_shadow_blur_strength_tablet=\u00bb1px\u00bb body_ol_text_shadow_horizontal_length_tablet=\u00bb0px\u00bb body_ol_text_shadow_vertical_length_tablet=\u00bb0px\u00bb body_ol_text_shadow_blur_strength_tablet=\u00bb1px\u00bb body_quote_text_shadow_horizontal_length_tablet=\u00bb0px\u00bb body_quote_text_shadow_vertical_length_tablet=\u00bb0px\u00bb body_quote_text_shadow_blur_strength_tablet=\u00bb1px\u00bb box_shadow_horizontal_tablet=\u00bb0px\u00bb box_shadow_vertical_tablet=\u00bb0px\u00bb box_shadow_blur_tablet=\u00bb40px\u00bb box_shadow_spread_tablet=\u00bb0px\u00bb text_shadow_horizontal_length_tablet=\u00bb0px\u00bb text_shadow_vertical_length_tablet=\u00bb0px\u00bb text_shadow_blur_strength_tablet=\u00bb1px\u00bb global_colors_info=\u00bb{}\u00bb]<\/p>\n<ul type=\"disc\">\n<li>\n<p><a href=\"https:\/\/descargas.intef.es\/cedec\/proyectoedia\/biologia_geologia\/contenidos\/investigando_la_atmosfera\/index.html\" target=\"_blank\" rel=\"noopener\">Investigando la atm\u00f3sfera (ODE.Situaci\u00f3n de aprendizaje)<\/a><\/p>\n<\/li>\n<\/ul>\n<p>&nbsp;<\/p>\n<p>[\/et_pb_toggle][et_pb_toggle title=\u00bbED. SECUNDARIA\u00bb open_toggle_text_color=\u00bb#2aa3c1&#8243; admin_label=\u00bbED. SECUNDARIA\u00bb _builder_version=\u00bb4.27.4&#8243; title_text_color=\u00bb#2aa3c1&#8243; z_index=\u00bb307&#8243; custom_margin=\u00bb||0px|\u00bb z_index_tablet=\u00bb500&#8243; title_text_shadow_horizontal_length_tablet=\u00bb0px\u00bb title_text_shadow_vertical_length_tablet=\u00bb0px\u00bb title_text_shadow_blur_strength_tablet=\u00bb1px\u00bb closed_title_text_shadow_horizontal_length_tablet=\u00bb0px\u00bb closed_title_text_shadow_vertical_length_tablet=\u00bb0px\u00bb closed_title_text_shadow_blur_strength_tablet=\u00bb1px\u00bb body_text_shadow_horizontal_length_tablet=\u00bb0px\u00bb body_text_shadow_vertical_length_tablet=\u00bb0px\u00bb body_text_shadow_blur_strength_tablet=\u00bb1px\u00bb body_link_text_shadow_horizontal_length_tablet=\u00bb0px\u00bb body_link_text_shadow_vertical_length_tablet=\u00bb0px\u00bb body_link_text_shadow_blur_strength_tablet=\u00bb1px\u00bb body_ul_text_shadow_horizontal_length_tablet=\u00bb0px\u00bb body_ul_text_shadow_vertical_length_tablet=\u00bb0px\u00bb body_ul_text_shadow_blur_strength_tablet=\u00bb1px\u00bb body_ol_text_shadow_horizontal_length_tablet=\u00bb0px\u00bb body_ol_text_shadow_vertical_length_tablet=\u00bb0px\u00bb body_ol_text_shadow_blur_strength_tablet=\u00bb1px\u00bb body_quote_text_shadow_horizontal_length_tablet=\u00bb0px\u00bb body_quote_text_shadow_vertical_length_tablet=\u00bb0px\u00bb body_quote_text_shadow_blur_strength_tablet=\u00bb1px\u00bb box_shadow_horizontal_tablet=\u00bb0px\u00bb box_shadow_vertical_tablet=\u00bb0px\u00bb box_shadow_blur_tablet=\u00bb40px\u00bb box_shadow_spread_tablet=\u00bb0px\u00bb text_shadow_horizontal_length_tablet=\u00bb0px\u00bb text_shadow_vertical_length_tablet=\u00bb0px\u00bb text_shadow_blur_strength_tablet=\u00bb1px\u00bb global_colors_info=\u00bb{}\u00bb]<\/p>\n<ul type=\"disc\">\n<li>\n<p><a href=\"https:\/\/descargas.intef.es\/cedec\/proyectoedia\/biologia_geologia\/contenidos\/investigando_la_hidrosfera\/el_agua_en_continuo_movimiento.html\" target=\"_blank\" rel=\"noopener\">Serie Investigando. Investigando la hidrosfera. (ODE. Situaci\u00f3n de aprendizaje.ESO)<\/a><\/p>\n<\/li>\n<\/ul>\n<p>&nbsp;<\/p>\n<p>[\/et_pb_toggle][\/et_pb_column][et_pb_column type=\u00bb1_4&#8243; module_class=\u00bbrec_verde rec_didacticos_list\u00bb _builder_version=\u00bb4.16&#8243; custom_padding=\u00bb|||\u00bb global_colors_info=\u00bb{}\u00bb custom_padding__hover=\u00bb|||\u00bb][et_pb_text admin_label=\u00bbBIODIVERSIDAD Y CONSERVACI\u00d3N\u00bb _builder_version=\u00bb4.27.4&#8243; text_font_size=\u00bb10px\u00bb header_font_size=\u00bb18px\u00bb custom_margin=\u00bb||10px||false|false\u00bb custom_padding=\u00bb||10px||false|false\u00bb z_index_tablet=\u00bb500&#8243; text_text_shadow_horizontal_length_tablet=\u00bb0px\u00bb text_text_shadow_vertical_length_tablet=\u00bb0px\u00bb text_text_shadow_blur_strength_tablet=\u00bb1px\u00bb link_text_shadow_horizontal_length_tablet=\u00bb0px\u00bb link_text_shadow_vertical_length_tablet=\u00bb0px\u00bb link_text_shadow_blur_strength_tablet=\u00bb1px\u00bb ul_text_shadow_horizontal_length_tablet=\u00bb0px\u00bb ul_text_shadow_vertical_length_tablet=\u00bb0px\u00bb ul_text_shadow_blur_strength_tablet=\u00bb1px\u00bb ol_text_shadow_horizontal_length_tablet=\u00bb0px\u00bb ol_text_shadow_vertical_length_tablet=\u00bb0px\u00bb ol_text_shadow_blur_strength_tablet=\u00bb1px\u00bb quote_text_shadow_horizontal_length_tablet=\u00bb0px\u00bb quote_text_shadow_vertical_length_tablet=\u00bb0px\u00bb quote_text_shadow_blur_strength_tablet=\u00bb1px\u00bb header_text_shadow_horizontal_length_tablet=\u00bb0px\u00bb header_text_shadow_vertical_length_tablet=\u00bb0px\u00bb header_text_shadow_blur_strength_tablet=\u00bb1px\u00bb header_2_text_shadow_horizontal_length_tablet=\u00bb0px\u00bb header_2_text_shadow_vertical_length_tablet=\u00bb0px\u00bb header_2_text_shadow_blur_strength_tablet=\u00bb1px\u00bb header_3_text_shadow_horizontal_length_tablet=\u00bb0px\u00bb header_3_text_shadow_vertical_length_tablet=\u00bb0px\u00bb header_3_text_shadow_blur_strength_tablet=\u00bb1px\u00bb header_4_text_shadow_horizontal_length_tablet=\u00bb0px\u00bb header_4_text_shadow_vertical_length_tablet=\u00bb0px\u00bb header_4_text_shadow_blur_strength_tablet=\u00bb1px\u00bb header_5_text_shadow_horizontal_length_tablet=\u00bb0px\u00bb header_5_text_shadow_vertical_length_tablet=\u00bb0px\u00bb header_5_text_shadow_blur_strength_tablet=\u00bb1px\u00bb header_6_text_shadow_horizontal_length_tablet=\u00bb0px\u00bb header_6_text_shadow_vertical_length_tablet=\u00bb0px\u00bb header_6_text_shadow_blur_strength_tablet=\u00bb1px\u00bb box_shadow_horizontal_tablet=\u00bb0px\u00bb box_shadow_vertical_tablet=\u00bb0px\u00bb box_shadow_blur_tablet=\u00bb40px\u00bb box_shadow_spread_tablet=\u00bb0px\u00bb global_colors_info=\u00bb{}\u00bb]<\/p>\n<h2 style=\"text-align: center;\"><img loading=\"lazy\" decoding=\"async\" class=\"wp-image-10191 alignnone \" src=\"https:\/\/www.juntadeandalucia.es/educacion/eaprendizaje\/wp-content\/uploads\/2026\/01\/Imagen-biodiversidad-y-conservacion.png\" alt=\"\" width=\"300\" height=\"300\" \/><\/h2>\n<h2 style=\"text-align: center;\"><strong>BIODIVERSIDAD Y CONSERVACI\u00d3N<\/strong><\/h2>\n<p>[\/et_pb_text][et_pb_toggle title=\u00bbINTERNIVELAR\u00bb open_toggle_text_color=\u00bb#2aa3c1&#8243; admin_label=\u00bbINTERNIVELAR\u00bb _builder_version=\u00bb4.27.4&#8243; title_text_color=\u00bb#2aa3c1&#8243; z_index=\u00bb307&#8243; custom_margin=\u00bb||0px|\u00bb z_index_tablet=\u00bb500&#8243; title_text_shadow_horizontal_length_tablet=\u00bb0px\u00bb title_text_shadow_vertical_length_tablet=\u00bb0px\u00bb title_text_shadow_blur_strength_tablet=\u00bb1px\u00bb closed_title_text_shadow_horizontal_length_tablet=\u00bb0px\u00bb closed_title_text_shadow_vertical_length_tablet=\u00bb0px\u00bb closed_title_text_shadow_blur_strength_tablet=\u00bb1px\u00bb body_text_shadow_horizontal_length_tablet=\u00bb0px\u00bb body_text_shadow_vertical_length_tablet=\u00bb0px\u00bb body_text_shadow_blur_strength_tablet=\u00bb1px\u00bb body_link_text_shadow_horizontal_length_tablet=\u00bb0px\u00bb body_link_text_shadow_vertical_length_tablet=\u00bb0px\u00bb body_link_text_shadow_blur_strength_tablet=\u00bb1px\u00bb body_ul_text_shadow_horizontal_length_tablet=\u00bb0px\u00bb body_ul_text_shadow_vertical_length_tablet=\u00bb0px\u00bb body_ul_text_shadow_blur_strength_tablet=\u00bb1px\u00bb body_ol_text_shadow_horizontal_length_tablet=\u00bb0px\u00bb body_ol_text_shadow_vertical_length_tablet=\u00bb0px\u00bb body_ol_text_shadow_blur_strength_tablet=\u00bb1px\u00bb body_quote_text_shadow_horizontal_length_tablet=\u00bb0px\u00bb body_quote_text_shadow_vertical_length_tablet=\u00bb0px\u00bb body_quote_text_shadow_blur_strength_tablet=\u00bb1px\u00bb box_shadow_horizontal_tablet=\u00bb0px\u00bb box_shadow_vertical_tablet=\u00bb0px\u00bb box_shadow_blur_tablet=\u00bb40px\u00bb box_shadow_spread_tablet=\u00bb0px\u00bb text_shadow_horizontal_length_tablet=\u00bb0px\u00bb text_shadow_vertical_length_tablet=\u00bb0px\u00bb text_shadow_blur_strength_tablet=\u00bb1px\u00bb global_colors_info=\u00bb{}\u00bb]<\/p>\n<ul type=\"disc\">\n<li><a href=\"https:\/\/www.juntadeandalucia.es\/medioambiente\/portal\/landing-page-publicacion\/-\/asset_publisher\/FytOUWH22K7t\/content\/cuaderno-de-campo-siente-el-bosque-2006--1\/20151?categoryVal=\">Siente el Bosque<\/a><\/li>\n<li><a href=\"https:\/\/www.juntadeandalucia.es\/medioambiente\/portal\/documents\/20151\/5395847\/gea_geodiversidad.pdf\/3a940cb8-d3f8-e103-5a86-90f0e9c46f0c?t=1620128820405\">Gu\u00eda did\u00e1ctica de educaci\u00f3n ambiental: \u201c6\/Educaci\u00f3n Ambiental y Conservaci\u00f3n de la Geodiversidad\u201d<\/a>\u00a0(pdf)<\/li>\n<\/ul>\n<ul type=\"disc\">\n<li><a href=\"https:\/\/www.juntadeandalucia.es\/medioambiente\/portal\/documents\/20151\/54650000\/Catalogo-recursos-didacticos-geoparque-subbeticas.pdf\/8914ec3e-9625-1fb9-ebb6-5f8de5818620?t=1713952743441\">Gu\u00eda de recursos y actividades did\u00e1cticas\u00a0 de las Sierras Subb\u00e9ticas (Parque Natural y Geoparque)<\/a>\u00a0(pdf)<\/li>\n<li><a href=\"https:\/\/www.juntadeandalucia.es\/medioambiente\/portal\/documents\/20151\/678598\/guia_didactica_ea_eenn.pdf\/30b0cf6c-d7ee-0652-f607-0b1ee8778c74?t=1580741431000\">Gu\u00eda did\u00e1ctica de educaci\u00f3n ambiental: \u201c6\/Educaci\u00f3n Ambiental y Espacios Naturales\u201d<\/a>\u00a0(pdf)<\/li>\n<li><a href=\"https:\/\/www.juntadeandalucia.es\/medioambiente\/portal\/documents\/20151\/5395847\/geam_personas_mayores.pdf\/68f63815-97d5-8cfa-7407-76a2bdea5d3c?t=1620200120767\">Gu\u00eda did\u00e1ctica de educaci\u00f3n ambiental: \u201c6\/Educaci\u00f3n Ambiental y Personas Mayores\u201d<\/a>\u00a0(pdf)<\/li>\n<li><a href=\"https:\/\/www.juntadeandalucia.es\/educacion\/eaprendizaje\/wp-content\/uploads\/2024\/06\/guia_practica_Restauracion_ecologica.pdf\">Gu\u00eda pr\u00e1ctica de Restauraci\u00f3n Ecol\u00f3gica<\/a>\u00a0(pdf)<\/li>\n<li><a href=\"https:\/\/www.juntadeandalucia.es\/medioambiente\/portal\/landing-page\/-\/asset_publisher\/4V1kD5gLiJkq\/content\/unidades-did-c3-a1cticas\/20151\">Centros de Recuperaci\u00f3n de Especies Amenazadas (CREAS<\/a>)<\/li>\n<li><a href=\"https:\/\/www.juntadeandalucia.es\/medioambiente\/portal\/landing-page\/-\/asset_publisher\/4V1kD5gLiJkq\/content\/pervivencia.-cuentos-de-fauna-amenazada\/20151\">Pervivencia. Cuentos de Fauna Amenazada.<\/a>\u00a0Educaci\u00f3n Infantil y Primaria (audio y pdf)<\/li>\n<li><a href=\"https:\/\/www.juntadeandalucia.es\/medioambiente\/portal\/areas-tematicas\/sensibilizacion-formacion\/sensibilizacion-educacion-para-la-sostenibilidad\/programas\/cuadernos-didacticos-aves\">Cuadernos did\u00e1cticos de aves (2021-2023<\/a>), (pdf)<\/li>\n<li><a href=\"https:\/\/www.juntadeandalucia.es\/medioambiente\/portal\/landing-page\/-\/asset_publisher\/4V1kD5gLiJkq\/content\/cuadernos-did-c3-a1cticos\/20151\">Cuadernos did\u00e1cticos de aves (2011-2019)\u00a0<\/a>(pdf)<\/li>\n<li><a href=\"https:\/\/www.juntadeandalucia.es\/medioambiente\/portal\/web\/guest\/landing-page-%C3%ADndice\/-\/asset_publisher\/zX2ouZa4r1Rf\/content\/fichas-did-c3-a1cticas-de-las-aves-en-los-espacios-naturales-protegidos-de-andaluc-c3-ada\/20151\">Fichas did\u00e1cticas de aves de los espacios naturales de las diferentes provincias de Andaluc\u00eda<\/a>\u00a0(archivos pdf)<\/li>\n<li><a href=\"https:\/\/www.juntadeandalucia.es\/medioambiente\/portal\/landing-page\/-\/asset_publisher\/4V1kD5gLiJkq\/content\/carteles-did-c3-a1cticos\/20151\">Carteles Did\u00e1cticos Educaves<\/a><\/li>\n<li><a href=\"https:\/\/www.juntadeandalucia.es\/medioambiente\/portal\/landing-page\/-\/asset_publisher\/4V1kD5gLiJkq\/content\/unidades-did-c3-a1cticas\/20151\">Unidades did\u00e1cticas sobre Aves<\/a><\/li>\n<li><a href=\"https:\/\/eur02.safelinks.protection.outlook.com\/?url=https%3A%2F%2Fseo.org%2Fguia-de-aves-de-espana%2F&amp;data=05%7C02%7Cvioleta.sanchez.moreno.edu%40juntadeandalucia.es%7Cc2d3cda08b6f4e8edf5c08dd608042f2%7C6f790c0b1f114877a4dff835ab8e7e1f%7C0%7C0%7C638772826180994711%7CUnknown%7CTWFpbGZsb3d8eyJFbXB0eU1hcGkiOnRydWUsIlYiOiIwLjAuMDAwMCIsIlAiOiJXaW4zMiIsIkFOIjoiTWFpbCIsIldUIjoyfQ%3D%3D%7C0%7C%7C%7C&amp;sdata=gTy0HV8drFFanPOUXkSwBAlT7F5xaW07O9pNw9ut%2BKg%3D&amp;reserved=0\">Gu\u00eda de aves de Espa\u00f1a<\/a>\u00a0(App; gu\u00eda digital)<\/li>\n<li><a href=\"https:\/\/eur02.safelinks.protection.outlook.com\/?url=https%3A%2F%2Fintef.es%2Frecursos-educativos%2Fexperiencias-educativas-inspiradoras%2Fdetalle-experiencias%2F%3Fid%3D40730&amp;data=05%7C02%7Cvioleta.sanchez.moreno.edu%40juntadeandalucia.es%7Cc2d3cda08b6f4e8edf5c08dd608042f2%7C6f790c0b1f114877a4dff835ab8e7e1f%7C0%7C0%7C638772826181017835%7CUnknown%7CTWFpbGZsb3d8eyJFbXB0eU1hcGkiOnRydWUsIlYiOiIwLjAuMDAwMCIsIlAiOiJXaW4zMiIsIkFOIjoiTWFpbCIsIldUIjoyfQ%3D%3D%7C0%7C%7C%7C&amp;sdata=AwHrnJ9u5f8hoFnHP3sO%2FaQEe2H%2BVN1Y2AZcGcedoB8%3D&amp;reserved=0\">Perales en todos los sentidos\u00a0<\/a>(Experiencia educativa)<\/li>\n<li><a href=\"https:\/\/goo.gl\/4el8U6\">Unidad did\u00e1ctica. Las plantas y las personas<\/a><\/li>\n<li><a href=\"https:\/\/www.juntadeandalucia.es\/medioambiente\/portal\/documents\/20151\/5395847\/incendio_cercano.pdf\/ab819a55-b947-0a5b-925b-5c77e1aaf7d4?t=1619688996715\">Un incendio cercano: recurso educativo<\/a><\/li>\n<li><a href=\"https:\/\/www.juntadeandalucia.es\/medioambiente\/portal\/web\/guest\/areas-tematicas\/incendios-forestales\/participacion-y-concienciacion-ciudadana-frente-a-incendios-forestales\">Prevenci\u00f3n de incendios y participaci\u00f3n social<\/a><\/li>\n<li><a href=\"https:\/\/goo.gl\/cZdPLE\">Unidad did\u00e1ctica. La alfombra de la Tierra<\/a><\/li>\n<li><a href=\"https:\/\/www.juntadeandalucia.es\/medioambiente\/portal\/landing-page-publicacion\/-\/asset_publisher\/FytOUWH22K7t\/content\/jardines-bot-c3-a1nicos-unidad-did-c3-a1ctica-t-c3-ba-la-llevas-2003--2\/20151?categoryVal=\">Unidad did\u00e1ctica. T\u00fa la llevas<\/a><\/li>\n<\/ul>\n<p>[\/et_pb_toggle][et_pb_toggle title=\u00bbED. INFANTIL Y ED. PRIMARIA\u00bb open_toggle_text_color=\u00bb#2aa3c1&#8243; admin_label=\u00bbED. INFANTIL\u00bb _builder_version=\u00bb4.27.4&#8243; title_text_color=\u00bb#2aa3c1&#8243; z_index=\u00bb307&#8243; custom_margin=\u00bb||0px|\u00bb z_index_tablet=\u00bb500&#8243; title_text_shadow_horizontal_length_tablet=\u00bb0px\u00bb title_text_shadow_vertical_length_tablet=\u00bb0px\u00bb title_text_shadow_blur_strength_tablet=\u00bb1px\u00bb closed_title_text_shadow_horizontal_length_tablet=\u00bb0px\u00bb closed_title_text_shadow_vertical_length_tablet=\u00bb0px\u00bb closed_title_text_shadow_blur_strength_tablet=\u00bb1px\u00bb body_text_shadow_horizontal_length_tablet=\u00bb0px\u00bb body_text_shadow_vertical_length_tablet=\u00bb0px\u00bb body_text_shadow_blur_strength_tablet=\u00bb1px\u00bb body_link_text_shadow_horizontal_length_tablet=\u00bb0px\u00bb body_link_text_shadow_vertical_length_tablet=\u00bb0px\u00bb body_link_text_shadow_blur_strength_tablet=\u00bb1px\u00bb body_ul_text_shadow_horizontal_length_tablet=\u00bb0px\u00bb body_ul_text_shadow_vertical_length_tablet=\u00bb0px\u00bb body_ul_text_shadow_blur_strength_tablet=\u00bb1px\u00bb body_ol_text_shadow_horizontal_length_tablet=\u00bb0px\u00bb body_ol_text_shadow_vertical_length_tablet=\u00bb0px\u00bb body_ol_text_shadow_blur_strength_tablet=\u00bb1px\u00bb body_quote_text_shadow_horizontal_length_tablet=\u00bb0px\u00bb body_quote_text_shadow_vertical_length_tablet=\u00bb0px\u00bb body_quote_text_shadow_blur_strength_tablet=\u00bb1px\u00bb box_shadow_horizontal_tablet=\u00bb0px\u00bb box_shadow_vertical_tablet=\u00bb0px\u00bb box_shadow_blur_tablet=\u00bb40px\u00bb box_shadow_spread_tablet=\u00bb0px\u00bb text_shadow_horizontal_length_tablet=\u00bb0px\u00bb text_shadow_vertical_length_tablet=\u00bb0px\u00bb text_shadow_blur_strength_tablet=\u00bb1px\u00bb global_colors_info=\u00bb{}\u00bb]<\/p>\n<ul type=\"disc\">\n<li>Educaci\u00f3n Infantil:\n<ul type=\"disc\">\n<li><a href=\"https:\/\/eur02.safelinks.protection.outlook.com\/?url=https%3A%2F%2Fintef.es%2Frecursos-educativos%2Fexperiencias-educativas-inspiradoras%2Fdetalle-experiencias%2F%3Fid%3D20350&amp;data=05%7C02%7Cvioleta.sanchez.moreno.edu%40juntadeandalucia.es%7Cc2d3cda08b6f4e8edf5c08dd608042f2%7C6f790c0b1f114877a4dff835ab8e7e1f%7C0%7C0%7C638772826181030883%7CUnknown%7CTWFpbGZsb3d8eyJFbXB0eU1hcGkiOnRydWUsIlYiOiIwLjAuMDAwMCIsIlAiOiJXaW4zMiIsIkFOIjoiTWFpbCIsIldUIjoyfQ%3D%3D%7C0%7C%7C%7C&amp;sdata=z65leLf7ShuUzrzVn6mRIwU6sOeq5ajk72nlujayTvA%3D&amp;reserved=0\">Guardian@s del planeta Tierra (Experiencia educativa)<\/a><\/li>\n<li><a href=\"https:\/\/eur02.safelinks.protection.outlook.com\/?url=https%3A%2F%2Fintef.es%2Frecursos-educativos%2Fexperiencias-educativas-inspiradoras%2Fdetalle-experiencias%2F%3Fid%3D16693&amp;data=05%7C02%7Cvioleta.sanchez.moreno.edu%40juntadeandalucia.es%7Cc2d3cda08b6f4e8edf5c08dd608042f2%7C6f790c0b1f114877a4dff835ab8e7e1f%7C0%7C0%7C638772826181043604%7CUnknown%7CTWFpbGZsb3d8eyJFbXB0eU1hcGkiOnRydWUsIlYiOiIwLjAuMDAwMCIsIlAiOiJXaW4zMiIsIkFOIjoiTWFpbCIsIldUIjoyfQ%3D%3D%7C0%7C%7C%7C&amp;sdata=bXbb7LuE%2F8enwp2pQfpq38AbBpamFrL3COTlGDXHEE4%3D&amp;reserved=0\">Mapamundi interactivo de animales (Experiencia educativa)<\/a><\/li>\n<\/ul>\n<\/li>\n<li>Educaci\u00f3n Primaria:\n<ul type=\"disc\">\n<li><a href=\"https:\/\/eur02.safelinks.protection.outlook.com\/?url=https%3A%2F%2Fdescargas.intef.es%2Fcedec%2Fproyectoedia%2Freaprimariaciencias%2Fcontenidos%2Fplantas%2F_gua_didctica_.html&amp;data=05%7C02%7Cvioleta.sanchez.moreno.edu%40juntadeandalucia.es%7Cc2d3cda08b6f4e8edf5c08dd608042f2%7C6f790c0b1f114877a4dff835ab8e7e1f%7C0%7C0%7C638772826181069296%7CUnknown%7CTWFpbGZsb3d8eyJFbXB0eU1hcGkiOnRydWUsIlYiOiIwLjAuMDAwMCIsIlAiOiJXaW4zMiIsIkFOIjoiTWFpbCIsIldUIjoyfQ%3D%3D%7C0%7C%7C%7C&amp;sdata=abAYsg5PMXSQbAmw%2Fed0alTGXim88KgMeKryKV2RfLc%3D&amp;reserved=0\">Plantas (Situaci\u00f3n de aprendizaje. 4 EP)<\/a><\/li>\n<li><a href=\"https:\/\/eur02.safelinks.protection.outlook.com\/?url=https%3A%2F%2Fdescargas.intef.es%2Fcedec%2Fproyectoedia%2Faicle%2Fcontenidos%2Fwhydowelivehere%2Findex.html&amp;data=05%7C02%7Cvioleta.sanchez.moreno.edu%40juntadeandalucia.es%7Cc2d3cda08b6f4e8edf5c08dd608042f2%7C6f790c0b1f114877a4dff835ab8e7e1f%7C0%7C0%7C638772826181082316%7CUnknown%7CTWFpbGZsb3d8eyJFbXB0eU1hcGkiOnRydWUsIlYiOiIwLjAuMDAwMCIsIlAiOiJXaW4zMiIsIkFOIjoiTWFpbCIsIldUIjoyfQ%3D%3D%7C0%7C%7C%7C&amp;sdata=WRypwBWjddKwLKQ6ka3E8JfaUSHi3THHIzm5uHRRUqI%3D&amp;reserved=0\">Why do we live here? (ODE. Situaci\u00f3n de Aprendizaje)<\/a><\/li>\n<li><a href=\"https:\/\/edea.juntadeandalucia.es\/bancorecursos\/file\/e8b0bf01-e9f6-48a7-9824-933bfc9dd0ee\/1\/ROB_5PRI_REA_06_v01.zip\/index.html\">Situaci\u00f3n de Aprendizaje \u201cSomos Inteligentes\u201d (REA; Primaria; IA, rocas y minerales)<\/a><\/li>\n<li><a href=\"https:\/\/eur02.safelinks.protection.outlook.com\/?url=https%3A%2F%2Fintef.es%2Frecursos-educativos%2Fexperiencias-educativas-inspiradoras%2Fdetalle-experiencias%2F%3Fid%3D41432&amp;data=05%7C02%7Cvioleta.sanchez.moreno.edu%40juntadeandalucia.es%7Cc2d3cda08b6f4e8edf5c08dd608042f2%7C6f790c0b1f114877a4dff835ab8e7e1f%7C0%7C0%7C638772826181094510%7CUnknown%7CTWFpbGZsb3d8eyJFbXB0eU1hcGkiOnRydWUsIlYiOiIwLjAuMDAwMCIsIlAiOiJXaW4zMiIsIkFOIjoiTWFpbCIsIldUIjoyfQ%3D%3D%7C0%7C%7C%7C&amp;sdata=VdEdWX2tMBIlIZV4b8W56nNZEXMm7LR%2BNv9Yd2k7hik%3D&amp;reserved=0\">\u00abPlantas: Jack and his beanstalk in the LAB\u00bb (Experiencia educativa : Primaria)<\/a><\/li>\n<li><a href=\"https:\/\/eur02.safelinks.protection.outlook.com\/?url=https%3A%2F%2Fintef.es%2Frecursos-educativos%2Fexperiencias-educativas-inspiradoras%2Fdetalle-experiencias%2F%3Fid%3D24865&amp;data=05%7C02%7Cvioleta.sanchez.moreno.edu%40juntadeandalucia.es%7Cc2d3cda08b6f4e8edf5c08dd608042f2%7C6f790c0b1f114877a4dff835ab8e7e1f%7C0%7C0%7C638772826181107136%7CUnknown%7CTWFpbGZsb3d8eyJFbXB0eU1hcGkiOnRydWUsIlYiOiIwLjAuMDAwMCIsIlAiOiJXaW4zMiIsIkFOIjoiTWFpbCIsIldUIjoyfQ%3D%3D%7C0%7C%7C%7C&amp;sdata=J9zMjhJxO41uT%2Fy0Z%2BvvJKvcX5sTxACxnNG3fFHiJGE%3D&amp;reserved=0\">Harry Potter y las semillas del futuro (Experiencia educativa)<\/a><\/li>\n<li><a href=\"https:\/\/eur02.safelinks.protection.outlook.com\/?url=https%3A%2F%2Fintef.es%2Frecursos-educativos%2Fexperiencias-educativas-inspiradoras%2Fdetalle-experiencias%2F%3Fid%3D22220&amp;data=05%7C02%7Cvioleta.sanchez.moreno.edu%40juntadeandalucia.es%7Cc2d3cda08b6f4e8edf5c08dd608042f2%7C6f790c0b1f114877a4dff835ab8e7e1f%7C0%7C0%7C638772826181119397%7CUnknown%7CTWFpbGZsb3d8eyJFbXB0eU1hcGkiOnRydWUsIlYiOiIwLjAuMDAwMCIsIlAiOiJXaW4zMiIsIkFOIjoiTWFpbCIsIldUIjoyfQ%3D%3D%7C0%7C%7C%7C&amp;sdata=rArQ8XBanGXBSfEUCkwuzkBIdQMfEgXBDAv1csoUMJE%3D&amp;reserved=0\">La hoz de Mar\u00edn (Experiencia educativa)<\/a><\/li>\n<\/ul>\n<\/li>\n<\/ul>\n<p>[\/et_pb_toggle][et_pb_toggle title=\u00bbE.S.O. Y BACHILLERATO\u00bb open_toggle_text_color=\u00bb#2aa3c1&#8243; admin_label=\u00bbE.S.O. Y BACHILLERATO\u00bb _builder_version=\u00bb4.27.4&#8243; title_text_color=\u00bb#2aa3c1&#8243; z_index=\u00bb307&#8243; custom_margin=\u00bb||0px|\u00bb z_index_tablet=\u00bb500&#8243; title_text_shadow_horizontal_length_tablet=\u00bb0px\u00bb title_text_shadow_vertical_length_tablet=\u00bb0px\u00bb title_text_shadow_blur_strength_tablet=\u00bb1px\u00bb closed_title_text_shadow_horizontal_length_tablet=\u00bb0px\u00bb closed_title_text_shadow_vertical_length_tablet=\u00bb0px\u00bb closed_title_text_shadow_blur_strength_tablet=\u00bb1px\u00bb body_text_shadow_horizontal_length_tablet=\u00bb0px\u00bb body_text_shadow_vertical_length_tablet=\u00bb0px\u00bb body_text_shadow_blur_strength_tablet=\u00bb1px\u00bb body_link_text_shadow_horizontal_length_tablet=\u00bb0px\u00bb body_link_text_shadow_vertical_length_tablet=\u00bb0px\u00bb body_link_text_shadow_blur_strength_tablet=\u00bb1px\u00bb body_ul_text_shadow_horizontal_length_tablet=\u00bb0px\u00bb body_ul_text_shadow_vertical_length_tablet=\u00bb0px\u00bb body_ul_text_shadow_blur_strength_tablet=\u00bb1px\u00bb body_ol_text_shadow_horizontal_length_tablet=\u00bb0px\u00bb body_ol_text_shadow_vertical_length_tablet=\u00bb0px\u00bb body_ol_text_shadow_blur_strength_tablet=\u00bb1px\u00bb body_quote_text_shadow_horizontal_length_tablet=\u00bb0px\u00bb body_quote_text_shadow_vertical_length_tablet=\u00bb0px\u00bb body_quote_text_shadow_blur_strength_tablet=\u00bb1px\u00bb box_shadow_horizontal_tablet=\u00bb0px\u00bb box_shadow_vertical_tablet=\u00bb0px\u00bb box_shadow_blur_tablet=\u00bb40px\u00bb box_shadow_spread_tablet=\u00bb0px\u00bb text_shadow_horizontal_length_tablet=\u00bb0px\u00bb text_shadow_vertical_length_tablet=\u00bb0px\u00bb text_shadow_blur_strength_tablet=\u00bb1px\u00bb global_colors_info=\u00bb{}\u00bb]<\/p>\n<ul type=\"disc\">\n<li>Recursos E.S.O.:\n<ul type=\"disc\">\n<li><a href=\"https:\/\/eur02.safelinks.protection.outlook.com\/?url=https%3A%2F%2Fdescargas.intef.es%2Fcedec%2Fproyectoedia%2Fbiologia_geologia%2Fcontenidos%2Finvestigando_clasificacion%2Findex.html&amp;data=05%7C02%7Cvioleta.sanchez.moreno.edu%40juntadeandalucia.es%7Cc2d3cda08b6f4e8edf5c08dd608042f2%7C6f790c0b1f114877a4dff835ab8e7e1f%7C0%7C0%7C638772826181133647%7CUnknown%7CTWFpbGZsb3d8eyJFbXB0eU1hcGkiOnRydWUsIlYiOiIwLjAuMDAwMCIsIlAiOiJXaW4zMiIsIkFOIjoiTWFpbCIsIldUIjoyfQ%3D%3D%7C0%7C%7C%7C&amp;sdata=rxduuoN%2FAIX3wbkMFNr3HNFV0s4pJt%2BG7kQvj2Scfug%3D&amp;reserved=0\">Serie Investigando. Investigando la clasificaci\u00f3n de los seres vivos. (ODE. Situaci\u00f3n de aprendizaje)<\/a><\/li>\n<li><a href=\"https:\/\/eur02.safelinks.protection.outlook.com\/?url=https%3A%2F%2Fdescargas.intef.es%2Fcedec%2Fproyectoedia%2Fbiologia_geologia%2Fcontenidos%2Finvestigando_la_biodiversidad%2Findex.html&amp;data=05%7C02%7Cvioleta.sanchez.moreno.edu%40juntadeandalucia.es%7Cc2d3cda08b6f4e8edf5c08dd608042f2%7C6f790c0b1f114877a4dff835ab8e7e1f%7C0%7C0%7C638772826181147664%7CUnknown%7CTWFpbGZsb3d8eyJFbXB0eU1hcGkiOnRydWUsIlYiOiIwLjAuMDAwMCIsIlAiOiJXaW4zMiIsIkFOIjoiTWFpbCIsIldUIjoyfQ%3D%3D%7C0%7C%7C%7C&amp;sdata=SN2L%2FTof7HnrvhFfeJTstGmCV3pTKnu5rkaNpRtDrXE%3D&amp;reserved=0\">Serie Investigando. Investigando la biodiversidad. (ODE. Situaci\u00f3n de aprendizaje)<\/a><\/li>\n<li><a href=\"https:\/\/eur02.safelinks.protection.outlook.com\/?url=https%3A%2F%2Fdescargas.intef.es%2Fcedec%2Fproyectoedia%2Fbiologia_geologia%2Fcontenidos%2Finvestigando_los_ecosistemas%2Findex.html&amp;data=05%7C02%7Cvioleta.sanchez.moreno.edu%40juntadeandalucia.es%7Cc2d3cda08b6f4e8edf5c08dd608042f2%7C6f790c0b1f114877a4dff835ab8e7e1f%7C0%7C0%7C638772826181159977%7CUnknown%7CTWFpbGZsb3d8eyJFbXB0eU1hcGkiOnRydWUsIlYiOiIwLjAuMDAwMCIsIlAiOiJXaW4zMiIsIkFOIjoiTWFpbCIsIldUIjoyfQ%3D%3D%7C0%7C%7C%7C&amp;sdata=p5HQvQdNa79RdPZRkdwiCAN%2B6rXsNsZypOiQwn4scFM%3D&amp;reserved=0\">Serie Investigando. Investigando los ecosistemas y la sostenibilidad. (ODE. Situaci\u00f3n de aprendizaje.ESO)<\/a><\/li>\n<li><a href=\"https:\/\/eur02.safelinks.protection.outlook.com\/?url=https%3A%2F%2Fdescargas.intef.es%2Fcedec%2Fproyectoedia%2Fbiologia_geologia%2Fcontenidos%2Finvestigando_geodiversidad%2Findex.html&amp;data=05%7C02%7Cvioleta.sanchez.moreno.edu%40juntadeandalucia.es%7Cc2d3cda08b6f4e8edf5c08dd608042f2%7C6f790c0b1f114877a4dff835ab8e7e1f%7C0%7C0%7C638772826181171816%7CUnknown%7CTWFpbGZsb3d8eyJFbXB0eU1hcGkiOnRydWUsIlYiOiIwLjAuMDAwMCIsIlAiOiJXaW4zMiIsIkFOIjoiTWFpbCIsIldUIjoyfQ%3D%3D%7C0%7C%7C%7C&amp;sdata=8IyWGIcB5YDVz6AlRTNTdzKFzulZhWSHea0GWRdHWus%3D&amp;reserved=0\">Serie Investigando. Investigando la geodiversidad. (ODE. Situaci\u00f3n de aprendizaje)<\/a><\/li>\n<li><a href=\"https:\/\/eur02.safelinks.protection.outlook.com\/?url=https%3A%2F%2Fintef.es%2Frecursos-educativos%2Fexperiencias-educativas-inspiradoras%2Fdetalle-experiencias%2F%3Fid%3D33896&amp;data=05%7C02%7Cvioleta.sanchez.moreno.edu%40juntadeandalucia.es%7Cc2d3cda08b6f4e8edf5c08dd608042f2%7C6f790c0b1f114877a4dff835ab8e7e1f%7C0%7C0%7C638772826181183384%7CUnknown%7CTWFpbGZsb3d8eyJFbXB0eU1hcGkiOnRydWUsIlYiOiIwLjAuMDAwMCIsIlAiOiJXaW4zMiIsIkFOIjoiTWFpbCIsIldUIjoyfQ%3D%3D%7C0%7C%7C%7C&amp;sdata=rDdiFcbcOcbofS%2FmKRQeo0wAUt8xlIqgryQcyFLD6YE%3D&amp;reserved=0\">SOS-ODS (Experiencia educativa)<\/a><\/li>\n<li><a href=\"https:\/\/eur02.safelinks.protection.outlook.com\/?url=https%3A%2F%2Fintef.es%2Frecursos-educativos%2Fexperiencias-educativas-inspiradoras%2Fdetalle-experiencias%2F%3Fid%3D33420&amp;data=05%7C02%7Cvioleta.sanchez.moreno.edu%40juntadeandalucia.es%7Cc2d3cda08b6f4e8edf5c08dd608042f2%7C6f790c0b1f114877a4dff835ab8e7e1f%7C0%7C0%7C638772826181195001%7CUnknown%7CTWFpbGZsb3d8eyJFbXB0eU1hcGkiOnRydWUsIlYiOiIwLjAuMDAwMCIsIlAiOiJXaW4zMiIsIkFOIjoiTWFpbCIsIldUIjoyfQ%3D%3D%7C0%7C%7C%7C&amp;sdata=yPtQucaEsrIAEyAPNNbPl%2Ft4P3PIBG%2BvaZepfhDr6EM%3D&amp;reserved=0\">Tecrror (Experiencia educativa)<\/a><\/li>\n<li><a href=\"https:\/\/intef.es\/Noticias\/experiencia-educativa-inspiradora-viajers-del-tiempo\/\">Viajer@s del tiempo\u201d (Experiencia educativa;4 ESO)<\/a><\/li>\n<li><a href=\"https:\/\/eur02.safelinks.protection.outlook.com\/?url=https%3A%2F%2Fintef.es%2Frecursos-educativos%2Fexperiencias-educativas-inspiradoras%2Fdetalle-experiencias%2F%3Fid%3D18100&amp;data=05%7C02%7Cvioleta.sanchez.moreno.edu%40juntadeandalucia.es%7Cc2d3cda08b6f4e8edf5c08dd608042f2%7C6f790c0b1f114877a4dff835ab8e7e1f%7C0%7C0%7C638772826181206539%7CUnknown%7CTWFpbGZsb3d8eyJFbXB0eU1hcGkiOnRydWUsIlYiOiIwLjAuMDAwMCIsIlAiOiJXaW4zMiIsIkFOIjoiTWFpbCIsIldUIjoyfQ%3D%3D%7C0%7C%7C%7C&amp;sdata=VpbbTk5d3i1xmscFl9bIEssFnxiVZ1i8uAZKI7bcwNA%3D&amp;reserved=0\">\u201cProyecto Destripafilms\u201d (Experiencia educativa; 4 ESO)<\/a><\/li>\n<\/ul>\n<\/li>\n<li>Recursos Bachillerato:\n<ul type=\"disc\">\n<li><a href=\"https:\/\/edea.juntadeandalucia.es\/bancorecursos\/items\/d1a9cbf2-d7b6-462a-868e-77992298871c\/1\/?attachment.uuid=6da2b909-3dfd-4b4f-9d5f-3a4872e35bc7\">BG1-Tema 1.4: La composici\u00f3n de los materiales terrestres: Los minerales y las rocas<\/a><\/li>\n<li><a href=\"https:\/\/edea.juntadeandalucia.es\/bancorecursos\/items\/107d43f6-e005-41f4-af42-0fdabff2f983\/1\/?attachment.uuid=42a937c4-36c3-4a96-aec6-94c4ed74a3b1\">GL2 \u2013 U3.T3: Las rocas II. Las deformaciones: Metamorfismo (ODE)<\/a><\/li>\n<li><a href=\"https:\/\/edea.juntadeandalucia.es\/bancorecursos\/items\/552f3ca5-f395-4d07-a209-8835d443a241\/1\/viewscorm.jsp?.vi=file\">GL2-U4.T1: El relieve la superficie terrestre.Sistemas microclim\u00e1ticos I: aguas superficiales y subterr\u00e1neas<\/a>\u00a0(ODE)<\/li>\n<li><a href=\"https:\/\/edea.juntadeandalucia.es\/bancorecursos\/items\/9d2765d4-0aa9-4d17-bd36-2f334f97a531\/1\/viewscorm.jsp?.vi=file\">GL2-U4.T2: El relieve la superficie terrestre.Sistemas microclim\u00e1ticos II: modelado glaciar, periglaciar,\u00e1rido y semi\u00e1rido<\/a>\u00a0(ODE)<\/li>\n<li><a href=\"https:\/\/edea.juntadeandalucia.es\/bancorecursos\/items\/9799dd40-c6bf-4cb3-b307-ac853ba9f38a\/1\/viewscorm.jsp?.vi=file\">GL2 \u2013 U4.T3: El relieve de la superficie terrestre: Modelado litol\u00f3gico<\/a>\u00a0(ODE)<\/li>\n<li><a href=\"https:\/\/edea.juntadeandalucia.es\/bancorecursos\/items\/40b87567-cf6f-4c28-b766-9b393d8795b3\/1\/viewscorm.jsp?.vi=file\">GL2 \u2013 U4.T4: El relieve de la superficie terrestre: Relieve estructural y litoral (ODE)<\/a><\/li>\n<li><a href=\"https:\/\/edea.juntadeandalucia.es\/bancorecursos\/items\/aa4ee1b5-b9ec-447f-805f-bc29bd344ee5\/1\/viewscorm.jsp?.vi=file\">GL2 \u2013 U6.T1: Geolog\u00eda aplicada y ambiental: Recursos geol\u00f3gicos e impactos de su explotaci\u00f3n\u00a0<\/a><\/li>\n<li><a href=\"https:\/\/edea.juntadeandalucia.es\/bancorecursos\/items\/1a663d21-0626-4104-8095-b9c5cf6c4835\/1\/viewscorm.jsp?.vi=file\">GL2 \u2013 U6.T2: Geolog\u00eda aplicada y ambiental: Recursos geol\u00f3gicos e impactos de su explotaci\u00f3n II<\/a><\/li>\n<li><a href=\"https:\/\/edea.juntadeandalucia.es\/bancorecursos\/items\/b13f64d3-6d2c-4823-98c8-57748985bf5a\/1\/viewscorm.jsp?.vi=file\">GL2 \u2013 U6.T3: Geolog\u00eda aplicada y ambiental: Riesgos geol\u00f3gicos I<\/a><\/li>\n<li><a href=\"https:\/\/edea.juntadeandalucia.es\/bancorecursos\/items\/93dc117a-1b8f-4d20-8398-059f79940618\/1\/viewscorm.jsp?.vi=file\">GL2 \u2013 U6.T4: Geolog\u00eda aplicada y ambiental: Riesgos geol\u00f3gicos II<\/a><\/li>\n<li><a href=\"https:\/\/edea.juntadeandalucia.es\/bancorecursos\/items\/84102cfd-0976-49d9-973c-bb2af8a00688\/1\/?attachment.uuid=b4207f3d-116a-4086-865d-e49638082a5b\" target=\"_blank\" rel=\"noopener\">Litoral andaluz<\/a><\/li>\n<\/ul>\n<\/li>\n<\/ul>\n<p>[\/et_pb_toggle][\/et_pb_column][\/et_pb_row][et_pb_row column_structure=\u00bb1_4,1_4,1_4,1_4&#8243; use_custom_gutter=\u00bbon\u00bb gutter_width=\u00bb2&#8243; _builder_version=\u00bb4.27.4&#8243; width=\u00bb80.8%\u00bb max_width=\u00bb2560px\u00bb custom_margin=\u00bb||10px||false|false\u00bb custom_padding=\u00bb0px|2%|0px|2%|false|false\u00bb z_index_tablet=\u00bb500&#8243; box_shadow_horizontal_tablet=\u00bb0px\u00bb box_shadow_vertical_tablet=\u00bb0px\u00bb box_shadow_blur_tablet=\u00bb40px\u00bb box_shadow_spread_tablet=\u00bb0px\u00bb global_colors_info=\u00bb{}\u00bb][et_pb_column type=\u00bb1_4&#8243; _builder_version=\u00bb4.16&#8243; custom_padding=\u00bb|||\u00bb global_colors_info=\u00bb{}\u00bb custom_padding__hover=\u00bb|||\u00bb][et_pb_text _builder_version=\u00bb4.27.4&#8243; _module_preset=\u00bbdefault\u00bb custom_margin=\u00bb20px||||false|false\u00bb custom_padding=\u00bb20px||||false|false\u00bb global_colors_info=\u00bb{}\u00bb]<\/p>\n<h2><strong>Actuaciones:<\/strong><\/h2>\n<p>[\/et_pb_text][\/et_pb_column][et_pb_column type=\u00bb1_4&#8243; _builder_version=\u00bb4.16&#8243; custom_padding=\u00bb|||\u00bb global_colors_info=\u00bb{}\u00bb custom_padding__hover=\u00bb|||\u00bb][\/et_pb_column][et_pb_column type=\u00bb1_4&#8243; _builder_version=\u00bb4.16&#8243; custom_padding=\u00bb|||\u00bb global_colors_info=\u00bb{}\u00bb custom_padding__hover=\u00bb|||\u00bb][\/et_pb_column][et_pb_column type=\u00bb1_4&#8243; _builder_version=\u00bb4.16&#8243; custom_padding=\u00bb|||\u00bb global_colors_info=\u00bb{}\u00bb custom_padding__hover=\u00bb|||\u00bb][\/et_pb_column][\/et_pb_row][et_pb_row column_structure=\u00bb1_4,1_4,1_4,1_4&#8243; use_custom_gutter=\u00bbon\u00bb gutter_width=\u00bb2&#8243; _builder_version=\u00bb4.27.4&#8243; background_color=\u00bb#ffffff\u00bb width=\u00bb80.8%\u00bb max_width=\u00bb2560px\u00bb custom_margin=\u00bb10px||||false|false\u00bb custom_padding=\u00bb10px|2%|0px|2%|false|false\u00bb z_index_tablet=\u00bb500&#8243; box_shadow_horizontal_tablet=\u00bb0px\u00bb box_shadow_vertical_tablet=\u00bb0px\u00bb box_shadow_blur_tablet=\u00bb40px\u00bb box_shadow_spread_tablet=\u00bb0px\u00bb global_colors_info=\u00bb{}\u00bb][et_pb_column type=\u00bb1_4&#8243; module_class=\u00bbrec_verde rec_didacticos_list\u00bb _builder_version=\u00bb4.16&#8243; custom_padding=\u00bb|||\u00bb global_colors_info=\u00bb{}\u00bb custom_padding__hover=\u00bb|||\u00bb][et_pb_text admin_label=\u00bbAndalhuerto\u00bb _builder_version=\u00bb4.27.4&#8243; custom_margin=\u00bb||10px||false|false\u00bb custom_padding=\u00bb||10px||false|false\u00bb link_option_url=\u00bbhttps:\/\/www.andalhuerto.es\/\u00bb z_index_tablet=\u00bb500&#8243; text_text_shadow_horizontal_length_tablet=\u00bb0px\u00bb text_text_shadow_vertical_length_tablet=\u00bb0px\u00bb text_text_shadow_blur_strength_tablet=\u00bb1px\u00bb link_text_shadow_horizontal_length_tablet=\u00bb0px\u00bb link_text_shadow_vertical_length_tablet=\u00bb0px\u00bb link_text_shadow_blur_strength_tablet=\u00bb1px\u00bb ul_text_shadow_horizontal_length_tablet=\u00bb0px\u00bb ul_text_shadow_vertical_length_tablet=\u00bb0px\u00bb ul_text_shadow_blur_strength_tablet=\u00bb1px\u00bb ol_text_shadow_horizontal_length_tablet=\u00bb0px\u00bb ol_text_shadow_vertical_length_tablet=\u00bb0px\u00bb ol_text_shadow_blur_strength_tablet=\u00bb1px\u00bb quote_text_shadow_horizontal_length_tablet=\u00bb0px\u00bb quote_text_shadow_vertical_length_tablet=\u00bb0px\u00bb quote_text_shadow_blur_strength_tablet=\u00bb1px\u00bb header_text_shadow_horizontal_length_tablet=\u00bb0px\u00bb header_text_shadow_vertical_length_tablet=\u00bb0px\u00bb header_text_shadow_blur_strength_tablet=\u00bb1px\u00bb header_2_text_shadow_horizontal_length_tablet=\u00bb0px\u00bb header_2_text_shadow_vertical_length_tablet=\u00bb0px\u00bb header_2_text_shadow_blur_strength_tablet=\u00bb1px\u00bb header_3_text_shadow_horizontal_length_tablet=\u00bb0px\u00bb header_3_text_shadow_vertical_length_tablet=\u00bb0px\u00bb header_3_text_shadow_blur_strength_tablet=\u00bb1px\u00bb header_4_text_shadow_horizontal_length_tablet=\u00bb0px\u00bb header_4_text_shadow_vertical_length_tablet=\u00bb0px\u00bb header_4_text_shadow_blur_strength_tablet=\u00bb1px\u00bb header_5_text_shadow_horizontal_length_tablet=\u00bb0px\u00bb header_5_text_shadow_vertical_length_tablet=\u00bb0px\u00bb header_5_text_shadow_blur_strength_tablet=\u00bb1px\u00bb header_6_text_shadow_horizontal_length_tablet=\u00bb0px\u00bb header_6_text_shadow_vertical_length_tablet=\u00bb0px\u00bb header_6_text_shadow_blur_strength_tablet=\u00bb1px\u00bb box_shadow_horizontal_tablet=\u00bb0px\u00bb box_shadow_vertical_tablet=\u00bb0px\u00bb box_shadow_blur_tablet=\u00bb40px\u00bb box_shadow_spread_tablet=\u00bb0px\u00bb global_colors_info=\u00bb{}\u00bb]<\/p>\n<h2 style=\"text-align: center;\"><strong><span style=\"color: #339966;\"><img loading=\"lazy\" decoding=\"async\" class=\"wp-image-10892 aligncenter size-medium\" src=\"https:\/\/www.juntadeandalucia.es/educacion/eaprendizaje\/wp-content\/uploads\/2025\/12\/imagen-andalhuerto-1-300x300-1.png\" alt=\"\" width=\"300\" height=\"300\" \/><\/span><\/strong><\/h2>\n<p>[\/et_pb_text][et_pb_toggle title=\u00bbAndalhuerto\u00bb open_toggle_text_color=\u00bb#2aa3c1&#8243; admin_label=\u00bbEnlaces y documentos\u00bb _builder_version=\u00bb4.27.4&#8243; title_text_color=\u00bb#2aa3c1&#8243; z_index=\u00bb307&#8243; custom_margin=\u00bb||0px|\u00bb z_index_tablet=\u00bb500&#8243; title_text_shadow_horizontal_length_tablet=\u00bb0px\u00bb title_text_shadow_vertical_length_tablet=\u00bb0px\u00bb title_text_shadow_blur_strength_tablet=\u00bb1px\u00bb closed_title_text_shadow_horizontal_length_tablet=\u00bb0px\u00bb closed_title_text_shadow_vertical_length_tablet=\u00bb0px\u00bb closed_title_text_shadow_blur_strength_tablet=\u00bb1px\u00bb body_text_shadow_horizontal_length_tablet=\u00bb0px\u00bb body_text_shadow_vertical_length_tablet=\u00bb0px\u00bb body_text_shadow_blur_strength_tablet=\u00bb1px\u00bb body_link_text_shadow_horizontal_length_tablet=\u00bb0px\u00bb body_link_text_shadow_vertical_length_tablet=\u00bb0px\u00bb body_link_text_shadow_blur_strength_tablet=\u00bb1px\u00bb body_ul_text_shadow_horizontal_length_tablet=\u00bb0px\u00bb body_ul_text_shadow_vertical_length_tablet=\u00bb0px\u00bb body_ul_text_shadow_blur_strength_tablet=\u00bb1px\u00bb body_ol_text_shadow_horizontal_length_tablet=\u00bb0px\u00bb body_ol_text_shadow_vertical_length_tablet=\u00bb0px\u00bb body_ol_text_shadow_blur_strength_tablet=\u00bb1px\u00bb body_quote_text_shadow_horizontal_length_tablet=\u00bb0px\u00bb body_quote_text_shadow_vertical_length_tablet=\u00bb0px\u00bb body_quote_text_shadow_blur_strength_tablet=\u00bb1px\u00bb box_shadow_horizontal_tablet=\u00bb0px\u00bb box_shadow_vertical_tablet=\u00bb0px\u00bb box_shadow_blur_tablet=\u00bb40px\u00bb box_shadow_spread_tablet=\u00bb0px\u00bb text_shadow_horizontal_length_tablet=\u00bb0px\u00bb text_shadow_vertical_length_tablet=\u00bb0px\u00bb text_shadow_blur_strength_tablet=\u00bb1px\u00bb global_colors_info=\u00bb{}\u00bb]<\/p>\n<ul>\n<li style=\"list-style-type: none;\">\n<ul>\n<li><a href=\"https:\/\/www.andalhuerto.es\/\" target=\"_blank\" rel=\"noopener\">P\u00e1gina web del <\/a><a href=\"https:\/\/www.andalhuerto.es\/\" target=\"_blank\" rel=\"noopener\">Proyecto Ecol\u00f3gico Andalhuerto<\/a><\/li>\n<\/ul>\n<\/li>\n<\/ul>\n<p>[\/et_pb_toggle][\/et_pb_column][et_pb_column type=\u00bb1_4&#8243; module_class=\u00bbrec_verde rec_didacticos_list\u00bb _builder_version=\u00bb4.16&#8243; custom_padding=\u00bb|||\u00bb global_colors_info=\u00bb{}\u00bb custom_padding__hover=\u00bb|||\u00bb][et_pb_text admin_label=\u00bbendesa educa\u00bb _builder_version=\u00bb4.27.4&#8243; custom_margin=\u00bb||10px||false|false\u00bb custom_padding=\u00bb||10px||false|false\u00bb link_option_url=\u00bbhttps:\/\/www.juntadeandalucia.es/educacion/eaprendizaje\/wp-content\/uploads\/2025\/10\/Bases-X-edicion-Premios-Endesa-Educa.pdf\u00bb z_index_tablet=\u00bb500&#8243; text_text_shadow_horizontal_length_tablet=\u00bb0px\u00bb text_text_shadow_vertical_length_tablet=\u00bb0px\u00bb text_text_shadow_blur_strength_tablet=\u00bb1px\u00bb link_text_shadow_horizontal_length_tablet=\u00bb0px\u00bb link_text_shadow_vertical_length_tablet=\u00bb0px\u00bb link_text_shadow_blur_strength_tablet=\u00bb1px\u00bb ul_text_shadow_horizontal_length_tablet=\u00bb0px\u00bb ul_text_shadow_vertical_length_tablet=\u00bb0px\u00bb ul_text_shadow_blur_strength_tablet=\u00bb1px\u00bb ol_text_shadow_horizontal_length_tablet=\u00bb0px\u00bb ol_text_shadow_vertical_length_tablet=\u00bb0px\u00bb ol_text_shadow_blur_strength_tablet=\u00bb1px\u00bb quote_text_shadow_horizontal_length_tablet=\u00bb0px\u00bb quote_text_shadow_vertical_length_tablet=\u00bb0px\u00bb quote_text_shadow_blur_strength_tablet=\u00bb1px\u00bb header_text_shadow_horizontal_length_tablet=\u00bb0px\u00bb header_text_shadow_vertical_length_tablet=\u00bb0px\u00bb header_text_shadow_blur_strength_tablet=\u00bb1px\u00bb header_2_text_shadow_horizontal_length_tablet=\u00bb0px\u00bb header_2_text_shadow_vertical_length_tablet=\u00bb0px\u00bb header_2_text_shadow_blur_strength_tablet=\u00bb1px\u00bb header_3_text_shadow_horizontal_length_tablet=\u00bb0px\u00bb header_3_text_shadow_vertical_length_tablet=\u00bb0px\u00bb header_3_text_shadow_blur_strength_tablet=\u00bb1px\u00bb header_4_text_shadow_horizontal_length_tablet=\u00bb0px\u00bb header_4_text_shadow_vertical_length_tablet=\u00bb0px\u00bb header_4_text_shadow_blur_strength_tablet=\u00bb1px\u00bb header_5_text_shadow_horizontal_length_tablet=\u00bb0px\u00bb header_5_text_shadow_vertical_length_tablet=\u00bb0px\u00bb header_5_text_shadow_blur_strength_tablet=\u00bb1px\u00bb header_6_text_shadow_horizontal_length_tablet=\u00bb0px\u00bb header_6_text_shadow_vertical_length_tablet=\u00bb0px\u00bb header_6_text_shadow_blur_strength_tablet=\u00bb1px\u00bb box_shadow_horizontal_tablet=\u00bb0px\u00bb box_shadow_vertical_tablet=\u00bb0px\u00bb box_shadow_blur_tablet=\u00bb40px\u00bb box_shadow_spread_tablet=\u00bb0px\u00bb global_colors_info=\u00bb{}\u00bb]<\/p>\n<h2 style=\"text-align: center;\"><strong><span style=\"color: #339966;\"><img loading=\"lazy\" decoding=\"async\" class=\"wp-image-9420 aligncenter size-medium\" src=\"https:\/\/www.juntadeandalucia.es/educacion/eaprendizaje\/wp-content\/uploads\/2025\/12\/Imagen-Premios-Endesa-Educa-300x300-1.png\" alt=\"\" width=\"300\" height=\"300\" \/><\/span><\/strong><\/h2>\n<p>[\/et_pb_text][et_pb_toggle title=\u00bbPremios Endesa Educa\u00bb open_toggle_text_color=\u00bb#2aa3c1&#8243; admin_label=\u00bbEnlaces y documentos\u00bb _builder_version=\u00bb4.27.4&#8243; title_text_color=\u00bb#2aa3c1&#8243; z_index=\u00bb307&#8243; custom_margin=\u00bb||0px|\u00bb z_index_tablet=\u00bb500&#8243; title_text_shadow_horizontal_length_tablet=\u00bb0px\u00bb title_text_shadow_vertical_length_tablet=\u00bb0px\u00bb title_text_shadow_blur_strength_tablet=\u00bb1px\u00bb closed_title_text_shadow_horizontal_length_tablet=\u00bb0px\u00bb closed_title_text_shadow_vertical_length_tablet=\u00bb0px\u00bb closed_title_text_shadow_blur_strength_tablet=\u00bb1px\u00bb body_text_shadow_horizontal_length_tablet=\u00bb0px\u00bb body_text_shadow_vertical_length_tablet=\u00bb0px\u00bb body_text_shadow_blur_strength_tablet=\u00bb1px\u00bb body_link_text_shadow_horizontal_length_tablet=\u00bb0px\u00bb body_link_text_shadow_vertical_length_tablet=\u00bb0px\u00bb body_link_text_shadow_blur_strength_tablet=\u00bb1px\u00bb body_ul_text_shadow_horizontal_length_tablet=\u00bb0px\u00bb body_ul_text_shadow_vertical_length_tablet=\u00bb0px\u00bb body_ul_text_shadow_blur_strength_tablet=\u00bb1px\u00bb body_ol_text_shadow_horizontal_length_tablet=\u00bb0px\u00bb body_ol_text_shadow_vertical_length_tablet=\u00bb0px\u00bb body_ol_text_shadow_blur_strength_tablet=\u00bb1px\u00bb body_quote_text_shadow_horizontal_length_tablet=\u00bb0px\u00bb body_quote_text_shadow_vertical_length_tablet=\u00bb0px\u00bb body_quote_text_shadow_blur_strength_tablet=\u00bb1px\u00bb box_shadow_horizontal_tablet=\u00bb0px\u00bb box_shadow_vertical_tablet=\u00bb0px\u00bb box_shadow_blur_tablet=\u00bb40px\u00bb box_shadow_spread_tablet=\u00bb0px\u00bb text_shadow_horizontal_length_tablet=\u00bb0px\u00bb text_shadow_vertical_length_tablet=\u00bb0px\u00bb text_shadow_blur_strength_tablet=\u00bb1px\u00bb global_colors_info=\u00bb{}\u00bb]<\/p>\n<ul>\n<li style=\"list-style-type: none;\">\n<ul>\n<li><a href=\"https:\/\/www.juntadeandalucia.es/educacion/eaprendizaje\/wp-content\/uploads\/2025\/10\/Bases-X-edicion-Premios-Endesa-Educa.pdf\" target=\"_blank\" rel=\"noopener\">Bases X Edici\u00f3n Premios Endesa Educa<\/a><\/li>\n<li><a href=\"https:\/\/www.juntadeandalucia.es/educacion/eaprendizaje\/wp-content\/uploads\/2025\/10\/Cartel-Premios-Endesa-Educa.pdf\" target=\"_blank\" rel=\"noopener\">Cartel informativo<\/a><\/li>\n<\/ul>\n<\/li>\n<\/ul>\n<p>[\/et_pb_toggle][\/et_pb_column][et_pb_column type=\u00bb1_4&#8243; module_class=\u00bbrec_verde rec_didacticos_list\u00bb _builder_version=\u00bb4.16&#8243; custom_padding=\u00bb|||\u00bb global_colors_info=\u00bb{}\u00bb custom_padding__hover=\u00bb|||\u00bb][et_pb_text admin_label=\u00bbwwf\u00bb _builder_version=\u00bb4.27.4&#8243; custom_margin=\u00bb||10px||false|false\u00bb custom_padding=\u00bb||10px||false|false\u00bb link_option_url=\u00bbhttps:\/\/www.juntadeandalucia.es/educacion/eaprendizaje\/wp-content\/uploads\/2025\/12\/Dossier-profesorado-Guadalquivir.pdf\u00bb z_index_tablet=\u00bb500&#8243; text_text_shadow_horizontal_length_tablet=\u00bb0px\u00bb text_text_shadow_vertical_length_tablet=\u00bb0px\u00bb text_text_shadow_blur_strength_tablet=\u00bb1px\u00bb link_text_shadow_horizontal_length_tablet=\u00bb0px\u00bb link_text_shadow_vertical_length_tablet=\u00bb0px\u00bb link_text_shadow_blur_strength_tablet=\u00bb1px\u00bb ul_text_shadow_horizontal_length_tablet=\u00bb0px\u00bb ul_text_shadow_vertical_length_tablet=\u00bb0px\u00bb ul_text_shadow_blur_strength_tablet=\u00bb1px\u00bb ol_text_shadow_horizontal_length_tablet=\u00bb0px\u00bb ol_text_shadow_vertical_length_tablet=\u00bb0px\u00bb ol_text_shadow_blur_strength_tablet=\u00bb1px\u00bb quote_text_shadow_horizontal_length_tablet=\u00bb0px\u00bb quote_text_shadow_vertical_length_tablet=\u00bb0px\u00bb quote_text_shadow_blur_strength_tablet=\u00bb1px\u00bb header_text_shadow_horizontal_length_tablet=\u00bb0px\u00bb header_text_shadow_vertical_length_tablet=\u00bb0px\u00bb header_text_shadow_blur_strength_tablet=\u00bb1px\u00bb header_2_text_shadow_horizontal_length_tablet=\u00bb0px\u00bb header_2_text_shadow_vertical_length_tablet=\u00bb0px\u00bb header_2_text_shadow_blur_strength_tablet=\u00bb1px\u00bb header_3_text_shadow_horizontal_length_tablet=\u00bb0px\u00bb header_3_text_shadow_vertical_length_tablet=\u00bb0px\u00bb header_3_text_shadow_blur_strength_tablet=\u00bb1px\u00bb header_4_text_shadow_horizontal_length_tablet=\u00bb0px\u00bb header_4_text_shadow_vertical_length_tablet=\u00bb0px\u00bb header_4_text_shadow_blur_strength_tablet=\u00bb1px\u00bb header_5_text_shadow_horizontal_length_tablet=\u00bb0px\u00bb header_5_text_shadow_vertical_length_tablet=\u00bb0px\u00bb header_5_text_shadow_blur_strength_tablet=\u00bb1px\u00bb header_6_text_shadow_horizontal_length_tablet=\u00bb0px\u00bb header_6_text_shadow_vertical_length_tablet=\u00bb0px\u00bb header_6_text_shadow_blur_strength_tablet=\u00bb1px\u00bb box_shadow_horizontal_tablet=\u00bb0px\u00bb box_shadow_vertical_tablet=\u00bb0px\u00bb box_shadow_blur_tablet=\u00bb40px\u00bb box_shadow_spread_tablet=\u00bb0px\u00bb global_colors_info=\u00bb{}\u00bb]<\/p>\n<h2 style=\"text-align: center;\"><strong><span style=\"color: #339966;\"><img loading=\"lazy\" decoding=\"async\" class=\"wp-image-10893 aligncenter size-medium\" src=\"https:\/\/www.juntadeandalucia.es/educacion/eaprendizaje\/wp-content\/uploads\/2025\/12\/Imagen-wwf-guadalquivir-300x300-1.png\" alt=\"\" width=\"300\" height=\"300\" \/><\/span><\/strong><\/h2>\n<p>[\/et_pb_text][et_pb_toggle title=\u00bbGUADALQUIVIR. UN ESTUARIO QUE HACE POSIBLE LA VIDA\u00bb open_toggle_text_color=\u00bb#2aa3c1&#8243; admin_label=\u00bbEnlaces y documentos\u00bb _builder_version=\u00bb4.27.4&#8243; title_text_color=\u00bb#2aa3c1&#8243; z_index=\u00bb307&#8243; custom_margin=\u00bb||0px|\u00bb z_index_tablet=\u00bb500&#8243; title_text_shadow_horizontal_length_tablet=\u00bb0px\u00bb title_text_shadow_vertical_length_tablet=\u00bb0px\u00bb title_text_shadow_blur_strength_tablet=\u00bb1px\u00bb closed_title_text_shadow_horizontal_length_tablet=\u00bb0px\u00bb closed_title_text_shadow_vertical_length_tablet=\u00bb0px\u00bb closed_title_text_shadow_blur_strength_tablet=\u00bb1px\u00bb body_text_shadow_horizontal_length_tablet=\u00bb0px\u00bb body_text_shadow_vertical_length_tablet=\u00bb0px\u00bb body_text_shadow_blur_strength_tablet=\u00bb1px\u00bb body_link_text_shadow_horizontal_length_tablet=\u00bb0px\u00bb body_link_text_shadow_vertical_length_tablet=\u00bb0px\u00bb body_link_text_shadow_blur_strength_tablet=\u00bb1px\u00bb body_ul_text_shadow_horizontal_length_tablet=\u00bb0px\u00bb body_ul_text_shadow_vertical_length_tablet=\u00bb0px\u00bb body_ul_text_shadow_blur_strength_tablet=\u00bb1px\u00bb body_ol_text_shadow_horizontal_length_tablet=\u00bb0px\u00bb body_ol_text_shadow_vertical_length_tablet=\u00bb0px\u00bb body_ol_text_shadow_blur_strength_tablet=\u00bb1px\u00bb body_quote_text_shadow_horizontal_length_tablet=\u00bb0px\u00bb body_quote_text_shadow_vertical_length_tablet=\u00bb0px\u00bb body_quote_text_shadow_blur_strength_tablet=\u00bb1px\u00bb box_shadow_horizontal_tablet=\u00bb0px\u00bb box_shadow_vertical_tablet=\u00bb0px\u00bb box_shadow_blur_tablet=\u00bb40px\u00bb box_shadow_spread_tablet=\u00bb0px\u00bb text_shadow_horizontal_length_tablet=\u00bb0px\u00bb text_shadow_vertical_length_tablet=\u00bb0px\u00bb text_shadow_blur_strength_tablet=\u00bb1px\u00bb global_colors_info=\u00bb{}\u00bb]<\/p>\n<ul>\n<li style=\"list-style-type: none;\">\n<ul>\n<li><a href=\"https:\/\/www.juntadeandalucia.es/educacion/eaprendizaje\/wp-content\/uploads\/2025\/12\/Dossier-profesorado-Guadalquivir.pdf\">Dossier para el profesorado. Guadalquivir. Un estuario que hace posible la vida.<\/a><\/li>\n<\/ul>\n<\/li>\n<\/ul>\n<p>[\/et_pb_toggle][\/et_pb_column][et_pb_column type=\u00bb1_4&#8243; module_class=\u00bbrec_verde rec_didacticos_list\u00bb _builder_version=\u00bb4.16&#8243; custom_padding=\u00bb|||\u00bb global_colors_info=\u00bb{}\u00bb custom_padding__hover=\u00bb|||\u00bb][et_pb_text admin_label=\u00bbconsum\u00f3polis\u00bb _builder_version=\u00bb4.27.4&#8243; custom_margin=\u00bb||10px||false|false\u00bb custom_padding=\u00bb||10px||false|false\u00bb link_option_url=\u00bbhttps:\/\/consumopolis.consumo.gob.es\/\u00bb z_index_tablet=\u00bb500&#8243; text_text_shadow_horizontal_length_tablet=\u00bb0px\u00bb text_text_shadow_vertical_length_tablet=\u00bb0px\u00bb text_text_shadow_blur_strength_tablet=\u00bb1px\u00bb link_text_shadow_horizontal_length_tablet=\u00bb0px\u00bb link_text_shadow_vertical_length_tablet=\u00bb0px\u00bb link_text_shadow_blur_strength_tablet=\u00bb1px\u00bb ul_text_shadow_horizontal_length_tablet=\u00bb0px\u00bb ul_text_shadow_vertical_length_tablet=\u00bb0px\u00bb ul_text_shadow_blur_strength_tablet=\u00bb1px\u00bb ol_text_shadow_horizontal_length_tablet=\u00bb0px\u00bb ol_text_shadow_vertical_length_tablet=\u00bb0px\u00bb ol_text_shadow_blur_strength_tablet=\u00bb1px\u00bb quote_text_shadow_horizontal_length_tablet=\u00bb0px\u00bb quote_text_shadow_vertical_length_tablet=\u00bb0px\u00bb quote_text_shadow_blur_strength_tablet=\u00bb1px\u00bb header_text_shadow_horizontal_length_tablet=\u00bb0px\u00bb header_text_shadow_vertical_length_tablet=\u00bb0px\u00bb header_text_shadow_blur_strength_tablet=\u00bb1px\u00bb header_2_text_shadow_horizontal_length_tablet=\u00bb0px\u00bb header_2_text_shadow_vertical_length_tablet=\u00bb0px\u00bb header_2_text_shadow_blur_strength_tablet=\u00bb1px\u00bb header_3_text_shadow_horizontal_length_tablet=\u00bb0px\u00bb header_3_text_shadow_vertical_length_tablet=\u00bb0px\u00bb header_3_text_shadow_blur_strength_tablet=\u00bb1px\u00bb header_4_text_shadow_horizontal_length_tablet=\u00bb0px\u00bb header_4_text_shadow_vertical_length_tablet=\u00bb0px\u00bb header_4_text_shadow_blur_strength_tablet=\u00bb1px\u00bb header_5_text_shadow_horizontal_length_tablet=\u00bb0px\u00bb header_5_text_shadow_vertical_length_tablet=\u00bb0px\u00bb header_5_text_shadow_blur_strength_tablet=\u00bb1px\u00bb header_6_text_shadow_horizontal_length_tablet=\u00bb0px\u00bb header_6_text_shadow_vertical_length_tablet=\u00bb0px\u00bb header_6_text_shadow_blur_strength_tablet=\u00bb1px\u00bb box_shadow_horizontal_tablet=\u00bb0px\u00bb box_shadow_vertical_tablet=\u00bb0px\u00bb box_shadow_blur_tablet=\u00bb40px\u00bb box_shadow_spread_tablet=\u00bb0px\u00bb global_colors_info=\u00bb{}\u00bb]<\/p>\n<h2 style=\"text-align: center;\"><strong><span style=\"color: #339966;\"><img loading=\"lazy\" decoding=\"async\" class=\"wp-image-9750 alignnone \" src=\"https:\/\/www.juntadeandalucia.es/educacion/eaprendizaje\/wp-content\/uploads\/2026\/01\/Imagen-consumopolis-300x300.png\" alt=\"\" width=\"303\" height=\"303\" \/><\/span><\/strong><\/h2>\n<p>[\/et_pb_text][et_pb_toggle title=\u00bbCONSUM\u00d3POLIS\u00bb open_toggle_text_color=\u00bb#2aa3c1&#8243; admin_label=\u00bbEnlaces y documentos\u00bb _builder_version=\u00bb4.27.4&#8243; title_text_color=\u00bb#2aa3c1&#8243; z_index=\u00bb307&#8243; custom_margin=\u00bb||0px|\u00bb z_index_tablet=\u00bb500&#8243; title_text_shadow_horizontal_length_tablet=\u00bb0px\u00bb title_text_shadow_vertical_length_tablet=\u00bb0px\u00bb title_text_shadow_blur_strength_tablet=\u00bb1px\u00bb closed_title_text_shadow_horizontal_length_tablet=\u00bb0px\u00bb closed_title_text_shadow_vertical_length_tablet=\u00bb0px\u00bb closed_title_text_shadow_blur_strength_tablet=\u00bb1px\u00bb body_text_shadow_horizontal_length_tablet=\u00bb0px\u00bb body_text_shadow_vertical_length_tablet=\u00bb0px\u00bb body_text_shadow_blur_strength_tablet=\u00bb1px\u00bb body_link_text_shadow_horizontal_length_tablet=\u00bb0px\u00bb body_link_text_shadow_vertical_length_tablet=\u00bb0px\u00bb body_link_text_shadow_blur_strength_tablet=\u00bb1px\u00bb body_ul_text_shadow_horizontal_length_tablet=\u00bb0px\u00bb body_ul_text_shadow_vertical_length_tablet=\u00bb0px\u00bb body_ul_text_shadow_blur_strength_tablet=\u00bb1px\u00bb body_ol_text_shadow_horizontal_length_tablet=\u00bb0px\u00bb body_ol_text_shadow_vertical_length_tablet=\u00bb0px\u00bb body_ol_text_shadow_blur_strength_tablet=\u00bb1px\u00bb body_quote_text_shadow_horizontal_length_tablet=\u00bb0px\u00bb body_quote_text_shadow_vertical_length_tablet=\u00bb0px\u00bb body_quote_text_shadow_blur_strength_tablet=\u00bb1px\u00bb box_shadow_horizontal_tablet=\u00bb0px\u00bb box_shadow_vertical_tablet=\u00bb0px\u00bb box_shadow_blur_tablet=\u00bb40px\u00bb box_shadow_spread_tablet=\u00bb0px\u00bb text_shadow_horizontal_length_tablet=\u00bb0px\u00bb text_shadow_vertical_length_tablet=\u00bb0px\u00bb text_shadow_blur_strength_tablet=\u00bb1px\u00bb global_colors_info=\u00bb{}\u00bb]<\/p>\n<ul>\n<li style=\"list-style-type: none;\">\n<ul>\n<li><a href=\"https:\/\/consumopolis.consumo.gob.es\/\">P\u00e1gina web Consum\u00f3polis. La ciudad del consumo responsable.<\/a><\/li>\n<li><a href=\"https:\/\/consumopolis.consumo.gob.es\/sites\/default\/files\/concurso\/2025\/Convocatoria_Andalucia.pdf\">Resoluci\u00f3n de 9 de septiembre de 2025, de la Direcci\u00f3n General de Consumo, por la que se convoca la fase auton\u00f3mica del concurso escolar 2025-2026 Consum\u00f3polis21: \u00abA la hora de consumir, que no te domine el \u2019click\u2019\u00bb.<\/a><\/li>\n<\/ul>\n<\/li>\n<\/ul>\n<p>[\/et_pb_toggle][\/et_pb_column][\/et_pb_row][et_pb_row column_structure=\u00bb1_4,1_4,1_4,1_4&#8243; use_custom_gutter=\u00bbon\u00bb gutter_width=\u00bb2&#8243; _builder_version=\u00bb4.27.4&#8243; background_color=\u00bb#ffffff\u00bb width=\u00bb80.8%\u00bb max_width=\u00bb2560px\u00bb custom_margin=\u00bb22px||||false|false\u00bb custom_padding=\u00bb0px|2%|0px|2%\u00bb z_index_tablet=\u00bb500&#8243; box_shadow_horizontal_tablet=\u00bb0px\u00bb box_shadow_vertical_tablet=\u00bb0px\u00bb box_shadow_blur_tablet=\u00bb40px\u00bb box_shadow_spread_tablet=\u00bb0px\u00bb global_colors_info=\u00bb{}\u00bb][et_pb_column type=\u00bb1_4&#8243; module_class=\u00bbrec_verde rec_didacticos_list\u00bb _builder_version=\u00bb4.16&#8243; custom_padding=\u00bb|||\u00bb global_colors_info=\u00bb{}\u00bb custom_padding__hover=\u00bb|||\u00bb][et_pb_text admin_label=\u00bbparticipar vida en el centro\u00bb _builder_version=\u00bb4.27.4&#8243; custom_margin=\u00bb||10px||false|false\u00bb custom_padding=\u00bb||10px||false|false\u00bb z_index_tablet=\u00bb500&#8243; text_text_shadow_horizontal_length_tablet=\u00bb0px\u00bb text_text_shadow_vertical_length_tablet=\u00bb0px\u00bb text_text_shadow_blur_strength_tablet=\u00bb1px\u00bb link_text_shadow_horizontal_length_tablet=\u00bb0px\u00bb link_text_shadow_vertical_length_tablet=\u00bb0px\u00bb link_text_shadow_blur_strength_tablet=\u00bb1px\u00bb ul_text_shadow_horizontal_length_tablet=\u00bb0px\u00bb ul_text_shadow_vertical_length_tablet=\u00bb0px\u00bb ul_text_shadow_blur_strength_tablet=\u00bb1px\u00bb ol_text_shadow_horizontal_length_tablet=\u00bb0px\u00bb ol_text_shadow_vertical_length_tablet=\u00bb0px\u00bb ol_text_shadow_blur_strength_tablet=\u00bb1px\u00bb quote_text_shadow_horizontal_length_tablet=\u00bb0px\u00bb quote_text_shadow_vertical_length_tablet=\u00bb0px\u00bb quote_text_shadow_blur_strength_tablet=\u00bb1px\u00bb header_text_shadow_horizontal_length_tablet=\u00bb0px\u00bb header_text_shadow_vertical_length_tablet=\u00bb0px\u00bb header_text_shadow_blur_strength_tablet=\u00bb1px\u00bb header_2_text_shadow_horizontal_length_tablet=\u00bb0px\u00bb header_2_text_shadow_vertical_length_tablet=\u00bb0px\u00bb header_2_text_shadow_blur_strength_tablet=\u00bb1px\u00bb header_3_text_shadow_horizontal_length_tablet=\u00bb0px\u00bb header_3_text_shadow_vertical_length_tablet=\u00bb0px\u00bb header_3_text_shadow_blur_strength_tablet=\u00bb1px\u00bb header_4_text_shadow_horizontal_length_tablet=\u00bb0px\u00bb header_4_text_shadow_vertical_length_tablet=\u00bb0px\u00bb header_4_text_shadow_blur_strength_tablet=\u00bb1px\u00bb header_5_text_shadow_horizontal_length_tablet=\u00bb0px\u00bb header_5_text_shadow_vertical_length_tablet=\u00bb0px\u00bb header_5_text_shadow_blur_strength_tablet=\u00bb1px\u00bb header_6_text_shadow_horizontal_length_tablet=\u00bb0px\u00bb header_6_text_shadow_vertical_length_tablet=\u00bb0px\u00bb header_6_text_shadow_blur_strength_tablet=\u00bb1px\u00bb box_shadow_horizontal_tablet=\u00bb0px\u00bb box_shadow_vertical_tablet=\u00bb0px\u00bb box_shadow_blur_tablet=\u00bb40px\u00bb box_shadow_spread_tablet=\u00bb0px\u00bb global_colors_info=\u00bb{}\u00bb]<\/p>\n<h2 style=\"text-align: center;\"><img loading=\"lazy\" decoding=\"async\" class=\"wp-image-10002 alignnone \" src=\"https:\/\/www.juntadeandalucia.es/educacion/eaprendizaje\/wp-content\/uploads\/2026\/01\/imagen-PPVC-1.png\" alt=\"\" width=\"299\" height=\"299\" \/><\/h2>\n<p>[\/et_pb_text][et_pb_toggle title=\u00bbParticipar para poner la vida en el centro\u00bb open_toggle_text_color=\u00bb#2aa3c1&#8243; admin_label=\u00bbEnlaces y documentos\u00bb _builder_version=\u00bb4.27.4&#8243; title_text_color=\u00bb#2aa3c1&#8243; z_index=\u00bb307&#8243; custom_margin=\u00bb||0px|\u00bb z_index_tablet=\u00bb500&#8243; title_text_shadow_horizontal_length_tablet=\u00bb0px\u00bb title_text_shadow_vertical_length_tablet=\u00bb0px\u00bb title_text_shadow_blur_strength_tablet=\u00bb1px\u00bb closed_title_text_shadow_horizontal_length_tablet=\u00bb0px\u00bb closed_title_text_shadow_vertical_length_tablet=\u00bb0px\u00bb closed_title_text_shadow_blur_strength_tablet=\u00bb1px\u00bb body_text_shadow_horizontal_length_tablet=\u00bb0px\u00bb body_text_shadow_vertical_length_tablet=\u00bb0px\u00bb body_text_shadow_blur_strength_tablet=\u00bb1px\u00bb body_link_text_shadow_horizontal_length_tablet=\u00bb0px\u00bb body_link_text_shadow_vertical_length_tablet=\u00bb0px\u00bb body_link_text_shadow_blur_strength_tablet=\u00bb1px\u00bb body_ul_text_shadow_horizontal_length_tablet=\u00bb0px\u00bb body_ul_text_shadow_vertical_length_tablet=\u00bb0px\u00bb body_ul_text_shadow_blur_strength_tablet=\u00bb1px\u00bb body_ol_text_shadow_horizontal_length_tablet=\u00bb0px\u00bb body_ol_text_shadow_vertical_length_tablet=\u00bb0px\u00bb body_ol_text_shadow_blur_strength_tablet=\u00bb1px\u00bb body_quote_text_shadow_horizontal_length_tablet=\u00bb0px\u00bb body_quote_text_shadow_vertical_length_tablet=\u00bb0px\u00bb body_quote_text_shadow_blur_strength_tablet=\u00bb1px\u00bb box_shadow_horizontal_tablet=\u00bb0px\u00bb box_shadow_vertical_tablet=\u00bb0px\u00bb box_shadow_blur_tablet=\u00bb40px\u00bb box_shadow_spread_tablet=\u00bb0px\u00bb text_shadow_horizontal_length_tablet=\u00bb0px\u00bb text_shadow_vertical_length_tablet=\u00bb0px\u00bb text_shadow_blur_strength_tablet=\u00bb1px\u00bb global_colors_info=\u00bb{}\u00bb]<\/p>\n<ul>\n<li style=\"list-style-type: none;\">\n<ul>\n<li><a href=\"https:\/\/www.juntadeandalucia.es/educacion/eaprendizaje\/wp-content\/uploads\/2026\/01\/Dosier-Participar-para-poner-la-vida-en-el-centro.pdf\">Dosier Participar para poner la vida en el centro.<\/a><\/li>\n<li><a href=\"https:\/\/www.juntadeandalucia.es/educacion/eaprendizaje\/wp-content\/uploads\/2026\/02\/Relacion-de-centros-beneficiarios-del-Proyecto-Participar-para-poner-la-vida-en-el-centro.-Curso-202526.pdf\">Relaci\u00f3n de centros beneficiarios del Proyecto Participar para poner la vida en el centro. Curso 2025\/26<\/a><\/li>\n<\/ul>\n<\/li>\n<\/ul>\n<p>[\/et_pb_toggle][\/et_pb_column][et_pb_column type=\u00bb1_4&#8243; module_class=\u00bbrec_verde rec_didacticos_list\u00bb _builder_version=\u00bb4.16&#8243; custom_padding=\u00bb|||\u00bb global_colors_info=\u00bb{}\u00bb custom_padding__hover=\u00bb|||\u00bb][et_pb_text admin_label=\u00bbEsenred\u00bb _builder_version=\u00bb4.27.4&#8243; custom_margin=\u00bb||10px||false|false\u00bb custom_padding=\u00bb||10px||false|false\u00bb z_index_tablet=\u00bb500&#8243; text_text_shadow_horizontal_length_tablet=\u00bb0px\u00bb text_text_shadow_vertical_length_tablet=\u00bb0px\u00bb text_text_shadow_blur_strength_tablet=\u00bb1px\u00bb link_text_shadow_horizontal_length_tablet=\u00bb0px\u00bb link_text_shadow_vertical_length_tablet=\u00bb0px\u00bb link_text_shadow_blur_strength_tablet=\u00bb1px\u00bb ul_text_shadow_horizontal_length_tablet=\u00bb0px\u00bb ul_text_shadow_vertical_length_tablet=\u00bb0px\u00bb ul_text_shadow_blur_strength_tablet=\u00bb1px\u00bb ol_text_shadow_horizontal_length_tablet=\u00bb0px\u00bb ol_text_shadow_vertical_length_tablet=\u00bb0px\u00bb ol_text_shadow_blur_strength_tablet=\u00bb1px\u00bb quote_text_shadow_horizontal_length_tablet=\u00bb0px\u00bb quote_text_shadow_vertical_length_tablet=\u00bb0px\u00bb quote_text_shadow_blur_strength_tablet=\u00bb1px\u00bb header_text_shadow_horizontal_length_tablet=\u00bb0px\u00bb header_text_shadow_vertical_length_tablet=\u00bb0px\u00bb header_text_shadow_blur_strength_tablet=\u00bb1px\u00bb header_2_text_shadow_horizontal_length_tablet=\u00bb0px\u00bb header_2_text_shadow_vertical_length_tablet=\u00bb0px\u00bb header_2_text_shadow_blur_strength_tablet=\u00bb1px\u00bb header_3_text_shadow_horizontal_length_tablet=\u00bb0px\u00bb header_3_text_shadow_vertical_length_tablet=\u00bb0px\u00bb header_3_text_shadow_blur_strength_tablet=\u00bb1px\u00bb header_4_text_shadow_horizontal_length_tablet=\u00bb0px\u00bb header_4_text_shadow_vertical_length_tablet=\u00bb0px\u00bb header_4_text_shadow_blur_strength_tablet=\u00bb1px\u00bb header_5_text_shadow_horizontal_length_tablet=\u00bb0px\u00bb header_5_text_shadow_vertical_length_tablet=\u00bb0px\u00bb header_5_text_shadow_blur_strength_tablet=\u00bb1px\u00bb header_6_text_shadow_horizontal_length_tablet=\u00bb0px\u00bb header_6_text_shadow_vertical_length_tablet=\u00bb0px\u00bb header_6_text_shadow_blur_strength_tablet=\u00bb1px\u00bb box_shadow_horizontal_tablet=\u00bb0px\u00bb box_shadow_vertical_tablet=\u00bb0px\u00bb box_shadow_blur_tablet=\u00bb40px\u00bb box_shadow_spread_tablet=\u00bb0px\u00bb global_colors_info=\u00bb{}\u00bb]<\/p>\n<h2 style=\"text-align: center;\"><strong><span style=\"color: #339966;\"><img loading=\"lazy\" decoding=\"async\" class=\"wp-image-10003 alignnone \" src=\"https:\/\/www.juntadeandalucia.es/educacion/eaprendizaje\/wp-content\/uploads\/2026\/01\/imagen-esenred.png\" alt=\"\" width=\"298\" height=\"298\" \/><\/span><\/strong><\/h2>\n<p>[\/et_pb_text][et_pb_toggle title=\u00bbEsenred\u00bb open_toggle_text_color=\u00bb#2aa3c1&#8243; admin_label=\u00bbEnlaces y documentos\u00bb _builder_version=\u00bb4.27.4&#8243; title_text_color=\u00bb#2aa3c1&#8243; z_index=\u00bb307&#8243; custom_margin=\u00bb||0px|\u00bb z_index_tablet=\u00bb500&#8243; title_text_shadow_horizontal_length_tablet=\u00bb0px\u00bb title_text_shadow_vertical_length_tablet=\u00bb0px\u00bb title_text_shadow_blur_strength_tablet=\u00bb1px\u00bb closed_title_text_shadow_horizontal_length_tablet=\u00bb0px\u00bb closed_title_text_shadow_vertical_length_tablet=\u00bb0px\u00bb closed_title_text_shadow_blur_strength_tablet=\u00bb1px\u00bb body_text_shadow_horizontal_length_tablet=\u00bb0px\u00bb body_text_shadow_vertical_length_tablet=\u00bb0px\u00bb body_text_shadow_blur_strength_tablet=\u00bb1px\u00bb body_link_text_shadow_horizontal_length_tablet=\u00bb0px\u00bb body_link_text_shadow_vertical_length_tablet=\u00bb0px\u00bb body_link_text_shadow_blur_strength_tablet=\u00bb1px\u00bb body_ul_text_shadow_horizontal_length_tablet=\u00bb0px\u00bb body_ul_text_shadow_vertical_length_tablet=\u00bb0px\u00bb body_ul_text_shadow_blur_strength_tablet=\u00bb1px\u00bb body_ol_text_shadow_horizontal_length_tablet=\u00bb0px\u00bb body_ol_text_shadow_vertical_length_tablet=\u00bb0px\u00bb body_ol_text_shadow_blur_strength_tablet=\u00bb1px\u00bb body_quote_text_shadow_horizontal_length_tablet=\u00bb0px\u00bb body_quote_text_shadow_vertical_length_tablet=\u00bb0px\u00bb body_quote_text_shadow_blur_strength_tablet=\u00bb1px\u00bb box_shadow_horizontal_tablet=\u00bb0px\u00bb box_shadow_vertical_tablet=\u00bb0px\u00bb box_shadow_blur_tablet=\u00bb40px\u00bb box_shadow_spread_tablet=\u00bb0px\u00bb text_shadow_horizontal_length_tablet=\u00bb0px\u00bb text_shadow_vertical_length_tablet=\u00bb0px\u00bb text_shadow_blur_strength_tablet=\u00bb1px\u00bb global_colors_info=\u00bb{}\u00bb]<\/p>\n<ul>\n<li style=\"list-style-type: none;\">\n<ul>\n<li><a href=\"https:\/\/www.esenred.org\/\" target=\"_blank\" rel=\"noopener\">P\u00e1gina web ESenRED<\/a><\/li>\n<li><a href=\"https:\/\/www.youtube.com\/@Esenred\">Canal de youtube ESenRED<\/a><\/li>\n<\/ul>\n<\/li>\n<\/ul>\n<p>[\/et_pb_toggle][\/et_pb_column][et_pb_column type=\u00bb1_4&#8243; module_class=\u00bbrec_verde rec_didacticos_list\u00bb _builder_version=\u00bb4.16&#8243; custom_padding=\u00bb|||\u00bb global_colors_info=\u00bb{}\u00bb custom_padding__hover=\u00bb|||\u00bb][et_pb_text admin_label=\u00bbponte en marcha\u00bb _builder_version=\u00bb4.27.4&#8243; custom_margin=\u00bb||10px||false|false\u00bb custom_padding=\u00bb||10px||false|false\u00bb link_option_url=\u00bbhttps:\/\/www.juntadeandalucia.es\/educacion\/eaprendizaje\/ponte-en-marcha-2026\/\u00bb z_index_tablet=\u00bb500&#8243; text_text_shadow_horizontal_length_tablet=\u00bb0px\u00bb text_text_shadow_vertical_length_tablet=\u00bb0px\u00bb text_text_shadow_blur_strength_tablet=\u00bb1px\u00bb link_text_shadow_horizontal_length_tablet=\u00bb0px\u00bb link_text_shadow_vertical_length_tablet=\u00bb0px\u00bb link_text_shadow_blur_strength_tablet=\u00bb1px\u00bb ul_text_shadow_horizontal_length_tablet=\u00bb0px\u00bb ul_text_shadow_vertical_length_tablet=\u00bb0px\u00bb ul_text_shadow_blur_strength_tablet=\u00bb1px\u00bb ol_text_shadow_horizontal_length_tablet=\u00bb0px\u00bb ol_text_shadow_vertical_length_tablet=\u00bb0px\u00bb ol_text_shadow_blur_strength_tablet=\u00bb1px\u00bb quote_text_shadow_horizontal_length_tablet=\u00bb0px\u00bb quote_text_shadow_vertical_length_tablet=\u00bb0px\u00bb quote_text_shadow_blur_strength_tablet=\u00bb1px\u00bb header_text_shadow_horizontal_length_tablet=\u00bb0px\u00bb header_text_shadow_vertical_length_tablet=\u00bb0px\u00bb header_text_shadow_blur_strength_tablet=\u00bb1px\u00bb header_2_text_shadow_horizontal_length_tablet=\u00bb0px\u00bb header_2_text_shadow_vertical_length_tablet=\u00bb0px\u00bb header_2_text_shadow_blur_strength_tablet=\u00bb1px\u00bb header_3_text_shadow_horizontal_length_tablet=\u00bb0px\u00bb header_3_text_shadow_vertical_length_tablet=\u00bb0px\u00bb header_3_text_shadow_blur_strength_tablet=\u00bb1px\u00bb header_4_text_shadow_horizontal_length_tablet=\u00bb0px\u00bb header_4_text_shadow_vertical_length_tablet=\u00bb0px\u00bb header_4_text_shadow_blur_strength_tablet=\u00bb1px\u00bb header_5_text_shadow_horizontal_length_tablet=\u00bb0px\u00bb header_5_text_shadow_vertical_length_tablet=\u00bb0px\u00bb header_5_text_shadow_blur_strength_tablet=\u00bb1px\u00bb header_6_text_shadow_horizontal_length_tablet=\u00bb0px\u00bb header_6_text_shadow_vertical_length_tablet=\u00bb0px\u00bb header_6_text_shadow_blur_strength_tablet=\u00bb1px\u00bb box_shadow_horizontal_tablet=\u00bb0px\u00bb box_shadow_vertical_tablet=\u00bb0px\u00bb box_shadow_blur_tablet=\u00bb40px\u00bb box_shadow_spread_tablet=\u00bb0px\u00bb global_colors_info=\u00bb{}\u00bb]<\/p>\n<h2 style=\"text-align: center;\"><img loading=\"lazy\" decoding=\"async\" class=\"wp-image-10441 alignnone \" src=\"https:\/\/www.juntadeandalucia.es/educacion/eaprendizaje\/wp-content\/uploads\/2026\/02\/Imagen-boton-ponte-en-marcha-1.png\" alt=\"\" width=\"300\" height=\"300\" \/><\/h2>\n<p>[\/et_pb_text][et_pb_toggle title=\u00bbPonte en marcha\u00bb open_toggle_text_color=\u00bb#2aa3c1&#8243; admin_label=\u00bbEnlaces y documentos\u00bb _builder_version=\u00bb4.27.4&#8243; title_text_color=\u00bb#2aa3c1&#8243; z_index=\u00bb307&#8243; custom_margin=\u00bb||0px|\u00bb z_index_tablet=\u00bb500&#8243; title_text_shadow_horizontal_length_tablet=\u00bb0px\u00bb title_text_shadow_vertical_length_tablet=\u00bb0px\u00bb title_text_shadow_blur_strength_tablet=\u00bb1px\u00bb closed_title_text_shadow_horizontal_length_tablet=\u00bb0px\u00bb closed_title_text_shadow_vertical_length_tablet=\u00bb0px\u00bb closed_title_text_shadow_blur_strength_tablet=\u00bb1px\u00bb body_text_shadow_horizontal_length_tablet=\u00bb0px\u00bb body_text_shadow_vertical_length_tablet=\u00bb0px\u00bb body_text_shadow_blur_strength_tablet=\u00bb1px\u00bb body_link_text_shadow_horizontal_length_tablet=\u00bb0px\u00bb body_link_text_shadow_vertical_length_tablet=\u00bb0px\u00bb body_link_text_shadow_blur_strength_tablet=\u00bb1px\u00bb body_ul_text_shadow_horizontal_length_tablet=\u00bb0px\u00bb body_ul_text_shadow_vertical_length_tablet=\u00bb0px\u00bb body_ul_text_shadow_blur_strength_tablet=\u00bb1px\u00bb body_ol_text_shadow_horizontal_length_tablet=\u00bb0px\u00bb body_ol_text_shadow_vertical_length_tablet=\u00bb0px\u00bb body_ol_text_shadow_blur_strength_tablet=\u00bb1px\u00bb body_quote_text_shadow_horizontal_length_tablet=\u00bb0px\u00bb body_quote_text_shadow_vertical_length_tablet=\u00bb0px\u00bb body_quote_text_shadow_blur_strength_tablet=\u00bb1px\u00bb box_shadow_horizontal_tablet=\u00bb0px\u00bb box_shadow_vertical_tablet=\u00bb0px\u00bb box_shadow_blur_tablet=\u00bb40px\u00bb box_shadow_spread_tablet=\u00bb0px\u00bb text_shadow_horizontal_length_tablet=\u00bb0px\u00bb text_shadow_vertical_length_tablet=\u00bb0px\u00bb text_shadow_blur_strength_tablet=\u00bb1px\u00bb global_colors_info=\u00bb{}\u00bb]<\/p>\n<ul>\n<li><a href=\"https:\/\/www.juntadeandalucia.es\/educacion\/eaprendizaje\/ponte-en-marcha-2026\/\">Espacio web Concurso escolar Ponte en marcha<\/a><\/li>\n<li><a href=\"https:\/\/juntadeandalucia.es\/sites\/default\/files\/inline-files\/2026\/02\/Bases%20IX%20edici%C3%B3n%20Ponte%20en%20Marcha.pdf\">Bases del IX edici\u00f3n del Concurso escolar Ponte en Marcha<\/a><\/li>\n<li><a href=\"https:\/\/juntadeandalucia.es\/sites\/default\/files\/inline-files\/2026\/02\/Formulario_IX_Ponte_en_Marcha.pdf\">Formulario de inscripci\u00f3n y participaci\u00f3n<\/a><\/li>\n<\/ul>\n<p>[\/et_pb_toggle][\/et_pb_column][et_pb_column type=\u00bb1_4&#8243; module_class=\u00bbrec_verde rec_didacticos_list\u00bb _builder_version=\u00bb4.16&#8243; custom_padding=\u00bb|||\u00bb global_colors_info=\u00bb{}\u00bb custom_padding__hover=\u00bb|||\u00bb][et_pb_text admin_label=\u00bbsoludable\u00bb _builder_version=\u00bb4.27.4&#8243; custom_margin=\u00bb||10px||false|false\u00bb custom_padding=\u00bb||10px||false|false\u00bb z_index_tablet=\u00bb500&#8243; text_text_shadow_horizontal_length_tablet=\u00bb0px\u00bb text_text_shadow_vertical_length_tablet=\u00bb0px\u00bb text_text_shadow_blur_strength_tablet=\u00bb1px\u00bb link_text_shadow_horizontal_length_tablet=\u00bb0px\u00bb link_text_shadow_vertical_length_tablet=\u00bb0px\u00bb link_text_shadow_blur_strength_tablet=\u00bb1px\u00bb ul_text_shadow_horizontal_length_tablet=\u00bb0px\u00bb ul_text_shadow_vertical_length_tablet=\u00bb0px\u00bb ul_text_shadow_blur_strength_tablet=\u00bb1px\u00bb ol_text_shadow_horizontal_length_tablet=\u00bb0px\u00bb ol_text_shadow_vertical_length_tablet=\u00bb0px\u00bb ol_text_shadow_blur_strength_tablet=\u00bb1px\u00bb quote_text_shadow_horizontal_length_tablet=\u00bb0px\u00bb quote_text_shadow_vertical_length_tablet=\u00bb0px\u00bb quote_text_shadow_blur_strength_tablet=\u00bb1px\u00bb header_text_shadow_horizontal_length_tablet=\u00bb0px\u00bb header_text_shadow_vertical_length_tablet=\u00bb0px\u00bb header_text_shadow_blur_strength_tablet=\u00bb1px\u00bb header_2_text_shadow_horizontal_length_tablet=\u00bb0px\u00bb header_2_text_shadow_vertical_length_tablet=\u00bb0px\u00bb header_2_text_shadow_blur_strength_tablet=\u00bb1px\u00bb header_3_text_shadow_horizontal_length_tablet=\u00bb0px\u00bb header_3_text_shadow_vertical_length_tablet=\u00bb0px\u00bb header_3_text_shadow_blur_strength_tablet=\u00bb1px\u00bb header_4_text_shadow_horizontal_length_tablet=\u00bb0px\u00bb header_4_text_shadow_vertical_length_tablet=\u00bb0px\u00bb header_4_text_shadow_blur_strength_tablet=\u00bb1px\u00bb header_5_text_shadow_horizontal_length_tablet=\u00bb0px\u00bb header_5_text_shadow_vertical_length_tablet=\u00bb0px\u00bb header_5_text_shadow_blur_strength_tablet=\u00bb1px\u00bb header_6_text_shadow_horizontal_length_tablet=\u00bb0px\u00bb header_6_text_shadow_vertical_length_tablet=\u00bb0px\u00bb header_6_text_shadow_blur_strength_tablet=\u00bb1px\u00bb box_shadow_horizontal_tablet=\u00bb0px\u00bb box_shadow_vertical_tablet=\u00bb0px\u00bb box_shadow_blur_tablet=\u00bb40px\u00bb box_shadow_spread_tablet=\u00bb0px\u00bb global_colors_info=\u00bb{}\u00bb]<\/p>\n<h2 style=\"text-align: center;\"><img loading=\"lazy\" decoding=\"async\" class=\"wp-image-10791 alignnone \" src=\"https:\/\/www.juntadeandalucia.es/educacion/eaprendizaje\/wp-content\/uploads\/2026\/03\/imagen-soludable-2.png\" alt=\"\" width=\"300\" height=\"300\" \/><\/h2>\n<p>[\/et_pb_text][et_pb_toggle title=\u00bbCreciendo Soludable\u00bb open_toggle_text_color=\u00bb#2aa3c1&#8243; admin_label=\u00bbEnlaces y documentos\u00bb _builder_version=\u00bb4.27.4&#8243; title_text_color=\u00bb#2aa3c1&#8243; z_index=\u00bb307&#8243; custom_margin=\u00bb||0px|\u00bb z_index_tablet=\u00bb500&#8243; title_text_shadow_horizontal_length_tablet=\u00bb0px\u00bb title_text_shadow_vertical_length_tablet=\u00bb0px\u00bb title_text_shadow_blur_strength_tablet=\u00bb1px\u00bb closed_title_text_shadow_horizontal_length_tablet=\u00bb0px\u00bb closed_title_text_shadow_vertical_length_tablet=\u00bb0px\u00bb closed_title_text_shadow_blur_strength_tablet=\u00bb1px\u00bb body_text_shadow_horizontal_length_tablet=\u00bb0px\u00bb body_text_shadow_vertical_length_tablet=\u00bb0px\u00bb body_text_shadow_blur_strength_tablet=\u00bb1px\u00bb body_link_text_shadow_horizontal_length_tablet=\u00bb0px\u00bb body_link_text_shadow_vertical_length_tablet=\u00bb0px\u00bb body_link_text_shadow_blur_strength_tablet=\u00bb1px\u00bb body_ul_text_shadow_horizontal_length_tablet=\u00bb0px\u00bb body_ul_text_shadow_vertical_length_tablet=\u00bb0px\u00bb body_ul_text_shadow_blur_strength_tablet=\u00bb1px\u00bb body_ol_text_shadow_horizontal_length_tablet=\u00bb0px\u00bb body_ol_text_shadow_vertical_length_tablet=\u00bb0px\u00bb body_ol_text_shadow_blur_strength_tablet=\u00bb1px\u00bb body_quote_text_shadow_horizontal_length_tablet=\u00bb0px\u00bb body_quote_text_shadow_vertical_length_tablet=\u00bb0px\u00bb body_quote_text_shadow_blur_strength_tablet=\u00bb1px\u00bb box_shadow_horizontal_tablet=\u00bb0px\u00bb box_shadow_vertical_tablet=\u00bb0px\u00bb box_shadow_blur_tablet=\u00bb40px\u00bb box_shadow_spread_tablet=\u00bb0px\u00bb text_shadow_horizontal_length_tablet=\u00bb0px\u00bb text_shadow_vertical_length_tablet=\u00bb0px\u00bb text_shadow_blur_strength_tablet=\u00bb1px\u00bb global_colors_info=\u00bb{}\u00bb]<\/p>\n<ul>\n<li><a href=\"https:\/\/www.juntadeandalucia.es\/educacion\/eaprendizaje\/habitos-de-vida-saludable\/premios-creciendo-soludable\/\">Premios Creciendo Soludable<\/a><\/li>\n<li><a href=\"https:\/\/www.juntadeandalucia.es/educacion/eaprendizaje\/wp-content\/uploads\/2026\/03\/Dosier-Programa-educativo-Creciendo-soludable.pdf\">Dosier programa educativo Creciendo soludable<\/a><\/li>\n<li><a href=\"https:\/\/soludable.hcs.es\/course\/curso-fotoproteccion-profesorado\/\">Creciendo Soludable: curso de formaci\u00f3n en fotoprotecci\u00f3n para profesorado<\/a><\/li>\n<li><a href=\"https:\/\/soludable.hcs.es\/educacion-soludable\/\">P\u00e1gina web Educaci\u00f3n Soludable<\/a><\/li>\n<\/ul>\n<p>[\/et_pb_toggle][\/et_pb_column][\/et_pb_row][et_pb_row column_structure=\u00bb1_4,1_4,1_4,1_4&#8243; use_custom_gutter=\u00bbon\u00bb gutter_width=\u00bb2&#8243; _builder_version=\u00bb4.27.4&#8243; background_color=\u00bb#ffffff\u00bb width=\u00bb80.8%\u00bb max_width=\u00bb2560px\u00bb custom_margin=\u00bb22px||||false|false\u00bb custom_padding=\u00bb0px|2%|0px|2%\u00bb z_index_tablet=\u00bb500&#8243; box_shadow_horizontal_tablet=\u00bb0px\u00bb box_shadow_vertical_tablet=\u00bb0px\u00bb box_shadow_blur_tablet=\u00bb40px\u00bb box_shadow_spread_tablet=\u00bb0px\u00bb global_colors_info=\u00bb{}\u00bb][et_pb_column type=\u00bb1_4&#8243; module_class=\u00bbrec_verde rec_didacticos_list\u00bb _builder_version=\u00bb4.16&#8243; custom_padding=\u00bb|||\u00bb global_colors_info=\u00bb{}\u00bb custom_padding__hover=\u00bb|||\u00bb][et_pb_text admin_label=\u00bbGlobal Education Time\u00bb _builder_version=\u00bb4.27.4&#8243; custom_margin=\u00bb||10px||false|false\u00bb custom_padding=\u00bb||10px||false|false\u00bb z_index_tablet=\u00bb500&#8243; text_text_shadow_horizontal_length_tablet=\u00bb0px\u00bb text_text_shadow_vertical_length_tablet=\u00bb0px\u00bb text_text_shadow_blur_strength_tablet=\u00bb1px\u00bb link_text_shadow_horizontal_length_tablet=\u00bb0px\u00bb link_text_shadow_vertical_length_tablet=\u00bb0px\u00bb link_text_shadow_blur_strength_tablet=\u00bb1px\u00bb ul_text_shadow_horizontal_length_tablet=\u00bb0px\u00bb ul_text_shadow_vertical_length_tablet=\u00bb0px\u00bb ul_text_shadow_blur_strength_tablet=\u00bb1px\u00bb ol_text_shadow_horizontal_length_tablet=\u00bb0px\u00bb ol_text_shadow_vertical_length_tablet=\u00bb0px\u00bb ol_text_shadow_blur_strength_tablet=\u00bb1px\u00bb quote_text_shadow_horizontal_length_tablet=\u00bb0px\u00bb quote_text_shadow_vertical_length_tablet=\u00bb0px\u00bb quote_text_shadow_blur_strength_tablet=\u00bb1px\u00bb header_text_shadow_horizontal_length_tablet=\u00bb0px\u00bb header_text_shadow_vertical_length_tablet=\u00bb0px\u00bb header_text_shadow_blur_strength_tablet=\u00bb1px\u00bb header_2_text_shadow_horizontal_length_tablet=\u00bb0px\u00bb header_2_text_shadow_vertical_length_tablet=\u00bb0px\u00bb header_2_text_shadow_blur_strength_tablet=\u00bb1px\u00bb header_3_text_shadow_horizontal_length_tablet=\u00bb0px\u00bb header_3_text_shadow_vertical_length_tablet=\u00bb0px\u00bb header_3_text_shadow_blur_strength_tablet=\u00bb1px\u00bb header_4_text_shadow_horizontal_length_tablet=\u00bb0px\u00bb header_4_text_shadow_vertical_length_tablet=\u00bb0px\u00bb header_4_text_shadow_blur_strength_tablet=\u00bb1px\u00bb header_5_text_shadow_horizontal_length_tablet=\u00bb0px\u00bb header_5_text_shadow_vertical_length_tablet=\u00bb0px\u00bb header_5_text_shadow_blur_strength_tablet=\u00bb1px\u00bb header_6_text_shadow_horizontal_length_tablet=\u00bb0px\u00bb header_6_text_shadow_vertical_length_tablet=\u00bb0px\u00bb header_6_text_shadow_blur_strength_tablet=\u00bb1px\u00bb box_shadow_horizontal_tablet=\u00bb0px\u00bb box_shadow_vertical_tablet=\u00bb0px\u00bb box_shadow_blur_tablet=\u00bb40px\u00bb box_shadow_spread_tablet=\u00bb0px\u00bb global_colors_info=\u00bb{}\u00bb]<\/p>\n<h2 style=\"text-align: center;\"><img loading=\"lazy\" decoding=\"async\" class=\"wp-image-11137 alignnone \" src=\"https:\/\/www.juntadeandalucia.es/educacion/eaprendizaje\/wp-content\/uploads\/2026\/04\/imagen-global-education-time.png\" alt=\"\" width=\"300\" height=\"300\" \/><\/h2>\n<p>[\/et_pb_text][et_pb_toggle title=\u00bbGlobal Education Time\u00bb open_toggle_text_color=\u00bb#2aa3c1&#8243; admin_label=\u00bbEnlaces y documentos\u00bb _builder_version=\u00bb4.27.4&#8243; title_text_color=\u00bb#2aa3c1&#8243; z_index=\u00bb307&#8243; custom_margin=\u00bb||0px|\u00bb z_index_tablet=\u00bb500&#8243; title_text_shadow_horizontal_length_tablet=\u00bb0px\u00bb title_text_shadow_vertical_length_tablet=\u00bb0px\u00bb title_text_shadow_blur_strength_tablet=\u00bb1px\u00bb closed_title_text_shadow_horizontal_length_tablet=\u00bb0px\u00bb closed_title_text_shadow_vertical_length_tablet=\u00bb0px\u00bb closed_title_text_shadow_blur_strength_tablet=\u00bb1px\u00bb body_text_shadow_horizontal_length_tablet=\u00bb0px\u00bb body_text_shadow_vertical_length_tablet=\u00bb0px\u00bb body_text_shadow_blur_strength_tablet=\u00bb1px\u00bb body_link_text_shadow_horizontal_length_tablet=\u00bb0px\u00bb body_link_text_shadow_vertical_length_tablet=\u00bb0px\u00bb body_link_text_shadow_blur_strength_tablet=\u00bb1px\u00bb body_ul_text_shadow_horizontal_length_tablet=\u00bb0px\u00bb body_ul_text_shadow_vertical_length_tablet=\u00bb0px\u00bb body_ul_text_shadow_blur_strength_tablet=\u00bb1px\u00bb body_ol_text_shadow_horizontal_length_tablet=\u00bb0px\u00bb body_ol_text_shadow_vertical_length_tablet=\u00bb0px\u00bb body_ol_text_shadow_blur_strength_tablet=\u00bb1px\u00bb body_quote_text_shadow_horizontal_length_tablet=\u00bb0px\u00bb body_quote_text_shadow_vertical_length_tablet=\u00bb0px\u00bb body_quote_text_shadow_blur_strength_tablet=\u00bb1px\u00bb box_shadow_horizontal_tablet=\u00bb0px\u00bb box_shadow_vertical_tablet=\u00bb0px\u00bb box_shadow_blur_tablet=\u00bb40px\u00bb box_shadow_spread_tablet=\u00bb0px\u00bb text_shadow_horizontal_length_tablet=\u00bb0px\u00bb text_shadow_vertical_length_tablet=\u00bb0px\u00bb text_shadow_blur_strength_tablet=\u00bb1px\u00bb global_colors_info=\u00bb{}\u00bb]<\/p>\n<ul>\n<li><a href=\"https:\/\/www.globaleducationtime.eu\/espana\/\">P\u00e1gina web<\/a><\/li>\n<li>I<a href=\"https:\/\/www.globaleducationtime.eu\/espana\/studies\/\">nvestigaciones<\/a><\/li>\n<li><a href=\"https:\/\/www.globaleducationtime.eu\/espana\/download\/tlu-raices-sonoras-colonialismo-y-esclavitud-en-el-surgimiento-de-la-musica-afrocubana\/\">Recursos did\u00e1cticos<\/a><\/li>\n<\/ul>\n<p>[\/et_pb_toggle][\/et_pb_column][et_pb_column type=\u00bb1_4&#8243; module_class=\u00bbrec_verde rec_didacticos_list\u00bb _builder_version=\u00bb4.16&#8243; custom_padding=\u00bb|||\u00bb global_colors_info=\u00bb{}\u00bb custom_padding__hover=\u00bb|||\u00bb][\/et_pb_column][et_pb_column type=\u00bb1_4&#8243; module_class=\u00bbrec_verde rec_didacticos_list\u00bb _builder_version=\u00bb4.16&#8243; custom_padding=\u00bb|||\u00bb global_colors_info=\u00bb{}\u00bb custom_padding__hover=\u00bb|||\u00bb][\/et_pb_column][et_pb_column type=\u00bb1_4&#8243; module_class=\u00bbrec_verde rec_didacticos_list\u00bb _builder_version=\u00bb4.16&#8243; custom_padding=\u00bb|||\u00bb global_colors_info=\u00bb{}\u00bb custom_padding__hover=\u00bb|||\u00bb][\/et_pb_column][\/et_pb_row][\/et_pb_section][et_pb_section fb_built=\u00bb1&#8243; _builder_version=\u00bb4.27.4&#8243; _module_preset=\u00bbdefault\u00bb global_colors_info=\u00bb{}\u00bb][et_pb_row _builder_version=\u00bb4.27.4&#8243; _module_preset=\u00bbdefault\u00bb global_colors_info=\u00bb{}\u00bb][et_pb_column type=\u00bb4_4&#8243; _builder_version=\u00bb4.27.4&#8243; _module_preset=\u00bbdefault\u00bb global_colors_info=\u00bb{}\u00bb][et_pb_text _builder_version=\u00bb4.27.4&#8243; _module_preset=\u00bbdefault\u00bb global_colors_info=\u00bb{}\u00bb][\/et_pb_text][\/et_pb_column][\/et_pb_row][\/et_pb_section][et_pb_section fb_built=\u00bb1&#8243; _builder_version=\u00bb4.27.4&#8243; background_color=\u00bb#96deee\u00bb z_index_tablet=\u00bb500&#8243; box_shadow_horizontal_tablet=\u00bb0px\u00bb box_shadow_vertical_tablet=\u00bb0px\u00bb box_shadow_blur_tablet=\u00bb40px\u00bb box_shadow_spread_tablet=\u00bb0px\u00bb global_colors_info=\u00bb{}\u00bb][et_pb_row _builder_version=\u00bb4.16&#8243; global_colors_info=\u00bb{}\u00bb][et_pb_column type=\u00bb4_4&#8243; _builder_version=\u00bb4.16&#8243; custom_padding=\u00bb|||\u00bb global_colors_info=\u00bb{}\u00bb custom_padding__hover=\u00bb|||\u00bb][et_pb_text _builder_version=\u00bb4.27.4&#8243; text_font_size=\u00bb7px\u00bb text_orientation=\u00bbcenter\u00bb custom_margin=\u00bb|||5px|false|false\u00bb custom_padding=\u00bb|||50px|false|false\u00bb z_index_tablet=\u00bb500&#8243; text_text_shadow_horizontal_length_tablet=\u00bb0px\u00bb text_text_shadow_vertical_length_tablet=\u00bb0px\u00bb text_text_shadow_blur_strength_tablet=\u00bb1px\u00bb link_text_shadow_horizontal_length_tablet=\u00bb0px\u00bb link_text_shadow_vertical_length_tablet=\u00bb0px\u00bb link_text_shadow_blur_strength_tablet=\u00bb1px\u00bb ul_text_shadow_horizontal_length_tablet=\u00bb0px\u00bb ul_text_shadow_vertical_length_tablet=\u00bb0px\u00bb ul_text_shadow_blur_strength_tablet=\u00bb1px\u00bb ol_text_shadow_horizontal_length_tablet=\u00bb0px\u00bb ol_text_shadow_vertical_length_tablet=\u00bb0px\u00bb ol_text_shadow_blur_strength_tablet=\u00bb1px\u00bb quote_text_shadow_horizontal_length_tablet=\u00bb0px\u00bb quote_text_shadow_vertical_length_tablet=\u00bb0px\u00bb quote_text_shadow_blur_strength_tablet=\u00bb1px\u00bb header_text_shadow_horizontal_length_tablet=\u00bb0px\u00bb header_text_shadow_vertical_length_tablet=\u00bb0px\u00bb header_text_shadow_blur_strength_tablet=\u00bb1px\u00bb header_2_text_shadow_horizontal_length_tablet=\u00bb0px\u00bb header_2_text_shadow_vertical_length_tablet=\u00bb0px\u00bb header_2_text_shadow_blur_strength_tablet=\u00bb1px\u00bb header_3_text_shadow_horizontal_length_tablet=\u00bb0px\u00bb header_3_text_shadow_vertical_length_tablet=\u00bb0px\u00bb header_3_text_shadow_blur_strength_tablet=\u00bb1px\u00bb header_4_text_shadow_horizontal_length_tablet=\u00bb0px\u00bb header_4_text_shadow_vertical_length_tablet=\u00bb0px\u00bb header_4_text_shadow_blur_strength_tablet=\u00bb1px\u00bb header_5_text_shadow_horizontal_length_tablet=\u00bb0px\u00bb header_5_text_shadow_vertical_length_tablet=\u00bb0px\u00bb header_5_text_shadow_blur_strength_tablet=\u00bb1px\u00bb header_6_text_shadow_horizontal_length_tablet=\u00bb0px\u00bb header_6_text_shadow_vertical_length_tablet=\u00bb0px\u00bb header_6_text_shadow_blur_strength_tablet=\u00bb1px\u00bb box_shadow_horizontal_tablet=\u00bb0px\u00bb box_shadow_vertical_tablet=\u00bb0px\u00bb box_shadow_blur_tablet=\u00bb40px\u00bb box_shadow_spread_tablet=\u00bb0px\u00bb text_text_align=\u00bbcenter\u00bb global_colors_info=\u00bb{}\u00bb]<\/p>\n<h2><span style=\"color: #005da8;\"><strong>Contacto<\/strong><\/span><\/h2>\n<h6><span style=\"color: #000000;\">Para cuestiones relacionadas con la gesti\u00f3n de los Planes y Programas Educativos puede dirigirse al correo: <a href=\"mailto:programaseducativos.cdefp@juntadeandalucia.es\">programaseducativos.cdefp@juntadeandalucia.es<\/a><\/span><\/h6>\n<h6><span style=\"color: #000000;\">Para consultas t\u00e9cnicas puede dirigirse al <a href=\"https:\/\/juntadeandalucia.es\/organismos\/desarrolloeducativoyformacionprofesional\/servicios\/atencion-ciudadania.html\">Centro de Atenci\u00f3n a Usuarios de la Comunidad Educativa (CAUCE)<\/a><\/span><\/h6>\n<p>[\/et_pb_text][\/et_pb_column][\/et_pb_row][\/et_pb_section]<\/p>\n","protected":false},"excerpt":{"rendered":"<p>El Programa Aldea pretende promover el desarrollo de iniciativas de educaci\u00f3n ambiental ante la situaci\u00f3n de emergencia clim\u00e1tica actual, la conexi\u00f3n con la naturaleza y renaturalizaci\u00f3n de espacios, el cambio clim\u00e1tico, el desarrollo sostenible y las relaciones del ser humano con su entorno social y natural (competencia ecosocial). En concreto, este programa contempla los siguientes [&hellip;]<\/p>\n","protected":false},"author":2,"featured_media":0,"parent":0,"menu_order":0,"comment_status":"closed","ping_status":"closed","template":"","meta":{"_et_pb_use_builder":"on","_et_pb_old_content":"","_et_gb_content_width":"","footnotes":""},"class_list":["post-3684","page","type-page","status-publish","hentry"],"yoast_head":"<!-- This site is optimized with the Yoast SEO plugin v24.4 - https:\/\/yoast.com\/wordpress\/plugins\/seo\/ -->\n<title>Aldea curso 2025\/2026 - eAprendizaje<\/title>\n<meta name=\"robots\" content=\"index, follow, max-snippet:-1, max-image-preview:large, max-video-preview:-1\" \/>\n<link rel=\"canonical\" href=\"https:\/\/www.juntadeandalucia.es/educacion/eaprendizaje\/aldea\/\" \/>\n<meta property=\"og:locale\" content=\"es_ES\" \/>\n<meta property=\"og:type\" content=\"article\" \/>\n<meta property=\"og:title\" content=\"Aldea curso 2025\/2026 - eAprendizaje\" \/>\n<meta property=\"og:description\" content=\"El Programa Aldea pretende promover el desarrollo de iniciativas de educaci\u00f3n ambiental ante la situaci\u00f3n de emergencia clim\u00e1tica actual, la conexi\u00f3n con la naturaleza y renaturalizaci\u00f3n de espacios, el cambio clim\u00e1tico, el desarrollo sostenible y las relaciones del ser humano con su entorno social y natural (competencia ecosocial). En concreto, este programa contempla los siguientes [&hellip;]\" \/>\n<meta property=\"og:url\" content=\"https:\/\/www.juntadeandalucia.es/educacion/eaprendizaje\/aldea\/\" \/>\n<meta property=\"og:site_name\" content=\"eAprendizaje\" \/>\n<meta property=\"article:modified_time\" content=\"2026-04-07T11:50:13+00:00\" \/>\n<meta property=\"og:image\" content=\"https:\/\/www.juntadeandalucia.es/educacion/eaprendizaje\/wp-content\/uploads\/2025\/09\/Logo-consejeria-cabecera-2.png\" \/>\n<meta name=\"twitter:card\" content=\"summary_large_image\" \/>\n<meta name=\"twitter:label1\" content=\"Tiempo de lectura\" \/>\n\t<meta name=\"twitter:data1\" content=\"11 minutos\" \/>\n<script type=\"application\/ld+json\" class=\"yoast-schema-graph\">{\"@context\":\"https:\/\/schema.org\",\"@graph\":[{\"@type\":\"WebPage\",\"@id\":\"https:\/\/www.juntadeandalucia.es/educacion/eaprendizaje\/aldea\/\",\"url\":\"https:\/\/www.juntadeandalucia.es/educacion/eaprendizaje\/aldea\/\",\"name\":\"Aldea curso 2025\/2026 - eAprendizaje\",\"isPartOf\":{\"@id\":\"https:\/\/www.juntadeandalucia.es/educacion/eaprendizaje\/#website\"},\"primaryImageOfPage\":{\"@id\":\"https:\/\/www.juntadeandalucia.es/educacion/eaprendizaje\/aldea\/#primaryimage\"},\"image\":{\"@id\":\"https:\/\/www.juntadeandalucia.es/educacion/eaprendizaje\/aldea\/#primaryimage\"},\"thumbnailUrl\":\"https:\/\/www.juntadeandalucia.es/educacion/eaprendizaje\/wp-content\/uploads\/2025\/09\/Logo-consejeria-cabecera-2.png\",\"datePublished\":\"2023-11-10T11:55:15+00:00\",\"dateModified\":\"2026-04-07T11:50:13+00:00\",\"breadcrumb\":{\"@id\":\"https:\/\/www.juntadeandalucia.es/educacion/eaprendizaje\/aldea\/#breadcrumb\"},\"inLanguage\":\"es\",\"potentialAction\":[{\"@type\":\"ReadAction\",\"target\":[\"https:\/\/www.juntadeandalucia.es/educacion/eaprendizaje\/aldea\/\"]}]},{\"@type\":\"ImageObject\",\"inLanguage\":\"es\",\"@id\":\"https:\/\/www.juntadeandalucia.es/educacion/eaprendizaje\/aldea\/#primaryimage\",\"url\":\"https:\/\/www.juntadeandalucia.es/educacion/eaprendizaje\/wp-content\/uploads\/2025\/09\/Logo-consejeria-cabecera-2.png\",\"contentUrl\":\"https:\/\/www.juntadeandalucia.es/educacion/eaprendizaje\/wp-content\/uploads\/2025\/09\/Logo-consejeria-cabecera-2.png\",\"width\":470,\"height\":390},{\"@type\":\"BreadcrumbList\",\"@id\":\"https:\/\/www.juntadeandalucia.es/educacion/eaprendizaje\/aldea\/#breadcrumb\",\"itemListElement\":[{\"@type\":\"ListItem\",\"position\":1,\"name\":\"Inicio\",\"item\":\"https:\/\/www.juntadeandalucia.es/educacion/eaprendizaje\/\"},{\"@type\":\"ListItem\",\"position\":2,\"name\":\"Aldea curso 2025\/2026\"}]},{\"@type\":\"WebSite\",\"@id\":\"https:\/\/www.juntadeandalucia.es/educacion/eaprendizaje\/#website\",\"url\":\"https:\/\/www.juntadeandalucia.es/educacion/eaprendizaje\/\",\"name\":\"eAprendizaje\",\"description\":\"Punto de encuentro de la Comunidad Educativa\",\"potentialAction\":[{\"@type\":\"SearchAction\",\"target\":{\"@type\":\"EntryPoint\",\"urlTemplate\":\"https:\/\/www.juntadeandalucia.es/educacion/eaprendizaje\/?s={search_term_string}\"},\"query-input\":{\"@type\":\"PropertyValueSpecification\",\"valueRequired\":true,\"valueName\":\"search_term_string\"}}],\"inLanguage\":\"es\"}]}<\/script>\n<!-- \/ Yoast SEO plugin. -->","yoast_head_json":{"title":"Aldea curso 2025\/2026 - eAprendizaje","robots":{"index":"index","follow":"follow","max-snippet":"max-snippet:-1","max-image-preview":"max-image-preview:large","max-video-preview":"max-video-preview:-1"},"canonical":"https:\/\/www.juntadeandalucia.es/educacion/eaprendizaje\/aldea\/","og_locale":"es_ES","og_type":"article","og_title":"Aldea curso 2025\/2026 - eAprendizaje","og_description":"El Programa Aldea pretende promover el desarrollo de iniciativas de educaci\u00f3n ambiental ante la situaci\u00f3n de emergencia clim\u00e1tica actual, la conexi\u00f3n con la naturaleza y renaturalizaci\u00f3n de espacios, el cambio clim\u00e1tico, el desarrollo sostenible y las relaciones del ser humano con su entorno social y natural (competencia ecosocial). En concreto, este programa contempla los siguientes [&hellip;]","og_url":"https:\/\/www.juntadeandalucia.es/educacion/eaprendizaje\/aldea\/","og_site_name":"eAprendizaje","article_modified_time":"2026-04-07T11:50:13+00:00","og_image":[{"url":"https:\/\/www.juntadeandalucia.es/educacion/eaprendizaje\/wp-content\/uploads\/2025\/09\/Logo-consejeria-cabecera-2.png","type":"","width":"","height":""}],"twitter_card":"summary_large_image","twitter_misc":{"Tiempo de lectura":"11 minutos"},"schema":{"@context":"https:\/\/schema.org","@graph":[{"@type":"WebPage","@id":"https:\/\/www.juntadeandalucia.es/educacion/eaprendizaje\/aldea\/","url":"https:\/\/www.juntadeandalucia.es/educacion/eaprendizaje\/aldea\/","name":"Aldea curso 2025\/2026 - eAprendizaje","isPartOf":{"@id":"https:\/\/www.juntadeandalucia.es/educacion/eaprendizaje\/#website"},"primaryImageOfPage":{"@id":"https:\/\/www.juntadeandalucia.es/educacion/eaprendizaje\/aldea\/#primaryimage"},"image":{"@id":"https:\/\/www.juntadeandalucia.es/educacion/eaprendizaje\/aldea\/#primaryimage"},"thumbnailUrl":"https:\/\/www.juntadeandalucia.es/educacion/eaprendizaje\/wp-content\/uploads\/2025\/09\/Logo-consejeria-cabecera-2.png","datePublished":"2023-11-10T11:55:15+00:00","dateModified":"2026-04-07T11:50:13+00:00","breadcrumb":{"@id":"https:\/\/www.juntadeandalucia.es/educacion/eaprendizaje\/aldea\/#breadcrumb"},"inLanguage":"es","potentialAction":[{"@type":"ReadAction","target":["https:\/\/www.juntadeandalucia.es/educacion/eaprendizaje\/aldea\/"]}]},{"@type":"ImageObject","inLanguage":"es","@id":"https:\/\/www.juntadeandalucia.es/educacion/eaprendizaje\/aldea\/#primaryimage","url":"https:\/\/www.juntadeandalucia.es/educacion/eaprendizaje\/wp-content\/uploads\/2025\/09\/Logo-consejeria-cabecera-2.png","contentUrl":"https:\/\/www.juntadeandalucia.es/educacion/eaprendizaje\/wp-content\/uploads\/2025\/09\/Logo-consejeria-cabecera-2.png","width":470,"height":390},{"@type":"BreadcrumbList","@id":"https:\/\/www.juntadeandalucia.es/educacion/eaprendizaje\/aldea\/#breadcrumb","itemListElement":[{"@type":"ListItem","position":1,"name":"Inicio","item":"https:\/\/www.juntadeandalucia.es/educacion/eaprendizaje\/"},{"@type":"ListItem","position":2,"name":"Aldea curso 2025\/2026"}]},{"@type":"WebSite","@id":"https:\/\/www.juntadeandalucia.es/educacion/eaprendizaje\/#website","url":"https:\/\/www.juntadeandalucia.es/educacion/eaprendizaje\/","name":"eAprendizaje","description":"Punto de encuentro de la Comunidad Educativa","potentialAction":[{"@type":"SearchAction","target":{"@type":"EntryPoint","urlTemplate":"https:\/\/www.juntadeandalucia.es/educacion/eaprendizaje\/?s={search_term_string}"},"query-input":{"@type":"PropertyValueSpecification","valueRequired":true,"valueName":"search_term_string"}}],"inLanguage":"es"}]}},"_links":{"self":[{"href":"https:\/\/www.juntadeandalucia.es/educacion/eaprendizaje\/wp-json\/wp\/v2\/pages\/3684","targetHints":{"allow":["GET"]}}],"collection":[{"href":"https:\/\/www.juntadeandalucia.es/educacion/eaprendizaje\/wp-json\/wp\/v2\/pages"}],"about":[{"href":"https:\/\/www.juntadeandalucia.es/educacion/eaprendizaje\/wp-json\/wp\/v2\/types\/page"}],"author":[{"embeddable":true,"href":"https:\/\/www.juntadeandalucia.es/educacion/eaprendizaje\/wp-json\/wp\/v2\/users\/2"}],"replies":[{"embeddable":true,"href":"https:\/\/www.juntadeandalucia.es/educacion/eaprendizaje\/wp-json\/wp\/v2\/comments?post=3684"}],"version-history":[{"count":156,"href":"https:\/\/www.juntadeandalucia.es/educacion/eaprendizaje\/wp-json\/wp\/v2\/pages\/3684\/revisions"}],"predecessor-version":[{"id":11176,"href":"https:\/\/www.juntadeandalucia.es/educacion/eaprendizaje\/wp-json\/wp\/v2\/pages\/3684\/revisions\/11176"}],"wp:attachment":[{"href":"https:\/\/www.juntadeandalucia.es/educacion/eaprendizaje\/wp-json\/wp\/v2\/media?parent=3684"}],"curies":[{"name":"wp","href":"https:\/\/api.w.org\/{rel}","templated":true}]}}