{"id":6,"date":"2026-04-08T14:27:42","date_gmt":"2026-04-08T17:27:42","guid":{"rendered":"https:\/\/recreo.agency\/congreso\/?page_id=6"},"modified":"2026-06-12T12:12:36","modified_gmt":"2026-06-12T12:12:36","slug":"congreso-codigo-escuela-4-0","status":"publish","type":"page","link":"https:\/\/www.juntadeandalucia.es/educacion/eaprendizaje\/impulsocd\/pct-codigo-escuela-4-0\/congreso-codigo-escuela-4-0\/","title":{"rendered":"Congreso C\u00f3digo Escuela 4.0"},"content":{"rendered":"<p>[et_pb_section fb_built=\u00bb1&#8243; fullwidth=\u00bbon\u00bb _builder_version=\u00bb4.27.4&#8243; _module_preset=\u00bbdefault\u00bb height=\u00bb0px\u00bb custom_margin=\u00bb0px||0px||false|false\u00bb custom_padding=\u00bb0px||0px||false|false\u00bb custom_css_free_form=\u00bb.et_pb_row {||     width: 90%;||     max-width: 1980px;||}\u00bb global_colors_info=\u00bb{}\u00bb][et_pb_fullwidth_code admin_label=\u00bbFullwidth Code\u00bb _builder_version=\u00bb4.27.4&#8243; _module_preset=\u00bbdefault\u00bb global_colors_info=\u00bb{}\u00bb]<\/p>\n<style><!-- [et_pb_line_break_holder] -->@import url(\"https:\/\/use.typekit.net\/ioo1lyl.css\");<!-- [et_pb_line_break_holder] -->@import url(\"https:\/\/fonts.googleapis.com\/css2?family=Raleway:wght@400;500;600;700;800&display=swap\");<!-- [et_pb_line_break_holder] --><\/style>\n<p><!-- [et_pb_line_break_holder] --><\/p>\n<style><!-- [et_pb_line_break_holder] -->#main-header {<!-- [et_pb_line_break_holder] -->  overflow: visible !important;<!-- [et_pb_line_break_holder] -->}<!-- [et_pb_line_break_holder] --><!-- [et_pb_line_break_holder] -->.et_mobile_menu {<!-- [et_pb_line_break_holder] -->  z-index: 9999 !important;<!-- [et_pb_line_break_holder] -->  position: absolute !important;<!-- [et_pb_line_break_holder] -->  top: 60px !important;<!-- [et_pb_line_break_holder] -->}<!-- [et_pb_line_break_holder] -->.et_pb_section,<!-- [et_pb_line_break_holder] -->.et_pb_row,<!-- [et_pb_line_break_holder] -->.et_pb_column {<!-- [et_pb_line_break_holder] -->  overflow: visible !important;<!-- [et_pb_line_break_holder] -->}<!-- [et_pb_line_break_holder] --><!-- [et_pb_line_break_holder] -->#main-header {<!-- [et_pb_line_break_holder] -->  position: relative !important;<!-- [et_pb_line_break_holder] -->  z-index: 99999 !important;<!-- [et_pb_line_break_holder] -->}<!-- [et_pb_line_break_holder] -->.ce40-subnav-menu {<!-- [et_pb_line_break_holder] -->  position: absolute !important;<!-- [et_pb_line_break_holder] -->  z-index: 999999 !important;<!-- [et_pb_line_break_holder] -->}<!-- [et_pb_line_break_holder] --><!-- [et_pb_line_break_holder] -->\/* Bajamos prioridad del breadcrumb *\/<!-- [et_pb_line_break_holder] -->.migasdepan {<!-- [et_pb_line_break_holder] -->  position: relative !important;<!-- [et_pb_line_break_holder] -->  z-index: 1 !important;<!-- [et_pb_line_break_holder] -->}<!-- [et_pb_line_break_holder] --><!-- [et_pb_line_break_holder] -->\/* Bajamos prioridad del header *\/<!-- [et_pb_line_break_holder] -->#main-header {<!-- [et_pb_line_break_holder] -->  z-index: 10 !important;<!-- [et_pb_line_break_holder] -->}<!-- [et_pb_line_break_holder] --><\/style>\n<p><!-- [et_pb_line_break_holder] --><script><!-- [et_pb_line_break_holder] -->document.addEventListener('DOMContentLoaded', function () {<!-- [et_pb_line_break_holder] -->  const toggle = document.querySelector('.ce40-subnav-toggle');<!-- [et_pb_line_break_holder] -->  const menu = document.querySelector('.ce40-subnav-menu');<!-- [et_pb_line_break_holder] -->  const links = document.querySelectorAll('.ce40-subnav-menu .ce40-subnav');<!-- [et_pb_line_break_holder] --><!-- [et_pb_line_break_holder] -->  if (!toggle || !menu) return;<!-- [et_pb_line_break_holder] --><!-- [et_pb_line_break_holder] -->  toggle.addEventListener('click', function () {<!-- [et_pb_line_break_holder] -->    const isOpen = menu.classList.toggle('is-open');<!-- [et_pb_line_break_holder] -->    toggle.setAttribute('aria-expanded', isOpen ? 'true' : 'false');<!-- [et_pb_line_break_holder] -->  });<!-- [et_pb_line_break_holder] --><!-- [et_pb_line_break_holder] -->  links.forEach(function(link){<!-- [et_pb_line_break_holder] -->    link.addEventListener('click', function () {<!-- [et_pb_line_break_holder] -->      menu.classList.remove('is-open');<!-- [et_pb_line_break_holder] -->      toggle.setAttribute('aria-expanded', 'false');<!-- [et_pb_line_break_holder] -->    });<!-- [et_pb_line_break_holder] -->  });<!-- [et_pb_line_break_holder] -->});<!-- [et_pb_line_break_holder] --><\/script>[\/et_pb_fullwidth_code][\/et_pb_section][et_pb_section fb_built=\u00bb1&#8243; _builder_version=\u00bb4.27.4&#8243; _module_preset=\u00bbdefault\u00bb background_color=\u00bb#302b56&#8243; custom_margin=\u00bb0px||0px||false|false\u00bb custom_padding=\u00bb0px||0px||false|false\u00bb sticky_position=\u00bbtop\u00bb global_colors_info=\u00bb{}\u00bb max_height__sticky_enabled=\u00bbon|sticky\u00bb max_height__sticky=\u00bb100px\u00bb][et_pb_row column_structure=\u00bb1_3,2_3&#8243; use_custom_gutter=\u00bbon\u00bb make_equal=\u00bbon\u00bb module_id=\u00bbce4-head\u00bb module_class=\u00bbfila-centrada-vertical fila-2cols-mobile\u00bb _builder_version=\u00bb4.27.4&#8243; _module_preset=\u00bbdefault\u00bb background_enable_color=\u00bboff\u00bb custom_padding=\u00bb20px||20px||false|false\u00bb global_colors_info=\u00bb{}\u00bb custom_padding__sticky_enabled=\u00bbon|sticky\u00bb custom_padding__sticky=\u00bb10px||10px||false|false\u00bb][et_pb_column type=\u00bb1_3&#8243; _builder_version=\u00bb4.27.4&#8243; _module_preset=\u00bbdefault\u00bb global_colors_info=\u00bb{}\u00bb][et_pb_image src=\u00bbhttps:\/\/www.juntadeandalucia.es/educacion/eaprendizaje\/wp-content\/uploads\/2026\/04\/logo-congreso-ce4-1.png\u00bb title_text=\u00bblogo-congreso-ce4&#8243; url=\u00bb#\u00bb _builder_version=\u00bb4.27.4&#8243; _module_preset=\u00bbdefault\u00bb max_width=\u00bb250px\u00bb global_colors_info=\u00bb{}\u00bb max_width__sticky_enabled=\u00bbon|sticky\u00bb max_width__sticky=\u00bb180px\u00bb max_height__sticky_enabled=\u00bboff|sticky\u00bb][\/et_pb_image][\/et_pb_column][et_pb_column type=\u00bb2_3&#8243; _builder_version=\u00bb4.27.4&#8243; _module_preset=\u00bbdefault\u00bb global_colors_info=\u00bb{}\u00bb][et_pb_code _builder_version=\u00bb4.27.4&#8243; _module_preset=\u00bbdefault\u00bb min_height=\u00bb0px\u00bb custom_margin=\u00bb||||false|false\u00bb custom_padding=\u00bb||||false|false\u00bb custom_css_free_form=\u00bb.ce40-subnav-wrapper{||  position: relative;||  text-align: right;||  z-index: 9999;||}||||.ce40-subnav-menu{||  display: flex;||  flex-wrap: wrap;||  gap: 34px;||  align-items: center;||      justify-content: flex-end;||}||||.ce40-subnav{||  text-decoration: none;||  color: #ffffff;||  font-size: 14px;||  line-height: 1.2;||  padding: 5px;||  text-transform: uppercase;||  letter-spacing: 0.02em;||      font-family: %22Raleway%22, sans-serif;||}||a.ce40-subnav:hover {||    background-color: rgba(255,255,255,0.2);||}||.ce40-subnav-toggle{||  display: none;||  align-items: center;||  gap: 10px;||  background: none;||  border: none;||  padding: 0;||  cursor: pointer;||  font: inherit;||  color: #ffffff;||  text-transform: uppercase;||  font-size: 14px;||  letter-spacing: 0.02em;||        font-family: %22Raleway%22, sans-serif;||}||||.ce40-subnav-icon{||  position: relative;||  display: inline-block;||  width: 20px;||  height: 14px;||}||||.ce40-subnav-icon,||.ce40-subnav-icon::before,||.ce40-subnav-icon::after{||  border-top: 2px solid #ffffff;||}||||.ce40-subnav-icon::before,||.ce40-subnav-icon::after{||  content: %22%22;||  position: absolute;||  left: 0;||  width: 20px;||}||||.ce40-subnav-icon::before{ top: 4px; }||.ce40-subnav-icon::after{ top: 10px; }||||||@media (max-width: 767px){||  .fila-2cols-mobile{||    display:flex;||    flex-wrap:wrap;||  }||||  .fila-2cols-mobile .et_pb_column{||    width:48% !important;||    margin-right:4% !important;||  }||||  .fila-2cols-mobile .et_pb_column:nth-child(2n){||    margin-right:0 !important;||  }||}||||@media (max-width: 980px){||||  .ce40-subnav-wrapper{||    position: static;||    text-align: right;||  }||||  .ce40-subnav-toggle{||    display: inline-flex;||    justify-content: flex-end;||    position: relative;||    z-index: 100002;||  }||||  .ce40-subnav-menu{||    display: none;||    position: fixed;||    top: 86px; \/* ajusta seg\u00fan la altura real de tu cabecera *\/||    left: 0;||    right: 0;||    width: 100vw;||    max-width: 100vw;||    min-height: calc(100vh &#8211; 86px);||    padding: 24px 24px 32px;||    background: #302b56;||    flex-direction: column;||    align-items: flex-start;||    justify-content: flex-start;||    gap: 0;||    text-align: left;||    box-shadow: none;||    z-index: 100001 !important;||    overflow-y: auto;||  }||||  .ce40-subnav-menu.is-open{||    display: flex;||  }||||  .ce40-subnav{||    display: block;||    width: 100%;||    padding: 14px 0;||    font-size: 18px;||    line-height: 1.2;||    color: #ffffff;||  }||||  .ce4-head,||  #ce4-head,||  .ce4-head .et_pb_row,||  .ce4-head .et_pb_column,||  .ce4-head .et_pb_code_inner{||    position: relative;||    z-index: 100000 !important;||    overflow: visible !important;||  }||}||\u00bb global_colors_info=\u00bb{}\u00bb]<\/p>\n<div class=\"ce40-subnav-wrapper\"><!-- [et_pb_line_break_holder] -->  <button class=\"ce40-subnav-toggle\" aria-expanded=\"false\" aria-controls=\"ce40-subnav-menu\"><!-- [et_pb_line_break_holder] -->    <span class=\"ce40-subnav-icon\"><\/span><!-- [et_pb_line_break_holder] --><span class=\"ce40-subnav-label\">Congreso<\/span><!-- [et_pb_line_break_holder] -->  <\/button><!-- [et_pb_line_break_holder] --><!-- [et_pb_line_break_holder] -->  <\/p>\n<div class=\"ce40-subnav-menu\" id=\"ce40-subnav-menu\"><!-- [et_pb_line_break_holder] -->        <a class=\"ce40-subnav\" href=\"#inicio\">Inicio<\/a><!-- [et_pb_line_break_holder] -->    <a class=\"ce40-subnav\" href=\"galeria-multimedia\">Galer\u00eda multimedia<\/a><!-- [et_pb_line_break_holder] -->        <a class=\"ce40-subnav\" href=\"#congreso\">El congreso<\/a><!-- [et_pb_line_break_holder] -->    <a class=\"ce40-subnav\" href=\"#programa\">Programa<\/a><!-- [et_pb_line_break_holder] -->    <a class=\"ce40-subnav\" href=\"#ponentes\">Ponentes<\/a><!-- [et_pb_line_break_holder] --><!-- [et_pb_line_break_holder] --><!-- [et_pb_line_break_holder] -->  <\/div>\n<p><!-- [et_pb_line_break_holder] --><\/div>\n<p>[\/et_pb_code][\/et_pb_column][\/et_pb_row][\/et_pb_section][et_pb_section fb_built=\u00bb1&#8243; _builder_version=\u00bb4.27.4&#8243; _module_preset=\u00bbdefault\u00bb background_image=\u00bbhttps:\/\/www.juntadeandalucia.es/educacion/eaprendizaje\/wp-content\/uploads\/2026\/04\/teclado-ce40.jpg\u00bb custom_margin=\u00bb0px||||false|false\u00bb custom_padding=\u00bb25px||35px||false|false\u00bb global_colors_info=\u00bb{}\u00bb][et_pb_row column_structure=\u00bb2_3,1_3&#8243; make_equal=\u00bbon\u00bb _builder_version=\u00bb4.27.4&#8243; _module_preset=\u00bbdefault\u00bb custom_margin=\u00bb||0px||false|false\u00bb custom_margin_tablet=\u00bb\u00bb custom_margin_phone=\u00bb\u00bb custom_margin_last_edited=\u00bbon|desktop\u00bb custom_padding=\u00bb20px||0px||false|false\u00bb global_colors_info=\u00bb{}\u00bb][et_pb_column type=\u00bb2_3&#8243; _builder_version=\u00bb4.27.4&#8243; _module_preset=\u00bbdefault\u00bb global_colors_info=\u00bb{}\u00bb][et_pb_text module_class=\u00bbce40-h1 ce40-hero-title\u00bb _builder_version=\u00bb4.27.4&#8243; _module_preset=\u00bbdefault\u00bb background_enable_color=\u00bboff\u00bb background_layout=\u00bbdark\u00bb custom_margin=\u00bb20px||||false|false\u00bb custom_margin_tablet=\u00bb20px||||false|false\u00bb custom_margin_phone=\u00bb||0px||false|false\u00bb custom_margin_last_edited=\u00bbon|phone\u00bb custom_padding=\u00bb||20px||false|false\u00bb custom_padding_tablet=\u00bb||20px||false|false\u00bb custom_padding_phone=\u00bb||0px||false|false\u00bb custom_padding_last_edited=\u00bbon|phone\u00bb global_colors_info=\u00bb{}\u00bb]<\/p>\n<h1 class=\"et_pb_module_header\"><strong>IV Congreso<\/strong><\/h1>\n<h1 class=\"et_pb_module_header\">de Innovaci\u00f3n<\/h1>\n<h1 class=\"et_pb_module_header\">Educativa<\/h1>\n<p>[\/et_pb_text][et_pb_code _builder_version=\u00bb4.27.4&#8243; _module_preset=\u00bbdefault\u00bb global_colors_info=\u00bb{}\u00bb]<\/p>\n<div class=\"ce40-datos-evento\"><!-- [et_pb_line_break_holder] -->  <\/p>\n<div class=\"ce40-item\"><!-- [et_pb_line_break_holder] -->    <svg viewBox=\"0 0 24 24\" fill=\"none\" stroke-width=\"1.8\" stroke-linecap=\"round\" stroke-linejoin=\"round\" aria-hidden=\"true\"><!-- [et_pb_line_break_holder] -->      <rect x=\"3\" y=\"5\" width=\"18\" height=\"16\" rx=\"2\"><\/rect><!-- [et_pb_line_break_holder] -->      <line x1=\"16\" y1=\"3\" x2=\"16\" y2=\"7\"><\/line><!-- [et_pb_line_break_holder] -->      <line x1=\"8\" y1=\"3\" x2=\"8\" y2=\"7\"><\/line><!-- [et_pb_line_break_holder] -->      <line x1=\"3\" y1=\"11\" x2=\"21\" y2=\"11\"><\/line><!-- [et_pb_line_break_holder] -->    <\/svg><!-- [et_pb_line_break_holder] -->    <span> 15 y 16 de mayo<\/span><!-- [et_pb_line_break_holder] -->  <\/div>\n<p><!-- [et_pb_line_break_holder] --><!-- [et_pb_line_break_holder] -->  <\/p>\n<div class=\"ce40-item\"><!-- [et_pb_line_break_holder] -->    <svg viewBox=\"0 0 24 24\" fill=\"none\" stroke-width=\"1.8\" stroke-linecap=\"round\" stroke-linejoin=\"round\" aria-hidden=\"true\"><!-- [et_pb_line_break_holder] -->      <path d=\"M12 21s7-5.6 7-11a7 7 0 1 0-14 0c0 5.4 7 11 7 11z\"><\/path><!-- [et_pb_line_break_holder] -->      <circle cx=\"12\" cy=\"10\" r=\"2.5\"><\/circle><!-- [et_pb_line_break_holder] -->    <\/svg><!-- [et_pb_line_break_holder] -->    <span>FIBES | Palacio de Congresos y Exposiciones de Sevilla<\/span><!-- [et_pb_line_break_holder] -->  <\/div>\n<p><!-- [et_pb_line_break_holder] --><\/div>\n<p>[\/et_pb_code][\/et_pb_column][et_pb_column type=\u00bb1_3&#8243; _builder_version=\u00bb4.27.4&#8243; _module_preset=\u00bbdefault\u00bb global_colors_info=\u00bb{}\u00bb][et_pb_image src=\u00bbhttps:\/\/www.juntadeandalucia.es/educacion/eaprendizaje\/wp-content\/uploads\/2026\/04\/ctrol-alt-futuro.png\u00bb title_text=\u00bbctrol-alt-futuro\u00bb _builder_version=\u00bb4.27.4&#8243; _module_preset=\u00bbdefault\u00bb max_width=\u00bb350px\u00bb custom_margin=\u00bb||||false|false\u00bb custom_margin_tablet=\u00bb||||false|false\u00bb custom_margin_phone=\u00bb20px||||false|false\u00bb custom_margin_last_edited=\u00bbon|desktop\u00bb custom_padding=\u00bb0px|||||\u00bb global_colors_info=\u00bb{}\u00bb][\/et_pb_image][\/et_pb_column][\/et_pb_row][\/et_pb_section][et_pb_section fb_built=\u00bb1&#8243; module_id=\u00bbinicio\u00bb module_class=\u00bbce40-page ce40-hero ce40-section-dark\u00bb _builder_version=\u00bb4.27.4&#8243; _module_preset=\u00bbdefault\u00bb background_color=\u00bb#302b56&#8243; background_enable_image=\u00bboff\u00bb min_height=\u00bb33.8px\u00bb custom_margin=\u00bb-2px||0px||false|false\u00bb custom_padding=\u00bb30px||30px||false|false\u00bb global_colors_info=\u00bb{}\u00bb][et_pb_row _builder_version=\u00bb4.27.4&#8243; _module_preset=\u00bbdefault\u00bb custom_margin=\u00bb0px||0px||false|false\u00bb custom_padding=\u00bb0px||0px||false|false\u00bb global_colors_info=\u00bb{}\u00bb][et_pb_column type=\u00bb4_4&#8243; _builder_version=\u00bb4.27.4&#8243; _module_preset=\u00bbdefault\u00bb global_colors_info=\u00bb{}\u00bb][et_pb_image src=\u00bbhttps:\/\/www.juntadeandalucia.es/educacion/eaprendizaje\/wp-content\/uploads\/2026\/04\/logos-junta-ministerio-1.png\u00bb title_text=\u00bblogos-junta-ministerio\u00bb _builder_version=\u00bb4.27.4&#8243; _module_preset=\u00bbdefault\u00bb width_tablet=\u00bb\u00bb width_phone=\u00bb100%\u00bb width_last_edited=\u00bbon|desktop\u00bb max_width=\u00bb700px\u00bb custom_margin=\u00bb|439px||||\u00bb custom_padding=\u00bb|||1px||\u00bb global_colors_info=\u00bb{}\u00bb][\/et_pb_image][\/et_pb_column][\/et_pb_row][\/et_pb_section][et_pb_section fb_built=\u00bb1&#8243; module_id=\u00bbpresentacion\u00bb _builder_version=\u00bb4.27.4&#8243; _module_preset=\u00bbdefault\u00bb background_image=\u00bbhttps:\/\/www.juntadeandalucia.es/educacion/eaprendizaje\/wp-content\/uploads\/2026\/04\/bg-degr-claro.jpg\u00bb custom_margin=\u00bb0px||||false|false\u00bb custom_padding=\u00bb40px||40px||false|false\u00bb global_colors_info=\u00bb{}\u00bb][et_pb_row _builder_version=\u00bb4.27.4&#8243; _module_preset=\u00bbdefault\u00bb custom_padding=\u00bb||||false|false\u00bb global_colors_info=\u00bb{}\u00bb][et_pb_column type=\u00bb4_4&#8243; _builder_version=\u00bb4.27.4&#8243; _module_preset=\u00bbdefault\u00bb global_colors_info=\u00bb{}\u00bb][et_pb_text module_class=\u00bbce40-subtitle ce40-hero-subtitle\u00bb _builder_version=\u00bb4.27.4&#8243; _module_preset=\u00bbdefault\u00bb custom_margin=\u00bb||0px||false|false\u00bb custom_padding=\u00bb||0px||false|false\u00bb hover_enabled=\u00bb0&#8243; global_colors_info=\u00bb{}\u00bb sticky_enabled=\u00bb0&#8243;]<\/p>\n<h2><strong>Descubrimos c\u00f3mo integrar el pensamiento computacional, la programaci\u00f3n y la rob\u00f3tica de forma pr\u00e1ctica, cercana y did\u00e1ctica en el aula<\/strong><\/h2>\n<p>[\/et_pb_text][et_pb_text module_class=\u00bbce40-body ce40-hero-audience\u00bb _builder_version=\u00bb4.27.4&#8243; _module_preset=\u00bbdefault\u00bb global_colors_info=\u00bb{}\u00bb]<\/p>\n<p>Fue dirigido al profesorado de centros sostenidos con fondos p\u00fablicos que imparten ense\u00f1anzas de segundo ciclo de Ed. Infantil, Ed. Primaria y\/o Ed. Secundaria Obligatoria.<\/p>\n<p>[\/et_pb_text][et_pb_code _builder_version=\u00bb4.27.4&#8243; _module_preset=\u00bbdefault\u00bb global_colors_info=\u00bb{}\u00bb]<\/p>\n<div class=\"ce40-program-jump\"><!-- [et_pb_line_break_holder] -->  <a href=\"#programa\" class=\"ce40-program-jump__btn\">Ver programa<\/a><!-- [et_pb_line_break_holder] -->   <a href=\"\/galeria-multimedia\/\" class=\"ce40-program-jump__btn\">Galer\u00eda multimedia<\/a><!-- [et_pb_line_break_holder] --><\/div>\n<p><!-- [et_pb_line_break_holder] -->[\/et_pb_code][\/et_pb_column][\/et_pb_row][\/et_pb_section][et_pb_section fb_built=\u00bb1&#8243; module_id=\u00bbcongreso\u00bb _builder_version=\u00bb4.27.4&#8243; _module_preset=\u00bbdefault\u00bb background_color=\u00bbrgba(200,200,206,0.34)\u00bb custom_padding=\u00bb50px||50px||false|false\u00bb global_colors_info=\u00bb{}\u00bb][et_pb_row _builder_version=\u00bb4.27.4&#8243; _module_preset=\u00bbdefault\u00bb global_colors_info=\u00bb{}\u00bb][et_pb_column type=\u00bb4_4&#8243; _builder_version=\u00bb4.27.4&#8243; _module_preset=\u00bbdefault\u00bb global_colors_info=\u00bb{}\u00bb][et_pb_text module_class=\u00bbce40-h2 ce40-block-title\u00bb _builder_version=\u00bb4.27.4&#8243; _module_preset=\u00bbdefault\u00bb text_text_color=\u00bb#313052&#8243; custom_margin=\u00bb||0px||false|false\u00bb custom_padding=\u00bb||0px||false|false\u00bb global_colors_info=\u00bb{}\u00bb]<\/p>\n<h2>CTRL + ALT + FUTURO<\/h2>\n<p>[\/et_pb_text][et_pb_text module_class=\u00bbce40-subtitle ce40-block-subtitle\u00bb _builder_version=\u00bb4.27.4&#8243; _module_preset=\u00bbdefault\u00bb custom_padding=\u00bb||30px||false|false\u00bb global_colors_info=\u00bb{}\u00bb]<\/p>\n<p><strong>Programando la nueva educaci\u00f3n<\/strong><\/p>\n<p>[\/et_pb_text][et_pb_text module_class=\u00bbce40-body ce40-block-body text-col\u00bb _builder_version=\u00bb4.27.4&#8243; _module_preset=\u00bbdefault\u00bb global_colors_info=\u00bb{}\u00bb]<\/p>\n<p><strong>El IV Congreso de Innovaci\u00f3n Educativa: C\u00f3digo Escuela 4.0<\/strong> supuso un punto de encuentro para conectar el aprendizaje con la realidad, convertir cada aula en un espacio de descubrimiento y creatividad y reforzar el papel del profesorado como gu\u00eda del proceso educativo. Este Congreso se enmarca dentro del Programa de Cooperaci\u00f3n Territorial C\u00f3digo Escuela 4.0, financiado por el Ministerio de Educaci\u00f3n, Formaci\u00f3n Profesional y Deportes y desarrollado en Andaluc\u00eda por la Consejer\u00eda de Desarrollo Educativo y Formaci\u00f3n Profesional, en el marco del Plan de Digitalizaci\u00f3n y de Competencias Digitales del Sistema Educativo (Plan #DigEdu).<\/p>\n<p>[\/et_pb_text][\/et_pb_column][\/et_pb_row][\/et_pb_section][et_pb_section fb_built=\u00bb1&#8243; custom_padding_last_edited=\u00bbon|phone\u00bb module_id=\u00bbaprendizaje\u00bb _builder_version=\u00bb4.27.4&#8243; _module_preset=\u00bbdefault\u00bb background_color=\u00bb#302b56&#8243; background_enable_image=\u00bboff\u00bb background_size=\u00bbinitial\u00bb background_position=\u00bbcenter_right\u00bb custom_margin=\u00bb0px||0px||false|false\u00bb custom_padding=\u00bb80px||80px||false|false\u00bb custom_padding_tablet=\u00bb80px||80px||false|false\u00bb custom_padding_phone=\u00bb40px||||false|false\u00bb global_colors_info=\u00bb{}\u00bb][et_pb_row _builder_version=\u00bb4.27.4&#8243; _module_preset=\u00bbdefault\u00bb global_colors_info=\u00bb{}\u00bb][et_pb_column type=\u00bb4_4&#8243; _builder_version=\u00bb4.27.4&#8243; _module_preset=\u00bbdefault\u00bb global_colors_info=\u00bb{}\u00bb][et_pb_text module_class=\u00bbce40-h2 ce40-block-title\u00bb _builder_version=\u00bb4.27.4&#8243; _module_preset=\u00bbdefault\u00bb text_text_color=\u00bb#313052&#8243; custom_margin=\u00bb||0px||false|false\u00bb custom_padding=\u00bb|46px|0px||false|false\u00bb global_colors_info=\u00bb{}\u00bb]<\/p>\n<h2><span style=\"color: #ffffff;\">\u00bfQu\u00e9 aprender\u00e1s en este congreso?<\/span><\/h2>\n<p>[\/et_pb_text][et_pb_text module_class=\u00bbce40-body ce40-block-body\u00bb _builder_version=\u00bb4.27.4&#8243; _module_preset=\u00bbdefault\u00bb global_colors_info=\u00bb{}\u00bb]<span style=\"color: #ffffff;\">El objetivo fue acompa\u00f1arte en la actualizaci\u00f3n tecnol\u00f3gica y pedag\u00f3gica para que puedas potenciar, de forma directa y real, la competencia digital de tu alumnado, aprender a utilizar nuevos recursos tecnol\u00f3gicos y dise\u00f1ar experiencias de aprendizaje.<\/span>[\/et_pb_text][et_pb_text module_class=\u00bbce40-body ce40-block-body ce40-block-lead\u00bb _builder_version=\u00bb4.27.4&#8243; _module_preset=\u00bbdefault\u00bb global_colors_info=\u00bb{}\u00bb]<\/p>\n<p><span style=\"color: #ffffff;\">No fue solo teor\u00eda, sino innovaci\u00f3n lista para aplicar en tu colegio o instituto.<\/span><\/p>\n<p>[\/et_pb_text][et_pb_text module_class=\u00bbce40-body ce40-block-body ce40-block-lead\u00bb _builder_version=\u00bb4.27.4&#8243; _module_preset=\u00bbdefault\u00bb text_text_color=\u00bb#7cdbe5&#8243; custom_padding=\u00bb||0px|||\u00bb global_colors_info=\u00bb{}\u00bb]<span style=\"color: #7cdbe5;\">Durante estas dos jornadas intensivas, conociste:<\/span>[\/et_pb_text][\/et_pb_column][\/et_pb_row][et_pb_row column_structure=\u00bb1_3,1_3,1_3&#8243; make_equal=\u00bbon\u00bb _builder_version=\u00bb4.27.4&#8243; _module_preset=\u00bbdefault\u00bb global_colors_info=\u00bb{}\u00bb][et_pb_column type=\u00bb1_3&#8243; module_class=\u00bbce40-dynamic-card\u00bb _builder_version=\u00bb4.27.4&#8243; _module_preset=\u00bbdefault\u00bb background_image=\u00bbhttps:\/\/www.juntadeandalucia.es/educacion/eaprendizaje\/wp-content\/uploads\/2026\/04\/bg-degradado.jpg\u00bb custom_padding=\u00bb||||false|false\u00bb global_colors_info=\u00bb{}\u00bb][et_pb_text module_class=\u00bbce40-h3&#8243; _builder_version=\u00bb4.27.4&#8243; _module_preset=\u00bbdefault\u00bb custom_margin=\u00bb||0px||false|false\u00bb custom_padding=\u00bb||0px||false|false\u00bb global_colors_info=\u00bb{}\u00bb]<\/p>\n<h3><strong>Innovar<\/strong><br \/>con metodolog\u00edas activas<\/h3>\n<p>[\/et_pb_text][et_pb_text module_class=\u00bbce40-body ce40-block-body\u00bb _builder_version=\u00bb4.27.4&#8243; _module_preset=\u00bbdefault\u00bb global_colors_info=\u00bb{}\u00bb]Descubrimos c\u00f3mo aplicar la tecnolog\u00eda en el aula de forma did\u00e1ctica y motivadora.[\/et_pb_text][\/et_pb_column][et_pb_column type=\u00bb1_3&#8243; module_class=\u00bbce40-dynamic-card\u00bb _builder_version=\u00bb4.27.4&#8243; _module_preset=\u00bbdefault\u00bb background_image=\u00bbhttps:\/\/www.juntadeandalucia.es/educacion/eaprendizaje\/wp-content\/uploads\/2026\/04\/bg-degradado.jpg\u00bb custom_padding=\u00bb||||false|false\u00bb global_colors_info=\u00bb{}\u00bb][et_pb_text module_class=\u00bbce40-h3&#8243; _builder_version=\u00bb4.27.4&#8243; _module_preset=\u00bbdefault\u00bb custom_margin=\u00bb||0px||false|false\u00bb custom_padding=\u00bb||0px||false|false\u00bb global_colors_info=\u00bb{}\u00bb]<\/p>\n<h3><strong>Inspirarte<\/strong><br \/>con buenas pr\u00e1cticas<\/h3>\n<p>[\/et_pb_text][et_pb_text module_class=\u00bbce40-body ce40-block-body\u00bb _builder_version=\u00bb4.27.4&#8243; _module_preset=\u00bbdefault\u00bb global_colors_info=\u00bb{}\u00bb]Compartimos experiencias reales sobre pensamiento computacional, programaci\u00f3n, rob\u00f3tica, impresi\u00f3n 3D e Inteligencia Artificial.[\/et_pb_text][\/et_pb_column][et_pb_column type=\u00bb1_3&#8243; module_class=\u00bbce40-dynamic-card\u00bb _builder_version=\u00bb4.27.4&#8243; _module_preset=\u00bbdefault\u00bb background_image=\u00bbhttps:\/\/www.juntadeandalucia.es/educacion/eaprendizaje\/wp-content\/uploads\/2026\/04\/bg-degradado.jpg\u00bb custom_padding=\u00bb||||false|false\u00bb global_colors_info=\u00bb{}\u00bb][et_pb_text module_class=\u00bbce40-h3&#8243; _builder_version=\u00bb4.27.4&#8243; _module_preset=\u00bbdefault\u00bb custom_margin=\u00bb||0px||false|false\u00bb custom_padding=\u00bb||0px||false|false\u00bb global_colors_info=\u00bb{}\u00bb]<\/p>\n<h3><strong>Familiarizarte<\/strong><br \/>con el equipamiento<\/h3>\n<p>[\/et_pb_text][et_pb_text module_class=\u00bbce40-body ce40-block-body\u00bb _builder_version=\u00bb4.27.4&#8243; _module_preset=\u00bbdefault\u00bb global_colors_info=\u00bb{}\u00bb]Conocimos el hardware y el software (rob\u00f3tica, programaci\u00f3n, etc.) que va a llegar a tu centro con el Programa C\u00f3digo Escuela 4.0 en Andaluc\u00eda.[\/et_pb_text][\/et_pb_column][\/et_pb_row][\/et_pb_section][et_pb_section fb_built=\u00bb1&#8243; module_id=\u00bbprograma\u00bb _builder_version=\u00bb4.27.4&#8243; _module_preset=\u00bbdefault\u00bb background_enable_image=\u00bboff\u00bb background_position=\u00bbbottom_center\u00bb global_colors_info=\u00bb{}\u00bb][et_pb_row _builder_version=\u00bb4.27.4&#8243; _module_preset=\u00bbdefault\u00bb global_colors_info=\u00bb{}\u00bb][et_pb_column type=\u00bb4_4&#8243; _builder_version=\u00bb4.27.4&#8243; _module_preset=\u00bbdefault\u00bb global_colors_info=\u00bb{}\u00bb][et_pb_text module_class=\u00bbce40-h2 ce40-block-title\u00bb _builder_version=\u00bb4.27.4&#8243; _module_preset=\u00bbdefault\u00bb custom_margin=\u00bb||0px||false|false\u00bb custom_padding=\u00bb||0px||false|false\u00bb global_colors_info=\u00bb{}\u00bb]<\/p>\n<h2 style=\"text-align: center;\">El programa<\/h2>\n<p>[\/et_pb_text][et_pb_text module_class=\u00bbce40-subtitle ce40-block-subtitle\u00bb _builder_version=\u00bb4.27.4&#8243; _module_preset=\u00bbdefault\u00bb global_colors_info=\u00bb{}\u00bb]<\/p>\n<p style=\"text-align: center;\">Un recorrido formativo dise\u00f1ado para ti<\/p>\n<p>[\/et_pb_text][et_pb_text module_class=\u00bbce40-body ce40-block-body\u00bb _builder_version=\u00bb4.27.4&#8243; _module_preset=\u00bbdefault\u00bb global_colors_info=\u00bb{}\u00bb]<\/p>\n<p style=\"text-align: center;\">A lo largo del encuentro, nos sumergimos en <strong>5 \u00e1reas clave<\/strong> adaptadas a diferentes niveles educativos:<\/p>\n<p>[\/et_pb_text][\/et_pb_column][\/et_pb_row][et_pb_row column_structure=\u00bb1_5,1_5,1_5,1_5,1_5&#8243; _builder_version=\u00bb4.27.4&#8243; _module_preset=\u00bbdefault\u00bb global_colors_info=\u00bb{}\u00bb][et_pb_column type=\u00bb1_5&#8243; module_class=\u00bbce40-col-bloque\u00bb _builder_version=\u00bb4.27.4&#8243; _module_preset=\u00bbdefault\u00bb global_colors_info=\u00bb{}\u00bb][et_pb_image src=\u00bbhttps:\/\/www.juntadeandalucia.es/educacion/eaprendizaje\/wp-content\/uploads\/2026\/04\/icon-pensamiento-1.png\u00bb title_text=\u00bbicon-pensamiento\u00bb _builder_version=\u00bb4.27.4&#8243; _module_preset=\u00bbdefault\u00bb background_color=\u00bb#313052&#8243; global_colors_info=\u00bb{}\u00bb][\/et_pb_image][et_pb_text module_class=\u00bbce40-tit-bloque\u00bb _builder_version=\u00bb4.27.4&#8243; _module_preset=\u00bbdefault\u00bb global_colors_info=\u00bb{}\u00bb]<\/p>\n<p><strong>Pensamiento Computacional y Matem\u00e1ticas<\/strong><\/p>\n<p>[\/et_pb_text][et_pb_text module_class=\u00bbce40-text-bloque\u00bb _builder_version=\u00bb4.27.4&#8243; _module_preset=\u00bbdefault\u00bb global_colors_info=\u00bb{}\u00bb]<\/p>\n<p>Desde actividades \u00abdesenchufadas\u00bb (sin pantallas) hasta la conexi\u00f3n directa con el razonamiento l\u00f3gico-matem\u00e1tico en el \u00e1mbito digital.<\/p>\n<p>[\/et_pb_text][\/et_pb_column][et_pb_column type=\u00bb1_5&#8243; module_class=\u00bbce40-col-bloque\u00bb _builder_version=\u00bb4.27.4&#8243; _module_preset=\u00bbdefault\u00bb global_colors_info=\u00bb{}\u00bb][et_pb_image src=\u00bbhttps:\/\/www.juntadeandalucia.es/educacion/eaprendizaje\/wp-content\/uploads\/2026\/04\/icon.png\u00bb title_text=\u00bbicon\u00bb _builder_version=\u00bb4.27.4&#8243; _module_preset=\u00bbdefault\u00bb background_color=\u00bb#bd7de2&#8243; global_colors_info=\u00bb{}\u00bb][\/et_pb_image][et_pb_text module_class=\u00bbce40-tit-bloque\u00bb _builder_version=\u00bb4.27.4&#8243; _module_preset=\u00bbdefault\u00bb global_colors_info=\u00bb{}\u00bb]<strong>Programaci\u00f3n desde cero<\/strong>[\/et_pb_text][et_pb_text module_class=\u00bbce40-text-bloque\u00bb _builder_version=\u00bb4.27.4&#8243; _module_preset=\u00bbdefault\u00bb global_colors_info=\u00bb{}\u00bb]Aprende desde los lenguajes visuales por bloques (como Scratch) hasta los textuales (como Python), creando tus propios videojuegos y animaciones.[\/et_pb_text][\/et_pb_column][et_pb_column type=\u00bb1_5&#8243; module_class=\u00bbce40-col-bloque\u00bb _builder_version=\u00bb4.27.4&#8243; _module_preset=\u00bbdefault\u00bb global_colors_info=\u00bb{}\u00bb][et_pb_image src=\u00bbhttps:\/\/www.juntadeandalucia.es/educacion/eaprendizaje\/wp-content\/uploads\/2026\/04\/icon-robotica-1.png\u00bb title_text=\u00bbicon-robotica\u00bb _builder_version=\u00bb4.27.4&#8243; _module_preset=\u00bbdefault\u00bb background_color=\u00bb#7cdbe5&#8243; global_colors_info=\u00bb{}\u00bb][\/et_pb_image][et_pb_text module_class=\u00bbce40-tit-bloque\u00bb _builder_version=\u00bb4.27.4&#8243; _module_preset=\u00bbdefault\u00bb global_colors_info=\u00bb{}\u00bb]<strong>Rob\u00f3tica e Impresi\u00f3n 3D<\/strong>[\/et_pb_text][et_pb_text module_class=\u00bbce40-text-bloque\u00bb _builder_version=\u00bb4.27.4&#8243; _module_preset=\u00bbdefault\u00bb global_colors_info=\u00bb{}\u00bb]Conoce las placas, sensores y actuadores, e integra el dise\u00f1o 3D y el corte l\u00e1ser en tus proyectos colaborativos, adaptados a cada nivel y etapa educativa.[\/et_pb_text][\/et_pb_column][et_pb_column type=\u00bb1_5&#8243; module_class=\u00bbce40-col-bloque\u00bb _builder_version=\u00bb4.27.4&#8243; _module_preset=\u00bbdefault\u00bb global_colors_info=\u00bb{}\u00bb][et_pb_image src=\u00bbhttps:\/\/www.juntadeandalucia.es/educacion/eaprendizaje\/wp-content\/uploads\/2026\/04\/icon-ia-1.png\u00bb title_text=\u00bbicon-ia\u00bb _builder_version=\u00bb4.27.4&#8243; _module_preset=\u00bbdefault\u00bb background_color=\u00bb#ace5bf\u00bb global_colors_info=\u00bb{}\u00bb][\/et_pb_image][et_pb_text module_class=\u00bbce40-tit-bloque\u00bb _builder_version=\u00bb4.27.4&#8243; _module_preset=\u00bbdefault\u00bb global_colors_info=\u00bb{}\u00bb]<strong>Inteligencia Artificial (IA) en Educaci\u00f3n<\/strong>[\/et_pb_text][et_pb_text module_class=\u00bbce40-text-bloque\u00bb _builder_version=\u00bb4.27.4&#8243; _module_preset=\u00bbdefault\u00bb global_colors_info=\u00bb{}\u00bb]Entiende los algoritmos, la \u00e9tica, la protecci\u00f3n de datos y c\u00f3mo entrenar modelos a peque\u00f1a escala en tu clase, siguiendo las directrices \u00e9ticas de la Comisi\u00f3n Europea para el \u00e1mbito educativo.[\/et_pb_text][\/et_pb_column][et_pb_column type=\u00bb1_5&#8243; module_class=\u00bbce40-col-bloque\u00bb _builder_version=\u00bb4.27.4&#8243; _module_preset=\u00bbdefault\u00bb global_colors_info=\u00bb{}\u00bb][et_pb_image src=\u00bbhttps:\/\/www.juntadeandalucia.es/educacion/eaprendizaje\/wp-content\/uploads\/2026\/04\/icon-creatividad-1.png\u00bb title_text=\u00bbicon-creatividad\u00bb _builder_version=\u00bb4.27.4&#8243; _module_preset=\u00bbdefault\u00bb background_color=\u00bb#c8c8ce\u00bb global_colors_info=\u00bb{}\u00bb][\/et_pb_image][et_pb_text module_class=\u00bbce40-tit-bloque\u00bb _builder_version=\u00bb4.27.4&#8243; _module_preset=\u00bbdefault\u00bb global_colors_info=\u00bb{}\u00bb]<strong>Recursos Educativos Abiertos (REA)<\/strong>[\/et_pb_text][et_pb_text module_class=\u00bbce40-text-bloque\u00bb _builder_version=\u00bb4.27.4&#8243; _module_preset=\u00bbdefault\u00bb global_colors_info=\u00bb{}\u00bb]<\/p>\n<p>Conoce las bases metodol\u00f3gicas para la elaboraci\u00f3n de gu\u00edas docentes completas, crea y reutiliza contenidos digitales de calidad de repositorios oficiales asegurando el uso correcto de licencias Creative Commons.<\/p>\n<p>[\/et_pb_text][\/et_pb_column][\/et_pb_row][et_pb_row _builder_version=\u00bb4.27.4&#8243; _module_preset=\u00bbdefault\u00bb global_colors_info=\u00bb{}\u00bb][et_pb_column type=\u00bb4_4&#8243; _builder_version=\u00bb4.27.4&#8243; _module_preset=\u00bbdefault\u00bb global_colors_info=\u00bb{}\u00bb][et_pb_code _builder_version=\u00bb4.27.4&#8243; _module_preset=\u00bbdefault\u00bb global_colors_info=\u00bb{}\u00bb]<\/p>\n<div class=\"ce40-program-jump\"><!-- [et_pb_line_break_holder] -->  <a href=\"#dia1\" class=\"ce40-program-jump__btn\">D\u00eda 1 &#8211; Viernes 15 de mayo<\/a><!-- [et_pb_line_break_holder] -->  <a href=\"#dia2\" class=\"ce40-program-jump__btn\">D\u00eda 2 &#8211; S\u00e1bado 16 de mayo<\/a><!-- [et_pb_line_break_holder] --><\/div>\n<p>[\/et_pb_code][\/et_pb_column][\/et_pb_row][\/et_pb_section][et_pb_section fb_built=\u00bb1&#8243; module_id=\u00bbdia1&#8243; _builder_version=\u00bb4.27.4&#8243; _module_preset=\u00bbdefault\u00bb background_color=\u00bb#302b56&#8243; custom_padding=\u00bb40px||20px||false|false\u00bb global_colors_info=\u00bb{}\u00bb][et_pb_row column_structure=\u00bb3_4,1_4&#8243; _builder_version=\u00bb4.27.4&#8243; _module_preset=\u00bbdefault\u00bb custom_margin=\u00bb||0px||false|false\u00bb custom_padding=\u00bb||0px|||\u00bb global_colors_info=\u00bb{}\u00bb][et_pb_column type=\u00bb3_4&#8243; _builder_version=\u00bb4.27.4&#8243; _module_preset=\u00bbdefault\u00bb global_colors_info=\u00bb{}\u00bb][et_pb_text module_class=\u00bbce40-h2 ce40-block-title\u00bb _builder_version=\u00bb4.27.4&#8243; _module_preset=\u00bbdefault\u00bb custom_margin=\u00bb||1px||false|false\u00bb custom_padding=\u00bb||0px||false|false\u00bb global_colors_info=\u00bb{}\u00bb]<\/p>\n<h2><span style=\"color: #ffffff;\">D\u00eda 1 | Viernes 15 de mayo<\/span><\/h2>\n<p>[\/et_pb_text][et_pb_text module_class=\u00bbce40-body ce40-block-body\u00bb _builder_version=\u00bb4.27.4&#8243; _module_preset=\u00bbdefault\u00bb custom_margin=\u00bb||1px||false|false\u00bb custom_padding=\u00bb||0px||false|false\u00bb global_colors_info=\u00bb{}\u00bb]<\/p>\n<p><span style=\"color: #ffffff;\">9:00 a 19:30 h<\/span><\/p>\n<p>[\/et_pb_text][\/et_pb_column][et_pb_column type=\u00bb1_4&#8243; _builder_version=\u00bb4.27.4&#8243; _module_preset=\u00bbdefault\u00bb global_colors_info=\u00bb{}\u00bb][et_pb_code disabled_on=\u00bbon|off|off\u00bb _builder_version=\u00bb4.27.4&#8243; _module_preset=\u00bbdefault\u00bb global_colors_info=\u00bb{}\u00bb]<\/p>\n<div class=\"ce40-program-jump\"><!-- [et_pb_line_break_holder] -->  <a href=\"#dia2\" class=\"ce40-program-jump__btn\">D\u00eda 2 &#8211; S\u00e1bado 16 de mayo<\/a><!-- [et_pb_line_break_holder] --><\/div>\n<p>[\/et_pb_code][\/et_pb_column][\/et_pb_row][et_pb_row module_class=\u00bbce40-body ce40-block-body\u00bb _builder_version=\u00bb4.27.4&#8243; _module_preset=\u00bbdefault\u00bb global_colors_info=\u00bb{}\u00bb][et_pb_column type=\u00bb4_4&#8243; _builder_version=\u00bb4.27.4&#8243; _module_preset=\u00bbdefault\u00bb global_colors_info=\u00bb{}\u00bb][et_pb_code _builder_version=\u00bb4.27.4&#8243; _module_preset=\u00bbdefault\u00bb global_colors_info=\u00bb{}\u00bb]<\/p>\n<div class=\"ce40-program-card\"><!-- [et_pb_line_break_holder] -->  <\/p>\n<div class=\"ce40-program-time\">9:00 a 10:00<\/div>\n<p><!-- [et_pb_line_break_holder] -->  <\/p>\n<div class=\"ce40-program-main\"> <!-- [et_pb_line_break_holder] -->    <\/p>\n<h3 class=\"ce40-program-title\"><span class=\"et-pb-icon ce40-inline-icon\">\ue0dc<\/span> Recepci\u00f3n &#8211; caf\u00e9 de bienvenida<\/h3>\n<p><!-- [et_pb_line_break_holder] -->    <\/p>\n<div class=\"ce40-program-meta\"><span class=\"et-pb-icon ce40-inline-icon\">\ue01d<\/span>C\u00fapula \u00b7 Recepci\u00f3n<\/div>\n<p><!-- [et_pb_line_break_holder] -->  <\/div>\n<p><!-- [et_pb_line_break_holder] --><\/div>\n<p>[\/et_pb_code][et_pb_code _builder_version=\u00bb4.27.4&#8243; _module_preset=\u00bbdefault\u00bb global_colors_info=\u00bb{}\u00bb]<\/p>\n<div class=\"ce40-program-card ce40-program-card--ceremony\"><!-- [et_pb_line_break_holder] -->  <\/p>\n<div class=\"ce40-program-time\">10:00 a 10:30<\/div>\n<p><!-- [et_pb_line_break_holder] --><!-- [et_pb_line_break_holder] -->  <\/p>\n<div class=\"ce40-program-main\"><!-- [et_pb_line_break_holder] -->    <\/p>\n<div class=\"ce40-program-ceremony-line\"><!-- [et_pb_line_break_holder] -->      <span class=\"ce40-program-ceremony-title\">Apertura<\/span><!-- [et_pb_line_break_holder] -->      <span class=\"ce40-program-ceremony-meta\"><span class=\"et-pb-icon ce40-inline-icon\">\ue01d<\/span> Auditorio Al-\u00c1ndalus<\/span><!-- [et_pb_line_break_holder] -->    <\/div>\n<p><!-- [et_pb_line_break_holder] --><!-- [et_pb_line_break_holder] -->    <\/p>\n<div class=\"ce40-program-ceremony-extra\" style=\"display: none\"><!-- [et_pb_line_break_holder] -->     A confirmar<!-- [et_pb_line_break_holder] -->    <\/div>\n<p><!-- [et_pb_line_break_holder] -->        <!-- BOT\u00d3N VIDEO --> <\/p>\n<div class=\"ce40-program-video\" style=\"margin-top:20px;\"> <a href=\"https:\/\/www.youtube.com\/watch?v=G_nJw0ZydBE&#038;list=PLJkk1L3HGsMmqEYzJsB1QKzvupSm0BH3B&#038;index=10\" target=\"_blank\" rel=\"noopener\" style=\" display:inline-block; padding:10px 18px; background:#0b1f3a; color:#ffffff; text-decoration:none; border-radius:8px; font-weight:bold; \"> \u25b6 Ver v\u00eddeo de la apertura <\/a><\/div>\n<p><!-- [et_pb_line_break_holder] --><!-- [et_pb_line_break_holder] -->  <\/div>\n<p><!-- [et_pb_line_break_holder] --><\/div>\n<p>[\/et_pb_code][et_pb_code _builder_version=\u00bb4.27.4&#8243; _module_preset=\u00bbdefault\u00bb global_colors_info=\u00bb{}\u00bb]<\/p>\n<div class=\"ce40-program-card\"><!-- [et_pb_line_break_holder] -->  <\/p>\n<div class=\"ce40-program-time\">10:30 a 11:15<\/div>\n<p><!-- [et_pb_line_break_holder] --><!-- [et_pb_line_break_holder] -->  <\/p>\n<div class=\"ce40-program-main\"><!-- [et_pb_line_break_holder] -->    <\/p>\n<div class=\"ce40-program-tags\"><!-- [et_pb_line_break_holder] -->      <span class=\"ce40-program-tag ce40-topic-general\">General<\/span><!-- [et_pb_line_break_holder] -->    <\/div>\n<p><!-- [et_pb_line_break_holder] --><!-- [et_pb_line_break_holder] -->    <\/p>\n<h3 class=\"ce40-program-title\">Ponencia Inicial: \u201cEl futuro de la IA: m\u00e1s all\u00e1 del hype\u201d<\/h3>\n<p><!-- [et_pb_line_break_holder] --><!-- [et_pb_line_break_holder] -->    <\/p>\n<div class=\"ce40-program-meta\"><span class=\"et-pb-icon ce40-inline-icon\">\ue01d<\/span>Auditorio Al-\u00c1ndalus \u00b7 Plenaria<\/div>\n<p><!-- [et_pb_line_break_holder] --><!-- [et_pb_line_break_holder] -->    <\/p>\n<div class=\"ce40-program-speakers\"><!-- [et_pb_line_break_holder] -->     <strong>Ponente: <!\u2013- [et_pb_br_holder] -\u2013> Carlos Santana,<\/strong> divulgador, youtuber y profesor en el campo de la Inteligencia Artificial y el Machine Learning<!-- [et_pb_line_break_holder] -->      <!-- [et_pb_line_break_holder] -->      <\/div>\n<p> <!-- BOT\u00d3N VIDEO --> <\/p>\n<div class=\"ce40-program-video\" style=\"margin-top:20px;\"> <a href=\"https:\/\/www.youtube.com\/watch?v=91twEVnmBNc&#038;list=PLJkk1L3HGsMmqEYzJsB1QKzvupSm0BH3B&#038;index=17\" target=\"_blank\" rel=\"noopener\" style=\" display:inline-block; padding:10px 18px; background:#0b1f3a; color:#ffffff; text-decoration:none; border-radius:8px; font-weight:bold; \"> \u25b6 Ver v\u00eddeo de la ponencia <\/a>  <!-- [et_pb_line_break_holder] --><a href=\"https:\/\/www.juntadeandalucia.es/educacion/eaprendizaje\/wp-content\/uploads\/2026\/06\/Carlos-Santana_150526_10.30_AuditorioAlAndalus.pdf\" target=\"_blank\" rel=\"noopener\" style=\" display:inline-block; padding:10px 18px; background:#0b1f3a; color:#ffffff; text-decoration:none; border-radius:8px; font-weight:bold; \"> Descargar presentaci\u00f3n <\/a><!-- [et_pb_line_break_holder] -->    <!-- [et_pb_line_break_holder] -->    <\/div>\n<p><!-- [et_pb_line_break_holder] -->  <\/div>\n<p><!-- [et_pb_line_break_holder] --><\/div>\n<p>[\/et_pb_code][et_pb_code _builder_version=\u00bb4.27.4&#8243; _module_preset=\u00bbdefault\u00bb global_colors_info=\u00bb{}\u00bb]<\/p>\n<div class=\"ce40-program-card ce40-program-card--pause\"><!-- [et_pb_line_break_holder] -->  <\/p>\n<div class=\"ce40-program-time\">11:30 a 12:00<\/div>\n<p><!-- [et_pb_line_break_holder] --><!-- [et_pb_line_break_holder] -->  <\/p>\n<div class=\"ce40-program-main\"><!-- [et_pb_line_break_holder] -->    <\/p>\n<div class=\"ce40-program-pause-line\"><!-- [et_pb_line_break_holder] -->      <span class=\"ce40-program-pause-title\"><span class=\"et-pb-icon ce40-inline-icon\">\ue0dc<\/span>Caf\u00e9 networking <\/span><!-- [et_pb_line_break_holder] -->      <span class=\"ce40-program-pause-meta\"><span class=\"et-pb-icon ce40-inline-icon\">\ue01d<\/span> C\u00fapula \u00b7 Zona networking<\/span><!-- [et_pb_line_break_holder] -->    <\/div>\n<p><!-- [et_pb_line_break_holder] -->  <\/div>\n<p><!-- [et_pb_line_break_holder] --><\/div>\n<p>[\/et_pb_code][et_pb_code _builder_version=\u00bb4.27.4&#8243; _module_preset=\u00bbdefault\u00bb global_colors_info=\u00bb{}\u00bb]<\/p>\n<div class=\"ce40-program-card\"><!-- [et_pb_line_break_holder] -->  <\/p>\n<div class=\"ce40-program-time\">12:15 a 13:00<\/div>\n<p><!-- [et_pb_line_break_holder] --><!-- [et_pb_line_break_holder] -->  <\/p>\n<div class=\"ce40-program-main\"><!-- [et_pb_line_break_holder] -->    <\/p>\n<div class=\"ce40-program-tags\"><!-- [et_pb_line_break_holder] -->      <span class=\"ce40-program-tag ce40-topic-programacion\">Programaci\u00f3n<\/span><!-- [et_pb_line_break_holder] -->    <\/div>\n<p><!-- [et_pb_line_break_holder] --><!-- [et_pb_line_break_holder] -->    <\/p>\n<h3 class=\"ce40-program-title\">Mesa redonda: \u00abPensamiento computacional vs. Programaci\u00f3n\u00bb<\/h3>\n<p><!-- [et_pb_line_break_holder] --><!-- [et_pb_line_break_holder] -->    <\/p>\n<div class=\"ce40-program-meta\"><span class=\"et-pb-icon ce40-inline-icon\">\ue01d<\/span>Auditorio Al-\u00c1ndalus \u00b7 Mesa redonda<\/div>\n<p><!-- [et_pb_line_break_holder] --><!-- [et_pb_line_break_holder] -->    <\/p>\n<div class=\"ce40-program-speakers\"><!-- [et_pb_line_break_holder] -->          <strong>  Modera: Jacinto Juan Quiroga<\/strong>, jefe de departamento en el Servicio de Innovaci\u00f3n Educativa de la Direcci\u00f3n General de Innovaci\u00f3n y Formaci\u00f3n del Profesorado de la Consejer\u00eda de Desarrollo Educativo y Formaci\u00f3n Profesional <!\u2013- [et_pb_br_holder] -\u2013><!\u2013- [et_pb_br_holder] -\u2013><!-- [et_pb_line_break_holder] -->      <strong>Intervienen:<\/strong><!-- [et_pb_line_break_holder] -->      <\/p>\n<ul>           <!-- [et_pb_line_break_holder] -->        <\/p>\n<li><strong>Luis Jos\u00e9 Rodr\u00edguez,<\/strong> catedr\u00e1tico de Did\u00e1ctica de la Matem\u00e1tica de la Universidad de Oviedo<\/li>\n<p><!-- [et_pb_line_break_holder] -->        <\/p>\n<li><strong>Pablo D\u00fao,<\/strong> investigador y profesor de Did\u00e1ctica de la Matem\u00e1tica en Facultad de Educaci\u00f3n en Ceuta. Universidad de Granada<\/li>\n<p><!-- [et_pb_line_break_holder] -->       <\/p>\n<li><strong>Mar\u00eda de los \u00c1ngeles Dom\u00ednguez, <\/strong>profesora del Departamento de Did\u00e1ctica y Organizaci\u00f3n Educativa de la Universidad de Sevilla <\/li>\n<p><!-- [et_pb_line_break_holder] -->        <\/p>\n<li><strong>Inma Bote,<\/strong> coordinadora de los proyectos de Innovaci\u00f3n de los Programas Red de Emprendimiento y Aula del Futuro y Embajadora de Aula del Futuro en Extremadura en el Centro CRA La Espiga (El Torviscal-Palazuelo-Zurbar\u00e1n)<\/li>\n<p> <!-- [et_pb_line_break_holder] --><!-- [et_pb_line_break_holder] -->      <\/ul>\n<p><!-- [et_pb_line_break_holder] -->    <\/div>\n<p><!-- [et_pb_line_break_holder] -->    <!-- [et_pb_line_break_holder] -->    <!-- BOT\u00d3N VIDEO --> <\/p>\n<div class=\"ce40-program-video\" style=\"margin-top:20px;\"> <a href=\"https:\/\/www.youtube.com\/watch?v=fTETkSh3_zM&#038;list=PLJkk1L3HGsMmqEYzJsB1QKzvupSm0BH3B&#038;index=20\" target=\"_blank\" rel=\"noopener\" style=\" display:inline-block; padding:10px 18px; background:#0b1f3a; color:#ffffff; text-decoration:none; border-radius:8px; font-weight:bold; \"> \u25b6 Ver v\u00eddeo de la mesa redonda <\/a> <\/div>\n<p><!-- [et_pb_line_break_holder] --><!-- [et_pb_line_break_holder] -->  <\/div>\n<p><!-- [et_pb_line_break_holder] --><!-- [et_pb_line_break_holder] -->   <\/p>\n<div class=\"ce40-program-time\"><\/div>\n<p><!-- [et_pb_line_break_holder] --><!-- [et_pb_line_break_holder] -->  <\/p>\n<div class=\"ce40-program-main taller\"><!-- [et_pb_line_break_holder] -->    <!-- [et_pb_line_break_holder] -->    <\/p>\n<div class=\"ce40-program-tags\"><!-- [et_pb_line_break_holder] -->      <span class=\"ce40-program-tag ce40-topic-programacion\">Programaci\u00f3n<\/span><!-- [et_pb_line_break_holder] -->    <\/div>\n<p><!-- [et_pb_line_break_holder] --><!-- [et_pb_line_break_holder] -->    <\/p>\n<h3 class=\"ce40-program-title\">Taller \u00abC\u00f3mo vincular la programaci\u00f3n con el curr\u00edculo escolar de Infantil\u00bb  <\/h3>\n<p><!-- [et_pb_line_break_holder] --><!-- [et_pb_line_break_holder] -->    <\/p>\n<div class=\"ce40-program-meta\"><span class=\"et-pb-icon ce40-inline-icon\">\ue01d<\/span> Sala Ronda \u00b7 Taller<\/div>\n<p><!-- [et_pb_line_break_holder] --><!-- [et_pb_line_break_holder] -->    <\/p>\n<div class=\"ce40-program-speakers\"><!-- [et_pb_line_break_holder] -->      <strong>Ponente: Paola Guimer\u00e1ns,<\/strong> directora del M\u00e1ster Universitario en Innovaci\u00f3n Educativa y profesora de la Universidad Europea<!-- [et_pb_line_break_holder] --><!-- BOT\u00d3N PRESENTACION --> <\/p>\n<div class=\"ce40-program-video\" style=\"margin-top:20px;\"> <a href=\"https:\/\/www.juntadeandalucia.es/educacion/eaprendizaje\/wp-content\/uploads\/2026\/06\/Taller_Paola-Guimerans_150526_12.15_SalaRonda.pdf\" target=\"_blank\" rel=\"noopener\" style=\" display:inline-block; padding:10px 18px; background:#0b1f3a; color:#ffffff; text-decoration:none; border-radius:8px; font-weight:bold; \"> Descargar presentaci\u00f3n <\/a><!-- [et_pb_line_break_holder] -->  <\/div>\n<p><!-- [et_pb_line_break_holder] --><!-- [et_pb_line_break_holder] -->    <\/div>\n<p><!-- [et_pb_line_break_holder] --><!-- [et_pb_line_break_holder] -->  <\/div>\n<p><!-- [et_pb_line_break_holder] --><!-- [et_pb_line_break_holder] --><!-- [et_pb_line_break_holder] -->  <\/p>\n<div class=\"ce40-program-time\"><\/div>\n<p><!-- [et_pb_line_break_holder] --><!-- [et_pb_line_break_holder] -->  <\/p>\n<div class=\"ce40-program-main taller\"><!-- [et_pb_line_break_holder] -->    <\/p>\n<div class=\"ce40-program-tags\"><!-- [et_pb_line_break_holder] -->      <span class=\"ce40-program-tag ce40-topic-programacion\">Programaci\u00f3n<\/span><!-- [et_pb_line_break_holder] -->    <\/div>\n<p><!-- [et_pb_line_break_holder] --><!-- [et_pb_line_break_holder] -->    <\/p>\n<h3 class=\"ce40-program-title\">Taller \u201cProgramaci\u00f3n y rob\u00f3tica en experiencias educativas con impacto social en Primaria\u201d<\/h3>\n<p><!-- [et_pb_line_break_holder] --><!-- [et_pb_line_break_holder] -->    <\/p>\n<div class=\"ce40-program-meta\"><span class=\"et-pb-icon ce40-inline-icon\">\ue01d<\/span> Sala Bah\u00eda \u00b7 Taller<\/div>\n<p><!-- [et_pb_line_break_holder] --><!-- [et_pb_line_break_holder] -->    <\/p>\n<div class=\"ce40-program-speakers\"><!-- [et_pb_line_break_holder] -->      <strong>Ponente:  Daniel P\u00e9rez Leit\u00f3n,<\/strong> docente del Colegio Lope de Vega de Badajoz, experto profesional en Rob\u00f3tica Educativa por la UEX<!-- [et_pb_line_break_holder] -->        <!-- BOT\u00d3N PRESENTACION --> <\/p>\n<div class=\"ce40-program-video\" style=\"margin-top:20px;\"> <a href=\"https:\/\/www.juntadeandalucia.es/educacion/eaprendizaje\/wp-content\/uploads\/2026\/06\/Taller_DanielPerezLeiton_150526_12.15_SalaBahia.pdf\" target=\"_blank\" rel=\"noopener\" style=\" display:inline-block; padding:10px 18px; background:#0b1f3a; color:#ffffff; text-decoration:none; border-radius:8px; font-weight:bold; \"> Descargar presentaci\u00f3n <\/a><!-- [et_pb_line_break_holder] -->  <\/div>\n<p><!-- [et_pb_line_break_holder] --><!-- [et_pb_line_break_holder] -->      <!-- [et_pb_line_break_holder] -->    <\/div>\n<p><!-- [et_pb_line_break_holder] -->  <\/div>\n<p><!-- [et_pb_line_break_holder] --><!-- [et_pb_line_break_holder] --><!-- [et_pb_line_break_holder] -->  <\/p>\n<div class=\"ce40-program-time\"><\/div>\n<p><!-- [et_pb_line_break_holder] -->   <\/p>\n<div class=\"ce40-program-main taller\"><!-- [et_pb_line_break_holder] -->    <\/p>\n<div class=\"ce40-program-tags\"><!-- [et_pb_line_break_holder] -->      <span class=\"ce40-program-tag ce40-topic-programacion\">Programaci\u00f3n<\/span><!-- [et_pb_line_break_holder] -->    <\/div>\n<p><!-- [et_pb_line_break_holder] --><!-- [et_pb_line_break_holder] -->    <\/p>\n<h3 class=\"ce40-program-title\" >Taller \u00abRob\u00f3tica y Pensamiento Computacional en Educaci\u00f3n Secundaria para todas las \u00e1reas\u00bb <\/h3>\n<p><!-- [et_pb_line_break_holder] --><!-- [et_pb_line_break_holder] -->    <\/p>\n<div class=\"ce40-program-meta\"><span class=\"et-pb-icon ce40-inline-icon\">\ue01d<\/span> Auditorio It\u00e1lica \u00b7 Taller<\/div>\n<p><!-- [et_pb_line_break_holder] --><!-- [et_pb_line_break_holder] -->    <\/p>\n<div class=\"ce40-program-speakers\"><!-- [et_pb_line_break_holder] -->      <strong>Ponente:  Francisco Javier Masero, <\/strong> asesor t\u00e9cnico docente en el Servicio de Tecnolog\u00edas de la Educaci\u00f3n de la Consejer\u00eda de Educaci\u00f3n y Empleo de la Junta de Extremadura  <!-- [et_pb_line_break_holder] -->         <!-- BOT\u00d3N PRESENTACION --> <\/p>\n<div class=\"ce40-program-video\" style=\"margin-top:20px;\"> <a href=\"https:\/\/www.juntadeandalucia.es/educacion/eaprendizaje\/wp-content\/uploads\/2026\/06\/Taller_Francisco-Javier-Masero_150526_12.15_AuditorioItalica.pdf\" target=\"_blank\" rel=\"noopener\" style=\" display:inline-block; padding:10px 18px; background:#0b1f3a; color:#ffffff; text-decoration:none; border-radius:8px; font-weight:bold; \"> Descargar presentaci\u00f3n <\/a><!-- [et_pb_line_break_holder] -->    <\/div>\n<p><!-- [et_pb_line_break_holder] -->    <!-- [et_pb_line_break_holder] -->  <\/div>\n<p><!-- [et_pb_line_break_holder] --><!-- [et_pb_line_break_holder] --><\/div>\n<p>[\/et_pb_code][et_pb_code _builder_version=\u00bb4.27.4&#8243; _module_preset=\u00bbdefault\u00bb global_colors_info=\u00bb{}\u00bb]<\/p>\n<div class=\"ce40-program-card\"><!-- [et_pb_line_break_holder] -->  <\/p>\n<div class=\"ce40-program-time\">13:15 a 14:00<\/div>\n<p><!-- [et_pb_line_break_holder] --><!-- [et_pb_line_break_holder] -->  <\/p>\n<div class=\"ce40-program-main\"><!-- [et_pb_line_break_holder] -->    <\/p>\n<div class=\"ce40-program-tags\"><!-- [et_pb_line_break_holder] -->      <span class=\"ce40-program-tag ce40-topic-general\">General<\/span><!-- [et_pb_line_break_holder] -->    <\/div>\n<p><!-- [et_pb_line_break_holder] --><!-- [et_pb_line_break_holder] -->    <\/p>\n<h3 class=\"ce40-program-title\">Ponencia 2: \u00abAprendizaje 4.0: Implementaci\u00f3n e impacto de la Tecnolog\u00eda Educativa en el aula\u00bb<\/h3>\n<p><!-- [et_pb_line_break_holder] --><!-- [et_pb_line_break_holder] -->    <\/p>\n<div class=\"ce40-program-meta\"><span class=\"et-pb-icon ce40-inline-icon\">\ue01d<\/span> Auditorio Al-\u00c1ndalus \u00b7 Plenaria<\/div>\n<p><!-- [et_pb_line_break_holder] --><!-- [et_pb_line_break_holder] -->    <\/p>\n<div class=\"ce40-program-speakers\"><!-- [et_pb_line_break_holder] -->      <strong>Ponente:<\/strong><!\u2013- [et_pb_br_holder] -\u2013><!-- [et_pb_line_break_holder] -->      <strong>Laura Cuesta,<\/strong> Profesora de Comunicaci\u00f3n Digital en la Universidad Camilo Jos\u00e9 Cela de Madrid<!-- [et_pb_line_break_holder] -->    <\/div>\n<p><!-- [et_pb_line_break_holder] -->    <!-- [et_pb_line_break_holder] -->    <!-- BOT\u00d3N VIDEO --> <\/p>\n<div class=\"ce40-program-video\" style=\"margin-top:20px;\"> <a href=\"https:\/\/www.youtube.com\/watch?v=Xxz7zYID9hU&#038;list=PLJkk1L3HGsMmqEYzJsB1QKzvupSm0BH3B&#038;index=19\" target=\"_blank\" rel=\"noopener\" style=\" display:inline-block; padding:10px 18px; background:#0b1f3a; color:#ffffff; text-decoration:none; border-radius:8px; font-weight:bold; \"> \u25b6 Ver v\u00eddeo de la ponencia <\/a><!-- [et_pb_line_break_holder] -->    <a href=\"https:\/\/www.juntadeandalucia.es/educacion/eaprendizaje\/wp-content\/uploads\/2026\/06\/LauraCuestaCano_150526_13.15_AuditorioAlAndalus.pdf\" target=\"_blank\" rel=\"noopener\" style=\" display:inline-block; padding:10px 18px; background:#0b1f3a; color:#ffffff; text-decoration:none; border-radius:8px; font-weight:bold; \"> Descargar presentaci\u00f3n <\/a><!-- [et_pb_line_break_holder] -->    <\/div>\n<p><!-- [et_pb_line_break_holder] -->    <!-- [et_pb_line_break_holder] -->  <\/div>\n<p><!-- [et_pb_line_break_holder] --><\/div>\n<p>[\/et_pb_code][et_pb_code _builder_version=\u00bb4.27.4&#8243; _module_preset=\u00bbdefault\u00bb global_colors_info=\u00bb{}\u00bb]<\/p>\n<div class=\"ce40-program-card ce40-program-card--pause\"><!-- [et_pb_line_break_holder] -->  <\/p>\n<div class=\"ce40-program-time\">14:15 a 16:00<\/div>\n<p><!-- [et_pb_line_break_holder] -->  <\/p>\n<div class=\"ce40-program-main\"><!-- [et_pb_line_break_holder] -->    <\/p>\n<div class=\"ce40-program-pause-line\"><!-- [et_pb_line_break_holder] -->      <span class=\"ce40-program-pause-title\">Almuerzo Networking<\/span><!-- [et_pb_line_break_holder] -->      <span class=\"ce40-program-pause-meta\"><span class=\"et-pb-icon ce40-inline-icon\">\ue01d<\/span> C\u00fapula \u00b7 Zona networking<\/span><!-- [et_pb_line_break_holder] -->    <\/div>\n<p><!-- [et_pb_line_break_holder] -->  <\/div>\n<p><!-- [et_pb_line_break_holder] --><\/div>\n<p>[\/et_pb_code][et_pb_code _builder_version=\u00bb4.27.4&#8243; _module_preset=\u00bbdefault\u00bb global_colors_info=\u00bb{}\u00bb]<\/p>\n<div class=\"ce40-program-card\"><!-- [et_pb_line_break_holder] -->  <\/p>\n<div class=\"ce40-program-time\">16:15 a 17:00<\/div>\n<p><!-- [et_pb_line_break_holder] --><!-- [et_pb_line_break_holder] -->  <\/p>\n<div class=\"ce40-program-main\"><!-- [et_pb_line_break_holder] -->    <\/p>\n<div class=\"ce40-program-tags\"><!-- [et_pb_line_break_holder] -->      <span class=\"ce40-program-tag ce40-topic-rea\">REA<\/span><!-- [et_pb_line_break_holder] -->    <\/div>\n<p><!-- [et_pb_line_break_holder] --><!-- [et_pb_line_break_holder] -->    <\/p>\n<h3 class=\"ce40-program-title\">Mesa redonda: \u00ab\u00a1Maestro, no est\u00e1s solo! Proyectos para tecnologizar tu aula\u00bb<\/h3>\n<p><!-- [et_pb_line_break_holder] --><!-- [et_pb_line_break_holder] -->    <\/p>\n<div class=\"ce40-program-meta\"><span class=\"et-pb-icon ce40-inline-icon\">\ue01d<\/span> Auditorio Al-\u00c1ndalus \u00b7 Mesa redonda<\/div>\n<p><!-- [et_pb_line_break_holder] --><!-- [et_pb_line_break_holder] -->    <\/p>\n<div class=\"ce40-program-speakers\"><!-- [et_pb_line_break_holder] -->       <strong>Modera: Roc\u00edo Bustamante<\/strong>, Adscrita al Servicio de Innovaci\u00f3n Educativa de la Direcci\u00f3n General de Innovaci\u00f3n y Formaci\u00f3n del Profesorado, Consejer\u00eda de Desarrollo Educativo y Formaci\u00f3n Profesional <!\u2013- [et_pb_br_holder] -\u2013><!-- [et_pb_line_break_holder] -->      <strong>Intervienen:<\/strong><!-- [et_pb_line_break_holder] -->      <\/p>\n<ul><!-- [et_pb_line_break_holder] -->        <\/p>\n<li><strong>Guillermo Medrano,<\/strong> profesor de Secundaria en La Rioja<\/li>\n<p><!-- [et_pb_line_break_holder] --><\/p>\n<li><strong>Fran G\u00f3mez,<\/strong> director del CEIP Ciudad de Ceuta<\/li>\n<p><!-- [et_pb_line_break_holder] --><\/p>\n<li><strong>Roc\u00edo Fuentes,<\/strong> maestra de Educaci\u00f3n Primaria en el CEIP Pablo Ruiz Picasso (Sevilla) <\/li>\n<p><!-- [et_pb_line_break_holder] -->        <!-- [et_pb_line_break_holder] -->      <\/ul>\n<p><!-- [et_pb_line_break_holder] -->    <\/div>\n<p><!-- [et_pb_line_break_holder] -->    <!-- [et_pb_line_break_holder] -->    <!-- BOT\u00d3N VIDEO --> <\/p>\n<div class=\"ce40-program-video\" style=\"margin-top:20px;\"> <a href=\"https:\/\/www.youtube.com\/watch?v=XiAUu3pgYbU&#038;list=PLJkk1L3HGsMmqEYzJsB1QKzvupSm0BH3B&#038;index=18\" target=\"_blank\" rel=\"noopener\" style=\" display:inline-block; padding:10px 18px; background:#0b1f3a; color:#ffffff; text-decoration:none; border-radius:8px; font-weight:bold; \"> \u25b6 Ver v\u00eddeo de la mesa redonda <\/a> <\/div>\n<p> <!-- [et_pb_line_break_holder] -->  <\/div>\n<p><!-- [et_pb_line_break_holder] -->    <\/p>\n<div class=\"ce40-program-time\"><\/div>\n<p><!-- [et_pb_line_break_holder] --><!-- [et_pb_line_break_holder] -->  <\/p>\n<div class=\"ce40-program-main taller\"><!-- [et_pb_line_break_holder] -->    <!-- [et_pb_line_break_holder] -->    <\/p>\n<div class=\"ce40-program-tags\"><!-- [et_pb_line_break_holder] -->      <span class=\"ce40-program-tag ce40-topic-pc\">Pensamiento computacional<\/span><!-- [et_pb_line_break_holder] -->    <\/div>\n<p><!-- [et_pb_line_break_holder] --><!-- [et_pb_line_break_holder] -->    <\/p>\n<h3 class=\"ce40-program-title\">Taller: \u00abDe la cabeza\u2026 al Scratch: introducci\u00f3n al pensamiento computacional para Infantil\u00bb <\/h3>\n<p><!-- [et_pb_line_break_holder] --><!-- [et_pb_line_break_holder] -->    <\/p>\n<div class=\"ce40-program-meta\"><span class=\"et-pb-icon ce40-inline-icon\">\ue01d<\/span> Sala Ronda \u00b7 Taller<\/div>\n<p><!-- [et_pb_line_break_holder] --><!-- [et_pb_line_break_holder] -->    <\/p>\n<div class=\"ce40-program-speakers\"><!-- [et_pb_line_break_holder] -->      <strong>Ponente: Ana Medina, <\/strong>maestra en CEIP El Manantial (Bormujos, Sevilla)<!-- [et_pb_line_break_holder] -->       <!-- BOT\u00d3N PRESENTACION --> <\/p>\n<div class=\"ce40-program-video\" style=\"margin-top:20px;\"> <a href=\"https:\/\/www.juntadeandalucia.es/educacion/eaprendizaje\/wp-content\/uploads\/2026\/06\/Taller_Ana-Medina_150526_16.15_SalaRonda.pdf\" target=\"_blank\" rel=\"noopener\" style=\" display:inline-block; padding:10px 18px; background:#0b1f3a; color:#ffffff; text-decoration:none; border-radius:8px; font-weight:bold; \"> Descargar presentaci\u00f3n <\/a><!-- [et_pb_line_break_holder] -->  <\/div>\n<p><!-- [et_pb_line_break_holder] --><!-- [et_pb_line_break_holder] -->      <!-- [et_pb_line_break_holder] -->    <\/div>\n<p><!-- [et_pb_line_break_holder] --><!-- [et_pb_line_break_holder] -->  <\/div>\n<p><!-- [et_pb_line_break_holder] --><!-- [et_pb_line_break_holder] --><!-- [et_pb_line_break_holder] -->  <\/p>\n<div class=\"ce40-program-time\"><\/div>\n<p><!-- [et_pb_line_break_holder] --><!-- [et_pb_line_break_holder] -->  <\/p>\n<div class=\"ce40-program-main taller\"><!-- [et_pb_line_break_holder] -->    <\/p>\n<div class=\"ce40-program-tags\"><!-- [et_pb_line_break_holder] -->      <span class=\"ce40-program-tag ce40-topic-pc\">Pensamiento computacional<\/span><!-- [et_pb_line_break_holder] -->    <\/div>\n<p><!-- [et_pb_line_break_holder] --><!-- [et_pb_line_break_holder] -->    <\/p>\n<h3 class=\"ce40-program-title\">Taller: \u00abEscuela de Programadores: Pensamiento Computacional en Primaria\u00bb <\/h3>\n<p><!-- [et_pb_line_break_holder] --><!-- [et_pb_line_break_holder] -->    <\/p>\n<div class=\"ce40-program-meta\"><span class=\"et-pb-icon ce40-inline-icon\">\ue01d<\/span> Sala Bah\u00eda \u00b7 Taller<\/div>\n<p><!-- [et_pb_line_break_holder] --><!-- [et_pb_line_break_holder] -->    <\/p>\n<div class=\"ce40-program-speakers\"><!-- [et_pb_line_break_holder] -->      <strong>Ponente: Francisco Orts, <\/strong> jefe de estudios en el CEIP Rafael Alberti (M\u00e1laga)<!-- [et_pb_line_break_holder] -->        <!-- BOT\u00d3N PRESENTACION --> <\/p>\n<div class=\"ce40-program-video\" style=\"margin-top:20px;\"> <a href=\"https:\/\/www.juntadeandalucia.es/educacion/eaprendizaje\/wp-content\/uploads\/2026\/06\/Taller_Francisco-Orts_150526_16.15_SalaBahia.pdf\" target=\"_blank\" rel=\"noopener\" style=\" display:inline-block; padding:10px 18px; background:#0b1f3a; color:#ffffff; text-decoration:none; border-radius:8px; font-weight:bold; \"> Descargar presentaci\u00f3n <\/a><!-- [et_pb_line_break_holder] -->  <\/div>\n<p><!-- [et_pb_line_break_holder] -->      <!-- [et_pb_line_break_holder] -->    <\/div>\n<p><!-- [et_pb_line_break_holder] -->  <\/div>\n<p><!-- [et_pb_line_break_holder] --><!-- [et_pb_line_break_holder] --><!-- [et_pb_line_break_holder] -->  <\/p>\n<div class=\"ce40-program-time\"><\/div>\n<p><!-- [et_pb_line_break_holder] -->   <\/p>\n<div class=\"ce40-program-main taller\"><!-- [et_pb_line_break_holder] -->    <\/p>\n<div class=\"ce40-program-tags\"><!-- [et_pb_line_break_holder] -->     <span class=\"ce40-program-tag ce40-topic-pc\">Pensamiento computacional<\/span><!-- [et_pb_line_break_holder] -->    <\/div>\n<p><!-- [et_pb_line_break_holder] --><!-- [et_pb_line_break_holder] -->    <\/p>\n<h3 class=\"ce40-program-title\">Taller: \u00abPensamiento computacional al aula: las tareas bebras como material did\u00e1ctico en Secundaria\u00bb <\/h3>\n<p><!-- [et_pb_line_break_holder] --><!-- [et_pb_line_break_holder] -->    <\/p>\n<div class=\"ce40-program-meta\"><span class=\"et-pb-icon ce40-inline-icon\">\ue01d<\/span> Auditorio It\u00e1lica \u00b7 Taller<\/div>\n<p><!-- [et_pb_line_break_holder] --><!-- [et_pb_line_break_holder] -->    <\/p>\n<div class=\"ce40-program-speakers\"><!-- [et_pb_line_break_holder] -->      <strong>Ponente: Juanjo Santaengracia,<\/strong> profesor de Did\u00e1ctica de la Matem\u00e1tica en la Universidad de Oviedo<!-- [et_pb_line_break_holder] -->        <!-- BOT\u00d3N PRESENTACION --> <\/p>\n<div class=\"ce40-program-video\" style=\"margin-top:20px;\"> <a href=\"https:\/\/www.juntadeandalucia.es/educacion/eaprendizaje\/wp-content\/uploads\/2026\/06\/Taller_Juanjo-Santaengracia_150526_16.15_AuditorioItalica.pdf\" target=\"_blank\" rel=\"noopener\" style=\" display:inline-block; padding:10px 18px; background:#0b1f3a; color:#ffffff; text-decoration:none; border-radius:8px; font-weight:bold; \"> Descargar presentaci\u00f3n <\/a><!-- [et_pb_line_break_holder] -->  <\/div>\n<p><!-- [et_pb_line_break_holder] -->    <\/div>\n<p><!-- [et_pb_line_break_holder] -->  <\/div>\n<p><!-- [et_pb_line_break_holder] --><\/div>\n<p>[\/et_pb_code][et_pb_code _builder_version=\u00bb4.27.4&#8243; _module_preset=\u00bbdefault\u00bb global_colors_info=\u00bb{}\u00bb]<\/p>\n<div class=\"ce40-program-card\"><!-- [et_pb_line_break_holder] -->  <\/p>\n<div class=\"ce40-program-time\">17:15 a 17:45<\/div>\n<p><!-- [et_pb_line_break_holder] --><!-- [et_pb_line_break_holder] -->  <\/p>\n<div class=\"ce40-program-main\"><!-- [et_pb_line_break_holder] -->    <\/p>\n<div class=\"ce40-program-tags\"><!-- [et_pb_line_break_holder] -->      <span class=\"ce40-program-tag ce40-topic-general\">Plenaria<\/span><!-- [et_pb_line_break_holder] -->    <\/div>\n<p><!-- [et_pb_line_break_holder] --><!-- [et_pb_line_break_holder] -->    <\/p>\n<h3 class=\"ce40-program-title\">Ponencia 3: \u00abAprender juntos para innovar: educaci\u00f3n digital, aulas del futuro y redes internacionales\u00bb<\/h3>\n<p><!-- [et_pb_line_break_holder] --><!-- [et_pb_line_break_holder] -->    <\/p>\n<div class=\"ce40-program-meta\"><span class=\"et-pb-icon ce40-inline-icon\">\ue01d<\/span> Auditorio Al-\u00c1ndalus \u00b7 Plenaria<\/div>\n<p><!-- [et_pb_line_break_holder] --><!-- [et_pb_line_break_holder] -->    <\/p>\n<div class=\"ce40-program-speakers\"><!-- [et_pb_line_break_holder] -->      <strong>Ponente:<\/strong><!\u2013- [et_pb_br_holder] -\u2013><!-- [et_pb_line_break_holder] -->      <strong>Tommaso Dalla,<\/strong>  jefe de departamento de Desarrollo Escolar y del Profesorado en European Schoolnet<!-- [et_pb_line_break_holder] -->    <\/div>\n<p><!-- [et_pb_line_break_holder] -->     <!-- BOT\u00d3N VIDEO --> <\/p>\n<div class=\"ce40-program-video\" style=\"margin-top:20px;\"> <a href=\"https:\/\/www.youtube.com\/watch?v=xAJg4jxnbnQ&#038;list=PLJkk1L3HGsMmqEYzJsB1QKzvupSm0BH3B&#038;index=23\" target=\"_blank\" rel=\"noopener\" style=\" display:inline-block; padding:10px 18px; background:#0b1f3a; color:#ffffff; text-decoration:none; border-radius:8px; font-weight:bold; \"> \u25b6 Ver v\u00eddeo de la ponencia <\/a><!-- [et_pb_line_break_holder] -->    <a href=\"https:\/\/www.juntadeandalucia.es/educacion/eaprendizaje\/wp-content\/uploads\/2026\/06\/Tommaso-dalla-Vecchia_150526_17.15_AuditorioAlAndalus.pdf\" target=\"_blank\" rel=\"noopener\" style=\" display:inline-block; padding:10px 18px; background:#0b1f3a; color:#ffffff; text-decoration:none; border-radius:8px; font-weight:bold; \"> Descargar presentaci\u00f3n <\/a><!-- [et_pb_line_break_holder] -->    <\/div>\n<p><!-- [et_pb_line_break_holder] -->  <\/div>\n<p><!-- [et_pb_line_break_holder] --><\/div>\n<p>[\/et_pb_code][et_pb_code _builder_version=\u00bb4.27.4&#8243; _module_preset=\u00bbdefault\u00bb global_colors_info=\u00bb{}\u00bb]<\/p>\n<div class=\"ce40-program-card\"><!-- [et_pb_line_break_holder] -->  <\/p>\n<div class=\"ce40-program-time\">18:00 a 18:45<\/div>\n<p><!-- [et_pb_line_break_holder] --><!-- [et_pb_line_break_holder] -->  <\/p>\n<div class=\"ce40-program-main\"><!-- [et_pb_line_break_holder] -->    <\/p>\n<div class=\"ce40-program-tags\"><!-- [et_pb_line_break_holder] -->      <span class=\"ce40-program-tag ce40-topic-general\">General<\/span><!-- [et_pb_line_break_holder] -->    <\/div>\n<p><!-- [et_pb_line_break_holder] --><!-- [et_pb_line_break_holder] -->    <\/p>\n<h3 class=\"ce40-program-title\">Mesa redonda: \u00abProtecci\u00f3n de datos\u00bb<\/h3>\n<p><!-- [et_pb_line_break_holder] --><!-- [et_pb_line_break_holder] -->    <\/p>\n<div class=\"ce40-program-meta\"><span class=\"et-pb-icon ce40-inline-icon\">\ue01d<\/span> Auditorio Al-\u00c1ndalus \u00b7 Mesa redonda<\/div>\n<p><!-- [et_pb_line_break_holder] --><!-- [et_pb_line_break_holder] -->    <\/p>\n<div class=\"ce40-program-speakers\"><!-- [et_pb_line_break_holder] -->      <strong>Modera: Jos\u00e9 Antonio Agromayor<\/strong>, jefe del Servicio de Innovaci\u00f3n Educativa en la Direcci\u00f3n General de Innovaci\u00f3n y Formaci\u00f3n del Profesorado de la Junta de Andaluc\u00eda<!\u2013- [et_pb_br_holder] -\u2013><!-- [et_pb_line_break_holder] -->      <strong>Intervienen:<\/strong><!-- [et_pb_line_break_holder] -->      <\/p>\n<ul>      <!-- [et_pb_line_break_holder] -->        <\/p>\n<li><strong>Francisco Silveira,<\/strong> subdirector de Sistemas Corporativos y Grandes Sistemas en  Agencia Digital de Andaluc\u00eda (ADA)<\/li>\n<p><!-- [et_pb_line_break_holder] -->        <\/p>\n<li><strong>Gloria Placer,<\/strong> directora de la Fundaci\u00f3n Vodafone en Espa\u00f1a<\/li>\n<p><!-- [et_pb_line_break_holder] -->        <\/p>\n<li><strong>Jes\u00fas Fern\u00e1ndez,<\/strong> abogado y Delegado de Protecci\u00f3n de Datos, Intuita<\/li>\n<p><!-- [et_pb_line_break_holder] -->      <\/ul>\n<p><!-- [et_pb_line_break_holder] -->    <\/div>\n<p><!-- [et_pb_line_break_holder] -->     <!-- BOT\u00d3N VIDEO --> <\/p>\n<div class=\"ce40-program-video\" style=\"margin-top:20px;\"> <a href=\"https:\/\/www.youtube.com\/watch?v=EOx7b6BYuAs&#038;list=PLJkk1L3HGsMmqEYzJsB1QKzvupSm0BH3B&#038;index=17\" target=\"_blank\" rel=\"noopener\" style=\" display:inline-block; padding:10px 18px; background:#0b1f3a; color:#ffffff; text-decoration:none; border-radius:8px; font-weight:bold; \"> \u25b6 Ver v\u00eddeo de la mesa redonda <\/a> <\/div>\n<p> <!-- [et_pb_line_break_holder] -->  <\/div>\n<p><!-- [et_pb_line_break_holder] -->   <\/p>\n<div class=\"ce40-program-time\"><\/div>\n<p><!-- [et_pb_line_break_holder] --><!-- [et_pb_line_break_holder] -->  <\/p>\n<div class=\"ce40-program-main taller\"><!-- [et_pb_line_break_holder] -->    <\/p>\n<div class=\"ce40-program-tags\"><!-- [et_pb_line_break_holder] -->      <span class=\"ce40-program-tag ce40-topic-robotica\">Rob\u00f3tica y 3D<\/span><!-- [et_pb_line_break_holder] -->    <\/div>\n<p><!-- [et_pb_line_break_holder] --><!-- [et_pb_line_break_holder] -->    <\/p>\n<h3 class=\"ce40-program-title\">Taller \u00abPensamiento Computacional y Rob\u00f3tica en Educaci\u00f3n Infantil\u00bb <\/h3>\n<p><!-- [et_pb_line_break_holder] --><!-- [et_pb_line_break_holder] -->    <\/p>\n<div class=\"ce40-program-meta\"><span class=\"et-pb-icon ce40-inline-icon\">\ue01d<\/span> Sala Ronda \u00b7 Taller<\/div>\n<p><!-- [et_pb_line_break_holder] --><!-- [et_pb_line_break_holder] -->    <\/p>\n<div class=\"ce40-program-speakers\"><!-- [et_pb_line_break_holder] -->      <strong>Ponente:  Mar Ser\u00f3n,<\/strong> maestra de Educaci\u00f3n Primaria y coordinadora STEAM 4.0 en el CEIP El Tejar de Fuengirola (M\u00e1laga)<!-- [et_pb_line_break_holder] -->       <!-- BOT\u00d3N PRESENTACION --> <\/p>\n<div class=\"ce40-program-video\" style=\"margin-top:20px;\"> <a href=\"https:\/\/www.juntadeandalucia.es/educacion/eaprendizaje\/wp-content\/uploads\/2026\/06\/Taller_Mar-Seron_150526_18.00_SalaRonda.pdf\" target=\"_blank\" rel=\"noopener\" style=\" display:inline-block; padding:10px 18px; background:#0b1f3a; color:#ffffff; text-decoration:none; border-radius:8px; font-weight:bold; \"> Descargar presentaci\u00f3n <\/a><!-- [et_pb_line_break_holder] -->  <\/div>\n<p><!-- [et_pb_line_break_holder] -->    <\/div>\n<p><!-- [et_pb_line_break_holder] -->  <\/div>\n<p><!-- [et_pb_line_break_holder] -->   <\/p>\n<div class=\"ce40-program-time\"><\/div>\n<p><!-- [et_pb_line_break_holder] --><!-- [et_pb_line_break_holder] -->  <\/p>\n<div class=\"ce40-program-main taller\"><!-- [et_pb_line_break_holder] -->    <\/p>\n<div class=\"ce40-program-tags\"><!-- [et_pb_line_break_holder] -->      <span class=\"ce40-program-tag ce40-topic-robotica\">Rob\u00f3tica y 3D<\/span><!-- [et_pb_line_break_holder] -->    <\/div>\n<p><!-- [et_pb_line_break_holder] --><!-- [et_pb_line_break_holder] -->    <\/p>\n<h3 class=\"ce40-program-title\">Taller: \u00abRob\u00f3tica aplicada a las aulas de Primaria\u00bb <\/h3>\n<p><!-- [et_pb_line_break_holder] --><!-- [et_pb_line_break_holder] -->    <\/p>\n<div class=\"ce40-program-meta\"><span class=\"et-pb-icon ce40-inline-icon\">\ue01d<\/span> Sala Bah\u00eda \u00b7 Taller<\/div>\n<p><!-- [et_pb_line_break_holder] --><!-- [et_pb_line_break_holder] -->    <\/p>\n<div class=\"ce40-program-speakers\"><!-- [et_pb_line_break_holder] -->      <strong>Ponente: Francisco Delgado,<\/strong> maestro y mentor digital de Escuela 4.0, Direcci\u00f3n Provincial de Educaci\u00f3n de \u00c1vila<!-- [et_pb_line_break_holder] -->        <!-- BOT\u00d3N PRESENTACION --> <\/p>\n<div class=\"ce40-program-video\" style=\"margin-top:20px;\"> <a href=\"https:\/\/www.juntadeandalucia.es/educacion/eaprendizaje\/wp-content\/uploads\/2026\/06\/Taller_Francisco-Delgado_150526_18.00_SalaBahia.pdf\" target=\"_blank\" rel=\"noopener\" style=\" display:inline-block; padding:10px 18px; background:#0b1f3a; color:#ffffff; text-decoration:none; border-radius:8px; font-weight:bold; \"> Descargar presentaci\u00f3n <\/a><!-- [et_pb_line_break_holder] -->  <\/div>\n<p><!-- [et_pb_line_break_holder] -->    <\/div>\n<p><!-- [et_pb_line_break_holder] -->  <\/div>\n<p><!-- [et_pb_line_break_holder] -->   <\/p>\n<div class=\"ce40-program-time\"><\/div>\n<p><!-- [et_pb_line_break_holder] --><!-- [et_pb_line_break_holder] -->  <\/p>\n<div class=\"ce40-program-main taller\"><!-- [et_pb_line_break_holder] -->    <\/p>\n<div class=\"ce40-program-tags\"><!-- [et_pb_line_break_holder] -->      <span class=\"ce40-program-tag ce40-topic-robotica\">Rob\u00f3tica y 3D<\/span><!-- [et_pb_line_break_holder] -->    <\/div>\n<p><!-- [et_pb_line_break_holder] --><!-- [et_pb_line_break_holder] -->    <\/p>\n<h3 class=\"ce40-program-title\">Taller: \u00abRob\u00f3tica aplicada a las aulas de Secundaria\u00bb <\/h3>\n<p><!-- [et_pb_line_break_holder] --><!-- [et_pb_line_break_holder] -->    <\/p>\n<div class=\"ce40-program-meta\"><span class=\"et-pb-icon ce40-inline-icon\">\ue01d<\/span> Auditorio It\u00e1lica \u00b7 Taller<\/div>\n<p><!-- [et_pb_line_break_holder] --><!-- [et_pb_line_break_holder] -->    <\/p>\n<div class=\"ce40-program-speakers\"><!-- [et_pb_line_break_holder] -->      <strong>Ponente:  Antonio J. Hoyos,<\/strong> t\u00e9cnico en el servicio de Formaci\u00f3n Profesional de la Delegaci\u00f3n Territorial de Desarrollo Educativo y Formaci\u00f3n Profesional de Ja\u00e9n<!-- [et_pb_line_break_holder] -->        <!-- BOT\u00d3N PRESENTACION --> <\/p>\n<div class=\"ce40-program-video\" style=\"margin-top:20px;\"> <a href=\"https:\/\/www.juntadeandalucia.es/educacion/eaprendizaje\/wp-content\/uploads\/2026\/06\/Taller_Antonio-Jesus-Hoyos-Colmenero_150526_AuditorioItalica.pdf\" target=\"_blank\" rel=\"noopener\" style=\" display:inline-block; padding:10px 18px; background:#0b1f3a; color:#ffffff; text-decoration:none; border-radius:8px; font-weight:bold; \"> Descargar presentaci\u00f3n <\/a><!-- [et_pb_line_break_holder] -->  <\/div>\n<p><!-- [et_pb_line_break_holder] -->    <\/div>\n<p><!-- [et_pb_line_break_holder] -->  <\/div>\n<p><!-- [et_pb_line_break_holder] --><\/div>\n<p>[\/et_pb_code][et_pb_code _builder_version=\u00bb4.27.4&#8243; _module_preset=\u00bbdefault\u00bb global_colors_info=\u00bb{}\u00bb]<\/p>\n<div class=\"ce40-program-card ce40-program-card--ceremony\"><!-- [et_pb_line_break_holder] -->  <\/p>\n<div class=\"ce40-program-time\">19:00 a 19:30<\/div>\n<p><!-- [et_pb_line_break_holder] --><!-- [et_pb_line_break_holder] -->  <\/p>\n<div class=\"ce40-program-main\"><!-- [et_pb_line_break_holder] -->    <\/p>\n<div class=\"ce40-program-ceremony-line\"><!-- [et_pb_line_break_holder] -->      <span class=\"ce40-program-ceremony-title\"><span class=\"et-pb-icon ce40-inline-icon\">\ue0dc<\/span> Caf\u00e9 despedida<\/span><!-- [et_pb_line_break_holder] -->      <span class=\"ce40-program-ceremony-meta\"><span class=\"et-pb-icon ce40-inline-icon\">\ue01d<\/span> C\u00fapula \u00b7 Zona networking<\/span><!-- [et_pb_line_break_holder] -->    <\/div>\n<p><!-- [et_pb_line_break_holder] --><!-- [et_pb_line_break_holder] -->    <\/p>\n<div class=\"ce40-program-ceremony-extra\"><!-- [et_pb_line_break_holder] -->     <!-- [et_pb_line_break_holder] -->    <\/div>\n<p><!-- [et_pb_line_break_holder] -->  <\/div>\n<p><!-- [et_pb_line_break_holder] --><\/div>\n<p>[\/et_pb_code][\/et_pb_column][\/et_pb_row][\/et_pb_section][et_pb_section fb_built=\u00bb1&#8243; module_id=\u00bbdia2&#8243; _builder_version=\u00bb4.27.4&#8243; _module_preset=\u00bbdefault\u00bb background_color=\u00bb#302b56&#8243; custom_padding=\u00bb20px||||false|false\u00bb global_colors_info=\u00bb{}\u00bb][et_pb_row column_structure=\u00bb3_4,1_4&#8243; _builder_version=\u00bb4.27.4&#8243; _module_preset=\u00bbdefault\u00bb custom_margin=\u00bb||0px||false|false\u00bb custom_padding=\u00bb||0px|||\u00bb global_colors_info=\u00bb{}\u00bb][et_pb_column type=\u00bb3_4&#8243; _builder_version=\u00bb4.27.4&#8243; _module_preset=\u00bbdefault\u00bb global_colors_info=\u00bb{}\u00bb][et_pb_text module_class=\u00bbce40-h2 ce40-block-title\u00bb _builder_version=\u00bb4.27.4&#8243; _module_preset=\u00bbdefault\u00bb custom_margin=\u00bb||-2px||false|false\u00bb custom_padding=\u00bb||0px||false|false\u00bb global_colors_info=\u00bb{}\u00bb]<\/p>\n<h2><span style=\"color: #ffffff;\">D\u00eda 2 | S\u00e1bado 16 de mayo<\/span><\/h2>\n<p>[\/et_pb_text][et_pb_text module_class=\u00bbce40-body ce40-block-body\u00bb _builder_version=\u00bb4.27.4&#8243; _module_preset=\u00bbdefault\u00bb custom_margin=\u00bb||1px||false|false\u00bb custom_padding=\u00bb||0px||false|false\u00bb global_colors_info=\u00bb{}\u00bb]<span style=\"color: #ffffff;\">9:00 a 13:30 h<\/span>[\/et_pb_text][\/et_pb_column][et_pb_column type=\u00bb1_4&#8243; _builder_version=\u00bb4.27.4&#8243; _module_preset=\u00bbdefault\u00bb global_colors_info=\u00bb{}\u00bb][et_pb_code disabled_on=\u00bbon|off|off\u00bb _builder_version=\u00bb4.27.4&#8243; _module_preset=\u00bbdefault\u00bb global_colors_info=\u00bb{}\u00bb]<\/p>\n<div class=\"ce40-program-jump\"><!-- [et_pb_line_break_holder] -->  <a href=\"#dia1\" class=\"ce40-program-jump__btn\">D\u00eda 1 &#8211; Viernes 15 de mayo<\/a><!-- [et_pb_line_break_holder] --><\/div>\n<p>[\/et_pb_code][\/et_pb_column][\/et_pb_row][et_pb_row module_class=\u00bbce40-day\u00bb _builder_version=\u00bb4.27.4&#8243; _module_preset=\u00bbdefault\u00bb global_colors_info=\u00bb{}\u00bb][et_pb_column type=\u00bb4_4&#8243; _builder_version=\u00bb4.27.4&#8243; _module_preset=\u00bbdefault\u00bb global_colors_info=\u00bb{}\u00bb][et_pb_code _builder_version=\u00bb4.27.4&#8243; _module_preset=\u00bbdefault\u00bb global_colors_info=\u00bb{}\u00bb]<\/p>\n<div class=\"ce40-program-card\"><!-- [et_pb_line_break_holder] -->  <\/p>\n<div class=\"ce40-program-time\">9:00 a 9:45<\/div>\n<p><!-- [et_pb_line_break_holder] --><!-- [et_pb_line_break_holder] -->  <\/p>\n<div class=\"ce40-program-main\"><!-- [et_pb_line_break_holder] -->    <\/p>\n<div class=\"ce40-program-tags\"><!-- [et_pb_line_break_holder] -->      <span class=\"ce40-program-tag ce40-topic-general\">Ponencia<\/span><!-- [et_pb_line_break_holder] -->    <\/div>\n<p><!-- [et_pb_line_break_holder] --><!-- [et_pb_line_break_holder] -->    <\/p>\n<h3 class=\"ce40-program-title\">Ponencia 4: \u00abGemini y NotebookLM: El ecosistema de IA de Google para impulsar la innovaci\u00f3n educativa\u00bb<\/h3>\n<p><!-- [et_pb_line_break_holder] --><!-- [et_pb_line_break_holder] -->    <\/p>\n<div class=\"ce40-program-meta\"><span class=\"et-pb-icon ce40-inline-icon\">\ue01d<\/span> Auditorio Al-\u00c1ndalus \u00b7 Plenaria<\/div>\n<p><!-- [et_pb_line_break_holder] --><!-- [et_pb_line_break_holder] -->    <\/p>\n<div class=\"ce40-program-speakers\"><!-- [et_pb_line_break_holder] -->      <strong>Ponente: <\/strong><!-- [et_pb_line_break_holder] -->        <!-- [et_pb_line_break_holder] --><strong>Mariano Salas, <\/strong>  director de Transformaci\u00f3n Digital en Google for Education Espa\u00f1a<!-- [et_pb_line_break_holder] -->       <!-- [et_pb_line_break_holder] -->     <!-- [et_pb_line_break_holder] -->    <\/div>\n<p><!-- [et_pb_line_break_holder] -->    <!-- BOT\u00d3N VIDEO --> <\/p>\n<div class=\"ce40-program-video\" style=\"margin-top:20px;\"> <a href=\"https:\/\/www.youtube.com\/watch?v=Uswmv3SduXE&#038;list=PLJkk1L3HGsMmqEYzJsB1QKzvupSm0BH3B&#038;index=12\" target=\"_blank\" rel=\"noopener\" style=\" display:inline-block; padding:10px 18px; background:#0b1f3a; color:#ffffff; text-decoration:none; border-radius:8px; font-weight:bold; \"> \u25b6 Ver v\u00eddeo de la ponencia <\/a><!-- [et_pb_line_break_holder] -->    <a href=\"https:\/\/www.juntadeandalucia.es/educacion/eaprendizaje\/wp-content\/uploads\/2026\/06\/Mariano-Salas_160526_9.00_AuditorioAlAndalus.pdf\" target=\"_blank\" rel=\"noopener\" style=\" display:inline-block; padding:10px 18px; background:#0b1f3a; color:#ffffff; text-decoration:none; border-radius:8px; font-weight:bold; \"> Descargar presentaci\u00f3n <\/a><!-- [et_pb_line_break_holder] -->    <\/div>\n<p> <!-- [et_pb_line_break_holder] --><!-- [et_pb_line_break_holder] -->  <\/div>\n<p><!-- [et_pb_line_break_holder] --><\/div>\n<p>[\/et_pb_code][et_pb_code _builder_version=\u00bb4.27.4&#8243; _module_preset=\u00bbdefault\u00bb global_colors_info=\u00bb{}\u00bb]<\/p>\n<div class=\"ce40-program-card\"><!-- [et_pb_line_break_holder] -->  <\/p>\n<div class=\"ce40-program-time\">10:00 a 10:45<\/div>\n<p><!-- [et_pb_line_break_holder] --><!-- [et_pb_line_break_holder] -->  <\/p>\n<div class=\"ce40-program-main\"><!-- [et_pb_line_break_holder] -->    <\/p>\n<div class=\"ce40-program-tags\"><!-- [et_pb_line_break_holder] -->      <span class=\"ce40-program-tag ce40-topic-ia\">Inteligencia Artificial<\/span><!-- [et_pb_line_break_holder] -->    <\/div>\n<p><!-- [et_pb_line_break_holder] --><!-- [et_pb_line_break_holder] -->    <\/p>\n<h3 class=\"ce40-program-title\">Mesa redonda: \u00abIA, una visi\u00f3n cr\u00edtica\u00bb<\/h3>\n<p><!-- [et_pb_line_break_holder] --><!-- [et_pb_line_break_holder] -->    <\/p>\n<div class=\"ce40-program-meta\"><!-- [et_pb_line_break_holder] -->      <span class=\"et-pb-icon ce40-inline-icon\">\ue01d<\/span><!-- [et_pb_line_break_holder] -->      Auditorio Al-\u00c1ndalus \u00b7 Mesa redonda<!-- [et_pb_line_break_holder] -->    <\/div>\n<p><!-- [et_pb_line_break_holder] --><!-- [et_pb_line_break_holder] -->    <\/p>\n<div class=\"ce40-program-speakers\"><!-- [et_pb_line_break_holder] -->      <strong>Modera: Jos\u00e9 Antonio Agromayor<\/strong>, jefe del Servicio de Innovaci\u00f3n Educativa en la Direcci\u00f3n General de Innovaci\u00f3n y Formaci\u00f3n del Profesorado de la Junta de Andaluc\u00eda<!\u2013- [et_pb_br_holder] -\u2013><!-- [et_pb_line_break_holder] -->      <strong>Intervienen:<\/strong><!-- [et_pb_line_break_holder] -->      <\/p>\n<ul>     <!-- [et_pb_line_break_holder] -->        <\/p>\n<li><strong>Pilar Sierra,<\/strong> PES F\u00edsica y Qu\u00edmica (Biling\u00fce Franc\u00e9s) y Jefa de DACE en el IES Ciudad Jard\u00edn (Sevilla) <\/li>\n<p><!-- [et_pb_line_break_holder] --><\/p>\n<li><strong>Cristian Ruiz,<\/strong> director de Tecnolog\u00eda y profesor de Inform\u00e1tica en el Colegio Juan de Lanuza (Zaragoza)<\/li>\n<p><!-- [et_pb_line_break_holder] -->        <\/p>\n<li><strong> Rafael Moreno,<\/strong> jefe de Departamento en el Servicio de Innovaci\u00f3n Educativa de la Direcci\u00f3n General de Innovaci\u00f3n y Formaci\u00f3n del Profesorado de la<!-- [et_pb_line_break_holder] -->Consejer\u00eda de Desarrollo Educativo y Formaci\u00f3n Profesional<\/li>\n<p><!-- [et_pb_line_break_holder] -->      <\/ul>\n<p><!-- [et_pb_line_break_holder] --><!-- [et_pb_line_break_holder] -->      <!-- [et_pb_line_break_holder] -->    <\/div>\n<p><!-- [et_pb_line_break_holder] -->     <!-- BOT\u00d3N VIDEO --> <\/p>\n<div class=\"ce40-program-video\" style=\"margin-top:20px;\"> <a href=\"https:\/\/www.youtube.com\/watch?v=aLjEvaTlh_o&#038;list=PLJkk1L3HGsMmqEYzJsB1QKzvupSm0BH3B&#038;index=13\" target=\"_blank\" rel=\"noopener\" style=\" display:inline-block; padding:10px 18px; background:#0b1f3a; color:#ffffff; text-decoration:none; border-radius:8px; font-weight:bold; \"> \u25b6 Ver v\u00eddeo de la mesa redonda <\/a> <\/div>\n<p> <!-- [et_pb_line_break_holder] -->  <\/div>\n<p><!-- [et_pb_line_break_holder] --><!-- [et_pb_line_break_holder] -->   <\/p>\n<div class=\"ce40-program-time\"><\/div>\n<p><!-- [et_pb_line_break_holder] --><!-- [et_pb_line_break_holder] -->  <\/p>\n<div class=\"ce40-program-main taller\"><!-- [et_pb_line_break_holder] -->    <\/p>\n<div class=\"ce40-program-tags\"><!-- [et_pb_line_break_holder] -->      <span class=\"ce40-program-tag ce40-topic-ia\">Inteligencia Artificial<\/span><!-- [et_pb_line_break_holder] -->    <\/div>\n<p><!-- [et_pb_line_break_holder] --><!-- [et_pb_line_break_holder] -->    <\/p>\n<h3 class=\"ce40-program-title\">Taller: \u00abDescubriendo la IA y el pensamiento computacional en Educaci\u00f3n Infantil. \u00a1A jugar!\u00bb<\/h3>\n<p><!-- [et_pb_line_break_holder] --><!-- [et_pb_line_break_holder] -->    <\/p>\n<div class=\"ce40-program-meta\"><!-- [et_pb_line_break_holder] -->      <span class=\"et-pb-icon ce40-inline-icon\">\ue01d<\/span><!-- [et_pb_line_break_holder] -->      Sala Ronda \u00b7 Taller<!-- [et_pb_line_break_holder] -->    <\/div>\n<p><!-- [et_pb_line_break_holder] --><!-- [et_pb_line_break_holder] -->     <\/p>\n<div class=\"ce40-program-speakers\"><!-- [et_pb_line_break_holder] -->      <strong>Ponente: Araceli Fern\u00e1ndez,<\/strong> maestra de Educaci\u00f3n Especial PT en Aula TEA y coordinadora TDE en el<!-- [et_pb_line_break_holder] -->CEIP Concepci\u00f3n de Estevarena (Sevilla)<!-- [et_pb_line_break_holder] -->        <!-- BOT\u00d3N PRESENTACION --> <\/p>\n<div class=\"ce40-program-video\" style=\"margin-top:20px;\"> <a href=\"https:\/\/www.juntadeandalucia.es/educacion/eaprendizaje\/wp-content\/uploads\/2026\/06\/Taller_Araceli-Fernandez_160526_10.00_Sala-Ronda.pdf\" target=\"_blank\" rel=\"noopener\" style=\" display:inline-block; padding:10px 18px; background:#0b1f3a; color:#ffffff; text-decoration:none; border-radius:8px; font-weight:bold; \"> Descargar presentaci\u00f3n <\/a><!-- [et_pb_line_break_holder] -->  <\/div>\n<p><!-- [et_pb_line_break_holder] --><!-- [et_pb_line_break_holder] -->    <\/div>\n<p><!-- [et_pb_line_break_holder] -->  <\/div>\n<p><!-- [et_pb_line_break_holder] -->   <\/p>\n<div class=\"ce40-program-time\"><\/div>\n<p><!-- [et_pb_line_break_holder] --><!-- [et_pb_line_break_holder] -->  <\/p>\n<div class=\"ce40-program-main\"><!-- [et_pb_line_break_holder] -->    <\/p>\n<div class=\"ce40-program-tags\"><!-- [et_pb_line_break_holder] -->      <span class=\"ce40-program-tag ce40-topic-ia\">Inteligencia Artificial<\/span><!-- [et_pb_line_break_holder] -->    <\/div>\n<p><!-- [et_pb_line_break_holder] --><!-- [et_pb_line_break_holder] -->    <\/p>\n<h3 class=\"ce40-program-title\">Taller: \u00abDe la reflexi\u00f3n a la acci\u00f3n: integrar la IA con criterio pedag\u00f3gico en las aulas de Primaria\u00bb <\/h3>\n<p><!-- [et_pb_line_break_holder] --><!-- [et_pb_line_break_holder] -->    <\/p>\n<div class=\"ce40-program-meta\"><!-- [et_pb_line_break_holder] -->      <span class=\"et-pb-icon ce40-inline-icon\">\ue01d<\/span><!-- [et_pb_line_break_holder] -->      Sala Bah\u00eda \u00b7 Taller<!-- [et_pb_line_break_holder] -->    <\/div>\n<p><!-- [et_pb_line_break_holder] --><!-- [et_pb_line_break_holder] -->    <\/p>\n<div class=\"ce40-program-speakers\"><!-- [et_pb_line_break_holder] -->      <strong>Ponente: Mireia Portero,<\/strong> docente en la UNIR<!-- [et_pb_line_break_holder] -->         <!-- BOT\u00d3N PRESENTACION --> <\/p>\n<div class=\"ce40-program-video\" style=\"margin-top:20px;\"> <a href=\"https:\/\/www.juntadeandalucia.es/educacion/eaprendizaje\/wp-content\/uploads\/2026\/06\/Taller_Mireia-Portero-160526_10.00_SalaBahia.pdf\" target=\"_blank\" rel=\"noopener\" style=\" display:inline-block; padding:10px 18px; background:#0b1f3a; color:#ffffff; text-decoration:none; border-radius:8px; font-weight:bold; \"> Descargar presentaci\u00f3n <\/a><!-- [et_pb_line_break_holder] -->  <\/div>\n<p><!-- [et_pb_line_break_holder] -->    <\/div>\n<p><!-- [et_pb_line_break_holder] -->  <\/div>\n<p><!-- [et_pb_line_break_holder] -->    <\/p>\n<div class=\"ce40-program-time\"><\/div>\n<p><!-- [et_pb_line_break_holder] --><!-- [et_pb_line_break_holder] -->  <\/p>\n<div class=\"ce40-program-main taller\"><!-- [et_pb_line_break_holder] -->    <\/p>\n<div class=\"ce40-program-tags\"><!-- [et_pb_line_break_holder] -->      <span class=\"ce40-program-tag ce40-topic-ia\">Inteligencia Artificial<\/span><!-- [et_pb_line_break_holder] -->    <\/div>\n<p><!-- [et_pb_line_break_holder] --><!-- [et_pb_line_break_holder] -->    <\/p>\n<h3 class=\"ce40-program-title\">Taller: \u00abPosibilidades de la IA en Secundaria\u00bb <\/h3>\n<p><!-- [et_pb_line_break_holder] --><!-- [et_pb_line_break_holder] -->    <\/p>\n<div class=\"ce40-program-meta\"><!-- [et_pb_line_break_holder] -->      <span class=\"et-pb-icon ce40-inline-icon\">\ue01d<\/span><!-- [et_pb_line_break_holder] -->      Auditorio It\u00e1lica \u00b7 Taller<!-- [et_pb_line_break_holder] -->    <\/div>\n<p><!-- [et_pb_line_break_holder] --><!-- [et_pb_line_break_holder] -->    <\/p>\n<div class=\"ce40-program-speakers\"><!-- [et_pb_line_break_holder] -->      <strong>Ponente: Miguel \u00c1ngel Ronda,<\/strong> profesor en el CPIFP Alan Turing (M\u00e1laga)<!-- [et_pb_line_break_holder] -->        <!-- BOT\u00d3N PRESENTACION --> <\/p>\n<div class=\"ce40-program-video\" style=\"margin-top:20px;\"> <a href=\"https:\/\/www.juntadeandalucia.es/educacion/eaprendizaje\/wp-content\/uploads\/2026\/06\/Taller_MiguelAngelRonda_160526_10.00_Auditorio-Italica.pdf\" target=\"_blank\" rel=\"noopener\" style=\" display:inline-block; padding:10px 18px; background:#0b1f3a; color:#ffffff; text-decoration:none; border-radius:8px; font-weight:bold; \"> Descargar presentaci\u00f3n <\/a><!-- [et_pb_line_break_holder] -->  <\/div>\n<p><!-- [et_pb_line_break_holder] -->    <\/div>\n<p><!-- [et_pb_line_break_holder] -->  <\/div>\n<p><!-- [et_pb_line_break_holder] --><\/div>\n<p>[\/et_pb_code][et_pb_code _builder_version=\u00bb4.27.4&#8243; _module_preset=\u00bbdefault\u00bb global_colors_info=\u00bb{}\u00bb]<\/p>\n<div class=\"ce40-program-card ce40-program-card--pause\"><!-- [et_pb_line_break_holder] -->  <\/p>\n<div class=\"ce40-program-time\">11:00 a 11:30<\/div>\n<p><!-- [et_pb_line_break_holder] --><!-- [et_pb_line_break_holder] -->  <\/p>\n<div class=\"ce40-program-main\"><!-- [et_pb_line_break_holder] -->    <\/p>\n<div class=\"ce40-program-pause-line\"><!-- [et_pb_line_break_holder] -->      <span class=\"ce40-program-pause-title\"><span class=\"et-pb-icon ce40-inline-icon\">\ue0dc<\/span>Caf\u00e9 networking<\/span><!-- [et_pb_line_break_holder] -->      <span class=\"ce40-program-pause-meta\"><span class=\"et-pb-icon ce40-inline-icon\">\ue01d<\/span> C\u00fapula \u00b7 Zona networking<\/span><!-- [et_pb_line_break_holder] -->    <\/div>\n<p><!-- [et_pb_line_break_holder] -->  <\/div>\n<p><!-- [et_pb_line_break_holder] --><\/div>\n<p>[\/et_pb_code][et_pb_code _builder_version=\u00bb4.27.4&#8243; _module_preset=\u00bbdefault\u00bb global_colors_info=\u00bb{}\u00bb]<\/p>\n<div class=\"ce40-program-card\"><!-- [et_pb_line_break_holder] -->  <\/p>\n<div class=\"ce40-program-time\">11:45 a 12:30<\/div>\n<p><!-- [et_pb_line_break_holder] --><!-- [et_pb_line_break_holder] -->  <\/p>\n<div class=\"ce40-program-main\"><!-- [et_pb_line_break_holder] -->    <\/p>\n<div class=\"ce40-program-tags\"><!-- [et_pb_line_break_holder] -->      <span class=\"ce40-program-tag ce40-topic-general\">Ponencia<\/span><!-- [et_pb_line_break_holder] -->    <\/div>\n<p><!-- [et_pb_line_break_holder] -->    <\/p>\n<h3 class=\"ce40-program-title\">Ponencia 5: \u00abLiderar en educaci\u00f3n en tiempos de IA\u00bb<\/h3>\n<p><!-- [et_pb_line_break_holder] --><!-- [et_pb_line_break_holder] -->    <\/p>\n<div class=\"ce40-program-meta\"><!-- [et_pb_line_break_holder] -->      <span class=\"et-pb-icon ce40-inline-icon\">\ue01d<\/span><!-- [et_pb_line_break_holder] -->      Auditorio Al-\u00c1ndalus \u00b7 Plenaria<!-- [et_pb_line_break_holder] -->    <\/div>\n<p><!-- [et_pb_line_break_holder] --><!-- [et_pb_line_break_holder] -->    <\/p>\n<div class=\"ce40-program-speakers\"><!-- [et_pb_line_break_holder] -->      <strong>Ponente:<\/strong>  <!-- [et_pb_line_break_holder] -->      <!\u2013- [et_pb_br_holder] -\u2013><strong>Mar\u00eda Com\u00edn,<\/strong> directora de Educaci\u00f3n para Europa, Oriente Medio y \u00c1frica en Microsoft<!-- [et_pb_line_break_holder] -->    <\/div>\n<p><!-- [et_pb_line_break_holder] -->     <!-- BOT\u00d3N VIDEO --> <\/p>\n<div class=\"ce40-program-video\" style=\"margin-top:20px;\"> <a href=\"https:\/\/www.youtube.com\/watch?v=vqDhXM-Wcas&#038;list=PLJkk1L3HGsMmqEYzJsB1QKzvupSm0BH3B&#038;index=15\" target=\"_blank\" rel=\"noopener\" style=\" display:inline-block; padding:10px 18px; background:#0b1f3a; color:#ffffff; text-decoration:none; border-radius:8px; font-weight:bold; \"> \u25b6 Ver v\u00eddeo de la ponencia <\/a><!-- [et_pb_line_break_holder] -->    <a href=\"https:\/\/www.juntadeandalucia.es/educacion/eaprendizaje\/wp-content\/uploads\/2026\/06\/Maria-Comin_160526_11.45_AuditorioAlAndalus.pdf\" target=\"_blank\" rel=\"noopener\" style=\" display:inline-block; padding:10px 18px; background:#0b1f3a; color:#ffffff; text-decoration:none; border-radius:8px; font-weight:bold; \"> Descargar presentaci\u00f3n <\/a><!-- [et_pb_line_break_holder] -->    <!-- [et_pb_line_break_holder] -->    <\/div>\n<p> <!-- [et_pb_line_break_holder] -->  <\/div>\n<p><!-- [et_pb_line_break_holder] --><\/div>\n<p>[\/et_pb_code][et_pb_code _builder_version=\u00bb4.27.4&#8243; _module_preset=\u00bbdefault\u00bb global_colors_info=\u00bb{}\u00bb]<\/p>\n<div class=\"ce40-program-card\"><!-- [et_pb_line_break_holder] --> <\/p>\n<div class=\"ce40-program-time\">12:30 a 13:15<\/div>\n<p><!-- [et_pb_line_break_holder] --><!-- [et_pb_line_break_holder] -->  <\/p>\n<div class=\"ce40-program-main\"><!-- [et_pb_line_break_holder] -->  <!-- [et_pb_line_break_holder] --><!-- [et_pb_line_break_holder] -->    <\/p>\n<h3 class=\"ce40-program-title\">XXXIV Premios Joaqu\u00edn Guichot y Antonio Dom\u00ednguez Ortiz<\/h3>\n<p><!-- [et_pb_line_break_holder] --><!-- [et_pb_line_break_holder] -->    <\/p>\n<div class=\"ce40-program-meta\"><!-- [et_pb_line_break_holder] -->      <span class=\"et-pb-icon ce40-inline-icon\">\ue01d<\/span><!-- [et_pb_line_break_holder] -->      Auditorio Al-\u00c1ndalus \u00b7 Entrega de premios<!-- [et_pb_line_break_holder] -->    <\/div>\n<p><!-- [et_pb_line_break_holder] --><!-- BOT\u00d3N VIDEO --> <\/p>\n<div class=\"ce40-program-video\" style=\"margin-top:20px;\"> <a href=\"https:\/\/www.youtube.com\/watch?v=FdzljbUFFhs&#038;list=PLJkk1L3HGsMmqEYzJsB1QKzvupSm0BH3B&#038;index=10\" target=\"_blank\" rel=\"noopener\" style=\" display:inline-block; padding:10px 18px; background:#0b1f3a; color:#ffffff; text-decoration:none; border-radius:8px; font-weight:bold; \"> \u25b6 Ver v\u00eddeo de la entrega de premios <\/a> <\/div>\n<p> <!-- [et_pb_line_break_holder] --><!-- [et_pb_line_break_holder] -->   <!-- [et_pb_line_break_holder] -->  <\/div>\n<p><!-- [et_pb_line_break_holder] --><\/div>\n<p><!-- [et_pb_line_break_holder] -->[\/et_pb_code][et_pb_code _builder_version=\u00bb4.27.4&#8243; _module_preset=\u00bbdefault\u00bb global_colors_info=\u00bb{}\u00bb]<\/p>\n<div class=\"ce40-program-card ce40-program-card--ceremony\"><!-- [et_pb_line_break_holder] -->  <\/p>\n<div class=\"ce40-program-time\">13:15 a 13:30<\/div>\n<p><!-- [et_pb_line_break_holder] --><!-- [et_pb_line_break_holder] -->  <\/p>\n<div class=\"ce40-program-main\"><!-- [et_pb_line_break_holder] -->    <\/p>\n<div class=\"ce40-program-ceremony-line\"><!-- [et_pb_line_break_holder] -->      <span class=\"ce40-program-ceremony-title\">Cierre<\/span><!-- [et_pb_line_break_holder] -->      <span class=\"ce40-program-ceremony-meta\"><!-- [et_pb_line_break_holder] -->        <span class=\"et-pb-icon ce40-inline-icon\">\ue01d<\/span><!-- [et_pb_line_break_holder] -->        Auditorio Al-\u00c1ndalus \u00b7 Clausura<!-- [et_pb_line_break_holder] -->      <\/span><!-- [et_pb_line_break_holder] -->    <\/div>\n<p><!-- [et_pb_line_break_holder] -->    <!-- BOT\u00d3N VIDEO --> <\/p>\n<div class=\"ce40-program-video\" style=\"margin-top:20px;\"> <a href=\"https:\/\/www.youtube.com\/watch?v=O_vgal0ihcQ&#038;list=PLJkk1L3HGsMmqEYzJsB1QKzvupSm0BH3B&#038;index=23\" target=\"_blank\" rel=\"noopener\" style=\" display:inline-block; padding:10px 18px; background:#0b1f3a; color:#ffffff; text-decoration:none; border-radius:8px; font-weight:bold; \"> \u25b6 Ver v\u00eddeo del cierre <\/a><\/div>\n<p><!-- [et_pb_line_break_holder] --><!-- [et_pb_line_break_holder] -->  <\/div>\n<p><!-- [et_pb_line_break_holder] --><\/div>\n<p>[\/et_pb_code][\/et_pb_column][\/et_pb_row][et_pb_row _builder_version=\u00bb4.27.4&#8243; _module_preset=\u00bbdefault\u00bb global_colors_info=\u00bb{}\u00bb][et_pb_column type=\u00bb4_4&#8243; _builder_version=\u00bb4.27.4&#8243; _module_preset=\u00bbdefault\u00bb global_colors_info=\u00bb{}\u00bb][et_pb_code _builder_version=\u00bb4.27.4&#8243; _module_preset=\u00bbdefault\u00bb global_colors_info=\u00bb{}\u00bb]<\/p>\n<div class=\"ce40-program-jump\"><!-- [et_pb_line_break_holder] -->  <a href=\"https:\/\/www.juntadeandalucia.es\/educacion\/eaprendizaje\/wp-content\/uploads\/2026\/04\/ProgramaDefinitivo4CIEAND.pdf\" target=\"_blank\" class=\"ce40-program-jump__btn\">Descarga el programa completo en PDF<\/a><!-- [et_pb_line_break_holder] --><\/div>\n<p>[\/et_pb_code][et_pb_text _builder_version=\u00bb4.27.4&#8243; _module_preset=\u00bbdefault\u00bb text_text_color=\u00bb#c9c9c9&#8243; global_colors_info=\u00bb{}\u00bb]<\/p>\n<p style=\"text-align: center;\"><em>Programa sujeto a cambios<\/em><\/p>\n<p>[\/et_pb_text][\/et_pb_column][\/et_pb_row][\/et_pb_section][et_pb_section fb_built=\u00bb1&#8243; module_id=\u00bbponentes\u00bb _builder_version=\u00bb4.27.4&#8243; _module_preset=\u00bbdefault\u00bb background_image=\u00bbhttps:\/\/www.juntadeandalucia.es/educacion/eaprendizaje\/wp-content\/uploads\/2026\/04\/bg-degr-claro.jpg\u00bb background_position=\u00bbbottom_center\u00bb global_colors_info=\u00bb{}\u00bb][et_pb_row _builder_version=\u00bb4.27.4&#8243; _module_preset=\u00bbdefault\u00bb global_colors_info=\u00bb{}\u00bb][et_pb_column type=\u00bb4_4&#8243; _builder_version=\u00bb4.27.4&#8243; _module_preset=\u00bbdefault\u00bb global_colors_info=\u00bb{}\u00bb][et_pb_text module_class=\u00bbce40-h2 ce40-block-title\u00bb _builder_version=\u00bb4.27.4&#8243; _module_preset=\u00bbdefault\u00bb custom_margin=\u00bb||0px||false|false\u00bb custom_padding=\u00bb||0px||false|false\u00bb global_colors_info=\u00bb{}\u00bb]<\/p>\n<h2>Panel de ponentes<\/h2>\n<p>[\/et_pb_text][\/et_pb_column][\/et_pb_row][et_pb_row column_structure=\u00bb1_4,1_4,1_4,1_4&#8243; make_equal=\u00bbon\u00bb _builder_version=\u00bb4.27.4&#8243; _module_preset=\u00bbdefault\u00bb custom_margin=\u00bb||||false|false\u00bb global_colors_info=\u00bb{}\u00bb][et_pb_column type=\u00bb1_4&#8243; module_class=\u00bbce40-speaker-card\u00bb _builder_version=\u00bb4.27.4&#8243; _module_preset=\u00bbdefault\u00bb global_colors_info=\u00bb{}\u00bb][et_pb_image src=\u00bbhttps:\/\/www.juntadeandalucia.es/educacion/eaprendizaje\/wp-content\/uploads\/2026\/04\/carlos-santana.png\u00bb title_text=\u00bbcarlos-santana\u00bb align=\u00bbcenter\u00bb module_class=\u00bbce40-speaker-photo ce40-speaker-photo-circle\u00bb _builder_version=\u00bb4.27.4&#8243; _module_preset=\u00bbdefault\u00bb global_colors_info=\u00bb{}\u00bb][\/et_pb_image][et_pb_text module_class=\u00bbce40-speaker-name\u00bb _builder_version=\u00bb4.27.4&#8243; _module_preset=\u00bbdefault\u00bb text_orientation=\u00bbcenter\u00bb global_colors_info=\u00bb{}\u00bb]Carlos Santana[\/et_pb_text][et_pb_text module_class=\u00bbce40-speaker-bio\u00bb _builder_version=\u00bb4.27.4&#8243; _module_preset=\u00bbdefault\u00bb text_orientation=\u00bbcenter\u00bb global_colors_info=\u00bb{}\u00bb]<\/p>\n<p>Divulgador, youtuber y profesor en el campo de la Inteligencia Artificial y el Machine Learning.<\/p>\n<p>[\/et_pb_text][et_pb_code module_class=\u00bbce40-speaker-link\u00bb _builder_version=\u00bb4.27.4&#8243; _module_preset=\u00bbdefault\u00bb global_colors_info=\u00bb{}\u00bb]<a href=\"#\" class=\"ce40-open-bio\" data-bio-id=\"bio-carlos-santana\">Ver bio<\/a>[\/et_pb_code][et_pb_code _builder_version=\u00bb4.27.4&#8243; _module_preset=\u00bbdefault\u00bb global_colors_info=\u00bb{}\u00bb]<\/p>\n<div id=\"bio-carlos-santana\" class=\"ce40-bio-data\"><!-- [et_pb_line_break_holder] -->  <\/p>\n<div class=\"ce40-speaker-sheet\"><!-- [et_pb_line_break_holder] -->    <\/p>\n<div class=\"ce40-speaker-photo\"><!-- [et_pb_line_break_holder] -->      <img decoding=\"async\" src=\"..\/wp-content\/uploads\/2026\/04\/carlos-santana.png\" alt=\"Carlos Santana\"><!-- [et_pb_line_break_holder] -->    <\/div>\n<p><!-- [et_pb_line_break_holder] --><!-- [et_pb_line_break_holder] -->    <\/p>\n<div class=\"ce40-speaker-content\"><!-- [et_pb_line_break_holder] -->      <\/p>\n<h3 class=\"ce40-speaker-name\" id=\"ce40BioModalTitle\">Carlos Santana<\/h3>\n<p><!-- [et_pb_line_break_holder] -->      <\/p>\n<div class=\"ce40-speaker-role\">Divulgador, youtuber y profesor en el campo de la Inteligencia Artificial y el Machine Learning. <\/div>\n<p><!-- [et_pb_line_break_holder] --><!-- [et_pb_line_break_holder] --><!-- [et_pb_line_break_holder] -->      <\/p>\n<div class=\"ce40-speaker-bio\"><!-- [et_pb_line_break_holder] -->        <pee>Es el creador del canal de YouTube Dot CSV, que cuenta con m\u00e1s de 912 K suscriptores. En \u00e9l, aterriza los conceptos m\u00e1s avanzados del mundo del Machine Learning. <\/pee><!-- [et_pb_line_break_holder] --><!-- [et_pb_line_break_holder] --> <pee>Tambi\u00e9n es profesor de Machine Learning &#038; Data Science en la Escuela de Organizaci\u00f3n Industrial, as\u00ed como un reconocido ponente en numerosos eventos tecnol\u00f3gicos nacionales e internacionales. <\/pee><!-- [et_pb_line_break_holder] -->      <\/div>\n<p><!-- [et_pb_line_break_holder] --><!-- [et_pb_line_break_holder] -->      <\/p>\n<div class=\"ce40-speaker-linkedin\"><!-- [et_pb_line_break_holder] -->        <a href=\"https:\/\/www.linkedin.com\/in\/carlossantanavega\/\" target=\"_blank\" rel=\"noopener\">Ver perfil de LinkedIn<\/a><!-- [et_pb_line_break_holder] -->      <\/div>\n<p><!-- [et_pb_line_break_holder] -->    <\/div>\n<p><!-- [et_pb_line_break_holder] -->  <\/div>\n<p><!-- [et_pb_line_break_holder] --><\/div>\n<p>[\/et_pb_code][\/et_pb_column][et_pb_column type=\u00bb1_4&#8243; module_class=\u00bbce40-speaker-card\u00bb _builder_version=\u00bb4.27.4&#8243; _module_preset=\u00bbdefault\u00bb global_colors_info=\u00bb{}\u00bb][et_pb_image src=\u00bbhttps:\/\/www.juntadeandalucia.es/educacion/eaprendizaje\/wp-content\/uploads\/2026\/04\/laura-cuesta.jpg\u00bb title_text=\u00bblaura-cuesta\u00bb align=\u00bbcenter\u00bb module_class=\u00bbce40-speaker-photo ce40-speaker-photo-circle\u00bb _builder_version=\u00bb4.27.4&#8243; _module_preset=\u00bbdefault\u00bb global_colors_info=\u00bb{}\u00bb][\/et_pb_image][et_pb_text module_class=\u00bbce40-speaker-name\u00bb _builder_version=\u00bb4.27.4&#8243; _module_preset=\u00bbdefault\u00bb text_orientation=\u00bbcenter\u00bb global_colors_info=\u00bb{}\u00bb]<\/p>\n<p>Laura Cuesta<\/p>\n<p>[\/et_pb_text][et_pb_text module_class=\u00bbce40-speaker-bio\u00bb _builder_version=\u00bb4.27.4&#8243; _module_preset=\u00bbdefault\u00bb text_orientation=\u00bbcenter\u00bb global_colors_info=\u00bb{}\u00bb]<\/p>\n<p><span>Profesora de Comunicaci\u00f3n Digital en la Universidad Camilo Jos\u00e9 Cela de Madrid<\/span><\/p>\n<p>[\/et_pb_text][et_pb_code module_class=\u00bbce40-speaker-link\u00bb _builder_version=\u00bb4.27.4&#8243; _module_preset=\u00bbdefault\u00bb global_colors_info=\u00bb{}\u00bb]<a href=\"#\" class=\"ce40-open-bio\" data-bio-id=\"bio-laura-cuesta\">Ver bio<\/a>[\/et_pb_code][et_pb_code _builder_version=\u00bb4.27.4&#8243; _module_preset=\u00bbdefault\u00bb global_colors_info=\u00bb{}\u00bb]<\/p>\n<div id=\"bio-laura-cuesta\" class=\"ce40-bio-data\"><!-- [et_pb_line_break_holder] -->  <\/p>\n<div class=\"ce40-speaker-sheet\"><!-- [et_pb_line_break_holder] -->    <\/p>\n<div class=\"ce40-speaker-photo\"><!-- [et_pb_line_break_holder] -->      <img decoding=\"async\" src=\"..\/wp-content\/uploads\/2026\/04\/laura-cuesta.jpg\" alt=\"Laura Cuesta\"><!-- [et_pb_line_break_holder] -->    <\/div>\n<p><!-- [et_pb_line_break_holder] --><!-- [et_pb_line_break_holder] -->    <\/p>\n<div class=\"ce40-speaker-content\"><!-- [et_pb_line_break_holder] -->      <\/p>\n<h3 class=\"ce40-speaker-name\" id=\"ce40BioModalTitle\">Laura Cuesta<\/h3>\n<p><!-- [et_pb_line_break_holder] -->      <\/p>\n<div class=\"ce40-speaker-role\">Profesora de Comunicaci\u00f3n Digital<\/div>\n<p><!-- [et_pb_line_break_holder] -->      <\/p>\n<div class=\"ce40-speaker-org\">Universidad Camilo Jos\u00e9 Cela de Madrid<\/div>\n<p><!-- [et_pb_line_break_holder] --><!-- [et_pb_line_break_holder] -->      <\/p>\n<div class=\"ce40-speaker-bio\"><!-- [et_pb_line_break_holder] -->        <pee>Laura Cuesta Cano es fundadora y CEO de www.educaciondigitalparafamilias.com, proyecto para que los menores se desarrollen de forma cr\u00edtica en el Entorno Digital y para construir una sociedad digital segura. Divulgadora sobre Bienestar Digital en art\u00edculos, columnas y opiniones para diferentes medios es tambi\u00e9n colaboradora en el Programa de RTVE La Aventura del Saber y miembro del Comit\u00e9 de Expertos de la Fundaci\u00f3n Atresmedia.<\/pee> <pee>Autora del libro \u00abCrecer con pantallas\u00bb (2023), \u00abConectados, un contrato familiar para que el uso del m\u00f3vil nos funcione a todos\u00bb (2024) y coautora del libro conjunto \u00abProtecci\u00f3n de la Infancia en los entornos digitales\u00bb (2024).<\/pee> <pee> Desde 2012 es profesora adjunta en la UCJC, donde imparte asignaturas de Comunicaci\u00f3n Digital y Medios Sociales en diferentes grados y m\u00e1steres, y de la Universidad de Deusto en el Experto bienestar digital y prevenci\u00f3n en la adolescencia y juventud. Especializada en analizar el comportamiento de ni\u00f1os y adolescentes en el entorno digital.<\/pee>  <pee>En 2024 fue miembro del Comit\u00e9 de Personas Expertas para la generaci\u00f3n de entornos digitales seguros para la infancia y la adolescencia impulsado por el Ministerio de Juventud e Infancia, y en 2025 miembro del Grupo de Trabajo Sharenting.<\/pee><!-- [et_pb_line_break_holder] -->      <\/div>\n<p><!-- [et_pb_line_break_holder] --><!-- [et_pb_line_break_holder] -->      <\/p>\n<div class=\"ce40-speaker-linkedin\"><!-- [et_pb_line_break_holder] -->        <a href=\"https:\/\/www.linkedin.com\/in\/lauracuestacano\/\" target=\"_blank\" rel=\"noopener\">Ver perfil de LinkedIn<\/a><!-- [et_pb_line_break_holder] -->      <\/div>\n<p><!-- [et_pb_line_break_holder] -->    <\/div>\n<p><!-- [et_pb_line_break_holder] -->  <\/div>\n<p><!-- [et_pb_line_break_holder] --><\/div>\n<p>[\/et_pb_code][\/et_pb_column][et_pb_column type=\u00bb1_4&#8243; module_class=\u00bbce40-speaker-card\u00bb _builder_version=\u00bb4.27.4&#8243; _module_preset=\u00bbdefault\u00bb background_color=\u00bb#FFFFFF\u00bb global_colors_info=\u00bb{}\u00bb][et_pb_image src=\u00bbhttps:\/\/www.juntadeandalucia.es/educacion/eaprendizaje\/wp-content\/uploads\/2026\/04\/tommaso-dalla-vecchia.jpg\u00bb title_text=\u00bbtommaso-dalla-vecchia\u00bb align=\u00bbcenter\u00bb module_class=\u00bbce40-speaker-photo ce40-speaker-photo-circle\u00bb _builder_version=\u00bb4.27.4&#8243; _module_preset=\u00bbdefault\u00bb global_colors_info=\u00bb{}\u00bb][\/et_pb_image][et_pb_text module_class=\u00bbce40-speaker-name\u00bb _builder_version=\u00bb4.27.4&#8243; _module_preset=\u00bbdefault\u00bb text_orientation=\u00bbcenter\u00bb global_colors_info=\u00bb{}\u00bb]<\/p>\n<p>Tommaso Dalla<\/p>\n<p>[\/et_pb_text][et_pb_text module_class=\u00bbce40-speaker-bio\u00bb _builder_version=\u00bb4.27.4&#8243; _module_preset=\u00bbdefault\u00bb text_orientation=\u00bbcenter\u00bb global_colors_info=\u00bb{}\u00bb]<\/p>\n<p>Jefe de Departamento, Desarrollo Escolar y del Profesorado, European Schoolnet<\/p>\n<p>[\/et_pb_text][et_pb_code module_class=\u00bbce40-speaker-link\u00bb _builder_version=\u00bb4.27.4&#8243; _module_preset=\u00bbdefault\u00bb global_colors_info=\u00bb{}\u00bb]<a href=\"#\" class=\"ce40-open-bio\" data-bio-id=\"bio-tommaso-dalla-vecchia\">Ver bio<\/a>[\/et_pb_code][et_pb_code _builder_version=\u00bb4.27.4&#8243; _module_preset=\u00bbdefault\u00bb global_colors_info=\u00bb{}\u00bb]<\/p>\n<div id=\"bio-tommaso-dalla-vecchia\" class=\"ce40-bio-data\"><!-- [et_pb_line_break_holder] -->  <\/p>\n<div class=\"ce40-speaker-sheet\"><!-- [et_pb_line_break_holder] -->    <\/p>\n<div class=\"ce40-speaker-photo\"><!-- [et_pb_line_break_holder] -->      <img decoding=\"async\" src=\"..\/wp-content\/uploads\/2026\/04\/tommaso-dalla-vecchia.jpg\" alt=\"Tommaso Dalla Vecchia\"><!-- [et_pb_line_break_holder] -->    <\/div>\n<p><!-- [et_pb_line_break_holder] --><!-- [et_pb_line_break_holder] -->    <\/p>\n<div class=\"ce40-speaker-content\"><!-- [et_pb_line_break_holder] -->      <\/p>\n<h3 class=\"ce40-speaker-name\" id=\"ce40BioModalTitle\">Tommaso Dalla<\/h3>\n<p><!-- [et_pb_line_break_holder] -->      <\/p>\n<div class=\"ce40-speaker-role\">Jefe de Departamento, Desarrollo Escolar y del Profesorado<\/div>\n<p><!-- [et_pb_line_break_holder] -->      <\/p>\n<div class=\"ce40-speaker-org\">European Schoolnet<\/div>\n<p><!-- [et_pb_line_break_holder] --><!-- [et_pb_line_break_holder] -->      <\/p>\n<div class=\"ce40-speaker-bio\"><!-- [et_pb_line_break_holder] -->        <pee>Tommaso Dalla Vecchia se incorpor\u00f3 a European Schoolnet en 2012. Como Jefe de Desarrollo Escolar y del Profesorado, coordina iniciativas y proyectos destinados a impulsar comunidades educativas que aprenden, innovan y evolucionan de forma sostenible.<\/pee><!-- [et_pb_line_break_holder] --><!-- [et_pb_line_break_holder] -->        <pee>Desde 2021, gestiona el Future Classroom Lab, un entorno de aprendizaje inspirador dedicado a la innovaci\u00f3n educativa y al uso pedag\u00f3gico de la tecnolog\u00eda, y lidera proyectos de sensibilizaci\u00f3n, educaci\u00f3n y formaci\u00f3n.<\/pee><!-- [et_pb_line_break_holder] --><!-- [et_pb_line_break_holder] -->        <pee>Desde 2026, coordina la contribuci\u00f3n de European Schoolnet a SELFIE (Self-reflection on Effective Learning by Fostering the use of Innovative Educational Technologies), una herramienta abierta dise\u00f1ada para ayudar a los centros educativos a integrar de manera eficaz las tecnolog\u00edas digitales en la ense\u00f1anza, el aprendizaje y la evaluaci\u00f3n.<\/pee><!-- [et_pb_line_break_holder] -->      <\/div>\n<p><!-- [et_pb_line_break_holder] --><!-- [et_pb_line_break_holder] -->      <\/p>\n<div class=\"ce40-speaker-linkedin\"><!-- [et_pb_line_break_holder] -->        <a href=\"#\" target=\"_blank\" rel=\"noopener\">Ver perfil de LinkedIn<\/a><!-- [et_pb_line_break_holder] -->      <\/div>\n<p><!-- [et_pb_line_break_holder] -->    <\/div>\n<p><!-- [et_pb_line_break_holder] -->  <\/div>\n<p><!-- [et_pb_line_break_holder] --><\/div>\n<p>[\/et_pb_code][\/et_pb_column][et_pb_column type=\u00bb1_4&#8243; module_class=\u00bbce40-speaker-card\u00bb _builder_version=\u00bb4.27.4&#8243; _module_preset=\u00bbdefault\u00bb global_colors_info=\u00bb{}\u00bb][et_pb_image src=\u00bbhttps:\/\/www.juntadeandalucia.es/educacion/eaprendizaje\/wp-content\/uploads\/2026\/04\/pablo-duo.jpg\u00bb title_text=\u00bbpablo-duo\u00bb align=\u00bbcenter\u00bb module_class=\u00bbce40-speaker-photo ce40-speaker-photo-circle\u00bb _builder_version=\u00bb4.27.4&#8243; _module_preset=\u00bbdefault\u00bb global_colors_info=\u00bb{}\u00bb][\/et_pb_image][et_pb_text module_class=\u00bbce40-speaker-name\u00bb _builder_version=\u00bb4.27.4&#8243; _module_preset=\u00bbdefault\u00bb text_orientation=\u00bbcenter\u00bb global_colors_info=\u00bb{}\u00bb]<\/p>\n<p>Pablo D\u00fao<\/p>\n<p>[\/et_pb_text][et_pb_text module_class=\u00bbce40-speaker-bio\u00bb _builder_version=\u00bb4.27.4&#8243; _module_preset=\u00bbdefault\u00bb text_orientation=\u00bbcenter\u00bb global_colors_info=\u00bb{}\u00bb]<\/p>\n<p>Investigador y Profesor del Departamento de Did\u00e1ctica de la Matem\u00e1tica, Facultad de Educaci\u00f3n en Ceuta. Universidad de Granada<\/p>\n<p>[\/et_pb_text][et_pb_code module_class=\u00bbce40-speaker-link\u00bb _builder_version=\u00bb4.27.4&#8243; _module_preset=\u00bbdefault\u00bb global_colors_info=\u00bb{}\u00bb]<a href=\"#\" class=\"ce40-open-bio\" data-bio-id=\"bio-pablo-duo\">Ver bio<\/a>[\/et_pb_code][et_pb_code _builder_version=\u00bb4.27.4&#8243; _module_preset=\u00bbdefault\u00bb global_colors_info=\u00bb{}\u00bb]<\/p>\n<div id=\"bio-pablo-duo\" class=\"ce40-bio-data\"><!-- [et_pb_line_break_holder] -->  <\/p>\n<div class=\"ce40-speaker-sheet\"><!-- [et_pb_line_break_holder] -->    <\/p>\n<div class=\"ce40-speaker-photo\"><!-- [et_pb_line_break_holder] -->      <img decoding=\"async\" src=\"..\/wp-content\/uploads\/2026\/04\/pablo-duo.jpg\" alt=\"Pablo D\u00fao\"><!-- [et_pb_line_break_holder] -->    <\/div>\n<p><!-- [et_pb_line_break_holder] --><!-- [et_pb_line_break_holder] -->    <\/p>\n<div class=\"ce40-speaker-content\"><!-- [et_pb_line_break_holder] -->      <\/p>\n<h3 class=\"ce40-speaker-name\" id=\"ce40BioModalTitle\">Pablo D\u00fao<\/h3>\n<p><!-- [et_pb_line_break_holder] -->      <\/p>\n<div class=\"ce40-speaker-role\">Investigador y Profesor del Departamento de Did\u00e1ctica de la Matem\u00e1tica<\/div>\n<p><!-- [et_pb_line_break_holder] -->      <\/p>\n<div class=\"ce40-speaker-org\">Facultad de Educaci\u00f3n en Ceuta \u00b7 Universidad de Granada<\/div>\n<p><!-- [et_pb_line_break_holder] --><!-- [et_pb_line_break_holder] -->      <\/p>\n<div class=\"ce40-speaker-bio\"><!-- [et_pb_line_break_holder] -->        <pee>Profesor del Departamento de Did\u00e1ctica de la Matem\u00e1tica y del M\u00e1ster del Profesorado en la Universidad de Granada, Pablo D\u00fao ha ejercido durante 20 a\u00f1os como maestro de Educaci\u00f3n Primaria.<\/pee><!-- [et_pb_line_break_holder] --><!-- [et_pb_line_break_holder] -->        <pee>Ha desarrollado diversas colaboraciones en coordinaciones y formaciones del profesorado con el INTEF sobre pensamiento computacional y cuenta con un amplio repertorio de publicaciones en revistas cient\u00edficas sobre competencia STEM, pensamiento computacional, alfabetizaci\u00f3n en IA y neuroeducaci\u00f3n.<\/pee><!-- [et_pb_line_break_holder] --><!-- [et_pb_line_break_holder] -->        <pee>Su trayectoria ha sido reconocida con premios de educaci\u00f3n a nivel nacional e internacional.<\/pee><!-- [et_pb_line_break_holder] -->      <\/div>\n<p><!-- [et_pb_line_break_holder] --><!-- [et_pb_line_break_holder] -->      <\/p>\n<div class=\"ce40-speaker-linkedin\"><!-- [et_pb_line_break_holder] -->        <a href=\"http:\/\/linkedin.com\/in\/pablo-duo-a531b5173\" target=\"_blank\" rel=\"noopener\">Ver perfil de LinkedIn<\/a><!-- [et_pb_line_break_holder] -->      <\/div>\n<p><!-- [et_pb_line_break_holder] -->    <\/div>\n<p><!-- [et_pb_line_break_holder] -->  <\/div>\n<p><!-- [et_pb_line_break_holder] --><\/div>\n<p>[\/et_pb_code][\/et_pb_column][\/et_pb_row][et_pb_row column_structure=\u00bb1_4,1_4,1_4,1_4&#8243; make_equal=\u00bbon\u00bb _builder_version=\u00bb4.27.4&#8243; _module_preset=\u00bbdefault\u00bb custom_margin=\u00bb||||false|false\u00bb global_colors_info=\u00bb{}\u00bb][et_pb_column type=\u00bb1_4&#8243; module_class=\u00bbce40-speaker-card\u00bb _builder_version=\u00bb4.27.4&#8243; _module_preset=\u00bbdefault\u00bb global_colors_info=\u00bb{}\u00bb][et_pb_image src=\u00bbhttps:\/\/www.juntadeandalucia.es/educacion/eaprendizaje\/wp-content\/uploads\/2026\/04\/maria-comin.jpg\u00bb title_text=\u00bbmaria-comin\u00bb align=\u00bbcenter\u00bb module_class=\u00bbce40-speaker-photo ce40-speaker-photo-circle\u00bb _builder_version=\u00bb4.27.4&#8243; _module_preset=\u00bbdefault\u00bb global_colors_info=\u00bb{}\u00bb][\/et_pb_image][et_pb_text module_class=\u00bbce40-speaker-name\u00bb _builder_version=\u00bb4.27.4&#8243; _module_preset=\u00bbdefault\u00bb text_orientation=\u00bbcenter\u00bb global_colors_info=\u00bb{}\u00bb]<\/p>\n<p>Mar\u00eda Com\u00edn<\/p>\n<p>[\/et_pb_text][et_pb_text module_class=\u00bbce40-speaker-bio\u00bb _builder_version=\u00bb4.27.4&#8243; _module_preset=\u00bbdefault\u00bb text_orientation=\u00bbcenter\u00bb global_colors_info=\u00bb{}\u00bb]<\/p>\n<p>Directora de Educaci\u00f3n para Europa, Oriente Medio y \u00c1frica en Microsoft<\/p>\n<p>[\/et_pb_text][et_pb_code module_class=\u00bbce40-speaker-link\u00bb _builder_version=\u00bb4.27.4&#8243; _module_preset=\u00bbdefault\u00bb global_colors_info=\u00bb{}\u00bb]<a href=\"#\" class=\"ce40-open-bio\" data-bio-id=\"bio-maria-comin\">Ver bio<\/a>[\/et_pb_code][et_pb_code _builder_version=\u00bb4.27.4&#8243; _module_preset=\u00bbdefault\u00bb global_colors_info=\u00bb{}\u00bb]<\/p>\n<div id=\"bio-maria-comin\" class=\"ce40-bio-data\"><!-- [et_pb_line_break_holder] -->  <\/p>\n<div class=\"ce40-speaker-sheet\"><!-- [et_pb_line_break_holder] -->    <\/p>\n<div class=\"ce40-speaker-photo\"><!-- [et_pb_line_break_holder] -->      <img decoding=\"async\" src=\"..\/wp-content\/uploads\/2026\/04\/maria-comin.jpg\" alt=\"Mar\u00eda Com\u00edn\"><!-- [et_pb_line_break_holder] -->    <\/div>\n<p><!-- [et_pb_line_break_holder] --><!-- [et_pb_line_break_holder] -->    <\/p>\n<div class=\"ce40-speaker-content\"><!-- [et_pb_line_break_holder] -->      <\/p>\n<h3 class=\"ce40-speaker-name\" id=\"ce40BioModalTitle\">Mar\u00eda Com\u00edn<\/h3>\n<p><!-- [et_pb_line_break_holder] -->      <\/p>\n<div class=\"ce40-speaker-role\">Directora de Educaci\u00f3n para Europa, Oriente Medio y \u00c1frica<\/div>\n<p><!-- [et_pb_line_break_holder] -->      <\/p>\n<div class=\"ce40-speaker-org\">Microsoft<\/div>\n<p><!-- [et_pb_line_break_holder] --><!-- [et_pb_line_break_holder] -->      <\/p>\n<div class=\"ce40-speaker-bio\"><!-- [et_pb_line_break_holder] -->        <pee>Mar\u00eda Com\u00edn es Directora de Educaci\u00f3n para Europa, Oriente Medio y \u00c1frica en Microsoft, donde lidera la estrategia de transformaci\u00f3n educativa y la adopci\u00f3n de tecnolog\u00edas digitales e inteligencia artificial en m\u00e1s de 35 pa\u00edses, colaborando con ministerios de educaci\u00f3n, regiones, sistemas educativos y grandes instituciones p\u00fablicas y privadas.<\/pee><!-- [et_pb_line_break_holder] --><!-- [et_pb_line_break_holder] -->        <pee>Con m\u00e1s de 25 a\u00f1os de experiencia, los \u00faltimos dedicados \u00edntegramente a educaci\u00f3n y transformaci\u00f3n digital, Mar\u00eda ha acompa\u00f1ado a gobiernos, instituciones educativas y equipos directivos en procesos de modernizaci\u00f3n del aprendizaje, desarrollo de capacidades docentes y dise\u00f1o de modelos educativos m\u00e1s inclusivos, equitativos y centrados en el impacto real en estudiantes y profesores.<\/pee><!-- [et_pb_line_break_holder] --><!-- [et_pb_line_break_holder] -->        <pee>Es una firme defensora de la educaci\u00f3n como palanca de equidad social, del uso responsable y \u00e9tico de la IA en educaci\u00f3n, y del liderazgo inclusivo.<\/pee><!-- [et_pb_line_break_holder] --><!-- [et_pb_line_break_holder] -->        <pee>Desde 2018 es Disability Lead en Microsoft Espa\u00f1a, impulsando iniciativas de inclusi\u00f3n de personas con discapacidad y neurodiversidad tanto dentro de la compa\u00f1\u00eda como en colaboraci\u00f3n con el ecosistema educativo y social.<\/pee><!-- [et_pb_line_break_holder] --><!-- [et_pb_line_break_holder] -->        <pee>Participa activamente en programas de mentoring femenino y liderazgo, as\u00ed como en proyectos de innovaci\u00f3n educativa y empoderamiento de ni\u00f1as y j\u00f3venes en \u00e1mbitos STEM.<\/pee><!-- [et_pb_line_break_holder] --><!-- [et_pb_line_break_holder] -->        <pee>Su trabajo y liderazgo han sido reconocidos con distintos galardones, entre ellos el Top 50 Mujeres Directivas L\u00edderes en Espa\u00f1a \u2013 SW50 (2026), y ha sido galardonada como ganadora en la categor\u00eda de Tech Executive de los premios 2024 Globant Women that Build.<\/pee><!-- [et_pb_line_break_holder] --><!-- [et_pb_line_break_holder] -->        <pee>Mar\u00eda es ponente habitual en congresos nacionales e internacionales, universidades y foros de liderazgo, donde aborda temas como IA y educaci\u00f3n, transformaci\u00f3n de sistemas educativos, liderazgo femenino e inclusi\u00f3n y diversidad.<\/pee><!-- [et_pb_line_break_holder] -->      <\/div>\n<p><!-- [et_pb_line_break_holder] --><!-- [et_pb_line_break_holder] -->      <\/p>\n<div class=\"ce40-speaker-linkedin\"><!-- [et_pb_line_break_holder] -->        <a href=\"#\" target=\"_blank\" rel=\"noopener\">Ver perfil de LinkedIn<\/a><!-- [et_pb_line_break_holder] -->      <\/div>\n<p><!-- [et_pb_line_break_holder] -->    <\/div>\n<p><!-- [et_pb_line_break_holder] -->  <\/div>\n<p><!-- [et_pb_line_break_holder] --><\/div>\n<p>[\/et_pb_code][\/et_pb_column][et_pb_column type=\u00bb1_4&#8243; module_class=\u00bbce40-speaker-card\u00bb _builder_version=\u00bb4.27.4&#8243; _module_preset=\u00bbdefault\u00bb global_colors_info=\u00bb{}\u00bb][et_pb_image src=\u00bbhttps:\/\/www.juntadeandalucia.es/educacion/eaprendizaje\/wp-content\/uploads\/2026\/04\/mariano-salas.jpg\u00bb title_text=\u00bbmariano-salas\u00bb align=\u00bbcenter\u00bb module_class=\u00bbce40-speaker-photo ce40-speaker-photo-circle\u00bb _builder_version=\u00bb4.27.4&#8243; _module_preset=\u00bbdefault\u00bb global_colors_info=\u00bb{}\u00bb][\/et_pb_image][et_pb_text module_class=\u00bbce40-speaker-name\u00bb _builder_version=\u00bb4.27.4&#8243; _module_preset=\u00bbdefault\u00bb text_orientation=\u00bbcenter\u00bb global_colors_info=\u00bb{}\u00bb]<\/p>\n<p>Mariano Salas<\/p>\n<p>[\/et_pb_text][et_pb_text module_class=\u00bbce40-speaker-bio\u00bb _builder_version=\u00bb4.27.4&#8243; _module_preset=\u00bbdefault\u00bb text_orientation=\u00bbcenter\u00bb global_colors_info=\u00bb{}\u00bb]<\/p>\n<p>Director de Transformaci\u00f3n Digital en Google for Education Espa\u00f1a<\/p>\n<p>[\/et_pb_text][et_pb_code module_class=\u00bbce40-speaker-link\u00bb _builder_version=\u00bb4.27.4&#8243; _module_preset=\u00bbdefault\u00bb global_colors_info=\u00bb{}\u00bb]<a href=\"#\" class=\"ce40-open-bio\" data-bio-id=\"bio-mariano-salas-martinez\">Ver bio<\/a>[\/et_pb_code][et_pb_code _builder_version=\u00bb4.27.4&#8243; _module_preset=\u00bbdefault\u00bb global_colors_info=\u00bb{}\u00bb]<\/p>\n<div id=\"bio-mariano-salas-martinez\" class=\"ce40-bio-data\"><!-- [et_pb_line_break_holder] -->  <\/p>\n<div class=\"ce40-speaker-sheet\"><!-- [et_pb_line_break_holder] -->    <\/p>\n<div class=\"ce40-speaker-photo\"><!-- [et_pb_line_break_holder] -->      <img decoding=\"async\" src=\"..\/wp-content\/uploads\/2026\/04\/mariano-salas.jpg\" alt=\"Mariano Salas Mart\u00ednez\"><!-- [et_pb_line_break_holder] -->    <\/div>\n<p><!-- [et_pb_line_break_holder] --><!-- [et_pb_line_break_holder] -->    <\/p>\n<div class=\"ce40-speaker-content\"><!-- [et_pb_line_break_holder] -->      <\/p>\n<h3 class=\"ce40-speaker-name\" id=\"ce40BioModalTitle\">Mariano Salas<\/h3>\n<p><!-- [et_pb_line_break_holder] -->      <\/p>\n<div class=\"ce40-speaker-role\">Director de Transformaci\u00f3n Digital en Google for Education Espa\u00f1a<\/div>\n<p><!-- [et_pb_line_break_holder] -->      <\/p>\n<div class=\"ce40-speaker-org\">Google<\/div>\n<p><!-- [et_pb_line_break_holder] --><!-- [et_pb_line_break_holder] -->      <\/p>\n<div class=\"ce40-speaker-bio\"><!-- [et_pb_line_break_holder] -->        <pee>Mariano Salas cuenta con una trayectoria de casi 20 a\u00f1os en la intersecci\u00f3n de la educaci\u00f3n y la tecnolog\u00eda, destac\u00e1ndose como un referente en la aplicaci\u00f3n tecnol\u00f3gica a los procesos de ense\u00f1anza y aprendizaje.<\/pee><!-- [et_pb_line_break_holder] --><!-- [et_pb_line_break_holder] -->        <pee>Su an\u00e1lisis del impacto de la tecnolog\u00eda en la comunicaci\u00f3n y la educaci\u00f3n se ha traducido en la ejecuci\u00f3n de proyectos exitosos y la consolidaci\u00f3n de valiosas colaboraciones con instituciones educativas.<\/pee><!-- [et_pb_line_break_holder] --><!-- [et_pb_line_break_holder] -->        <pee>Como fundador del Observatorio Internacional de Inteligencia Artificial para la Educaci\u00f3n, ha demostrado su visi\u00f3n de futuro al dise\u00f1ar itinerarios formativos especializados en inteligencia artificial.<\/pee><!-- [et_pb_line_break_holder] --><!-- [et_pb_line_break_holder] -->        <pee>En su rol actual como Director de Transformaci\u00f3n Digital en Google for Education Espa\u00f1a, aplica su experiencia y conocimiento para impulsar la mejora de la experiencia educativa a trav\u00e9s de la implementaci\u00f3n de soluciones tecnol\u00f3gicas innovadoras.<\/pee><!-- [et_pb_line_break_holder] -->      <\/div>\n<p><!-- [et_pb_line_break_holder] --><!-- [et_pb_line_break_holder] -->      <\/p>\n<div class=\"ce40-speaker-linkedin\"><!-- [et_pb_line_break_holder] -->        <a href=\"https:\/\/www.linkedin.com\/in\/marianosalas\/\" target=\"_blank\" rel=\"noopener\">Ver perfil de LinkedIn<\/a><!-- [et_pb_line_break_holder] -->      <\/div>\n<p><!-- [et_pb_line_break_holder] -->    <\/div>\n<p><!-- [et_pb_line_break_holder] -->  <\/div>\n<p><!-- [et_pb_line_break_holder] --><\/div>\n<p>[\/et_pb_code][\/et_pb_column][et_pb_column type=\u00bb1_4&#8243; module_class=\u00bbce40-speaker-card\u00bb _builder_version=\u00bb4.27.4&#8243; _module_preset=\u00bbdefault\u00bb global_colors_info=\u00bb{}\u00bb][et_pb_image src=\u00bbhttps:\/\/www.juntadeandalucia.es/educacion/eaprendizaje\/wp-content\/uploads\/2026\/04\/ana-medina-1.png\u00bb title_text=\u00bbana-medina\u00bb align=\u00bbcenter\u00bb module_class=\u00bbce40-speaker-photo ce40-speaker-photo-circle\u00bb _builder_version=\u00bb4.27.4&#8243; _module_preset=\u00bbdefault\u00bb global_colors_info=\u00bb{}\u00bb][\/et_pb_image][et_pb_text module_class=\u00bbce40-speaker-name\u00bb _builder_version=\u00bb4.27.4&#8243; _module_preset=\u00bbdefault\u00bb text_orientation=\u00bbcenter\u00bb global_colors_info=\u00bb{}\u00bb]<\/p>\n<p>Ana M\u00aa Medina<\/p>\n<p>[\/et_pb_text][et_pb_text module_class=\u00bbce40-speaker-bio\u00bb _builder_version=\u00bb4.27.4&#8243; _module_preset=\u00bbdefault\u00bb text_orientation=\u00bbcenter\u00bb global_colors_info=\u00bb{}\u00bb]Maestra, CEIP El Manantial (Bormujos, Sevilla)[\/et_pb_text][et_pb_code module_class=\u00bbce40-speaker-link\u00bb _builder_version=\u00bb4.27.4&#8243; _module_preset=\u00bbdefault\u00bb global_colors_info=\u00bb{}\u00bb]<a href=\"#\" class=\"ce40-open-bio\" data-bio-id=\"bio-ana-medina\">Ver bio<\/a>[\/et_pb_code][et_pb_code _builder_version=\u00bb4.27.4&#8243; _module_preset=\u00bbdefault\u00bb global_colors_info=\u00bb{}\u00bb]<\/p>\n<div id=\"bio-ana-medina\" class=\"ce40-bio-data\"><!-- [et_pb_line_break_holder] -->  <\/p>\n<div class=\"ce40-speaker-sheet\"><!-- [et_pb_line_break_holder] -->    <\/p>\n<div class=\"ce40-speaker-photo\"><!-- [et_pb_line_break_holder] -->      <img decoding=\"async\" src=\"..\/wp-content\/uploads\/2026\/04\/ana-medina.png\" alt=\"Ana M\u00aa Medina C\u00e1ceres\"><!-- [et_pb_line_break_holder] -->    <\/div>\n<p><!-- [et_pb_line_break_holder] --><!-- [et_pb_line_break_holder] -->    <\/p>\n<div class=\"ce40-speaker-content\"><!-- [et_pb_line_break_holder] -->      <\/p>\n<h3 class=\"ce40-speaker-name\" id=\"ce40BioModalTitle\">Ana M\u00aa Medina<\/h3>\n<p><!-- [et_pb_line_break_holder] -->      <\/p>\n<div class=\"ce40-speaker-role\">Maestra<\/div>\n<p><!-- [et_pb_line_break_holder] -->      <\/p>\n<div class=\"ce40-speaker-org\">CEIP El Manantial (Bormujos, Sevilla)<\/div>\n<p><!-- [et_pb_line_break_holder] --><!-- [et_pb_line_break_holder] -->      <\/p>\n<div class=\"ce40-speaker-bio\"><!-- [et_pb_line_break_holder] -->        <pee>Ana M\u00aa Medina es maestra de Educaci\u00f3n Musical desde 1997. M\u00e1ster en Nuevas Tecnolog\u00edas de la Educaci\u00f3n y en Composici\u00f3n Musical con Nuevas Tecnolog\u00edas. Coordinadora TIC, PRODIG, TDE desde hace diez a\u00f1os y asesora ATD desde hace tres cursos. Como apasionada de la m\u00fasica y las nuevas tecnolog\u00edas, intenta conjugar ambas cosas y enriquecer las experiencias del alumnado fomentando su participaci\u00f3n y aprendizaje activo. Form\u00f3 parte del equipo que cre\u00f3 un Aula del Futuro en su centro, con el objetivo de construir un espacio dedicado al aprendizaje activo. <\/pee><!-- [et_pb_line_break_holder] -->      <\/div>\n<p><!-- [et_pb_line_break_holder] --><!-- [et_pb_line_break_holder] -->      <!-- [et_pb_line_break_holder] -->    <\/div>\n<p><!-- [et_pb_line_break_holder] -->  <\/div>\n<p><!-- [et_pb_line_break_holder] --><\/div>\n<p>[\/et_pb_code][\/et_pb_column][et_pb_column type=\u00bb1_4&#8243; module_class=\u00bbce40-speaker-card\u00bb _builder_version=\u00bb4.27.4&#8243; _module_preset=\u00bbdefault\u00bb global_colors_info=\u00bb{}\u00bb][et_pb_image src=\u00bbhttps:\/\/www.juntadeandalucia.es/educacion/eaprendizaje\/wp-content\/uploads\/2026\/04\/rocio-fuentes.png\u00bb title_text=\u00bbrocio-fuentes\u00bb align=\u00bbcenter\u00bb module_class=\u00bbce40-speaker-photo ce40-speaker-photo-circle\u00bb _builder_version=\u00bb4.27.4&#8243; _module_preset=\u00bbdefault\u00bb global_colors_info=\u00bb{}\u00bb][\/et_pb_image][et_pb_text module_class=\u00bbce40-speaker-name\u00bb _builder_version=\u00bb4.27.4&#8243; _module_preset=\u00bbdefault\u00bb text_orientation=\u00bbcenter\u00bb global_colors_info=\u00bb{}\u00bb]Roc\u00edo Fuentes[\/et_pb_text][et_pb_text module_class=\u00bbce40-speaker-bio\u00bb _builder_version=\u00bb4.27.4&#8243; _module_preset=\u00bbdefault\u00bb text_orientation=\u00bbcenter\u00bb global_colors_info=\u00bb{}\u00bb]Maestra de Educaci\u00f3n Primaria en el CEIP Pablo Ruiz Picasso (Sevilla)[\/et_pb_text][et_pb_code module_class=\u00bbce40-speaker-link\u00bb _builder_version=\u00bb4.27.4&#8243; _module_preset=\u00bbdefault\u00bb global_colors_info=\u00bb{}\u00bb]<a href=\"#\" class=\"ce40-open-bio\" data-bio-id=\"bio-rocio-fuentes\">Ver bio<\/a>[\/et_pb_code][et_pb_code _builder_version=\u00bb4.27.4&#8243; _module_preset=\u00bbdefault\u00bb global_colors_info=\u00bb{}\u00bb]<\/p>\n<div id=\"bio-rocio-fuentes\" class=\"ce40-bio-data\"><!-- [et_pb_line_break_holder] -->  <\/p>\n<div class=\"ce40-speaker-sheet\"><!-- [et_pb_line_break_holder] -->    <\/p>\n<div class=\"ce40-speaker-photo\"><!-- [et_pb_line_break_holder] -->      <img decoding=\"async\" src=\"..\/wp-content\/uploads\/2026\/04\/rocio-fuentes.png\" alt=\"Roc\u00edo Fuentes\"><!-- [et_pb_line_break_holder] -->    <\/div>\n<p><!-- [et_pb_line_break_holder] --><!-- [et_pb_line_break_holder] -->    <\/p>\n<div class=\"ce40-speaker-content\"><!-- [et_pb_line_break_holder] -->      <\/p>\n<h3 class=\"ce40-speaker-name\" id=\"ce40BioModalTitle\">Maestra de Educaci\u00f3n Primaria en el CEIP Pablo Ruiz Picasso (Sevilla)<\/h3>\n<p><!-- [et_pb_line_break_holder] -->      <\/p>\n<div class=\"ce40-speaker-role\">Maestra de Educaci\u00f3n Primaria<\/div>\n<p><!-- [et_pb_line_break_holder] -->      <\/p>\n<div class=\"ce40-speaker-org\"> CEIP Pablo Ruiz Picasso (Sevilla)<\/div>\n<p><!-- [et_pb_line_break_holder] --><!-- [et_pb_line_break_holder] -->      <\/p>\n<div class=\"ce40-speaker-bio\"><!-- [et_pb_line_break_holder] -->        <pee>Roc\u00edo Fuentes es maestra de Educaci\u00f3n Infantil y Primaria, coordinadora de 3\u00ba ciclo. En la actualidad, ejerce como formadora y mentora en el programa HelloMath de EduCaixa.<\/pee><!-- [et_pb_line_break_holder] --><!-- [et_pb_line_break_holder] --><pee>Con una s\u00f3lida trayectoria docente que se remonta al a\u00f1o 2003, destaca por su labor de acompa\u00f1amiento a otros profesionales, trabajando de forma conjunta para crear comunidad y compartir buenas pr\u00e1cticas bajo la convicci\u00f3n de que, en educaci\u00f3n, nadie deber\u00eda caminar solo.<\/pee><!-- [et_pb_line_break_holder] --><!-- [et_pb_line_break_holder] --><pee>Su \u00e1rea de especialidad y filosof\u00eda pedag\u00f3gica se centran en la innovaci\u00f3n de la did\u00e1ctica de las Matem\u00e1ticas, siendo una firme defensora de que otra forma de ense\u00f1ar es posible.<\/pee><!-- [et_pb_line_break_holder] --><!-- [et_pb_line_break_holder] --><pee>Para ello, apuesta decididamente por la manipulaci\u00f3n, el andamiaje y la evaluaci\u00f3n formativa como herramientas clave para lograr que el aprendizaje tenga un verdadero sentido. <\/pee><!-- [et_pb_line_break_holder] -->      <\/div>\n<p><!-- [et_pb_line_break_holder] --><!-- [et_pb_line_break_holder] -->      <!-- [et_pb_line_break_holder] -->    <\/div>\n<p><!-- [et_pb_line_break_holder] -->  <\/div>\n<p><!-- [et_pb_line_break_holder] --><\/div>\n<p>[\/et_pb_code][\/et_pb_column][\/et_pb_row][et_pb_row _builder_version=\u00bb4.27.4&#8243; _module_preset=\u00bbdefault\u00bb global_colors_info=\u00bb{}\u00bb][et_pb_column type=\u00bb4_4&#8243; _builder_version=\u00bb4.27.4&#8243; _module_preset=\u00bbdefault\u00bb global_colors_info=\u00bb{}\u00bb][et_pb_code _builder_version=\u00bb4.27.4&#8243; _module_preset=\u00bbdefault\u00bb global_colors_info=\u00bb{}\u00bb]<\/p>\n<div class=\"ce40-btn-center\"><!-- [et_pb_line_break_holder] -->  <a href=\"panel-de-ponentes\/\" class=\"ce40-btn-manual\"><!-- [et_pb_line_break_holder] -->    Ver todos los ponentes<!-- [et_pb_line_break_holder] -->  <\/a><!-- [et_pb_line_break_holder] --><\/div>\n<p>[\/et_pb_code][\/et_pb_column][\/et_pb_row][\/et_pb_section][et_pb_section fb_built=\u00bb1&#8243; module_id=\u00bbponentes\u00bb _builder_version=\u00bb4.27.4&#8243; _module_preset=\u00bbdefault\u00bb background_color=\u00bb#302b56&#8243; background_enable_image=\u00bboff\u00bb background_position=\u00bbbottom_center\u00bb global_colors_info=\u00bb{}\u00bb][et_pb_row _builder_version=\u00bb4.27.4&#8243; _module_preset=\u00bbdefault\u00bb global_colors_info=\u00bb{}\u00bb][et_pb_column type=\u00bb4_4&#8243; _builder_version=\u00bb4.27.4&#8243; _module_preset=\u00bbdefault\u00bb global_colors_info=\u00bb{}\u00bb][et_pb_text module_class=\u00bbce40-h2 ce40-block-title\u00bb _builder_version=\u00bb4.27.4&#8243; _module_preset=\u00bbdefault\u00bb custom_margin=\u00bb||0px||false|false\u00bb custom_padding=\u00bb||0px||false|false\u00bb global_colors_info=\u00bb{}\u00bb]<\/p>\n<h2><span style=\"color: #ffffff;\">Centros educativos expositores<\/span><\/h2>\n<p>[\/et_pb_text][et_pb_text module_class=\u00bbce40-body ce40-block-body\u00bb _builder_version=\u00bb4.27.4&#8243; _module_preset=\u00bbdefault\u00bb global_colors_info=\u00bb{}\u00bb]<span style=\"color: #ffffff;\">Descubrimos los proyectos innovadores que nuestros centros educativos presentaron en el stand del IV Congreso de Innovaci\u00f3n Educativa. Una muestra del talento, la creatividad y la competencia digital de nuestro alumnado.<\/span>[\/et_pb_text][\/et_pb_column][\/et_pb_row][et_pb_row column_structure=\u00bb1_4,1_4,1_4,1_4&#8243; make_equal=\u00bbon\u00bb _builder_version=\u00bb4.27.4&#8243; _module_preset=\u00bbdefault\u00bb custom_margin=\u00bb||||false|false\u00bb global_colors_info=\u00bb{}\u00bb][et_pb_column type=\u00bb1_4&#8243; module_class=\u00bbce40-speaker-card\u00bb _builder_version=\u00bb4.27.4&#8243; _module_preset=\u00bbdefault\u00bb global_colors_info=\u00bb{}\u00bb][et_pb_image src=\u00bbhttps:\/\/www.juntadeandalucia.es/educacion/eaprendizaje\/wp-content\/uploads\/2026\/05\/logo-ceip-marie-curie.jpg\u00bb title_text=\u00bblogo-ceip-marie-curie\u00bb align=\u00bbcenter\u00bb module_class=\u00bbce40-speaker-photo ce40-speaker-photo-circle\u00bb _builder_version=\u00bb4.27.4&#8243; _module_preset=\u00bbdefault\u00bb global_colors_info=\u00bb{}\u00bb][\/et_pb_image][et_pb_text module_class=\u00bbce40-speaker-name\u00bb _builder_version=\u00bb4.27.4&#8243; _module_preset=\u00bbdefault\u00bb text_orientation=\u00bbcenter\u00bb global_colors_info=\u00bb{}\u00bb]<\/p>\n<p>CEIP Marie Curie<\/p>\n<p>[\/et_pb_text][et_pb_text module_class=\u00bbce40-speaker-bio\u00bb _builder_version=\u00bb4.27.4&#8243; _module_preset=\u00bbdefault\u00bb text_orientation=\u00bbcenter\u00bb global_colors_info=\u00bb{}\u00bb]<\/p>\n<p><strong>T\u00edtulo del proyecto:<\/strong> Naturaleza conectada<\/p>\n<p>[\/et_pb_text][et_pb_code module_class=\u00bbce40-speaker-link\u00bb _builder_version=\u00bb4.27.4&#8243; _module_preset=\u00bbdefault\u00bb global_colors_info=\u00bb{}\u00bb]<a href=\"#\" class=\"ce40-open-bio\" data-bio-id=\"descripcion-marie-curie\">Ver m\u00e1s<\/a>[\/et_pb_code][et_pb_code _builder_version=\u00bb4.27.4&#8243; _module_preset=\u00bbdefault\u00bb global_colors_info=\u00bb{}\u00bb]<\/p>\n<div id=\"descripcion-marie-curie\" class=\"ce40-bio-data\"><!-- [et_pb_line_break_holder] -->  <\/p>\n<div class=\"ce40-speaker-sheet\"><!-- [et_pb_line_break_holder] -->    <\/p>\n<div class=\"ce40-speaker-photo\"><!-- [et_pb_line_break_holder] -->      <img decoding=\"async\" src=\"..\/wp-content\/uploads\/2026\/05\/logo-ceip-marie-curie.jpg\" alt=\"CEIP Marie Curie (Sevilla)\"><!-- [et_pb_line_break_holder] -->    <\/div>\n<p><!-- [et_pb_line_break_holder] --><!-- [et_pb_line_break_holder] -->    <\/p>\n<div class=\"ce40-speaker-content\"><!-- [et_pb_line_break_holder] -->      <\/p>\n<h3 class=\"ce40-speaker-name\" id=\"ce40BioModalTitle\">CEIP Marie Curie<\/h3>\n<p><!-- [et_pb_line_break_holder] -->      <\/p>\n<div class=\"ce40-speaker-role\">T\u00edtulo del proyecto: Naturaleza conectada.<\/div>\n<p><!-- [et_pb_line_break_holder] -->      <\/p>\n<div class=\"ce40-speaker-org\"><a href=\"https:\/\/sites.google.com\/ceipmariecuriesevilla.com\/ceipmariecuriesevilla\/novedades\" target=\"_blank\">Visitar sitio web<\/a><\/div>\n<p><!-- [et_pb_line_break_holder] --><!-- [et_pb_line_break_holder] -->      <\/p>\n<div class=\"ce40-speaker-bio\"><!-- [et_pb_line_break_holder] -->        <pee> Bajo el lema \u00abNaturaleza a un paso\u00bb, este centro integra la digitalizaci\u00f3n y el lenguaje computacional en el estudio de los Espacios Naturales Protegidos de Andaluc\u00eda. La exposici\u00f3n incluye proyectos de realidad aumentada, podcasting sobre fauna y flora, y sistemas de riego autom\u00e1tico desarrollados con Micro:Bit. Adem\u00e1s, destacan el uso de IA para la detecci\u00f3n de especies y la creaci\u00f3n de instrumentos musicales con materiales naturales y sensores.<\/pee><!-- [et_pb_line_break_holder] -->      <\/div>\n<p><!-- [et_pb_line_break_holder] --><!-- [et_pb_line_break_holder] -->    <!-- [et_pb_line_break_holder] -->    <\/div>\n<p><!-- [et_pb_line_break_holder] -->  <\/div>\n<p><!-- [et_pb_line_break_holder] --><\/div>\n<p>[\/et_pb_code][\/et_pb_column][et_pb_column type=\u00bb1_4&#8243; module_class=\u00bbce40-speaker-card\u00bb _builder_version=\u00bb4.27.4&#8243; _module_preset=\u00bbdefault\u00bb global_colors_info=\u00bb{}\u00bb][et_pb_image src=\u00bbhttps:\/\/www.juntadeandalucia.es/educacion/eaprendizaje\/wp-content\/uploads\/2026\/05\/ceip-ortiz-de-zuniga.jpg\u00bb title_text=\u00bbceip-ortiz-de-zu\u00f1iga\u00bb align=\u00bbcenter\u00bb module_class=\u00bbce40-speaker-photo ce40-speaker-photo-circle\u00bb _builder_version=\u00bb4.27.4&#8243; _module_preset=\u00bbdefault\u00bb global_colors_info=\u00bb{}\u00bb][\/et_pb_image][et_pb_text module_class=\u00bbce40-speaker-name\u00bb _builder_version=\u00bb4.27.4&#8243; _module_preset=\u00bbdefault\u00bb text_orientation=\u00bbcenter\u00bb global_colors_info=\u00bb{}\u00bb]CEIP Ortiz de Z\u00fa\u00f1iga[\/et_pb_text][et_pb_text module_class=\u00bbce40-speaker-bio\u00bb _builder_version=\u00bb4.27.4&#8243; _module_preset=\u00bbdefault\u00bb text_orientation=\u00bbcenter\u00bb global_colors_info=\u00bb{}\u00bb]<strong>T\u00edtulo del proyecto:<\/strong> Implementaci\u00f3n de estrategias de aprendizaje con \u201cBee-Bots\u201d[\/et_pb_text][et_pb_code module_class=\u00bbce40-speaker-link\u00bb _builder_version=\u00bb4.27.4&#8243; _module_preset=\u00bbdefault\u00bb global_colors_info=\u00bb{}\u00bb]<a href=\"#\" class=\"ce40-open-bio\" data-bio-id=\"descripcion-ortiz-de-zuniga\">Ver m\u00e1s<\/a>[\/et_pb_code][et_pb_code _builder_version=\u00bb4.27.4&#8243; _module_preset=\u00bbdefault\u00bb global_colors_info=\u00bb{}\u00bb]<\/p>\n<div id=\"descripcion-ortiz-de-zuniga\" class=\"ce40-bio-data\"><!-- [et_pb_line_break_holder] -->  <\/p>\n<div class=\"ce40-speaker-sheet\"><!-- [et_pb_line_break_holder] -->    <\/p>\n<div class=\"ce40-speaker-photo\"><!-- [et_pb_line_break_holder] -->      <img decoding=\"async\" src=\"..\/wp-content\/uploads\/2026\/05\/ceip-ortiz-de-zuniga.jpg\" alt=\"CEIP Ortiz de Z\u00fa\u00f1iga\"><!-- [et_pb_line_break_holder] -->    <\/div>\n<p><!-- [et_pb_line_break_holder] --><!-- [et_pb_line_break_holder] -->    <\/p>\n<div class=\"ce40-speaker-content\"><!-- [et_pb_line_break_holder] -->      <\/p>\n<h3 class=\"ce40-speaker-name\" id=\"ce40BioModalTitle\">CEIP Ortiz de Z\u00fa\u00f1iga<\/h3>\n<p><!-- [et_pb_line_break_holder] -->      <\/p>\n<div class=\"ce40-speaker-role\">T\u00edtulo del proyecto: Implementaci\u00f3n de estrategias de aprendizaje con \u201cBee-Bots\u201d<\/div>\n<p><!-- [et_pb_line_break_holder] -->      <\/p>\n<div class=\"ce40-speaker-org\"> <a href=\"https:\/\/www.ortizdezuniga.org\" target=\"_blank\">Visitar sitio web<\/a><\/div>\n<p><!-- [et_pb_line_break_holder] --><!-- [et_pb_line_break_holder] -->      <\/p>\n<div class=\"ce40-speaker-bio\"><!-- [et_pb_line_break_holder] -->        <pee>El alumnado de Educaci\u00f3n Infantil (5 a\u00f1os) explora el pensamiento computacional a trav\u00e9s de la rob\u00f3tica y el \u00abproyecto de las abejas\u00bb. Mediante el uso de Bee-Bots y alfombras tem\u00e1ticas de dise\u00f1o hexagonal, los estudiantes resuelven retos de programaci\u00f3n para identificar flores e insectos. El proyecto se complementa con la difusi\u00f3n de contenidos a trav\u00e9s de su propio programa de radio escolar.<\/pee><!-- [et_pb_line_break_holder] -->      <\/div>\n<p><!-- [et_pb_line_break_holder] --><!-- [et_pb_line_break_holder] -->    <!-- [et_pb_line_break_holder] -->    <\/div>\n<p><!-- [et_pb_line_break_holder] -->  <\/div>\n<p><!-- [et_pb_line_break_holder] --><\/div>\n<p>[\/et_pb_code][\/et_pb_column][et_pb_column type=\u00bb1_4&#8243; module_class=\u00bbce40-speaker-card\u00bb _builder_version=\u00bb4.27.4&#8243; _module_preset=\u00bbdefault\u00bb global_colors_info=\u00bb{}\u00bb][et_pb_image src=\u00bbhttps:\/\/www.juntadeandalucia.es/educacion/eaprendizaje\/wp-content\/uploads\/2026\/05\/logo-ciudad-jardin.jpg\u00bb title_text=\u00bblogo-ciudad-jardin\u00bb align=\u00bbcenter\u00bb module_class=\u00bbce40-speaker-photo ce40-speaker-photo-circle\u00bb _builder_version=\u00bb4.27.4&#8243; _module_preset=\u00bbdefault\u00bb global_colors_info=\u00bb{}\u00bb][\/et_pb_image][et_pb_text module_class=\u00bbce40-speaker-name\u00bb _builder_version=\u00bb4.27.4&#8243; _module_preset=\u00bbdefault\u00bb text_orientation=\u00bbcenter\u00bb global_colors_info=\u00bb{}\u00bb]IES Ciudad Jard\u00edn[\/et_pb_text][et_pb_text module_class=\u00bbce40-speaker-bio\u00bb _builder_version=\u00bb4.27.4&#8243; _module_preset=\u00bbdefault\u00bb text_orientation=\u00bbcenter\u00bb global_colors_info=\u00bb{}\u00bb]<\/p>\n<p><strong>T\u00edtulo del proyecto:<\/strong> Tecnolog\u00eda \/ Impresi\u00f3n 3D \/ Inteligencia Artificial<\/p>\n<p>[\/et_pb_text][et_pb_code module_class=\u00bbce40-speaker-link\u00bb _builder_version=\u00bb4.27.4&#8243; _module_preset=\u00bbdefault\u00bb global_colors_info=\u00bb{}\u00bb]<a href=\"#\" class=\"ce40-open-bio\" data-bio-id=\"descripcion-ciudad-jardin\">Ver m\u00e1s<\/a>[\/et_pb_code][et_pb_code _builder_version=\u00bb4.27.4&#8243; _module_preset=\u00bbdefault\u00bb global_colors_info=\u00bb{}\u00bb]<\/p>\n<div id=\"descripcion-ciudad-jardin\" class=\"ce40-bio-data\"><!-- [et_pb_line_break_holder] -->  <\/p>\n<div class=\"ce40-speaker-sheet\"><!-- [et_pb_line_break_holder] -->    <\/p>\n<div class=\"ce40-speaker-photo\"><!-- [et_pb_line_break_holder] -->      <img decoding=\"async\" src=\"..\/wp-content\/uploads\/2026\/05\/logo-ciudad-jardin.jpg\" alt=\"IES Ciudad Jard\u00edn\"><!-- [et_pb_line_break_holder] -->    <\/div>\n<p><!-- [et_pb_line_break_holder] --><!-- [et_pb_line_break_holder] -->    <\/p>\n<div class=\"ce40-speaker-content\"><!-- [et_pb_line_break_holder] -->      <\/p>\n<h3 class=\"ce40-speaker-name\" id=\"ce40BioModalTitle\">IES Ciudad Jard\u00edn<\/h3>\n<p><!-- [et_pb_line_break_holder] -->      <\/p>\n<div class=\"ce40-speaker-role\">T\u00edtulo del proyecto: Tecnolog\u00eda \/ Impresi\u00f3n 3D \/ Inteligencia Artificial<\/div>\n<p><!-- [et_pb_line_break_holder] -->      <\/p>\n<div class=\"ce40-speaker-org\"> <a href=\"https:\/\/www.iesciudadjardin.es\" target=\"_blank\">Visitar sitio web<\/a><\/div>\n<p><!-- [et_pb_line_break_holder] --><!-- [et_pb_line_break_holder] -->      <\/p>\n<div class=\"ce40-speaker-bio\"><!-- [et_pb_line_break_holder] -->        <pee>El centro muestra una serie de proyectos tecnol\u00f3gicos transversales que abarcan desde el uso de microcontroladores y electr\u00f3nica hasta la fabricaci\u00f3n digital. Los visitantes podr\u00e1n interactuar con una colecci\u00f3n de objetos impresos en 3D, laberintos controlados por joystick, sistemas de juegos de reflejos y aplicaciones pr\u00e1cticas de inteligencia artificial desarrolladas en el aula.<\/pee><!-- [et_pb_line_break_holder] -->      <\/div>\n<p><!-- [et_pb_line_break_holder] --><!-- [et_pb_line_break_holder] -->    <!-- [et_pb_line_break_holder] -->    <\/div>\n<p><!-- [et_pb_line_break_holder] -->  <\/div>\n<p><!-- [et_pb_line_break_holder] --><\/div>\n<p>[\/et_pb_code][\/et_pb_column][et_pb_column type=\u00bb1_4&#8243; module_class=\u00bbce40-speaker-card\u00bb _builder_version=\u00bb4.27.4&#8243; _module_preset=\u00bbdefault\u00bb global_colors_info=\u00bb{}\u00bb][et_pb_image src=\u00bbhttps:\/\/www.juntadeandalucia.es/educacion/eaprendizaje\/wp-content\/uploads\/2026\/05\/ies-vicente-alexandrie.jpg\u00bb title_text=\u00bbies-vicente-alexandrie\u00bb align=\u00bbcenter\u00bb module_class=\u00bbce40-speaker-photo ce40-speaker-photo-circle\u00bb _builder_version=\u00bb4.27.4&#8243; _module_preset=\u00bbdefault\u00bb global_colors_info=\u00bb{}\u00bb][\/et_pb_image][et_pb_text module_class=\u00bbce40-speaker-name\u00bb _builder_version=\u00bb4.27.4&#8243; _module_preset=\u00bbdefault\u00bb text_orientation=\u00bbcenter\u00bb global_colors_info=\u00bb{}\u00bb]IES Vicente Aleixandre[\/et_pb_text][et_pb_text module_class=\u00bbce40-speaker-bio\u00bb _builder_version=\u00bb4.27.4&#8243; _module_preset=\u00bbdefault\u00bb text_orientation=\u00bbcenter\u00bb global_colors_info=\u00bb{}\u00bb]<strong>T\u00edtulo del proyecto:<\/strong> Construcciones para aplicar los conocimientos adquiridos en ciencia[\/et_pb_text][et_pb_code module_class=\u00bbce40-speaker-link\u00bb _builder_version=\u00bb4.27.4&#8243; _module_preset=\u00bbdefault\u00bb global_colors_info=\u00bb{}\u00bb]<a href=\"#\" class=\"ce40-open-bio\" data-bio-id=\"descripcion-vicente-aleixandre\">Ver m\u00e1s<\/a>[\/et_pb_code][et_pb_code _builder_version=\u00bb4.27.4&#8243; _module_preset=\u00bbdefault\u00bb global_colors_info=\u00bb{}\u00bb]<\/p>\n<div id=\"descripcion-vicente-aleixandre\" class=\"ce40-bio-data\"><!-- [et_pb_line_break_holder] -->  <\/p>\n<div class=\"ce40-speaker-sheet\"><!-- [et_pb_line_break_holder] -->    <\/p>\n<div class=\"ce40-speaker-photo\"><!-- [et_pb_line_break_holder] -->      <img decoding=\"async\" src=\"..\/wp-content\/uploads\/2026\/05\/ies-vicente-alexandrie.jpg\" alt=\"IES Vicente Aleixandre\"><!-- [et_pb_line_break_holder] -->    <\/div>\n<p><!-- [et_pb_line_break_holder] --><!-- [et_pb_line_break_holder] -->    <\/p>\n<div class=\"ce40-speaker-content\"><!-- [et_pb_line_break_holder] -->      <\/p>\n<h3 class=\"ce40-speaker-name\" id=\"ce40BioModalTitle\">IES Vicente Aleixandre<\/h3>\n<p><!-- [et_pb_line_break_holder] -->      <\/p>\n<div class=\"ce40-speaker-role\">T\u00edtulo del proyecto: Construcciones para aplicar los conocimientos adquiridos en ciencia<\/div>\n<p><!-- [et_pb_line_break_holder] -->      <\/p>\n<div class=\"ce40-speaker-org\"><a href=\"https:\/\/blogsaverroes.juntadeandalucia.es\/iesvaleix\/novedades\/\" target=\"_blank\">Visitar sitio web<\/a><\/div>\n<p><!-- [et_pb_line_break_holder] --><!-- [et_pb_line_break_holder] -->      <\/p>\n<div class=\"ce40-speaker-bio\"><!-- [et_pb_line_break_holder] -->        <pee>El centro presenta una propuesta STEAM multidisciplinar donde la teor\u00eda cient\u00edfica se materializa en maquetas y objetos impresos en 3D. La exposici\u00f3n incluye desde construcciones basadas en el patrimonio cultural andaluz y maquetas de aviones con sistema de pilotaje, hasta representaciones biol\u00f3gicas de c\u00e9lulas y hongos, uniendo la ingenier\u00eda con las ciencias naturales y las matem\u00e1ticas.<\/pee><!-- [et_pb_line_break_holder] -->      <\/div>\n<p><!-- [et_pb_line_break_holder] --><!-- [et_pb_line_break_holder] -->    <!-- [et_pb_line_break_holder] -->    <\/div>\n<p><!-- [et_pb_line_break_holder] -->  <\/div>\n<p><!-- [et_pb_line_break_holder] --><\/div>\n<p>[\/et_pb_code][\/et_pb_column][\/et_pb_row][et_pb_row _builder_version=\u00bb4.27.4&#8243; _module_preset=\u00bbdefault\u00bb global_colors_info=\u00bb{}\u00bb][et_pb_column type=\u00bb4_4&#8243; _builder_version=\u00bb4.27.4&#8243; _module_preset=\u00bbdefault\u00bb global_colors_info=\u00bb{}\u00bb][et_pb_text module_class=\u00bbce40-h2 ce40-block-title\u00bb _builder_version=\u00bb4.27.4&#8243; _module_preset=\u00bbdefault\u00bb custom_margin=\u00bb||0px||false|false\u00bb custom_padding=\u00bb||0px||false|false\u00bb global_colors_info=\u00bb{}\u00bb]<\/p>\n<h2><span style=\"color: #ffffff;\">Empresas colaboradoras<\/span><\/h2>\n<p>[\/et_pb_text][et_pb_text module_class=\u00bbce40-body ce40-block-body\u00bb _builder_version=\u00bb4.27.4&#8243; _module_preset=\u00bbdefault\u00bb global_colors_info=\u00bb{}\u00bb]<span style=\"color: #ffffff;\">Adem\u00e1s, contamos con stands de las empresas que colaboran en las dos actuaciones principales del programa C\u00f3digo Escuela 4.0: dotaci\u00f3n de equipamiento tecnol\u00f3gico y capacitaci\u00f3n y formaci\u00f3n al profesorado.<\/span>[\/et_pb_text][\/et_pb_column][\/et_pb_row][et_pb_row column_structure=\u00bb1_4,1_4,1_4,1_4&#8243; make_equal=\u00bbon\u00bb _builder_version=\u00bb4.27.4&#8243; _module_preset=\u00bbdefault\u00bb custom_margin=\u00bb||||false|false\u00bb global_colors_info=\u00bb{}\u00bb][et_pb_column type=\u00bb1_4&#8243; module_class=\u00bbce40-speaker-card\u00bb _builder_version=\u00bb4.27.4&#8243; _module_preset=\u00bbdefault\u00bb global_colors_info=\u00bb{}\u00bb][et_pb_image src=\u00bbhttps:\/\/www.juntadeandalucia.es/educacion/eaprendizaje\/wp-content\/uploads\/2026\/05\/logo-orange-2.jpg\u00bb title_text=\u00bblogo-orange\u00bb align=\u00bbcenter\u00bb module_class=\u00bbce40-empesa-logo\u00bb _builder_version=\u00bb4.27.4&#8243; _module_preset=\u00bbdefault\u00bb global_colors_info=\u00bb{}\u00bb][\/et_pb_image][et_pb_text module_class=\u00bbce40-speaker-name\u00bb _builder_version=\u00bb4.27.4&#8243; _module_preset=\u00bbdefault\u00bb text_orientation=\u00bbcenter\u00bb global_colors_info=\u00bb{}\u00bb]Orange[\/et_pb_text][et_pb_text module_class=\u00bbce40-empresa-servicio\u00bb _builder_version=\u00bb4.27.4&#8243; _module_preset=\u00bbdefault\u00bb text_orientation=\u00bbcenter\u00bb custom_padding=\u00bb||5px|||\u00bb global_colors_info=\u00bb{}\u00bb]<\/p>\n<p>Dotaci\u00f3n de equipamiento tecnol\u00f3gico &#8211; Educaci\u00f3n Infantil<\/p>\n<p>[\/et_pb_text][\/et_pb_column][et_pb_column type=\u00bb1_4&#8243; module_class=\u00bbce40-speaker-card\u00bb _builder_version=\u00bb4.27.4&#8243; _module_preset=\u00bbdefault\u00bb global_colors_info=\u00bb{}\u00bb][et_pb_image src=\u00bbhttps:\/\/www.juntadeandalucia.es/educacion/eaprendizaje\/wp-content\/uploads\/2026\/05\/logo-inusual-1.jpg\u00bb title_text=\u00bblogo-inusual\u00bb align=\u00bbcenter\u00bb module_class=\u00bbce40-empesa-logo\u00bb _builder_version=\u00bb4.27.4&#8243; _module_preset=\u00bbdefault\u00bb global_colors_info=\u00bb{}\u00bb][\/et_pb_image][et_pb_text module_class=\u00bbce40-speaker-name\u00bb _builder_version=\u00bb4.27.4&#8243; _module_preset=\u00bbdefault\u00bb text_orientation=\u00bbcenter\u00bb global_colors_info=\u00bb{}\u00bb]<\/p>\n<p><span>Inusual<\/span><\/p>\n<p>[\/et_pb_text][et_pb_text module_class=\u00bbce40-empresa-servicio\u00bb _builder_version=\u00bb4.27.4&#8243; _module_preset=\u00bbdefault\u00bb text_orientation=\u00bbcenter\u00bb global_colors_info=\u00bb{}\u00bb]<\/p>\n<p><span>Dotaci\u00f3n de equipamiento tecnol\u00f3gico &#8211; Educaci\u00f3n Primaria<\/span><\/p>\n<p>[\/et_pb_text][\/et_pb_column][et_pb_column type=\u00bb1_4&#8243; module_class=\u00bbce40-speaker-card\u00bb _builder_version=\u00bb4.27.4&#8243; _module_preset=\u00bbdefault\u00bb global_colors_info=\u00bb{}\u00bb][et_pb_image src=\u00bbhttps:\/\/www.juntadeandalucia.es/educacion/eaprendizaje\/wp-content\/uploads\/2026\/05\/logo-solutia-1.jpg\u00bb title_text=\u00bblogo-solutia\u00bb align=\u00bbcenter\u00bb module_class=\u00bbce40-empesa-logo\u00bb _builder_version=\u00bb4.27.4&#8243; _module_preset=\u00bbdefault\u00bb global_colors_info=\u00bb{}\u00bb][\/et_pb_image][et_pb_text module_class=\u00bbce40-speaker-name\u00bb _builder_version=\u00bb4.27.4&#8243; _module_preset=\u00bbdefault\u00bb text_orientation=\u00bbcenter\u00bb global_colors_info=\u00bb{}\u00bb]<\/p>\n<p><span>Solutia<\/span><\/p>\n<p>[\/et_pb_text][et_pb_text module_class=\u00bbce40-empresa-servicio\u00bb _builder_version=\u00bb4.27.4&#8243; _module_preset=\u00bbdefault\u00bb text_orientation=\u00bbcenter\u00bb global_colors_info=\u00bb{}\u00bb]<\/p>\n<p><span>Dotaci\u00f3n de equipamiento tecnol\u00f3gico &#8211; Educaci\u00f3n Secundaria Obligatoria<\/span><\/p>\n<p>[\/et_pb_text][\/et_pb_column][et_pb_column type=\u00bb1_4&#8243; module_class=\u00bbce40-speaker-card\u00bb _builder_version=\u00bb4.27.4&#8243; _module_preset=\u00bbdefault\u00bb global_colors_info=\u00bb{}\u00bb][et_pb_image src=\u00bbhttps:\/\/www.juntadeandalucia.es/educacion/eaprendizaje\/wp-content\/uploads\/2026\/05\/logo-telefonica.jpg\u00bb title_text=\u00bblogo-telefonica\u00bb align=\u00bbcenter\u00bb module_class=\u00bbce40-empesa-logo\u00bb _builder_version=\u00bb4.27.4&#8243; _module_preset=\u00bbdefault\u00bb global_colors_info=\u00bb{}\u00bb][\/et_pb_image][et_pb_text module_class=\u00bbce40-speaker-name\u00bb _builder_version=\u00bb4.27.4&#8243; _module_preset=\u00bbdefault\u00bb text_orientation=\u00bbcenter\u00bb global_colors_info=\u00bb{}\u00bb]<\/p>\n<p><span>Telef\u00f3nica Educaci\u00f3n Digital<\/span><\/p>\n<p>[\/et_pb_text][et_pb_text module_class=\u00bbce40-empresa-servicio\u00bb _builder_version=\u00bb4.27.4&#8243; _module_preset=\u00bbdefault\u00bb text_orientation=\u00bbcenter\u00bb global_colors_info=\u00bb{}\u00bb]<\/p>\n<p><span>Capacitaci\u00f3n y formaci\u00f3n<\/span><\/p>\n<p>[\/et_pb_text][\/et_pb_column][\/et_pb_row][et_pb_row _builder_version=\u00bb4.27.4&#8243; _module_preset=\u00bbdefault\u00bb global_colors_info=\u00bb{}\u00bb][et_pb_column type=\u00bb4_4&#8243; _builder_version=\u00bb4.27.4&#8243; _module_preset=\u00bbdefault\u00bb global_colors_info=\u00bb{}\u00bb][et_pb_text module_class=\u00bbce40-h2 ce40-block-title\u00bb _builder_version=\u00bb4.27.4&#8243; _module_preset=\u00bbdefault\u00bb custom_margin=\u00bb||0px||false|false\u00bb custom_padding=\u00bb||0px||false|false\u00bb global_colors_info=\u00bb{}\u00bb]<\/p>\n<h2><span style=\"color: #ffffff;\">Centro educativo colaborador<\/span><\/h2>\n<p>[\/et_pb_text][\/et_pb_column][\/et_pb_row][et_pb_row column_structure=\u00bb1_4,1_4,1_4,1_4&#8243; make_equal=\u00bbon\u00bb _builder_version=\u00bb4.27.4&#8243; _module_preset=\u00bbdefault\u00bb custom_margin=\u00bb||||false|false\u00bb global_colors_info=\u00bb{}\u00bb][et_pb_column type=\u00bb1_4&#8243; module_class=\u00bbce40-speaker-card\u00bb _builder_version=\u00bb4.27.4&#8243; _module_preset=\u00bbdefault\u00bb global_colors_info=\u00bb{}\u00bb][et_pb_image src=\u00bbhttps:\/\/www.juntadeandalucia.es/educacion/eaprendizaje\/wp-content\/uploads\/2026\/05\/logo-conservatorio-ars.png\u00bb title_text=\u00bblogo-conservatorio-ars\u00bb align=\u00bbcenter\u00bb module_class=\u00bbce40-speaker-photo ce40-speaker-photo-circle\u00bb _builder_version=\u00bb4.27.4&#8243; _module_preset=\u00bbdefault\u00bb global_colors_info=\u00bb{}\u00bb][\/et_pb_image][et_pb_text module_class=\u00bbce40-speaker-name\u00bb _builder_version=\u00bb4.27.4&#8243; _module_preset=\u00bbdefault\u00bb text_orientation=\u00bbcenter\u00bb global_colors_info=\u00bb{}\u00bb]Conservatorio Profesional de Danza Antonio Ruiz Soler[\/et_pb_text][et_pb_code module_class=\u00bbce40-speaker-link\u00bb _builder_version=\u00bb4.27.4&#8243; _module_preset=\u00bbdefault\u00bb global_colors_info=\u00bb{}\u00bb]<a href=\"#\" class=\"ce40-open-bio\" data-bio-id=\"descripcion-conservatorio-ars\">Ver m\u00e1s<\/a>[\/et_pb_code][et_pb_code _builder_version=\u00bb4.27.4&#8243; _module_preset=\u00bbdefault\u00bb global_colors_info=\u00bb{}\u00bb]<\/p>\n<div id=\"descripcion-conservatorio-ars\" class=\"ce40-bio-data\"><!-- [et_pb_line_break_holder] -->  <\/p>\n<div class=\"ce40-speaker-sheet\"><!-- [et_pb_line_break_holder] -->    <\/p>\n<div class=\"ce40-speaker-photo\"><!-- [et_pb_line_break_holder] -->      <img decoding=\"async\" src=\"..\/wp-content\/uploads\/2026\/05\/logo-conservatorio-ars.png\" alt=\"Conservatorio Profesional de Danza Antonio Ruiz Soler\"><!-- [et_pb_line_break_holder] -->    <\/div>\n<p><!-- [et_pb_line_break_holder] --><!-- [et_pb_line_break_holder] -->    <\/p>\n<div class=\"ce40-speaker-content\"><!-- [et_pb_line_break_holder] -->      <\/p>\n<h3 class=\"ce40-speaker-name\" id=\"ce40BioModalTitle\">Conservatorio Profesional de Danza Antonio Ruiz Soler<\/h3>\n<p><!-- [et_pb_line_break_holder] --><!-- [et_pb_line_break_holder] --><!-- [et_pb_line_break_holder] -->      <\/p>\n<div class=\"ce40-speaker-bio\"><!-- [et_pb_line_break_holder] -->        <pee>El Conservatorio Profesional de Danza Antonio Ruiz Soler es un centro oficial dependiente de la Consejer\u00eda de Desarrollo Educativo y Formaci\u00f3n Profesional de la Junta de Andaluc\u00eda desde 1984. Constituye el \u00fanico centro p\u00fablico de formaci\u00f3n reglada en danza de la provincia de Sevilla y acoge actualmente a alrededor de 600 alumnos y alumnas, atendidos por un claustro formado por 76 profesores y profesoras de danza, adem\u00e1s de m\u00fasicos acompa\u00f1antes. <!\u2013- [et_pb_br_holder] -\u2013><!\u2013- [et_pb_br_holder] -\u2013><!-- [et_pb_line_break_holder] -->          <!-- [et_pb_line_break_holder] -->         <\/p>\n<h4> Ense\u00f1anzas impartidas<\/h4>\n<p><!-- [et_pb_line_break_holder] --><pee>El conservatorio ofrece las siguientes ense\u00f1anzas oficiales: <\/pee><!-- [et_pb_line_break_holder] -->        <\/p>\n<ul style=\"list-style: circle;font-size: 14px;padding-left: 15px;margin-bottom: 20px;\"><!-- [et_pb_line_break_holder] -->    <\/p>\n<li><strong>Ense\u00f1anzas B\u00e1sicas de Danza,<\/strong> dirigidas a alumnado de entre 8 y 12 a\u00f1os.<\/li>\n<p> <!-- [et_pb_line_break_holder] -->    <\/p>\n<li><strong>Ense\u00f1anzas Profesionales de Danza,<\/strong> destinadas a alumnado de entre 12 y 18 a\u00f1os aproximadamente, en las especialidades de:<!-- [et_pb_line_break_holder] -->   <!\u2013- [et_pb_br_holder] -\u2013><!-- [et_pb_line_break_holder] -->      \u2022 Danza Cl\u00e1sica<!\u2013- [et_pb_br_holder] -\u2013><!-- [et_pb_line_break_holder] -->      \u2022 Danza Contempor\u00e1nea<!\u2013- [et_pb_br_holder] -\u2013><!-- [et_pb_line_break_holder] -->      \u2022 Danza Espa\u00f1ola<!\u2013- [et_pb_br_holder] -\u2013><!-- [et_pb_line_break_holder] -->      \u2022 Flamenco<!\u2013- [et_pb_br_holder] -\u2013><!-- [et_pb_line_break_holder] -->    <!-- [et_pb_line_break_holder] -->      <\/li>\n<p><!-- [et_pb_line_break_holder] -->            <\/ul>\n<p><!-- [et_pb_line_break_holder] --><!-- [et_pb_line_break_holder] -->  <pee>El conservatorio se distingue por ser un centro din\u00e1mico, abierto y estrechamente vinculado a la vida cultural de la ciudad. A lo largo de su trayectoria ha desarrollado numerosas colaboraciones con organismos p\u00fablicos, compa\u00f1\u00edas de danza, instituciones culturales y espacios esc\u00e9nicos, consolid\u00e1ndose como un referente de la ense\u00f1anza art\u00edstica en Andaluc\u00eda.<\/pee><!-- [et_pb_line_break_holder] -->      <\/div>\n<p><!-- [et_pb_line_break_holder] --><!-- [et_pb_line_break_holder] -->    <!-- [et_pb_line_break_holder] -->    <\/div>\n<p><!-- [et_pb_line_break_holder] -->  <\/div>\n<p><!-- [et_pb_line_break_holder] --><\/div>\n<p>[\/et_pb_code][\/et_pb_column][et_pb_column type=\u00bb1_4&#8243; _builder_version=\u00bb4.27.4&#8243; _module_preset=\u00bbdefault\u00bb global_colors_info=\u00bb{}\u00bb][\/et_pb_column][et_pb_column type=\u00bb1_4&#8243; _builder_version=\u00bb4.27.4&#8243; _module_preset=\u00bbdefault\u00bb global_colors_info=\u00bb{}\u00bb][\/et_pb_column][et_pb_column type=\u00bb1_4&#8243; _builder_version=\u00bb4.27.4&#8243; _module_preset=\u00bbdefault\u00bb global_colors_info=\u00bb{}\u00bb][\/et_pb_column][\/et_pb_row][\/et_pb_section][et_pb_section fb_built=\u00bb1&#8243; module_id=\u00bbdinamica\u00bb _builder_version=\u00bb4.27.4&#8243; _module_preset=\u00bbdefault\u00bb global_colors_info=\u00bb{}\u00bb][et_pb_row _builder_version=\u00bb4.27.4&#8243; _module_preset=\u00bbdefault\u00bb global_colors_info=\u00bb{}\u00bb][et_pb_column type=\u00bb4_4&#8243; _builder_version=\u00bb4.27.4&#8243; _module_preset=\u00bbdefault\u00bb global_colors_info=\u00bb{}\u00bb][et_pb_text module_class=\u00bbce40-h2 ce40-block-title\u00bb _builder_version=\u00bb4.27.4&#8243; _module_preset=\u00bbdefault\u00bb custom_margin=\u00bb||0px||false|false\u00bb custom_padding=\u00bb||0px||false|false\u00bb global_colors_info=\u00bb{}\u00bb]<\/p>\n<h2 style=\"text-align: center;\">As\u00ed vivimos el IV Congreso de Innovaci\u00f3n Educativa: C\u00f3digo Escuela 4.0<\/h2>\n<p>[\/et_pb_text][et_pb_text module_class=\u00bbce40-body ce40-block-body\u00bb _builder_version=\u00bb4.27.4&#8243; _module_preset=\u00bbdefault\u00bb global_colors_info=\u00bb{}\u00bb]<\/p>\n<p style=\"text-align: center;\">Fue un evento din\u00e1mico e interactivo:<\/p>\n<p>[\/et_pb_text][\/et_pb_column][\/et_pb_row][et_pb_row column_structure=\u00bb1_3,1_3,1_3&#8243; make_equal=\u00bbon\u00bb _builder_version=\u00bb4.27.4&#8243; _module_preset=\u00bbdefault\u00bb background_enable_image=\u00bboff\u00bb min_height=\u00bb300px\u00bb global_colors_info=\u00bb{}\u00bb][et_pb_column type=\u00bb1_3&#8243; module_class=\u00bbce40-dynamic-card\u00bb _builder_version=\u00bb4.27.4&#8243; _module_preset=\u00bbdefault\u00bb background_image=\u00bbhttps:\/\/www.juntadeandalucia.es/educacion/eaprendizaje\/wp-content\/uploads\/2026\/04\/bg-degradado.jpg\u00bb border_width_all=\u00bb1px\u00bb border_color_all=\u00bb#f2f2f2&#8243; global_colors_info=\u00bb{}\u00bb][et_pb_text module_class=\u00bbce40-h3&#8243; _builder_version=\u00bb4.27.4&#8243; _module_preset=\u00bbdefault\u00bb custom_margin=\u00bb||0px||false|false\u00bb custom_padding=\u00bb||0px||false|false\u00bb global_colors_info=\u00bb{}\u00bb]<\/p>\n<h3>5 Plenarias Inspiradoras<\/h3>\n<p>[\/et_pb_text][et_pb_text _builder_version=\u00bb4.27.4&#8243; _module_preset=\u00bbdefault\u00bb global_colors_info=\u00bb{}\u00bb]<\/p>\n<p>Con expertos de primer nivel que compartieron una nueva visi\u00f3n de la educaci\u00f3n tecnol\u00f3gica.<\/p>\n<p>[\/et_pb_text][\/et_pb_column][et_pb_column type=\u00bb1_3&#8243; module_class=\u00bbce40-dynamic-card\u00bb _builder_version=\u00bb4.27.4&#8243; _module_preset=\u00bbdefault\u00bb background_image=\u00bbhttps:\/\/www.juntadeandalucia.es/educacion/eaprendizaje\/wp-content\/uploads\/2026\/04\/bg-degradado.jpg\u00bb border_width_all=\u00bb1px\u00bb border_color_all=\u00bb#f4f4f4&#8243; global_colors_info=\u00bb{}\u00bb][et_pb_text module_class=\u00bbce40-h3&#8243; _builder_version=\u00bb4.27.4&#8243; _module_preset=\u00bbdefault\u00bb custom_margin=\u00bb||0px||false|false\u00bb custom_padding=\u00bb||0px||false|false\u00bb global_colors_info=\u00bb{}\u00bb]<\/p>\n<h3>12 Talleres Demostrativos y 4 Mesas Redondas<\/h3>\n<p>[\/et_pb_text][et_pb_text _builder_version=\u00bb4.27.4&#8243; _module_preset=\u00bbdefault\u00bb global_colors_info=\u00bb{}\u00bb]<\/p>\n<p>Formaci\u00f3n pr\u00e1ctica adaptada a tus necesidades.<\/p>\n<p>[\/et_pb_text][\/et_pb_column][et_pb_column type=\u00bb1_3&#8243; module_class=\u00bbce40-dynamic-card\u00bb _builder_version=\u00bb4.27.4&#8243; _module_preset=\u00bbdefault\u00bb background_image=\u00bbhttps:\/\/www.juntadeandalucia.es/educacion/eaprendizaje\/wp-content\/uploads\/2026\/04\/bg-degradado.jpg\u00bb border_width_all=\u00bb1px\u00bb border_color_all=\u00bb#f7f7f7&#8243; global_colors_info=\u00bb{}\u00bb][et_pb_text module_class=\u00bbce40-h3&#8243; _builder_version=\u00bb4.27.4&#8243; _module_preset=\u00bbdefault\u00bb custom_margin=\u00bb||0px||false|false\u00bb custom_padding=\u00bb||0px||false|false\u00bb global_colors_info=\u00bb{}\u00bb]<\/p>\n<h3>Zona expositiva<\/h3>\n<p>[\/et_pb_text][et_pb_text _builder_version=\u00bb4.27.4&#8243; _module_preset=\u00bbdefault\u00bb global_colors_info=\u00bb{}\u00bb]Se presentaron proyectos de referencia que est\u00e1n desarrollando los centros educativos y los dispositivos que en breve llegar\u00e1n a tu centro.[\/et_pb_text][\/et_pb_column][\/et_pb_row][\/et_pb_section][et_pb_section fb_built=\u00bb1&#8243; module_id=\u00bbcoordinadas\u00bb _builder_version=\u00bb4.27.4&#8243; _module_preset=\u00bbdefault\u00bb global_colors_info=\u00bb{}\u00bb][et_pb_row column_structure=\u00bb1_2,1_2&#8243; _builder_version=\u00bb4.27.4&#8243; _module_preset=\u00bbdefault\u00bb custom_margin=\u00bb||30px||false|false\u00bb global_colors_info=\u00bb{}\u00bb][et_pb_column type=\u00bb1_2&#8243; _builder_version=\u00bb4.27.4&#8243; _module_preset=\u00bbdefault\u00bb global_colors_info=\u00bb{}\u00bb][et_pb_text module_class=\u00bbce40-h2 ce40-block-title\u00bb _builder_version=\u00bb4.27.4&#8243; _module_preset=\u00bbdefault\u00bb custom_margin=\u00bb||0px||false|false\u00bb custom_padding=\u00bb||0px||false|false\u00bb global_colors_info=\u00bb{}\u00bb]<\/p>\n<h2>Coordenadas<\/h2>\n<p>[\/et_pb_text][et_pb_code module_class=\u00bbce40-body ce40-practical-list\u00bb _builder_version=\u00bb4.27.4&#8243; _module_preset=\u00bbdefault\u00bb global_colors_info=\u00bb{}\u00bb]<\/p>\n<ul><!-- [et_pb_line_break_holder] -->  <\/p>\n<li><strong>D\u00edas:<\/strong> Viernes 15 y s\u00e1bado 16 de mayo de 2026.<\/li>\n<p><!-- [et_pb_line_break_holder] -->  <\/p>\n<li><strong>Horario:<\/strong> Viernes, de 9:00 a 19:30 h | S\u00e1bado de 9:00 a 13:30 h. (El viernes nos centraremos en pensamiento computacional, programaci\u00f3n y rob\u00f3tica; el s\u00e1bado por la ma\u00f1ana ser\u00e1 el turno de la Inteligencia Artificial).<\/li>\n<p><!-- [et_pb_line_break_holder] -->  <\/p>\n<li><strong>Lugar:<\/strong> FIBES I, Sevilla. <a href=\"https:\/\/maps.app.goo.gl\/2cdRDeuUsjo8njjJ6\" target=\"_blank\">\u00bfC\u00f3mo llegar?<\/a> <\/li>\n<p><!-- [et_pb_line_break_holder] --><\/ul>\n<p>[\/et_pb_code][\/et_pb_column][et_pb_column type=\u00bb1_2&#8243; _builder_version=\u00bb4.27.4&#8243; _module_preset=\u00bbdefault\u00bb global_colors_info=\u00bb{}\u00bb][et_pb_image src=\u00bbhttps:\/\/www.juntadeandalucia.es/educacion/eaprendizaje\/wp-content\/uploads\/2026\/04\/fibes.png\u00bb title_text=\u00bbfibes\u00bb url=\u00bbhttps:\/\/maps.app.goo.gl\/waTcYLWtZ4D2PWPn8&#8243; url_new_window=\u00bbon\u00bb _builder_version=\u00bb4.27.4&#8243; _module_preset=\u00bbdefault\u00bb global_colors_info=\u00bb{}\u00bb][\/et_pb_image][\/et_pb_column][\/et_pb_row][et_pb_row _builder_version=\u00bb4.27.4&#8243; _module_preset=\u00bbdefault\u00bb global_colors_info=\u00bb{}\u00bb][et_pb_column type=\u00bb4_4&#8243; _builder_version=\u00bb4.27.4&#8243; _module_preset=\u00bbdefault\u00bb global_colors_info=\u00bb{}\u00bb][et_pb_text module_class=\u00bbce40-h2 ce40-closing-claim\u00bb _builder_version=\u00bb4.27.4&#8243; _module_preset=\u00bbdefault\u00bb global_colors_info=\u00bb{}\u00bb]<\/p>\n<h2>El Futuro comienza contigo<\/h2>\n<p>[\/et_pb_text][\/et_pb_column][\/et_pb_row][et_pb_row _builder_version=\u00bb4.27.4&#8243; _module_preset=\u00bbdefault\u00bb global_colors_info=\u00bb{}\u00bb][et_pb_column type=\u00bb4_4&#8243; _builder_version=\u00bb4.27.4&#8243; _module_preset=\u00bbdefault\u00bb global_colors_info=\u00bb{}\u00bb][et_pb_image src=\u00bbhttps:\/\/www.juntadeandalucia.es/educacion/eaprendizaje\/wp-content\/uploads\/2026\/04\/logo-junta-ministerio-1.png\u00bb title_text=\u00bblogo-junta-ministerio\u00bb align=\u00bbcenter\u00bb _builder_version=\u00bb4.27.4&#8243; _module_preset=\u00bbdefault\u00bb global_colors_info=\u00bb{}\u00bb][\/et_pb_image][\/et_pb_column][\/et_pb_row][\/et_pb_section][et_pb_section fb_built=\u00bb1&#8243; _builder_version=\u00bb4.27.4&#8243; _module_preset=\u00bbdefault\u00bb global_colors_info=\u00bb{}\u00bb][et_pb_row _builder_version=\u00bb4.27.4&#8243; _module_preset=\u00bbdefault\u00bb global_colors_info=\u00bb{}\u00bb][et_pb_column type=\u00bb4_4&#8243; _builder_version=\u00bb4.27.4&#8243; _module_preset=\u00bbdefault\u00bb global_colors_info=\u00bb{}\u00bb][et_pb_code _builder_version=\u00bb4.27.4&#8243; _module_preset=\u00bbdefault\u00bb global_colors_info=\u00bb{}\u00bb]<\/p>\n<style><!-- [et_pb_line_break_holder] -->.ce40-bio-data{<!-- [et_pb_line_break_holder] -->  display:none;<!-- [et_pb_line_break_holder] -->}<!-- [et_pb_line_break_holder] -->.ce40-modal{<!-- [et_pb_line_break_holder] -->  position: fixed;<!-- [et_pb_line_break_holder] -->  inset: 0;<!-- [et_pb_line_break_holder] -->  background: rgba(17, 16, 33, 0.72);<!-- [et_pb_line_break_holder] -->  display: none;<!-- [et_pb_line_break_holder] -->  align-items: center;<!-- [et_pb_line_break_holder] -->  justify-content: center;<!-- [et_pb_line_break_holder] -->  padding: 24px;<!-- [et_pb_line_break_holder] -->  z-index: 1000000 !important;<!-- [et_pb_line_break_holder] -->}<!-- [et_pb_line_break_holder] --><!-- [et_pb_line_break_holder] -->.ce40-modal.is-open{<!-- [et_pb_line_break_holder] -->  display: flex;<!-- [et_pb_line_break_holder] -->}<!-- [et_pb_line_break_holder] --><!-- [et_pb_line_break_holder] -->.ce40-modal-dialog{<!-- [et_pb_line_break_holder] -->  position: relative;<!-- [et_pb_line_break_holder] -->  width: min(920px, 100%);<!-- [et_pb_line_break_holder] -->  max-height: 90vh;<!-- [et_pb_line_break_holder] -->  background: #ffffff;<!-- [et_pb_line_break_holder] -->  overflow: hidden;<!-- [et_pb_line_break_holder] -->  box-shadow: 0 20px 60px rgba(0,0,0,0.25);<!-- [et_pb_line_break_holder] -->  z-index: 1000001 !important;<!-- [et_pb_line_break_holder] -->}<!-- [et_pb_line_break_holder] --><!-- [et_pb_line_break_holder] -->.ce40-modal-close{<!-- [et_pb_line_break_holder] -->  position:absolute;<!-- [et_pb_line_break_holder] -->  top:16px;<!-- [et_pb_line_break_holder] -->  right:16px;<!-- [et_pb_line_break_holder] -->  width:40px;<!-- [et_pb_line_break_holder] -->  height:40px;<!-- [et_pb_line_break_holder] -->  border:none;<!-- [et_pb_line_break_holder] -->  background:transparent;<!-- [et_pb_line_break_holder] -->  font-size:28px;<!-- [et_pb_line_break_holder] -->  line-height:1;<!-- [et_pb_line_break_holder] -->  cursor:pointer;<!-- [et_pb_line_break_holder] -->  z-index:2;<!-- [et_pb_line_break_holder] -->  color:#302b56;<!-- [et_pb_line_break_holder] -->}<!-- [et_pb_line_break_holder] --><!-- [et_pb_line_break_holder] -->.ce40-modal-body{<!-- [et_pb_line_break_holder] -->  overflow:auto;<!-- [et_pb_line_break_holder] -->  max-height:90vh;<!-- [et_pb_line_break_holder] -->  padding:42px 36px 36px;<!-- [et_pb_line_break_holder] -->}<!-- [et_pb_line_break_holder] --><!-- [et_pb_line_break_holder] -->.ce40-speaker-sheet{<!-- [et_pb_line_break_holder] -->  display:grid;<!-- [et_pb_line_break_holder] -->  grid-template-columns:220px 1fr;<!-- [et_pb_line_break_holder] -->  gap:28px;<!-- [et_pb_line_break_holder] -->  align-items:start;<!-- [et_pb_line_break_holder] -->}<!-- [et_pb_line_break_holder] --><!-- [et_pb_line_break_holder] -->.ce40-speaker-photo img{<!-- [et_pb_line_break_holder] -->  display:block;<!-- [et_pb_line_break_holder] -->  width:100%;<!-- [et_pb_line_break_holder] -->  height:auto;<!-- [et_pb_line_break_holder] -->}<!-- [et_pb_line_break_holder] --><!-- [et_pb_line_break_holder] -->.ce40-speaker-name{<!-- [et_pb_line_break_holder] -->  margin:0 0 8px;<!-- [et_pb_line_break_holder] -->  font-size:30px;<!-- [et_pb_line_break_holder] -->  line-height:1.1;<!-- [et_pb_line_break_holder] -->  color:#302b56;<!-- [et_pb_line_break_holder] -->}<!-- [et_pb_line_break_holder] --><!-- [et_pb_line_break_holder] -->.ce40-speaker-role{<!-- [et_pb_line_break_holder] -->  margin:0 0 4px;<!-- [et_pb_line_break_holder] -->  font-size:18px;<!-- [et_pb_line_break_holder] -->  font-weight:700;<!-- [et_pb_line_break_holder] -->  color:#302b56;<!-- [et_pb_line_break_holder] -->}<!-- [et_pb_line_break_holder] --><!-- [et_pb_line_break_holder] -->.ce40-speaker-org{<!-- [et_pb_line_break_holder] -->  margin:0 0 18px;<!-- [et_pb_line_break_holder] -->  font-size:16px;<!-- [et_pb_line_break_holder] -->  color:#5a5a6b;<!-- [et_pb_line_break_holder] -->}<!-- [et_pb_line_break_holder] --><!-- [et_pb_line_break_holder] -->.ce40-modal-body .ce40-speaker-bio p {<!-- [et_pb_line_break_holder] -->  font-size:15px;<!-- [et_pb_line_break_holder] -->  line-height:1.6;<!-- [et_pb_line_break_holder] -->  color:#222;<!-- [et_pb_line_break_holder] -->}<!-- [et_pb_line_break_holder] --><!-- [et_pb_line_break_holder] -->.ce40-speaker-bio p:last-child{<!-- [et_pb_line_break_holder] -->  margin-bottom:0;<!-- [et_pb_line_break_holder] -->}<!-- [et_pb_line_break_holder] --><!-- [et_pb_line_break_holder] -->.ce40-speaker-linkedin{<!-- [et_pb_line_break_holder] -->  margin-top:20px;<!-- [et_pb_line_break_holder] -->}<!-- [et_pb_line_break_holder] --><!-- [et_pb_line_break_holder] -->.ce40-speaker-linkedin a{<!-- [et_pb_line_break_holder] -->  color:#302b56;<!-- [et_pb_line_break_holder] -->  font-weight:700;<!-- [et_pb_line_break_holder] -->  text-decoration:none;<!-- [et_pb_line_break_holder] -->}<!-- [et_pb_line_break_holder] --><!-- [et_pb_line_break_holder] -->.ce40-speaker-linkedin a:hover{<!-- [et_pb_line_break_holder] -->  text-decoration:underline;<!-- [et_pb_line_break_holder] -->}<!-- [et_pb_line_break_holder] --><!-- [et_pb_line_break_holder] -->body.ce40-modal-open{<!-- [et_pb_line_break_holder] -->  overflow:hidden;<!-- [et_pb_line_break_holder] -->}<!-- [et_pb_line_break_holder] --><!-- [et_pb_line_break_holder] -->@media (max-width:767px){<!-- [et_pb_line_break_holder] -->  .ce40-modal{<!-- [et_pb_line_break_holder] -->    padding:0;<!-- [et_pb_line_break_holder] -->    align-items:flex-end;<!-- [et_pb_line_break_holder] -->  }<!-- [et_pb_line_break_holder] --><!-- [et_pb_line_break_holder] -->  .ce40-modal-dialog{<!-- [et_pb_line_break_holder] -->    width:100%;<!-- [et_pb_line_break_holder] -->    max-height:92vh;<!-- [et_pb_line_break_holder] -->  }<!-- [et_pb_line_break_holder] --><!-- [et_pb_line_break_holder] -->  .ce40-modal-body{<!-- [et_pb_line_break_holder] -->    padding:38px 20px 24px;<!-- [et_pb_line_break_holder] -->  }<!-- [et_pb_line_break_holder] --><!-- [et_pb_line_break_holder] -->  .ce40-speaker-sheet{<!-- [et_pb_line_break_holder] -->    grid-template-columns:1fr;<!-- [et_pb_line_break_holder] -->    gap:18px;<!-- [et_pb_line_break_holder] -->  }<!-- [et_pb_line_break_holder] --><!-- [et_pb_line_break_holder] -->  .ce40-speaker-photo{<!-- [et_pb_line_break_holder] -->    max-width:180px;<!-- [et_pb_line_break_holder] -->  }<!-- [et_pb_line_break_holder] --><!-- [et_pb_line_break_holder] -->  .ce40-speaker-name{<!-- [et_pb_line_break_holder] -->    font-size:24px;<!-- [et_pb_line_break_holder] -->  }<!-- [et_pb_line_break_holder] --><!-- [et_pb_line_break_holder] -->  .ce40-speaker-role{<!-- [et_pb_line_break_holder] -->    font-size:17px;<!-- [et_pb_line_break_holder] -->  }<!-- [et_pb_line_break_holder] --><!-- [et_pb_line_break_holder] -->  .ce40-speaker-bio{<!-- [et_pb_line_break_holder] -->    font-size:15px;<!-- [et_pb_line_break_holder] -->    line-height:1.6;<!-- [et_pb_line_break_holder] -->  }<!-- [et_pb_line_break_holder] -->}<!-- [et_pb_line_break_holder] --><\/style>\n<p><!-- [et_pb_line_break_holder] --><!-- [et_pb_line_break_holder] --><\/p>\n<div class=\"ce40-modal\" id=\"ce40BioModal\" aria-hidden=\"true\"><!-- [et_pb_line_break_holder] -->  <\/p>\n<div class=\"ce40-modal-dialog\" role=\"dialog\" aria-modal=\"true\" aria-labelledby=\"ce40BioModalTitle\"><!-- [et_pb_line_break_holder] -->    <button class=\"ce40-modal-close\" type=\"button\" aria-label=\"Cerrar\">\u00d7<\/button><!-- [et_pb_line_break_holder] -->    <\/p>\n<div class=\"ce40-modal-body\" id=\"ce40BioModalContent\"><\/div>\n<p><!-- [et_pb_line_break_holder] -->  <\/div>\n<p><!-- [et_pb_line_break_holder] --><\/div>\n<p><!-- [et_pb_line_break_holder] --><!-- [et_pb_line_break_holder] --><script><!-- [et_pb_line_break_holder] -->document.addEventListener('DOMContentLoaded', function () {<!-- [et_pb_line_break_holder] -->  const modal = document.getElementById('ce40BioModal');<!-- [et_pb_line_break_holder] --><!-- [et_pb_line_break_holder] -->  if (modal) {<!-- [et_pb_line_break_holder] -->    document.body.appendChild(modal);<!-- [et_pb_line_break_holder] -->  }<!-- [et_pb_line_break_holder] --><!-- [et_pb_line_break_holder] -->  const modalContent = document.getElementById('ce40BioModalContent');<!-- [et_pb_line_break_holder] -->  const closeBtn = modal.querySelector('.ce40-modal-close');<!-- [et_pb_line_break_holder] -->  const triggers = document.querySelectorAll('.ce40-open-bio');<!-- [et_pb_line_break_holder] --><!-- [et_pb_line_break_holder] -->  function openModal(targetId){<!-- [et_pb_line_break_holder] -->    const source = document.getElementById(targetId);<!-- [et_pb_line_break_holder] -->    if(!source) return;<!-- [et_pb_line_break_holder] --><!-- [et_pb_line_break_holder] -->    modalContent.innerHTML = source.innerHTML;<!-- [et_pb_line_break_holder] -->    modal.classList.add('is-open');<!-- [et_pb_line_break_holder] -->    modal.setAttribute('aria-hidden', 'false');<!-- [et_pb_line_break_holder] -->    document.body.classList.add('ce40-modal-open');<!-- [et_pb_line_break_holder] -->  }<!-- [et_pb_line_break_holder] --><!-- [et_pb_line_break_holder] -->  function closeModal(){<!-- [et_pb_line_break_holder] -->    modal.classList.remove('is-open');<!-- [et_pb_line_break_holder] -->    modal.setAttribute('aria-hidden', 'true');<!-- [et_pb_line_break_holder] -->    modalContent.innerHTML = '';<!-- [et_pb_line_break_holder] -->    document.body.classList.remove('ce40-modal-open');<!-- [et_pb_line_break_holder] -->  }<!-- [et_pb_line_break_holder] --><!-- [et_pb_line_break_holder] -->  triggers.forEach(function(trigger){<!-- [et_pb_line_break_holder] -->    trigger.addEventListener('click', function(e){<!-- [et_pb_line_break_holder] -->      e.preventDefault();<!-- [et_pb_line_break_holder] -->      const targetId = this.getAttribute('data-bio-id');<!-- [et_pb_line_break_holder] -->      openModal(targetId);<!-- [et_pb_line_break_holder] -->    });<!-- [et_pb_line_break_holder] -->  });<!-- [et_pb_line_break_holder] --><!-- [et_pb_line_break_holder] -->  closeBtn.addEventListener('click', closeModal);<!-- [et_pb_line_break_holder] --><!-- [et_pb_line_break_holder] -->  modal.addEventListener('click', function(e){<!-- [et_pb_line_break_holder] -->    if(e.target === modal){<!-- [et_pb_line_break_holder] -->      closeModal();<!-- [et_pb_line_break_holder] -->    }<!-- [et_pb_line_break_holder] -->  });<!-- [et_pb_line_break_holder] --><!-- [et_pb_line_break_holder] -->  document.addEventListener('keydown', function(e){<!-- [et_pb_line_break_holder] -->    if(e.key === 'Escape' && modal.classList.contains('is-open')){<!-- [et_pb_line_break_holder] -->      closeModal();<!-- [et_pb_line_break_holder] -->    }<!-- [et_pb_line_break_holder] -->  });<!-- [et_pb_line_break_holder] -->});<!-- [et_pb_line_break_holder] --><\/script>[\/et_pb_code][et_pb_code _builder_version=\u00bb4.27.4&#8243; _module_preset=\u00bbdefault\u00bb locked=\u00bboff\u00bb global_colors_info=\u00bb{}\u00bb]<script><!-- [et_pb_line_break_holder] -->document.addEventListener(\"DOMContentLoaded\", function() {<!-- [et_pb_line_break_holder] --><!-- [et_pb_line_break_holder] -->    const baseExtra = \"\/educacion\/eaprendizaje\";<!-- [et_pb_line_break_holder] --><!-- [et_pb_line_break_holder] -->    const images = document.querySelectorAll('.ce40-speaker-photo img');<!-- [et_pb_line_break_holder] --><!-- [et_pb_line_break_holder] -->    images.forEach(img => {<!-- [et_pb_line_break_holder] -->        let src = img.getAttribute('src');<!-- [et_pb_line_break_holder] -->        if (!src) return;<!-- [et_pb_line_break_holder] --><!-- [et_pb_line_break_holder] --><!-- [et_pb_line_break_holder] --><!-- [et_pb_line_break_holder] -->        if (src.includes('..\/')) {<!-- [et_pb_line_break_holder] -->            src = src.replace(\/\\.\\.\\\/\/g, ''); <!-- [et_pb_line_break_holder] -->            if (!src.startsWith('\/')) {<!-- [et_pb_line_break_holder] -->                src = '\/' + src; <!-- [et_pb_line_break_holder] -->            }<!-- [et_pb_line_break_holder] -->        }<!-- [et_pb_line_break_holder] --><!-- [et_pb_line_break_holder] --><!-- [et_pb_line_break_holder] -->        if (!src.startsWith('\/wp-content')) return;<!-- [et_pb_line_break_holder] --><!-- [et_pb_line_break_holder] -->        if (window.location.hostname.includes(\"www.juntadeandalucia.es\")) {<!-- [et_pb_line_break_holder] -->            img.src = baseExtra + src;<!-- [et_pb_line_break_holder] -->        } <!-- [et_pb_line_break_holder] --><!-- [et_pb_line_break_holder] -->        else {<!-- [et_pb_line_break_holder] -->            img.src = src;<!-- [et_pb_line_break_holder] -->        }<!-- [et_pb_line_break_holder] -->    });<!-- [et_pb_line_break_holder] -->});<!-- [et_pb_line_break_holder] --><\/script><!-- [et_pb_line_break_holder] -->[\/et_pb_code][\/et_pb_column][\/et_pb_row][\/et_pb_section]<\/p>\n","protected":false},"excerpt":{"rendered":"<p>IV Congreso de Innovaci\u00f3n EducativaDescubrimos c\u00f3mo integrar el pensamiento computacional, la programaci\u00f3n y la rob\u00f3tica de forma pr\u00e1ctica, cercana y did\u00e1ctica en el aulaFue dirigido al profesorado de centros sostenidos con fondos p\u00fablicos que imparten ense\u00f1anzas de segundo ciclo de Ed. Infantil, Ed. Primaria y\/o Ed. Secundaria Obligatoria.CTRL + ALT + FUTUROProgramando la nueva educaci\u00f3nEl [&hellip;]<\/p>\n","protected":false},"author":4,"featured_media":0,"parent":8317,"menu_order":0,"comment_status":"closed","ping_status":"closed","template":"","meta":{"_et_pb_use_builder":"on","_et_pb_old_content":"","_et_gb_content_width":"","footnotes":""},"class_list":["post-6","page","type-page","status-publish","hentry"],"yoast_head":"<!-- This site is optimized with the Yoast SEO plugin v24.4 - https:\/\/yoast.com\/wordpress\/plugins\/seo\/ -->\n<title>Congreso C\u00f3digo Escuela 4.0 - eAprendizaje<\/title>\n<meta name=\"robots\" content=\"index, follow, max-snippet:-1, max-image-preview:large, max-video-preview:-1\" \/>\n<link rel=\"canonical\" href=\"https:\/\/www.juntadeandalucia.es/educacion/eaprendizaje\/impulsocd\/pct-codigo-escuela-4-0\/congreso-codigo-escuela-4-0\/\" \/>\n<meta property=\"og:locale\" content=\"es_ES\" \/>\n<meta property=\"og:type\" content=\"article\" \/>\n<meta property=\"og:title\" content=\"Congreso C\u00f3digo Escuela 4.0 - eAprendizaje\" \/>\n<meta property=\"og:description\" content=\"IV Congreso de Innovaci\u00f3n EducativaDescubrimos c\u00f3mo integrar el pensamiento computacional, la programaci\u00f3n y la rob\u00f3tica de forma pr\u00e1ctica, cercana y did\u00e1ctica en el aulaFue dirigido al profesorado de centros sostenidos con fondos p\u00fablicos que imparten ense\u00f1anzas de segundo ciclo de Ed. Infantil, Ed. Primaria y\/o Ed. Secundaria Obligatoria.CTRL + ALT + FUTUROProgramando la nueva educaci\u00f3nEl [&hellip;]\" \/>\n<meta property=\"og:url\" content=\"https:\/\/www.juntadeandalucia.es/educacion/eaprendizaje\/impulsocd\/pct-codigo-escuela-4-0\/congreso-codigo-escuela-4-0\/\" \/>\n<meta property=\"og:site_name\" content=\"eAprendizaje\" \/>\n<meta property=\"article:modified_time\" content=\"2026-06-12T12:12:36+00:00\" \/>\n<meta name=\"twitter:card\" content=\"summary_large_image\" \/>\n<meta name=\"twitter:label1\" content=\"Tiempo de lectura\" \/>\n\t<meta name=\"twitter:data1\" content=\"26 minutos\" \/>\n<script type=\"application\/ld+json\" class=\"yoast-schema-graph\">{\"@context\":\"https:\/\/schema.org\",\"@graph\":[{\"@type\":\"WebPage\",\"@id\":\"https:\/\/www.juntadeandalucia.es/educacion/eaprendizaje\/impulsocd\/pct-codigo-escuela-4-0\/congreso-codigo-escuela-4-0\/\",\"url\":\"https:\/\/www.juntadeandalucia.es/educacion/eaprendizaje\/impulsocd\/pct-codigo-escuela-4-0\/congreso-codigo-escuela-4-0\/\",\"name\":\"Congreso C\u00f3digo Escuela 4.0 - eAprendizaje\",\"isPartOf\":{\"@id\":\"https:\/\/www.juntadeandalucia.es/educacion/eaprendizaje\/#website\"},\"datePublished\":\"2026-04-08T17:27:42+00:00\",\"dateModified\":\"2026-06-12T12:12:36+00:00\",\"breadcrumb\":{\"@id\":\"https:\/\/www.juntadeandalucia.es/educacion/eaprendizaje\/impulsocd\/pct-codigo-escuela-4-0\/congreso-codigo-escuela-4-0\/#breadcrumb\"},\"inLanguage\":\"es\",\"potentialAction\":[{\"@type\":\"ReadAction\",\"target\":[\"https:\/\/www.juntadeandalucia.es/educacion/eaprendizaje\/impulsocd\/pct-codigo-escuela-4-0\/congreso-codigo-escuela-4-0\/\"]}]},{\"@type\":\"BreadcrumbList\",\"@id\":\"https:\/\/www.juntadeandalucia.es/educacion/eaprendizaje\/impulsocd\/pct-codigo-escuela-4-0\/congreso-codigo-escuela-4-0\/#breadcrumb\",\"itemListElement\":[{\"@type\":\"ListItem\",\"position\":1,\"name\":\"Inicio\",\"item\":\"https:\/\/www.juntadeandalucia.es/educacion/eaprendizaje\/\"},{\"@type\":\"ListItem\",\"position\":2,\"name\":\"Digitalizaci\u00f3n e Inteligencia Artificial\",\"item\":\"https:\/\/www.juntadeandalucia.es/educacion/eaprendizaje\/impulsocd\/\"},{\"@type\":\"ListItem\",\"position\":3,\"name\":\"PCT C\u00f3digo Escuela 4.0\",\"item\":\"https:\/\/www.juntadeandalucia.es/educacion/eaprendizaje\/impulsocd\/pct-codigo-escuela-4-0\/\"},{\"@type\":\"ListItem\",\"position\":4,\"name\":\"Congreso C\u00f3digo Escuela 4.0\"}]},{\"@type\":\"WebSite\",\"@id\":\"https:\/\/www.juntadeandalucia.es/educacion/eaprendizaje\/#website\",\"url\":\"https:\/\/www.juntadeandalucia.es/educacion/eaprendizaje\/\",\"name\":\"eAprendizaje\",\"description\":\"Punto de encuentro de la Comunidad Educativa\",\"potentialAction\":[{\"@type\":\"SearchAction\",\"target\":{\"@type\":\"EntryPoint\",\"urlTemplate\":\"https:\/\/www.juntadeandalucia.es/educacion/eaprendizaje\/?s={search_term_string}\"},\"query-input\":{\"@type\":\"PropertyValueSpecification\",\"valueRequired\":true,\"valueName\":\"search_term_string\"}}],\"inLanguage\":\"es\"}]}<\/script>\n<!-- \/ Yoast SEO plugin. -->","yoast_head_json":{"title":"Congreso C\u00f3digo Escuela 4.0 - eAprendizaje","robots":{"index":"index","follow":"follow","max-snippet":"max-snippet:-1","max-image-preview":"max-image-preview:large","max-video-preview":"max-video-preview:-1"},"canonical":"https:\/\/www.juntadeandalucia.es/educacion/eaprendizaje\/impulsocd\/pct-codigo-escuela-4-0\/congreso-codigo-escuela-4-0\/","og_locale":"es_ES","og_type":"article","og_title":"Congreso C\u00f3digo Escuela 4.0 - eAprendizaje","og_description":"IV Congreso de Innovaci\u00f3n EducativaDescubrimos c\u00f3mo integrar el pensamiento computacional, la programaci\u00f3n y la rob\u00f3tica de forma pr\u00e1ctica, cercana y did\u00e1ctica en el aulaFue dirigido al profesorado de centros sostenidos con fondos p\u00fablicos que imparten ense\u00f1anzas de segundo ciclo de Ed. Infantil, Ed. Primaria y\/o Ed. Secundaria Obligatoria.CTRL + ALT + FUTUROProgramando la nueva educaci\u00f3nEl [&hellip;]","og_url":"https:\/\/www.juntadeandalucia.es/educacion/eaprendizaje\/impulsocd\/pct-codigo-escuela-4-0\/congreso-codigo-escuela-4-0\/","og_site_name":"eAprendizaje","article_modified_time":"2026-06-12T12:12:36+00:00","twitter_card":"summary_large_image","twitter_misc":{"Tiempo de lectura":"26 minutos"},"schema":{"@context":"https:\/\/schema.org","@graph":[{"@type":"WebPage","@id":"https:\/\/www.juntadeandalucia.es/educacion/eaprendizaje\/impulsocd\/pct-codigo-escuela-4-0\/congreso-codigo-escuela-4-0\/","url":"https:\/\/www.juntadeandalucia.es/educacion/eaprendizaje\/impulsocd\/pct-codigo-escuela-4-0\/congreso-codigo-escuela-4-0\/","name":"Congreso C\u00f3digo Escuela 4.0 - eAprendizaje","isPartOf":{"@id":"https:\/\/www.juntadeandalucia.es/educacion/eaprendizaje\/#website"},"datePublished":"2026-04-08T17:27:42+00:00","dateModified":"2026-06-12T12:12:36+00:00","breadcrumb":{"@id":"https:\/\/www.juntadeandalucia.es/educacion/eaprendizaje\/impulsocd\/pct-codigo-escuela-4-0\/congreso-codigo-escuela-4-0\/#breadcrumb"},"inLanguage":"es","potentialAction":[{"@type":"ReadAction","target":["https:\/\/www.juntadeandalucia.es/educacion/eaprendizaje\/impulsocd\/pct-codigo-escuela-4-0\/congreso-codigo-escuela-4-0\/"]}]},{"@type":"BreadcrumbList","@id":"https:\/\/www.juntadeandalucia.es/educacion/eaprendizaje\/impulsocd\/pct-codigo-escuela-4-0\/congreso-codigo-escuela-4-0\/#breadcrumb","itemListElement":[{"@type":"ListItem","position":1,"name":"Inicio","item":"https:\/\/www.juntadeandalucia.es/educacion/eaprendizaje\/"},{"@type":"ListItem","position":2,"name":"Digitalizaci\u00f3n e Inteligencia Artificial","item":"https:\/\/www.juntadeandalucia.es/educacion/eaprendizaje\/impulsocd\/"},{"@type":"ListItem","position":3,"name":"PCT C\u00f3digo Escuela 4.0","item":"https:\/\/www.juntadeandalucia.es/educacion/eaprendizaje\/impulsocd\/pct-codigo-escuela-4-0\/"},{"@type":"ListItem","position":4,"name":"Congreso C\u00f3digo Escuela 4.0"}]},{"@type":"WebSite","@id":"https:\/\/www.juntadeandalucia.es/educacion/eaprendizaje\/#website","url":"https:\/\/www.juntadeandalucia.es/educacion/eaprendizaje\/","name":"eAprendizaje","description":"Punto de encuentro de la Comunidad Educativa","potentialAction":[{"@type":"SearchAction","target":{"@type":"EntryPoint","urlTemplate":"https:\/\/www.juntadeandalucia.es/educacion/eaprendizaje\/?s={search_term_string}"},"query-input":{"@type":"PropertyValueSpecification","valueRequired":true,"valueName":"search_term_string"}}],"inLanguage":"es"}]}},"_links":{"self":[{"href":"https:\/\/www.juntadeandalucia.es/educacion/eaprendizaje\/wp-json\/wp\/v2\/pages\/6","targetHints":{"allow":["GET"]}}],"collection":[{"href":"https:\/\/www.juntadeandalucia.es/educacion/eaprendizaje\/wp-json\/wp\/v2\/pages"}],"about":[{"href":"https:\/\/www.juntadeandalucia.es/educacion/eaprendizaje\/wp-json\/wp\/v2\/types\/page"}],"author":[{"embeddable":true,"href":"https:\/\/www.juntadeandalucia.es/educacion/eaprendizaje\/wp-json\/wp\/v2\/users\/4"}],"replies":[{"embeddable":true,"href":"https:\/\/www.juntadeandalucia.es/educacion/eaprendizaje\/wp-json\/wp\/v2\/comments?post=6"}],"version-history":[{"count":33,"href":"https:\/\/www.juntadeandalucia.es/educacion/eaprendizaje\/wp-json\/wp\/v2\/pages\/6\/revisions"}],"predecessor-version":[{"id":12389,"href":"https:\/\/www.juntadeandalucia.es/educacion/eaprendizaje\/wp-json\/wp\/v2\/pages\/6\/revisions\/12389"}],"up":[{"embeddable":true,"href":"https:\/\/www.juntadeandalucia.es/educacion/eaprendizaje\/wp-json\/wp\/v2\/pages\/8317"}],"wp:attachment":[{"href":"https:\/\/www.juntadeandalucia.es/educacion/eaprendizaje\/wp-json\/wp\/v2\/media?parent=6"}],"curies":[{"name":"wp","href":"https:\/\/api.w.org\/{rel}","templated":true}]}}