{"id":6162,"date":"2024-09-19T11:08:08","date_gmt":"2024-09-19T11:08:08","guid":{"rendered":"https:\/\/www.juntadeandalucia.es/educacion/eaprendizaje\/?page_id=6162"},"modified":"2025-12-11T13:33:18","modified_gmt":"2025-12-11T13:33:18","slug":"aulas-verdes-abiertas","status":"publish","type":"page","link":"https:\/\/www.juntadeandalucia.es/educacion/eaprendizaje\/aulas-verdes-abiertas\/","title":{"rendered":"Aulas Verdes Abiertas curso 25\/26"},"content":{"rendered":"<p>[et_pb_section fb_built=\u00bb1&#8243; _builder_version=\u00bb4.16&#8243; global_colors_info=\u00bb{}\u00bb][et_pb_row use_custom_gutter=\u00bbon\u00bb gutter_width=\u00bb2&#8243; _builder_version=\u00bb4.16&#8243; background_color=\u00bb#f3f3f3&#8243; width=\u00bb100%\u00bb max_width=\u00bb2560px\u00bb custom_padding=\u00bb0px|2%|0px|2%\u00bb z_index_tablet=\u00bb500&#8243; box_shadow_horizontal_tablet=\u00bb0px\u00bb box_shadow_vertical_tablet=\u00bb0px\u00bb box_shadow_blur_tablet=\u00bb40px\u00bb box_shadow_spread_tablet=\u00bb0px\u00bb global_colors_info=\u00bb{}\u00bb][et_pb_column type=\u00bb4_4&#8243; _builder_version=\u00bb4.16&#8243; custom_padding=\u00bb|||\u00bb global_colors_info=\u00bb{}\u00bb custom_padding__hover=\u00bb|||\u00bb][et_pb_code _builder_version=\u00bb4.27.4&#8243; z_index_tablet=\u00bb500&#8243; global_colors_info=\u00bb{}\u00bb]<\/p>\n<div class=\"ea_pag_sd_cabecera_img\"><!-- [et_pb_line_break_holder] --> <a href=\"https:\/\/www.juntadeandalucia.es/educacion/eaprendizaje\" rel=\"noopener noreferrer\" class=\"cubo_cima\" ><!-- [et_pb_line_break_holder] -->         <img decoding=\"async\" title=\"Logo Consejer\u00eda\" src=\"https:\/\/www.juntadeandalucia.es/educacion/eaprendizaje\/wp-content\/uploads\/2025\/09\/Logo-consejeria-cabecera-2.png\" >     <\/a>  <!-- [et_pb_line_break_holder] --><\/div>\n<p><!-- [et_pb_line_break_holder] --><\/p>\n<div class=\"ea_pag_sd_cabecera_txt\"><!-- [et_pb_line_break_holder] -->    <\/p>\n<h2>Programas Educativos<\/h2>\n<p><!-- [et_pb_line_break_holder] -->  <\/p>\n<h1>Proyecto Aulas Verdes Abiertas <\/h1>\n<p><!-- [et_pb_line_break_holder] --><a href=\"https:\/\/www.juntadeandalucia.es/educacion/eaprendizaje\/programas-educativos\/\" rel=\"noopener noreferrer\"><!-- [et_pb_line_break_holder] -->        <button type=\"button\" class=\"ea_pag_btn\">Inicio<\/button><!-- [et_pb_line_break_holder] -->    <\/a>  <!-- [et_pb_line_break_holder] --><\/div>\n<p>[\/et_pb_code][\/et_pb_column][\/et_pb_row][\/et_pb_section][et_pb_section fb_built=\u00bb1&#8243; _builder_version=\u00bb4.16&#8243; global_colors_info=\u00bb{}\u00bb][et_pb_row column_structure=\u00bb1_4,3_4&#8243; _builder_version=\u00bb4.27.4&#8243; max_width=\u00bb1920px\u00bb custom_margin=\u00bb|0px|0px|50px|false|false\u00bb custom_padding=\u00bb|0px|0px|50px|false|false\u00bb z_index_tablet=\u00bb500&#8243; box_shadow_horizontal_tablet=\u00bb0px\u00bb box_shadow_vertical_tablet=\u00bb0px\u00bb box_shadow_blur_tablet=\u00bb40px\u00bb box_shadow_spread_tablet=\u00bb0px\u00bb global_colors_info=\u00bb{}\u00bb][et_pb_column type=\u00bb1_4&#8243; _builder_version=\u00bb4.16&#8243; custom_padding=\u00bb|||\u00bb global_colors_info=\u00bb{}\u00bb custom_padding__hover=\u00bb|||\u00bb][et_pb_image src=\u00bbhttps:\/\/www.juntadeandalucia.es/educacion/eaprendizaje\/wp-content\/uploads\/2025\/09\/AVA-LOGO.png\u00bb title_text=\u00bbAVA LOGO\u00bb _builder_version=\u00bb4.27.4&#8243; _module_preset=\u00bbdefault\u00bb global_colors_info=\u00bb{}\u00bb][\/et_pb_image][\/et_pb_column][et_pb_column type=\u00bb3_4&#8243; _builder_version=\u00bb4.16&#8243; custom_padding=\u00bb|||\u00bb global_colors_info=\u00bb{}\u00bb custom_padding__hover=\u00bb|||\u00bb][et_pb_text module_class=\u00bbcima_text\u00bb _builder_version=\u00bb4.27.4&#8243; header_3_font_size=\u00bb2em\u00bb background_layout=\u00bbdark\u00bb hover_enabled=\u00bb0&#8243; z_index_tablet=\u00bb500&#8243; text_text_shadow_horizontal_length_tablet=\u00bb0px\u00bb text_text_shadow_vertical_length_tablet=\u00bb0px\u00bb text_text_shadow_blur_strength_tablet=\u00bb1px\u00bb link_text_shadow_horizontal_length_tablet=\u00bb0px\u00bb link_text_shadow_vertical_length_tablet=\u00bb0px\u00bb link_text_shadow_blur_strength_tablet=\u00bb1px\u00bb ul_text_shadow_horizontal_length_tablet=\u00bb0px\u00bb ul_text_shadow_vertical_length_tablet=\u00bb0px\u00bb ul_text_shadow_blur_strength_tablet=\u00bb1px\u00bb ol_text_shadow_horizontal_length_tablet=\u00bb0px\u00bb ol_text_shadow_vertical_length_tablet=\u00bb0px\u00bb ol_text_shadow_blur_strength_tablet=\u00bb1px\u00bb quote_text_shadow_horizontal_length_tablet=\u00bb0px\u00bb quote_text_shadow_vertical_length_tablet=\u00bb0px\u00bb quote_text_shadow_blur_strength_tablet=\u00bb1px\u00bb header_text_shadow_horizontal_length_tablet=\u00bb0px\u00bb header_text_shadow_vertical_length_tablet=\u00bb0px\u00bb header_text_shadow_blur_strength_tablet=\u00bb1px\u00bb header_2_text_shadow_horizontal_length_tablet=\u00bb0px\u00bb header_2_text_shadow_vertical_length_tablet=\u00bb0px\u00bb header_2_text_shadow_blur_strength_tablet=\u00bb1px\u00bb header_3_text_shadow_horizontal_length_tablet=\u00bb0px\u00bb header_3_text_shadow_vertical_length_tablet=\u00bb0px\u00bb header_3_text_shadow_blur_strength_tablet=\u00bb1px\u00bb header_4_text_shadow_horizontal_length_tablet=\u00bb0px\u00bb header_4_text_shadow_vertical_length_tablet=\u00bb0px\u00bb header_4_text_shadow_blur_strength_tablet=\u00bb1px\u00bb header_5_text_shadow_horizontal_length_tablet=\u00bb0px\u00bb header_5_text_shadow_vertical_length_tablet=\u00bb0px\u00bb header_5_text_shadow_blur_strength_tablet=\u00bb1px\u00bb header_6_text_shadow_horizontal_length_tablet=\u00bb0px\u00bb header_6_text_shadow_vertical_length_tablet=\u00bb0px\u00bb header_6_text_shadow_blur_strength_tablet=\u00bb1px\u00bb box_shadow_horizontal_tablet=\u00bb0px\u00bb box_shadow_vertical_tablet=\u00bb0px\u00bb box_shadow_blur_tablet=\u00bb40px\u00bb box_shadow_spread_tablet=\u00bb0px\u00bb global_colors_info=\u00bb{}\u00bb sticky_enabled=\u00bb0&#8243;]<\/p>\n<p class=\"cvGsUA direction-ltr align-justify para-style-body\"><span class=\"a_GcMg font-feature-liga-off font-feature-clig-off font-feature-calt-off text-decoration-none text-strikethrough-none\">El Proyecto Aulas Verdes Abiertas es una iniciativa educativa para <\/span><span class=\"a_GcMg font-feature-liga-off font-feature-clig-off font-feature-calt-off text-decoration-none text-strikethrough-none\">redise\u00f1ar y renaturalizar los espacios exteriores de los centros<\/span><span class=\"a_GcMg font-feature-liga-off font-feature-clig-off font-feature-calt-off text-decoration-none text-strikethrough-none\">, convirti\u00e9ndolos en entornos de aprendizaje sostenibles, saludables y vers\u00e1tiles. <\/span><\/p>\n<p class=\"cvGsUA direction-ltr align-justify para-style-body\"><span class=\"a_GcMg font-feature-liga-off font-feature-clig-off font-feature-calt-off text-decoration-none text-strikethrough-none\">Se ofrece asesoramiento t\u00e9cnico, formaci\u00f3n docente y dotaci\u00f3n econ\u00f3mica para adaptar los espacios con plantaciones, mobiliario natural, huertos, p\u00e9rgolas y zonas de sombra.<\/span><\/p>\n<p><span class=\"OYPEnA font-feature-liga-off font-feature-clig-off font-feature-calt-off text-decoration-none text-strikethrough-none\">Los centros educativos destinatarios que deseen participar en el Proyecto Aulas Verdes Abiertas cumplimentar\u00e1n, del <strong>1 al 30 de septiembre<\/strong> de 2025, desde el perfil de \u201cDirecci\u00f3n\u201d, el apartado correspondiente que se habilitar\u00e1 a tal efecto en el Sistema de Informaci\u00f3n S\u00e9neca, dentro del formulario de solicitud del Programa, siguiendo la siguiente ruta: Centro &gt; Planes y Programas Educativos &gt; Convocatoria espec\u00edfica &gt; Proyecto Aulas Verdes Abiertas.<\/span><\/p>\n<p>En la solicitud se incluir\u00e1:<\/p>\n<ul>\n<li>Compromiso del claustro para promover el aprovechamiento pedag\u00f3gico de los espacios exteriores en base a la finalidad de la convocatoria seg\u00fan Anexo I.<\/li>\n<li>Proyecto Aulas Verdes Abiertas, seg\u00fan lo recogido en la convocatoria y conforme al Anexo II.<\/li>\n<\/ul>\n<p>En la solicitud se designar\u00e1\u00a0un\/a coordinador\/a del proyecto (nombre, correo, tel\u00e9fono de contacto). Consulte el tutorial de solicitud en\u00a0<a href=\"https:\/\/www.juntadeandalucia.es/educacion/eaprendizaje\/wp-content\/uploads\/2025\/09\/TUTORIAL_SOLICITUD.pdf\" target=\"_blank\" rel=\"noopener\">pdf<\/a>\u00a0y\u00a0<a href=\"https:\/\/www.youtube.com\/watch?v=bN2H1U_OSV8\" target=\"_blank\" rel=\"noopener\">v\u00eddeo<\/a> para conocer los pasos a seguir en el Sistema de Informaci\u00f3n S\u00e9neca y la resoluci\u00f3n de convocatoria para ampliar la informaci\u00f3n.<\/p>\n<p>[\/et_pb_text][\/et_pb_column][\/et_pb_row][et_pb_row _builder_version=\u00bb4.27.4&#8243; _module_preset=\u00bbdefault\u00bb global_colors_info=\u00bb{}\u00bb][et_pb_column type=\u00bb4_4&#8243; _builder_version=\u00bb4.27.4&#8243; _module_preset=\u00bbdefault\u00bb global_colors_info=\u00bb{}\u00bb][et_pb_text _builder_version=\u00bb4.27.4&#8243; _module_preset=\u00bbdefault\u00bb global_colors_info=\u00bb{}\u00bb][\/et_pb_text][\/et_pb_column][\/et_pb_row][et_pb_row _builder_version=\u00bb4.27.4&#8243; max_width=\u00bb1920px\u00bb custom_margin=\u00bb|-451px||100px|false|false\u00bb custom_padding=\u00bb|0px||14px|false|false\u00bb z_index_tablet=\u00bb500&#8243; box_shadow_horizontal_tablet=\u00bb0px\u00bb box_shadow_vertical_tablet=\u00bb0px\u00bb box_shadow_blur_tablet=\u00bb40px\u00bb box_shadow_spread_tablet=\u00bb0px\u00bb global_colors_info=\u00bb{}\u00bb][et_pb_column type=\u00bb4_4&#8243; _builder_version=\u00bb4.16&#8243; custom_padding=\u00bb|||\u00bb global_colors_info=\u00bb{}\u00bb custom_padding__hover=\u00bb|||\u00bb][et_pb_text module_class=\u00bbcima_text\u00bb _builder_version=\u00bb4.27.4&#8243; header_3_font_size=\u00bb2em\u00bb background_layout=\u00bbdark\u00bb width=\u00bb100%\u00bb min_height=\u00bb666.5px\u00bb custom_margin=\u00bb-244px|26px|-275px|||\u00bb custom_padding=\u00bb43px||0px|||\u00bb hover_enabled=\u00bb0&#8243; z_index_tablet=\u00bb500&#8243; text_text_shadow_horizontal_length_tablet=\u00bb0px\u00bb text_text_shadow_vertical_length_tablet=\u00bb0px\u00bb text_text_shadow_blur_strength_tablet=\u00bb1px\u00bb link_text_shadow_horizontal_length_tablet=\u00bb0px\u00bb link_text_shadow_vertical_length_tablet=\u00bb0px\u00bb link_text_shadow_blur_strength_tablet=\u00bb1px\u00bb ul_text_shadow_horizontal_length_tablet=\u00bb0px\u00bb ul_text_shadow_vertical_length_tablet=\u00bb0px\u00bb ul_text_shadow_blur_strength_tablet=\u00bb1px\u00bb ol_text_shadow_horizontal_length_tablet=\u00bb0px\u00bb ol_text_shadow_vertical_length_tablet=\u00bb0px\u00bb ol_text_shadow_blur_strength_tablet=\u00bb1px\u00bb quote_text_shadow_horizontal_length_tablet=\u00bb0px\u00bb quote_text_shadow_vertical_length_tablet=\u00bb0px\u00bb quote_text_shadow_blur_strength_tablet=\u00bb1px\u00bb header_text_shadow_horizontal_length_tablet=\u00bb0px\u00bb header_text_shadow_vertical_length_tablet=\u00bb0px\u00bb header_text_shadow_blur_strength_tablet=\u00bb1px\u00bb header_2_text_shadow_horizontal_length_tablet=\u00bb0px\u00bb header_2_text_shadow_vertical_length_tablet=\u00bb0px\u00bb header_2_text_shadow_blur_strength_tablet=\u00bb1px\u00bb header_3_text_shadow_horizontal_length_tablet=\u00bb0px\u00bb header_3_text_shadow_vertical_length_tablet=\u00bb0px\u00bb header_3_text_shadow_blur_strength_tablet=\u00bb1px\u00bb header_4_text_shadow_horizontal_length_tablet=\u00bb0px\u00bb header_4_text_shadow_vertical_length_tablet=\u00bb0px\u00bb header_4_text_shadow_blur_strength_tablet=\u00bb1px\u00bb header_5_text_shadow_horizontal_length_tablet=\u00bb0px\u00bb header_5_text_shadow_vertical_length_tablet=\u00bb0px\u00bb header_5_text_shadow_blur_strength_tablet=\u00bb1px\u00bb header_6_text_shadow_horizontal_length_tablet=\u00bb0px\u00bb header_6_text_shadow_vertical_length_tablet=\u00bb0px\u00bb header_6_text_shadow_blur_strength_tablet=\u00bb1px\u00bb box_shadow_horizontal_tablet=\u00bb0px\u00bb box_shadow_vertical_tablet=\u00bb0px\u00bb box_shadow_blur_tablet=\u00bb40px\u00bb box_shadow_spread_tablet=\u00bb0px\u00bb global_colors_info=\u00bb{}\u00bb sticky_enabled=\u00bb0&#8243;]<\/p>\n<p>&nbsp;<\/p>\n<table style=\"width: 100.396%; border-collapse: collapse; border-style: hidden; height: 489px;\" border=\"0\">\n<tbody>\n<tr style=\"height: 382px;\">\n<td style=\"width: 102.225%; height: 382px;\">\n<p class=\"cvGsUA direction-ltr align-justify para-style-title\"><strong style=\"font-family: inherit; font-size: inherit;\">Enlaces de inter\u00e9s:<\/strong><\/p>\n<ul>\n<li><a href=\"https:\/\/www.juntadeandalucia.es\/educacion\/portales\/web\/educacion\/w\/resolucion-de-01-de-septiembre-de-2025-de-la-direccion-general-de-innovacion-y-formacion-del-profesorado-por-la-que-se-convoca-el-proyecto-aulas-verdes-abiertas-para-la-renaturalizacion-de-espacios-exteriores-y-su-aprovechamiento-pedagogico-en-el-marco-de\">Resoluci\u00f3n de 01 de septiembre de 2025, de la Direcci\u00f3n General de Innovaci\u00f3n y Formaci\u00f3n del Profesorado, por la que se convoca el proyecto \u00abAulas Verdes Abiertas\u00bb para la renaturalizaci\u00f3n de espacios exteriores y su aprovechamiento pedag\u00f3gico, en el marco del Programa ALDEA 2025\/2026 y 2026\/2027<\/a><\/li>\n<li><a href=\"https:\/\/www.juntadeandalucia.es\/educacion\/portales\/documents\/270701\/3169392\/Resoluci%C3%B3n%20definitiva%20Aulas%20Verdes%20Abiertas%202025-2026.pdf\/d5beb555-7b46-5822-cae1-cd3b86016b20?version=1.0\">Resoluci\u00f3n de la Direcci\u00f3n General de Innovaci\u00f3n y Formaci\u00f3n del Profesorado por la que se hace p\u00fablica la relaci\u00f3n definitiva de centros educativos seleccionados, centros en reserva y centros excluidos en la convocatoria para la participaci\u00f3n del Proyecto \u201cAulas Verdes Abiertas\u201d para la renaturalizaci\u00f3n de espacios exteriores y su aprovechamiento pedag\u00f3gico, en el marco del Programa Aldea 2025-2026 y 2026-2027<\/a><\/li>\n<li><a href=\"https:\/\/www.juntadeandalucia.es\/educacion\/portales\/documents\/270701\/3169392\/Admitidos%20definitivos%20Aulas%20Verdes%20Abiertas.pdf\/2823bb9d-1c02-f5db-cc5a-03cbaa1d13af?version=1.0\">Anexo I: Relaci\u00f3n definitiva de centros seleccionados y centros en reserva<\/a><\/li>\n<li><a href=\"https:\/\/www.juntadeandalucia.es\/educacion\/portales\/documents\/270701\/3169392\/Excluidos%20definitivos%20Aulas%20Verdes%20Abiertas.pdf\/d0aff256-7798-bd59-d697-bb67bec4a53d?version=1.0\">Anexo II: Relaci\u00f3n definitiva de centros excluidos y motivos de exclusi\u00f3n<\/a><\/li>\n<li><a href=\"https:\/\/www.juntadeandalucia.es\/educacion\/portales\/documents\/270701\/2467231\/Resolucio%C2%BFn%20conjunta%20Programas%20educativos(F).pdf\/99def908-24d5-2dd5-f657-3fab610867e6?version=1.1\" target=\"_blank\" rel=\"noopener\">Resoluci\u00f3n de 01 de septiembre de 2025, conjunta de la Direcci\u00f3n General De Innovaci\u00f3n y Formaci\u00f3n del Profesorado y de la Direcci\u00f3n General de Participaci\u00f3n e Inclusi\u00f3n Educativa, por la que articula la integraci\u00f3n y unificaci\u00f3n de los distintos Programas Educativos gestionados por ambas Direcciones, se establece el procedimiento de participaci\u00f3n en los mismos, as\u00ed como su organizaci\u00f3n y funcionamiento para el curso acad\u00e9mico 2025\/2026<\/a><\/li>\n<li><a href=\"https:\/\/www.juntadeandalucia.es/educacion/eaprendizaje\/wp-content\/uploads\/2025\/09\/TUTORIAL_SOLICITUD.pdf\" target=\"_blank\" rel=\"noopener\">Tutorial de solicitud en pdf<\/a>\u00a0<a href=\"https:\/\/www.youtube.com\/watch?v=bN2H1U_OSV8\" target=\"_blank\" rel=\"noopener\">y en v\u00eddeo.<\/a><\/li>\n<\/ul>\n<\/td>\n<td style=\"width: 5.03013%; height: 382px;\">\n<p>&nbsp;<\/p>\n<p style=\"text-align: center;\">\n<\/td>\n<\/tr>\n<\/tbody>\n<\/table>\n<p>[\/et_pb_text][\/et_pb_column][\/et_pb_row][et_pb_row _builder_version=\u00bb4.27.4&#8243; _module_preset=\u00bbdefault\u00bb global_colors_info=\u00bb{}\u00bb][et_pb_column type=\u00bb4_4&#8243; _builder_version=\u00bb4.27.4&#8243; _module_preset=\u00bbdefault\u00bb global_colors_info=\u00bb{}\u00bb][et_pb_text _builder_version=\u00bb4.27.4&#8243; _module_preset=\u00bbdefault\u00bb global_colors_info=\u00bb{}\u00bb][\/et_pb_text][\/et_pb_column][\/et_pb_row][et_pb_row disabled_on=\u00bbon|on|on\u00bb _builder_version=\u00bb4.27.4&#8243; max_width=\u00bb1920px\u00bb z_index_tablet=\u00bb500&#8243; box_shadow_horizontal_tablet=\u00bb0px\u00bb box_shadow_vertical_tablet=\u00bb0px\u00bb box_shadow_blur_tablet=\u00bb40px\u00bb box_shadow_spread_tablet=\u00bb0px\u00bb disabled=\u00bbon\u00bb global_colors_info=\u00bb{}\u00bb][et_pb_column type=\u00bb4_4&#8243; _builder_version=\u00bb4.16&#8243; custom_padding=\u00bb|||\u00bb global_colors_info=\u00bb{}\u00bb custom_padding__hover=\u00bb|||\u00bb][et_pb_text module_class=\u00bbcima_text\u00bb _builder_version=\u00bb4.27.4&#8243; header_3_font_size=\u00bb2em\u00bb background_layout=\u00bbdark\u00bb z_index_tablet=\u00bb500&#8243; text_text_shadow_horizontal_length_tablet=\u00bb0px\u00bb text_text_shadow_vertical_length_tablet=\u00bb0px\u00bb text_text_shadow_blur_strength_tablet=\u00bb1px\u00bb link_text_shadow_horizontal_length_tablet=\u00bb0px\u00bb link_text_shadow_vertical_length_tablet=\u00bb0px\u00bb link_text_shadow_blur_strength_tablet=\u00bb1px\u00bb ul_text_shadow_horizontal_length_tablet=\u00bb0px\u00bb ul_text_shadow_vertical_length_tablet=\u00bb0px\u00bb ul_text_shadow_blur_strength_tablet=\u00bb1px\u00bb ol_text_shadow_horizontal_length_tablet=\u00bb0px\u00bb ol_text_shadow_vertical_length_tablet=\u00bb0px\u00bb ol_text_shadow_blur_strength_tablet=\u00bb1px\u00bb quote_text_shadow_horizontal_length_tablet=\u00bb0px\u00bb quote_text_shadow_vertical_length_tablet=\u00bb0px\u00bb quote_text_shadow_blur_strength_tablet=\u00bb1px\u00bb header_text_shadow_horizontal_length_tablet=\u00bb0px\u00bb header_text_shadow_vertical_length_tablet=\u00bb0px\u00bb header_text_shadow_blur_strength_tablet=\u00bb1px\u00bb header_2_text_shadow_horizontal_length_tablet=\u00bb0px\u00bb header_2_text_shadow_vertical_length_tablet=\u00bb0px\u00bb header_2_text_shadow_blur_strength_tablet=\u00bb1px\u00bb header_3_text_shadow_horizontal_length_tablet=\u00bb0px\u00bb header_3_text_shadow_vertical_length_tablet=\u00bb0px\u00bb header_3_text_shadow_blur_strength_tablet=\u00bb1px\u00bb header_4_text_shadow_horizontal_length_tablet=\u00bb0px\u00bb header_4_text_shadow_vertical_length_tablet=\u00bb0px\u00bb header_4_text_shadow_blur_strength_tablet=\u00bb1px\u00bb header_5_text_shadow_horizontal_length_tablet=\u00bb0px\u00bb header_5_text_shadow_vertical_length_tablet=\u00bb0px\u00bb header_5_text_shadow_blur_strength_tablet=\u00bb1px\u00bb header_6_text_shadow_horizontal_length_tablet=\u00bb0px\u00bb header_6_text_shadow_vertical_length_tablet=\u00bb0px\u00bb header_6_text_shadow_blur_strength_tablet=\u00bb1px\u00bb box_shadow_horizontal_tablet=\u00bb0px\u00bb box_shadow_vertical_tablet=\u00bb0px\u00bb box_shadow_blur_tablet=\u00bb40px\u00bb box_shadow_spread_tablet=\u00bb0px\u00bb global_colors_info=\u00bb{}\u00bb]&nbsp;<\/p>\n<table style=\"width: 97.2992%; border-collapse: collapse; border-style: hidden; height: 382px;\" border=\"0\">\n<tbody>\n<tr style=\"height: 382px;\">\n<td style=\"width: 68.5671%; height: 382px;\">\n<p class=\"cvGsUA direction-ltr align-justify para-style-title\"><span class=\"OYPEnA font-feature-liga-off font-feature-clig-off font-feature-calt-off text-decoration-none text-strikethrough-none\">Los centros educativos destinatarios que deseen participar en el Proyecto Aulas Verdes Abiertas cumplimentar\u00e1n, del 1 al 30 de septiembre de 2025, desde el perfil de \u201cDirecci\u00f3n\u201d, el apartado correspondiente que se habilitar\u00e1 a tal efecto en el Sistema de Informaci\u00f3n S\u00e9neca, dentro del formulario de solicitud del Programa, siguiendo la siguiente ruta: Centro &gt; Planes y Programas Educativos &gt; Convocatoria espec\u00edfica &gt; Proyecto Aulas Verdes Abiertas.<br \/>\n<\/span><\/p>\n<p><span class=\"OYPEnA font-feature-liga-off font-feature-clig-off font-feature-calt-off text-decoration-none text-strikethrough-none\">En la solicitud se incluir\u00e1:<br \/>\n<\/span><\/p>\n<ul>\n<li><span class=\"OYPEnA font-feature-liga-off font-feature-clig-off font-feature-calt-off text-decoration-none text-strikethrough-none\">Compromiso del claustro para promover el aprovechamiento pedag\u00f3gico de los espacios exteriores<br \/>\nen base a la finalidad de la presente convocatoria seg\u00fan <a href=\"https:\/\/www.juntadeandalucia.es\/educacion\/portales\/documents\/270701\/2467231\/ANEXO%20I%20Convocatoria%2025-27.pdf\/b7ee5308-220f-0b38-bfa8-b2f81445a90d?version=1.0\">Anexo I<\/a>.<\/span><\/li>\n<li><span class=\"OYPEnA font-feature-liga-off font-feature-clig-off font-feature-calt-off text-decoration-none text-strikethrough-none\">Proyecto Aulas Verdes Abiertas, seg\u00fan lo recogido en el Resuelve Quinto y conforme al<a href=\"https:\/\/www.juntadeandalucia.es\/educacion\/portales\/documents\/270701\/2467231\/ANEXO%20II%20Convocatoria%2025-27.pdf\/5cdf0f94-9508-25c8-801f-5580274f7045?version=1.0\"> Anexo II<\/a> de<br \/>\nesta resoluci\u00f3n.<\/span><\/li>\n<\/ul>\n<p>En la solicitud se designar\u00e1<span class=\"a_GcMg font-feature-liga-off font-feature-clig-off font-feature-calt-off text-decoration-none text-strikethrough-none\">\u00a0un\/a <\/span><span class=\"a_GcMg font-feature-liga-off font-feature-clig-off font-feature-calt-off text-decoration-none text-strikethrough-none\">coordinador\/a del proyecto<\/span><span class=\"a_GcMg font-feature-liga-off font-feature-clig-off font-feature-calt-off text-decoration-none text-strikethrough-none\"> (nombre, correo, tel\u00e9fono de contacto). <\/span>Consulte el tutorial de solicitud <span style=\"font-family: inherit; font-size: inherit;\">para conocer los pasos a seguir en <span class=\"a_GcMg font-feature-liga-off font-feature-clig-off font-feature-calt-off text-decoration-none text-strikethrough-none\"> el Sistema de Informaci\u00f3n S\u00e9neca y la resoluci\u00f3n de convocatoria y gu\u00eda del Proyecto para ampliar la informaci\u00f3n.\u00a0<\/span><\/span><\/td>\n<td style=\"width: 31.4329%; height: 382px;\"><img loading=\"lazy\" decoding=\"async\" class=\"aligncenter wp-image-8240 \" src=\"https:\/\/www.juntadeandalucia.es/educacion/eaprendizaje\/wp-content\/uploads\/2025\/09\/Guia-AVA-724x1024-1.png\" alt=\"\" width=\"244\" height=\"346\" \/><\/p>\n<p style=\"text-align: center;\"><span class=\"x19la9d6 x1fc57z9 x6ikm8r x10wlt62 x19co3pv x1g5zs5t xfibh0p xiy17q3 x1xsqp64 x1lkfr7t xexx8yu xyri2b x18d9i69 x1c1uobl\"><span class=\"xrtxmta x1bhl96m\">\u2b07\ufe0f <\/span><\/span>Gu\u00eda Proyecto Aulas Verdes Abiertas<\/p>\n<\/td>\n<\/tr>\n<\/tbody>\n<\/table>\n<table style=\"width: 98.0293%; border-collapse: collapse; border-style: hidden; height: 125px;\" border=\"0\">\n<tbody>\n<tr style=\"height: 245px;\">\n<td style=\"width: 100%; height: 125px;\"><strong>Enlaces de inter\u00e9s:<\/strong><\/p>\n<p><strong>Enlaces de inter\u00e9s:<\/strong><\/p>\n<ul>\n<li>Gu\u00eda Proyecto Aulas Verdes Abiertas<\/li>\n<li><a href=\"https:\/\/www.juntadeandalucia.es\/educacion\/portales\/web\/educacion\/w\/resolucion-de-01-de-septiembre-de-2025-de-la-direccion-general-de-innovacion-y-formacion-del-profesorado-por-la-que-se-convoca-el-proyecto-aulas-verdes-abiertas-para-la-renaturalizacion-de-espacios-exteriores-y-su-aprovechamiento-pedagogico-en-el-marco-de\">Resoluci\u00f3n de 01 de septiembre de 2025, de la Direcci\u00f3n General de Innovaci\u00f3n y Formaci\u00f3n del Profesorado, por la que se convoca el proyecto \u00abAulas Verdes Abiertas\u00bb para la renaturalizaci\u00f3n de espacios exteriores y su aprovechamiento pedag\u00f3gico, en el marco del Programa ALDEA 2025\/2026 y 2026\/2027<\/a><\/li>\n<li><a href=\"https:\/\/www.juntadeandalucia.es\/educacion\/portales\/documents\/270701\/2467231\/Resolucio%C2%BFn%20conjunta%20Programas%20educativos(F).pdf\/99def908-24d5-2dd5-f657-3fab610867e6?version=1.1\" target=\"_blank\" rel=\"noopener\">Resoluci\u00f3n de 01 de septiembre de 2025, conjunta de la Direcci\u00f3n General De Innovaci\u00f3n y Formaci\u00f3n del Profesorado y de la Direcci\u00f3n General de Participaci\u00f3n e Inclusi\u00f3n Educativa, por la que articula la integraci\u00f3n y unificaci\u00f3n de los distintos Programas Educativos gestionados por ambas Direcciones, se establece el procedimiento de participaci\u00f3n en los mismos, as\u00ed como su organizaci\u00f3n y funcionamiento para el curso acad\u00e9mico 2025\/2026<\/a><\/li>\n<li>Tutorial de solicitud<\/li>\n<\/ul>\n<\/td>\n<\/tr>\n<\/tbody>\n<\/table>\n<p>[\/et_pb_text][\/et_pb_column][\/et_pb_row][\/et_pb_section][et_pb_section fb_built=\u00bb1&#8243; _builder_version=\u00bb4.27.4&#8243; background_color=\u00bb#96deee\u00bb z_index_tablet=\u00bb500&#8243; box_shadow_horizontal_tablet=\u00bb0px\u00bb box_shadow_vertical_tablet=\u00bb0px\u00bb box_shadow_blur_tablet=\u00bb40px\u00bb box_shadow_spread_tablet=\u00bb0px\u00bb global_colors_info=\u00bb{}\u00bb][et_pb_row _builder_version=\u00bb4.16&#8243; width=\u00bb100%\u00bb custom_padding=\u00bb|0px||||\u00bb global_colors_info=\u00bb{}\u00bb][et_pb_column type=\u00bb4_4&#8243; _builder_version=\u00bb4.16&#8243; custom_padding=\u00bb|||\u00bb global_colors_info=\u00bb{}\u00bb custom_padding__hover=\u00bb|||\u00bb][et_pb_text _builder_version=\u00bb4.27.4&#8243; text_font_size=\u00bb7px\u00bb text_orientation=\u00bbcenter\u00bb custom_margin=\u00bb|-142px||-142px|false|true\u00bb custom_padding=\u00bb|||50px|false|false\u00bb z_index_tablet=\u00bb500&#8243; text_text_shadow_horizontal_length_tablet=\u00bb0px\u00bb text_text_shadow_vertical_length_tablet=\u00bb0px\u00bb text_text_shadow_blur_strength_tablet=\u00bb1px\u00bb link_text_shadow_horizontal_length_tablet=\u00bb0px\u00bb link_text_shadow_vertical_length_tablet=\u00bb0px\u00bb link_text_shadow_blur_strength_tablet=\u00bb1px\u00bb ul_text_shadow_horizontal_length_tablet=\u00bb0px\u00bb ul_text_shadow_vertical_length_tablet=\u00bb0px\u00bb ul_text_shadow_blur_strength_tablet=\u00bb1px\u00bb ol_text_shadow_horizontal_length_tablet=\u00bb0px\u00bb ol_text_shadow_vertical_length_tablet=\u00bb0px\u00bb ol_text_shadow_blur_strength_tablet=\u00bb1px\u00bb quote_text_shadow_horizontal_length_tablet=\u00bb0px\u00bb quote_text_shadow_vertical_length_tablet=\u00bb0px\u00bb quote_text_shadow_blur_strength_tablet=\u00bb1px\u00bb header_text_shadow_horizontal_length_tablet=\u00bb0px\u00bb header_text_shadow_vertical_length_tablet=\u00bb0px\u00bb header_text_shadow_blur_strength_tablet=\u00bb1px\u00bb header_2_text_shadow_horizontal_length_tablet=\u00bb0px\u00bb header_2_text_shadow_vertical_length_tablet=\u00bb0px\u00bb header_2_text_shadow_blur_strength_tablet=\u00bb1px\u00bb header_3_text_shadow_horizontal_length_tablet=\u00bb0px\u00bb header_3_text_shadow_vertical_length_tablet=\u00bb0px\u00bb header_3_text_shadow_blur_strength_tablet=\u00bb1px\u00bb header_4_text_shadow_horizontal_length_tablet=\u00bb0px\u00bb header_4_text_shadow_vertical_length_tablet=\u00bb0px\u00bb header_4_text_shadow_blur_strength_tablet=\u00bb1px\u00bb header_5_text_shadow_horizontal_length_tablet=\u00bb0px\u00bb header_5_text_shadow_vertical_length_tablet=\u00bb0px\u00bb header_5_text_shadow_blur_strength_tablet=\u00bb1px\u00bb header_6_text_shadow_horizontal_length_tablet=\u00bb0px\u00bb header_6_text_shadow_vertical_length_tablet=\u00bb0px\u00bb header_6_text_shadow_blur_strength_tablet=\u00bb1px\u00bb box_shadow_horizontal_tablet=\u00bb0px\u00bb box_shadow_vertical_tablet=\u00bb0px\u00bb box_shadow_blur_tablet=\u00bb40px\u00bb box_shadow_spread_tablet=\u00bb0px\u00bb text_text_align=\u00bbcenter\u00bb global_colors_info=\u00bb{}\u00bb]<\/p>\n<h2><span style=\"color: #005da8;\"><strong>Contacto<\/strong><\/span><\/h2>\n<h4><span style=\"color: #000000;\">Para cuestiones relacionadas con la gesti\u00f3n de los Planes y Programas Educativos puede dirigirse al correo: <a href=\"mailto:programaseducativos.cdefp@juntadeandalucia.es\">programaseducativos.cdefp@juntadeandalucia.es<\/a><\/span><\/h4>\n<h4><span style=\"color: #000000;\">Para consultas t\u00e9cnicas puede dirigirse al <a href=\"https:\/\/juntadeandalucia.es\/organismos\/desarrolloeducativoyformacionprofesional\/servicios\/atencion-ciudadania.html\">Centro de Atenci\u00f3n a Usuarios de la Comunidad Educativa (CAUCE)<\/a><\/span><\/h4>\n<p>[\/et_pb_text][\/et_pb_column][\/et_pb_row][\/et_pb_section]<\/p>\n","protected":false},"excerpt":{"rendered":"<p>El Proyecto Aulas Verdes Abiertas es una iniciativa educativa para redise\u00f1ar y renaturalizar los espacios exteriores de los centros, convirti\u00e9ndolos en entornos de aprendizaje sostenibles, saludables y vers\u00e1tiles. Se ofrece asesoramiento t\u00e9cnico, formaci\u00f3n docente y dotaci\u00f3n econ\u00f3mica para adaptar los espacios con plantaciones, mobiliario natural, huertos, p\u00e9rgolas y zonas de sombra. Los centros educativos destinatarios [&hellip;]<\/p>\n","protected":false},"author":2,"featured_media":0,"parent":0,"menu_order":0,"comment_status":"closed","ping_status":"closed","template":"","meta":{"_et_pb_use_builder":"on","_et_pb_old_content":"","_et_gb_content_width":"","footnotes":""},"class_list":["post-6162","page","type-page","status-publish","hentry"],"yoast_head":"<!-- This site is optimized with the Yoast SEO plugin v24.4 - https:\/\/yoast.com\/wordpress\/plugins\/seo\/ -->\n<title>Aulas Verdes Abiertas curso 25\/26 - eAprendizaje<\/title>\n<meta name=\"robots\" content=\"index, follow, max-snippet:-1, max-image-preview:large, max-video-preview:-1\" \/>\n<link rel=\"canonical\" href=\"https:\/\/www.juntadeandalucia.es/educacion/eaprendizaje\/aulas-verdes-abiertas\/\" \/>\n<meta property=\"og:locale\" content=\"es_ES\" \/>\n<meta property=\"og:type\" content=\"article\" \/>\n<meta property=\"og:title\" content=\"Aulas Verdes Abiertas curso 25\/26 - eAprendizaje\" \/>\n<meta property=\"og:description\" content=\"El Proyecto Aulas Verdes Abiertas es una iniciativa educativa para redise\u00f1ar y renaturalizar los espacios exteriores de los centros, convirti\u00e9ndolos en entornos de aprendizaje sostenibles, saludables y vers\u00e1tiles. Se ofrece asesoramiento t\u00e9cnico, formaci\u00f3n docente y dotaci\u00f3n econ\u00f3mica para adaptar los espacios con plantaciones, mobiliario natural, huertos, p\u00e9rgolas y zonas de sombra. Los centros educativos destinatarios [&hellip;]\" \/>\n<meta property=\"og:url\" content=\"https:\/\/www.juntadeandalucia.es/educacion/eaprendizaje\/aulas-verdes-abiertas\/\" \/>\n<meta property=\"og:site_name\" content=\"eAprendizaje\" \/>\n<meta property=\"article:modified_time\" content=\"2025-12-11T13:33:18+00:00\" \/>\n<meta property=\"og:image\" content=\"https:\/\/www.juntadeandalucia.es/educacion/eaprendizaje\/wp-content\/uploads\/2025\/09\/Logo-consejeria-cabecera-2.png\" \/>\n<meta name=\"twitter:card\" content=\"summary_large_image\" \/>\n<meta name=\"twitter:label1\" content=\"Tiempo de lectura\" \/>\n\t<meta name=\"twitter:data1\" content=\"3 minutos\" \/>\n<script type=\"application\/ld+json\" class=\"yoast-schema-graph\">{\"@context\":\"https:\/\/schema.org\",\"@graph\":[{\"@type\":\"WebPage\",\"@id\":\"https:\/\/www.juntadeandalucia.es/educacion/eaprendizaje\/aulas-verdes-abiertas\/\",\"url\":\"https:\/\/www.juntadeandalucia.es/educacion/eaprendizaje\/aulas-verdes-abiertas\/\",\"name\":\"Aulas Verdes Abiertas curso 25\/26 - eAprendizaje\",\"isPartOf\":{\"@id\":\"https:\/\/www.juntadeandalucia.es/educacion/eaprendizaje\/#website\"},\"primaryImageOfPage\":{\"@id\":\"https:\/\/www.juntadeandalucia.es/educacion/eaprendizaje\/aulas-verdes-abiertas\/#primaryimage\"},\"image\":{\"@id\":\"https:\/\/www.juntadeandalucia.es/educacion/eaprendizaje\/aulas-verdes-abiertas\/#primaryimage\"},\"thumbnailUrl\":\"https:\/\/www.juntadeandalucia.es/educacion/eaprendizaje\/wp-content\/uploads\/2025\/09\/Logo-consejeria-cabecera-2.png\",\"datePublished\":\"2024-09-19T11:08:08+00:00\",\"dateModified\":\"2025-12-11T13:33:18+00:00\",\"breadcrumb\":{\"@id\":\"https:\/\/www.juntadeandalucia.es/educacion/eaprendizaje\/aulas-verdes-abiertas\/#breadcrumb\"},\"inLanguage\":\"es\",\"potentialAction\":[{\"@type\":\"ReadAction\",\"target\":[\"https:\/\/www.juntadeandalucia.es/educacion/eaprendizaje\/aulas-verdes-abiertas\/\"]}]},{\"@type\":\"ImageObject\",\"inLanguage\":\"es\",\"@id\":\"https:\/\/www.juntadeandalucia.es/educacion/eaprendizaje\/aulas-verdes-abiertas\/#primaryimage\",\"url\":\"https:\/\/www.juntadeandalucia.es/educacion/eaprendizaje\/wp-content\/uploads\/2025\/09\/Logo-consejeria-cabecera-2.png\",\"contentUrl\":\"https:\/\/www.juntadeandalucia.es/educacion/eaprendizaje\/wp-content\/uploads\/2025\/09\/Logo-consejeria-cabecera-2.png\",\"width\":470,\"height\":390},{\"@type\":\"BreadcrumbList\",\"@id\":\"https:\/\/www.juntadeandalucia.es/educacion/eaprendizaje\/aulas-verdes-abiertas\/#breadcrumb\",\"itemListElement\":[{\"@type\":\"ListItem\",\"position\":1,\"name\":\"Inicio\",\"item\":\"https:\/\/www.juntadeandalucia.es/educacion/eaprendizaje\/\"},{\"@type\":\"ListItem\",\"position\":2,\"name\":\"Aulas Verdes Abiertas curso 25\/26\"}]},{\"@type\":\"WebSite\",\"@id\":\"https:\/\/www.juntadeandalucia.es/educacion/eaprendizaje\/#website\",\"url\":\"https:\/\/www.juntadeandalucia.es/educacion/eaprendizaje\/\",\"name\":\"eAprendizaje\",\"description\":\"Punto de encuentro de la Comunidad Educativa\",\"potentialAction\":[{\"@type\":\"SearchAction\",\"target\":{\"@type\":\"EntryPoint\",\"urlTemplate\":\"https:\/\/www.juntadeandalucia.es/educacion/eaprendizaje\/?s={search_term_string}\"},\"query-input\":{\"@type\":\"PropertyValueSpecification\",\"valueRequired\":true,\"valueName\":\"search_term_string\"}}],\"inLanguage\":\"es\"}]}<\/script>\n<!-- \/ Yoast SEO plugin. -->","yoast_head_json":{"title":"Aulas Verdes Abiertas curso 25\/26 - eAprendizaje","robots":{"index":"index","follow":"follow","max-snippet":"max-snippet:-1","max-image-preview":"max-image-preview:large","max-video-preview":"max-video-preview:-1"},"canonical":"https:\/\/www.juntadeandalucia.es/educacion/eaprendizaje\/aulas-verdes-abiertas\/","og_locale":"es_ES","og_type":"article","og_title":"Aulas Verdes Abiertas curso 25\/26 - eAprendizaje","og_description":"El Proyecto Aulas Verdes Abiertas es una iniciativa educativa para redise\u00f1ar y renaturalizar los espacios exteriores de los centros, convirti\u00e9ndolos en entornos de aprendizaje sostenibles, saludables y vers\u00e1tiles. Se ofrece asesoramiento t\u00e9cnico, formaci\u00f3n docente y dotaci\u00f3n econ\u00f3mica para adaptar los espacios con plantaciones, mobiliario natural, huertos, p\u00e9rgolas y zonas de sombra. Los centros educativos destinatarios [&hellip;]","og_url":"https:\/\/www.juntadeandalucia.es/educacion/eaprendizaje\/aulas-verdes-abiertas\/","og_site_name":"eAprendizaje","article_modified_time":"2025-12-11T13:33:18+00:00","og_image":[{"url":"https:\/\/www.juntadeandalucia.es/educacion/eaprendizaje\/wp-content\/uploads\/2025\/09\/Logo-consejeria-cabecera-2.png","type":"","width":"","height":""}],"twitter_card":"summary_large_image","twitter_misc":{"Tiempo de lectura":"3 minutos"},"schema":{"@context":"https:\/\/schema.org","@graph":[{"@type":"WebPage","@id":"https:\/\/www.juntadeandalucia.es/educacion/eaprendizaje\/aulas-verdes-abiertas\/","url":"https:\/\/www.juntadeandalucia.es/educacion/eaprendizaje\/aulas-verdes-abiertas\/","name":"Aulas Verdes Abiertas curso 25\/26 - eAprendizaje","isPartOf":{"@id":"https:\/\/www.juntadeandalucia.es/educacion/eaprendizaje\/#website"},"primaryImageOfPage":{"@id":"https:\/\/www.juntadeandalucia.es/educacion/eaprendizaje\/aulas-verdes-abiertas\/#primaryimage"},"image":{"@id":"https:\/\/www.juntadeandalucia.es/educacion/eaprendizaje\/aulas-verdes-abiertas\/#primaryimage"},"thumbnailUrl":"https:\/\/www.juntadeandalucia.es/educacion/eaprendizaje\/wp-content\/uploads\/2025\/09\/Logo-consejeria-cabecera-2.png","datePublished":"2024-09-19T11:08:08+00:00","dateModified":"2025-12-11T13:33:18+00:00","breadcrumb":{"@id":"https:\/\/www.juntadeandalucia.es/educacion/eaprendizaje\/aulas-verdes-abiertas\/#breadcrumb"},"inLanguage":"es","potentialAction":[{"@type":"ReadAction","target":["https:\/\/www.juntadeandalucia.es/educacion/eaprendizaje\/aulas-verdes-abiertas\/"]}]},{"@type":"ImageObject","inLanguage":"es","@id":"https:\/\/www.juntadeandalucia.es/educacion/eaprendizaje\/aulas-verdes-abiertas\/#primaryimage","url":"https:\/\/www.juntadeandalucia.es/educacion/eaprendizaje\/wp-content\/uploads\/2025\/09\/Logo-consejeria-cabecera-2.png","contentUrl":"https:\/\/www.juntadeandalucia.es/educacion/eaprendizaje\/wp-content\/uploads\/2025\/09\/Logo-consejeria-cabecera-2.png","width":470,"height":390},{"@type":"BreadcrumbList","@id":"https:\/\/www.juntadeandalucia.es/educacion/eaprendizaje\/aulas-verdes-abiertas\/#breadcrumb","itemListElement":[{"@type":"ListItem","position":1,"name":"Inicio","item":"https:\/\/www.juntadeandalucia.es/educacion/eaprendizaje\/"},{"@type":"ListItem","position":2,"name":"Aulas Verdes Abiertas curso 25\/26"}]},{"@type":"WebSite","@id":"https:\/\/www.juntadeandalucia.es/educacion/eaprendizaje\/#website","url":"https:\/\/www.juntadeandalucia.es/educacion/eaprendizaje\/","name":"eAprendizaje","description":"Punto de encuentro de la Comunidad Educativa","potentialAction":[{"@type":"SearchAction","target":{"@type":"EntryPoint","urlTemplate":"https:\/\/www.juntadeandalucia.es/educacion/eaprendizaje\/?s={search_term_string}"},"query-input":{"@type":"PropertyValueSpecification","valueRequired":true,"valueName":"search_term_string"}}],"inLanguage":"es"}]}},"_links":{"self":[{"href":"https:\/\/www.juntadeandalucia.es/educacion/eaprendizaje\/wp-json\/wp\/v2\/pages\/6162","targetHints":{"allow":["GET"]}}],"collection":[{"href":"https:\/\/www.juntadeandalucia.es/educacion/eaprendizaje\/wp-json\/wp\/v2\/pages"}],"about":[{"href":"https:\/\/www.juntadeandalucia.es/educacion/eaprendizaje\/wp-json\/wp\/v2\/types\/page"}],"author":[{"embeddable":true,"href":"https:\/\/www.juntadeandalucia.es/educacion/eaprendizaje\/wp-json\/wp\/v2\/users\/2"}],"replies":[{"embeddable":true,"href":"https:\/\/www.juntadeandalucia.es/educacion/eaprendizaje\/wp-json\/wp\/v2\/comments?post=6162"}],"version-history":[{"count":15,"href":"https:\/\/www.juntadeandalucia.es/educacion/eaprendizaje\/wp-json\/wp\/v2\/pages\/6162\/revisions"}],"predecessor-version":[{"id":9590,"href":"https:\/\/www.juntadeandalucia.es/educacion/eaprendizaje\/wp-json\/wp\/v2\/pages\/6162\/revisions\/9590"}],"wp:attachment":[{"href":"https:\/\/www.juntadeandalucia.es/educacion/eaprendizaje\/wp-json\/wp\/v2\/media?parent=6162"}],"curies":[{"name":"wp","href":"https:\/\/api.w.org\/{rel}","templated":true}]}}