{"id":8348,"date":"2025-10-20T08:12:34","date_gmt":"2025-10-20T08:12:34","guid":{"rendered":"https:\/\/www.juntadeandalucia.es/educacion/eaprendizaje\/?page_id=8348"},"modified":"2026-02-10T10:33:33","modified_gmt":"2026-02-10T10:33:33","slug":"actuacion-2-acompanamiento","status":"publish","type":"page","link":"https:\/\/www.juntadeandalucia.es/educacion/eaprendizaje\/impulsocd\/pct-codigo-escuela-4-0\/actuacion-2-acompanamiento\/","title":{"rendered":"Actuaci\u00f3n 2: Acompa\u00f1amiento"},"content":{"rendered":"<p>[et_pb_section fb_built=\u00bb1&#8243; _builder_version=\u00bb4.16&#8243; global_colors_info=\u00bb{}\u00bb][et_pb_row use_custom_gutter=\u00bbon\u00bb gutter_width=\u00bb2&#8243; _builder_version=\u00bb4.27.4&#8243; background_enable_color=\u00bboff\u00bb background_color_gradient_start=\u00bb#333333&#8243; width=\u00bb100%\u00bb max_width=\u00bb2560px\u00bb custom_padding=\u00bb0px|2%|0px|2%\u00bb z_index_tablet=\u00bb500&#8243; box_shadow_horizontal_tablet=\u00bb0px\u00bb box_shadow_vertical_tablet=\u00bb0px\u00bb box_shadow_blur_tablet=\u00bb40px\u00bb box_shadow_spread_tablet=\u00bb0px\u00bb global_colors_info=\u00bb{}\u00bb][et_pb_column type=\u00bb4_4&#8243; _builder_version=\u00bb4.27.4&#8243; custom_padding=\u00bb|||\u00bb global_colors_info=\u00bb{}\u00bb custom_padding__hover=\u00bb|||\u00bb][et_pb_code disabled_on=\u00bbon|on|on\u00bb _builder_version=\u00bb4.27.4&#8243; custom_margin=\u00bb||43px|||\u00bb z_index_tablet=\u00bb500&#8243; disabled=\u00bbon\u00bb global_colors_info=\u00bb{}\u00bb]<\/p>\n<div class=\"ea_pag_sd_cabecera_img ea_pag_sd_cabecera_img_plat_educ\"><!-- [et_pb_line_break_holder] -->    <img decoding=\"async\" title=\"Plataformas Educativas\" src=\"https:\/\/www.juntadeandalucia.es/educacion/eaprendizaje\/wp-content\/uploads\/2025\/10\/p1_digitalizacion.png\"\/><!-- [et_pb_line_break_holder] --><\/div>\n<p><!-- [et_pb_line_break_holder] --><\/p>\n<div class=\"ea_pag_sd_cabecera_txt ea_pag_sd_cabecera_txt_plat_educ\"><!-- [et_pb_line_break_holder] -->    <\/p>\n<h1>Digitalizaci\u00f3n<\/h1>\n<p><!-- [et_pb_line_break_holder] -->    <\/p>\n<h2><!-- [et_pb_line_break_holder] -->Impulso de la Competencia Digital en centros educativos<!-- [et_pb_line_break_holder] --><\/h2>\n<p><!-- [et_pb_line_break_holder] -->    <pee>La<a href=\"Resoluci\u00f3n de 1 de agosto de 2025, de la Direcci\u00f3n General de Innovaci\u00f3n y Formaci\u00f3n del Profesorado, sobre medidas para el impulso de la Competencia Digital en los centros docentes sostenidos con fondos p\u00fablicos en el Marco del Programa de Cooperaci\u00f3n Territorial C\u00f3digo Escuela 4.0.\"><!-- [et_pb_line_break_holder] -->Resoluci\u00f3n<!-- [et_pb_line_break_holder] -->de 1 de agosto de 2025, de la Direcci\u00f3n General de Innovaci\u00f3n y<!-- [et_pb_line_break_holder] -->Formaci\u00f3n del Profesorado, sobre medidas para el impulso de la<!-- [et_pb_line_break_holder] -->Competencia Digital en los centros docentes sostenidos con fondos<!-- [et_pb_line_break_holder] -->p\u00fablicos en el Marco del Programa de Cooperaci\u00f3n Territorial C\u00f3digo<!-- [et_pb_line_break_holder] -->Escuela 4.0 <\/a> tiene por objetivo el establecer las<!-- [et_pb_line_break_holder] -->medidas para el impulso de la competencia digital en el \u00e1mbito<!-- [et_pb_line_break_holder] -->educativo en todos los centros docentes sostenidos con fondos<!-- [et_pb_line_break_holder] -->p\u00fablicos de la Comunidad Aut\u00f3noma de Andaluc\u00eda que impartan<!-- [et_pb_line_break_holder] -->ense\u00f1anzas no universitarias, dando continuidad al proceso de<!-- [et_pb_line_break_holder] -->transformaci\u00f3n iniciado en cursos anteriores para convertir los<!-- [et_pb_line_break_holder] -->centros en organizaciones digitalmente competentes. En<!-- [et_pb_line_break_holder] -->l\u00ednea con este objetivo, la puesta en marcha de los Proyectos STEAM<!-- [et_pb_line_break_holder] -->4.0 en aquellos centros que impartan ense\u00f1anzas incluidas en el<!-- [et_pb_line_break_holder] -->Programa de Cooperaci\u00f3n Territorial C\u00f3digo Escuela 4.0 (segundo<!-- [et_pb_line_break_holder] -->ciclo de Educaci\u00f3n Infantil, Educaci\u00f3n Primaria y\/o Educaci\u00f3n<!-- [et_pb_line_break_holder] -->Secundaria Obligatoria) se plantea como una medida adicional para<!-- [et_pb_line_break_holder] -->impulsar el desarrollo de la competencia digital del alumnado y del<!-- [et_pb_line_break_holder] -->profesorado a trav\u00e9s del desarrollo del pensamiento computacional,<!-- [et_pb_line_break_holder] -->la programaci\u00f3n, la rob\u00f3tica y el buen uso de la inteligencia<!-- [et_pb_line_break_holder] -->artificial.<!-- [et_pb_line_break_holder] --><\/pee><!-- [et_pb_line_break_holder] -->  <\/p>\n<div style=\"text-align: center;\"><!-- [et_pb_line_break_holder] -->    <a href=\"https:\/\/eaprendizajepre.ced.junta-andalucia.es\/moodle-centros\/\" rel=\"noopener noreferrer\"><!-- [et_pb_line_break_holder] -->        <button type=\"button\" class=\"ea_pag_btn\">Plan de Actuaci\u00f3n Digital<\/button><!-- [et_pb_line_break_holder] -->    <\/a><!-- [et_pb_line_break_holder] -->    <a href=\"https:\/\/eaprendizajepre.ced.junta-andalucia.es\/workspace\/\" rel=\"noopener noreferrer\"><!-- [et_pb_line_break_holder] -->        <button type=\"button\" class=\"ea_pag_btn\">Cronograma de actuaciones<\/button><!-- [et_pb_line_break_holder] -->    <\/a><!-- [et_pb_line_break_holder] --><a href=\"https:\/\/eaprendizajepre.ced.junta-andalucia.es\/microsoft365\/\" rel=\"noopener noreferrer\"><!-- [et_pb_line_break_holder] -->        <button type=\"button\" class=\"ea_pag_btn\">PCT C\u00f3digo Escuela 4.0<\/button><!-- [et_pb_line_break_holder] -->    <\/a><!-- [et_pb_line_break_holder] -->  <\/div>\n<p><!-- [et_pb_line_break_holder] --><\/div>\n<p>[\/et_pb_code][et_pb_code _builder_version=\u00bb4.27.4&#8243; _module_preset=\u00bbdefault\u00bb custom_css_free_form=\u00bb\/* ===== SECCI\u00d3N DIGITALIZACI\u00d3N ===== *\/||.ea_digitalizacion_container {||  display: flex;||  align-items: center;||  justify-content: center;||  background: #ffffff;||  padding: 30px;||  max-width: 1980px;||  margin: 40px auto;||  flex-wrap: wrap;||}||.ea_digitalizacion_img {||  max-height: 450px;||}||.ea_digitalizacion_img img {||  width: 450px;||  border-radius: 10px;||}||||.ea_digitalizacion_content {||  flex: 1;||  text-align: center;||  border: 2px solid #3b644d30;||  border-radius: 20px;||  padding-top: 0.7em;||  padding-bottom: 0.7em;||  padding-left: 2em;||  padding-right: 2em;||  border-left: 0px;||  border-bottom-left-radius: 0px;||  min-height: 450px;||  border-top-left-radius: 0px;||}||||.ea_digitalizacion_title {||  color: #3b644d;||  font-size: 2rem;||  font-weight: 700;||  margin-bottom: 10px;||}||||.ea_digitalizacion_subtitle {||  color: #3b644d;||  font-size: 1.3rem;||  font-weight: 600;||  margin-bottom: 15px;||}||||.ea_digitalizacion_text {||  color: #333;||  font-size: 0.95rem;||  line-height: 1.5;||  margin-bottom: 25px;||  max-width: 1980px;||  margin-left: auto;||  margin-right: auto;||  text-align:justify;||}||||\/* BOTONES *\/||.ea_digitalizacion_buttons {||  display: flex;||  justify-content: center;||  flex-wrap: wrap;||  gap: 15px;||}||||.ea_digitalizacion_btn {||  display: inline-block;||  background-color: #fff;||  border: 2px solid #3b644d30;||  color: #3b644d;||  padding: 10px 18px;||  border-radius: 25px;||  font-weight: 600;||  text-decoration: none;||  transition: all 0.3s ease;||}||||.ea_digitalizacion_btn:hover {||  background-color: #e8f5ea;||  color: #3b644d;||   border: 2px solid #3b644d;||}||||\/* RESPONSIVE *\/||@media (max-width: 1400px) {||  .ea_digitalizacion_container {||    flex-direction: column-reverse;||    text-align: center;||    padding: 20px;||  }||  .ea_digitalizacion_content {||    border:0px !important;||    min-height: 340px||  }||   .ea_digitalizacion_img img {||    width: 280px;||  }||}||||@media (max-width: 768px) {||||||  .ea_digitalizacion_img img {||    width: 200px;||    margin-bottom: 20px;||  }||||  .ea_digitalizacion_content {||    width: 100%;||  }||||  .ea_digitalizacion_title {||    font-size: 1.7rem;||  }||||  .ea_digitalizacion_subtitle {||    font-size: 1rem;||  }||||  .ea_digitalizacion_text {||    font-size: 0.9rem;||  }||}\u00bb global_colors_info=\u00bb{}\u00bb]<\/p>\n<div class=\"ea_digitalizacion_container\"><!-- [et_pb_line_break_holder] -->  <\/p>\n<div class=\"ea_digitalizacion_img\"><!-- [et_pb_line_break_holder] -->    <img<!-- [et_pb_line_break_holder] -->      src=\u00bbhttps:\/\/www.juntadeandalucia.es/educacion/eaprendizaje\/wp-content\/uploads\/2025\/10\/T2_2_ATI_acompana.png\u00bb<!-- [et_pb_line_break_holder] -->      alt=\u00bbDigitalizaci\u00f3n\u00bb<!-- [et_pb_line_break_holder] -->    \/><!-- [et_pb_line_break_holder] -->  <\/div>\n<p><!-- [et_pb_line_break_holder] --><!-- [et_pb_line_break_holder] -->  <\/p>\n<div class=\"ea_digitalizacion_content\"><!-- [et_pb_line_break_holder] -->    <\/p>\n<h1 class=\"ea_digitalizacion_title\">Actuaci\u00f3n 2: Acompa\u00f1amiento<\/h1>\n<p><!-- [et_pb_line_break_holder] --><!-- [et_pb_line_break_holder] -->    <pee class=\"ea_digitalizacion_text\">La<!-- [et_pb_line_break_holder] -->integraci\u00f3n del pensamiento computacional, los lenguajes de<!-- [et_pb_line_break_holder] -->programaci\u00f3n y la rob\u00f3tica educativa en las aulas con el alumnado,<!-- [et_pb_line_break_holder] -->como elementos novedosos en los curr\u00edculos educativos, requieren de<!-- [et_pb_line_break_holder] -->la disponibilidad de recursos did\u00e1cticos y formativos y,<!-- [et_pb_line_break_holder] -->especialmente, de un adecuado acompa\u00f1amiento del profesorado para<!-- [et_pb_line_break_holder] -->una incorporaci\u00f3n significativa y eficaz de actividades de ense\u00f1anza<!-- [et_pb_line_break_holder] -->y aprendizaje que ayuden al alumnado a desarrollar sus habilidades en<!-- [et_pb_line_break_holder] -->estas competencias.<!\u2013- [et_pb_br_holder] -\u2013><!\u2013- [et_pb_br_holder] -\u2013><!-- [et_pb_line_break_holder] -->Para ello, todos los centros sostenidos con fondos p\u00fablicos que impartan<!-- [et_pb_line_break_holder] -->algunas de las ense\u00f1anzas correspondientes al segundo ciclo de<!-- [et_pb_line_break_holder] -->Educaci\u00f3n Infantil, Educaci\u00f3n Primaria y\/o Educaci\u00f3n Secundaria<!-- [et_pb_line_break_holder] -->Obligatoria, as\u00ed como su alumnado de manera indirecta, recibir\u00e1n el<!-- [et_pb_line_break_holder] -->acompa\u00f1amiento suficiente para el desarrollo del programa.<!\u2013- [et_pb_br_holder] -\u2013><!-- [et_pb_line_break_holder] -->Este acompa\u00f1amiento al profesorado se llevar\u00e1 a cabo a trav\u00e9s de las<!-- [et_pb_line_break_holder] -->siguientes medidas:<!-- [et_pb_line_break_holder] -->\u00a0<\/p>\n<ol align=\"left\" class=\"ea_digitalizacion_text\"><!-- [et_pb_line_break_holder] --><\/p>\n<li><a href=\"https:\/\/www.juntadeandalucia.es/educacion/eaprendizaje\/asesorias-tecnicas-de-innovacion\/\">Creaci\u00f3n de una red de asesor\u00edas especializadas para dar soporte<!-- [et_pb_line_break_holder] -->t\u00e9cnico y pedag\u00f3gico al profesorado<\/a>.<\/li>\n<p><!-- [et_pb_line_break_holder] --><\/p>\n<li>Designaci\u00f3n de la persona coordinadora STEAM 4.0 en cada centro<!-- [et_pb_line_break_holder] -->educativo.<\/li>\n<p><!-- [et_pb_line_break_holder] -->\tLas personas coordinadoras STEAM 4.0 dispondr\u00e1n de una asignaci\u00f3n<!-- [et_pb_line_break_holder] -->horaria con cargo al Programa de Cooperaci\u00f3n Territorial C\u00f3digo<!-- [et_pb_line_break_holder] -->Escuela 4.0 para el desempe\u00f1o de sus funciones.<!\u2013- [et_pb_br_holder] -\u2013><!-- [et_pb_line_break_holder] -->Dicha asignaci\u00f3n horaria queda recogida en el apartado octavo de la<!-- [et_pb_line_break_holder] --><a href=\"https:\/\/juntadeandalucia.es\/boja\/2025\/151\/19\" target=\"_blank\" rel=\"noopener\">Resoluci\u00f3n de 1 de agosto de 2025, de la Direcci\u00f3n General de Innovaci\u00f3n y<!-- [et_pb_line_break_holder] -->Formaci\u00f3n del Profesorado, sobre medidas para el impulso de la<!-- [et_pb_line_break_holder] -->Competencia Digital en los centros docentes sostenidos con fondos<!-- [et_pb_line_break_holder] -->p\u00fablicos en el Marco del Programa de Cooperaci\u00f3n Territorial C\u00f3digo<!-- [et_pb_line_break_holder] -->Escuela 4.0<\/a><!-- [et_pb_line_break_holder] --><!\u2013- [et_pb_br_holder] -\u2013><!-- [et_pb_line_break_holder] --><\/p>\n<li>Despliegue formativo dirigido a la red de Asesor\u00edas T\u00e9cnicas de<!-- [et_pb_line_break_holder] -->Innovaci\u00f3n (ATI), coordinaci\u00f3n STEAM 4.0 y al profesorado de<!-- [et_pb_line_break_holder] -->centros sostenidos con fondos p\u00fablicos.<\/li>\n<p><!-- [et_pb_line_break_holder] --><\/pee><!-- [et_pb_line_break_holder] --><\/ol>\n<p><!-- [et_pb_line_break_holder] --><!\u2013- [et_pb_br_holder] -\u2013><!-- [et_pb_line_break_holder] --><\/div>\n<p><!-- [et_pb_line_break_holder] --><\/div>\n<p><!-- [et_pb_line_break_holder] -->[\/et_pb_code][\/et_pb_column][\/et_pb_row][\/et_pb_section][et_pb_section fb_built=\u00bb1&#8243; _builder_version=\u00bb4.16&#8243; inner_width_tablet=\u00bb50px\u00bb inner_max_width_tablet=\u00bb50px\u00bb z_index_tablet=\u00bb500&#8243; box_shadow_horizontal_tablet=\u00bb0px\u00bb box_shadow_vertical_tablet=\u00bb0px\u00bb box_shadow_blur_tablet=\u00bb40px\u00bb box_shadow_spread_tablet=\u00bb0px\u00bb global_colors_info=\u00bb{}\u00bb][et_pb_row _builder_version=\u00bb4.27.4&#8243; width=\u00bb90%\u00bb max_width=\u00bb1980px\u00bb custom_margin=\u00bb0em||0.9em|\u00bb custom_padding=\u00bb0em|||\u00bb z_index_tablet=\u00bb500&#8243; box_shadow_horizontal_tablet=\u00bb0px\u00bb box_shadow_vertical_tablet=\u00bb0px\u00bb box_shadow_blur_tablet=\u00bb40px\u00bb box_shadow_spread_tablet=\u00bb0px\u00bb global_colors_info=\u00bb{}\u00bb][et_pb_column type=\u00bb4_4&#8243; _builder_version=\u00bb4.16&#8243; custom_padding=\u00bb|||\u00bb global_colors_info=\u00bb{}\u00bb custom_padding__hover=\u00bb|||\u00bb][et_pb_code _builder_version=\u00bb4.27.4&#8243; width=\u00bb58.8%\u00bb custom_padding=\u00bb|0px||||\u00bb z_index_tablet=\u00bb500&#8243; custom_css_free_form=\u00bb.plateducontainer1{||  min-height: 150px;||}||.ea_pag_flex_formate_img {||  background-color: #f3f3f3 !important;||  border-radius: 10px 0px 0px 10px;||}||.ea_pag_flex_formate_content h4{||  font-size: 1.55em !important;||}||.ea_pag_flex_formate_img_beforeright:before {||  position: relative;||}||@media (max-width: 1400px) {||  .ea_pag_flex_formate{||    flex-wrap:wrap;||    justify-content: center;||  }||  .plateducontainer1{||    margin-bottom:2em;||  }||}\u00bb global_colors_info=\u00bb{}\u00bb]<\/p>\n<div class=\"ea_pag_flex_formate ea_pag_flex_formate_moffice_twocolumns\"><!-- [et_pb_line_break_holder] -->\u00a0<\/p>\n<div class=\"plateducontainer1\"><!-- [et_pb_line_break_holder] -->        <a href=\"https:\/\/www.juntadeandalucia.es/educacion/eaprendizaje\/asesorias-tecnicas-de-innovacion\/\"<!-- [et_pb_line_break_holder] -->            class=\u00bbea_pag_flex_formate_img ea_pag_flex_formate_img_beforeright\u00bb rel=\u00bbnoopener noreferrer\u00bb style=\u00bbbackground: url(https:\/\/www.juntadeandalucia.es/educacion/eaprendizaje\/wp-content\/uploads\/2025\/10\/T2_2_ATI_acompana.png);<!-- [et_pb_line_break_holder] -->    background-size: 105%;<!-- [et_pb_line_break_holder] -->    background-position: center;<!-- [et_pb_line_break_holder] -->    min-width: 100px; background-repeat:no-repeat\u00bb><!-- [et_pb_line_break_holder] -->            <\/p>\n<div><!-- [et_pb_line_break_holder] -->            <\/div>\n<p><!-- [et_pb_line_break_holder] -->        <\/a><!-- [et_pb_line_break_holder] -->        <div<!-- [et_pb_line_break_holder] -->            class=\u00bbea_pag_flex_formate_content ea_pag_flex_formate_content_background ea_pag_flex_formate_content_marginright\u00bb><!-- [et_pb_line_break_holder] -->            <\/p>\n<h4>Asesor\u00edas T\u00e9cnicas de innovaci\u00f3n<\/h4>\n<p>\u00a0<!-- [et_pb_line_break_holder] -->            <a href=\"https:\/\/www.juntadeandalucia.es/educacion/eaprendizaje\/asesorias-tecnicas-de-innovacion\/\" class=\"ea_pag_leermas\"                rel=\"noopener noreferrer\">Accede<\/a><!-- [et_pb_line_break_holder] -->        <\/div>\n<p><!-- [et_pb_line_break_holder] -->    <\/div>\n<p><!-- [et_pb_line_break_holder] -->\u00a0 \u00a0 \u00a0<!-- [et_pb_line_break_holder] -->  <!-- [et_pb_line_break_holder] -->    <\/div>\n<p><!-- [et_pb_line_break_holder] --><\/div>\n<p>[\/et_pb_code][et_pb_code _builder_version=\u00bb4.27.4&#8243; _module_preset=\u00bbdefault\u00bb locked=\u00bboff\u00bb global_colors_info=\u00bb{}\u00bb theme_builder_area=\u00bbpost_content\u00bb]<script><!-- [et_pb_line_break_holder] -->jQuery(document).ready(function($) {<!-- [et_pb_line_break_holder] -->    $('.plateducontainer1').on('click', function() {    <!-- [et_pb_line_break_holder] -->\t\t\t\tvar cardUrl = $(this).find('.ea_pag_leermas').attr('href');<!-- [et_pb_line_break_holder] -->        if (cardUrl) {<!-- [et_pb_line_break_holder] -->            window.location.href = cardUrl;<!-- [et_pb_line_break_holder] -->        }<!-- [et_pb_line_break_holder] -->    });<!-- [et_pb_line_break_holder] -->    $('.plateducontainer1').css('cursor', 'pointer');<!-- [et_pb_line_break_holder] -->});<!-- [et_pb_line_break_holder] --><\/script>[\/et_pb_code][\/et_pb_column][\/et_pb_row][et_pb_row column_structure=\u00bb1_2,1_2&#8243; _builder_version=\u00bb4.27.4&#8243; _module_preset=\u00bbdefault\u00bb global_colors_info=\u00bb{}\u00bb][et_pb_column type=\u00bb1_2&#8243; _builder_version=\u00bb4.27.4&#8243; _module_preset=\u00bbdefault\u00bb global_colors_info=\u00bb{}\u00bb][et_pb_image src=\u00bbhttps:\/\/www.juntadeandalucia.es/educacion/eaprendizaje\/wp-content\/uploads\/2025\/11\/Logotipo_del_Ministerio_de_Educacion_Formacion_Profesional_y_Deportes.png\u00bb title_text=\u00bbLogotipo_del_Ministerio_de_Educacion,_Formacion_Profesional_y_Deportes\u00bb _builder_version=\u00bb4.27.4&#8243; _module_preset=\u00bbdefault\u00bb global_colors_info=\u00bb{}\u00bb][\/et_pb_image][\/et_pb_column][et_pb_column type=\u00bb1_2&#8243; _builder_version=\u00bb4.27.4&#8243; _module_preset=\u00bbdefault\u00bb global_colors_info=\u00bb{}\u00bb][et_pb_image src=\u00bbhttps:\/\/www.juntadeandalucia.es/educacion/eaprendizaje\/wp-content\/uploads\/2025\/11\/logoJunta.jpeg\u00bb title_text=\u00bblogoJunta\u00bb _builder_version=\u00bb4.27.4&#8243; _module_preset=\u00bbdefault\u00bb global_colors_info=\u00bb{}\u00bb][\/et_pb_image][\/et_pb_column][\/et_pb_row][et_pb_row _builder_version=\u00bb4.27.4&#8243; _module_preset=\u00bbdefault\u00bb global_colors_info=\u00bb{}\u00bb][et_pb_column type=\u00bb4_4&#8243; _builder_version=\u00bb4.27.4&#8243; _module_preset=\u00bbdefault\u00bb global_colors_info=\u00bb{}\u00bb][et_pb_text _builder_version=\u00bb4.27.4&#8243; _module_preset=\u00bbdefault\u00bb global_colors_info=\u00bb{}\u00bb]<\/p>\n<p style=\"text-align: center;\"><span style=\"color: #2e2925;\"><span style=\"font-family: Atkinson Hyperlegible, Arial, Helvetica, sans-serif;\"><span style=\"font-size: medium;\">Programa financiado por el Ministerio de Educaci\u00f3n, Formaci\u00f3n Profesional y Deportes.<\/span><\/span><\/span><\/p>\n<p>[\/et_pb_text][\/et_pb_column][\/et_pb_row][\/et_pb_section][et_pb_section fb_built=\u00bb1&#8243; fullwidth=\u00bbon\u00bb _builder_version=\u00bb4.27.4&#8243; _module_preset=\u00bbdefault\u00bb global_colors_info=\u00bb{}\u00bb][\/et_pb_section]<\/p>\n","protected":false},"excerpt":{"rendered":"<p>Programa financiado por el Ministerio de Educaci\u00f3n, Formaci\u00f3n Profesional y Deportes.<\/p>\n","protected":false},"author":4,"featured_media":0,"parent":8317,"menu_order":0,"comment_status":"closed","ping_status":"closed","template":"","meta":{"_et_pb_use_builder":"on","_et_pb_old_content":"","_et_gb_content_width":"","footnotes":""},"class_list":["post-8348","page","type-page","status-publish","hentry"],"yoast_head":"<!-- This site is optimized with the Yoast SEO plugin v24.4 - https:\/\/yoast.com\/wordpress\/plugins\/seo\/ -->\n<title>Actuaci\u00f3n 2: Acompa\u00f1amiento - eAprendizaje<\/title>\n<meta name=\"robots\" content=\"index, follow, max-snippet:-1, max-image-preview:large, max-video-preview:-1\" \/>\n<link rel=\"canonical\" href=\"https:\/\/www.juntadeandalucia.es/educacion/eaprendizaje\/impulsocd\/pct-codigo-escuela-4-0\/actuacion-2-acompanamiento\/\" \/>\n<meta property=\"og:locale\" content=\"es_ES\" \/>\n<meta property=\"og:type\" content=\"article\" \/>\n<meta property=\"og:title\" content=\"Actuaci\u00f3n 2: Acompa\u00f1amiento - eAprendizaje\" \/>\n<meta property=\"og:description\" content=\"Programa financiado por el Ministerio de Educaci\u00f3n, Formaci\u00f3n Profesional y Deportes.\" \/>\n<meta property=\"og:url\" content=\"https:\/\/www.juntadeandalucia.es/educacion/eaprendizaje\/impulsocd\/pct-codigo-escuela-4-0\/actuacion-2-acompanamiento\/\" \/>\n<meta property=\"og:site_name\" content=\"eAprendizaje\" \/>\n<meta property=\"article:modified_time\" content=\"2026-02-10T10:33:33+00:00\" \/>\n<meta property=\"og:image\" content=\"https:\/\/www.juntadeandalucia.es/educacion/eaprendizaje\/wp-content\/uploads\/2025\/10\/p1_digitalizacion.png\" \/>\n<meta name=\"twitter:card\" content=\"summary_large_image\" \/>\n<meta name=\"twitter:label1\" content=\"Tiempo de lectura\" \/>\n\t<meta name=\"twitter:data1\" content=\"2 minutos\" \/>\n<script type=\"application\/ld+json\" class=\"yoast-schema-graph\">{\"@context\":\"https:\/\/schema.org\",\"@graph\":[{\"@type\":\"WebPage\",\"@id\":\"https:\/\/www.juntadeandalucia.es/educacion/eaprendizaje\/impulsocd\/pct-codigo-escuela-4-0\/actuacion-2-acompanamiento\/\",\"url\":\"https:\/\/www.juntadeandalucia.es/educacion/eaprendizaje\/impulsocd\/pct-codigo-escuela-4-0\/actuacion-2-acompanamiento\/\",\"name\":\"Actuaci\u00f3n 2: Acompa\u00f1amiento - eAprendizaje\",\"isPartOf\":{\"@id\":\"https:\/\/www.juntadeandalucia.es/educacion/eaprendizaje\/#website\"},\"primaryImageOfPage\":{\"@id\":\"https:\/\/www.juntadeandalucia.es/educacion/eaprendizaje\/impulsocd\/pct-codigo-escuela-4-0\/actuacion-2-acompanamiento\/#primaryimage\"},\"image\":{\"@id\":\"https:\/\/www.juntadeandalucia.es/educacion/eaprendizaje\/impulsocd\/pct-codigo-escuela-4-0\/actuacion-2-acompanamiento\/#primaryimage\"},\"thumbnailUrl\":\"https:\/\/www.juntadeandalucia.es/educacion/eaprendizaje\/wp-content\/uploads\/2025\/10\/p1_digitalizacion.png\",\"datePublished\":\"2025-10-20T08:12:34+00:00\",\"dateModified\":\"2026-02-10T10:33:33+00:00\",\"breadcrumb\":{\"@id\":\"https:\/\/www.juntadeandalucia.es/educacion/eaprendizaje\/impulsocd\/pct-codigo-escuela-4-0\/actuacion-2-acompanamiento\/#breadcrumb\"},\"inLanguage\":\"es\",\"potentialAction\":[{\"@type\":\"ReadAction\",\"target\":[\"https:\/\/www.juntadeandalucia.es/educacion/eaprendizaje\/impulsocd\/pct-codigo-escuela-4-0\/actuacion-2-acompanamiento\/\"]}]},{\"@type\":\"ImageObject\",\"inLanguage\":\"es\",\"@id\":\"https:\/\/www.juntadeandalucia.es/educacion/eaprendizaje\/impulsocd\/pct-codigo-escuela-4-0\/actuacion-2-acompanamiento\/#primaryimage\",\"url\":\"https:\/\/www.juntadeandalucia.es/educacion/eaprendizaje\/wp-content\/uploads\/2025\/10\/p1_digitalizacion.png\",\"contentUrl\":\"https:\/\/www.juntadeandalucia.es/educacion/eaprendizaje\/wp-content\/uploads\/2025\/10\/p1_digitalizacion.png\",\"width\":1024,\"height\":1024},{\"@type\":\"BreadcrumbList\",\"@id\":\"https:\/\/www.juntadeandalucia.es/educacion/eaprendizaje\/impulsocd\/pct-codigo-escuela-4-0\/actuacion-2-acompanamiento\/#breadcrumb\",\"itemListElement\":[{\"@type\":\"ListItem\",\"position\":1,\"name\":\"Inicio\",\"item\":\"https:\/\/www.juntadeandalucia.es/educacion/eaprendizaje\/\"},{\"@type\":\"ListItem\",\"position\":2,\"name\":\"Digitalizaci\u00f3n e Inteligencia Artificial\",\"item\":\"https:\/\/www.juntadeandalucia.es/educacion/eaprendizaje\/impulsocd\/\"},{\"@type\":\"ListItem\",\"position\":3,\"name\":\"PCT C\u00f3digo Escuela 4.0\",\"item\":\"https:\/\/www.juntadeandalucia.es/educacion/eaprendizaje\/impulsocd\/pct-codigo-escuela-4-0\/\"},{\"@type\":\"ListItem\",\"position\":4,\"name\":\"Actuaci\u00f3n 2: Acompa\u00f1amiento\"}]},{\"@type\":\"WebSite\",\"@id\":\"https:\/\/www.juntadeandalucia.es/educacion/eaprendizaje\/#website\",\"url\":\"https:\/\/www.juntadeandalucia.es/educacion/eaprendizaje\/\",\"name\":\"eAprendizaje\",\"description\":\"Punto de encuentro de la Comunidad Educativa\",\"potentialAction\":[{\"@type\":\"SearchAction\",\"target\":{\"@type\":\"EntryPoint\",\"urlTemplate\":\"https:\/\/www.juntadeandalucia.es/educacion/eaprendizaje\/?s={search_term_string}\"},\"query-input\":{\"@type\":\"PropertyValueSpecification\",\"valueRequired\":true,\"valueName\":\"search_term_string\"}}],\"inLanguage\":\"es\"}]}<\/script>\n<!-- \/ Yoast SEO plugin. -->","yoast_head_json":{"title":"Actuaci\u00f3n 2: Acompa\u00f1amiento - eAprendizaje","robots":{"index":"index","follow":"follow","max-snippet":"max-snippet:-1","max-image-preview":"max-image-preview:large","max-video-preview":"max-video-preview:-1"},"canonical":"https:\/\/www.juntadeandalucia.es/educacion/eaprendizaje\/impulsocd\/pct-codigo-escuela-4-0\/actuacion-2-acompanamiento\/","og_locale":"es_ES","og_type":"article","og_title":"Actuaci\u00f3n 2: Acompa\u00f1amiento - eAprendizaje","og_description":"Programa financiado por el Ministerio de Educaci\u00f3n, Formaci\u00f3n Profesional y Deportes.","og_url":"https:\/\/www.juntadeandalucia.es/educacion/eaprendizaje\/impulsocd\/pct-codigo-escuela-4-0\/actuacion-2-acompanamiento\/","og_site_name":"eAprendizaje","article_modified_time":"2026-02-10T10:33:33+00:00","og_image":[{"url":"https:\/\/www.juntadeandalucia.es/educacion/eaprendizaje\/wp-content\/uploads\/2025\/10\/p1_digitalizacion.png","type":"","width":"","height":""}],"twitter_card":"summary_large_image","twitter_misc":{"Tiempo de lectura":"2 minutos"},"schema":{"@context":"https:\/\/schema.org","@graph":[{"@type":"WebPage","@id":"https:\/\/www.juntadeandalucia.es/educacion/eaprendizaje\/impulsocd\/pct-codigo-escuela-4-0\/actuacion-2-acompanamiento\/","url":"https:\/\/www.juntadeandalucia.es/educacion/eaprendizaje\/impulsocd\/pct-codigo-escuela-4-0\/actuacion-2-acompanamiento\/","name":"Actuaci\u00f3n 2: Acompa\u00f1amiento - eAprendizaje","isPartOf":{"@id":"https:\/\/www.juntadeandalucia.es/educacion/eaprendizaje\/#website"},"primaryImageOfPage":{"@id":"https:\/\/www.juntadeandalucia.es/educacion/eaprendizaje\/impulsocd\/pct-codigo-escuela-4-0\/actuacion-2-acompanamiento\/#primaryimage"},"image":{"@id":"https:\/\/www.juntadeandalucia.es/educacion/eaprendizaje\/impulsocd\/pct-codigo-escuela-4-0\/actuacion-2-acompanamiento\/#primaryimage"},"thumbnailUrl":"https:\/\/www.juntadeandalucia.es/educacion/eaprendizaje\/wp-content\/uploads\/2025\/10\/p1_digitalizacion.png","datePublished":"2025-10-20T08:12:34+00:00","dateModified":"2026-02-10T10:33:33+00:00","breadcrumb":{"@id":"https:\/\/www.juntadeandalucia.es/educacion/eaprendizaje\/impulsocd\/pct-codigo-escuela-4-0\/actuacion-2-acompanamiento\/#breadcrumb"},"inLanguage":"es","potentialAction":[{"@type":"ReadAction","target":["https:\/\/www.juntadeandalucia.es/educacion/eaprendizaje\/impulsocd\/pct-codigo-escuela-4-0\/actuacion-2-acompanamiento\/"]}]},{"@type":"ImageObject","inLanguage":"es","@id":"https:\/\/www.juntadeandalucia.es/educacion/eaprendizaje\/impulsocd\/pct-codigo-escuela-4-0\/actuacion-2-acompanamiento\/#primaryimage","url":"https:\/\/www.juntadeandalucia.es/educacion/eaprendizaje\/wp-content\/uploads\/2025\/10\/p1_digitalizacion.png","contentUrl":"https:\/\/www.juntadeandalucia.es/educacion/eaprendizaje\/wp-content\/uploads\/2025\/10\/p1_digitalizacion.png","width":1024,"height":1024},{"@type":"BreadcrumbList","@id":"https:\/\/www.juntadeandalucia.es/educacion/eaprendizaje\/impulsocd\/pct-codigo-escuela-4-0\/actuacion-2-acompanamiento\/#breadcrumb","itemListElement":[{"@type":"ListItem","position":1,"name":"Inicio","item":"https:\/\/www.juntadeandalucia.es/educacion/eaprendizaje\/"},{"@type":"ListItem","position":2,"name":"Digitalizaci\u00f3n e Inteligencia Artificial","item":"https:\/\/www.juntadeandalucia.es/educacion/eaprendizaje\/impulsocd\/"},{"@type":"ListItem","position":3,"name":"PCT C\u00f3digo Escuela 4.0","item":"https:\/\/www.juntadeandalucia.es/educacion/eaprendizaje\/impulsocd\/pct-codigo-escuela-4-0\/"},{"@type":"ListItem","position":4,"name":"Actuaci\u00f3n 2: Acompa\u00f1amiento"}]},{"@type":"WebSite","@id":"https:\/\/www.juntadeandalucia.es/educacion/eaprendizaje\/#website","url":"https:\/\/www.juntadeandalucia.es/educacion/eaprendizaje\/","name":"eAprendizaje","description":"Punto de encuentro de la Comunidad Educativa","potentialAction":[{"@type":"SearchAction","target":{"@type":"EntryPoint","urlTemplate":"https:\/\/www.juntadeandalucia.es/educacion/eaprendizaje\/?s={search_term_string}"},"query-input":{"@type":"PropertyValueSpecification","valueRequired":true,"valueName":"search_term_string"}}],"inLanguage":"es"}]}},"_links":{"self":[{"href":"https:\/\/www.juntadeandalucia.es/educacion/eaprendizaje\/wp-json\/wp\/v2\/pages\/8348","targetHints":{"allow":["GET"]}}],"collection":[{"href":"https:\/\/www.juntadeandalucia.es/educacion/eaprendizaje\/wp-json\/wp\/v2\/pages"}],"about":[{"href":"https:\/\/www.juntadeandalucia.es/educacion/eaprendizaje\/wp-json\/wp\/v2\/types\/page"}],"author":[{"embeddable":true,"href":"https:\/\/www.juntadeandalucia.es/educacion/eaprendizaje\/wp-json\/wp\/v2\/users\/4"}],"replies":[{"embeddable":true,"href":"https:\/\/www.juntadeandalucia.es/educacion/eaprendizaje\/wp-json\/wp\/v2\/comments?post=8348"}],"version-history":[{"count":13,"href":"https:\/\/www.juntadeandalucia.es/educacion/eaprendizaje\/wp-json\/wp\/v2\/pages\/8348\/revisions"}],"predecessor-version":[{"id":10332,"href":"https:\/\/www.juntadeandalucia.es/educacion/eaprendizaje\/wp-json\/wp\/v2\/pages\/8348\/revisions\/10332"}],"up":[{"embeddable":true,"href":"https:\/\/www.juntadeandalucia.es/educacion/eaprendizaje\/wp-json\/wp\/v2\/pages\/8317"}],"wp:attachment":[{"href":"https:\/\/www.juntadeandalucia.es/educacion/eaprendizaje\/wp-json\/wp\/v2\/media?parent=8348"}],"curies":[{"name":"wp","href":"https:\/\/api.w.org\/{rel}","templated":true}]}}