{"id":2900,"date":"2023-02-21T13:31:10","date_gmt":"2023-02-21T12:31:10","guid":{"rendered":"http:\/\/pd-wp-especial-28f.apps.paas-pro.junta-andalucia.es\/28f2023\/?post_type=hijo-predilecto&#038;p=2900"},"modified":"2023-02-24T10:57:35","modified_gmt":"2023-02-24T09:57:35","slug":"david-bisbal","status":"publish","type":"hijo-predilecto","link":"https:\/\/pd-wp-especial-28f.apps.paas-pro.junta-andalucia.es\/28f2023\/hijo-predilecto\/david-bisbal\/","title":{"rendered":"David Bisbal<p>Cantante<\/p>"},"content":{"rendered":"<p>Ganador de tres Grammy Latino, tres Billboard Latinos, 3 World Music Award y\u00a02 Premios Ondas, entre m\u00e1s de 80 galardones nacionales e internacionales,\u00a0David Bisbal\u00a0celebr\u00f3 el pasado noviembre dos d\u00e9cadas de \u00e9xito sobre los escenarios con un gran concierto en su Almer\u00eda natal ante m\u00e1s de 20.000 personas. A lo largo de ese tiempo ha actuado ante m\u00e1s de cinco millones de personas en\u00a0espacios\u00a0tan\u00a0m\u00edticos como el Royal Albert Hall, el O2 Arena de Londres, el Carnegie Hall,\u00a0el Barclays Center de Nueva York, el Teatro Real de Madrid o el Olympia de Par\u00eds, y ha conseguido once Discos de Diamante por las ventas de sus discos.<\/p>\n<p>Ha colaborado con artistas de la talla de\u00a0Alejandro Sanz,\u00a0Miley Cyrus,\u00a0Roc\u00edo Jurado,\u00a0Rihanna,\u00a0Alejandro Fern\u00e1ndez,\u00a0Marco Antonio Sol\u00eds,\u00a0Sebasti\u00e1n Yatra,\u00a0Juan Luis Guerra,\u00a0Luis Fonsi, Raphael,\u00a0Juan Gabriel,\u00a0Pl\u00e1cido Domingo, TINI, Aitana o la estrella country norteamericana Carrie Underwood.<\/p>\n<p>Suma m\u00e1s de 3,5 millones de streamings de todas sus canciones, y supera la cifra de 1,2 billones de vistas de sus videos. Entre ellos destacan sus \u00faltimos \u00e9xitos:\u00a0\u2018A Contracorriente\u2019, con \u00c1lvaro Soler; \u2018Dos veces\u2019, con Luis Fonsi; \u2018Vuelve, vuelve\u2019, con Danna Paola ; \u2018A partir de hoy\u2019,\u00a0con\u00a0Sebasti\u00e1n Yatra; \u2018Perd\u00f3n\u2019, con Greeicy; \u2018B\u00e9same\u2019, con\u00a0Juan Mag\u00e1n; \u2018Abrir\u00e9 la puerta\u2019, junto a\u00a0Alejandro Fern\u00e1ndez; \u2018Tears of Gold\u2019 (feat Carrie Underwood) o el exitoso \u2018Si t\u00fa la quieres\u2019, con Aitana, que alcanza ya las 80 millones de vistas y obtuvo certificaci\u00f3n de Oro en Espa\u00f1a por vender m\u00e1s de 20.000 copias.<\/p>\n<p>Como Embajador de Unicef Espa\u00f1a, desarrolla una importante labor social y humanitaria a nivel nacional e internacional. Particip\u00f3, junto a Su Majestad la Reina y otras personalidades en la celebraci\u00f3n del 75 aniversario de la organizaci\u00f3n. El pr\u00f3ximo junio dar\u00e1 comienzo a su nueva gira, \u2018Me Siento Vivo Tour 2023\u2019, que le llevar\u00e1 por toda la geograf\u00eda espa\u00f1ola y latinoamericana.<\/p>\n","protected":false},"excerpt":{"rendered":"<p>Ganador de tres Grammy Latino, tres Billboard Latinos, 3 World Music Award y\u00a02 Premios Ondas, entre m\u00e1s de 80 galardones nacionales e internacionales,\u00a0David Bisbal\u00a0celebr\u00f3 el pasado noviembre dos d\u00e9cadas de \u00e9xito sobre los escenarios con un gran concierto en su Almer\u00eda natal ante m\u00e1s de 20.000 personas.<\/p>\n","protected":false},"featured_media":3074,"template":"","anio_hijo_predilecto":[25],"class_list":["post-2900","hijo-predilecto","type-hijo-predilecto","status-publish","has-post-thumbnail","hentry","anio_hijo_predilecto-25"],"yoast_head":"<!-- This site is optimized with the Yoast SEO plugin v24.5 - https:\/\/yoast.com\/wordpress\/plugins\/seo\/ -->\n<title>David BisbalCantante - 28F D\u00eda de Andaluc\u00eda \u2013 2023<\/title>\n<meta name=\"robots\" content=\"index, follow, max-snippet:-1, max-image-preview:large, max-video-preview:-1\" \/>\n<link rel=\"canonical\" href=\"http:\/\/pd-wp-especial-28f.apps.paas-pro.junta-andalucia.es\/28f2023\/hijo-predilecto\/david-bisbal\/\" \/>\n<meta property=\"og:locale\" content=\"es_ES\" \/>\n<meta property=\"og:type\" content=\"article\" \/>\n<meta property=\"og:title\" content=\"David BisbalCantante - 28F D\u00eda de Andaluc\u00eda \u2013 2023\" \/>\n<meta property=\"og:description\" content=\"Ganador de tres Grammy Latino, tres Billboard Latinos, 3 World Music Award y\u00a02 Premios Ondas, entre m\u00e1s de 80 galardones nacionales e internacionales,\u00a0David Bisbal\u00a0celebr\u00f3 el pasado noviembre dos d\u00e9cadas de \u00e9xito sobre los escenarios con un gran concierto en su Almer\u00eda natal ante m\u00e1s de 20.000 personas.\" \/>\n<meta property=\"og:url\" content=\"http:\/\/pd-wp-especial-28f.apps.paas-pro.junta-andalucia.es\/28f2023\/hijo-predilecto\/david-bisbal\/\" \/>\n<meta property=\"og:site_name\" content=\"28F D\u00eda de Andaluc\u00eda \u2013 2023\" \/>\n<meta property=\"article:modified_time\" content=\"2023-02-24T09:57:35+00:00\" \/>\n<meta property=\"og:image\" content=\"http:\/\/pd-wp-especial-28f.apps.paas-pro.junta-andalucia.es\/28f2023\/wp-content\/uploads\/sites\/2\/2023\/02\/david-bisbal-3.jpg\" \/>\n\t<meta property=\"og:image:width\" content=\"650\" \/>\n\t<meta property=\"og:image:height\" content=\"600\" \/>\n\t<meta property=\"og:image:type\" content=\"image\/jpeg\" \/>\n<meta name=\"twitter:card\" content=\"summary_large_image\" \/>\n<meta name=\"twitter:label1\" content=\"Tiempo de lectura\" \/>\n\t<meta name=\"twitter:data1\" content=\"2 minutos\" \/>\n<script type=\"application\/ld+json\" class=\"yoast-schema-graph\">{\"@context\":\"https:\/\/schema.org\",\"@graph\":[{\"@type\":\"WebPage\",\"@id\":\"http:\/\/pd-wp-especial-28f.apps.paas-pro.junta-andalucia.es\/28f2023\/hijo-predilecto\/david-bisbal\/\",\"url\":\"http:\/\/pd-wp-especial-28f.apps.paas-pro.junta-andalucia.es\/28f2023\/hijo-predilecto\/david-bisbal\/\",\"name\":\"David BisbalCantante - 28F D\u00eda de Andaluc\u00eda \u2013 2023\",\"isPartOf\":{\"@id\":\"http:\/\/pd-wp-especial-28f.apps.paas-pro.junta-andalucia.es\/28f2023\/#website\"},\"primaryImageOfPage\":{\"@id\":\"http:\/\/pd-wp-especial-28f.apps.paas-pro.junta-andalucia.es\/28f2023\/hijo-predilecto\/david-bisbal\/#primaryimage\"},\"image\":{\"@id\":\"http:\/\/pd-wp-especial-28f.apps.paas-pro.junta-andalucia.es\/28f2023\/hijo-predilecto\/david-bisbal\/#primaryimage\"},\"thumbnailUrl\":\"https:\/\/pd-wp-especial-28f.apps.paas-pro.junta-andalucia.es\/28f2023\/wp-content\/uploads\/sites\/2\/2023\/02\/david-bisbal-3.jpg\",\"datePublished\":\"2023-02-21T12:31:10+00:00\",\"dateModified\":\"2023-02-24T09:57:35+00:00\",\"breadcrumb\":{\"@id\":\"http:\/\/pd-wp-especial-28f.apps.paas-pro.junta-andalucia.es\/28f2023\/hijo-predilecto\/david-bisbal\/#breadcrumb\"},\"inLanguage\":\"es\",\"potentialAction\":[{\"@type\":\"ReadAction\",\"target\":[\"http:\/\/pd-wp-especial-28f.apps.paas-pro.junta-andalucia.es\/28f2023\/hijo-predilecto\/david-bisbal\/\"]}]},{\"@type\":\"ImageObject\",\"inLanguage\":\"es\",\"@id\":\"http:\/\/pd-wp-especial-28f.apps.paas-pro.junta-andalucia.es\/28f2023\/hijo-predilecto\/david-bisbal\/#primaryimage\",\"url\":\"https:\/\/pd-wp-especial-28f.apps.paas-pro.junta-andalucia.es\/28f2023\/wp-content\/uploads\/sites\/2\/2023\/02\/david-bisbal-3.jpg\",\"contentUrl\":\"https:\/\/pd-wp-especial-28f.apps.paas-pro.junta-andalucia.es\/28f2023\/wp-content\/uploads\/sites\/2\/2023\/02\/david-bisbal-3.jpg\",\"width\":650,\"height\":600,\"caption\":\"David Bisbal\"},{\"@type\":\"BreadcrumbList\",\"@id\":\"http:\/\/pd-wp-especial-28f.apps.paas-pro.junta-andalucia.es\/28f2023\/hijo-predilecto\/david-bisbal\/#breadcrumb\",\"itemListElement\":[{\"@type\":\"ListItem\",\"position\":1,\"name\":\"Portada\",\"item\":\"https:\/\/pd-wp-especial-28f.apps.paas-pro.junta-andalucia.es\/28f2023\/\"},{\"@type\":\"ListItem\",\"position\":2,\"name\":\"David BisbalCantante\"}]},{\"@type\":\"WebSite\",\"@id\":\"http:\/\/pd-wp-especial-28f.apps.paas-pro.junta-andalucia.es\/28f2023\/#website\",\"url\":\"http:\/\/pd-wp-especial-28f.apps.paas-pro.junta-andalucia.es\/28f2023\/\",\"name\":\"28F D\u00eda de Andaluc\u00eda \u2013 2023\",\"description\":\"\",\"publisher\":{\"@id\":\"http:\/\/pd-wp-especial-28f.apps.paas-pro.junta-andalucia.es\/28f2023\/#organization\"},\"potentialAction\":[{\"@type\":\"SearchAction\",\"target\":{\"@type\":\"EntryPoint\",\"urlTemplate\":\"http:\/\/pd-wp-especial-28f.apps.paas-pro.junta-andalucia.es\/28f2023\/?s={search_term_string}\"},\"query-input\":{\"@type\":\"PropertyValueSpecification\",\"valueRequired\":true,\"valueName\":\"search_term_string\"}}],\"inLanguage\":\"es\"},{\"@type\":\"Organization\",\"@id\":\"http:\/\/pd-wp-especial-28f.apps.paas-pro.junta-andalucia.es\/28f2023\/#organization\",\"name\":\"28F D\u00eda de Andaluc\u00eda \u2013 2023\",\"url\":\"http:\/\/pd-wp-especial-28f.apps.paas-pro.junta-andalucia.es\/28f2023\/\",\"logo\":{\"@type\":\"ImageObject\",\"inLanguage\":\"es\",\"@id\":\"http:\/\/pd-wp-especial-28f.apps.paas-pro.junta-andalucia.es\/28f2023\/#\/schema\/logo\/image\/\",\"url\":\"https:\/\/pd-wp-especial-28f.apps.paas-pro.junta-andalucia.es\/28f2023\/wp-content\/uploads\/sites\/2\/2023\/02\/logo-28f.png\",\"contentUrl\":\"https:\/\/pd-wp-especial-28f.apps.paas-pro.junta-andalucia.es\/28f2023\/wp-content\/uploads\/sites\/2\/2023\/02\/logo-28f.png\",\"width\":163,\"height\":108,\"caption\":\"28F D\u00eda de Andaluc\u00eda \u2013 2023\"},\"image\":{\"@id\":\"http:\/\/pd-wp-especial-28f.apps.paas-pro.junta-andalucia.es\/28f2023\/#\/schema\/logo\/image\/\"}}]}<\/script>\n<!-- \/ Yoast SEO plugin. -->","yoast_head_json":{"title":"David BisbalCantante - 28F D\u00eda de Andaluc\u00eda \u2013 2023","robots":{"index":"index","follow":"follow","max-snippet":"max-snippet:-1","max-image-preview":"max-image-preview:large","max-video-preview":"max-video-preview:-1"},"canonical":"http:\/\/pd-wp-especial-28f.apps.paas-pro.junta-andalucia.es\/28f2023\/hijo-predilecto\/david-bisbal\/","og_locale":"es_ES","og_type":"article","og_title":"David BisbalCantante - 28F D\u00eda de Andaluc\u00eda \u2013 2023","og_description":"Ganador de tres Grammy Latino, tres Billboard Latinos, 3 World Music Award y\u00a02 Premios Ondas, entre m\u00e1s de 80 galardones nacionales e internacionales,\u00a0David Bisbal\u00a0celebr\u00f3 el pasado noviembre dos d\u00e9cadas de \u00e9xito sobre los escenarios con un gran concierto en su Almer\u00eda natal ante m\u00e1s de 20.000 personas.","og_url":"http:\/\/pd-wp-especial-28f.apps.paas-pro.junta-andalucia.es\/28f2023\/hijo-predilecto\/david-bisbal\/","og_site_name":"28F D\u00eda de Andaluc\u00eda \u2013 2023","article_modified_time":"2023-02-24T09:57:35+00:00","og_image":[{"width":650,"height":600,"url":"http:\/\/pd-wp-especial-28f.apps.paas-pro.junta-andalucia.es\/28f2023\/wp-content\/uploads\/sites\/2\/2023\/02\/david-bisbal-3.jpg","type":"image\/jpeg"}],"twitter_card":"summary_large_image","twitter_misc":{"Tiempo de lectura":"2 minutos"},"schema":{"@context":"https:\/\/schema.org","@graph":[{"@type":"WebPage","@id":"http:\/\/pd-wp-especial-28f.apps.paas-pro.junta-andalucia.es\/28f2023\/hijo-predilecto\/david-bisbal\/","url":"http:\/\/pd-wp-especial-28f.apps.paas-pro.junta-andalucia.es\/28f2023\/hijo-predilecto\/david-bisbal\/","name":"David BisbalCantante - 28F D\u00eda de Andaluc\u00eda \u2013 2023","isPartOf":{"@id":"http:\/\/pd-wp-especial-28f.apps.paas-pro.junta-andalucia.es\/28f2023\/#website"},"primaryImageOfPage":{"@id":"http:\/\/pd-wp-especial-28f.apps.paas-pro.junta-andalucia.es\/28f2023\/hijo-predilecto\/david-bisbal\/#primaryimage"},"image":{"@id":"http:\/\/pd-wp-especial-28f.apps.paas-pro.junta-andalucia.es\/28f2023\/hijo-predilecto\/david-bisbal\/#primaryimage"},"thumbnailUrl":"https:\/\/pd-wp-especial-28f.apps.paas-pro.junta-andalucia.es\/28f2023\/wp-content\/uploads\/sites\/2\/2023\/02\/david-bisbal-3.jpg","datePublished":"2023-02-21T12:31:10+00:00","dateModified":"2023-02-24T09:57:35+00:00","breadcrumb":{"@id":"http:\/\/pd-wp-especial-28f.apps.paas-pro.junta-andalucia.es\/28f2023\/hijo-predilecto\/david-bisbal\/#breadcrumb"},"inLanguage":"es","potentialAction":[{"@type":"ReadAction","target":["http:\/\/pd-wp-especial-28f.apps.paas-pro.junta-andalucia.es\/28f2023\/hijo-predilecto\/david-bisbal\/"]}]},{"@type":"ImageObject","inLanguage":"es","@id":"http:\/\/pd-wp-especial-28f.apps.paas-pro.junta-andalucia.es\/28f2023\/hijo-predilecto\/david-bisbal\/#primaryimage","url":"https:\/\/pd-wp-especial-28f.apps.paas-pro.junta-andalucia.es\/28f2023\/wp-content\/uploads\/sites\/2\/2023\/02\/david-bisbal-3.jpg","contentUrl":"https:\/\/pd-wp-especial-28f.apps.paas-pro.junta-andalucia.es\/28f2023\/wp-content\/uploads\/sites\/2\/2023\/02\/david-bisbal-3.jpg","width":650,"height":600,"caption":"David Bisbal"},{"@type":"BreadcrumbList","@id":"http:\/\/pd-wp-especial-28f.apps.paas-pro.junta-andalucia.es\/28f2023\/hijo-predilecto\/david-bisbal\/#breadcrumb","itemListElement":[{"@type":"ListItem","position":1,"name":"Portada","item":"https:\/\/pd-wp-especial-28f.apps.paas-pro.junta-andalucia.es\/28f2023\/"},{"@type":"ListItem","position":2,"name":"David BisbalCantante"}]},{"@type":"WebSite","@id":"http:\/\/pd-wp-especial-28f.apps.paas-pro.junta-andalucia.es\/28f2023\/#website","url":"http:\/\/pd-wp-especial-28f.apps.paas-pro.junta-andalucia.es\/28f2023\/","name":"28F D\u00eda de Andaluc\u00eda \u2013 2023","description":"","publisher":{"@id":"http:\/\/pd-wp-especial-28f.apps.paas-pro.junta-andalucia.es\/28f2023\/#organization"},"potentialAction":[{"@type":"SearchAction","target":{"@type":"EntryPoint","urlTemplate":"http:\/\/pd-wp-especial-28f.apps.paas-pro.junta-andalucia.es\/28f2023\/?s={search_term_string}"},"query-input":{"@type":"PropertyValueSpecification","valueRequired":true,"valueName":"search_term_string"}}],"inLanguage":"es"},{"@type":"Organization","@id":"http:\/\/pd-wp-especial-28f.apps.paas-pro.junta-andalucia.es\/28f2023\/#organization","name":"28F D\u00eda de Andaluc\u00eda \u2013 2023","url":"http:\/\/pd-wp-especial-28f.apps.paas-pro.junta-andalucia.es\/28f2023\/","logo":{"@type":"ImageObject","inLanguage":"es","@id":"http:\/\/pd-wp-especial-28f.apps.paas-pro.junta-andalucia.es\/28f2023\/#\/schema\/logo\/image\/","url":"https:\/\/pd-wp-especial-28f.apps.paas-pro.junta-andalucia.es\/28f2023\/wp-content\/uploads\/sites\/2\/2023\/02\/logo-28f.png","contentUrl":"https:\/\/pd-wp-especial-28f.apps.paas-pro.junta-andalucia.es\/28f2023\/wp-content\/uploads\/sites\/2\/2023\/02\/logo-28f.png","width":163,"height":108,"caption":"28F D\u00eda de Andaluc\u00eda \u2013 2023"},"image":{"@id":"http:\/\/pd-wp-especial-28f.apps.paas-pro.junta-andalucia.es\/28f2023\/#\/schema\/logo\/image\/"}}]}},"_links":{"self":[{"href":"https:\/\/pd-wp-especial-28f.apps.paas-pro.junta-andalucia.es\/28f2023\/wp-json\/wp\/v2\/hijo-predilecto\/2900","targetHints":{"allow":["GET"]}}],"collection":[{"href":"https:\/\/pd-wp-especial-28f.apps.paas-pro.junta-andalucia.es\/28f2023\/wp-json\/wp\/v2\/hijo-predilecto"}],"about":[{"href":"https:\/\/pd-wp-especial-28f.apps.paas-pro.junta-andalucia.es\/28f2023\/wp-json\/wp\/v2\/types\/hijo-predilecto"}],"wp:featuredmedia":[{"embeddable":true,"href":"https:\/\/pd-wp-especial-28f.apps.paas-pro.junta-andalucia.es\/28f2023\/wp-json\/wp\/v2\/media\/3074"}],"wp:attachment":[{"href":"https:\/\/pd-wp-especial-28f.apps.paas-pro.junta-andalucia.es\/28f2023\/wp-json\/wp\/v2\/media?parent=2900"}],"wp:term":[{"taxonomy":"anio_hijo_predilecto","embeddable":true,"href":"https:\/\/pd-wp-especial-28f.apps.paas-pro.junta-andalucia.es\/28f2023\/wp-json\/wp\/v2\/anio_hijo_predilecto?post=2900"}],"curies":[{"name":"wp","href":"https:\/\/api.w.org\/{rel}","templated":true}]}}