{"id":781,"date":"2022-02-10T12:41:04","date_gmt":"2022-02-10T11:41:04","guid":{"rendered":"https:\/\/28f.talleragencia.com\/?page_id=781"},"modified":"2023-02-27T10:56:40","modified_gmt":"2023-02-27T09:56:40","slug":"fotogaleria","status":"publish","type":"page","link":"https:\/\/pd-wp-especial-28f.apps.paas-pro.junta-andalucia.es\/28f2023\/media\/fotogaleria\/","title":{"rendered":"Fotogaler\u00eda"},"content":{"rendered":"<p>[vc_row row_height_percent=\u00bb0&#8243; back_image=\u00bb2380&#8243; back_repeat=\u00bbno-repeat\u00bb back_position=\u00bbcenter center\u00bb overlay_alpha=\u00bb50&#8243; gutter_size=\u00bb3&#8243; column_width_percent=\u00bb100&#8243; shift_y=\u00bb0&#8243; z_index=\u00bb0&#8243; uncode_shortcode_id=\u00bb887284&#8243; el_class=\u00bbcabecera-seccion\u00bb][vc_column width=\u00bb1\/1&#8243;][vc_column_text text_color=\u00bbcolor-xsdn\u00bb uncode_shortcode_id=\u00bb440550&#8243; text_color_type=\u00bbuncode-palette\u00bb]<\/p>\n<h1 class=\"text-color-xsdn-color fontsize-45\" style=\"text-align: center;\">Fotogaler\u00eda<\/h1>\n<p>[\/vc_column_text][\/vc_column][\/vc_row][vc_row row_height_percent=\u00bb0&#8243; override_padding=\u00bbyes\u00bb h_padding=\u00bb2&#8243; top_padding=\u00bb2&#8243; bottom_padding=\u00bb0&#8243; overlay_alpha=\u00bb50&#8243; gutter_size=\u00bb0&#8243; column_width_percent=\u00bb100&#8243; shift_y=\u00bb0&#8243; z_index=\u00bb0&#8243; uncode_shortcode_id=\u00bb984494&#8243;][vc_column column_width_percent=\u00bb100&#8243; gutter_size=\u00bb2&#8243; overlay_alpha=\u00bb50&#8243; shift_x=\u00bb0&#8243; shift_y=\u00bb0&#8243; shift_y_down=\u00bb0&#8243; z_index=\u00bb0&#8243; medium_width=\u00bb0&#8243; mobile_width=\u00bb0&#8243; width=\u00bb1\/2&#8243; uncode_shortcode_id=\u00bb151154&#8243;][vc_custom_heading text_color=\u00bbcolor-deep-turquoise\u00bb heading_semantic=\u00bbp\u00bb text_size=\u00bbfontsize-35px\u00bb text_height=\u00bbfontheight-35&#8243; uncode_shortcode_id=\u00bb175644&#8243; text_color_type=\u00bbuncode-palette\u00bb]FOTOS DEL EVENTO[\/vc_custom_heading][vc_custom_heading text_color=\u00bbcolor-183250&#8243; heading_semantic=\u00bbp\u00bb text_size=\u00bbfontsize-18&#8243; text_weight=\u00bb500&#8243; text_height=\u00bbfontheight-25&#8243; uncode_shortcode_id=\u00bb657327&#8243; text_color_type=\u00bbuncode-palette\u00bb]Los mejores y m\u00e1s entra\u00f1ables momentos de nuestro acto de entrega de Medallas de Andaluc\u00eda y t\u00edtulo de Hijo Predilecto.[\/vc_custom_heading][\/vc_column][vc_column width=\u00bb1\/2&#8243;][\/vc_column][\/vc_row][vc_row row_height_percent=\u00bb0&#8243; override_padding=\u00bbyes\u00bb h_padding=\u00bb2&#8243; top_padding=\u00bb2&#8243; bottom_padding=\u00bb2&#8243; overlay_alpha=\u00bb50&#8243; gutter_size=\u00bb3&#8243; column_width_percent=\u00bb100&#8243; shift_y=\u00bb0&#8243; z_index=\u00bb0&#8243; uncode_shortcode_id=\u00bb712296&#8243;][vc_column column_width_percent=\u00bb100&#8243; gutter_size=\u00bb2&#8243; overlay_alpha=\u00bb50&#8243; shift_x=\u00bb0&#8243; shift_y=\u00bb0&#8243; shift_y_down=\u00bb0&#8243; z_index=\u00bb0&#8243; medium_width=\u00bb0&#8243; mobile_width=\u00bb0&#8243; width=\u00bb1\/1&#8243; uncode_shortcode_id=\u00bb838285&#8243;][uncode_index el_id=\u00bbindex-141354&#8243; isotope_mode=\u00bbfitRows\u00bb loop=\u00bbsize:All|order_by:date|post_type:portfolio|tax_query:6|taxonomy_count:10&#8243; gutter_size=\u00bb2&#8243; portfolio_items=\u00bbmedia|featured|onpost|original,title,link|default|default_size|VER M\u00c1S\u00bb screen_lg=\u00bb1000&#8243; screen_md=\u00bb600&#8243; screen_sm=\u00bb480&#8243; images_size=\u00bbthree-two\u00bb single_overlay_opacity=\u00bb50&#8243; single_padding=\u00bb1&#8243; single_title_semantic=\u00bbh2&#8243; single_title_dimension=\u00bbfontsize-20&#8243; uncode_shortcode_id=\u00bb162928&#8243; el_class=\u00bblistado-fotogaleria\u00bb][\/vc_column][\/vc_row][vc_row][vc_column width=\u00bb1\/1&#8243;][vc_empty_space empty_h=\u00bb4&#8243;][\/vc_column][\/vc_row]<\/p>\n","protected":false},"excerpt":{"rendered":"<p>[vc_row row_height_percent=\u00bb0&#8243; back_image=\u00bb2380&#8243; back_repeat=\u00bbno-repeat\u00bb back_position=\u00bbcenter center\u00bb overlay_alpha=\u00bb50&#8243; gutter_size=\u00bb3&#8243; column_width_percent=\u00bb100&#8243; shift_y=\u00bb0&#8243; z_index=\u00bb0&#8243; uncode_shortcode_id=\u00bb887284&#8243; el_class=\u00bbcabecera-seccion\u00bb][vc_column width=\u00bb1\/1&#8243;][vc_column_text text_color=\u00bbcolor-xsdn\u00bb uncode_shortcode_id=\u00bb440550&#8243; text_color_type=\u00bbuncode-palette\u00bb] Fotogaler\u00eda [\/vc_column_text][\/vc_column][\/vc_row][vc_row row_height_percent=\u00bb0&#8243; [&hellip;]<\/p>\n","protected":false},"author":5,"featured_media":0,"parent":122,"menu_order":5,"comment_status":"closed","ping_status":"closed","template":"","meta":{"footnotes":""},"class_list":["post-781","page","type-page","status-publish","hentry"],"yoast_head":"<!-- This site is optimized with the Yoast SEO plugin v24.5 - https:\/\/yoast.com\/wordpress\/plugins\/seo\/ -->\n<title>28F D\u00eda de Andaluc\u00eda - Galer\u00eda Multimedia [2022]<\/title>\n<meta name=\"description\" content=\"Un recorrido en im\u00e1genes por los mejores momentos vividos durante la gala de entrega de galardones 28F del D\u00eda de Andaluc\u00eda.\" \/>\n<meta name=\"robots\" content=\"index, follow, max-snippet:-1, max-image-preview:large, max-video-preview:-1\" \/>\n<link rel=\"canonical\" href=\"https:\/\/pd-wp-especial-28f.apps.paas-pro.junta-andalucia.es\/28f2023\/media\/fotogaleria\/\" \/>\n<meta property=\"og:locale\" content=\"es_ES\" \/>\n<meta property=\"og:type\" content=\"article\" \/>\n<meta property=\"og:title\" content=\"28F D\u00eda de Andaluc\u00eda - Galer\u00eda Multimedia [2022]\" \/>\n<meta property=\"og:description\" content=\"Un recorrido en im\u00e1genes por los mejores momentos vividos durante la gala de entrega de galardones 28F del D\u00eda de Andaluc\u00eda.\" \/>\n<meta property=\"og:url\" content=\"https:\/\/pd-wp-especial-28f.apps.paas-pro.junta-andalucia.es\/28f2023\/media\/fotogaleria\/\" \/>\n<meta property=\"og:site_name\" content=\"28F D\u00eda de Andaluc\u00eda \u2013 2023\" \/>\n<meta property=\"article:modified_time\" content=\"2023-02-27T09:56:40+00:00\" \/>\n<meta name=\"twitter:card\" content=\"summary_large_image\" \/>\n<meta name=\"twitter:label1\" content=\"Tiempo de lectura\" \/>\n\t<meta name=\"twitter:data1\" content=\"1 minuto\" \/>\n<script type=\"application\/ld+json\" class=\"yoast-schema-graph\">{\"@context\":\"https:\/\/schema.org\",\"@graph\":[{\"@type\":\"WebPage\",\"@id\":\"https:\/\/pd-wp-especial-28f.apps.paas-pro.junta-andalucia.es\/28f2023\/media\/fotogaleria\/\",\"url\":\"https:\/\/pd-wp-especial-28f.apps.paas-pro.junta-andalucia.es\/28f2023\/media\/fotogaleria\/\",\"name\":\"28F D\u00eda de Andaluc\u00eda - Galer\u00eda Multimedia [2022]\",\"isPartOf\":{\"@id\":\"http:\/\/pd-wp-especial-28f.apps.paas-pro.junta-andalucia.es\/28f2023\/#website\"},\"datePublished\":\"2022-02-10T11:41:04+00:00\",\"dateModified\":\"2023-02-27T09:56:40+00:00\",\"description\":\"Un recorrido en im\u00e1genes por los mejores momentos vividos durante la gala de entrega de galardones 28F del D\u00eda de Andaluc\u00eda.\",\"breadcrumb\":{\"@id\":\"https:\/\/pd-wp-especial-28f.apps.paas-pro.junta-andalucia.es\/28f2023\/media\/fotogaleria\/#breadcrumb\"},\"inLanguage\":\"es\",\"potentialAction\":[{\"@type\":\"ReadAction\",\"target\":[\"https:\/\/pd-wp-especial-28f.apps.paas-pro.junta-andalucia.es\/28f2023\/media\/fotogaleria\/\"]}]},{\"@type\":\"BreadcrumbList\",\"@id\":\"https:\/\/pd-wp-especial-28f.apps.paas-pro.junta-andalucia.es\/28f2023\/media\/fotogaleria\/#breadcrumb\",\"itemListElement\":[{\"@type\":\"ListItem\",\"position\":1,\"name\":\"Portada\",\"item\":\"https:\/\/pd-wp-especial-28f.apps.paas-pro.junta-andalucia.es\/28f2023\/\"},{\"@type\":\"ListItem\",\"position\":2,\"name\":\"Multimedia\",\"item\":\"https:\/\/pd-wp-especial-28f.apps.paas-pro.junta-andalucia.es\/28f2023\/media\/\"},{\"@type\":\"ListItem\",\"position\":3,\"name\":\"Fotogaler\u00eda\"}]},{\"@type\":\"WebSite\",\"@id\":\"http:\/\/pd-wp-especial-28f.apps.paas-pro.junta-andalucia.es\/28f2023\/#website\",\"url\":\"http:\/\/pd-wp-especial-28f.apps.paas-pro.junta-andalucia.es\/28f2023\/\",\"name\":\"28F D\u00eda de Andaluc\u00eda \u2013 2023\",\"description\":\"\",\"publisher\":{\"@id\":\"http:\/\/pd-wp-especial-28f.apps.paas-pro.junta-andalucia.es\/28f2023\/#organization\"},\"potentialAction\":[{\"@type\":\"SearchAction\",\"target\":{\"@type\":\"EntryPoint\",\"urlTemplate\":\"http:\/\/pd-wp-especial-28f.apps.paas-pro.junta-andalucia.es\/28f2023\/?s={search_term_string}\"},\"query-input\":{\"@type\":\"PropertyValueSpecification\",\"valueRequired\":true,\"valueName\":\"search_term_string\"}}],\"inLanguage\":\"es\"},{\"@type\":\"Organization\",\"@id\":\"http:\/\/pd-wp-especial-28f.apps.paas-pro.junta-andalucia.es\/28f2023\/#organization\",\"name\":\"28F D\u00eda de Andaluc\u00eda \u2013 2023\",\"url\":\"http:\/\/pd-wp-especial-28f.apps.paas-pro.junta-andalucia.es\/28f2023\/\",\"logo\":{\"@type\":\"ImageObject\",\"inLanguage\":\"es\",\"@id\":\"http:\/\/pd-wp-especial-28f.apps.paas-pro.junta-andalucia.es\/28f2023\/#\/schema\/logo\/image\/\",\"url\":\"https:\/\/pd-wp-especial-28f.apps.paas-pro.junta-andalucia.es\/28f2023\/wp-content\/uploads\/sites\/2\/2023\/02\/logo-28f.png\",\"contentUrl\":\"https:\/\/pd-wp-especial-28f.apps.paas-pro.junta-andalucia.es\/28f2023\/wp-content\/uploads\/sites\/2\/2023\/02\/logo-28f.png\",\"width\":163,\"height\":108,\"caption\":\"28F D\u00eda de Andaluc\u00eda \u2013 2023\"},\"image\":{\"@id\":\"http:\/\/pd-wp-especial-28f.apps.paas-pro.junta-andalucia.es\/28f2023\/#\/schema\/logo\/image\/\"}}]}<\/script>\n<!-- \/ Yoast SEO plugin. -->","yoast_head_json":{"title":"28F D\u00eda de Andaluc\u00eda - Galer\u00eda Multimedia [2022]","description":"Un recorrido en im\u00e1genes por los mejores momentos vividos durante la gala de entrega de galardones 28F del D\u00eda de Andaluc\u00eda.","robots":{"index":"index","follow":"follow","max-snippet":"max-snippet:-1","max-image-preview":"max-image-preview:large","max-video-preview":"max-video-preview:-1"},"canonical":"https:\/\/pd-wp-especial-28f.apps.paas-pro.junta-andalucia.es\/28f2023\/media\/fotogaleria\/","og_locale":"es_ES","og_type":"article","og_title":"28F D\u00eda de Andaluc\u00eda - Galer\u00eda Multimedia [2022]","og_description":"Un recorrido en im\u00e1genes por los mejores momentos vividos durante la gala de entrega de galardones 28F del D\u00eda de Andaluc\u00eda.","og_url":"https:\/\/pd-wp-especial-28f.apps.paas-pro.junta-andalucia.es\/28f2023\/media\/fotogaleria\/","og_site_name":"28F D\u00eda de Andaluc\u00eda \u2013 2023","article_modified_time":"2023-02-27T09:56:40+00:00","twitter_card":"summary_large_image","twitter_misc":{"Tiempo de lectura":"1 minuto"},"schema":{"@context":"https:\/\/schema.org","@graph":[{"@type":"WebPage","@id":"https:\/\/pd-wp-especial-28f.apps.paas-pro.junta-andalucia.es\/28f2023\/media\/fotogaleria\/","url":"https:\/\/pd-wp-especial-28f.apps.paas-pro.junta-andalucia.es\/28f2023\/media\/fotogaleria\/","name":"28F D\u00eda de Andaluc\u00eda - Galer\u00eda Multimedia [2022]","isPartOf":{"@id":"http:\/\/pd-wp-especial-28f.apps.paas-pro.junta-andalucia.es\/28f2023\/#website"},"datePublished":"2022-02-10T11:41:04+00:00","dateModified":"2023-02-27T09:56:40+00:00","description":"Un recorrido en im\u00e1genes por los mejores momentos vividos durante la gala de entrega de galardones 28F del D\u00eda de Andaluc\u00eda.","breadcrumb":{"@id":"https:\/\/pd-wp-especial-28f.apps.paas-pro.junta-andalucia.es\/28f2023\/media\/fotogaleria\/#breadcrumb"},"inLanguage":"es","potentialAction":[{"@type":"ReadAction","target":["https:\/\/pd-wp-especial-28f.apps.paas-pro.junta-andalucia.es\/28f2023\/media\/fotogaleria\/"]}]},{"@type":"BreadcrumbList","@id":"https:\/\/pd-wp-especial-28f.apps.paas-pro.junta-andalucia.es\/28f2023\/media\/fotogaleria\/#breadcrumb","itemListElement":[{"@type":"ListItem","position":1,"name":"Portada","item":"https:\/\/pd-wp-especial-28f.apps.paas-pro.junta-andalucia.es\/28f2023\/"},{"@type":"ListItem","position":2,"name":"Multimedia","item":"https:\/\/pd-wp-especial-28f.apps.paas-pro.junta-andalucia.es\/28f2023\/media\/"},{"@type":"ListItem","position":3,"name":"Fotogaler\u00eda"}]},{"@type":"WebSite","@id":"http:\/\/pd-wp-especial-28f.apps.paas-pro.junta-andalucia.es\/28f2023\/#website","url":"http:\/\/pd-wp-especial-28f.apps.paas-pro.junta-andalucia.es\/28f2023\/","name":"28F D\u00eda de Andaluc\u00eda \u2013 2023","description":"","publisher":{"@id":"http:\/\/pd-wp-especial-28f.apps.paas-pro.junta-andalucia.es\/28f2023\/#organization"},"potentialAction":[{"@type":"SearchAction","target":{"@type":"EntryPoint","urlTemplate":"http:\/\/pd-wp-especial-28f.apps.paas-pro.junta-andalucia.es\/28f2023\/?s={search_term_string}"},"query-input":{"@type":"PropertyValueSpecification","valueRequired":true,"valueName":"search_term_string"}}],"inLanguage":"es"},{"@type":"Organization","@id":"http:\/\/pd-wp-especial-28f.apps.paas-pro.junta-andalucia.es\/28f2023\/#organization","name":"28F D\u00eda de Andaluc\u00eda \u2013 2023","url":"http:\/\/pd-wp-especial-28f.apps.paas-pro.junta-andalucia.es\/28f2023\/","logo":{"@type":"ImageObject","inLanguage":"es","@id":"http:\/\/pd-wp-especial-28f.apps.paas-pro.junta-andalucia.es\/28f2023\/#\/schema\/logo\/image\/","url":"https:\/\/pd-wp-especial-28f.apps.paas-pro.junta-andalucia.es\/28f2023\/wp-content\/uploads\/sites\/2\/2023\/02\/logo-28f.png","contentUrl":"https:\/\/pd-wp-especial-28f.apps.paas-pro.junta-andalucia.es\/28f2023\/wp-content\/uploads\/sites\/2\/2023\/02\/logo-28f.png","width":163,"height":108,"caption":"28F D\u00eda de Andaluc\u00eda \u2013 2023"},"image":{"@id":"http:\/\/pd-wp-especial-28f.apps.paas-pro.junta-andalucia.es\/28f2023\/#\/schema\/logo\/image\/"}}]}},"_links":{"self":[{"href":"https:\/\/pd-wp-especial-28f.apps.paas-pro.junta-andalucia.es\/28f2023\/wp-json\/wp\/v2\/pages\/781","targetHints":{"allow":["GET"]}}],"collection":[{"href":"https:\/\/pd-wp-especial-28f.apps.paas-pro.junta-andalucia.es\/28f2023\/wp-json\/wp\/v2\/pages"}],"about":[{"href":"https:\/\/pd-wp-especial-28f.apps.paas-pro.junta-andalucia.es\/28f2023\/wp-json\/wp\/v2\/types\/page"}],"author":[{"embeddable":true,"href":"https:\/\/pd-wp-especial-28f.apps.paas-pro.junta-andalucia.es\/28f2023\/wp-json\/wp\/v2\/users\/5"}],"replies":[{"embeddable":true,"href":"https:\/\/pd-wp-especial-28f.apps.paas-pro.junta-andalucia.es\/28f2023\/wp-json\/wp\/v2\/comments?post=781"}],"version-history":[{"count":7,"href":"https:\/\/pd-wp-especial-28f.apps.paas-pro.junta-andalucia.es\/28f2023\/wp-json\/wp\/v2\/pages\/781\/revisions"}],"predecessor-version":[{"id":3321,"href":"https:\/\/pd-wp-especial-28f.apps.paas-pro.junta-andalucia.es\/28f2023\/wp-json\/wp\/v2\/pages\/781\/revisions\/3321"}],"up":[{"embeddable":true,"href":"https:\/\/pd-wp-especial-28f.apps.paas-pro.junta-andalucia.es\/28f2023\/wp-json\/wp\/v2\/pages\/122"}],"wp:attachment":[{"href":"https:\/\/pd-wp-especial-28f.apps.paas-pro.junta-andalucia.es\/28f2023\/wp-json\/wp\/v2\/media?parent=781"}],"curies":[{"name":"wp","href":"https:\/\/api.w.org\/{rel}","templated":true}]}}