{"id":3676,"date":"2024-02-09T11:51:25","date_gmt":"2024-02-09T10:51:25","guid":{"rendered":"http:\/\/pd-wp-especial-28f.apps.paas-pro.junta-andalucia.es\/28f2024\/?page_id=3676"},"modified":"2024-02-26T21:59:00","modified_gmt":"2024-02-26T20:59:00","slug":"memoria-autonomica","status":"publish","type":"page","link":"https:\/\/pd-wp-especial-28f.apps.paas-pro.junta-andalucia.es\/28f2024\/memoria-autonomica\/","title":{"rendered":"Memoria Auton\u00f3mica"},"content":{"rendered":"\t\t<div data-elementor-type=\"wp-page\" data-elementor-id=\"3676\" class=\"elementor elementor-3676\" data-elementor-post-type=\"page\">\n\t\t\t\t<div class=\"elementor-element elementor-element-f83df11 e-flex e-con-boxed e-con e-parent\" data-id=\"f83df11\" data-element_type=\"container\" data-settings=\"{&quot;_ob_use_container_extras&quot;:&quot;no&quot;,&quot;_ob_column_hoveranimator&quot;:&quot;no&quot;,&quot;_ob_glider_is_slider&quot;:&quot;no&quot;,&quot;_ob_column_has_pseudo&quot;:&quot;no&quot;}\">\n\t\t\t\t\t<div class=\"e-con-inner\">\n\t\t\t\t<div class=\"elementor-element elementor-element-351bf6a elementor-align-left ob-has-background-overlay elementor-widget elementor-widget-breadcrumbs\" data-id=\"351bf6a\" data-element_type=\"widget\" data-settings=\"{&quot;_ob_perspektive_use&quot;:&quot;no&quot;,&quot;_ob_poopart_use&quot;:&quot;yes&quot;,&quot;_ob_shadough_use&quot;:&quot;no&quot;,&quot;_ob_allow_hoveranimator&quot;:&quot;no&quot;,&quot;_ob_widget_stalker_use&quot;:&quot;no&quot;}\" data-widget_type=\"breadcrumbs.default\">\n\t\t\t\t<div class=\"elementor-widget-container\">\n\t\t\t<div id=\"breadcrumbs\"><span><span><a href=\"http:\/\/pd-wp-especial-28f.apps.paas-pro.junta-andalucia.es\/28f2024\/\">Portada<\/a><\/span><\/span><\/div>\t\t<\/div>\n\t\t\t\t<\/div>\n\t\t\t\t\t<\/div>\n\t\t\t\t<\/div>\n\t\t<div class=\"elementor-element elementor-element-f9386e8 e-flex e-con-boxed e-con e-parent\" data-id=\"f9386e8\" data-element_type=\"container\" data-settings=\"{&quot;_ob_use_container_extras&quot;:&quot;no&quot;,&quot;_ob_column_hoveranimator&quot;:&quot;no&quot;,&quot;_ob_glider_is_slider&quot;:&quot;no&quot;,&quot;_ob_column_has_pseudo&quot;:&quot;no&quot;}\">\n\t\t\t\t\t<div class=\"e-con-inner\">\n\t\t\t\t<div class=\"elementor-element elementor-element-d6da81d ob-harakiri-inherit ob-has-background-overlay elementor-widget elementor-widget-heading\" data-id=\"d6da81d\" data-element_type=\"widget\" data-settings=\"{&quot;_ob_use_harakiri&quot;:&quot;yes&quot;,&quot;_ob_harakiri_writing_mode&quot;:&quot;inherit&quot;,&quot;_ob_harakiri_text_clip&quot;:&quot;none&quot;,&quot;_ob_perspektive_use&quot;:&quot;no&quot;,&quot;_ob_poopart_use&quot;:&quot;yes&quot;,&quot;_ob_shadough_use&quot;:&quot;no&quot;,&quot;_ob_allow_hoveranimator&quot;:&quot;no&quot;,&quot;_ob_widget_stalker_use&quot;:&quot;no&quot;}\" data-widget_type=\"heading.default\">\n\t\t\t\t<div class=\"elementor-widget-container\">\n\t\t\t<h1 class=\"elementor-heading-title elementor-size-default\">Memoria de la Autonom\u00eda de Andaluc\u00eda<\/h1>\t\t<\/div>\n\t\t\t\t<\/div>\n\t\t\t\t\t<\/div>\n\t\t\t\t<\/div>\n\t\t<div class=\"elementor-element elementor-element-d576b38 e-flex e-con-boxed e-con e-parent\" data-id=\"d576b38\" data-element_type=\"container\" data-settings=\"{&quot;_ob_use_container_extras&quot;:&quot;no&quot;,&quot;_ob_column_hoveranimator&quot;:&quot;no&quot;,&quot;_ob_glider_is_slider&quot;:&quot;no&quot;,&quot;_ob_column_has_pseudo&quot;:&quot;no&quot;}\">\n\t\t\t\t\t<div class=\"e-con-inner\">\n\t\t<div class=\"elementor-element elementor-element-8b19f97 e-con-full e-flex e-con e-child\" data-id=\"8b19f97\" data-element_type=\"container\" data-settings=\"{&quot;_ob_use_container_extras&quot;:&quot;no&quot;,&quot;_ob_column_hoveranimator&quot;:&quot;no&quot;,&quot;_ob_glider_is_slider&quot;:&quot;no&quot;,&quot;_ob_column_has_pseudo&quot;:&quot;no&quot;}\">\n\t\t\t\t<div class=\"elementor-element elementor-element-728f839 ob-has-background-overlay elementor-widget elementor-widget-image\" data-id=\"728f839\" data-element_type=\"widget\" data-settings=\"{&quot;_ob_photomorph_use&quot;:&quot;no&quot;,&quot;_ob_perspektive_use&quot;:&quot;no&quot;,&quot;_ob_poopart_use&quot;:&quot;yes&quot;,&quot;_ob_shadough_use&quot;:&quot;no&quot;,&quot;_ob_allow_hoveranimator&quot;:&quot;no&quot;,&quot;_ob_widget_stalker_use&quot;:&quot;no&quot;}\" data-widget_type=\"image.default\">\n\t\t\t\t<div class=\"elementor-widget-container\">\n\t\t\t\t\t\t\t\t\t\t\t\t\t<img decoding=\"async\" src=\"http:\/\/pd-wp-especial-28f.apps.paas-pro.junta-andalucia.es\/28f2024\/wp-content\/uploads\/sites\/2\/2024\/02\/historia-de-la-autonomia.png\" title=\"\" alt=\"Historia de la Autonom\u00eda\" loading=\"lazy\" \/>\t\t\t\t\t\t\t\t\t\t\t\t\t<\/div>\n\t\t\t\t<\/div>\n\t\t\t\t<\/div>\n\t\t<div class=\"elementor-element elementor-element-d098d91 e-con-full e-flex e-con e-child\" data-id=\"d098d91\" data-element_type=\"container\" data-settings=\"{&quot;_ob_use_container_extras&quot;:&quot;no&quot;,&quot;_ob_column_hoveranimator&quot;:&quot;no&quot;,&quot;_ob_glider_is_slider&quot;:&quot;no&quot;,&quot;_ob_column_has_pseudo&quot;:&quot;no&quot;}\">\n\t\t\t\t<div class=\"elementor-element elementor-element-1d02001 ob-harakiri-inherit ob-has-background-overlay elementor-widget elementor-widget-text-editor\" data-id=\"1d02001\" data-element_type=\"widget\" data-settings=\"{&quot;_ob_use_harakiri&quot;:&quot;yes&quot;,&quot;_ob_harakiri_writing_mode&quot;:&quot;inherit&quot;,&quot;_ob_postman_use&quot;:&quot;no&quot;,&quot;_ob_perspektive_use&quot;:&quot;no&quot;,&quot;_ob_poopart_use&quot;:&quot;yes&quot;,&quot;_ob_shadough_use&quot;:&quot;no&quot;,&quot;_ob_allow_hoveranimator&quot;:&quot;no&quot;,&quot;_ob_widget_stalker_use&quot;:&quot;no&quot;}\" data-widget_type=\"text-editor.default\">\n\t\t\t\t<div class=\"elementor-widget-container\">\n\t\t\t\t\t\t\t<div class=\"vc_custom_heading_wrap \"><div class=\"heading-text el-text\"><h2 class=\"fontsize-35px fontheight-35 font-weight-600 text-color-175436-color\">Historia de la Autonom\u00eda<\/h2><\/div><\/div><div class=\"vc_custom_heading_wrap \"><div class=\"heading-text el-text\"><p class=\"fontsize-20 fontheight-24 font-weight-400 text-color-greyish-brown-Two-color\">Un breve recorrido por el proceso que condujo a la constituci\u00f3n de la Junta de Andaluc\u00eda y al logro del m\u00e1ximo techo competencial. <span style=\"font-family: var( --e-global-typography-text-font-family ), Sans-serif;font-size: var( --e-global-typography-text-font-size );font-weight: var( --e-global-typography-text-font-weight );text-align: var(--text-align)\">Los or\u00edgenes hist\u00f3ricos de la autonom\u00eda andaluza se remontan al alzamiento revolucionario de Topete en C\u00e1diz, en el siglo XIX, con el que se reivindicaba mayor democracia y descentralizaci\u00f3n.\u00a0<\/span><\/p><\/div><\/div>\t\t\t\t\t\t<\/div>\n\t\t\t\t<\/div>\n\t\t\t\t<div class=\"elementor-element elementor-element-cad0b2d ob-has-background-overlay elementor-widget elementor-widget-button\" data-id=\"cad0b2d\" data-element_type=\"widget\" data-settings=\"{&quot;_ob_butterbutton_use_it&quot;:&quot;no&quot;,&quot;_ob_perspektive_use&quot;:&quot;no&quot;,&quot;_ob_poopart_use&quot;:&quot;yes&quot;,&quot;_ob_shadough_use&quot;:&quot;no&quot;,&quot;_ob_allow_hoveranimator&quot;:&quot;no&quot;,&quot;_ob_widget_stalker_use&quot;:&quot;no&quot;}\" data-widget_type=\"button.default\">\n\t\t\t\t<div class=\"elementor-widget-container\">\n\t\t\t\t\t\t\t<div class=\"elementor-button-wrapper\">\n\t\t\t\t\t<a class=\"elementor-button elementor-button-link elementor-size-sm elementor-animation-grow\" href=\"http:\/\/pd-wp-especial-28f.apps.paas-pro.junta-andalucia.es\/28f2024\/memoria-autonomica\/historia-de-la-autonomia\/\">\n\t\t\t\t\t\t<span class=\"elementor-button-content-wrapper\">\n\t\t\t\t\t\t\t\t\t<span class=\"elementor-button-text\">Ver m\u00e1s<\/span>\n\t\t\t\t\t<\/span>\n\t\t\t\t\t<\/a>\n\t\t\t\t<\/div>\n\t\t\t\t\t\t<\/div>\n\t\t\t\t<\/div>\n\t\t\t\t<\/div>\n\t\t\t\t\t<\/div>\n\t\t\t\t<\/div>\n\t\t<div class=\"elementor-element elementor-element-26b3531 e-flex e-con-boxed e-con e-parent\" data-id=\"26b3531\" data-element_type=\"container\" data-settings=\"{&quot;_ob_use_container_extras&quot;:&quot;no&quot;,&quot;_ob_column_hoveranimator&quot;:&quot;no&quot;,&quot;_ob_glider_is_slider&quot;:&quot;no&quot;,&quot;_ob_column_has_pseudo&quot;:&quot;no&quot;}\">\n\t\t\t\t\t<div class=\"e-con-inner\">\n\t\t<div class=\"elementor-element elementor-element-fd48d9e e-con-full e-flex e-con e-child\" data-id=\"fd48d9e\" data-element_type=\"container\" data-settings=\"{&quot;_ob_use_container_extras&quot;:&quot;no&quot;,&quot;_ob_column_hoveranimator&quot;:&quot;no&quot;,&quot;_ob_glider_is_slider&quot;:&quot;no&quot;,&quot;_ob_column_has_pseudo&quot;:&quot;no&quot;}\">\n\t\t\t\t<div class=\"elementor-element elementor-element-9735111 ob-harakiri-inherit ob-has-background-overlay elementor-widget elementor-widget-text-editor\" data-id=\"9735111\" data-element_type=\"widget\" data-settings=\"{&quot;_ob_use_harakiri&quot;:&quot;yes&quot;,&quot;_ob_harakiri_writing_mode&quot;:&quot;inherit&quot;,&quot;_ob_postman_use&quot;:&quot;no&quot;,&quot;_ob_perspektive_use&quot;:&quot;no&quot;,&quot;_ob_poopart_use&quot;:&quot;yes&quot;,&quot;_ob_shadough_use&quot;:&quot;no&quot;,&quot;_ob_allow_hoveranimator&quot;:&quot;no&quot;,&quot;_ob_widget_stalker_use&quot;:&quot;no&quot;}\" data-widget_type=\"text-editor.default\">\n\t\t\t\t<div class=\"elementor-widget-container\">\n\t\t\t\t\t\t\t<div class=\"vc_custom_heading_wrap \"><div class=\"heading-text el-text\"><div class=\"vc_custom_heading_wrap \"><div class=\"heading-text el-text\"><h2 class=\"fontsize-35px fontheight-35 font-weight-600 text-color-175436-color\">Momentos hist\u00f3ricos<\/h2><\/div><\/div><div class=\"vc_custom_heading_wrap \"><div class=\"heading-text el-text\"><p class=\"fontsize-17 fontheight-21 font-weight-300 text-color-greyish-brown-Two-color\">Andaluc\u00eda fue la cuarta regi\u00f3n espa\u00f1ola que, tras la restauraci\u00f3n de la democracia, obtuvo el reconocimiento de su identidad hist\u00f3rica y el derecho al autogobierno. De acuerdo con la exigencia manifestada por el pueblo andaluz en el refer\u00e9ndum del 28 de febrero de 1980.<\/p><\/div><\/div><\/div><\/div>\t\t\t\t\t\t<\/div>\n\t\t\t\t<\/div>\n\t\t\t\t<div class=\"elementor-element elementor-element-ccf0966 ob-has-background-overlay elementor-widget elementor-widget-button\" data-id=\"ccf0966\" data-element_type=\"widget\" data-settings=\"{&quot;_ob_butterbutton_use_it&quot;:&quot;no&quot;,&quot;_ob_perspektive_use&quot;:&quot;no&quot;,&quot;_ob_poopart_use&quot;:&quot;yes&quot;,&quot;_ob_shadough_use&quot;:&quot;no&quot;,&quot;_ob_allow_hoveranimator&quot;:&quot;no&quot;,&quot;_ob_widget_stalker_use&quot;:&quot;no&quot;}\" data-widget_type=\"button.default\">\n\t\t\t\t<div class=\"elementor-widget-container\">\n\t\t\t\t\t\t\t<div class=\"elementor-button-wrapper\">\n\t\t\t\t\t<a class=\"elementor-button elementor-button-link elementor-size-sm elementor-animation-grow\" href=\"http:\/\/pd-wp-especial-28f.apps.paas-pro.junta-andalucia.es\/28f2024\/memoria-autonomica\/momentos-historicos\/\">\n\t\t\t\t\t\t<span class=\"elementor-button-content-wrapper\">\n\t\t\t\t\t\t\t\t\t<span class=\"elementor-button-text\">Ver m\u00e1s<\/span>\n\t\t\t\t\t<\/span>\n\t\t\t\t\t<\/a>\n\t\t\t\t<\/div>\n\t\t\t\t\t\t<\/div>\n\t\t\t\t<\/div>\n\t\t\t\t<\/div>\n\t\t<div class=\"elementor-element elementor-element-f343dc5 e-con-full e-flex e-con e-child\" data-id=\"f343dc5\" data-element_type=\"container\" data-settings=\"{&quot;_ob_use_container_extras&quot;:&quot;no&quot;,&quot;_ob_column_hoveranimator&quot;:&quot;no&quot;,&quot;_ob_glider_is_slider&quot;:&quot;no&quot;,&quot;_ob_column_has_pseudo&quot;:&quot;no&quot;}\">\n\t\t\t\t<div class=\"elementor-element elementor-element-48da7be ob-has-background-overlay elementor-widget elementor-widget-image\" data-id=\"48da7be\" data-element_type=\"widget\" data-settings=\"{&quot;_ob_photomorph_use&quot;:&quot;no&quot;,&quot;_ob_perspektive_use&quot;:&quot;no&quot;,&quot;_ob_poopart_use&quot;:&quot;yes&quot;,&quot;_ob_shadough_use&quot;:&quot;no&quot;,&quot;_ob_allow_hoveranimator&quot;:&quot;no&quot;,&quot;_ob_widget_stalker_use&quot;:&quot;no&quot;}\" data-widget_type=\"image.default\">\n\t\t\t\t<div class=\"elementor-widget-container\">\n\t\t\t\t\t\t\t\t\t\t\t\t\t<img decoding=\"async\" src=\"http:\/\/pd-wp-especial-28f.apps.paas-pro.junta-andalucia.es\/28f2024\/wp-content\/uploads\/sites\/2\/2024\/02\/momentos-historicos.png\" title=\"\" alt=\"Momentos hist\u00f3ricos\" loading=\"lazy\" \/>\t\t\t\t\t\t\t\t\t\t\t\t\t<\/div>\n\t\t\t\t<\/div>\n\t\t\t\t<\/div>\n\t\t\t\t\t<\/div>\n\t\t\t\t<\/div>\n\t\t<div class=\"elementor-element elementor-element-7d9bf16 e-flex e-con-boxed e-con e-parent\" data-id=\"7d9bf16\" data-element_type=\"container\" data-settings=\"{&quot;_ob_use_container_extras&quot;:&quot;no&quot;,&quot;_ob_column_hoveranimator&quot;:&quot;no&quot;,&quot;_ob_glider_is_slider&quot;:&quot;no&quot;,&quot;_ob_column_has_pseudo&quot;:&quot;no&quot;}\">\n\t\t\t\t\t<div class=\"e-con-inner\">\n\t\t<div class=\"elementor-element elementor-element-7f51ed6 e-con-full e-flex e-con e-child\" data-id=\"7f51ed6\" data-element_type=\"container\" data-settings=\"{&quot;_ob_use_container_extras&quot;:&quot;no&quot;,&quot;_ob_column_hoveranimator&quot;:&quot;no&quot;,&quot;_ob_glider_is_slider&quot;:&quot;no&quot;,&quot;_ob_column_has_pseudo&quot;:&quot;no&quot;}\">\n\t\t\t\t<div class=\"elementor-element elementor-element-52cc10e ob-has-background-overlay elementor-widget elementor-widget-image\" data-id=\"52cc10e\" data-element_type=\"widget\" data-settings=\"{&quot;_ob_photomorph_use&quot;:&quot;no&quot;,&quot;_ob_perspektive_use&quot;:&quot;no&quot;,&quot;_ob_poopart_use&quot;:&quot;yes&quot;,&quot;_ob_shadough_use&quot;:&quot;no&quot;,&quot;_ob_allow_hoveranimator&quot;:&quot;no&quot;,&quot;_ob_widget_stalker_use&quot;:&quot;no&quot;}\" data-widget_type=\"image.default\">\n\t\t\t\t<div class=\"elementor-widget-container\">\n\t\t\t\t\t\t\t\t\t\t\t\t\t<img decoding=\"async\" src=\"http:\/\/pd-wp-especial-28f.apps.paas-pro.junta-andalucia.es\/28f2024\/wp-content\/uploads\/sites\/2\/2024\/02\/blas-infante.png\" title=\"\" alt=\"Blas Infante\" loading=\"lazy\" \/>\t\t\t\t\t\t\t\t\t\t\t\t\t<\/div>\n\t\t\t\t<\/div>\n\t\t\t\t<\/div>\n\t\t<div class=\"elementor-element elementor-element-b627a18 e-con-full e-flex e-con e-child\" data-id=\"b627a18\" data-element_type=\"container\" data-settings=\"{&quot;_ob_use_container_extras&quot;:&quot;no&quot;,&quot;_ob_column_hoveranimator&quot;:&quot;no&quot;,&quot;_ob_glider_is_slider&quot;:&quot;no&quot;,&quot;_ob_column_has_pseudo&quot;:&quot;no&quot;}\">\n\t\t\t\t<div class=\"elementor-element elementor-element-e5b28ea ob-harakiri-inherit ob-has-background-overlay elementor-widget elementor-widget-text-editor\" data-id=\"e5b28ea\" data-element_type=\"widget\" data-settings=\"{&quot;_ob_use_harakiri&quot;:&quot;yes&quot;,&quot;_ob_harakiri_writing_mode&quot;:&quot;inherit&quot;,&quot;_ob_postman_use&quot;:&quot;no&quot;,&quot;_ob_perspektive_use&quot;:&quot;no&quot;,&quot;_ob_poopart_use&quot;:&quot;yes&quot;,&quot;_ob_shadough_use&quot;:&quot;no&quot;,&quot;_ob_allow_hoveranimator&quot;:&quot;no&quot;,&quot;_ob_widget_stalker_use&quot;:&quot;no&quot;}\" data-widget_type=\"text-editor.default\">\n\t\t\t\t<div class=\"elementor-widget-container\">\n\t\t\t\t\t\t\t<div class=\"vc_custom_heading_wrap \"><div class=\"heading-text el-text\"><div class=\"vc_custom_heading_wrap \"><div class=\"heading-text el-text\"><div class=\"vc_custom_heading_wrap \"><div class=\"heading-text el-text\"><h2 class=\"fontsize-35px fontheight-35 font-weight-600 text-color-175436-color\">Blas Infante<\/h2><\/div><div class=\"clear\">Padre de la patria andaluza.<\/div><\/div><div class=\"vc_custom_heading_wrap \"><div class=\"heading-text el-text\"><p class=\"fontsize-17 fontheight-21 font-weight-300 text-color-greyish-brown-Two-color\">Blas Infante P\u00e9rez nace en 1885 en Casares (M\u00e1laga), donde pasa sus primeros a\u00f1os hasta 1895, cuando ingresa como alumno interno en el colegio de los Escolapios de Archidona (M\u00e1laga).<\/p><\/div><\/div><\/div><\/div><\/div><\/div>\t\t\t\t\t\t<\/div>\n\t\t\t\t<\/div>\n\t\t\t\t<div class=\"elementor-element elementor-element-31fbc63 ob-has-background-overlay elementor-widget elementor-widget-button\" data-id=\"31fbc63\" data-element_type=\"widget\" data-settings=\"{&quot;_ob_butterbutton_use_it&quot;:&quot;no&quot;,&quot;_ob_perspektive_use&quot;:&quot;no&quot;,&quot;_ob_poopart_use&quot;:&quot;yes&quot;,&quot;_ob_shadough_use&quot;:&quot;no&quot;,&quot;_ob_allow_hoveranimator&quot;:&quot;no&quot;,&quot;_ob_widget_stalker_use&quot;:&quot;no&quot;}\" data-widget_type=\"button.default\">\n\t\t\t\t<div class=\"elementor-widget-container\">\n\t\t\t\t\t\t\t<div class=\"elementor-button-wrapper\">\n\t\t\t\t\t<a class=\"elementor-button elementor-button-link elementor-size-sm elementor-animation-grow\" href=\"http:\/\/pd-wp-especial-28f.apps.paas-pro.junta-andalucia.es\/28f2024\/memoria-autonomica\/blas-infante\/\">\n\t\t\t\t\t\t<span class=\"elementor-button-content-wrapper\">\n\t\t\t\t\t\t\t\t\t<span class=\"elementor-button-text\">Ver m\u00e1s<\/span>\n\t\t\t\t\t<\/span>\n\t\t\t\t\t<\/a>\n\t\t\t\t<\/div>\n\t\t\t\t\t\t<\/div>\n\t\t\t\t<\/div>\n\t\t\t\t<\/div>\n\t\t\t\t\t<\/div>\n\t\t\t\t<\/div>\n\t\t<div class=\"elementor-element elementor-element-5d186be e-flex e-con-boxed e-con e-parent\" data-id=\"5d186be\" data-element_type=\"container\" data-settings=\"{&quot;_ob_use_container_extras&quot;:&quot;no&quot;,&quot;_ob_column_hoveranimator&quot;:&quot;no&quot;,&quot;_ob_glider_is_slider&quot;:&quot;no&quot;,&quot;_ob_column_has_pseudo&quot;:&quot;no&quot;}\">\n\t\t\t\t\t<div class=\"e-con-inner\">\n\t\t<div class=\"elementor-element elementor-element-7ea61f6 e-con-full e-flex e-con e-child\" data-id=\"7ea61f6\" data-element_type=\"container\" data-settings=\"{&quot;_ob_use_container_extras&quot;:&quot;no&quot;,&quot;_ob_column_hoveranimator&quot;:&quot;no&quot;,&quot;_ob_glider_is_slider&quot;:&quot;no&quot;,&quot;_ob_column_has_pseudo&quot;:&quot;no&quot;}\">\n\t\t\t\t<div class=\"elementor-element elementor-element-ab240a6 ob-harakiri-inherit ob-has-background-overlay elementor-widget elementor-widget-text-editor\" data-id=\"ab240a6\" data-element_type=\"widget\" data-settings=\"{&quot;_ob_use_harakiri&quot;:&quot;yes&quot;,&quot;_ob_harakiri_writing_mode&quot;:&quot;inherit&quot;,&quot;_ob_postman_use&quot;:&quot;no&quot;,&quot;_ob_perspektive_use&quot;:&quot;no&quot;,&quot;_ob_poopart_use&quot;:&quot;yes&quot;,&quot;_ob_shadough_use&quot;:&quot;no&quot;,&quot;_ob_allow_hoveranimator&quot;:&quot;no&quot;,&quot;_ob_widget_stalker_use&quot;:&quot;no&quot;}\" data-widget_type=\"text-editor.default\">\n\t\t\t\t<div class=\"elementor-widget-container\">\n\t\t\t\t\t\t\t<div class=\"vc_custom_heading_wrap \"><div class=\"heading-text el-text\"><div class=\"vc_custom_heading_wrap \"><div class=\"heading-text el-text\"><div class=\"vc_custom_heading_wrap \"><div class=\"heading-text el-text\"><div class=\"vc_custom_heading_wrap \"><div class=\"heading-text el-text\"><h2 class=\"fontsize-35px fontheight-35 font-weight-600 text-color-175436-color\">Los testimonios que documentan c\u00f3mo se logr\u00f3 la autonom\u00eda para Andaluc\u00eda<\/h2><\/div><\/div><div class=\"vc_custom_heading_wrap \"><div class=\"heading-text el-text\"><p class=\"fontsize-20 fontheight-24 font-weight-400 text-color-greyish-brown-Two-color\">Los tesoros que conservan los archivos son valiosos testigos de la andadura hacia la autonom\u00eda de la comunidad. El 28F se cumplen cuarenta y cuatro a\u00f1os del refer\u00e9ndum auton\u00f3mico.<\/p><\/div><\/div><\/div><\/div><\/div><\/div><\/div><\/div>\t\t\t\t\t\t<\/div>\n\t\t\t\t<\/div>\n\t\t\t\t<div class=\"elementor-element elementor-element-fa5051f ob-has-background-overlay elementor-widget elementor-widget-button\" data-id=\"fa5051f\" data-element_type=\"widget\" data-settings=\"{&quot;_ob_butterbutton_use_it&quot;:&quot;no&quot;,&quot;_ob_perspektive_use&quot;:&quot;no&quot;,&quot;_ob_poopart_use&quot;:&quot;yes&quot;,&quot;_ob_shadough_use&quot;:&quot;no&quot;,&quot;_ob_allow_hoveranimator&quot;:&quot;no&quot;,&quot;_ob_widget_stalker_use&quot;:&quot;no&quot;}\" data-widget_type=\"button.default\">\n\t\t\t\t<div class=\"elementor-widget-container\">\n\t\t\t\t\t\t\t<div class=\"elementor-button-wrapper\">\n\t\t\t\t\t<a class=\"elementor-button elementor-button-link elementor-size-sm elementor-animation-grow\" href=\"http:\/\/pd-wp-especial-28f.apps.paas-pro.junta-andalucia.es\/28f2024\/memoria-autonomica\/los-testimonios-que-documentan-como-se-logro-la-autonomia-para-andalucia\/\">\n\t\t\t\t\t\t<span class=\"elementor-button-content-wrapper\">\n\t\t\t\t\t\t\t\t\t<span class=\"elementor-button-text\">Ver m\u00e1s<\/span>\n\t\t\t\t\t<\/span>\n\t\t\t\t\t<\/a>\n\t\t\t\t<\/div>\n\t\t\t\t\t\t<\/div>\n\t\t\t\t<\/div>\n\t\t\t\t<\/div>\n\t\t<div class=\"elementor-element elementor-element-faf48fb e-con-full e-flex e-con e-child\" data-id=\"faf48fb\" data-element_type=\"container\" data-settings=\"{&quot;_ob_use_container_extras&quot;:&quot;no&quot;,&quot;_ob_column_hoveranimator&quot;:&quot;no&quot;,&quot;_ob_glider_is_slider&quot;:&quot;no&quot;,&quot;_ob_column_has_pseudo&quot;:&quot;no&quot;}\">\n\t\t\t\t<div class=\"elementor-element elementor-element-04df74b ob-has-background-overlay elementor-widget elementor-widget-image\" data-id=\"04df74b\" data-element_type=\"widget\" data-settings=\"{&quot;_ob_photomorph_use&quot;:&quot;no&quot;,&quot;_ob_perspektive_use&quot;:&quot;no&quot;,&quot;_ob_poopart_use&quot;:&quot;yes&quot;,&quot;_ob_shadough_use&quot;:&quot;no&quot;,&quot;_ob_allow_hoveranimator&quot;:&quot;no&quot;,&quot;_ob_widget_stalker_use&quot;:&quot;no&quot;}\" data-widget_type=\"image.default\">\n\t\t\t\t<div class=\"elementor-widget-container\">\n\t\t\t\t\t\t\t\t\t\t\t\t\t<img decoding=\"async\" src=\"http:\/\/pd-wp-especial-28f.apps.paas-pro.junta-andalucia.es\/28f2024\/wp-content\/uploads\/sites\/2\/2024\/02\/testimonio-autonomia.png\" title=\"\" alt=\"Los testimonios que documentan c\u00f3mo se logr\u00f3 la autonom\u00eda para Andaluc\u00eda\" loading=\"lazy\" \/>\t\t\t\t\t\t\t\t\t\t\t\t\t<\/div>\n\t\t\t\t<\/div>\n\t\t\t\t<\/div>\n\t\t\t\t\t<\/div>\n\t\t\t\t<\/div>\n\t\t<div class=\"elementor-element elementor-element-9b2cf42 e-flex e-con-boxed e-con e-parent\" data-id=\"9b2cf42\" data-element_type=\"container\" data-settings=\"{&quot;_ob_use_container_extras&quot;:&quot;no&quot;,&quot;_ob_column_hoveranimator&quot;:&quot;no&quot;,&quot;_ob_glider_is_slider&quot;:&quot;no&quot;,&quot;_ob_column_has_pseudo&quot;:&quot;no&quot;}\">\n\t\t\t\t\t<div class=\"e-con-inner\">\n\t\t<div class=\"elementor-element elementor-element-9d5d5a1 e-con-full e-flex e-con e-child\" data-id=\"9d5d5a1\" data-element_type=\"container\" data-settings=\"{&quot;_ob_use_container_extras&quot;:&quot;no&quot;,&quot;_ob_column_hoveranimator&quot;:&quot;no&quot;,&quot;_ob_glider_is_slider&quot;:&quot;no&quot;,&quot;_ob_column_has_pseudo&quot;:&quot;no&quot;}\">\n\t\t\t\t<div class=\"elementor-element elementor-element-e541d3b ob-has-background-overlay elementor-widget elementor-widget-image\" data-id=\"e541d3b\" data-element_type=\"widget\" data-settings=\"{&quot;_ob_photomorph_use&quot;:&quot;no&quot;,&quot;_ob_perspektive_use&quot;:&quot;no&quot;,&quot;_ob_poopart_use&quot;:&quot;yes&quot;,&quot;_ob_shadough_use&quot;:&quot;no&quot;,&quot;_ob_allow_hoveranimator&quot;:&quot;no&quot;,&quot;_ob_widget_stalker_use&quot;:&quot;no&quot;}\" data-widget_type=\"image.default\">\n\t\t\t\t<div class=\"elementor-widget-container\">\n\t\t\t\t\t\t\t\t\t\t\t\t\t<img decoding=\"async\" src=\"http:\/\/pd-wp-especial-28f.apps.paas-pro.junta-andalucia.es\/28f2024\/wp-content\/uploads\/sites\/2\/2024\/02\/instituciones-andalucia.png\" title=\"\" alt=\"Instituciones de Andaluc\u00eda\" loading=\"lazy\" \/>\t\t\t\t\t\t\t\t\t\t\t\t\t<\/div>\n\t\t\t\t<\/div>\n\t\t\t\t<\/div>\n\t\t<div class=\"elementor-element elementor-element-5d3206b e-con-full e-flex e-con e-child\" data-id=\"5d3206b\" data-element_type=\"container\" data-settings=\"{&quot;_ob_use_container_extras&quot;:&quot;no&quot;,&quot;_ob_column_hoveranimator&quot;:&quot;no&quot;,&quot;_ob_glider_is_slider&quot;:&quot;no&quot;,&quot;_ob_column_has_pseudo&quot;:&quot;no&quot;}\">\n\t\t\t\t<div class=\"elementor-element elementor-element-b6d746b ob-harakiri-inherit ob-has-background-overlay elementor-widget elementor-widget-text-editor\" data-id=\"b6d746b\" data-element_type=\"widget\" data-settings=\"{&quot;_ob_use_harakiri&quot;:&quot;yes&quot;,&quot;_ob_harakiri_writing_mode&quot;:&quot;inherit&quot;,&quot;_ob_postman_use&quot;:&quot;no&quot;,&quot;_ob_perspektive_use&quot;:&quot;no&quot;,&quot;_ob_poopart_use&quot;:&quot;yes&quot;,&quot;_ob_shadough_use&quot;:&quot;no&quot;,&quot;_ob_allow_hoveranimator&quot;:&quot;no&quot;,&quot;_ob_widget_stalker_use&quot;:&quot;no&quot;}\" data-widget_type=\"text-editor.default\">\n\t\t\t\t<div class=\"elementor-widget-container\">\n\t\t\t\t\t\t\t<div class=\"vc_custom_heading_wrap \"><div class=\"heading-text el-text\"><div class=\"vc_custom_heading_wrap \"><div class=\"heading-text el-text\"><div class=\"vc_custom_heading_wrap \"><div class=\"heading-text el-text\"><div class=\"vc_custom_heading_wrap \"><div class=\"heading-text el-text\"><div class=\"vc_custom_heading_wrap \"><div class=\"heading-text el-text\"><h2 class=\"fontsize-35px fontheight-35 font-weight-600 text-color-175436-color\">Instituciones de Andaluc\u00eda<\/h2><\/div><\/div><div class=\"vc_custom_heading_wrap \"><div class=\"heading-text el-text\"><p class=\"fontsize-20 fontheight-24 font-weight-400 text-color-greyish-brown-Two-color\">La Junta organiza pol\u00edticamente el autogobierno de la comunidad aut\u00f3noma. El Estatuto de Autonom\u00eda, en su t\u00edtulo IV, establece que la Junta de Andaluc\u00eda es la instituci\u00f3n en la que se organiza pol\u00edticamente el autogobierno de la Comunidad Aut\u00f3noma.<\/p><\/div><\/div><\/div><\/div><\/div><\/div><\/div><\/div><\/div><\/div>\t\t\t\t\t\t<\/div>\n\t\t\t\t<\/div>\n\t\t\t\t<div class=\"elementor-element elementor-element-7b070b4 ob-has-background-overlay elementor-widget elementor-widget-button\" data-id=\"7b070b4\" data-element_type=\"widget\" data-settings=\"{&quot;_ob_butterbutton_use_it&quot;:&quot;no&quot;,&quot;_ob_perspektive_use&quot;:&quot;no&quot;,&quot;_ob_poopart_use&quot;:&quot;yes&quot;,&quot;_ob_shadough_use&quot;:&quot;no&quot;,&quot;_ob_allow_hoveranimator&quot;:&quot;no&quot;,&quot;_ob_widget_stalker_use&quot;:&quot;no&quot;}\" data-widget_type=\"button.default\">\n\t\t\t\t<div class=\"elementor-widget-container\">\n\t\t\t\t\t\t\t<div class=\"elementor-button-wrapper\">\n\t\t\t\t\t<a class=\"elementor-button elementor-button-link elementor-size-sm elementor-animation-grow\" href=\"http:\/\/pd-wp-especial-28f.apps.paas-pro.junta-andalucia.es\/28f2024\/memoria-autonomica\/instituciones-de-andalucia\/\">\n\t\t\t\t\t\t<span class=\"elementor-button-content-wrapper\">\n\t\t\t\t\t\t\t\t\t<span class=\"elementor-button-text\">Ver m\u00e1s<\/span>\n\t\t\t\t\t<\/span>\n\t\t\t\t\t<\/a>\n\t\t\t\t<\/div>\n\t\t\t\t\t\t<\/div>\n\t\t\t\t<\/div>\n\t\t\t\t<\/div>\n\t\t\t\t\t<\/div>\n\t\t\t\t<\/div>\n\t\t<div class=\"elementor-element elementor-element-c883a4c e-flex e-con-boxed e-con e-parent\" data-id=\"c883a4c\" data-element_type=\"container\" data-settings=\"{&quot;_ob_use_container_extras&quot;:&quot;no&quot;,&quot;_ob_column_hoveranimator&quot;:&quot;no&quot;,&quot;_ob_glider_is_slider&quot;:&quot;no&quot;,&quot;_ob_column_has_pseudo&quot;:&quot;no&quot;}\">\n\t\t\t\t\t<div class=\"e-con-inner\">\n\t\t<div class=\"elementor-element elementor-element-7d08808 e-con-full e-flex e-con e-child\" data-id=\"7d08808\" data-element_type=\"container\" data-settings=\"{&quot;_ob_use_container_extras&quot;:&quot;no&quot;,&quot;_ob_column_hoveranimator&quot;:&quot;no&quot;,&quot;_ob_glider_is_slider&quot;:&quot;no&quot;,&quot;_ob_column_has_pseudo&quot;:&quot;no&quot;}\">\n\t\t\t\t<div class=\"elementor-element elementor-element-1376cd4 ob-harakiri-inherit ob-has-background-overlay elementor-widget elementor-widget-text-editor\" data-id=\"1376cd4\" data-element_type=\"widget\" data-settings=\"{&quot;_ob_use_harakiri&quot;:&quot;yes&quot;,&quot;_ob_harakiri_writing_mode&quot;:&quot;inherit&quot;,&quot;_ob_postman_use&quot;:&quot;no&quot;,&quot;_ob_perspektive_use&quot;:&quot;no&quot;,&quot;_ob_poopart_use&quot;:&quot;yes&quot;,&quot;_ob_shadough_use&quot;:&quot;no&quot;,&quot;_ob_allow_hoveranimator&quot;:&quot;no&quot;,&quot;_ob_widget_stalker_use&quot;:&quot;no&quot;}\" data-widget_type=\"text-editor.default\">\n\t\t\t\t<div class=\"elementor-widget-container\">\n\t\t\t\t\t\t\t<div class=\"vc_custom_heading_wrap \"><div class=\"heading-text el-text\"><div class=\"vc_custom_heading_wrap \"><div class=\"heading-text el-text\"><div class=\"vc_custom_heading_wrap \"><div class=\"heading-text el-text\"><div class=\"vc_custom_heading_wrap \"><div class=\"heading-text el-text\"><div class=\"vc_custom_heading_wrap \"><div class=\"heading-text el-text\"><div class=\"vc_custom_heading_wrap \"><div class=\"heading-text el-text\"><h2 class=\"fontsize-35px fontheight-35 font-weight-600 text-color-175436-color\">Escenarios de la autonom\u00eda<\/h2><\/div><\/div><div class=\"vc_custom_heading_wrap \"><div class=\"heading-text el-text\"><p class=\"fontsize-17 fontheight-21 font-weight-300 text-color-greyish-brown-Two-color\">Casa de Blas Infante y Museo de la Autonom\u00eda. La casa Villa Alegr\u00eda, declarada monumento en 2006, alberga los originales del escudo, la bandera y la partitura del himno de Andaluc\u00eda, adem\u00e1s de la documentaci\u00f3n que Blas Infante reuni\u00f3 a lo largo de su vida.<\/p><\/div><\/div><\/div><\/div><\/div><\/div><\/div><\/div><\/div><\/div><\/div><\/div>\t\t\t\t\t\t<\/div>\n\t\t\t\t<\/div>\n\t\t\t\t<div class=\"elementor-element elementor-element-cec635b ob-has-background-overlay elementor-widget elementor-widget-button\" data-id=\"cec635b\" data-element_type=\"widget\" data-settings=\"{&quot;_ob_butterbutton_use_it&quot;:&quot;no&quot;,&quot;_ob_perspektive_use&quot;:&quot;no&quot;,&quot;_ob_poopart_use&quot;:&quot;yes&quot;,&quot;_ob_shadough_use&quot;:&quot;no&quot;,&quot;_ob_allow_hoveranimator&quot;:&quot;no&quot;,&quot;_ob_widget_stalker_use&quot;:&quot;no&quot;}\" data-widget_type=\"button.default\">\n\t\t\t\t<div class=\"elementor-widget-container\">\n\t\t\t\t\t\t\t<div class=\"elementor-button-wrapper\">\n\t\t\t\t\t<a class=\"elementor-button elementor-button-link elementor-size-sm elementor-animation-grow\" href=\"http:\/\/pd-wp-especial-28f.apps.paas-pro.junta-andalucia.es\/28f2024\/memoria-autonomica\/escenarios-de-la-autonomia\/\">\n\t\t\t\t\t\t<span class=\"elementor-button-content-wrapper\">\n\t\t\t\t\t\t\t\t\t<span class=\"elementor-button-text\">Ver m\u00e1s<\/span>\n\t\t\t\t\t<\/span>\n\t\t\t\t\t<\/a>\n\t\t\t\t<\/div>\n\t\t\t\t\t\t<\/div>\n\t\t\t\t<\/div>\n\t\t\t\t<\/div>\n\t\t<div class=\"elementor-element elementor-element-d53604c e-con-full e-flex e-con e-child\" data-id=\"d53604c\" data-element_type=\"container\" data-settings=\"{&quot;_ob_use_container_extras&quot;:&quot;no&quot;,&quot;_ob_column_hoveranimator&quot;:&quot;no&quot;,&quot;_ob_glider_is_slider&quot;:&quot;no&quot;,&quot;_ob_column_has_pseudo&quot;:&quot;no&quot;}\">\n\t\t\t\t<div class=\"elementor-element elementor-element-3ab181a ob-has-background-overlay elementor-widget elementor-widget-image\" data-id=\"3ab181a\" data-element_type=\"widget\" data-settings=\"{&quot;_ob_photomorph_use&quot;:&quot;no&quot;,&quot;_ob_perspektive_use&quot;:&quot;no&quot;,&quot;_ob_poopart_use&quot;:&quot;yes&quot;,&quot;_ob_shadough_use&quot;:&quot;no&quot;,&quot;_ob_allow_hoveranimator&quot;:&quot;no&quot;,&quot;_ob_widget_stalker_use&quot;:&quot;no&quot;}\" data-widget_type=\"image.default\">\n\t\t\t\t<div class=\"elementor-widget-container\">\n\t\t\t\t\t\t\t\t\t\t\t\t\t<img decoding=\"async\" src=\"http:\/\/pd-wp-especial-28f.apps.paas-pro.junta-andalucia.es\/28f2024\/wp-content\/uploads\/sites\/2\/2024\/02\/escenarios-autonomia.png\" title=\"\" alt=\"Escenarios de la autonom\u00eda\" loading=\"lazy\" \/>\t\t\t\t\t\t\t\t\t\t\t\t\t<\/div>\n\t\t\t\t<\/div>\n\t\t\t\t<\/div>\n\t\t\t\t\t<\/div>\n\t\t\t\t<\/div>\n\t\t<div class=\"elementor-element elementor-element-5f3bdca e-flex e-con-boxed e-con e-parent\" data-id=\"5f3bdca\" data-element_type=\"container\" data-settings=\"{&quot;_ob_use_container_extras&quot;:&quot;no&quot;,&quot;_ob_column_hoveranimator&quot;:&quot;no&quot;,&quot;_ob_glider_is_slider&quot;:&quot;no&quot;,&quot;_ob_column_has_pseudo&quot;:&quot;no&quot;}\">\n\t\t\t\t\t<div class=\"e-con-inner\">\n\t\t<div class=\"elementor-element elementor-element-af23705 e-con-full e-flex e-con e-child\" data-id=\"af23705\" data-element_type=\"container\" data-settings=\"{&quot;_ob_use_container_extras&quot;:&quot;no&quot;,&quot;_ob_column_hoveranimator&quot;:&quot;no&quot;,&quot;_ob_glider_is_slider&quot;:&quot;no&quot;,&quot;_ob_column_has_pseudo&quot;:&quot;no&quot;}\">\n\t\t\t\t<div class=\"elementor-element elementor-element-ea569c6 ob-has-background-overlay elementor-widget elementor-widget-image\" data-id=\"ea569c6\" data-element_type=\"widget\" data-settings=\"{&quot;_ob_photomorph_use&quot;:&quot;no&quot;,&quot;_ob_perspektive_use&quot;:&quot;no&quot;,&quot;_ob_poopart_use&quot;:&quot;yes&quot;,&quot;_ob_shadough_use&quot;:&quot;no&quot;,&quot;_ob_allow_hoveranimator&quot;:&quot;no&quot;,&quot;_ob_widget_stalker_use&quot;:&quot;no&quot;}\" data-widget_type=\"image.default\">\n\t\t\t\t<div class=\"elementor-widget-container\">\n\t\t\t\t\t\t\t\t\t\t\t\t\t<img decoding=\"async\" src=\"http:\/\/pd-wp-especial-28f.apps.paas-pro.junta-andalucia.es\/28f2024\/wp-content\/uploads\/sites\/2\/2024\/02\/6.3.2-1536x1021-1.jpg\" title=\"\" alt=\"4D - D\u00eda de la Bandera de Andaluc\u00eda\" loading=\"lazy\" \/>\t\t\t\t\t\t\t\t\t\t\t\t\t<\/div>\n\t\t\t\t<\/div>\n\t\t\t\t<\/div>\n\t\t<div class=\"elementor-element elementor-element-37993f8 e-con-full e-flex e-con e-child\" data-id=\"37993f8\" data-element_type=\"container\" data-settings=\"{&quot;_ob_use_container_extras&quot;:&quot;no&quot;,&quot;_ob_column_hoveranimator&quot;:&quot;no&quot;,&quot;_ob_glider_is_slider&quot;:&quot;no&quot;,&quot;_ob_column_has_pseudo&quot;:&quot;no&quot;}\">\n\t\t\t\t<div class=\"elementor-element elementor-element-58263e7 ob-harakiri-inherit ob-has-background-overlay elementor-widget elementor-widget-text-editor\" data-id=\"58263e7\" data-element_type=\"widget\" data-settings=\"{&quot;_ob_use_harakiri&quot;:&quot;yes&quot;,&quot;_ob_harakiri_writing_mode&quot;:&quot;inherit&quot;,&quot;_ob_postman_use&quot;:&quot;no&quot;,&quot;_ob_perspektive_use&quot;:&quot;no&quot;,&quot;_ob_poopart_use&quot;:&quot;yes&quot;,&quot;_ob_shadough_use&quot;:&quot;no&quot;,&quot;_ob_allow_hoveranimator&quot;:&quot;no&quot;,&quot;_ob_widget_stalker_use&quot;:&quot;no&quot;}\" data-widget_type=\"text-editor.default\">\n\t\t\t\t<div class=\"elementor-widget-container\">\n\t\t\t\t\t\t\t<div class=\"vc_custom_heading_wrap \"><div class=\"heading-text el-text\"><div class=\"vc_custom_heading_wrap \"><div class=\"heading-text el-text\"><div class=\"vc_custom_heading_wrap \"><div class=\"heading-text el-text\"><div class=\"vc_custom_heading_wrap \"><div class=\"heading-text el-text\"><div class=\"vc_custom_heading_wrap \"><div class=\"heading-text el-text\"><div class=\"vc_custom_heading_wrap \"><div class=\"heading-text el-text\"><div class=\"vc_custom_heading_wrap \"><div class=\"heading-text el-text\"><h2 class=\"fontsize-35px fontheight-35 font-weight-600 text-color-175436-color\">4D &#8211; D\u00eda de la Bandera de Andaluc\u00eda<\/h2><\/div><\/div><div class=\"vc_custom_heading_wrap \"><div class=\"heading-text el-text\"><p class=\"fontsize-17 fontheight-21 font-weight-300 text-color-greyish-brown-Two-color\">En el Consejo de Gobierno celebrado el 8 de noviembre de 2022 se aprob\u00f3 el decreto por el que se declara oficialmente el 4D como &#8216;D\u00eda de la Bandera de Andaluc\u00eda&#8217;. Con\u00a0 este d\u00eda se pretende impulsar iniciativas educativas, sociales e institucionales que contribuyan a garantizar la m\u00e1xima difusi\u00f3n de los valores y significados que encarna dicho emblema.<\/p><\/div><\/div><\/div><\/div><\/div><\/div><\/div><\/div><\/div><\/div><\/div><\/div><\/div><\/div>\t\t\t\t\t\t<\/div>\n\t\t\t\t<\/div>\n\t\t\t\t<div class=\"elementor-element elementor-element-c29622e ob-has-background-overlay elementor-widget elementor-widget-button\" data-id=\"c29622e\" data-element_type=\"widget\" data-settings=\"{&quot;_ob_butterbutton_use_it&quot;:&quot;no&quot;,&quot;_ob_perspektive_use&quot;:&quot;no&quot;,&quot;_ob_poopart_use&quot;:&quot;yes&quot;,&quot;_ob_shadough_use&quot;:&quot;no&quot;,&quot;_ob_allow_hoveranimator&quot;:&quot;no&quot;,&quot;_ob_widget_stalker_use&quot;:&quot;no&quot;}\" data-widget_type=\"button.default\">\n\t\t\t\t<div class=\"elementor-widget-container\">\n\t\t\t\t\t\t\t<div class=\"elementor-button-wrapper\">\n\t\t\t\t\t<a class=\"elementor-button elementor-button-link elementor-size-sm elementor-animation-grow\" href=\"http:\/\/pd-wp-especial-28f.apps.paas-pro.junta-andalucia.es\/28f2024\/memoria-autonomica\/4d-dia-de-la-bandera-de-andalucia\/\">\n\t\t\t\t\t\t<span class=\"elementor-button-content-wrapper\">\n\t\t\t\t\t\t\t\t\t<span class=\"elementor-button-text\">Ver m\u00e1s<\/span>\n\t\t\t\t\t<\/span>\n\t\t\t\t\t<\/a>\n\t\t\t\t<\/div>\n\t\t\t\t\t\t<\/div>\n\t\t\t\t<\/div>\n\t\t\t\t<\/div>\n\t\t\t\t\t<\/div>\n\t\t\t\t<\/div>\n\t\t<div class=\"elementor-element elementor-element-7fba251 e-flex e-con-boxed e-con e-parent\" data-id=\"7fba251\" data-element_type=\"container\" data-settings=\"{&quot;_ob_use_container_extras&quot;:&quot;no&quot;,&quot;_ob_column_hoveranimator&quot;:&quot;no&quot;,&quot;_ob_glider_is_slider&quot;:&quot;no&quot;,&quot;_ob_column_has_pseudo&quot;:&quot;no&quot;}\">\n\t\t\t\t\t<div class=\"e-con-inner\">\n\t\t<div class=\"elementor-element elementor-element-186e573 e-con-full e-flex e-con e-child\" data-id=\"186e573\" data-element_type=\"container\" data-settings=\"{&quot;_ob_use_container_extras&quot;:&quot;no&quot;,&quot;_ob_column_hoveranimator&quot;:&quot;no&quot;,&quot;_ob_glider_is_slider&quot;:&quot;no&quot;,&quot;_ob_column_has_pseudo&quot;:&quot;no&quot;}\">\n\t\t\t\t<div class=\"elementor-element elementor-element-9f59285 ob-has-background-overlay elementor-widget elementor-widget-image\" data-id=\"9f59285\" data-element_type=\"widget\" data-settings=\"{&quot;_ob_photomorph_use&quot;:&quot;no&quot;,&quot;_ob_perspektive_use&quot;:&quot;no&quot;,&quot;_ob_poopart_use&quot;:&quot;yes&quot;,&quot;_ob_shadough_use&quot;:&quot;no&quot;,&quot;_ob_allow_hoveranimator&quot;:&quot;no&quot;,&quot;_ob_widget_stalker_use&quot;:&quot;no&quot;}\" data-widget_type=\"image.default\">\n\t\t\t\t<div class=\"elementor-widget-container\">\n\t\t\t\t\t\t\t\t\t\t\t\t\t<img decoding=\"async\" src=\"http:\/\/pd-wp-especial-28f.apps.paas-pro.junta-andalucia.es\/28f2024\/wp-content\/uploads\/sites\/2\/2024\/02\/28f-2022-1.jpg\" title=\"\" alt=\"\" loading=\"lazy\" \/>\t\t\t\t\t\t\t\t\t\t\t\t\t<\/div>\n\t\t\t\t<\/div>\n\t\t\t\t<\/div>\n\t\t<div class=\"elementor-element elementor-element-278c7e8 e-con-full e-flex e-con e-child\" data-id=\"278c7e8\" data-element_type=\"container\" data-settings=\"{&quot;_ob_use_container_extras&quot;:&quot;no&quot;,&quot;_ob_column_hoveranimator&quot;:&quot;no&quot;,&quot;_ob_glider_is_slider&quot;:&quot;no&quot;,&quot;_ob_column_has_pseudo&quot;:&quot;no&quot;}\">\n\t\t\t\t<div class=\"elementor-element elementor-element-633497c ob-harakiri-inherit ob-has-background-overlay elementor-widget elementor-widget-text-editor\" data-id=\"633497c\" data-element_type=\"widget\" data-settings=\"{&quot;_ob_use_harakiri&quot;:&quot;yes&quot;,&quot;_ob_harakiri_writing_mode&quot;:&quot;inherit&quot;,&quot;_ob_postman_use&quot;:&quot;no&quot;,&quot;_ob_perspektive_use&quot;:&quot;no&quot;,&quot;_ob_poopart_use&quot;:&quot;yes&quot;,&quot;_ob_shadough_use&quot;:&quot;no&quot;,&quot;_ob_allow_hoveranimator&quot;:&quot;no&quot;,&quot;_ob_widget_stalker_use&quot;:&quot;no&quot;}\" data-widget_type=\"text-editor.default\">\n\t\t\t\t<div class=\"elementor-widget-container\">\n\t\t\t\t\t\t\t<div class=\"vc_custom_heading_wrap \"><div class=\"heading-text el-text\"><div class=\"vc_custom_heading_wrap \"><div class=\"heading-text el-text\"><div class=\"vc_custom_heading_wrap \"><div class=\"heading-text el-text\"><div class=\"vc_custom_heading_wrap \"><div class=\"heading-text el-text\"><div class=\"vc_custom_heading_wrap \"><div class=\"heading-text el-text\"><div class=\"vc_custom_heading_wrap \"><div class=\"heading-text el-text\"><div class=\"vc_custom_heading_wrap \"><div class=\"heading-text el-text\"><div class=\"vc_custom_heading_wrap \"><div class=\"heading-text el-text\"><div class=\"vc_custom_heading_wrap \"><div class=\"heading-text el-text\"><h2 class=\"fontsize-35px fontheight-35 font-weight-600 text-color-175436-color\">28F 2023<\/h2><\/div><\/div><div class=\"vc_custom_heading_wrap \"><div class=\"heading-text el-text\"><p class=\"fontsize-20 fontheight-24 font-weight-400 text-color-deep-turquoise-color\">As\u00ed se celebr\u00f3 el 28F en el a\u00f1o 2023. Consulta toda la informaci\u00f3n relevante del d\u00eda de Andaluc\u00eda en el a\u00f1o 2022. Descubre las distinciones, noticias, v\u00eddeos, fotos del 28F D\u00eda de Andaluc\u00eda 2023.<\/p><\/div><\/div><\/div><\/div><\/div><\/div><\/div><\/div><\/div><\/div><\/div><\/div><\/div><\/div><\/div><\/div><\/div><\/div>\t\t\t\t\t\t<\/div>\n\t\t\t\t<\/div>\n\t\t\t\t<div class=\"elementor-element elementor-element-4ee2f0b ob-has-background-overlay elementor-widget elementor-widget-button\" data-id=\"4ee2f0b\" data-element_type=\"widget\" data-settings=\"{&quot;_ob_butterbutton_use_it&quot;:&quot;no&quot;,&quot;_ob_perspektive_use&quot;:&quot;no&quot;,&quot;_ob_poopart_use&quot;:&quot;yes&quot;,&quot;_ob_shadough_use&quot;:&quot;no&quot;,&quot;_ob_allow_hoveranimator&quot;:&quot;no&quot;,&quot;_ob_widget_stalker_use&quot;:&quot;no&quot;}\" data-widget_type=\"button.default\">\n\t\t\t\t<div class=\"elementor-widget-container\">\n\t\t\t\t\t\t\t<div class=\"elementor-button-wrapper\">\n\t\t\t\t\t<a class=\"elementor-button elementor-button-link elementor-size-sm elementor-animation-grow\" href=\"http:\/\/pd-wp-especial-28f.apps.paas-pro.junta-andalucia.es\/28f2023\" target=\"_blank\">\n\t\t\t\t\t\t<span class=\"elementor-button-content-wrapper\">\n\t\t\t\t\t\t\t\t\t<span class=\"elementor-button-text\">Ver m\u00e1s<\/span>\n\t\t\t\t\t<\/span>\n\t\t\t\t\t<\/a>\n\t\t\t\t<\/div>\n\t\t\t\t\t\t<\/div>\n\t\t\t\t<\/div>\n\t\t\t\t<\/div>\n\t\t\t\t\t<\/div>\n\t\t\t\t<\/div>\n\t\t<div class=\"elementor-element elementor-element-8b189cb e-flex e-con-boxed e-con e-parent\" data-id=\"8b189cb\" data-element_type=\"container\" data-settings=\"{&quot;background_background&quot;:&quot;classic&quot;,&quot;_ob_use_container_extras&quot;:&quot;no&quot;,&quot;_ob_column_hoveranimator&quot;:&quot;no&quot;,&quot;_ob_glider_is_slider&quot;:&quot;no&quot;,&quot;_ob_column_has_pseudo&quot;:&quot;no&quot;}\">\n\t\t\t\t\t<div class=\"e-con-inner\">\n\t\t\t\t<div class=\"elementor-element elementor-element-b3d53df ob-harakiri-inherit ob-has-background-overlay elementor-widget elementor-widget-heading\" data-id=\"b3d53df\" data-element_type=\"widget\" data-settings=\"{&quot;_ob_use_harakiri&quot;:&quot;yes&quot;,&quot;_ob_harakiri_writing_mode&quot;:&quot;inherit&quot;,&quot;_ob_harakiri_text_clip&quot;:&quot;none&quot;,&quot;_ob_perspektive_use&quot;:&quot;no&quot;,&quot;_ob_poopart_use&quot;:&quot;yes&quot;,&quot;_ob_shadough_use&quot;:&quot;no&quot;,&quot;_ob_allow_hoveranimator&quot;:&quot;no&quot;,&quot;_ob_widget_stalker_use&quot;:&quot;no&quot;}\" data-widget_type=\"heading.default\">\n\t\t\t\t<div class=\"elementor-widget-container\">\n\t\t\t<h2 class=\"elementor-heading-title elementor-size-default\">Los s\u00edmbolos de Andaluc\u00eda<\/h2>\t\t<\/div>\n\t\t\t\t<\/div>\n\t\t\t\t\t<\/div>\n\t\t\t\t<\/div>\n\t\t<div class=\"elementor-element elementor-element-b437663 e-flex e-con-boxed e-con e-parent\" data-id=\"b437663\" data-element_type=\"container\" data-settings=\"{&quot;background_background&quot;:&quot;classic&quot;,&quot;_ob_use_container_extras&quot;:&quot;no&quot;,&quot;_ob_column_hoveranimator&quot;:&quot;no&quot;,&quot;_ob_glider_is_slider&quot;:&quot;no&quot;,&quot;_ob_column_has_pseudo&quot;:&quot;no&quot;}\">\n\t\t\t\t\t<div class=\"e-con-inner\">\n\t\t<div class=\"elementor-element elementor-element-8901eba e-con-full e-flex e-con e-child\" data-id=\"8901eba\" data-element_type=\"container\" data-settings=\"{&quot;_ob_use_container_extras&quot;:&quot;no&quot;,&quot;_ob_column_hoveranimator&quot;:&quot;no&quot;,&quot;_ob_glider_is_slider&quot;:&quot;no&quot;,&quot;_ob_column_has_pseudo&quot;:&quot;no&quot;}\">\n\t\t\t\t<div class=\"elementor-element elementor-element-f3e90cf ob-has-background-overlay elementor-widget elementor-widget-image\" data-id=\"f3e90cf\" data-element_type=\"widget\" data-settings=\"{&quot;_ob_photomorph_use&quot;:&quot;no&quot;,&quot;_ob_perspektive_use&quot;:&quot;no&quot;,&quot;_ob_poopart_use&quot;:&quot;yes&quot;,&quot;_ob_shadough_use&quot;:&quot;no&quot;,&quot;_ob_allow_hoveranimator&quot;:&quot;no&quot;,&quot;_ob_widget_stalker_use&quot;:&quot;no&quot;}\" data-widget_type=\"image.default\">\n\t\t\t\t<div class=\"elementor-widget-container\">\n\t\t\t\t\t\t\t\t\t\t\t\t\t<img decoding=\"async\" src=\"http:\/\/pd-wp-especial-28f.apps.paas-pro.junta-andalucia.es\/28f2024\/wp-content\/uploads\/sites\/2\/2024\/02\/escudo-andalucia.jpg\" title=\"\" alt=\"Escudo de Andaluc\u00eda\" loading=\"lazy\" \/>\t\t\t\t\t\t\t\t\t\t\t\t\t<\/div>\n\t\t\t\t<\/div>\n\t\t\t\t<\/div>\n\t\t<div class=\"elementor-element elementor-element-d3eea7d e-con-full e-flex e-con e-child\" data-id=\"d3eea7d\" data-element_type=\"container\" data-settings=\"{&quot;_ob_use_container_extras&quot;:&quot;no&quot;,&quot;_ob_column_hoveranimator&quot;:&quot;no&quot;,&quot;_ob_glider_is_slider&quot;:&quot;no&quot;,&quot;_ob_column_has_pseudo&quot;:&quot;no&quot;}\">\n\t\t\t\t<div class=\"elementor-element elementor-element-4f01b08 ob-has-background-overlay elementor-widget elementor-widget-image\" data-id=\"4f01b08\" data-element_type=\"widget\" data-settings=\"{&quot;_ob_photomorph_use&quot;:&quot;no&quot;,&quot;_ob_perspektive_use&quot;:&quot;no&quot;,&quot;_ob_poopart_use&quot;:&quot;yes&quot;,&quot;_ob_shadough_use&quot;:&quot;no&quot;,&quot;_ob_allow_hoveranimator&quot;:&quot;no&quot;,&quot;_ob_widget_stalker_use&quot;:&quot;no&quot;}\" data-widget_type=\"image.default\">\n\t\t\t\t<div class=\"elementor-widget-container\">\n\t\t\t\t\t\t\t\t\t\t\t\t\t<img decoding=\"async\" src=\"http:\/\/pd-wp-especial-28f.apps.paas-pro.junta-andalucia.es\/28f2024\/wp-content\/uploads\/sites\/2\/2024\/02\/bandera-de-andalucia.jpg\" title=\"\" alt=\"Bandera de Andaluc\u00eda\" loading=\"lazy\" \/>\t\t\t\t\t\t\t\t\t\t\t\t\t<\/div>\n\t\t\t\t<\/div>\n\t\t\t\t<\/div>\n\t\t<div class=\"elementor-element elementor-element-bc2b65c e-con-full e-flex e-con e-child\" data-id=\"bc2b65c\" data-element_type=\"container\" data-settings=\"{&quot;_ob_use_container_extras&quot;:&quot;no&quot;,&quot;_ob_column_hoveranimator&quot;:&quot;no&quot;,&quot;_ob_glider_is_slider&quot;:&quot;no&quot;,&quot;_ob_column_has_pseudo&quot;:&quot;no&quot;}\">\n\t\t\t\t<div class=\"elementor-element elementor-element-df35f56 ob-has-background-overlay elementor-widget elementor-widget-image\" data-id=\"df35f56\" data-element_type=\"widget\" data-settings=\"{&quot;_ob_photomorph_use&quot;:&quot;no&quot;,&quot;_ob_perspektive_use&quot;:&quot;no&quot;,&quot;_ob_poopart_use&quot;:&quot;yes&quot;,&quot;_ob_shadough_use&quot;:&quot;no&quot;,&quot;_ob_allow_hoveranimator&quot;:&quot;no&quot;,&quot;_ob_widget_stalker_use&quot;:&quot;no&quot;}\" data-widget_type=\"image.default\">\n\t\t\t\t<div class=\"elementor-widget-container\">\n\t\t\t\t\t\t\t\t\t\t\t\t\t<img decoding=\"async\" src=\"http:\/\/pd-wp-especial-28f.apps.paas-pro.junta-andalucia.es\/28f2024\/wp-content\/uploads\/sites\/2\/2024\/02\/himno-de-andalucia.jpg\" title=\"\" alt=\"Himno de Andaluc\u00eda\" loading=\"lazy\" \/>\t\t\t\t\t\t\t\t\t\t\t\t\t<\/div>\n\t\t\t\t<\/div>\n\t\t\t\t<\/div>\n\t\t<div class=\"elementor-element elementor-element-64bd1e1 e-con-full e-flex e-con e-child\" data-id=\"64bd1e1\" data-element_type=\"container\" data-settings=\"{&quot;_ob_use_container_extras&quot;:&quot;no&quot;,&quot;_ob_column_hoveranimator&quot;:&quot;no&quot;,&quot;_ob_glider_is_slider&quot;:&quot;no&quot;,&quot;_ob_column_has_pseudo&quot;:&quot;no&quot;}\">\n\t\t\t\t<div class=\"elementor-element elementor-element-eb25153 ob-harakiri-inherit ob-has-background-overlay elementor-widget elementor-widget-text-editor\" data-id=\"eb25153\" data-element_type=\"widget\" data-settings=\"{&quot;_ob_use_harakiri&quot;:&quot;yes&quot;,&quot;_ob_harakiri_writing_mode&quot;:&quot;inherit&quot;,&quot;_ob_postman_use&quot;:&quot;no&quot;,&quot;_ob_perspektive_use&quot;:&quot;no&quot;,&quot;_ob_poopart_use&quot;:&quot;yes&quot;,&quot;_ob_shadough_use&quot;:&quot;no&quot;,&quot;_ob_allow_hoveranimator&quot;:&quot;no&quot;,&quot;_ob_widget_stalker_use&quot;:&quot;no&quot;}\" data-widget_type=\"text-editor.default\">\n\t\t\t\t<div class=\"elementor-widget-container\">\n\t\t\t\t\t\t\t<div class=\"vc_custom_heading_wrap \"><div class=\"heading-text el-text\"><div class=\"vc_custom_heading_wrap \"><div class=\"heading-text el-text\"><div class=\"vc_custom_heading_wrap \"><div class=\"heading-text el-text\"><div class=\"vc_custom_heading_wrap \"><div class=\"heading-text el-text\"><div class=\"vc_custom_heading_wrap \"><div class=\"heading-text el-text\"><div class=\"vc_custom_heading_wrap \"><div class=\"heading-text el-text\"><div class=\"vc_custom_heading_wrap \"><div class=\"heading-text el-text\"><div class=\"vc_custom_heading_wrap \"><div class=\"heading-text el-text\"><div class=\"vc_custom_heading_wrap \"><div class=\"heading-text el-text\"><div class=\"vc_custom_heading_wrap \"><div class=\"heading-text el-text\"><h2 class=\"fontsize-30 fontheight-30 font-weight-600 text-color-xsdn-color\">Escudo de Andaluc\u00eda<\/h2><\/div><\/div><div class=\"vc_custom_heading_wrap \"><div class=\"heading-text el-text\"><p class=\"fontsize-17 fontheight-27 font-weight-300 text-color-xsdn-color\">Lo integran la figura de H\u00e9rcules, expresi\u00f3n de la fuerza eternamente joven del esp\u00edritu, sujetando y domando a dos leones.<\/p><\/div><\/div><\/div><\/div><\/div><\/div><\/div><\/div><\/div><\/div><\/div><\/div><\/div><\/div><\/div><\/div><\/div><\/div><\/div><\/div>\t\t\t\t\t\t<\/div>\n\t\t\t\t<\/div>\n\t\t\t\t<div class=\"elementor-element elementor-element-d427816 ob-has-background-overlay elementor-widget elementor-widget-button\" data-id=\"d427816\" data-element_type=\"widget\" data-settings=\"{&quot;_ob_butterbutton_use_it&quot;:&quot;no&quot;,&quot;_ob_perspektive_use&quot;:&quot;no&quot;,&quot;_ob_poopart_use&quot;:&quot;yes&quot;,&quot;_ob_shadough_use&quot;:&quot;no&quot;,&quot;_ob_allow_hoveranimator&quot;:&quot;no&quot;,&quot;_ob_widget_stalker_use&quot;:&quot;no&quot;}\" data-widget_type=\"button.default\">\n\t\t\t\t<div class=\"elementor-widget-container\">\n\t\t\t\t\t\t\t<div class=\"elementor-button-wrapper\">\n\t\t\t\t\t<a class=\"elementor-button elementor-button-link elementor-size-sm elementor-animation-grow\" href=\"http:\/\/pd-wp-especial-28f.apps.paas-pro.junta-andalucia.es\/28f2024\/memoria-autonomica\/escudo-de-andalucia\/\">\n\t\t\t\t\t\t<span class=\"elementor-button-content-wrapper\">\n\t\t\t\t\t\t\t\t\t<span class=\"elementor-button-text\">Ver m\u00e1s<\/span>\n\t\t\t\t\t<\/span>\n\t\t\t\t\t<\/a>\n\t\t\t\t<\/div>\n\t\t\t\t\t\t<\/div>\n\t\t\t\t<\/div>\n\t\t\t\t<\/div>\n\t\t<div class=\"elementor-element elementor-element-4bc3792 e-con-full e-flex e-con e-child\" data-id=\"4bc3792\" data-element_type=\"container\" data-settings=\"{&quot;_ob_use_container_extras&quot;:&quot;no&quot;,&quot;_ob_column_hoveranimator&quot;:&quot;no&quot;,&quot;_ob_glider_is_slider&quot;:&quot;no&quot;,&quot;_ob_column_has_pseudo&quot;:&quot;no&quot;}\">\n\t\t\t\t<div class=\"elementor-element elementor-element-cc1f04c ob-harakiri-inherit ob-has-background-overlay elementor-widget elementor-widget-text-editor\" data-id=\"cc1f04c\" data-element_type=\"widget\" data-settings=\"{&quot;_ob_use_harakiri&quot;:&quot;yes&quot;,&quot;_ob_harakiri_writing_mode&quot;:&quot;inherit&quot;,&quot;_ob_postman_use&quot;:&quot;no&quot;,&quot;_ob_perspektive_use&quot;:&quot;no&quot;,&quot;_ob_poopart_use&quot;:&quot;yes&quot;,&quot;_ob_shadough_use&quot;:&quot;no&quot;,&quot;_ob_allow_hoveranimator&quot;:&quot;no&quot;,&quot;_ob_widget_stalker_use&quot;:&quot;no&quot;}\" data-widget_type=\"text-editor.default\">\n\t\t\t\t<div class=\"elementor-widget-container\">\n\t\t\t\t\t\t\t<div class=\"vc_custom_heading_wrap \"><div class=\"heading-text el-text\"><div class=\"vc_custom_heading_wrap \"><div class=\"heading-text el-text\"><div class=\"vc_custom_heading_wrap \"><div class=\"heading-text el-text\"><div class=\"vc_custom_heading_wrap \"><div class=\"heading-text el-text\"><div class=\"vc_custom_heading_wrap \"><div class=\"heading-text el-text\"><div class=\"vc_custom_heading_wrap \"><div class=\"heading-text el-text\"><div class=\"vc_custom_heading_wrap \"><div class=\"heading-text el-text\"><div class=\"vc_custom_heading_wrap \"><div class=\"heading-text el-text\"><div class=\"vc_custom_heading_wrap \"><div class=\"heading-text el-text\"><div class=\"vc_custom_heading_wrap \"><div class=\"heading-text el-text\"><div class=\"vc_custom_heading_wrap \"><div class=\"heading-text el-text\"><h2 class=\"fontsize-30 fontheight-30 font-weight-600 text-color-xsdn-color\">Bandera de Andaluc\u00eda<\/h2><\/div><div class=\"clear\">Sus colores evocan tonalidades del paisaje andaluz, al tiempo que simbolizan los valores de la pureza y la esperanza en el futuro.<\/div><\/div><\/div><\/div><\/div><\/div><\/div><\/div><\/div><\/div><\/div><\/div><\/div><\/div><\/div><\/div><\/div><\/div><\/div><\/div><\/div><\/div>\t\t\t\t\t\t<\/div>\n\t\t\t\t<\/div>\n\t\t\t\t<div class=\"elementor-element elementor-element-8d73d77 ob-has-background-overlay elementor-widget elementor-widget-button\" data-id=\"8d73d77\" data-element_type=\"widget\" data-settings=\"{&quot;_ob_butterbutton_use_it&quot;:&quot;no&quot;,&quot;_ob_perspektive_use&quot;:&quot;no&quot;,&quot;_ob_poopart_use&quot;:&quot;yes&quot;,&quot;_ob_shadough_use&quot;:&quot;no&quot;,&quot;_ob_allow_hoveranimator&quot;:&quot;no&quot;,&quot;_ob_widget_stalker_use&quot;:&quot;no&quot;}\" data-widget_type=\"button.default\">\n\t\t\t\t<div class=\"elementor-widget-container\">\n\t\t\t\t\t\t\t<div class=\"elementor-button-wrapper\">\n\t\t\t\t\t<a class=\"elementor-button elementor-button-link elementor-size-sm elementor-animation-grow\" href=\"http:\/\/pd-wp-especial-28f.apps.paas-pro.junta-andalucia.es\/28f2024\/memoria-autonomica\/bandera-de-andalucia\/\">\n\t\t\t\t\t\t<span class=\"elementor-button-content-wrapper\">\n\t\t\t\t\t\t\t\t\t<span class=\"elementor-button-text\">Ver m\u00e1s<\/span>\n\t\t\t\t\t<\/span>\n\t\t\t\t\t<\/a>\n\t\t\t\t<\/div>\n\t\t\t\t\t\t<\/div>\n\t\t\t\t<\/div>\n\t\t\t\t<\/div>\n\t\t<div class=\"elementor-element elementor-element-f3c97db e-con-full e-flex e-con e-child\" data-id=\"f3c97db\" data-element_type=\"container\" data-settings=\"{&quot;_ob_use_container_extras&quot;:&quot;no&quot;,&quot;_ob_column_hoveranimator&quot;:&quot;no&quot;,&quot;_ob_glider_is_slider&quot;:&quot;no&quot;,&quot;_ob_column_has_pseudo&quot;:&quot;no&quot;}\">\n\t\t\t\t<div class=\"elementor-element elementor-element-a643673 ob-harakiri-inherit ob-has-background-overlay elementor-widget elementor-widget-text-editor\" data-id=\"a643673\" data-element_type=\"widget\" data-settings=\"{&quot;_ob_use_harakiri&quot;:&quot;yes&quot;,&quot;_ob_harakiri_writing_mode&quot;:&quot;inherit&quot;,&quot;_ob_postman_use&quot;:&quot;no&quot;,&quot;_ob_perspektive_use&quot;:&quot;no&quot;,&quot;_ob_poopart_use&quot;:&quot;yes&quot;,&quot;_ob_shadough_use&quot;:&quot;no&quot;,&quot;_ob_allow_hoveranimator&quot;:&quot;no&quot;,&quot;_ob_widget_stalker_use&quot;:&quot;no&quot;}\" data-widget_type=\"text-editor.default\">\n\t\t\t\t<div class=\"elementor-widget-container\">\n\t\t\t\t\t\t\t<div class=\"vc_custom_heading_wrap \"><div class=\"heading-text el-text\"><div class=\"vc_custom_heading_wrap \"><div class=\"heading-text el-text\"><div class=\"vc_custom_heading_wrap \"><div class=\"heading-text el-text\"><div class=\"vc_custom_heading_wrap \"><div class=\"heading-text el-text\"><div class=\"vc_custom_heading_wrap \"><div class=\"heading-text el-text\"><div class=\"vc_custom_heading_wrap \"><div class=\"heading-text el-text\"><div class=\"vc_custom_heading_wrap \"><div class=\"heading-text el-text\"><div class=\"vc_custom_heading_wrap \"><div class=\"heading-text el-text\"><div class=\"vc_custom_heading_wrap \"><div class=\"heading-text el-text\"><div class=\"vc_custom_heading_wrap \"><div class=\"heading-text el-text\"><div class=\"vc_custom_heading_wrap \"><div class=\"heading-text el-text\"><h2 class=\"fontsize-30 fontheight-30 font-weight-600 text-color-xsdn-color\">Himno de Andaluc\u00eda<\/h2><\/div><\/div><div class=\"vc_custom_heading_wrap \"><div class=\"heading-text el-text\"><p class=\"fontsize-17 fontheight-27 font-weight-300 text-color-xsdn-color\">Es una composici\u00f3n musical de Jos\u00e9 del Castillo D\u00edaz con letra de Blas Infante.<\/p><\/div><\/div><\/div><\/div><\/div><\/div><\/div><\/div><\/div><\/div><\/div><\/div><\/div><\/div><\/div><\/div><\/div><\/div><\/div><\/div><\/div><\/div>\t\t\t\t\t\t<\/div>\n\t\t\t\t<\/div>\n\t\t\t\t<div class=\"elementor-element elementor-element-1690f06 ob-has-background-overlay elementor-widget elementor-widget-button\" data-id=\"1690f06\" data-element_type=\"widget\" data-settings=\"{&quot;_ob_butterbutton_use_it&quot;:&quot;no&quot;,&quot;_ob_perspektive_use&quot;:&quot;no&quot;,&quot;_ob_poopart_use&quot;:&quot;yes&quot;,&quot;_ob_shadough_use&quot;:&quot;no&quot;,&quot;_ob_allow_hoveranimator&quot;:&quot;no&quot;,&quot;_ob_widget_stalker_use&quot;:&quot;no&quot;}\" data-widget_type=\"button.default\">\n\t\t\t\t<div class=\"elementor-widget-container\">\n\t\t\t\t\t\t\t<div class=\"elementor-button-wrapper\">\n\t\t\t\t\t<a class=\"elementor-button elementor-button-link elementor-size-sm elementor-animation-grow\" href=\"http:\/\/pd-wp-especial-28f.apps.paas-pro.junta-andalucia.es\/28f2024\/memoria-autonomica\/himno-de-andalucia\/\">\n\t\t\t\t\t\t<span class=\"elementor-button-content-wrapper\">\n\t\t\t\t\t\t\t\t\t<span class=\"elementor-button-text\">Ver m\u00e1s<\/span>\n\t\t\t\t\t<\/span>\n\t\t\t\t\t<\/a>\n\t\t\t\t<\/div>\n\t\t\t\t\t\t<\/div>\n\t\t\t\t<\/div>\n\t\t\t\t<\/div>\n\t\t\t\t\t<\/div>\n\t\t\t\t<\/div>\n\t\t\t\t<\/div>\n\t\t","protected":false},"excerpt":{"rendered":"<p>Memoria de la Autonom\u00eda de Andaluc\u00eda Historia de la Autonom\u00eda Un breve recorrido por el proceso que condujo a la constituci\u00f3n de la Junta de Andaluc\u00eda y al logro del m\u00e1ximo techo competencial. Los or\u00edgenes hist\u00f3ricos de la autonom\u00eda andaluza se remontan al alzamiento revolucionario de Topete en C\u00e1diz, en el siglo XIX, con el [&hellip;]<\/p>\n","protected":false},"author":22,"featured_media":0,"parent":0,"menu_order":0,"comment_status":"closed","ping_status":"closed","template":"elementor_header_footer","meta":{"_acf_changed":false,"footnotes":""},"class_list":["post-3676","page","type-page","status-publish","hentry"],"acf":[],"yoast_head":"<!-- This site is optimized with the Yoast SEO plugin v24.5 - https:\/\/yoast.com\/wordpress\/plugins\/seo\/ -->\n<title>Memoria Auton\u00f3mica - 28F D\u00eda de Andaluc\u00eda \u2013 2024<\/title>\n<meta name=\"robots\" content=\"index, follow, max-snippet:-1, max-image-preview:large, max-video-preview:-1\" \/>\n<link rel=\"canonical\" href=\"http:\/\/pd-wp-especial-28f.apps.paas-pro.junta-andalucia.es\/28f2024\/memoria-autonomica\/\" \/>\n<meta property=\"og:locale\" content=\"es_ES\" \/>\n<meta property=\"og:type\" content=\"article\" \/>\n<meta property=\"og:title\" content=\"Memoria Auton\u00f3mica - 28F D\u00eda de Andaluc\u00eda \u2013 2024\" \/>\n<meta property=\"og:description\" content=\"Memoria de la Autonom\u00eda de Andaluc\u00eda Historia de la Autonom\u00eda Un breve recorrido por el proceso que condujo a la constituci\u00f3n de la Junta de Andaluc\u00eda y al logro del m\u00e1ximo techo competencial. Los or\u00edgenes hist\u00f3ricos de la autonom\u00eda andaluza se remontan al alzamiento revolucionario de Topete en C\u00e1diz, en el siglo XIX, con el [&hellip;]\" \/>\n<meta property=\"og:url\" content=\"http:\/\/pd-wp-especial-28f.apps.paas-pro.junta-andalucia.es\/28f2024\/memoria-autonomica\/\" \/>\n<meta property=\"og:site_name\" content=\"28F D\u00eda de Andaluc\u00eda \u2013 2024\" \/>\n<meta property=\"article:modified_time\" content=\"2024-02-26T20:59:00+00:00\" \/>\n<meta property=\"og:image\" content=\"http:\/\/pd-wp-especial-28f.apps.paas-pro.junta-andalucia.es\/28f2024\/wp-content\/uploads\/sites\/3\/sites\/2\/2024\/02\/historia-de-la-autonomia.png\" \/>\n<meta name=\"twitter:card\" content=\"summary_large_image\" \/>\n<meta name=\"twitter:label1\" content=\"Tiempo de lectura\" \/>\n\t<meta name=\"twitter:data1\" content=\"5 minutos\" \/>\n<script type=\"application\/ld+json\" class=\"yoast-schema-graph\">{\"@context\":\"https:\/\/schema.org\",\"@graph\":[{\"@type\":\"WebPage\",\"@id\":\"http:\/\/pd-wp-especial-28f.apps.paas-pro.junta-andalucia.es\/28f2024\/memoria-autonomica\/\",\"url\":\"http:\/\/pd-wp-especial-28f.apps.paas-pro.junta-andalucia.es\/28f2024\/memoria-autonomica\/\",\"name\":\"Memoria Auton\u00f3mica - 28F D\u00eda de Andaluc\u00eda \u2013 2024\",\"isPartOf\":{\"@id\":\"http:\/\/pd-wp-especial-28f.apps.paas-pro.junta-andalucia.es\/28f2024\/#website\"},\"primaryImageOfPage\":{\"@id\":\"http:\/\/pd-wp-especial-28f.apps.paas-pro.junta-andalucia.es\/28f2024\/memoria-autonomica\/#primaryimage\"},\"image\":{\"@id\":\"http:\/\/pd-wp-especial-28f.apps.paas-pro.junta-andalucia.es\/28f2024\/memoria-autonomica\/#primaryimage\"},\"thumbnailUrl\":\"http:\/\/pd-wp-especial-28f.apps.paas-pro.junta-andalucia.es\/28f2024\/wp-content\/uploads\/sites\/3\/sites\/2\/2024\/02\/historia-de-la-autonomia.png\",\"datePublished\":\"2024-02-09T10:51:25+00:00\",\"dateModified\":\"2024-02-26T20:59:00+00:00\",\"breadcrumb\":{\"@id\":\"http:\/\/pd-wp-especial-28f.apps.paas-pro.junta-andalucia.es\/28f2024\/memoria-autonomica\/#breadcrumb\"},\"inLanguage\":\"es\",\"potentialAction\":[{\"@type\":\"ReadAction\",\"target\":[\"http:\/\/pd-wp-especial-28f.apps.paas-pro.junta-andalucia.es\/28f2024\/memoria-autonomica\/\"]}]},{\"@type\":\"ImageObject\",\"inLanguage\":\"es\",\"@id\":\"http:\/\/pd-wp-especial-28f.apps.paas-pro.junta-andalucia.es\/28f2024\/memoria-autonomica\/#primaryimage\",\"url\":\"http:\/\/pd-wp-especial-28f.apps.paas-pro.junta-andalucia.es\/28f2024\/wp-content\/uploads\/sites\/3\/sites\/2\/2024\/02\/historia-de-la-autonomia.png\",\"contentUrl\":\"http:\/\/pd-wp-especial-28f.apps.paas-pro.junta-andalucia.es\/28f2024\/wp-content\/uploads\/sites\/3\/sites\/2\/2024\/02\/historia-de-la-autonomia.png\"},{\"@type\":\"BreadcrumbList\",\"@id\":\"http:\/\/pd-wp-especial-28f.apps.paas-pro.junta-andalucia.es\/28f2024\/memoria-autonomica\/#breadcrumb\",\"itemListElement\":[{\"@type\":\"ListItem\",\"position\":1,\"name\":\"Portada\",\"item\":\"http:\/\/pd-wp-especial-28f.apps.paas-pro.junta-andalucia.es\/28f2024\/\"},{\"@type\":\"ListItem\",\"position\":2,\"name\":\"Memoria Auton\u00f3mica\"}]},{\"@type\":\"WebSite\",\"@id\":\"http:\/\/pd-wp-especial-28f.apps.paas-pro.junta-andalucia.es\/28f2024\/#website\",\"url\":\"http:\/\/pd-wp-especial-28f.apps.paas-pro.junta-andalucia.es\/28f2024\/\",\"name\":\"28F D\u00eda de Andaluc\u00eda \u2013 2024\",\"description\":\"Entrega de galardones Hijo Predilecto y Medallas de Andaluc\u00eda en conmemoraci\u00f3n del 28F D\u00eda de Andaluc\u00eda.\",\"publisher\":{\"@id\":\"http:\/\/pd-wp-especial-28f.apps.paas-pro.junta-andalucia.es\/28f2024\/#organization\"},\"potentialAction\":[{\"@type\":\"SearchAction\",\"target\":{\"@type\":\"EntryPoint\",\"urlTemplate\":\"http:\/\/pd-wp-especial-28f.apps.paas-pro.junta-andalucia.es\/28f2024\/?s={search_term_string}\"},\"query-input\":{\"@type\":\"PropertyValueSpecification\",\"valueRequired\":true,\"valueName\":\"search_term_string\"}}],\"inLanguage\":\"es\"},{\"@type\":\"Organization\",\"@id\":\"http:\/\/pd-wp-especial-28f.apps.paas-pro.junta-andalucia.es\/28f2024\/#organization\",\"name\":\"28F D\u00eda de Andaluc\u00eda \u2013 2024\",\"url\":\"http:\/\/pd-wp-especial-28f.apps.paas-pro.junta-andalucia.es\/28f2024\/\",\"logo\":{\"@type\":\"ImageObject\",\"inLanguage\":\"es\",\"@id\":\"http:\/\/pd-wp-especial-28f.apps.paas-pro.junta-andalucia.es\/28f2024\/#\/schema\/logo\/image\/\",\"url\":\"https:\/\/pd-wp-especial-28f.apps.paas-pro.junta-andalucia.es\/28f2024\/wp-content\/uploads\/sites\/2\/2024\/02\/LOGOS-28F-PARA-WEB-28-redu.png\",\"contentUrl\":\"https:\/\/pd-wp-especial-28f.apps.paas-pro.junta-andalucia.es\/28f2024\/wp-content\/uploads\/sites\/2\/2024\/02\/LOGOS-28F-PARA-WEB-28-redu.png\",\"caption\":\"28F D\u00eda de Andaluc\u00eda \u2013 2024\"},\"image\":{\"@id\":\"http:\/\/pd-wp-especial-28f.apps.paas-pro.junta-andalucia.es\/28f2024\/#\/schema\/logo\/image\/\"}}]}<\/script>\n<!-- \/ Yoast SEO plugin. -->","yoast_head_json":{"title":"Memoria Auton\u00f3mica - 28F D\u00eda de Andaluc\u00eda \u2013 2024","robots":{"index":"index","follow":"follow","max-snippet":"max-snippet:-1","max-image-preview":"max-image-preview:large","max-video-preview":"max-video-preview:-1"},"canonical":"http:\/\/pd-wp-especial-28f.apps.paas-pro.junta-andalucia.es\/28f2024\/memoria-autonomica\/","og_locale":"es_ES","og_type":"article","og_title":"Memoria Auton\u00f3mica - 28F D\u00eda de Andaluc\u00eda \u2013 2024","og_description":"Memoria de la Autonom\u00eda de Andaluc\u00eda Historia de la Autonom\u00eda Un breve recorrido por el proceso que condujo a la constituci\u00f3n de la Junta de Andaluc\u00eda y al logro del m\u00e1ximo techo competencial. Los or\u00edgenes hist\u00f3ricos de la autonom\u00eda andaluza se remontan al alzamiento revolucionario de Topete en C\u00e1diz, en el siglo XIX, con el [&hellip;]","og_url":"http:\/\/pd-wp-especial-28f.apps.paas-pro.junta-andalucia.es\/28f2024\/memoria-autonomica\/","og_site_name":"28F D\u00eda de Andaluc\u00eda \u2013 2024","article_modified_time":"2024-02-26T20:59:00+00:00","og_image":[{"url":"http:\/\/pd-wp-especial-28f.apps.paas-pro.junta-andalucia.es\/28f2024\/wp-content\/uploads\/sites\/3\/sites\/2\/2024\/02\/historia-de-la-autonomia.png","type":"","width":"","height":""}],"twitter_card":"summary_large_image","twitter_misc":{"Tiempo de lectura":"5 minutos"},"schema":{"@context":"https:\/\/schema.org","@graph":[{"@type":"WebPage","@id":"http:\/\/pd-wp-especial-28f.apps.paas-pro.junta-andalucia.es\/28f2024\/memoria-autonomica\/","url":"http:\/\/pd-wp-especial-28f.apps.paas-pro.junta-andalucia.es\/28f2024\/memoria-autonomica\/","name":"Memoria Auton\u00f3mica - 28F D\u00eda de Andaluc\u00eda \u2013 2024","isPartOf":{"@id":"http:\/\/pd-wp-especial-28f.apps.paas-pro.junta-andalucia.es\/28f2024\/#website"},"primaryImageOfPage":{"@id":"http:\/\/pd-wp-especial-28f.apps.paas-pro.junta-andalucia.es\/28f2024\/memoria-autonomica\/#primaryimage"},"image":{"@id":"http:\/\/pd-wp-especial-28f.apps.paas-pro.junta-andalucia.es\/28f2024\/memoria-autonomica\/#primaryimage"},"thumbnailUrl":"http:\/\/pd-wp-especial-28f.apps.paas-pro.junta-andalucia.es\/28f2024\/wp-content\/uploads\/sites\/3\/sites\/2\/2024\/02\/historia-de-la-autonomia.png","datePublished":"2024-02-09T10:51:25+00:00","dateModified":"2024-02-26T20:59:00+00:00","breadcrumb":{"@id":"http:\/\/pd-wp-especial-28f.apps.paas-pro.junta-andalucia.es\/28f2024\/memoria-autonomica\/#breadcrumb"},"inLanguage":"es","potentialAction":[{"@type":"ReadAction","target":["http:\/\/pd-wp-especial-28f.apps.paas-pro.junta-andalucia.es\/28f2024\/memoria-autonomica\/"]}]},{"@type":"ImageObject","inLanguage":"es","@id":"http:\/\/pd-wp-especial-28f.apps.paas-pro.junta-andalucia.es\/28f2024\/memoria-autonomica\/#primaryimage","url":"http:\/\/pd-wp-especial-28f.apps.paas-pro.junta-andalucia.es\/28f2024\/wp-content\/uploads\/sites\/3\/sites\/2\/2024\/02\/historia-de-la-autonomia.png","contentUrl":"http:\/\/pd-wp-especial-28f.apps.paas-pro.junta-andalucia.es\/28f2024\/wp-content\/uploads\/sites\/3\/sites\/2\/2024\/02\/historia-de-la-autonomia.png"},{"@type":"BreadcrumbList","@id":"http:\/\/pd-wp-especial-28f.apps.paas-pro.junta-andalucia.es\/28f2024\/memoria-autonomica\/#breadcrumb","itemListElement":[{"@type":"ListItem","position":1,"name":"Portada","item":"http:\/\/pd-wp-especial-28f.apps.paas-pro.junta-andalucia.es\/28f2024\/"},{"@type":"ListItem","position":2,"name":"Memoria Auton\u00f3mica"}]},{"@type":"WebSite","@id":"http:\/\/pd-wp-especial-28f.apps.paas-pro.junta-andalucia.es\/28f2024\/#website","url":"http:\/\/pd-wp-especial-28f.apps.paas-pro.junta-andalucia.es\/28f2024\/","name":"28F D\u00eda de Andaluc\u00eda \u2013 2024","description":"Entrega de galardones Hijo Predilecto y Medallas de Andaluc\u00eda en conmemoraci\u00f3n del 28F D\u00eda de Andaluc\u00eda.","publisher":{"@id":"http:\/\/pd-wp-especial-28f.apps.paas-pro.junta-andalucia.es\/28f2024\/#organization"},"potentialAction":[{"@type":"SearchAction","target":{"@type":"EntryPoint","urlTemplate":"http:\/\/pd-wp-especial-28f.apps.paas-pro.junta-andalucia.es\/28f2024\/?s={search_term_string}"},"query-input":{"@type":"PropertyValueSpecification","valueRequired":true,"valueName":"search_term_string"}}],"inLanguage":"es"},{"@type":"Organization","@id":"http:\/\/pd-wp-especial-28f.apps.paas-pro.junta-andalucia.es\/28f2024\/#organization","name":"28F D\u00eda de Andaluc\u00eda \u2013 2024","url":"http:\/\/pd-wp-especial-28f.apps.paas-pro.junta-andalucia.es\/28f2024\/","logo":{"@type":"ImageObject","inLanguage":"es","@id":"http:\/\/pd-wp-especial-28f.apps.paas-pro.junta-andalucia.es\/28f2024\/#\/schema\/logo\/image\/","url":"https:\/\/pd-wp-especial-28f.apps.paas-pro.junta-andalucia.es\/28f2024\/wp-content\/uploads\/sites\/2\/2024\/02\/LOGOS-28F-PARA-WEB-28-redu.png","contentUrl":"https:\/\/pd-wp-especial-28f.apps.paas-pro.junta-andalucia.es\/28f2024\/wp-content\/uploads\/sites\/2\/2024\/02\/LOGOS-28F-PARA-WEB-28-redu.png","caption":"28F D\u00eda de Andaluc\u00eda \u2013 2024"},"image":{"@id":"http:\/\/pd-wp-especial-28f.apps.paas-pro.junta-andalucia.es\/28f2024\/#\/schema\/logo\/image\/"}}]}},"_links":{"self":[{"href":"https:\/\/pd-wp-especial-28f.apps.paas-pro.junta-andalucia.es\/28f2024\/wp-json\/wp\/v2\/pages\/3676","targetHints":{"allow":["GET"]}}],"collection":[{"href":"https:\/\/pd-wp-especial-28f.apps.paas-pro.junta-andalucia.es\/28f2024\/wp-json\/wp\/v2\/pages"}],"about":[{"href":"https:\/\/pd-wp-especial-28f.apps.paas-pro.junta-andalucia.es\/28f2024\/wp-json\/wp\/v2\/types\/page"}],"author":[{"embeddable":true,"href":"https:\/\/pd-wp-especial-28f.apps.paas-pro.junta-andalucia.es\/28f2024\/wp-json\/wp\/v2\/users\/22"}],"replies":[{"embeddable":true,"href":"https:\/\/pd-wp-especial-28f.apps.paas-pro.junta-andalucia.es\/28f2024\/wp-json\/wp\/v2\/comments?post=3676"}],"version-history":[{"count":106,"href":"https:\/\/pd-wp-especial-28f.apps.paas-pro.junta-andalucia.es\/28f2024\/wp-json\/wp\/v2\/pages\/3676\/revisions"}],"predecessor-version":[{"id":5726,"href":"https:\/\/pd-wp-especial-28f.apps.paas-pro.junta-andalucia.es\/28f2024\/wp-json\/wp\/v2\/pages\/3676\/revisions\/5726"}],"wp:attachment":[{"href":"https:\/\/pd-wp-especial-28f.apps.paas-pro.junta-andalucia.es\/28f2024\/wp-json\/wp\/v2\/media?parent=3676"}],"curies":[{"name":"wp","href":"https:\/\/api.w.org\/{rel}","templated":true}]}}